{"id":6998,"date":"2020-10-26T10:06:21","date_gmt":"2020-10-26T09:06:21","guid":{"rendered":"https:\/\/www.compagniadisanpaolo.it\/?post_type=progetti&#038;p=6998"},"modified":"2024-04-11T10:38:10","modified_gmt":"2024-04-11T08:38:10","slug":"luoghi-comuni","status":"publish","type":"progetti","link":"https:\/\/www.compagniadisanpaolo.it\/it\/progetti\/luoghi-comuni\/","title":{"rendered":"Luoghi Comuni"},"content":{"rendered":"<div class=\"wpb-content-wrapper\">[vc_section][vc_row el_class=&#8221;txt-col mt-5 mb-3&#8243;][vc_column][vc_column_text]\n<h3 class=\"title\">Il progetto delle Residenze Temporanee di Porta Palazzo e San Salvario prevede servizi, spazi comuni e attivit\u00e0 rivolte sia agli abitanti che al quartiere e alla citt\u00e0, per andare oltre alla funzione residenziale e promuovere una nuova cultura dell\u2019abitare.<\/h3>\n[\/vc_column_text][\/vc_column][\/vc_row][vc_row][vc_column][vc_column_text]\n<div class=\"info-box mission\">\n\t\t<div class=\"info-box-wrap info-box-hor row pb-0\">\n\n\t\t      \n\t\t      <div class=\"spalla col-12 col-md-12\">\n\t\t\t<div class=\"info-box sharing-box\">\n\t\t\t  <span class=\"label\">Condividi:<\/span>\n\t\t\t  <div class=\"social-sharing\">\n\t\t\t    <span class=\"box\">\n\t\t\t      <a class=\"fb\" href=\"https:\/\/www.facebook.com\/sharer.php?u=https:\/\/www.compagniadisanpaolo.it\/it\/progetti\/luoghi-comuni\/\" target=\"_blank\">\n\t\t\t\t<span class=\"sr-only\">Facebook<\/span>\n\t\t\t\t<i class=\"fab fa-facebook-f\"><\/i>\n\t\t\t      <\/a>\n\t\t\t    <\/span>\n\t\t\t    \n\t\t\t    <style>\n.twitter, .twitter:hover{\ncolor:#000000 !important;}\n<\/style>\n\n\n\t\t\t    <span class=\"box\">\n\t\t\t      <a class=\"twitter\" href=\"https:\/\/twitter.com\/intent\/tweet?url=https:\/\/www.compagniadisanpaolo.it\/it\/progetti\/luoghi-comuni\/\">\n\t\t\t\t<span class=\"sr-only\">Twitter<\/span>\n\t\t\t\t<i class=\"fa-brands fa-x-twitter\"><\/i>\n\t\t\t      <\/a>\n\t\t\t    <\/span>\n\n\t\t\t    \n\t\t\t    <span class=\"box\">\n\t\t\t      <a class=\"linkedin\" href=\"https:\/\/www.linkedin.com\/shareArticle?mini=true&url=https:\/\/www.compagniadisanpaolo.it\/it\/progetti\/luoghi-comuni\/\">\n\t\t\t\t<span class=\"sr-only\">Linkedin<\/span>\n\t\t\t\t  <i class=\"fa-brands fa-linkedin-in\"><\/i>\n\t\t\t      <\/a>\n\t\t\t    <\/span>\n\n\t\t\t    <span class=\"box\">\n\t\t\t      <a class=\"whatsapp\" href=\"whatsapp:\/\/send?text=https:\/\/www.compagniadisanpaolo.it\/it\/progetti\/luoghi-comuni\/\" data-action=\"share\/whatsapp\/share\">\n\t\t\t\t<span class=\"sr-only\">Whatsapp<\/span>\n\t\t\t\t<i class=\"fa-brands fa-whatsapp\"><\/i>\n\t\t\t      <\/a>\n\t\t\t    <\/span>\n\n\t\t\t    <span class=\"box\">\n\t\t\t      <a class=\"mail\" href=\"mailto:?subject=Luoghi Comuni&body=https:\/\/www.compagniadisanpaolo.it\/it\/progetti\/luoghi-comuni\/\">\n\t\t\t\t<span class=\"sr-only\">Mail<\/span>\n\t\t\t\t <i class=\"fa-solid fa-envelope\"><\/i>\n\t\t\t      <\/a>\n\t\t\t    <\/span>\n\t\t\t    \n\t\t\t  <\/div>\n\t\t\t<\/div>\n\t      <\/div>\n\t    <\/div><\/div>\n[\/vc_column_text][\/vc_column][\/vc_row][vc_row el_class=&#8221;page-content&#8221;][vc_column][vc_column_text el_class=&#8221;text&#8221;]\n<p class=\"p1\"><strong>Missione:<br \/>\n<a href=\"https:\/\/www.compagniadisanpaolo.it\/it\/le-nostre-sfide\/obiettivo-persone\/abitare-tra-casa-e-territorio\/\">Abitare tra casa e territorio<\/a><\/strong><\/p>\n<p class=\"p1\">L\u2019<b>integrazione \u00e8 motivo ricorrente<\/b> del concept del progetto Luoghi Comuni: l\u2019approccio stesso dell\u2019iter realizzativo delle due Residenze Temporanee \u00e8 stato sinergico tra diversi contributi ed expertise multidisciplinari (sociale, culturale, economica, architettonica, ambientale).<\/p>\n<p class=\"p1\">Il modello innovativo e sperimentale, volto al <b>raggiungimento dell\u2019equilibrio tra sostenibilit\u00e0 economica e funzione sociale<\/b>, \u00e8 stato infatti caratterizzato da un elevato grado di complessit\u00e0 dei metodi adottati, dall\u2019<b>attivit\u00e0 di ricerca nella fase istruttoria<\/b> e il successivo <b>studio di fattibilit\u00e0<\/b>, per garantire la sostenibilit\u00e0 e l\u2019innovativit\u00e0 del progetto, alla <b>realizzazione di bandi di selezione<\/b> per i soggetti che a vario titolo sono entrati nel processo realizzativo, alla <b>co-progettazione<\/b> tra ex Programma Housing, gestori e progettisti al fine di integrare gli aspetti architettonici e sociali, alle attivit\u00e0 di <b>monitoraggio e valutazione<\/b> previste a partire dell\u2019apertura delle Residenze Temporanee e rivolte sia agli aspetti gestionali e sociali che al commissioning dei sistemi impiantistici e dei consumi energetici<span class=\"s1\">.<\/span><\/p>\n<p class=\"p1\">Le 51 unit\u00e0 abitative del progetto (prevalentemente destinate a single e coppie nel caso della Residenza Temporanea di Porta Palazzo, a famiglie bi e mono parentali con figli minori quella di San Salvario) offrono una <b>soluzione abitativa per un periodo di tempo limitato<\/b> a persone che per ragioni economiche, sociali e familiari vivono una fase di transizione e quindi di <b>vulnerabilit\u00e0 sociale ed economica<\/b> (lavoratori in mobilit\u00e0 e personale in formazione, popolazione in situazione di stress abitativo, city users e visitatori occasionali).<\/p>\n<p>Scopri di pi\u00f9 su <a href=\"http:\/\/www.luoghicomuni.org\/\" target=\"_blank\" rel=\"noopener noreferrer\">luoghicomuni.org<\/a>[\/vc_column_text][\/vc_column][\/vc_row][vc_row el_class=&#8221;gallery-slider-wrap&#8221;][vc_column][vc_column_text el_class=&#8221;sdg-intro&#8221;]\n<h3 class=\"title\">Gallery fotografica del progetto Luoghi Comuni.<\/h3>\n[\/vc_column_text]<div id=\"ult-carousel-363129875769eed6388787b\" class=\"ult-carousel-wrapper   ult_horizontal\" data-gutter=\"15\" data-rtl=\"false\" ><div class=\"ult-carousel-119712830869eed638876ba \" >[vc_single_image image=&#8221;6999&#8243; img_size=&#8221;full&#8221;][vc_single_image image=&#8221;7001&#8243; img_size=&#8221;full&#8221;][vc_single_image image=&#8221;7003&#8243; img_size=&#8221;full&#8221;][vc_single_image image=&#8221;7007&#8243; img_size=&#8221;full&#8221;][vc_single_image image=&#8221;7005&#8243; img_size=&#8221;full&#8221;]<\/div><\/div>\t\t\t<script type=\"text\/javascript\">\r\n\t\t\t\tjQuery(document).ready(function ($) {\r\n\t\t\t\t\tif( typeof jQuery('.ult-carousel-119712830869eed638876ba').slick == \"function\"){\r\n\t\t\t\t\t\t$('.ult-carousel-119712830869eed638876ba').slick({dots: false,autoplay: true,autoplaySpeed: 5000,speed: 300,infinite: true,arrows: true,nextArrow: '<button type=\"button\" role=\"button\" aria-label=\"Next\" style=\"color:#333333; font-size:20px;\" class=\"slick-next default\"><i class=\"ultsl-arrow-right6\"><\/i><\/button>',prevArrow: '<button type=\"button\" role=\"button\" aria-label=\"Previous\" style=\"color:#333333; font-size:20px;\" class=\"slick-prev default\"><i class=\"ultsl-arrow-left6\"><\/i><\/button>',slidesToScroll:3,slidesToShow:3,swipe: true,draggable: true,touchMove: true,pauseOnHover: true,pauseOnFocus: false,responsive: [\r\n\t\t\t\t\t\t\t{\r\n\t\t\t\t\t\t\t  breakpoint: 1026,\r\n\t\t\t\t\t\t\t  settings: {\r\n\t\t\t\t\t\t\t\tslidesToShow: 3,\r\n\t\t\t\t\t\t\t\tslidesToScroll: 3,  \r\n\t\t\t\t\t\t\t  }\r\n\t\t\t\t\t\t\t},\r\n\t\t\t\t\t\t\t{\r\n\t\t\t\t\t\t\t  breakpoint: 1025,\r\n\t\t\t\t\t\t\t  settings: {\r\n\t\t\t\t\t\t\t\tslidesToShow: 3,\r\n\t\t\t\t\t\t\t\tslidesToScroll: 3\r\n\t\t\t\t\t\t\t  }\r\n\t\t\t\t\t\t\t},\r\n\t\t\t\t\t\t\t{\r\n\t\t\t\t\t\t\t  breakpoint: 760,\r\n\t\t\t\t\t\t\t  settings: {\r\n\t\t\t\t\t\t\t\tslidesToShow: 2,\r\n\t\t\t\t\t\t\t\tslidesToScroll: 2\r\n\t\t\t\t\t\t\t  }\r\n\t\t\t\t\t\t\t}\r\n\t\t\t\t\t\t],pauseOnDotsHover: true,customPaging: function(slider, i) {\r\n                   return '<i type=\"button\" style= \"color:#333333;\" class=\"ultsl-record\" data-role=\"none\"><\/i>';\r\n                },});\r\n\t\t\t\t\t}\r\n\t\t\t\t});\r\n\t\t\t<\/script>\r\n\t\t\t[\/vc_column][\/vc_row][vc_row el_class=&#8221;sdg-list-wrap&#8221;][vc_column][vc_column_text el_class=&#8221;sdg-intro&#8221;]\n<h3 class=\"title\">Questo progetto contribuisce al raggiungimento dei seguenti Obiettivi di Sviluppo Sostenibile<\/h3>\n[\/vc_column_text][vc_raw_html]JTVCbW9zdHJhU0RHUyU1RA==[\/vc_raw_html][\/vc_column][\/vc_row][vc_row][vc_column][vc_raw_html]JTVCU2V6aW9uZV9Eb2N1bWVudGklNUQ=[\/vc_raw_html][\/vc_column][\/vc_row][vc_row][vc_column][vc_raw_html]JTVCZGlzZWduYV9jb3JyZWxhdGklNUQ=[\/vc_raw_html][\/vc_column][\/vc_row][\/vc_section]\n<\/div>","protected":false},"featured_media":7009,"menu_order":37,"template":"","meta":{"_acf_changed":false,"content-type":""},"tags":[76,95,79],"class_list":["post-6998","progetti","type-progetti","status-publish","has-post-thumbnail","hentry","tag-housing-collaborativo","tag-mix-sociale","tag-pari-opportunita","entry","post-inner"],"acf":[],"yoast_head":"<!-- This site is optimized with the Yoast SEO plugin v27.3 - https:\/\/yoast.com\/product\/yoast-seo-wordpress\/ -->\n<title>Luoghi Comuni - Fondazione Compagnia di San Paolo<\/title>\n<meta name=\"robots\" content=\"index, follow, max-snippet:-1, max-image-preview:large, max-video-preview:-1\" \/>\n<link rel=\"canonical\" href=\"https:\/\/www.compagniadisanpaolo.it\/it\/progetti\/luoghi-comuni\/\" \/>\n<meta property=\"og:locale\" content=\"it_IT\" \/>\n<meta property=\"og:type\" content=\"article\" \/>\n<meta property=\"og:title\" content=\"Luoghi Comuni - Fondazione Compagnia di San Paolo\" \/>\n<meta property=\"og:description\" content=\"[vc_section][vc_row el_class=&#8221;txt-col mt-5 mb-3&#8243;][vc_column][vc_column_text] Il progetto delle Residenze Temporanee di Porta Palazzo e San Salvario prevede servizi, spazi comuni e attivit\u00e0 rivolte sia agli abitanti che al quartiere e alla citt\u00e0, per andare oltre alla funzione residenziale e promuovere una nuova cultura dell\u2019abitare. [\/vc_column_text][\/vc_column][\/vc_row][vc_row][vc_column][vc_column_text] [\/vc_column_text][\/vc_column][\/vc_row][vc_row el_class=&#8221;page-content&#8221;][vc_column][vc_column_text el_class=&#8221;text&#8221;] Missione: Abitare tra casa e territorio L\u2019integrazione \u00e8 motivo ricorrente del concept del progetto Luoghi Comuni: l\u2019approccio stesso dell\u2019iter realizzativo delle due Residenze Temporanee \u00e8 stato sinergico tra diversi contributi ed expertise multidisciplinari (sociale, culturale, economica, architettonica, ambientale). Il modello innovativo e sperimentale, volto al raggiungimento dell\u2019equilibrio tra sostenibilit\u00e0 economica e funzione sociale, \u00e8 stato infatti caratterizzato da un elevato grado di complessit\u00e0 dei metodi adottati, dall\u2019attivit\u00e0 di ricerca nella fase istruttoria e il successivo studio di fattibilit\u00e0, per garantire la sostenibilit\u00e0 e l\u2019innovativit\u00e0 del progetto, alla realizzazione di bandi di selezione per i soggetti che a vario titolo sono entrati nel processo realizzativo, alla co-progettazione tra ex Programma Housing, gestori e progettisti al fine di integrare gli aspetti architettonici e sociali, alle attivit\u00e0 di monitoraggio e valutazione previste a partire dell\u2019apertura delle Residenze Temporanee e rivolte sia agli aspetti gestionali e sociali che al commissioning dei sistemi impiantistici e dei consumi energetici. Le 51 unit\u00e0 abitative del progetto (prevalentemente destinate a single e coppie nel caso della Residenza Temporanea di Porta Palazzo, a famiglie bi e mono parentali con figli minori quella di San Salvario) offrono una soluzione abitativa per un periodo di tempo limitato a persone che per ragioni economiche, sociali e familiari vivono una fase di transizione e quindi di vulnerabilit\u00e0 sociale ed economica (lavoratori in mobilit\u00e0 e personale in formazione, popolazione in situazione di stress abitativo, city users e visitatori occasionali). Scopri di pi\u00f9 su luoghicomuni.org[\/vc_column_text][\/vc_column][\/vc_row][vc_row el_class=&#8221;gallery-slider-wrap&#8221;][vc_column][vc_column_text el_class=&#8221;sdg-intro&#8221;] Gallery fotografica del progetto Luoghi Comuni. [\/vc_column_text][\/vc_column][\/vc_row][vc_row el_class=&#8221;sdg-list-wrap&#8221;][vc_column][vc_column_text el_class=&#8221;sdg-intro&#8221;] Questo progetto contribuisce al raggiungimento dei seguenti Obiettivi di Sviluppo Sostenibile [\/vc_column_text][vc_raw_html]JTVCbW9zdHJhU0RHUyU1RA==[\/vc_raw_html][\/vc_column][\/vc_row][vc_row][vc_column][vc_raw_html]JTVCU2V6aW9uZV9Eb2N1bWVudGklNUQ=[\/vc_raw_html][\/vc_column][\/vc_row][vc_row][vc_column][vc_raw_html]JTVCZGlzZWduYV9jb3JyZWxhdGklNUQ=[\/vc_raw_html][\/vc_column][\/vc_row][\/vc_section]\" \/>\n<meta property=\"og:url\" content=\"https:\/\/www.compagniadisanpaolo.it\/it\/progetti\/luoghi-comuni\/\" \/>\n<meta property=\"og:site_name\" content=\"Fondazione Compagnia di San Paolo\" \/>\n<meta property=\"article:publisher\" content=\"https:\/\/www.facebook.com\/CompagniaDiSanPaolo\" \/>\n<meta property=\"article:modified_time\" content=\"2024-04-11T08:38:10+00:00\" \/>\n<meta property=\"og:image\" content=\"https:\/\/www.compagniadisanpaolo.it\/wp-content\/uploads\/Luoghi-Comuni.jpg\" \/>\n\t<meta property=\"og:image:width\" content=\"938\" \/>\n\t<meta property=\"og:image:height\" content=\"550\" \/>\n\t<meta property=\"og:image:type\" content=\"image\/jpeg\" \/>\n<meta name=\"twitter:card\" content=\"summary_large_image\" \/>\n<meta name=\"twitter:site\" content=\"@CSP_live\" \/>\n<meta name=\"twitter:label1\" content=\"Tempo di lettura stimato\" \/>\n\t<meta name=\"twitter:data1\" content=\"2 minuti\" \/>\n<script type=\"application\/ld+json\" class=\"yoast-schema-graph\">{\"@context\":\"https:\\\/\\\/schema.org\",\"@graph\":[{\"@type\":\"WebPage\",\"@id\":\"https:\\\/\\\/www.compagniadisanpaolo.it\\\/it\\\/progetti\\\/luoghi-comuni\\\/\",\"url\":\"https:\\\/\\\/www.compagniadisanpaolo.it\\\/it\\\/progetti\\\/luoghi-comuni\\\/\",\"name\":\"Luoghi Comuni - Fondazione Compagnia di San Paolo\",\"isPartOf\":{\"@id\":\"https:\\\/\\\/www.compagniadisanpaolo.it\\\/it\\\/#website\"},\"primaryImageOfPage\":{\"@id\":\"https:\\\/\\\/www.compagniadisanpaolo.it\\\/it\\\/progetti\\\/luoghi-comuni\\\/#primaryimage\"},\"image\":{\"@id\":\"https:\\\/\\\/www.compagniadisanpaolo.it\\\/it\\\/progetti\\\/luoghi-comuni\\\/#primaryimage\"},\"thumbnailUrl\":\"https:\\\/\\\/www.compagniadisanpaolo.it\\\/wp-content\\\/uploads\\\/Luoghi-Comuni.jpg\",\"datePublished\":\"2020-10-26T09:06:21+00:00\",\"dateModified\":\"2024-04-11T08:38:10+00:00\",\"breadcrumb\":{\"@id\":\"https:\\\/\\\/www.compagniadisanpaolo.it\\\/it\\\/progetti\\\/luoghi-comuni\\\/#breadcrumb\"},\"inLanguage\":\"it-IT\",\"potentialAction\":[{\"@type\":\"ReadAction\",\"target\":[\"https:\\\/\\\/www.compagniadisanpaolo.it\\\/it\\\/progetti\\\/luoghi-comuni\\\/\"]}]},{\"@type\":\"ImageObject\",\"inLanguage\":\"it-IT\",\"@id\":\"https:\\\/\\\/www.compagniadisanpaolo.it\\\/it\\\/progetti\\\/luoghi-comuni\\\/#primaryimage\",\"url\":\"https:\\\/\\\/www.compagniadisanpaolo.it\\\/wp-content\\\/uploads\\\/Luoghi-Comuni.jpg\",\"contentUrl\":\"https:\\\/\\\/www.compagniadisanpaolo.it\\\/wp-content\\\/uploads\\\/Luoghi-Comuni.jpg\",\"width\":938,\"height\":550},{\"@type\":\"BreadcrumbList\",\"@id\":\"https:\\\/\\\/www.compagniadisanpaolo.it\\\/it\\\/progetti\\\/luoghi-comuni\\\/#breadcrumb\",\"itemListElement\":[{\"@type\":\"ListItem\",\"position\":1,\"name\":\"Home\",\"item\":\"https:\\\/\\\/www.compagniadisanpaolo.it\\\/it\\\/\"},{\"@type\":\"ListItem\",\"position\":2,\"name\":\"Luoghi Comuni\"}]},{\"@type\":\"WebSite\",\"@id\":\"https:\\\/\\\/www.compagniadisanpaolo.it\\\/it\\\/#website\",\"url\":\"https:\\\/\\\/www.compagniadisanpaolo.it\\\/it\\\/\",\"name\":\"Fondazione Compagnia di San Paolo\",\"description\":\"\",\"publisher\":{\"@id\":\"https:\\\/\\\/www.compagniadisanpaolo.it\\\/it\\\/#organization\"},\"potentialAction\":[{\"@type\":\"SearchAction\",\"target\":{\"@type\":\"EntryPoint\",\"urlTemplate\":\"https:\\\/\\\/www.compagniadisanpaolo.it\\\/it\\\/?s={search_term_string}\"},\"query-input\":{\"@type\":\"PropertyValueSpecification\",\"valueRequired\":true,\"valueName\":\"search_term_string\"}}],\"inLanguage\":\"it-IT\"},{\"@type\":\"Organization\",\"@id\":\"https:\\\/\\\/www.compagniadisanpaolo.it\\\/it\\\/#organization\",\"name\":\"Fondazione Compagnia di San Paolo\",\"url\":\"https:\\\/\\\/www.compagniadisanpaolo.it\\\/it\\\/\",\"logo\":{\"@type\":\"ImageObject\",\"inLanguage\":\"it-IT\",\"@id\":\"https:\\\/\\\/www.compagniadisanpaolo.it\\\/it\\\/#\\\/schema\\\/logo\\\/image\\\/\",\"url\":\"https:\\\/\\\/www.compagniadisanpaolo.it\\\/wp-content\\\/uploads\\\/logo.svg\",\"contentUrl\":\"https:\\\/\\\/www.compagniadisanpaolo.it\\\/wp-content\\\/uploads\\\/logo.svg\",\"width\":769,\"height\":323,\"caption\":\"Fondazione Compagnia di San Paolo\"},\"image\":{\"@id\":\"https:\\\/\\\/www.compagniadisanpaolo.it\\\/it\\\/#\\\/schema\\\/logo\\\/image\\\/\"},\"sameAs\":[\"https:\\\/\\\/www.facebook.com\\\/CompagniaDiSanPaolo\",\"https:\\\/\\\/x.com\\\/CSP_live\",\"http:\\\/\\\/instagram.com\\\/compagniadisanpaolo?ref=badge\",\"https:\\\/\\\/www.linkedin.com\\\/company\\\/compagnia-di-san-paolo\",\"https:\\\/\\\/www.youtube.com\\\/user\\\/compagniadisanpaolo\",\"https:\\\/\\\/it.wikipedia.org\\\/wiki\\\/Compagnia_di_San_Paolo\"]}]}<\/script>\n<!-- \/ Yoast SEO plugin. -->","yoast_head_json":{"title":"Luoghi Comuni - Fondazione Compagnia di San Paolo","robots":{"index":"index","follow":"follow","max-snippet":"max-snippet:-1","max-image-preview":"max-image-preview:large","max-video-preview":"max-video-preview:-1"},"canonical":"https:\/\/www.compagniadisanpaolo.it\/it\/progetti\/luoghi-comuni\/","og_locale":"it_IT","og_type":"article","og_title":"Luoghi Comuni - Fondazione Compagnia di San Paolo","og_description":"[vc_section][vc_row el_class=&#8221;txt-col mt-5 mb-3&#8243;][vc_column][vc_column_text] Il progetto delle Residenze Temporanee di Porta Palazzo e San Salvario prevede servizi, spazi comuni e attivit\u00e0 rivolte sia agli abitanti che al quartiere e alla citt\u00e0, per andare oltre alla funzione residenziale e promuovere una nuova cultura dell\u2019abitare. [\/vc_column_text][\/vc_column][\/vc_row][vc_row][vc_column][vc_column_text] [\/vc_column_text][\/vc_column][\/vc_row][vc_row el_class=&#8221;page-content&#8221;][vc_column][vc_column_text el_class=&#8221;text&#8221;] Missione: Abitare tra casa e territorio L\u2019integrazione \u00e8 motivo ricorrente del concept del progetto Luoghi Comuni: l\u2019approccio stesso dell\u2019iter realizzativo delle due Residenze Temporanee \u00e8 stato sinergico tra diversi contributi ed expertise multidisciplinari (sociale, culturale, economica, architettonica, ambientale). Il modello innovativo e sperimentale, volto al raggiungimento dell\u2019equilibrio tra sostenibilit\u00e0 economica e funzione sociale, \u00e8 stato infatti caratterizzato da un elevato grado di complessit\u00e0 dei metodi adottati, dall\u2019attivit\u00e0 di ricerca nella fase istruttoria e il successivo studio di fattibilit\u00e0, per garantire la sostenibilit\u00e0 e l\u2019innovativit\u00e0 del progetto, alla realizzazione di bandi di selezione per i soggetti che a vario titolo sono entrati nel processo realizzativo, alla co-progettazione tra ex Programma Housing, gestori e progettisti al fine di integrare gli aspetti architettonici e sociali, alle attivit\u00e0 di monitoraggio e valutazione previste a partire dell\u2019apertura delle Residenze Temporanee e rivolte sia agli aspetti gestionali e sociali che al commissioning dei sistemi impiantistici e dei consumi energetici. Le 51 unit\u00e0 abitative del progetto (prevalentemente destinate a single e coppie nel caso della Residenza Temporanea di Porta Palazzo, a famiglie bi e mono parentali con figli minori quella di San Salvario) offrono una soluzione abitativa per un periodo di tempo limitato a persone che per ragioni economiche, sociali e familiari vivono una fase di transizione e quindi di vulnerabilit\u00e0 sociale ed economica (lavoratori in mobilit\u00e0 e personale in formazione, popolazione in situazione di stress abitativo, city users e visitatori occasionali). Scopri di pi\u00f9 su luoghicomuni.org[\/vc_column_text][\/vc_column][\/vc_row][vc_row el_class=&#8221;gallery-slider-wrap&#8221;][vc_column][vc_column_text el_class=&#8221;sdg-intro&#8221;] Gallery fotografica del progetto Luoghi Comuni. [\/vc_column_text][\/vc_column][\/vc_row][vc_row el_class=&#8221;sdg-list-wrap&#8221;][vc_column][vc_column_text el_class=&#8221;sdg-intro&#8221;] Questo progetto contribuisce al raggiungimento dei seguenti Obiettivi di Sviluppo Sostenibile [\/vc_column_text][vc_raw_html]JTVCbW9zdHJhU0RHUyU1RA==[\/vc_raw_html][\/vc_column][\/vc_row][vc_row][vc_column][vc_raw_html]JTVCU2V6aW9uZV9Eb2N1bWVudGklNUQ=[\/vc_raw_html][\/vc_column][\/vc_row][vc_row][vc_column][vc_raw_html]JTVCZGlzZWduYV9jb3JyZWxhdGklNUQ=[\/vc_raw_html][\/vc_column][\/vc_row][\/vc_section]","og_url":"https:\/\/www.compagniadisanpaolo.it\/it\/progetti\/luoghi-comuni\/","og_site_name":"Fondazione Compagnia di San Paolo","article_publisher":"https:\/\/www.facebook.com\/CompagniaDiSanPaolo","article_modified_time":"2024-04-11T08:38:10+00:00","og_image":[{"width":938,"height":550,"url":"https:\/\/www.compagniadisanpaolo.it\/wp-content\/uploads\/Luoghi-Comuni.jpg","type":"image\/jpeg"}],"twitter_card":"summary_large_image","twitter_site":"@CSP_live","twitter_misc":{"Tempo di lettura stimato":"2 minuti"},"schema":{"@context":"https:\/\/schema.org","@graph":[{"@type":"WebPage","@id":"https:\/\/www.compagniadisanpaolo.it\/it\/progetti\/luoghi-comuni\/","url":"https:\/\/www.compagniadisanpaolo.it\/it\/progetti\/luoghi-comuni\/","name":"Luoghi Comuni - Fondazione Compagnia di San Paolo","isPartOf":{"@id":"https:\/\/www.compagniadisanpaolo.it\/it\/#website"},"primaryImageOfPage":{"@id":"https:\/\/www.compagniadisanpaolo.it\/it\/progetti\/luoghi-comuni\/#primaryimage"},"image":{"@id":"https:\/\/www.compagniadisanpaolo.it\/it\/progetti\/luoghi-comuni\/#primaryimage"},"thumbnailUrl":"https:\/\/www.compagniadisanpaolo.it\/wp-content\/uploads\/Luoghi-Comuni.jpg","datePublished":"2020-10-26T09:06:21+00:00","dateModified":"2024-04-11T08:38:10+00:00","breadcrumb":{"@id":"https:\/\/www.compagniadisanpaolo.it\/it\/progetti\/luoghi-comuni\/#breadcrumb"},"inLanguage":"it-IT","potentialAction":[{"@type":"ReadAction","target":["https:\/\/www.compagniadisanpaolo.it\/it\/progetti\/luoghi-comuni\/"]}]},{"@type":"ImageObject","inLanguage":"it-IT","@id":"https:\/\/www.compagniadisanpaolo.it\/it\/progetti\/luoghi-comuni\/#primaryimage","url":"https:\/\/www.compagniadisanpaolo.it\/wp-content\/uploads\/Luoghi-Comuni.jpg","contentUrl":"https:\/\/www.compagniadisanpaolo.it\/wp-content\/uploads\/Luoghi-Comuni.jpg","width":938,"height":550},{"@type":"BreadcrumbList","@id":"https:\/\/www.compagniadisanpaolo.it\/it\/progetti\/luoghi-comuni\/#breadcrumb","itemListElement":[{"@type":"ListItem","position":1,"name":"Home","item":"https:\/\/www.compagniadisanpaolo.it\/it\/"},{"@type":"ListItem","position":2,"name":"Luoghi Comuni"}]},{"@type":"WebSite","@id":"https:\/\/www.compagniadisanpaolo.it\/it\/#website","url":"https:\/\/www.compagniadisanpaolo.it\/it\/","name":"Fondazione Compagnia di San Paolo","description":"","publisher":{"@id":"https:\/\/www.compagniadisanpaolo.it\/it\/#organization"},"potentialAction":[{"@type":"SearchAction","target":{"@type":"EntryPoint","urlTemplate":"https:\/\/www.compagniadisanpaolo.it\/it\/?s={search_term_string}"},"query-input":{"@type":"PropertyValueSpecification","valueRequired":true,"valueName":"search_term_string"}}],"inLanguage":"it-IT"},{"@type":"Organization","@id":"https:\/\/www.compagniadisanpaolo.it\/it\/#organization","name":"Fondazione Compagnia di San Paolo","url":"https:\/\/www.compagniadisanpaolo.it\/it\/","logo":{"@type":"ImageObject","inLanguage":"it-IT","@id":"https:\/\/www.compagniadisanpaolo.it\/it\/#\/schema\/logo\/image\/","url":"https:\/\/www.compagniadisanpaolo.it\/wp-content\/uploads\/logo.svg","contentUrl":"https:\/\/www.compagniadisanpaolo.it\/wp-content\/uploads\/logo.svg","width":769,"height":323,"caption":"Fondazione Compagnia di San Paolo"},"image":{"@id":"https:\/\/www.compagniadisanpaolo.it\/it\/#\/schema\/logo\/image\/"},"sameAs":["https:\/\/www.facebook.com\/CompagniaDiSanPaolo","https:\/\/x.com\/CSP_live","http:\/\/instagram.com\/compagniadisanpaolo?ref=badge","https:\/\/www.linkedin.com\/company\/compagnia-di-san-paolo","https:\/\/www.youtube.com\/user\/compagniadisanpaolo","https:\/\/it.wikipedia.org\/wiki\/Compagnia_di_San_Paolo"]}]}},"_links":{"self":[{"href":"https:\/\/www.compagniadisanpaolo.it\/it\/wp-json\/wp\/v2\/progetti\/6998","targetHints":{"allow":["GET"]}}],"collection":[{"href":"https:\/\/www.compagniadisanpaolo.it\/it\/wp-json\/wp\/v2\/progetti"}],"about":[{"href":"https:\/\/www.compagniadisanpaolo.it\/it\/wp-json\/wp\/v2\/types\/progetti"}],"wp:featuredmedia":[{"embeddable":true,"href":"https:\/\/www.compagniadisanpaolo.it\/it\/wp-json\/wp\/v2\/media\/7009"}],"wp:attachment":[{"href":"https:\/\/www.compagniadisanpaolo.it\/it\/wp-json\/wp\/v2\/media?parent=6998"}],"wp:term":[{"taxonomy":"post_tag","embeddable":true,"href":"https:\/\/www.compagniadisanpaolo.it\/it\/wp-json\/wp\/v2\/tags?post=6998"}],"curies":[{"name":"wp","href":"https:\/\/api.w.org\/{rel}","templated":true}]}}