{"id":33952,"date":"2025-03-10T16:23:34","date_gmt":"2025-03-10T15:23:34","guid":{"rendered":"https:\/\/www.compagniadisanpaolo.it\/?post_type=progetti&#038;p=33952"},"modified":"2026-03-10T12:36:37","modified_gmt":"2026-03-10T11:36:37","slug":"cavallerizza-reale","status":"publish","type":"progetti","link":"https:\/\/www.compagniadisanpaolo.it\/it\/progetti\/cavallerizza-reale\/","title":{"rendered":"Cavallerizza Reale"},"content":{"rendered":"<div class=\"wpb-content-wrapper\">[vc_section][vc_row el_class=&#8221;txt-col mt-5 mb-3&#8243;][vc_column][vc_column_text]\n<h3 class=\"title\">La Cavallerizza Reale \u00e8 un bene comune: stiamo lavorando per restituirla alla citt\u00e0 come uno spazio vivace e accessibile a tutti. Un progetto ad alto impatto sociale che trasforma il complesso in un polo culturale innovativo, dove passato e futuro si incontrano. Un luogo da vivere, all\u2019insegna della sostenibilit\u00e0, dell\u2019accessibilit\u00e0 e della creativit\u00e0.<\/h3>\n[\/vc_column_text][\/vc_column][\/vc_row][vc_row][vc_column][vc_column_text]\n<div class=\"info-box mission\">\n\t\t<div class=\"info-box-wrap info-box-hor row pb-0\">\n\n\t\t      \n\t\t      <div class=\"spalla col-12 col-md-12\">\n\t\t\t<div class=\"info-box sharing-box\">\n\t\t\t  <span class=\"label\">Condividi:<\/span>\n\t\t\t  <div class=\"social-sharing\">\n\t\t\t    <span class=\"box\">\n\t\t\t      <a class=\"fb\" href=\"https:\/\/www.facebook.com\/sharer.php?u=https:\/\/www.compagniadisanpaolo.it\/it\/progetti\/cavallerizza-reale\/\" target=\"_blank\">\n\t\t\t\t<span class=\"sr-only\">Facebook<\/span>\n\t\t\t\t<i class=\"fab fa-facebook-f\"><\/i>\n\t\t\t      <\/a>\n\t\t\t    <\/span>\n\t\t\t    \n\t\t\t    <style>\n.twitter, .twitter:hover{\ncolor:#000000 !important;}\n<\/style>\n\n\n\t\t\t    <span class=\"box\">\n\t\t\t      <a class=\"twitter\" href=\"https:\/\/twitter.com\/intent\/tweet?url=https:\/\/www.compagniadisanpaolo.it\/it\/progetti\/cavallerizza-reale\/\">\n\t\t\t\t<span class=\"sr-only\">Twitter<\/span>\n\t\t\t\t<i class=\"fa-brands fa-x-twitter\"><\/i>\n\t\t\t      <\/a>\n\t\t\t    <\/span>\n\n\t\t\t    \n\t\t\t    <span class=\"box\">\n\t\t\t      <a class=\"linkedin\" href=\"https:\/\/www.linkedin.com\/shareArticle?mini=true&url=https:\/\/www.compagniadisanpaolo.it\/it\/progetti\/cavallerizza-reale\/\">\n\t\t\t\t<span class=\"sr-only\">Linkedin<\/span>\n\t\t\t\t  <i class=\"fa-brands fa-linkedin-in\"><\/i>\n\t\t\t      <\/a>\n\t\t\t    <\/span>\n\n\t\t\t    <span class=\"box\">\n\t\t\t      <a class=\"whatsapp\" href=\"whatsapp:\/\/send?text=https:\/\/www.compagniadisanpaolo.it\/it\/progetti\/cavallerizza-reale\/\" data-action=\"share\/whatsapp\/share\">\n\t\t\t\t<span class=\"sr-only\">Whatsapp<\/span>\n\t\t\t\t<i class=\"fa-brands fa-whatsapp\"><\/i>\n\t\t\t      <\/a>\n\t\t\t    <\/span>\n\n\t\t\t    <span class=\"box\">\n\t\t\t      <a class=\"mail\" href=\"mailto:?subject=Cavallerizza Reale&body=https:\/\/www.compagniadisanpaolo.it\/it\/progetti\/cavallerizza-reale\/\">\n\t\t\t\t<span class=\"sr-only\">Mail<\/span>\n\t\t\t\t <i class=\"fa-solid fa-envelope\"><\/i>\n\t\t\t      <\/a>\n\t\t\t    <\/span>\n\t\t\t    \n\t\t\t  <\/div>\n\t\t\t<\/div>\n\t      <\/div>\n\t    <\/div><\/div>\n[\/vc_column_text][\/vc_column][\/vc_row][vc_row equal_height=&#8221;yes&#8221; content_placement=&#8221;middle&#8221; css=&#8221;.vc_custom_1743084446824{margin-bottom: 20px !important;padding-top: 0px !important;padding-right: 0px !important;padding-bottom: 0px !important;padding-left: 0px !important;}&#8221;][vc_column width=&#8221;1\/2&#8243; css=&#8221;.vc_custom_1741269173001{margin-top: 0px !important;margin-right: 0px !important;margin-bottom: 0px !important;margin-left: 0px !important;border-top-width: 0px !important;border-right-width: 0px !important;border-bottom-width: 0px !important;border-left-width: 0px !important;padding-top: 0px !important;padding-right: 0px !important;padding-bottom: 0px !important;padding-left: 0px !important;background-image: url(https:\/\/www.compagniadisanpaolo.it\/wp-content\/uploads\/Cavallerizza_news.jpg?id=35568) !important;background-position: center !important;background-repeat: no-repeat !important;background-size: cover !important;}&#8221;][vc_empty_space height=&#8221;350px&#8221;][\/vc_column][vc_column width=&#8221;1\/2&#8243; css=&#8221;.vc_custom_1741606351371{margin-top: 0px !important;margin-bottom: 0px !important;border-top-width: 5px !important;border-right-width: 5px !important;border-bottom-width: 5px !important;border-left-width: 5px !important;padding-top: 20px !important;padding-bottom: 20px !important;border-left-color: #046a38 !important;border-left-style: solid !important;border-right-color: #046a38 !important;border-right-style: solid !important;border-top-color: #046a38 !important;border-top-style: solid !important;border-bottom-color: #046a38 !important;border-bottom-style: solid !important;}&#8221;][vc_column_text css=&#8221;.vc_custom_1741191393274{margin-top: 0px !important;border-top-width: 0px !important;padding-top: 0px !important;padding-right: 30px !important;padding-bottom: 0px !important;padding-left: 30px !important;}&#8221;]\n<h3 class=\"title\">Approfondimenti, curiosit\u00e0 e aggiornamenti in tempo reale dal cantiere.<\/h3>\n[\/vc_column_text][vc_btn title=&#8221;Scopri di pi\u00f9&#8221; style=&#8221;outline&#8221; shape=&#8221;square&#8221; align=&#8221;left&#8221; i_align=&#8221;right&#8221; i_icon_fontawesome=&#8221;fas fa-angle-right&#8221; css=&#8221;.vc_custom_1741268925326{margin-bottom: 0px !important;border-bottom-width: 0px !important;padding-bottom: 0px !important;padding-left: 30px !important;}&#8221; add_icon=&#8221;true&#8221; el_class=&#8221;btn-mod btn-general&#8221; link=&#8221;url:https%3A%2F%2Fwww.compagniadisanpaolo.it%2Fit%2Fcavallerizza-reale-cantiere-fisico%2F|target:_blank&#8221;][\/vc_column][\/vc_row][vc_row equal_height=&#8221;yes&#8221; content_placement=&#8221;middle&#8221; css=&#8221;.vc_custom_1773142525504{margin-top: 20px !important;padding-top: 0px !important;padding-right: 0px !important;padding-bottom: 0px !important;padding-left: 0px !important;}&#8221;][vc_column width=&#8221;1\/2&#8243; css=&#8221;.vc_custom_1741606351371{margin-top: 0px !important;margin-bottom: 0px !important;border-top-width: 5px !important;border-right-width: 5px !important;border-bottom-width: 5px !important;border-left-width: 5px !important;padding-top: 20px !important;padding-bottom: 20px !important;border-left-color: #046a38 !important;border-left-style: solid !important;border-right-color: #046a38 !important;border-right-style: solid !important;border-top-color: #046a38 !important;border-top-style: solid !important;border-bottom-color: #046a38 !important;border-bottom-style: solid !important;}&#8221;][vc_column_text css=&#8221;.vc_custom_1743084304664{margin-top: 0px !important;border-top-width: 0px !important;padding-top: 0px !important;padding-right: 30px !important;padding-bottom: 0px !important;padding-left: 30px !important;}&#8221;]\n<h3 class=\"title\">Prenota la visita al cantiere.<\/h3>\n[\/vc_column_text][vc_btn title=&#8221;Scopri di pi\u00f9&#8221; style=&#8221;outline&#8221; shape=&#8221;square&#8221; align=&#8221;left&#8221; i_align=&#8221;right&#8221; i_icon_fontawesome=&#8221;fa fa-solid fa-angle-right&#8221; css=&#8221;.vc_custom_1773142586858{margin-bottom: 0px !important;border-bottom-width: 0px !important;padding-bottom: 0px !important;padding-left: 30px !important;}&#8221; add_icon=&#8221;true&#8221; el_class=&#8221;btn-mod btn-general&#8221; link=&#8221;url:https%3A%2F%2Fwww.compagniadisanpaolo.it%2Fit%2Fnews%2Fal-via-le-visite-al-cantiere-della-cavallerizza-reale%2F%3Fnoamp%3Dmobile|target:_blank&#8221;][\/vc_column][vc_column width=&#8221;1\/2&#8243; css=&#8221;.vc_custom_1750751584333{margin-top: 0px !important;margin-right: 0px !important;margin-bottom: 0px !important;margin-left: 0px !important;border-top-width: 0px !important;border-right-width: 0px !important;border-bottom-width: 0px !important;border-left-width: 0px !important;padding-top: 0px !important;padding-right: 0px !important;padding-bottom: 0px !important;padding-left: 0px !important;background-image: url(https:\/\/www.compagniadisanpaolo.it\/wp-content\/uploads\/CSP-Cavallerizza-Reale_visita_cantiere-14-giugno-scaled.jpg?id=38463) !important;background-position: center !important;background-repeat: no-repeat !important;background-size: cover !important;}&#8221;][vc_empty_space height=&#8221;350px&#8221;][\/vc_column][\/vc_row][vc_row equal_height=&#8221;yes&#8221; content_placement=&#8221;middle&#8221; disable_element=&#8221;yes&#8221; css=&#8221;.vc_custom_1773142518616{margin-top: 20px !important;padding-top: 0px !important;padding-right: 0px !important;padding-bottom: 0px !important;padding-left: 0px !important;}&#8221;][vc_column width=&#8221;1\/2&#8243; css=&#8221;.vc_custom_1741606351371{margin-top: 0px !important;margin-bottom: 0px !important;border-top-width: 5px !important;border-right-width: 5px !important;border-bottom-width: 5px !important;border-left-width: 5px !important;padding-top: 20px !important;padding-bottom: 20px !important;border-left-color: #046a38 !important;border-left-style: solid !important;border-right-color: #046a38 !important;border-right-style: solid !important;border-top-color: #046a38 !important;border-top-style: solid !important;border-bottom-color: #046a38 !important;border-bottom-style: solid !important;}&#8221;][vc_column_text css=&#8221;.vc_custom_1757495609528{margin-top: 0px !important;border-top-width: 0px !important;padding-top: 0px !important;padding-right: 30px !important;padding-bottom: 0px !important;padding-left: 30px !important;}&#8221;]\n<h3 class=\"title\">Un cantiere creativo<\/h3>\n<p>Creative Roads, Festival continuo[\/vc_column_text][vc_btn title=&#8221;Scopri di pi\u00f9&#8221; style=&#8221;outline&#8221; shape=&#8221;square&#8221; align=&#8221;left&#8221; i_align=&#8221;right&#8221; i_icon_fontawesome=&#8221;fa fa-solid fa-angle-right&#8221; css=&#8221;.vc_custom_1757674042828{margin-bottom: 0px !important;border-bottom-width: 0px !important;padding-bottom: 0px !important;padding-left: 30px !important;}&#8221; add_icon=&#8221;true&#8221; el_class=&#8221;btn-mod btn-general&#8221; link=&#8221;url:https%3A%2F%2Fwww.creativeroads.it%2F|target:_blank&#8221;][\/vc_column][vc_column width=&#8221;1\/2&#8243; css=&#8221;.vc_custom_1757495588370{margin-top: 0px !important;margin-right: 0px !important;margin-bottom: 0px !important;margin-left: 0px !important;border-top-width: 0px !important;border-right-width: 0px !important;border-bottom-width: 0px !important;border-left-width: 0px !important;padding-top: 0px !important;padding-right: 0px !important;padding-bottom: 0px !important;padding-left: 0px !important;background-image: url(https:\/\/www.compagniadisanpaolo.it\/wp-content\/uploads\/fc_cia-sanpaolo-817&#215;494-.jpg?id=39440) !important;background-position: center !important;background-repeat: no-repeat !important;background-size: cover !important;}&#8221;][vc_empty_space height=&#8221;350px&#8221;][\/vc_column][\/vc_row][vc_row el_class=&#8221;page-content&#8221;][vc_column][vc_column_text css=&#8221;&#8221; el_class=&#8221;text&#8221;]La Cavallerizza Reale torna a essere un punto di riferimento per Torino: un luogo che custodisce la sua memoria storica ma guarda al futuro, rispondendo ai bisogni della comunit\u00e0 con spazi dinamici, accessibili e aperti a tutti.[\/vc_column_text][\/vc_column][\/vc_row][vc_row equal_height=&#8221;yes&#8221; content_placement=&#8221;middle&#8221; el_class=&#8221;page-content&#8221; css=&#8221;.vc_custom_1741174479565{margin-top: 0px !important;border-top-width: 0px !important;padding-top: 0px !important;padding-bottom: 0px !important;}&#8221;][vc_column css_animation=&#8221;fadeIn&#8221; width=&#8221;1\/3&#8243; css=&#8221;.vc_custom_1741174298260{background-color: #046a38 !important;border-radius: 2px !important;}&#8221;][vc_column_text css=&#8221;.vc_custom_1741174411120{padding-top: 20px !important;padding-right: 20px !important;padding-left: 20px !important;}&#8221; el_class=&#8221;text&#8221;]<span style=\"color: #ffffff;\"><strong>Un polo culturale di respiro internazionale\u00a0<\/strong><\/span>[\/vc_column_text][vc_column_text css=&#8221;.vc_custom_1741340158238{padding-right: 20px !important;padding-bottom: 20px !important;padding-left: 20px !important;}&#8221; el_class=&#8221;text&#8221;]<span style=\"color: #ffffff;\">La Fondazione vede nella Cavallerizza un\u2019opportunit\u00e0 per rafforzare il ruolo di Torino sulla scena culturale globale. Il complesso diventer\u00e0 un centro multifunzionale dove arte, musica, teatro e innovazione convivono con spazi aperti e dedicati alla collettivit\u00e0.<\/span>[\/vc_column_text][\/vc_column][vc_column css_animation=&#8221;fadeIn&#8221; width=&#8221;1\/3&#8243;][vc_column_text css=&#8221;.vc_custom_1741174421280{padding-top: 20px !important;padding-right: 20px !important;padding-left: 20px !important;}&#8221; el_class=&#8221;text&#8221;]<span style=\"color: #046a38;\"><strong>Rigenerazione urbana e sociale<\/strong><\/span>[\/vc_column_text][vc_column_text css=&#8221;.vc_custom_1741174425896{padding-right: 20px !important;padding-bottom: 20px !important;padding-left: 20px !important;}&#8221; el_class=&#8221;text&#8221;]<span style=\"color: #046a38;\">Non solo restauro, ma un vero progetto di innovazione urbana. La Cavallerizza sar\u00e0 un luogo aperto e inclusivo, capace di favorire l\u2019aggregazione sociale, il dialogo tra cittadini, istituzioni e visitatori, e nuove forme di convivenza e scambio culturale.<\/span>[\/vc_column_text][\/vc_column][vc_column css_animation=&#8221;fadeIn&#8221; width=&#8221;1\/3&#8243; css=&#8221;.vc_custom_1741174310832{background-color: #046a38 !important;}&#8221;][vc_column_text css=&#8221;.vc_custom_1741174436417{padding-top: 20px !important;padding-right: 20px !important;padding-left: 20px !important;}&#8221; el_class=&#8221;text&#8221;]<span style=\"color: #ffffff;\"><strong>Sostenibilit\u00e0 e innovazione<\/strong><\/span>[\/vc_column_text][vc_column_text css=&#8221;.vc_custom_1741174442436{padding-right: 20px !important;padding-bottom: 20px !important;padding-left: 20px !important;}&#8221; el_class=&#8221;text&#8221;]<span style=\"color: #ffffff;\">La Fondazione punta a trasformare la Cavallerizza in un modello di architettura sostenibile, integrando le tecnologie pi\u00f9 avanzate per l\u2019efficienza energetica e il rispetto ambientale. Un equilibrio tra storia e innovazione per rispondere alle esigenze di una citt\u00e0 moderna.<\/span>[\/vc_column_text][\/vc_column][\/vc_row][vc_row el_class=&#8221;txt-col mt-5 mb-3&#8243; css=&#8221;.vc_custom_1741181542727{padding-bottom: 0px !important;}&#8221;][vc_column][vc_column_text]\n<h3 class=\"title\" style=\"color: #046a38;\">Bellezza, innovazione, inclusione.<\/h3>\n[\/vc_column_text][\/vc_column][\/vc_row][vc_row content_placement=&#8221;middle&#8221; el_class=&#8221;page-content&#8221;][vc_column width=&#8221;1\/2&#8243;][vc_single_image image=&#8221;35620&#8243; img_size=&#8221;full&#8221; alignment=&#8221;center&#8221; css=&#8221;.vc_custom_1741611236777{padding-right: 50px !important;}&#8221; el_class=&#8221;plr-0&#8243;][\/vc_column][vc_column width=&#8221;1\/2&#8243;][vc_column_text el_class=&#8221;text&#8221;]Torniamo a vivere la Cavallerizza, trasformandola in un polo culturale aperto e dinamico, dove storia e futuro si incontrano. Un progetto che incarna i principi del <a href=\"https:\/\/new-european-bauhaus.europa.eu\/index_en\" target=\"_blank\" rel=\"noopener\"><strong>New European Bauhaus<\/strong> (<strong>NEB<\/strong>)<\/a>, creando spazi che non siano solo belli, sostenibili, inclusivi ma anche ispiranti per la comunit\u00e0, per rispondere alle sfide di rigenerazione urbana, cultura e innovazione. \u201c<strong>Beautiful, sustainable, together.<\/strong>\u201d Questo slogan riassume l&#8217;obiettivo del movimento, in linea con il Green Deal europeo, valori che trovano piena espressione nella trasformazione della Cavallerizza.<\/p>\n[\/vc_column_text][vc_single_image image=&#8221;35572&#8243; img_size=&#8221;medium&#8221;][\/vc_column][\/vc_row][vc_row el_class=&#8221;txt-col mt-5 mb-3&#8243; css=&#8221;.vc_custom_1741181445712{margin-top: 0px !important;margin-bottom: 0px !important;border-top-width: 0px !important;border-bottom-width: 0px !important;padding-top: 0px !important;padding-bottom: 0px !important;}&#8221;][vc_column][vc_column_text]\n<h3 style=\"color: #046a38;\"><strong>BEAUTIFUL \u2013 La bellezza che unisce passato e futuro<\/strong><\/h3>\n[\/vc_column_text][vc_column_text el_class=&#8221;text&#8221;]La riqualificazione della Cavallerizza Reale rispetta l\u2019identit\u00e0 storica di questi spazi, rendendoli luoghi di cultura, incontro e creativit\u00e0.[\/vc_column_text][\/vc_column][\/vc_row][vc_row content_placement=&#8221;middle&#8221; el_class=&#8221;page-content column-reverse&#8221; css=&#8221;.vc_custom_1741611351396{margin-top: 0px !important;margin-bottom: 0px !important;border-top-width: 0px !important;border-bottom-width: 0px !important;padding-top: 0px !important;padding-bottom: 0px !important;}&#8221;][vc_column width=&#8221;1\/2&#8243;][vc_column_text el_class=&#8221;text&#8221;]<strong>Conservazione della memoria storica<\/strong> \u2013 Il progetto tutela il valore architettonico e simbolico del complesso, mantenendo intatta l\u2019eredit\u00e0 di grandi maestri come Juvarra e Alfieri.[\/vc_column_text][\/vc_column][vc_column width=&#8221;1\/2&#8243;][vc_single_image image=&#8221;35624&#8243; img_size=&#8221;1000X600&#8243; alignment=&#8221;center&#8221; css=&#8221;.vc_custom_1741611317141{padding-left: 50px !important;}&#8221; el_class=&#8221;plr-0&#8243;][\/vc_column][\/vc_row][vc_row content_placement=&#8221;middle&#8221; el_class=&#8221;page-content&#8221; css=&#8221;.vc_custom_1741181557274{margin-top: 0px !important;margin-bottom: 0px !important;border-top-width: 0px !important;border-bottom-width: 0px !important;padding-top: 0px !important;padding-bottom: 0px !important;}&#8221;][vc_column width=&#8221;1\/2&#8243;][vc_single_image image=&#8221;35576&#8243; img_size=&#8221;full&#8221; alignment=&#8221;center&#8221; css=&#8221;.vc_custom_1741611770302{padding-right: 50px !important;}&#8221; el_class=&#8221;plr-0&#8243;][\/vc_column][vc_column width=&#8221;1\/2&#8243;][vc_column_text el_class=&#8221;text&#8221;]<strong>Riscoperta della bellezza negli spazi comuni \u2013<\/strong><br \/>\nI luoghi della Cavallerizza vengono ripensati per essere accessibili e vissuti dalla comunit\u00e0. Gallerie, giardini e teatri si integrano armoniosamente con la citt\u00e0, creando un legame visivo con la Torino storica e rendendo arte e cultura patrimonio di tutti.[\/vc_column_text][\/vc_column][\/vc_row][vc_row el_class=&#8221;txt-col mt-5 mb-3&#8243; css=&#8221;.vc_custom_1741181570170{margin-top: 0px !important;margin-bottom: 0px !important;border-top-width: 0px !important;border-bottom-width: 0px !important;padding-top: 0px !important;padding-bottom: 0px !important;}&#8221;][vc_column][vc_column_text]\n<h3 style=\"color: #046a38;\">SUSTAINABLE \u2013 Innovazione e sostenibilit\u00e0 per la citt\u00e0 di domani<\/h3>\n[\/vc_column_text][vc_column_text el_class=&#8221;text&#8221;]Un modello di riqualificazione urbana che coniuga efficienza e responsabilit\u00e0:[\/vc_column_text][\/vc_column][\/vc_row][vc_row content_placement=&#8221;middle&#8221; el_class=&#8221;page-content column-reverse&#8221; css=&#8221;.vc_custom_1741611829562{margin-top: 0px !important;margin-bottom: 0px !important;border-top-width: 0px !important;border-bottom-width: 0px !important;padding-top: 0px !important;padding-bottom: 0px !important;}&#8221;][vc_column width=&#8221;1\/2&#8243;][vc_column_text el_class=&#8221;text&#8221;]<strong>Tecnologie verdi<\/strong> \u2013 Sistemi avanzati per il risparmio energetico e l\u2019ottimizzazione dei consumi riducono l\u2019impatto ambientale, trasformando la Cavallerizza in un simbolo di architettura sostenibile.[\/vc_column_text][\/vc_column][vc_column width=&#8221;1\/2&#8243;][vc_single_image image=&#8221;35771&#8243; img_size=&#8221;full&#8221; alignment=&#8221;center&#8221; css=&#8221;.vc_custom_1741611778827{padding-left: 50px !important;}&#8221; el_class=&#8221;plr-0&#8243;][\/vc_column][\/vc_row][vc_row content_placement=&#8221;middle&#8221; el_class=&#8221;page-content&#8221; css=&#8221;.vc_custom_1741181595920{margin-top: 0px !important;margin-bottom: 0px !important;border-top-width: 0px !important;border-bottom-width: 0px !important;padding-top: 0px !important;padding-bottom: 0px !important;}&#8221;][vc_column width=&#8221;1\/2&#8243;][vc_single_image image=&#8221;35686&#8243; img_size=&#8221;full&#8221; alignment=&#8221;center&#8221; css=&#8221;.vc_custom_1741611785652{padding-right: 50px !important;}&#8221; el_class=&#8221;plr-0&#8243;][\/vc_column][vc_column width=&#8221;1\/2&#8243;][vc_column_text el_class=&#8221;text&#8221;]<strong>Spazi flessibili e multifunzionali<\/strong> \u2013 Co-working, residenze per artisti, laboratori e aule aperte alla sperimentazione e all\u2019innovazione. Un approccio che consente di adattare il complesso a diversi usi, ottimizzando le risorse e promuovendo uno sviluppo urbano sostenibile.[\/vc_column_text][\/vc_column][\/vc_row][vc_row el_class=&#8221;txt-col mt-5 mb-3&#8243; css=&#8221;.vc_custom_1741181608813{margin-top: 0px !important;margin-bottom: 0px !important;border-top-width: 0px !important;border-bottom-width: 0px !important;padding-top: 0px !important;padding-bottom: 0px !important;}&#8221;][vc_column][vc_column_text]\n<h3 style=\"color: #046a38;\">TOGETHER \u2013 Un luogo per tutti, un progetto di comunit\u00e0<\/h3>\n[\/vc_column_text][vc_column_text el_class=&#8221;text&#8221;]Un nuovo spazio condiviso, inclusivo e vivo:[\/vc_column_text][\/vc_column][\/vc_row][vc_row content_placement=&#8221;middle&#8221; el_class=&#8221;page-content column-reverse&#8221; css=&#8221;.vc_custom_1741611839190{margin-top: 0px !important;margin-bottom: 0px !important;border-top-width: 0px !important;border-bottom-width: 0px !important;padding-top: 0px !important;padding-bottom: 0px !important;}&#8221;][vc_column width=&#8221;1\/2&#8243;][vc_column_text el_class=&#8221;text&#8221;]<strong>Accessibilit\u00e0 senza barriere<\/strong> \u2013 Un ambiente pensato per accogliere cittadini, studenti, artisti e turisti senza limiti.[\/vc_column_text][\/vc_column][vc_column width=&#8221;1\/2&#8243;][vc_single_image image=&#8221;35684&#8243; img_size=&#8221;full&#8221; alignment=&#8221;center&#8221; css=&#8221;.vc_custom_1741611793120{padding-left: 50px !important;}&#8221; el_class=&#8221;plr-0&#8243;][\/vc_column][\/vc_row][vc_row content_placement=&#8221;middle&#8221; el_class=&#8221;page-content&#8221; css=&#8221;.vc_custom_1741181632261{margin-top: 0px !important;margin-bottom: 0px !important;border-top-width: 0px !important;border-bottom-width: 0px !important;padding-top: 0px !important;padding-bottom: 0px !important;}&#8221;][vc_column width=&#8221;1\/2&#8243;][vc_single_image image=&#8221;35688&#8243; img_size=&#8221;full&#8221; alignment=&#8221;center&#8221; css=&#8221;.vc_custom_1741611800022{padding-right: 50px !important;}&#8221; el_class=&#8221;plr-0&#8243;][\/vc_column][vc_column width=&#8221;1\/2&#8243;][vc_column_text el_class=&#8221;text&#8221;]<strong>Un centro culturale partecipativo<\/strong> \u2013 La Fondazione Compagnia di San Paolo lavora con la comunit\u00e0 per creare un luogo di incontro, scambio e crescita collettiva.[\/vc_column_text][\/vc_column][\/vc_row][vc_row el_class=&#8221;txt-col mt-5 mb-3&#8243; css=&#8221;.vc_custom_1741182005461{margin-bottom: 0px !important;border-bottom-width: 0px !important;padding-bottom: 0px !important;}&#8221;][vc_column][vc_column_text]\n<h3 class=\"title\" style=\"color: #046a38;\">La storia del complesso.<\/h3>\n[\/vc_column_text][\/vc_column][\/vc_row][vc_row css=&#8221;.vc_custom_1741182163899{margin-top: 0px !important;margin-bottom: 0px !important;border-top-width: 0px !important;border-bottom-width: 0px !important;padding-top: 0px !important;padding-bottom: 0px !important;}&#8221; el_class=&#8221;page-content&#8221;][vc_column][vc_column_text el_class=&#8221;text&#8221;]Presso piazzetta Vasco, all\u2019ingresso del cantiere, \u00e8 aperta al pubblico una mostra dedicata alla storia della Cavallerizza Reale e alle sue numerose trasformazioni. Un percorso di approfondimento, realizzato dalla <a href=\"https:\/\/www.fondazione1563.it\/\" target=\"_blank\" rel=\"noopener\">Fondazione 1563<\/a> per l\u2019Arte e la Cultura, che esplora la sua evoluzione nel tempo e le nuove funzioni che il complesso assumer\u00e0.<\/p>\n<p>Liberamente visitabile, questa esposizione offre l\u2019opportunit\u00e0 di comprendere il valore storico e il futuro di uno degli spazi pi\u00f9 emblematici della citt\u00e0.[\/vc_column_text][\/vc_column][\/vc_row][vc_row css=&#8221;.vc_custom_1741182138818{margin-top: 0px !important;border-top-width: 0px !important;padding-top: 0px !important;}&#8221;][vc_column][vc_single_image image=&#8221;35634&#8243; img_size=&#8221;full&#8221;][\/vc_column][\/vc_row][vc_row disable_element=&#8221;yes&#8221; css=&#8221;.vc_custom_1741255822393{margin-top: 0px !important;border-top-width: 0px !important;padding-top: 0px !important;}&#8221;][vc_column width=&#8221;1\/3&#8243;][vc_single_image image=&#8221;35576&#8243; img_size=&#8221;full&#8221;][\/vc_column][vc_column width=&#8221;1\/3&#8243;][vc_single_image image=&#8221;35576&#8243; img_size=&#8221;full&#8221;][\/vc_column][vc_column width=&#8221;1\/3&#8243;][vc_single_image image=&#8221;35576&#8243; img_size=&#8221;full&#8221;][\/vc_column][\/vc_row][vc_row css=&#8221;.vc_custom_1741182163899{margin-top: 0px !important;margin-bottom: 0px !important;border-top-width: 0px !important;border-bottom-width: 0px !important;padding-top: 0px !important;padding-bottom: 0px !important;}&#8221; el_class=&#8221;page-content&#8221;][vc_column][vc_column_text css=&#8221;&#8221; el_class=&#8221;text&#8221;]<strong style=\"color: #046a38;\">Walks of Change \u2013 Cavallerizza<\/strong> \u00e8 invece un percorso digitale che racconta la trasformazione del complesso architettonico, dalle sue origini al progetto di rigenerazione urbana in corso. Uno spazio coinvolgente e aperto a tutti che raccoglie eventi e approfondimenti sulla storia e sulle nuove funzioni della Cavallerizza.[\/vc_column_text][vc_btn title=&#8221;Visita la mostra&#8221; style=&#8221;outline&#8221; shape=&#8221;square&#8221; align=&#8221;center&#8221; i_align=&#8221;right&#8221; i_icon_fontawesome=&#8221;fas fa-angle-right&#8221; add_icon=&#8221;true&#8221; el_class=&#8221;btn-mod btn-general&#8221; link=&#8221;url:https%3A%2F%2Fwalks-of-change-cavallerizza.fondazione1563.it%2Fil-complesso-della-cavallerizza-reale%2F|target:_blank&#8221;][vc_empty_space][vc_column_text css=&#8221;&#8221; el_class=&#8221;text&#8221;]<strong style=\"color: #046a38;\">\u201cAttraversamenti. La Cavallerizza Reale di Torino&#8221;<\/strong><br \/>\nLa Cavallerizza Reale \u00e8 protagonista del terzo episodio del <strong>podcast Doors of Change<\/strong> per esplorare come il progetto <strong>CHANGES \u2013 SPOKE 2<\/strong> della Fondazione 1563 stia trasformando questo complesso seicentesco in uno spazio urbano vivo, dove architettura, giardini e storie di personaggi storici si intrecciano in un repository digitale aperto a tutti, trasformando la storia in cittadinanza attiva.[\/vc_column_text][vc_raw_html css=&#8221;&#8221;]JTNDaWZyYW1lJTIwc3JjJTNEJTIyaHR0cHMlM0ElMkYlMkZ3d3cubG9xdWlzLmNvbSUyRml0JTJGZW1iZWQlMkZsb3F1aXMlMkYxNDUyOTk0OCUyMiUyMHdpZHRoJTNEJTIyMTAwJTI1JTIyJTIwaGVpZ2h0JTNEJTIyMzUwcHglMjIlMjBmcmFtZWJvcmRlciUzRCUyMjAlMjIlMjAlM0UlM0MlMkZpZnJhbWUlM0U=[\/vc_raw_html][\/vc_column][\/vc_row][vc_row css=&#8221;.vc_custom_1741182163899{margin-top: 0px !important;margin-bottom: 0px !important;border-top-width: 0px !important;border-bottom-width: 0px !important;padding-top: 0px !important;padding-bottom: 0px !important;}&#8221; el_class=&#8221;page-content&#8221;][vc_column width=&#8221;1\/2&#8243;][vc_column_text css=&#8221;&#8221; el_class=&#8221;text&#8221;]<strong>Attraversamenti: la Cavallerizza Reale tra memoria e futuro <\/strong>\u00e8 il progetto della <strong>Fondazione 1563<\/strong> <strong>per l\u2019Arte e la Cultura<\/strong> che valorizza uno dei simboli storici di Torino.<\/p>\n<p>L\u2019iniziativa unisce <strong>ricerca storica<\/strong>, <strong>narrazione<\/strong> <strong>multimediale<\/strong> e <strong>tecnologie<\/strong> <strong>digitali<\/strong> per raccontare la trasformazione del complesso architettonico, dalle funzioni storiche agli spazi culturali contemporanei.[\/vc_column_text][\/vc_column][vc_column width=&#8221;1\/2&#8243;][vc_single_image image=&#8221;40564&#8243; img_size=&#8221;large&#8221; css=&#8221;&#8221;][\/vc_column][\/vc_row][vc_row el_class=&#8221;page-content&#8221; css=&#8221;.vc_custom_1741182816712{margin-top: 0px !important;margin-bottom: 0px !important;border-top-width: 0px !important;border-bottom-width: 0px !important;padding-top: 0px !important;padding-bottom: 0px !important;}&#8221;][vc_column][vc_column_text css=&#8221;&#8221; el_class=&#8221;text&#8221;]La <strong>pubblicazione multimediale e il cortometraggio omonimo<\/strong>, realizzati rispettivamente con Hapax e Karmachina, restituiscono la Cavallerizza come un organismo vivo, invitando il pubblico a scoprire i suoi molteplici strati storici e a vivere un\u2019esperienza immersiva tra memoria e innovazione.[\/vc_column_text][\/vc_column][\/vc_row][vc_row css=&#8221;.vc_custom_1741182163899{margin-top: 0px !important;margin-bottom: 0px !important;border-top-width: 0px !important;border-bottom-width: 0px !important;padding-top: 0px !important;padding-bottom: 0px !important;}&#8221; el_class=&#8221;page-content&#8221;][vc_column width=&#8221;1\/2&#8243;][vc_video link=&#8221;https:\/\/www.youtube.com\/watch?v=-S85Hk8cwv0&#8243; css=&#8221;&#8221;][\/vc_column][vc_column width=&#8221;1\/2&#8243;][vc_column_text css=&#8221;&#8221; el_class=&#8221;text&#8221;]Si \u00e8 discusso del ruolo dei beni culturali materiali e immateriali nella vita della citt\u00e0 contemporanea, del rapporto tra patrimonio e comunit\u00e0 e delle potenzialit\u00e0 del digitale per la valorizzazione culturale. La Cavallerizza \u00e8 stata cos\u00ec raccontata come ponte tra generazioni e hub di innovazione urbana, restituita alla citt\u00e0 come luogo vitale, accessibile e contemporaneo.[\/vc_column_text][\/vc_column][\/vc_row][vc_row css=&#8221;.vc_custom_1741182163899{margin-top: 0px !important;margin-bottom: 0px !important;border-top-width: 0px !important;border-bottom-width: 0px !important;padding-top: 0px !important;padding-bottom: 0px !important;}&#8221; el_class=&#8221;page-content&#8221;][vc_column width=&#8221;1\/2&#8243;][vc_column_text css=&#8221;&#8221; el_class=&#8221;text&#8221;]La Cavallerizza Reale di Torino \u00e8 molto pi\u00f9 di un <strong>complesso architettonico<\/strong>: \u00e8 un <strong>simbolo della citt\u00e0<\/strong> stessa, il cui destino si intreccia con quello del Capoluogo piemontese.<\/p>\n<p>La sua progettazione, ad opera del conte <strong>Amedeo di Castellamonte<\/strong>, architetto ducale, si inserisce nel pi\u00f9 ampio progetto di <strong>ampliamento verso il Po<\/strong> (est) di una Torino in ascesa, voluto dal duca di Savoia Carlo Emanuele II negli anni Settanta del Seicento.<\/p>\n<p>Insieme al Palazzo Reale, alle segreterie, agli archivi e al teatro, questa area, nota come \u201c<strong>Zona di Comando<\/strong>\u201d, fu concepita per ospitare l\u2019Accademia reale, i Maneggi e le funzioni amministrative della corte, rappresentando il cuore pulsante delle attivit\u00e0 di comando e formazione.[\/vc_column_text][\/vc_column][vc_column width=&#8221;1\/2&#8243;][vc_column_text css=&#8221;&#8221; el_class=&#8221;text&#8221;]Nel corso del Settecento il complesso, che includeva gi\u00e0 la Cavallerizza, gli archivi e i maneggi, fu ulteriormente ampliato e valorizzato grazie agli interventi di eminenti architetti come <strong>Filippo Juvarra<\/strong> e <strong>Benedetto Alfieri<\/strong>, che ne rafforzarono la monumentalit\u00e0 e lo integrarono armoniosamente nel tessuto urbano.<\/p>\n<p>Oggi, parte integrante delle Residenze reali sabaude e patrimonio <strong>UNESCO<\/strong> dal 1997, la Cavallerizza si trova nel cuore del distretto culturale torinese, in contiguit\u00e0 con i Musei Reali, il Museo Egizio, il Museo Nazionale del Cinema e il Museo Nazionale del Risorgimento. L\u2019obiettivo attuale \u00e8 quello di <strong>restituire alla comunit\u00e0 una porzione significativa della citt\u00e0<\/strong>, offrendo proposte e spazi che rispondano ai bisogni e agli utilizzi contemporanei, mantenendo viva la memoria della sua ricca e affascinante storia.[\/vc_column_text][\/vc_column][\/vc_row][vc_row el_class=&#8221;txt-col mt-5 mb-3&#8243; css=&#8221;.vc_custom_1741182005461{margin-bottom: 0px !important;border-bottom-width: 0px !important;padding-bottom: 0px !important;}&#8221;][vc_column][vc_column_text]\n<h3 class=\"title\" style=\"color: #046a38;\">L\u2019Alleanza per un Polo Culturale Innovativo<\/h3>\n[\/vc_column_text][\/vc_column][\/vc_row][vc_row css=&#8221;.vc_custom_1741182613754{margin-top: 0px !important;margin-bottom: 0px !important;border-top-width: 0px !important;border-bottom-width: 0px !important;padding-top: 0px !important;padding-bottom: 0px !important;}&#8221;][vc_column][vc_single_image image=&#8221;35586&#8243; img_size=&#8221;full&#8221;][\/vc_column][\/vc_row][vc_row el_class=&#8221;page-content&#8221; css=&#8221;.vc_custom_1741182816712{margin-top: 0px !important;margin-bottom: 0px !important;border-top-width: 0px !important;border-bottom-width: 0px !important;padding-top: 0px !important;padding-bottom: 0px !important;}&#8221;][vc_column][vc_column_text css=&#8221;&#8221; el_class=&#8221;text&#8221;]Il progetto di riqualificazione della Cavallerizza Reale, promosso dalla <strong><a href=\"https:\/\/www.compagniadisanpaolo.it\/it\/\">Fondazione Compagnia di San Paolo<\/a><\/strong>, nasce da una stretta collaborazione tra istituzioni pubbliche e private di grande prestigio: l\u2019<a href=\"https:\/\/www.unito.it\/\" target=\"_blank\" rel=\"noopener\">Universit\u00e0 degli Studi di Torino<\/a>, la <a href=\"http:\/\/www.comune.torino.it\/\" target=\"_blank\" rel=\"noopener\">Citt\u00e0 di Torino<\/a>, <a href=\"https:\/\/www.cdp.it\/sitointernet\/it\/homepage.page\" target=\"_blank\" rel=\"noopener\">Cassa Depositi e Prestiti<\/a>, la <a href=\"https:\/\/www.regione.piemonte.it\/web\/\" target=\"_blank\" rel=\"noopener\">Regione Piemonte<\/a>, la <a href=\"https:\/\/www.collegioeinaudi.it\/\" target=\"_blank\" rel=\"noopener\">Fondazione Collegio Einaudi<\/a>, il <a href=\"https:\/\/www.conservatoriotorino.eu\/\" target=\"_blank\" rel=\"noopener\">Conservatorio Giuseppe Verdi<\/a> e l\u2019<a href=\"https:\/\/albertina-academy.it\/\" target=\"_blank\" rel=\"noopener\">Accademia Albertina di Belle Arti<\/a>.<\/p>\n<p>Questo <strong>partenariato multidisciplinare <\/strong>rappresenta il cuore pulsante di un intervento ambizioso che intreccia ricerca, innovazione e inclusivit\u00e0, con l\u2019obiettivo di trasformare la Cavallerizza in un centro di riferimento internazionale per l\u2019arte e la cultura.<\/p>\n<p>La progettazione, sviluppata tramite un concorso internazionale, ha selezionato soluzioni di altissimo livello per rispondere alle sfide del restauro e della modernizzazione. Gli investimenti complessivi, che superano i 200 milioni di euro, vedono la partecipazione della <b>Fondazione Compagnia di San Paolo<\/b>, che ha destinato un importante contributo per la ristrutturazione di alcuni dei suoi edifici pi\u00f9 emblematici, come la <strong>Manica del Mosca<\/strong> e le <strong>Pagliere<\/strong>.<\/p>\n<p>Inoltre, il <strong>Polo delle Arti<\/strong> beneficer\u00e0 di sovvenzioni provenienti dal <strong>Ministero dell&#8217;Universit\u00e0 e della Ricerca<\/strong>, confermando l&#8217;importanza di questo progetto per la cultura nazionale ed europea.<\/p>\n<p>Questa iniziativa, che unisce restauro e innovazione, si propone di creare un polo culturale capace di stimolare lo sviluppo sociale, economico e culturale di Torino, rafforzando il legame con la comunit\u00e0 e valorizzando il patrimonio storico della citt\u00e0.[\/vc_column_text][\/vc_column][\/vc_row][vc_row][vc_column][vc_column_text]<div id=\"ult-carousel-322210499369f14169885e5\" class=\"ult-carousel-wrapper  vc_custom_1741183660966  ult_horizontal\" data-gutter=\"15\" data-rtl=\"false\" ><div class=\"ult-carousel-398110559169f14169883d3 \" >[vc_single_image image=&#8221;35588&#8243; img_size=&#8221;full&#8221; css=&#8221;.vc_custom_1741183609646{margin-right: 0px !important;margin-left: 0px !important;border-right-width: 0px !important;border-left-width: 0px !important;padding-right: 0px !important;padding-left: 0px !important;}&#8221;][vc_single_image image=&#8221;35590&#8243; img_size=&#8221;full&#8221; css=&#8221;.vc_custom_1741183623580{margin-right: 0px !important;margin-left: 0px !important;border-right-width: 0px !important;border-left-width: 0px !important;padding-right: 0px !important;padding-left: 0px !important;}&#8221;][vc_single_image image=&#8221;35592&#8243; img_size=&#8221;full&#8221;][vc_single_image image=&#8221;35594&#8243; img_size=&#8221;full&#8221;][vc_single_image image=&#8221;35596&#8243; img_size=&#8221;full&#8221;][vc_single_image image=&#8221;35604&#8243; img_size=&#8221;full&#8221;]<\/div><\/div>\t\t\t<script type=\"text\/javascript\">\r\n\t\t\t\tjQuery(document).ready(function ($) {\r\n\t\t\t\t\tif( typeof jQuery('.ult-carousel-398110559169f14169883d3').slick == \"function\"){\r\n\t\t\t\t\t\t$('.ult-carousel-398110559169f14169883d3').slick({dots: false,autoplay: true,autoplaySpeed: 1000,speed: 1000,infinite: true,arrows: false,slidesToScroll:1,slidesToShow:5,swipe: true,draggable: true,touchMove: true,pauseOnHover: true,pauseOnFocus: false,responsive: [\r\n\t\t\t\t\t\t\t{\r\n\t\t\t\t\t\t\t  breakpoint: 1026,\r\n\t\t\t\t\t\t\t  settings: {\r\n\t\t\t\t\t\t\t\tslidesToShow: 5,\r\n\t\t\t\t\t\t\t\tslidesToScroll: 1,  \r\n\t\t\t\t\t\t\t  }\r\n\t\t\t\t\t\t\t},\r\n\t\t\t\t\t\t\t{\r\n\t\t\t\t\t\t\t  breakpoint: 1025,\r\n\t\t\t\t\t\t\t  settings: {\r\n\t\t\t\t\t\t\t\tslidesToShow: 3,\r\n\t\t\t\t\t\t\t\tslidesToScroll: 1\r\n\t\t\t\t\t\t\t  }\r\n\t\t\t\t\t\t\t},\r\n\t\t\t\t\t\t\t{\r\n\t\t\t\t\t\t\t  breakpoint: 760,\r\n\t\t\t\t\t\t\t  settings: {\r\n\t\t\t\t\t\t\t\tslidesToShow: 2,\r\n\t\t\t\t\t\t\t\tslidesToScroll: 1\r\n\t\t\t\t\t\t\t  }\r\n\t\t\t\t\t\t\t}\r\n\t\t\t\t\t\t],pauseOnDotsHover: true,customPaging: function(slider, i) {\r\n                   return '<i type=\"button\" style= \"color:#333333;\" class=\"ultsl-record\" data-role=\"none\"><\/i>';\r\n                },});\r\n\t\t\t\t\t}\r\n\t\t\t\t});\r\n\t\t\t<\/script>\r\n\t\t\t[\/vc_column_text][\/vc_column][\/vc_row][vc_row el_class=&#8221;txt-col mt-5 mb-3&#8243; css=&#8221;.vc_custom_1741277317410{margin-bottom: 0px !important;border-bottom-width: 0px !important;padding-bottom: 0px !important;}&#8221;][vc_column][vc_single_image image=&#8221;35680&#8243; img_size=&#8221;800X600&#8243; alignment=&#8221;center&#8221; style=&#8221;vc_box_outline&#8221;][\/vc_column][\/vc_row][vc_row el_class=&#8221;txt-col mt-5 mb-3&#8243; css=&#8221;.vc_custom_1741277336889{margin-top: 0px !important;margin-bottom: 0px !important;border-top-width: 0px !important;border-bottom-width: 0px !important;padding-top: 0px !important;padding-bottom: 0px !important;}&#8221;][vc_column][vc_column_text]\n<h3 style=\"color: #046a38; text-align: center;\">Un volo acrobatico nel complesso di cavallerizza<\/h3>\n[\/vc_column_text][vc_video link=&#8221;https:\/\/www.youtube.com\/watch?v=QNXnrvia75o&#8221; el_width=&#8221;70&#8243; align=&#8221;center&#8221;][\/vc_column][\/vc_row][vc_row el_class=&#8221;txt-col mt-5 mb-3&#8243; css=&#8221;.vc_custom_1741182005461{margin-bottom: 0px !important;border-bottom-width: 0px !important;padding-bottom: 0px !important;}&#8221;][vc_column][vc_column_text]\n<h3 class=\"title\" style=\"color: #046a38;\">La Trasformazione della Cavallerizza Reale<\/h3>\n[\/vc_column_text][\/vc_column][\/vc_row][vc_row css=&#8221;.vc_custom_1741182163899{margin-top: 0px !important;margin-bottom: 0px !important;border-top-width: 0px !important;border-bottom-width: 0px !important;padding-top: 0px !important;padding-bottom: 0px !important;}&#8221; el_class=&#8221;page-content&#8221;][vc_column][vc_column_text el_class=&#8221;text&#8221;]Ogni angolo della Cavallerizza Reale racconta una storia, e ogni storia \u00e8 destinata a rinnovarsi all\u2019interno del progetto che porta Torino a unire il meglio del passato con le sfide del futuro.[\/vc_column_text][\/vc_column][\/vc_row][vc_row el_class=&#8221;txt-col mt-5 mb-3&#8243; css=&#8221;.vc_custom_1741181608813{margin-top: 0px !important;margin-bottom: 0px !important;border-top-width: 0px !important;border-bottom-width: 0px !important;padding-top: 0px !important;padding-bottom: 0px !important;}&#8221;][vc_column][vc_column_text]\n<h3 style=\"color: #046a38; text-align: center;\">Manica del Mosca<\/h3>\n[\/vc_column_text][vc_column_text]<div class=\"as-styles-warning\" style=\"width: 450px; background-color: #FFF; color: #F00; border: 1px solid #F00; padding: 10px; font-size: 14px;\">\n\t\t\t<span style=\"font-weight: bold;\">Warning: The stylesheets were not loaded!<\/span> \n\t\t\tYou will need to change the <i>Load stylesheets<\/i> setting from <i>Automatically<\/i> to <i>On homepage<\/i> or <i>On all pages<\/i>. \n\t\t\tYou can set that <a style=\"text-decoration: underline; color: #F00;\" href=\"https:\/\/www.compagniadisanpaolo.it\/wp-admin\/admin.php?page=accordion-slider-settings\">here<\/a>.\n\t\t\t<\/div>\r\n<div id=\"accordion-slider-7\" class=\"accordion-slider as-no-js\" style=\"width: 1070px; height: 600px;\">\r\n\t<div class=\"as-panels\">\r\n\t\t\r\n\t\t<div class=\"as-panel\">\r\n\t\t\t<img loading=\"lazy\" decoding=\"async\" class=\"as-background\" src=\"https:\/\/www.compagniadisanpaolo.it\/wp-content\/uploads\/Corpo_delle_guardie_PRIMA.jpg\" width=\"300\" height=\"168\" \/>\r\n\t\t\t\r\n\t\t\t<p class=\"as-layer as-opened as-white as-padding\" data-horizontal=\"30\" data-width=\"300\" data-position=\"bottomLeft\" data-vertical=\"90\">La cosiddetta Manica del Mosca, che comprendeva anche le maniche delle Pagliere \u00e8 stata costruita come Grande Scuderia di Carlo Alberto, parte del complesso della Cavallerizza Reale. Si trattava di scuderie, maneggi e spazi destinati alla cura e all\u2019addestramento dei cavalli, svolgendo un ruolo chiave nelle attivit\u00e0 della corte sabauda. \n<\/p>\r\n\t\t\t<h3 class=\"as-layer as-always as-white as-padding\" data-horizontal=\"30\" data-position=\"bottomLeft\" data-vertical=\"30\">Prima<\/h3>\r\n\t\t<\/div>\r\n\t\t<div class=\"as-panel\">\r\n\t\t\t<img loading=\"lazy\" decoding=\"async\" class=\"as-background\" src=\"https:\/\/www.compagniadisanpaolo.it\/wp-content\/uploads\/Corpo_delle_guardie_DOPO.jpg\" width=\"300\" height=\"168\" \/>\r\n\t\t\t\r\n\t\t\t<p class=\"as-layer as-opened as-white as-padding\" data-horizontal=\"30\" data-width=\"300\" data-position=\"bottomLeft\" data-vertical=\"90\">A seguito dell\u2019attuale intervento di rifunzionalizzazione, la Manica del Mosca ospiter\u00e0, dal primo piano in su, la sede della Fondazione Compagnia di San Paolo. Lo spazio al piano terra sar\u00e0 invece un luogo aperto e accessibile a tutti, percorribile ed attraversabile. Consentir\u00e0 il collegamento tra il teatro Regio e via Rossini, tra via Verdi ed i Giardini Reali, anch\u2019essi aperti al pubblico. Gli spazi avranno destinazioni d\u2019uso varie, tutte a vocazione culturale ed alla valorizzazione del patrimonio cittadino.<\/p>\r\n\t\t\t<h3 class=\"as-layer as-always as-white as-padding\" data-horizontal=\"30\" data-position=\"bottomLeft\" data-vertical=\"30\">Dopo<\/h3>\r\n\t\t<\/div>\r\n\t<\/div>\r\n<\/div>[\/vc_column_text][\/vc_column][\/vc_row][vc_row el_class=&#8221;txt-col mt-5 mb-3&#8243; css=&#8221;.vc_custom_1741181608813{margin-top: 0px !important;margin-bottom: 0px !important;border-top-width: 0px !important;border-bottom-width: 0px !important;padding-top: 0px !important;padding-bottom: 0px !important;}&#8221;][vc_column][vc_column_text]\n<h3 style=\"color: #046a38; text-align: center;\">Le Pagliere<\/h3>\n[\/vc_column_text][vc_column_text]<div class=\"as-styles-warning\" style=\"width: 450px; background-color: #FFF; color: #F00; border: 1px solid #F00; padding: 10px; font-size: 14px;\">\n\t\t\t<span style=\"font-weight: bold;\">Warning: The stylesheets were not loaded!<\/span> \n\t\t\tYou will need to change the <i>Load stylesheets<\/i> setting from <i>Automatically<\/i> to <i>On homepage<\/i> or <i>On all pages<\/i>. \n\t\t\tYou can set that <a style=\"text-decoration: underline; color: #F00;\" href=\"https:\/\/www.compagniadisanpaolo.it\/wp-admin\/admin.php?page=accordion-slider-settings\">here<\/a>.\n\t\t\t<\/div>\r\n<div id=\"accordion-slider-1\" class=\"accordion-slider as-no-js\" style=\"width: 1070px; height: 600px;\">\r\n\t<div class=\"as-panels\">\r\n\t\t\r\n\t\t<div class=\"as-panel\">\r\n\t\t\t<img loading=\"lazy\" decoding=\"async\" class=\"as-background\" src=\"https:\/\/www.compagniadisanpaolo.it\/wp-content\/uploads\/pagliere_PRIMA.jpg\" width=\"300\" height=\"168\" \/>\r\n\t\t\t\r\n\t\t\t<p class=\"as-layer as-opened as-white as-padding\" data-horizontal=\"30\" data-width=\"300\" data-position=\"bottomLeft\" data-vertical=\"90\">In passato, le Pagliere erano destinate alla conservazione del foraggio per i cavalli, svolgendo una funzione fondamentale nell'ambito delle attivit\u00e0 equestre della Cavallerizza Reale.<\/p>\r\n\t\t\t<h3 class=\"as-layer as-always as-white as-padding\" data-horizontal=\"30\" data-position=\"bottomLeft\" data-vertical=\"30\">Prima<\/h3>\r\n\t\t<\/div>\r\n\t\t<div class=\"as-panel\">\r\n\t\t\t<img loading=\"lazy\" decoding=\"async\" class=\"as-background\" src=\"https:\/\/www.compagniadisanpaolo.it\/wp-content\/uploads\/Vista-esterna-Passaggio-Chiablese-dopo.jpg\" width=\"300\" height=\"168\" \/>\r\n\t\t\t\r\n\t\t\t<p class=\"as-layer as-opened as-white as-padding\" data-horizontal=\"30\" data-width=\"300\" data-position=\"bottomLeft\" data-vertical=\"90\">Oggi, queste strutture si trasformeranno in un vivace hub culturale, connesso ai Giardini Reali di Levante, che ospiter\u00e0 eventi, mostre e laboratori creativi, diventando un punto di riferimento per la comunit\u00e0 e arricchendo l'offerta culturale cittadina. <\/p>\r\n\t\t\t<h3 class=\"as-layer as-always as-white as-padding\" data-horizontal=\"30\" data-position=\"bottomLeft\" data-vertical=\"30\">Dopo<\/h3>\r\n\t\t<\/div>\r\n\t<\/div>\r\n<\/div>[\/vc_column_text][\/vc_column][\/vc_row][vc_row el_class=&#8221;txt-col mt-5 mb-3&#8243; css=&#8221;.vc_custom_1741181608813{margin-top: 0px !important;margin-bottom: 0px !important;border-top-width: 0px !important;border-bottom-width: 0px !important;padding-top: 0px !important;padding-bottom: 0px !important;}&#8221;][vc_column][vc_column_text]\n<h3 style=\"color: #046a38; text-align: center;\">Il Maneggio Alfieriano<\/h3>\n[\/vc_column_text][vc_column_text]<div class=\"as-styles-warning\" style=\"width: 450px; background-color: #FFF; color: #F00; border: 1px solid #F00; padding: 10px; font-size: 14px;\">\n\t\t\t<span style=\"font-weight: bold;\">Warning: The stylesheets were not loaded!<\/span> \n\t\t\tYou will need to change the <i>Load stylesheets<\/i> setting from <i>Automatically<\/i> to <i>On homepage<\/i> or <i>On all pages<\/i>. \n\t\t\tYou can set that <a style=\"text-decoration: underline; color: #F00;\" href=\"https:\/\/www.compagniadisanpaolo.it\/wp-admin\/admin.php?page=accordion-slider-settings\">here<\/a>.\n\t\t\t<\/div>\r\n<div id=\"accordion-slider-2\" class=\"accordion-slider as-no-js\" style=\"width: 1070px; height: 600px;\">\r\n\t<div class=\"as-panels\">\r\n\t\t\r\n\t\t<div class=\"as-panel\">\r\n\t\t\t<img loading=\"lazy\" decoding=\"async\" class=\"as-background\" src=\"https:\/\/www.compagniadisanpaolo.it\/wp-content\/uploads\/Maneggio_alfieriano_PRIMA-1.jpg\" width=\"300\" height=\"168\" \/>\r\n\t\t\t\r\n\t\t\t<p class=\"as-layer as-opened as-white as-padding\" data-horizontal=\"30\" data-width=\"300\" data-position=\"bottomLeft\" data-vertical=\"90\">Costruito nel XVIII secolo, il Maneggio Alfieriano era il cuore dell'addestramento equestre della nobilt\u00e0, un luogo di prestigio per esibizioni e attivit\u00e0 equestre d'\u00e9lite.<\/p>\r\n\t\t\t<h3 class=\"as-layer as-always as-white as-padding\" data-horizontal=\"30\" data-position=\"bottomLeft\" data-vertical=\"30\">Prima<\/h3>\r\n\t\t<\/div>\r\n\t\t<div class=\"as-panel\">\r\n\t\t\t<img loading=\"lazy\" decoding=\"async\" class=\"as-background\" src=\"https:\/\/www.compagniadisanpaolo.it\/wp-content\/uploads\/TEATRO-DOPO.jpg\" width=\"300\" height=\"168\" \/>\r\n\t\t\t\r\n\t\t\t<p class=\"as-layer as-opened as-white as-padding\" data-horizontal=\"30\" data-width=\"300\" data-position=\"bottomLeft\" data-vertical=\"90\">Di propriet\u00e0 della Citt\u00e0 di Torino, questo spazio diventer\u00e0 un centro culturale polivalente, pronto ad accogliere concerti, spettacoli, mostre e conferenze, trasformandosi in un luogo dinamico e inclusivo che attrarr\u00e0 un pubblico ampio e variegato.<\/p>\r\n\t\t\t<h3 class=\"as-layer as-always as-white as-padding\" data-horizontal=\"30\" data-position=\"bottomLeft\" data-vertical=\"30\">Dopo<\/h3>\r\n\t\t<\/div>\r\n\t<\/div>\r\n<\/div>[\/vc_column_text][\/vc_column][\/vc_row][vc_row el_class=&#8221;txt-col mt-5 mb-3&#8243; css=&#8221;.vc_custom_1741181608813{margin-top: 0px !important;margin-bottom: 0px !important;border-top-width: 0px !important;border-bottom-width: 0px !important;padding-top: 0px !important;padding-bottom: 0px !important;}&#8221;][vc_column][vc_column_text]\n<h3 style=\"color: #046a38; text-align: center;\">Il Corpo delle Guardie<\/h3>\n[\/vc_column_text][vc_column_text]<div class=\"as-styles-warning\" style=\"width: 450px; background-color: #FFF; color: #F00; border: 1px solid #F00; padding: 10px; font-size: 14px;\">\n\t\t\t<span style=\"font-weight: bold;\">Warning: The stylesheets were not loaded!<\/span> \n\t\t\tYou will need to change the <i>Load stylesheets<\/i> setting from <i>Automatically<\/i> to <i>On homepage<\/i> or <i>On all pages<\/i>. \n\t\t\tYou can set that <a style=\"text-decoration: underline; color: #F00;\" href=\"https:\/\/www.compagniadisanpaolo.it\/wp-admin\/admin.php?page=accordion-slider-settings\">here<\/a>.\n\t\t\t<\/div>\r\n<div id=\"accordion-slider-3\" class=\"accordion-slider as-no-js\" style=\"width: 1070px; height: 600px;\">\r\n\t<div class=\"as-panels\">\r\n\t\t\r\n\t\t<div class=\"as-panel\">\r\n\t\t\t<img loading=\"lazy\" decoding=\"async\" class=\"as-background\" src=\"https:\/\/www.compagniadisanpaolo.it\/wp-content\/uploads\/CORPO-DELLE-GUARDIE-PRIMA.jpg\" width=\"300\" height=\"168\" \/>\r\n\t\t\t\r\n\t\t\t<p class=\"as-layer as-opened as-white as-padding\" data-horizontal=\"30\" data-width=\"300\" data-position=\"bottomLeft\" data-vertical=\"90\">Il Corpo delle Guardie era un\u2019area di controllo e sorveglianza, sede del personale preposto alla protezione della Cavallerizza Reale, con una posizione strategica per monitorare l\u2019ingresso e garantire la sicurezza.<\/p>\r\n\t\t\t<h3 class=\"as-layer as-always as-white as-padding\" data-horizontal=\"30\" data-position=\"bottomLeft\" data-vertical=\"30\">Prima<\/h3>\r\n\t\t<\/div>\r\n\t\t<div class=\"as-panel\">\r\n\t\t\t<img loading=\"lazy\" decoding=\"async\" class=\"as-background\" src=\"https:\/\/www.compagniadisanpaolo.it\/wp-content\/uploads\/CORPO-DELLE-GUARDIE-DOPO.jpg\" width=\"300\" height=\"168\" \/>\r\n\t\t\t\r\n\t\t\t<p class=\"as-layer as-opened as-white as-padding\" data-horizontal=\"30\" data-width=\"300\" data-position=\"bottomLeft\" data-vertical=\"90\">Trasformato in un \u201cResearch Node\u201d dall'Universit\u00e0 di Torino, questo spazio ospiter\u00e0 laboratori, coworking e conferenze, promuovendo la creativit\u00e0 e l'innovazione nel campo delle arti e della cultura, creando un ambiente stimolante per la ricerca e lo scambio di idee. <\/p>\r\n\t\t\t<h3 class=\"as-layer as-always as-white as-padding\" data-horizontal=\"30\" data-position=\"bottomLeft\" data-vertical=\"30\">Dopo<\/h3>\r\n\t\t<\/div>\r\n\t<\/div>\r\n<\/div>[\/vc_column_text][\/vc_column][\/vc_row][vc_row el_class=&#8221;txt-col mt-5 mb-3&#8243; css=&#8221;.vc_custom_1741181608813{margin-top: 0px !important;margin-bottom: 0px !important;border-top-width: 0px !important;border-bottom-width: 0px !important;padding-top: 0px !important;padding-bottom: 0px !important;}&#8221;][vc_column][vc_column_text]\n<h3 style=\"color: #046a38; text-align: center;\">Il Polo delle Arti<\/h3>\n[\/vc_column_text][vc_column_text]<div class=\"as-styles-warning\" style=\"width: 450px; background-color: #FFF; color: #F00; border: 1px solid #F00; padding: 10px; font-size: 14px;\">\n\t\t\t<span style=\"font-weight: bold;\">Warning: The stylesheets were not loaded!<\/span> \n\t\t\tYou will need to change the <i>Load stylesheets<\/i> setting from <i>Automatically<\/i> to <i>On homepage<\/i> or <i>On all pages<\/i>. \n\t\t\tYou can set that <a style=\"text-decoration: underline; color: #F00;\" href=\"https:\/\/www.compagniadisanpaolo.it\/wp-admin\/admin.php?page=accordion-slider-settings\">here<\/a>.\n\t\t\t<\/div>\r\n<div id=\"accordion-slider-4\" class=\"accordion-slider as-no-js\" style=\"width: 1070px; height: 450px;\">\r\n\t<div class=\"as-panels\">\r\n\t\t\r\n\t\t<div class=\"as-panel\">\r\n\t\t\t<img loading=\"lazy\" decoding=\"async\" class=\"as-background\" src=\"https:\/\/www.compagniadisanpaolo.it\/wp-content\/uploads\/polo_delle_arti_PRIMA-1.jpg\" width=\"300\" height=\"126\" \/>\r\n\t\t\t\r\n\t\t\t<p class=\"as-layer as-opened as-white as-padding\" data-horizontal=\"30\" data-width=\"300\" data-position=\"bottomLeft\" data-vertical=\"90\">Originariamente utilizzato per supportare le attivit\u00e0 militari e di addestramento, questo spazio non aveva una vocazione artistica specifica.<\/p>\r\n\t\t\t<h3 class=\"as-layer as-always as-white as-padding\" data-horizontal=\"30\" data-position=\"bottomLeft\" data-vertical=\"30\">Prima<\/h3>\r\n\t\t<\/div>\r\n\t\t<div class=\"as-panel\">\r\n\t\t\t<img loading=\"lazy\" decoding=\"async\" class=\"as-background\" src=\"https:\/\/www.compagniadisanpaolo.it\/wp-content\/uploads\/polo_delle_arti_DOPO-1.jpg\" width=\"300\" height=\"126\" \/>\r\n\t\t\t\r\n\t\t\t<p class=\"as-layer as-opened as-white as-padding\" data-horizontal=\"30\" data-width=\"300\" data-position=\"bottomLeft\" data-vertical=\"90\">Diventer\u00e0 il centro di eccellenza per la formazione artistica interdisciplinare, grazie alla collaborazione tra l'Accademia Albertina di Belle Arti, il Conservatorio Giuseppe Verdi di Torino e la Fondazione Collegio Einaudi, offrendo corsi e laboratori innovativi per giovani talenti internazionali nel campo delle arti visive e musicali. <\/p>\r\n\t\t\t<h3 class=\"as-layer as-always as-white as-padding\" data-horizontal=\"30\" data-position=\"bottomLeft\" data-vertical=\"30\">Dopo<\/h3>\r\n\t\t<\/div>\r\n\t<\/div>\r\n<\/div>[\/vc_column_text][\/vc_column][\/vc_row][vc_row el_class=&#8221;txt-col mt-5 mb-3&#8243; css=&#8221;.vc_custom_1741181608813{margin-top: 0px !important;margin-bottom: 0px !important;border-top-width: 0px !important;border-bottom-width: 0px !important;padding-top: 0px !important;padding-bottom: 0px !important;}&#8221;][vc_column][vc_column_text]\n<h3 style=\"color: #046a38; text-align: center;\">L\u2019Accademia Militare \u2013 CDP<\/h3>\n[\/vc_column_text][vc_column_text]<div class=\"as-styles-warning\" style=\"width: 450px; background-color: #FFF; color: #F00; border: 1px solid #F00; padding: 10px; font-size: 14px;\">\n\t\t\t<span style=\"font-weight: bold;\">Warning: The stylesheets were not loaded!<\/span> \n\t\t\tYou will need to change the <i>Load stylesheets<\/i> setting from <i>Automatically<\/i> to <i>On homepage<\/i> or <i>On all pages<\/i>. \n\t\t\tYou can set that <a style=\"text-decoration: underline; color: #F00;\" href=\"https:\/\/www.compagniadisanpaolo.it\/wp-admin\/admin.php?page=accordion-slider-settings\">here<\/a>.\n\t\t\t<\/div>\r\n<div id=\"accordion-slider-6\" class=\"accordion-slider as-no-js\" style=\"width: 1070px; height: 600px;\">\r\n\t<div class=\"as-panels\">\r\n\t\t\r\n\t\t<div class=\"as-panel\">\r\n\t\t\t<img loading=\"lazy\" decoding=\"async\" class=\"as-background\" src=\"https:\/\/www.compagniadisanpaolo.it\/wp-content\/uploads\/Accademia_PRIMA.jpg\" width=\"300\" height=\"168\" \/>\r\n\t\t\t\r\n\t\t\t<p class=\"as-layer as-opened as-white as-padding\" data-horizontal=\"30\" data-width=\"300\" data-position=\"bottomLeft\" data-vertical=\"90\">Fondata nel XVIII secolo, l'Accademia Militare era un rinomato istituto di formazione per gli ufficiali dell\u2019esercito sabaudo, simbolo di prestigio e preparazione militare.<\/p>\r\n\t\t\t<h3 class=\"as-layer as-always as-white as-padding\" data-horizontal=\"30\" data-position=\"bottomLeft\" data-vertical=\"30\">Prima<\/h3>\r\n\t\t<\/div>\r\n\t\t<div class=\"as-panel\">\r\n\t\t\t<img loading=\"lazy\" decoding=\"async\" class=\"as-background\" src=\"https:\/\/www.compagniadisanpaolo.it\/wp-content\/uploads\/Accademia_DOPO.jpg\" width=\"300\" height=\"168\" \/>\r\n\t\t\t\r\n\t\t\t<p class=\"as-layer as-opened as-white as-padding\" data-horizontal=\"30\" data-width=\"300\" data-position=\"bottomLeft\" data-vertical=\"90\">Di propriet\u00e0 Cassa Depositi e prestiti (CDP Real Asset), gli edifici dell'ex Accademia saranno trasformati in una struttura ricettiva di livello internazionale, offrendo un'esperienza di ospitalit\u00e0 unica nel cuore di Torino, contribuendo cos\u00ec allo sviluppo economico e culturale della citt\u00e0.<\/p>\r\n\t\t\t<h3 class=\"as-layer as-always as-white as-padding\" data-horizontal=\"30\" data-position=\"bottomLeft\" data-vertical=\"30\">Dopo<\/h3>\r\n\t\t<\/div>\r\n\t<\/div>\r\n<\/div>[\/vc_column_text][\/vc_column][\/vc_row][vc_row disable_element=&#8221;yes&#8221; el_class=&#8221;txt-col mt-5 mb-3&#8243; css=&#8221;.vc_custom_1741360731575{margin-top: 0px !important;margin-bottom: 0px !important;border-top-width: 0px !important;border-bottom-width: 0px !important;padding-top: 0px !important;padding-bottom: 0px !important;}&#8221;][vc_column][vc_column_text]\n<h3 style=\"color: #046a38; text-align: center;\">I Giardini Reali<\/h3>\n[\/vc_column_text][vc_column_text]<div class=\"as-styles-warning\" style=\"width: 450px; background-color: #FFF; color: #F00; border: 1px solid #F00; padding: 10px; font-size: 14px;\">\n\t\t\t<span style=\"font-weight: bold;\">Warning: The stylesheets were not loaded!<\/span> \n\t\t\tYou will need to change the <i>Load stylesheets<\/i> setting from <i>Automatically<\/i> to <i>On homepage<\/i> or <i>On all pages<\/i>. \n\t\t\tYou can set that <a style=\"text-decoration: underline; color: #F00;\" href=\"https:\/\/www.compagniadisanpaolo.it\/wp-admin\/admin.php?page=accordion-slider-settings\">here<\/a>.\n\t\t\t<\/div>\r\n<div id=\"accordion-slider-5\" class=\"accordion-slider as-no-js\" style=\"width: 1070px; height: 438px;\">\r\n\t<div class=\"as-panels\">\r\n\t\t\r\n\t\t<div class=\"as-panel\">\r\n\t\t\t<img loading=\"lazy\" decoding=\"async\" class=\"as-background\" src=\"https:\/\/www.compagniadisanpaolo.it\/wp-content\/uploads\/foto01.jpg\" width=\"300\" height=\"123\" \/>\r\n\t\t\t\r\n\t\t\t<p class=\"as-layer as-opened as-white as-padding\" data-horizontal=\"30\" data-width=\"300\" data-position=\"bottomLeft\" data-vertical=\"90\">I Giardini Reali, creati nel XVII secolo, erano un esclusivo spazio verde destinato alla corte sabauda, rappresentando un\u2019oasi di tranquillit\u00e0 nel cuore della citt\u00e0.<\/p>\r\n\t\t\t<h3 class=\"as-layer as-always as-white as-padding\" data-horizontal=\"30\" data-position=\"bottomLeft\" data-vertical=\"30\">Prima<\/h3>\r\n\t\t<\/div>\r\n\t\t<div class=\"as-panel\">\r\n\t\t\t<img loading=\"lazy\" decoding=\"async\" class=\"as-background\" src=\"https:\/\/www.compagniadisanpaolo.it\/wp-content\/uploads\/foto02.jpg\" width=\"300\" height=\"123\" \/>\r\n\t\t\t\r\n\t\t\t<p class=\"as-layer as-opened as-white as-padding\" data-horizontal=\"30\" data-width=\"300\" data-position=\"bottomLeft\" data-vertical=\"90\">Grazie a un progetto di riqualificazione, questi giardini saranno aperti al pubblico con una nuova accessibilit\u00e0, comprendendo il restauro delle Serre Reali e una valorizzazione delle aree archeologiche, restituendo alla citt\u00e0 un patrimonio di enorme valore culturale. <\/p>\r\n\t\t\t<h3 class=\"as-layer as-always as-white as-padding\" data-horizontal=\"30\" data-position=\"bottomLeft\" data-vertical=\"30\">Dopo<\/h3>\r\n\t\t<\/div>\r\n\t<\/div>\r\n<\/div>[\/vc_column_text][\/vc_column][\/vc_row][vc_row el_class=&#8221;txt-col mt-5 mb-3&#8243; css=&#8221;.vc_custom_1741182005461{margin-bottom: 0px !important;border-bottom-width: 0px !important;padding-bottom: 0px !important;}&#8221;][vc_column][vc_column_text]\n<h3 class=\"title\" style=\"color: #046a38;\">Un cantiere pensato per coinvolgere<\/h3>\n[\/vc_column_text][\/vc_column][\/vc_row][vc_row css=&#8221;.vc_custom_1741182163899{margin-top: 0px !important;margin-bottom: 0px !important;border-top-width: 0px !important;border-bottom-width: 0px !important;padding-top: 0px !important;padding-bottom: 0px !important;}&#8221; el_class=&#8221;page-content&#8221;][vc_column][vc_column_text el_class=&#8221;text&#8221;]Sin dalla data di acquisizione l\u2019obiettivo della Compagnia di San Paolo \u00e8 stato quello di riavvicinare la comunit\u00e0 alla Cavallerizza riaprendo, nel rispetto della sicurezza, quanta maggiore superficie possibile, ospitando attivit\u00e0 a vocazione culturale ed anticipando le funzioni future del complesso.[\/vc_column_text][\/vc_column][\/vc_row][vc_row css=&#8221;.vc_custom_1741182163899{margin-top: 0px !important;margin-bottom: 0px !important;border-top-width: 0px !important;border-bottom-width: 0px !important;padding-top: 0px !important;padding-bottom: 0px !important;}&#8221; el_class=&#8221;page-content&#8221;][vc_column][vc_media_grid element_width=&#8221;2&#8243; gap=&#8221;25&#8243; grid_id=&#8221;vc_gid:1773131792992-06fd0835-1f2d-7&#8243; include=&#8221;35636,35638,35640,35642,35644,35646,35648,35650,35652,35654,35656,35658,35660,35662,35664,35706,35708&#8243;][\/vc_column][\/vc_row][vc_row css=&#8221;.vc_custom_1741182163899{margin-top: 0px !important;margin-bottom: 0px !important;border-top-width: 0px !important;border-bottom-width: 0px !important;padding-top: 0px !important;padding-bottom: 0px !important;}&#8221; el_class=&#8221;page-content&#8221;][vc_column][vc_media_grid element_width=&#8221;2&#8243; gap=&#8221;25&#8243; css=&#8221;&#8221; grid_id=&#8221;vc_gid:1773131792994-a007c387-0d20-4&#8243; include=&#8221;38465,38467,38469,38471,38473,38475,38477,38479,38481,38483,38485,38487,38489,38491,38493,38495,38497,38499,38501&#8243;][\/vc_column][\/vc_row][vc_row css=&#8221;.vc_custom_1741182163899{margin-top: 0px !important;margin-bottom: 0px !important;border-top-width: 0px !important;border-bottom-width: 0px !important;padding-top: 0px !important;padding-bottom: 0px !important;}&#8221; el_class=&#8221;page-content&#8221;][vc_column][vc_media_grid element_width=&#8221;2&#8243; gap=&#8221;25&#8243; css=&#8221;&#8221; grid_id=&#8221;vc_gid:1773131792996-7f02f747-a446-7&#8243; include=&#8221;39572,39570,39568,39566,39564,39562,39560,39546,39548,39550,39552,39554,39556,39558,39544,39542,39540,39537,39535,39533&#8243;][\/vc_column][\/vc_row][vc_row el_class=&#8221;sdg-list-wrap&#8221;][vc_column][vc_column_text el_class=&#8221;sdg-intro&#8221;]\n<h3 class=\"title\">Questo progetto contribuisce al raggiungimento dei seguenti Obiettivi di Sviluppo Sostenibile<\/h3>\n[\/vc_column_text][vc_raw_html el_class=&#8221;sdg_custom&#8221;]JTVCbW9zdHJhU0RHUyU1RA==[\/vc_raw_html][\/vc_column][\/vc_row][vc_row disable_element=&#8221;yes&#8221;][vc_column][vc_raw_html]JTVCU2V6aW9uZV9Eb2N1bWVudGklNUQ=[\/vc_raw_html][\/vc_column][\/vc_row][vc_row disable_element=&#8221;yes&#8221;][vc_column][vc_raw_html]JTVCZGlzZWduYV9jb3JyZWxhdGklNUQ=[\/vc_raw_html][\/vc_column][\/vc_row][\/vc_section]\n<\/div>","protected":false},"featured_media":35794,"menu_order":0,"template":"","meta":{"_acf_changed":false,"content-type":""},"tags":[],"class_list":["post-33952","progetti","type-progetti","status-publish","has-post-thumbnail","hentry","entry","post-inner"],"acf":[],"yoast_head":"<!-- This site is optimized with the Yoast SEO plugin v27.3 - https:\/\/yoast.com\/product\/yoast-seo-wordpress\/ -->\n<title>Cavallerizza Reale - Fondazione Compagnia di San Paolo<\/title>\n<meta name=\"description\" content=\"Pensare alla salute in termini di benessere e di qualit\u00e0 di vita permette di considerare la cultura come elemento chiave per raggiungerla.\" \/>\n<meta name=\"robots\" content=\"index, follow, max-snippet:-1, max-image-preview:large, max-video-preview:-1\" \/>\n<link rel=\"canonical\" href=\"https:\/\/www.compagniadisanpaolo.it\/it\/progetti\/cavallerizza-reale\/\" \/>\n<meta property=\"og:locale\" content=\"it_IT\" \/>\n<meta property=\"og:type\" content=\"article\" \/>\n<meta property=\"og:title\" content=\"Cavallerizza Reale - Fondazione Compagnia di San Paolo\" \/>\n<meta property=\"og:description\" content=\"Pensare alla salute in termini di benessere e di qualit\u00e0 di vita permette di considerare la cultura come elemento chiave per raggiungerla.\" \/>\n<meta property=\"og:url\" content=\"https:\/\/www.compagniadisanpaolo.it\/it\/progetti\/cavallerizza-reale\/\" \/>\n<meta property=\"og:site_name\" content=\"Fondazione Compagnia di San Paolo\" \/>\n<meta property=\"article:publisher\" content=\"https:\/\/www.facebook.com\/CompagniaDiSanPaolo\" \/>\n<meta property=\"article:modified_time\" content=\"2026-03-10T11:36:37+00:00\" \/>\n<meta property=\"og:image\" content=\"https:\/\/www.compagniadisanpaolo.it\/wp-content\/uploads\/CSP_CAV-815x350-1.jpg\" \/>\n\t<meta property=\"og:image:width\" content=\"1630\" \/>\n\t<meta property=\"og:image:height\" content=\"700\" \/>\n\t<meta property=\"og:image:type\" content=\"image\/jpeg\" \/>\n<meta name=\"twitter:card\" content=\"summary_large_image\" \/>\n<meta name=\"twitter:site\" content=\"@CSP_live\" \/>\n<meta name=\"twitter:label1\" content=\"Tempo di lettura stimato\" \/>\n\t<meta name=\"twitter:data1\" content=\"29 minuti\" \/>\n<script type=\"application\/ld+json\" class=\"yoast-schema-graph\">{\"@context\":\"https:\\\/\\\/schema.org\",\"@graph\":[{\"@type\":\"WebPage\",\"@id\":\"https:\\\/\\\/www.compagniadisanpaolo.it\\\/it\\\/progetti\\\/cavallerizza-reale\\\/\",\"url\":\"https:\\\/\\\/www.compagniadisanpaolo.it\\\/it\\\/progetti\\\/cavallerizza-reale\\\/\",\"name\":\"Cavallerizza Reale - Fondazione Compagnia di San Paolo\",\"isPartOf\":{\"@id\":\"https:\\\/\\\/www.compagniadisanpaolo.it\\\/it\\\/#website\"},\"primaryImageOfPage\":{\"@id\":\"https:\\\/\\\/www.compagniadisanpaolo.it\\\/it\\\/progetti\\\/cavallerizza-reale\\\/#primaryimage\"},\"image\":{\"@id\":\"https:\\\/\\\/www.compagniadisanpaolo.it\\\/it\\\/progetti\\\/cavallerizza-reale\\\/#primaryimage\"},\"thumbnailUrl\":\"https:\\\/\\\/www.compagniadisanpaolo.it\\\/wp-content\\\/uploads\\\/CSP_CAV-815x350-1.jpg\",\"datePublished\":\"2025-03-10T15:23:34+00:00\",\"dateModified\":\"2026-03-10T11:36:37+00:00\",\"description\":\"Pensare alla salute in termini di benessere e di qualit\u00e0 di vita permette di considerare la cultura come elemento chiave per raggiungerla.\",\"breadcrumb\":{\"@id\":\"https:\\\/\\\/www.compagniadisanpaolo.it\\\/it\\\/progetti\\\/cavallerizza-reale\\\/#breadcrumb\"},\"inLanguage\":\"it-IT\",\"potentialAction\":[{\"@type\":\"ReadAction\",\"target\":[\"https:\\\/\\\/www.compagniadisanpaolo.it\\\/it\\\/progetti\\\/cavallerizza-reale\\\/\"]}]},{\"@type\":\"ImageObject\",\"inLanguage\":\"it-IT\",\"@id\":\"https:\\\/\\\/www.compagniadisanpaolo.it\\\/it\\\/progetti\\\/cavallerizza-reale\\\/#primaryimage\",\"url\":\"https:\\\/\\\/www.compagniadisanpaolo.it\\\/wp-content\\\/uploads\\\/CSP_CAV-815x350-1.jpg\",\"contentUrl\":\"https:\\\/\\\/www.compagniadisanpaolo.it\\\/wp-content\\\/uploads\\\/CSP_CAV-815x350-1.jpg\",\"width\":1630,\"height\":700},{\"@type\":\"BreadcrumbList\",\"@id\":\"https:\\\/\\\/www.compagniadisanpaolo.it\\\/it\\\/progetti\\\/cavallerizza-reale\\\/#breadcrumb\",\"itemListElement\":[{\"@type\":\"ListItem\",\"position\":1,\"name\":\"Home\",\"item\":\"https:\\\/\\\/www.compagniadisanpaolo.it\\\/it\\\/\"},{\"@type\":\"ListItem\",\"position\":2,\"name\":\"Cavallerizza Reale\"}]},{\"@type\":\"WebSite\",\"@id\":\"https:\\\/\\\/www.compagniadisanpaolo.it\\\/it\\\/#website\",\"url\":\"https:\\\/\\\/www.compagniadisanpaolo.it\\\/it\\\/\",\"name\":\"Fondazione Compagnia di San Paolo\",\"description\":\"\",\"publisher\":{\"@id\":\"https:\\\/\\\/www.compagniadisanpaolo.it\\\/it\\\/#organization\"},\"potentialAction\":[{\"@type\":\"SearchAction\",\"target\":{\"@type\":\"EntryPoint\",\"urlTemplate\":\"https:\\\/\\\/www.compagniadisanpaolo.it\\\/it\\\/?s={search_term_string}\"},\"query-input\":{\"@type\":\"PropertyValueSpecification\",\"valueRequired\":true,\"valueName\":\"search_term_string\"}}],\"inLanguage\":\"it-IT\"},{\"@type\":\"Organization\",\"@id\":\"https:\\\/\\\/www.compagniadisanpaolo.it\\\/it\\\/#organization\",\"name\":\"Fondazione Compagnia di San Paolo\",\"url\":\"https:\\\/\\\/www.compagniadisanpaolo.it\\\/it\\\/\",\"logo\":{\"@type\":\"ImageObject\",\"inLanguage\":\"it-IT\",\"@id\":\"https:\\\/\\\/www.compagniadisanpaolo.it\\\/it\\\/#\\\/schema\\\/logo\\\/image\\\/\",\"url\":\"https:\\\/\\\/www.compagniadisanpaolo.it\\\/wp-content\\\/uploads\\\/logo.svg\",\"contentUrl\":\"https:\\\/\\\/www.compagniadisanpaolo.it\\\/wp-content\\\/uploads\\\/logo.svg\",\"width\":769,\"height\":323,\"caption\":\"Fondazione Compagnia di San Paolo\"},\"image\":{\"@id\":\"https:\\\/\\\/www.compagniadisanpaolo.it\\\/it\\\/#\\\/schema\\\/logo\\\/image\\\/\"},\"sameAs\":[\"https:\\\/\\\/www.facebook.com\\\/CompagniaDiSanPaolo\",\"https:\\\/\\\/x.com\\\/CSP_live\",\"http:\\\/\\\/instagram.com\\\/compagniadisanpaolo?ref=badge\",\"https:\\\/\\\/www.linkedin.com\\\/company\\\/compagnia-di-san-paolo\",\"https:\\\/\\\/www.youtube.com\\\/user\\\/compagniadisanpaolo\",\"https:\\\/\\\/it.wikipedia.org\\\/wiki\\\/Compagnia_di_San_Paolo\"]}]}<\/script>\n<!-- \/ Yoast SEO plugin. -->","yoast_head_json":{"title":"Cavallerizza Reale - Fondazione Compagnia di San Paolo","description":"Pensare alla salute in termini di benessere e di qualit\u00e0 di vita permette di considerare la cultura come elemento chiave per raggiungerla.","robots":{"index":"index","follow":"follow","max-snippet":"max-snippet:-1","max-image-preview":"max-image-preview:large","max-video-preview":"max-video-preview:-1"},"canonical":"https:\/\/www.compagniadisanpaolo.it\/it\/progetti\/cavallerizza-reale\/","og_locale":"it_IT","og_type":"article","og_title":"Cavallerizza Reale - Fondazione Compagnia di San Paolo","og_description":"Pensare alla salute in termini di benessere e di qualit\u00e0 di vita permette di considerare la cultura come elemento chiave per raggiungerla.","og_url":"https:\/\/www.compagniadisanpaolo.it\/it\/progetti\/cavallerizza-reale\/","og_site_name":"Fondazione Compagnia di San Paolo","article_publisher":"https:\/\/www.facebook.com\/CompagniaDiSanPaolo","article_modified_time":"2026-03-10T11:36:37+00:00","og_image":[{"width":1630,"height":700,"url":"https:\/\/www.compagniadisanpaolo.it\/wp-content\/uploads\/CSP_CAV-815x350-1.jpg","type":"image\/jpeg"}],"twitter_card":"summary_large_image","twitter_site":"@CSP_live","twitter_misc":{"Tempo di lettura stimato":"29 minuti"},"schema":{"@context":"https:\/\/schema.org","@graph":[{"@type":"WebPage","@id":"https:\/\/www.compagniadisanpaolo.it\/it\/progetti\/cavallerizza-reale\/","url":"https:\/\/www.compagniadisanpaolo.it\/it\/progetti\/cavallerizza-reale\/","name":"Cavallerizza Reale - Fondazione Compagnia di San Paolo","isPartOf":{"@id":"https:\/\/www.compagniadisanpaolo.it\/it\/#website"},"primaryImageOfPage":{"@id":"https:\/\/www.compagniadisanpaolo.it\/it\/progetti\/cavallerizza-reale\/#primaryimage"},"image":{"@id":"https:\/\/www.compagniadisanpaolo.it\/it\/progetti\/cavallerizza-reale\/#primaryimage"},"thumbnailUrl":"https:\/\/www.compagniadisanpaolo.it\/wp-content\/uploads\/CSP_CAV-815x350-1.jpg","datePublished":"2025-03-10T15:23:34+00:00","dateModified":"2026-03-10T11:36:37+00:00","description":"Pensare alla salute in termini di benessere e di qualit\u00e0 di vita permette di considerare la cultura come elemento chiave per raggiungerla.","breadcrumb":{"@id":"https:\/\/www.compagniadisanpaolo.it\/it\/progetti\/cavallerizza-reale\/#breadcrumb"},"inLanguage":"it-IT","potentialAction":[{"@type":"ReadAction","target":["https:\/\/www.compagniadisanpaolo.it\/it\/progetti\/cavallerizza-reale\/"]}]},{"@type":"ImageObject","inLanguage":"it-IT","@id":"https:\/\/www.compagniadisanpaolo.it\/it\/progetti\/cavallerizza-reale\/#primaryimage","url":"https:\/\/www.compagniadisanpaolo.it\/wp-content\/uploads\/CSP_CAV-815x350-1.jpg","contentUrl":"https:\/\/www.compagniadisanpaolo.it\/wp-content\/uploads\/CSP_CAV-815x350-1.jpg","width":1630,"height":700},{"@type":"BreadcrumbList","@id":"https:\/\/www.compagniadisanpaolo.it\/it\/progetti\/cavallerizza-reale\/#breadcrumb","itemListElement":[{"@type":"ListItem","position":1,"name":"Home","item":"https:\/\/www.compagniadisanpaolo.it\/it\/"},{"@type":"ListItem","position":2,"name":"Cavallerizza Reale"}]},{"@type":"WebSite","@id":"https:\/\/www.compagniadisanpaolo.it\/it\/#website","url":"https:\/\/www.compagniadisanpaolo.it\/it\/","name":"Fondazione Compagnia di San Paolo","description":"","publisher":{"@id":"https:\/\/www.compagniadisanpaolo.it\/it\/#organization"},"potentialAction":[{"@type":"SearchAction","target":{"@type":"EntryPoint","urlTemplate":"https:\/\/www.compagniadisanpaolo.it\/it\/?s={search_term_string}"},"query-input":{"@type":"PropertyValueSpecification","valueRequired":true,"valueName":"search_term_string"}}],"inLanguage":"it-IT"},{"@type":"Organization","@id":"https:\/\/www.compagniadisanpaolo.it\/it\/#organization","name":"Fondazione Compagnia di San Paolo","url":"https:\/\/www.compagniadisanpaolo.it\/it\/","logo":{"@type":"ImageObject","inLanguage":"it-IT","@id":"https:\/\/www.compagniadisanpaolo.it\/it\/#\/schema\/logo\/image\/","url":"https:\/\/www.compagniadisanpaolo.it\/wp-content\/uploads\/logo.svg","contentUrl":"https:\/\/www.compagniadisanpaolo.it\/wp-content\/uploads\/logo.svg","width":769,"height":323,"caption":"Fondazione Compagnia di San Paolo"},"image":{"@id":"https:\/\/www.compagniadisanpaolo.it\/it\/#\/schema\/logo\/image\/"},"sameAs":["https:\/\/www.facebook.com\/CompagniaDiSanPaolo","https:\/\/x.com\/CSP_live","http:\/\/instagram.com\/compagniadisanpaolo?ref=badge","https:\/\/www.linkedin.com\/company\/compagnia-di-san-paolo","https:\/\/www.youtube.com\/user\/compagniadisanpaolo","https:\/\/it.wikipedia.org\/wiki\/Compagnia_di_San_Paolo"]}]}},"_links":{"self":[{"href":"https:\/\/www.compagniadisanpaolo.it\/it\/wp-json\/wp\/v2\/progetti\/33952","targetHints":{"allow":["GET"]}}],"collection":[{"href":"https:\/\/www.compagniadisanpaolo.it\/it\/wp-json\/wp\/v2\/progetti"}],"about":[{"href":"https:\/\/www.compagniadisanpaolo.it\/it\/wp-json\/wp\/v2\/types\/progetti"}],"wp:featuredmedia":[{"embeddable":true,"href":"https:\/\/www.compagniadisanpaolo.it\/it\/wp-json\/wp\/v2\/media\/35794"}],"wp:attachment":[{"href":"https:\/\/www.compagniadisanpaolo.it\/it\/wp-json\/wp\/v2\/media?parent=33952"}],"wp:term":[{"taxonomy":"post_tag","embeddable":true,"href":"https:\/\/www.compagniadisanpaolo.it\/it\/wp-json\/wp\/v2\/tags?post=33952"}],"curies":[{"name":"wp","href":"https:\/\/api.w.org\/{rel}","templated":true}]}}