{"id":26769,"date":"2024-01-18T14:30:22","date_gmt":"2024-01-18T13:30:22","guid":{"rendered":"https:\/\/www.compagniadisanpaolo.it\/?post_type=progetti&#038;p=26769"},"modified":"2025-11-26T08:53:16","modified_gmt":"2025-11-26T07:53:16","slug":"la-strategia-education-del-gruppo-fondazione-compagnia-di-san-paolo","status":"publish","type":"progetti","link":"https:\/\/www.compagniadisanpaolo.it\/it\/progetti\/la-strategia-education-del-gruppo-fondazione-compagnia-di-san-paolo\/","title":{"rendered":"La Strategia Education del Gruppo Fondazione Compagnia di San Paolo"},"content":{"rendered":"<div class=\"wpb-content-wrapper\">[vc_section][vc_row el_class=&#8221;txt-col mt-5 mb-3&#8243;][vc_column][vc_column_text]\n<h3 class=\"title\">La strategia condivisa dal Gruppo Compagnia di San Paolo improntata a un cambiamento reale dell\u2019attuale sistema educativo. Azioni importanti, volte a disegnare un futuro equo e sostenibile in cui tutte le persone possano accedere alle stesse opportunit\u00e0.<\/h3>\n[\/vc_column_text][\/vc_column][\/vc_row][vc_row][vc_column][vc_column_text]\n<div class=\"info-box mission\">\n\t\t<div class=\"info-box-wrap info-box-hor row pb-0\">\n\n\t\t      \n\t\t      <div class=\"spalla col-12 col-md-12\">\n\t\t\t<div class=\"info-box sharing-box\">\n\t\t\t  <span class=\"label\">Condividi:<\/span>\n\t\t\t  <div class=\"social-sharing\">\n\t\t\t    <span class=\"box\">\n\t\t\t      <a class=\"fb\" href=\"https:\/\/www.facebook.com\/sharer.php?u=https:\/\/www.compagniadisanpaolo.it\/it\/progetti\/la-strategia-education-del-gruppo-fondazione-compagnia-di-san-paolo\/\" target=\"_blank\">\n\t\t\t\t<span class=\"sr-only\">Facebook<\/span>\n\t\t\t\t<i class=\"fab fa-facebook-f\"><\/i>\n\t\t\t      <\/a>\n\t\t\t    <\/span>\n\t\t\t    \n\t\t\t    <style>\n.twitter, .twitter:hover{\ncolor:#000000 !important;}\n<\/style>\n\n\n\t\t\t    <span class=\"box\">\n\t\t\t      <a class=\"twitter\" href=\"https:\/\/twitter.com\/intent\/tweet?url=https:\/\/www.compagniadisanpaolo.it\/it\/progetti\/la-strategia-education-del-gruppo-fondazione-compagnia-di-san-paolo\/\">\n\t\t\t\t<span class=\"sr-only\">Twitter<\/span>\n\t\t\t\t<i class=\"fa-brands fa-x-twitter\"><\/i>\n\t\t\t      <\/a>\n\t\t\t    <\/span>\n\n\t\t\t    \n\t\t\t    <span class=\"box\">\n\t\t\t      <a class=\"linkedin\" href=\"https:\/\/www.linkedin.com\/shareArticle?mini=true&url=https:\/\/www.compagniadisanpaolo.it\/it\/progetti\/la-strategia-education-del-gruppo-fondazione-compagnia-di-san-paolo\/\">\n\t\t\t\t<span class=\"sr-only\">Linkedin<\/span>\n\t\t\t\t  <i class=\"fa-brands fa-linkedin-in\"><\/i>\n\t\t\t      <\/a>\n\t\t\t    <\/span>\n\n\t\t\t    <span class=\"box\">\n\t\t\t      <a class=\"whatsapp\" href=\"whatsapp:\/\/send?text=https:\/\/www.compagniadisanpaolo.it\/it\/progetti\/la-strategia-education-del-gruppo-fondazione-compagnia-di-san-paolo\/\" data-action=\"share\/whatsapp\/share\">\n\t\t\t\t<span class=\"sr-only\">Whatsapp<\/span>\n\t\t\t\t<i class=\"fa-brands fa-whatsapp\"><\/i>\n\t\t\t      <\/a>\n\t\t\t    <\/span>\n\n\t\t\t    <span class=\"box\">\n\t\t\t      <a class=\"mail\" href=\"mailto:?subject=La Strategia Education del Gruppo Fondazione Compagnia di San Paolo&body=https:\/\/www.compagniadisanpaolo.it\/it\/progetti\/la-strategia-education-del-gruppo-fondazione-compagnia-di-san-paolo\/\">\n\t\t\t\t<span class=\"sr-only\">Mail<\/span>\n\t\t\t\t <i class=\"fa-solid fa-envelope\"><\/i>\n\t\t\t      <\/a>\n\t\t\t    <\/span>\n\t\t\t    \n\t\t\t  <\/div>\n\t\t\t<\/div>\n\t      <\/div>\n\t    <\/div><\/div>\n[\/vc_column_text][\/vc_column][\/vc_row][vc_row el_class=&#8221;page-content&#8221; css=&#8221;.vc_custom_1710946436185{margin-bottom: 10px !important;}&#8221;][vc_column][vc_column_text css=&#8221;.vc_custom_1744895746786{margin-bottom: 0px !important;}&#8221; el_class=&#8221;text&#8221;]\n<p class=\"p1\"><strong>Missione:<br \/>\n<a href=\"https:\/\/www.compagniadisanpaolo.it\/it\/le-nostre-sfide\/obiettivo-persone\/educare-per-crescere-insieme\/\" target=\"_blank\" rel=\"noopener noreferrer\">Educare per crescere insieme<\/a><\/strong><\/p>\n<p>La sfida che il <strong>Gruppo Fondazione Compagnia di San Paolo<\/strong> si pone attraverso una strategia condivisa in <strong>ambito educativo<\/strong> \u00e8 quella di contribuire a far s\u00ec che <strong>bambine e bambini, adolescenti, giovani<\/strong>, grazie ai saperi e alle competenze maturate a scuola, in altri contesti e lungo tutto l\u2019arco della vita, <strong>realizzino liberamente le proprie aspirazioni e contribuiscano, con consapevolezza e spirito critico, al cambiamento e a un futuro equo e sostenibile<\/strong>, dove tutte e tutti possono accedere alle stesse opportunit\u00e0. Questo pu\u00f2 avvenire rendendo gli <strong>attori del sistema educativo sempre pi\u00f9 competenti e aggiornati<\/strong> per abilitare relazioni e percorsi educativi personalizzati, innovativi e inclusivi nella scuola, nelle famiglie, nelle comunit\u00e0 dei territori, contribuendo a sostenere la transizione sociale, digitale ed ecologica.<\/p>\n<p>I bisogni, il potenziale e le aspirazioni di ciascuno, in contesti educativi partecipativi e inclusivi, sono elementi distintivi della strategia del Gruppo: <strong>il valore democratico dell\u2019educazione, il ruolo delle comunit\u00e0 educanti, il rafforzamento delle competenze degli adulti impegnati in processi educativi<\/strong> anche con tecnologie e dati a loro servizio.<\/p>\n<p>Al centro dell\u2019agire del Gruppo Compagnia di San Paolo c\u2019\u00e8 il forte impegno a considerare tutti i bambini e le bambine, tutti gli e le adolescenti come soggetti portatori di diritti, e quindi ad essere riconosciuti cittadini.<\/p>\n<p>Dal 2022 il lavoro di <strong>coordinamento sviluppato dalla Fondazione Compagnia di San Paolo<\/strong> al suo interno e insieme ai suoi enti strumentali ha generato ambiti tematici e messo a frutto le competenze degli <strong>Obiettivi Persone, Cultura e Pianeta<\/strong>, delle <strong>Direzioni Innovazioni di Impatto<\/strong> e <strong>Pianificazione Sviluppo e Valutazione<\/strong>, di <strong>Fondazione per la Scuola<\/strong>,\u00a0 <strong>Fondazione Ufficio Pio<\/strong>, <strong>Consorzio Xk\u00e8? ZeroTredici<\/strong>, <strong>Fondazione Links<\/strong>, <strong>Fondazione Collegio Carlo Alberto<\/strong>, <strong>Fondazione 1563<\/strong>.<\/p>\n<p>La <strong>Sfida<\/strong> posta \u00e8 declinata in <strong>missioni<\/strong> (o ambiti tematici) e in <strong>linee operative<\/strong>, capaci di valorizzare le sinergie con istituzioni ed enti internazionali, nazionali e locali, le alleanze territoriali e gli ecosistemi educativi, gli apprendimenti generati da processi di valutazione rigorosi per concorrere all\u2019\u2019innovazione dei modelli pedagogici in una prospettiva di apprendimento lungo tutto l\u2019arco della vita.<\/p>\n<p>&nbsp;<\/p>\n<p><strong><em>Missione 1<\/em><\/strong><br \/>\n<strong>Opportunit\u00e0 educative per tutti e tutte<\/strong><\/p>\n<ul>\n<li>Sviluppare metodologie per promuovere il successo scolastico, le competenze degli studenti e scelte consapevoli sul proprio futuro riducendo le disuguaglianze socioeconomiche e culturali;<\/li>\n<li>Realizzare interventi che sostengano la partecipazione dei genitori ai contesti educativi;<\/li>\n<li>Offrire opportunit\u00e0 di recupero formativo e sostegno al completamento del percorso di studi.<\/li>\n<\/ul>\n<p>&nbsp;<\/p>\n<p><strong><em>Missione 2<\/em><\/strong><br \/>\n<strong>Competenze di base e socio emotive per la vita<\/strong><\/p>\n<ul>\n<li>Sostenere lo sviluppo delle competenze di base e socio emotive dei e delle minori attraverso approcci inclusivi e innovativi per favorire la personalizzazione degli apprendimenti;<\/li>\n<li>Rafforzare la continuit\u00e0 educativa tra diversi gradi del sistema formativo e accompagnare gli studenti nelle transizioni scolastiche e nella vita adulta;<\/li>\n<li>Promuovere un cambiamento culturale per superare bias e stereotipi di genere, riducendo l&#8217;asimmetria nelle scelte.<\/li>\n<\/ul>\n<p>&nbsp;<\/p>\n<p><strong><em>Missione 3<\/em><\/strong><br \/>\n<strong>Protagonismo, partecipazione e capacit\u00e0 critica delle nuove generazioni anche in chiave europea e globale<\/strong><\/p>\n<ul>\n<li>Individuare, sperimentare e sviluppare attivit\u00e0 di educazione formale e non formale volte alla formazione di capacit\u00e0 critica e protagonismo delle nuove generazioni;<\/li>\n<li>Sviluppare attivit\u00e0 di formazione dei \u00abformatori\u00bb e dei contesti in cui si svolgono le attivit\u00e0 formali e non formali volte al protagonismo, partecipazione e capacit\u00e0 critica delle nuove generazioni con possibilit\u00e0 di messa in rete, occasioni di incontro e scambio di buone pratiche.<\/li>\n<\/ul>\n<p>&nbsp;<\/p>\n<p><strong><em>Missione 4<\/em><\/strong><br \/>\n<strong>Aggiornamento delle competenze degli attori nel corso della vita<\/strong><\/p>\n<ul>\n<li>Realizzare un piano estensivo di formazione per costruire una Comunit\u00e0 Professionale di Apprendimento;<\/li>\n<li>Supportare le scuole nella costruzione di sistemi di analisi, monitoraggio e valutazione dei processi di inclusione e di equit\u00e0;<\/li>\n<li>Studiare modelli efficaci di orientamento e riorientamento nei casi di insuccesso e abbandono scolastico.<\/li>\n<\/ul>\n<p>&nbsp;<\/p>\n<p><strong><em>Missione 5<\/em><\/strong><br \/>\n<strong>Comunit\u00e0 e sistemi educativi territoriali<\/strong><\/p>\n<ul>\n<li>Favorire le connessioni tra persone, soggetti informali, istituzioni pubbliche e private ponendo le istituzioni scolastiche, educative e formative al centro dei sistemi educativi territoriali;<\/li>\n<li>Promuovere esperienze di comunit\u00e0 e di appartenenza al territorio per i\/le minori e le loro famiglie, promuovendone il protagonismo e la partecipazione attiva;<\/li>\n<li>Responsabilizzare tutti gli attori della comunit\u00e0 nel loro ruolo di soggetti educanti.<\/li>\n<\/ul>\n<p>&nbsp;<\/p>\n<p><strong><em>Missione 6<\/em><\/strong><br \/>\n<strong>Innovazione digitale ed ecologica applicata all\u2019educazione<\/strong><\/p>\n<ul>\n<li>Diffondere la cultura del cambiamento generato dalla transizione digitale ed ecologica;<\/li>\n<li>Generare innovazione e autonomia nel costruire e rendere stabili modelli di apprendimento continuo nell\u2019intero sistema educativo, con specifico focus sulla transizione ecologica e l\u2019educazione ambientale;<\/li>\n<li>Migliorare le pratiche formative sulla transizione digitale ed ecologica attraverso lo sviluppo di progettualit\u00e0, linee guida, ricerche.<\/li>\n<\/ul>\n<p>&nbsp;<\/p>\n<p><strong><em>Missione 7<\/em><\/strong><br \/>\n<strong>Spazi e contesti educativi ibridi<\/strong><\/p>\n<ul>\n<li>Abitare la citt\u00e0 educativa maturando competenze e saperi sia a scuola che in altri contesti (anche contesti sanitari, culturali, spazi virtuali, non convenzionali);<\/li>\n<li>Favorire opportunit\u00e0 di apprendimento informale lungo tutto l\u2019arco della giornata (24 ore su 24, 7 giorni su 7) e della vita (non solo da 0 a 18 anni, ma da 0 a 99 anni);<\/li>\n<li>Aumentare le connessioni tra gli attori della citt\u00e0 educante con momenti formali, informali, peer to peer, a partire dal ricco patrimonio di pratiche realizzate.<\/li>\n<\/ul>\n<p>&nbsp;<\/p>\n<p><strong><em>Missione 8<\/em><\/strong><br \/>\n<strong>Educazione e cura zerosei<\/strong><\/p>\n<ul>\n<li>Ampliare l\u2019accesso a opportunit\u00e0 di qualit\u00e0 ad alta intensit\u00e0 educativa per tutti i bambini e le bambine 0 6 anni e loro famiglie, con attenzione alle situazioni maggiormente a rischio di vulnerabilit\u00e0;<\/li>\n<li>Favorire l\u2019attivazione, la partecipazione attiva e il protagonismo delle famiglie per sostenerle nella funzione educativa e nella cura del proprio bambino e della comunit\u00e0 in cui sono inserite;<\/li>\n<li>Promuovere e rafforzare sistemi territoriali, favorendo cultura e azioni di advocacy sulla prima infanzia.<\/li>\n<\/ul>\n<p>&nbsp;<\/p>\n<p>Il Gruppo Fondazione Compagnia di San Paolo come hub di competenze ha promosso negli ultimi due anni capitalizzazioni e valorizzazioni che sono confluite in 5 nuove progettualit\u00e0:[\/vc_column_text][\/vc_column][\/vc_row][vc_row gap=&#8221;10&#8243;][vc_column width=&#8221;1\/4&#8243; css=&#8221;.vc_custom_1710945553271{padding-top: 5px !important;}&#8221;][vc_single_image image=&#8221;28038&#8243; img_size=&#8221;full&#8221; css=&#8221;.vc_custom_1764143580293{margin-bottom: 5px !important;border-top-width: 1px !important;border-right-width: 1px !important;border-bottom-width: 1px !important;border-left-width: 1px !important;padding-top: 10px !important;padding-right: 10px !important;padding-bottom: 10px !important;padding-left: 10px !important;border-left-style: solid !important;border-right-style: solid !important;border-top-style: solid !important;border-bottom-style: solid !important;border-color: #d3d3d3 !important;}&#8221;][vc_column_text css=&#8221;&#8221;]<strong><a href=\"https:\/\/www.fondazionescuola.it\/iniziativa\/skilled\/\" target=\"_blank\" rel=\"noopener\">SkillED<\/a><\/strong>[\/vc_column_text][\/vc_column][vc_column width=&#8221;1\/4&#8243;][vc_single_image image=&#8221;28036&#8243; img_size=&#8221;full&#8221; css=&#8221;.vc_custom_1710946326694{margin-bottom: 5px !important;border-top-width: 1px !important;border-right-width: 1px !important;border-bottom-width: 1px !important;border-left-width: 1px !important;padding-top: 10px !important;padding-right: 10px !important;padding-bottom: 10px !important;padding-left: 10px !important;border-left-color: #d3d3d3 !important;border-left-style: solid !important;border-right-color: #d3d3d3 !important;border-right-style: solid !important;border-top-color: #d3d3d3 !important;border-top-style: solid !important;border-bottom-color: #d3d3d3 !important;border-bottom-style: solid !important;border-radius: 1px !important;}&#8221;][vc_column_text]<a href=\"https:\/\/www.fondazionescuola.it\/iniziativa\/boosting-digital-capacity\/\" target=\"_blank\" rel=\"noopener\"><strong>Boosting Digital Capacity<\/strong><\/a>[\/vc_column_text][\/vc_column][vc_column width=&#8221;1\/4&#8243;][vc_single_image image=&#8221;28042&#8243; img_size=&#8221;full&#8221; css=&#8221;.vc_custom_1710946336153{margin-bottom: 5px !important;border-top-width: 1px !important;border-right-width: 1px !important;border-bottom-width: 1px !important;border-left-width: 1px !important;padding-top: 10px !important;padding-right: 10px !important;padding-bottom: 10px !important;padding-left: 10px !important;border-left-color: #d3d3d3 !important;border-left-style: solid !important;border-right-color: #d3d3d3 !important;border-right-style: solid !important;border-top-color: #d3d3d3 !important;border-top-style: solid !important;border-bottom-color: #d3d3d3 !important;border-bottom-style: solid !important;border-radius: 1px !important;}&#8221;][vc_column_text]Green Education[\/vc_column_text][\/vc_column][vc_column width=&#8221;1\/4&#8243;][vc_single_image image=&#8221;31986&#8243; img_size=&#8221;full&#8221; css=&#8221;.vc_custom_1729267485983{margin-bottom: 5px !important;border-top-width: 1px !important;border-right-width: 1px !important;border-bottom-width: 1px !important;border-left-width: 1px !important;padding-top: 10px !important;padding-right: 10px !important;padding-bottom: 10px !important;padding-left: 10px !important;border-left-color: #d3d3d3 !important;border-left-style: solid !important;border-right-color: #d3d3d3 !important;border-right-style: solid !important;border-top-color: #d3d3d3 !important;border-top-style: solid !important;border-bottom-color: #d3d3d3 !important;border-bottom-style: solid !important;border-radius: 1px !important;}&#8221;][vc_column_text css=&#8221;.vc_custom_1729267538784{margin-top: 0px !important;border-top-width: 1px !important;}&#8221;]<a href=\"https:\/\/www.compagniadisanpaolo.it\/it\/news\/ibridi-anteprima-primavera-2024\/\" target=\"_blank\" rel=\"noopener\">Ibridi<\/a>[\/vc_column_text][\/vc_column][\/vc_row][vc_row gap=&#8221;10&#8243;][vc_column width=&#8221;1\/4&#8243; css=&#8221;.vc_custom_1710945553271{padding-top: 5px !important;}&#8221;][vc_single_image image=&#8221;31988&#8243; img_size=&#8221;full&#8221; css=&#8221;.vc_custom_1729267500128{margin-bottom: 5px !important;border-top-width: 1px !important;border-right-width: 1px !important;border-bottom-width: 1px !important;border-left-width: 1px !important;padding-top: 10px !important;padding-right: 10px !important;padding-bottom: 10px !important;padding-left: 10px !important;border-left-color: #d3d3d3 !important;border-left-style: solid !important;border-right-color: #d3d3d3 !important;border-right-style: solid !important;border-top-color: #d3d3d3 !important;border-top-style: solid !important;border-bottom-color: #d3d3d3 !important;border-bottom-style: solid !important;border-radius: 1px !important;}&#8221;][vc_column_text]<strong><a href=\"https:\/\/www.ufficiopio.it\/programmi\/programmi-istituzionali\/in-pari\/\" target=\"_blank\" rel=\"noopener\">In pari<\/a><\/strong>[\/vc_column_text][\/vc_column][vc_column width=&#8221;1\/4&#8243;][\/vc_column][vc_column width=&#8221;1\/4&#8243;][\/vc_column][vc_column width=&#8221;1\/4&#8243;][\/vc_column][\/vc_row][vc_row el_class=&#8221;sdg-list-wrap&#8221;][vc_column][vc_column_text el_class=&#8221;sdg-intro&#8221;]\n<h3 class=\"title\">Questo progetto contribuisce al raggiungimento dei seguenti Obiettivi di Sviluppo Sostenibile<\/h3>\n[\/vc_column_text][vc_raw_html]JTVCbW9zdHJhU0RHUyU1RA==[\/vc_raw_html][\/vc_column][\/vc_row][vc_row][vc_column][vc_raw_html]JTVCU2V6aW9uZV9Eb2N1bWVudGklNUQ=[\/vc_raw_html][\/vc_column][\/vc_row][vc_row][vc_column][vc_raw_html]JTVCZGlzZWduYV9jb3JyZWxhdGklNUQ=[\/vc_raw_html][\/vc_column][\/vc_row][\/vc_section]\n<\/div>","protected":false},"featured_media":26786,"menu_order":1,"template":"","meta":{"_acf_changed":false,"content-type":""},"tags":[81,53,139,54,93,61],"class_list":["post-26769","progetti","type-progetti","status-publish","has-post-thumbnail","hentry","tag-comunita-educanti","tag-formazione","tag-innovazione-e-digitale","tag-nuove-generazioni","tag-piena-cittadinanza-e-diritti","tag-sviluppo-organizzativo","entry","post-inner"],"acf":[],"yoast_head":"<!-- This site is optimized with the Yoast SEO plugin v27.3 - https:\/\/yoast.com\/product\/yoast-seo-wordpress\/ -->\n<title>La Strategia Education del Gruppo Fondazione Compagnia di San Paolo - Fondazione Compagnia di San Paolo<\/title>\n<meta name=\"description\" content=\"La strategia condivisa dal Gruppo Compagnia di San Paolo improntata a un cambiamento reale dell\u2019attuale sistema educativo. Azioni importanti, volte a disegnare un futuro equo e sostenibile in cui tutte le persone possano accedere alle stesse opportunit\u00e0.\" \/>\n<meta name=\"robots\" content=\"index, follow, max-snippet:-1, max-image-preview:large, max-video-preview:-1\" \/>\n<link rel=\"canonical\" href=\"https:\/\/www.compagniadisanpaolo.it\/it\/progetti\/la-strategia-education-del-gruppo-fondazione-compagnia-di-san-paolo\/\" \/>\n<meta property=\"og:locale\" content=\"it_IT\" \/>\n<meta property=\"og:type\" content=\"article\" \/>\n<meta property=\"og:title\" content=\"La Strategia Education del Gruppo Fondazione Compagnia di San Paolo - Fondazione Compagnia di San Paolo\" \/>\n<meta property=\"og:description\" content=\"La strategia condivisa dal Gruppo Compagnia di San Paolo improntata a un cambiamento reale dell\u2019attuale sistema educativo. Azioni importanti, volte a disegnare un futuro equo e sostenibile in cui tutte le persone possano accedere alle stesse opportunit\u00e0.\" \/>\n<meta property=\"og:url\" content=\"https:\/\/www.compagniadisanpaolo.it\/it\/progetti\/la-strategia-education-del-gruppo-fondazione-compagnia-di-san-paolo\/\" \/>\n<meta property=\"og:site_name\" content=\"Fondazione Compagnia di San Paolo\" \/>\n<meta property=\"article:publisher\" content=\"https:\/\/www.facebook.com\/CompagniaDiSanPaolo\" \/>\n<meta property=\"article:modified_time\" content=\"2025-11-26T07:53:16+00:00\" \/>\n<meta property=\"og:image\" content=\"https:\/\/www.compagniadisanpaolo.it\/wp-content\/uploads\/CSP_Strategia-Education_815x350.jpg\" \/>\n\t<meta property=\"og:image:width\" content=\"815\" \/>\n\t<meta property=\"og:image:height\" content=\"350\" \/>\n\t<meta property=\"og:image:type\" content=\"image\/jpeg\" \/>\n<meta name=\"twitter:card\" content=\"summary_large_image\" \/>\n<meta name=\"twitter:site\" content=\"@CSP_live\" \/>\n<meta name=\"twitter:label1\" content=\"Tempo di lettura stimato\" \/>\n\t<meta name=\"twitter:data1\" content=\"8 minuti\" \/>\n<script type=\"application\/ld+json\" class=\"yoast-schema-graph\">{\"@context\":\"https:\\\/\\\/schema.org\",\"@graph\":[{\"@type\":\"WebPage\",\"@id\":\"https:\\\/\\\/www.compagniadisanpaolo.it\\\/it\\\/progetti\\\/la-strategia-education-del-gruppo-fondazione-compagnia-di-san-paolo\\\/\",\"url\":\"https:\\\/\\\/www.compagniadisanpaolo.it\\\/it\\\/progetti\\\/la-strategia-education-del-gruppo-fondazione-compagnia-di-san-paolo\\\/\",\"name\":\"La Strategia Education del Gruppo Fondazione Compagnia di San Paolo - Fondazione Compagnia di San Paolo\",\"isPartOf\":{\"@id\":\"https:\\\/\\\/www.compagniadisanpaolo.it\\\/it\\\/#website\"},\"primaryImageOfPage\":{\"@id\":\"https:\\\/\\\/www.compagniadisanpaolo.it\\\/it\\\/progetti\\\/la-strategia-education-del-gruppo-fondazione-compagnia-di-san-paolo\\\/#primaryimage\"},\"image\":{\"@id\":\"https:\\\/\\\/www.compagniadisanpaolo.it\\\/it\\\/progetti\\\/la-strategia-education-del-gruppo-fondazione-compagnia-di-san-paolo\\\/#primaryimage\"},\"thumbnailUrl\":\"https:\\\/\\\/www.compagniadisanpaolo.it\\\/wp-content\\\/uploads\\\/CSP_Strategia-Education_815x350.jpg\",\"datePublished\":\"2024-01-18T13:30:22+00:00\",\"dateModified\":\"2025-11-26T07:53:16+00:00\",\"description\":\"La strategia condivisa dal Gruppo Compagnia di San Paolo improntata a un cambiamento reale dell\u2019attuale sistema educativo. Azioni importanti, volte a disegnare un futuro equo e sostenibile in cui tutte le persone possano accedere alle stesse opportunit\u00e0.\",\"breadcrumb\":{\"@id\":\"https:\\\/\\\/www.compagniadisanpaolo.it\\\/it\\\/progetti\\\/la-strategia-education-del-gruppo-fondazione-compagnia-di-san-paolo\\\/#breadcrumb\"},\"inLanguage\":\"it-IT\",\"potentialAction\":[{\"@type\":\"ReadAction\",\"target\":[\"https:\\\/\\\/www.compagniadisanpaolo.it\\\/it\\\/progetti\\\/la-strategia-education-del-gruppo-fondazione-compagnia-di-san-paolo\\\/\"]}]},{\"@type\":\"ImageObject\",\"inLanguage\":\"it-IT\",\"@id\":\"https:\\\/\\\/www.compagniadisanpaolo.it\\\/it\\\/progetti\\\/la-strategia-education-del-gruppo-fondazione-compagnia-di-san-paolo\\\/#primaryimage\",\"url\":\"https:\\\/\\\/www.compagniadisanpaolo.it\\\/wp-content\\\/uploads\\\/CSP_Strategia-Education_815x350.jpg\",\"contentUrl\":\"https:\\\/\\\/www.compagniadisanpaolo.it\\\/wp-content\\\/uploads\\\/CSP_Strategia-Education_815x350.jpg\",\"width\":815,\"height\":350},{\"@type\":\"BreadcrumbList\",\"@id\":\"https:\\\/\\\/www.compagniadisanpaolo.it\\\/it\\\/progetti\\\/la-strategia-education-del-gruppo-fondazione-compagnia-di-san-paolo\\\/#breadcrumb\",\"itemListElement\":[{\"@type\":\"ListItem\",\"position\":1,\"name\":\"Home\",\"item\":\"https:\\\/\\\/www.compagniadisanpaolo.it\\\/it\\\/\"},{\"@type\":\"ListItem\",\"position\":2,\"name\":\"La Strategia Education del Gruppo Fondazione Compagnia di San Paolo\"}]},{\"@type\":\"WebSite\",\"@id\":\"https:\\\/\\\/www.compagniadisanpaolo.it\\\/it\\\/#website\",\"url\":\"https:\\\/\\\/www.compagniadisanpaolo.it\\\/it\\\/\",\"name\":\"Fondazione Compagnia di San Paolo\",\"description\":\"\",\"publisher\":{\"@id\":\"https:\\\/\\\/www.compagniadisanpaolo.it\\\/it\\\/#organization\"},\"potentialAction\":[{\"@type\":\"SearchAction\",\"target\":{\"@type\":\"EntryPoint\",\"urlTemplate\":\"https:\\\/\\\/www.compagniadisanpaolo.it\\\/it\\\/?s={search_term_string}\"},\"query-input\":{\"@type\":\"PropertyValueSpecification\",\"valueRequired\":true,\"valueName\":\"search_term_string\"}}],\"inLanguage\":\"it-IT\"},{\"@type\":\"Organization\",\"@id\":\"https:\\\/\\\/www.compagniadisanpaolo.it\\\/it\\\/#organization\",\"name\":\"Fondazione Compagnia di San Paolo\",\"url\":\"https:\\\/\\\/www.compagniadisanpaolo.it\\\/it\\\/\",\"logo\":{\"@type\":\"ImageObject\",\"inLanguage\":\"it-IT\",\"@id\":\"https:\\\/\\\/www.compagniadisanpaolo.it\\\/it\\\/#\\\/schema\\\/logo\\\/image\\\/\",\"url\":\"https:\\\/\\\/www.compagniadisanpaolo.it\\\/wp-content\\\/uploads\\\/logo.svg\",\"contentUrl\":\"https:\\\/\\\/www.compagniadisanpaolo.it\\\/wp-content\\\/uploads\\\/logo.svg\",\"width\":769,\"height\":323,\"caption\":\"Fondazione Compagnia di San Paolo\"},\"image\":{\"@id\":\"https:\\\/\\\/www.compagniadisanpaolo.it\\\/it\\\/#\\\/schema\\\/logo\\\/image\\\/\"},\"sameAs\":[\"https:\\\/\\\/www.facebook.com\\\/CompagniaDiSanPaolo\",\"https:\\\/\\\/x.com\\\/CSP_live\",\"http:\\\/\\\/instagram.com\\\/compagniadisanpaolo?ref=badge\",\"https:\\\/\\\/www.linkedin.com\\\/company\\\/compagnia-di-san-paolo\",\"https:\\\/\\\/www.youtube.com\\\/user\\\/compagniadisanpaolo\",\"https:\\\/\\\/it.wikipedia.org\\\/wiki\\\/Compagnia_di_San_Paolo\"]}]}<\/script>\n<!-- \/ Yoast SEO plugin. -->","yoast_head_json":{"title":"La Strategia Education del Gruppo Fondazione Compagnia di San Paolo - Fondazione Compagnia di San Paolo","description":"La strategia condivisa dal Gruppo Compagnia di San Paolo improntata a un cambiamento reale dell\u2019attuale sistema educativo. Azioni importanti, volte a disegnare un futuro equo e sostenibile in cui tutte le persone possano accedere alle stesse opportunit\u00e0.","robots":{"index":"index","follow":"follow","max-snippet":"max-snippet:-1","max-image-preview":"max-image-preview:large","max-video-preview":"max-video-preview:-1"},"canonical":"https:\/\/www.compagniadisanpaolo.it\/it\/progetti\/la-strategia-education-del-gruppo-fondazione-compagnia-di-san-paolo\/","og_locale":"it_IT","og_type":"article","og_title":"La Strategia Education del Gruppo Fondazione Compagnia di San Paolo - Fondazione Compagnia di San Paolo","og_description":"La strategia condivisa dal Gruppo Compagnia di San Paolo improntata a un cambiamento reale dell\u2019attuale sistema educativo. Azioni importanti, volte a disegnare un futuro equo e sostenibile in cui tutte le persone possano accedere alle stesse opportunit\u00e0.","og_url":"https:\/\/www.compagniadisanpaolo.it\/it\/progetti\/la-strategia-education-del-gruppo-fondazione-compagnia-di-san-paolo\/","og_site_name":"Fondazione Compagnia di San Paolo","article_publisher":"https:\/\/www.facebook.com\/CompagniaDiSanPaolo","article_modified_time":"2025-11-26T07:53:16+00:00","og_image":[{"width":815,"height":350,"url":"https:\/\/www.compagniadisanpaolo.it\/wp-content\/uploads\/CSP_Strategia-Education_815x350.jpg","type":"image\/jpeg"}],"twitter_card":"summary_large_image","twitter_site":"@CSP_live","twitter_misc":{"Tempo di lettura stimato":"8 minuti"},"schema":{"@context":"https:\/\/schema.org","@graph":[{"@type":"WebPage","@id":"https:\/\/www.compagniadisanpaolo.it\/it\/progetti\/la-strategia-education-del-gruppo-fondazione-compagnia-di-san-paolo\/","url":"https:\/\/www.compagniadisanpaolo.it\/it\/progetti\/la-strategia-education-del-gruppo-fondazione-compagnia-di-san-paolo\/","name":"La Strategia Education del Gruppo Fondazione Compagnia di San Paolo - Fondazione Compagnia di San Paolo","isPartOf":{"@id":"https:\/\/www.compagniadisanpaolo.it\/it\/#website"},"primaryImageOfPage":{"@id":"https:\/\/www.compagniadisanpaolo.it\/it\/progetti\/la-strategia-education-del-gruppo-fondazione-compagnia-di-san-paolo\/#primaryimage"},"image":{"@id":"https:\/\/www.compagniadisanpaolo.it\/it\/progetti\/la-strategia-education-del-gruppo-fondazione-compagnia-di-san-paolo\/#primaryimage"},"thumbnailUrl":"https:\/\/www.compagniadisanpaolo.it\/wp-content\/uploads\/CSP_Strategia-Education_815x350.jpg","datePublished":"2024-01-18T13:30:22+00:00","dateModified":"2025-11-26T07:53:16+00:00","description":"La strategia condivisa dal Gruppo Compagnia di San Paolo improntata a un cambiamento reale dell\u2019attuale sistema educativo. Azioni importanti, volte a disegnare un futuro equo e sostenibile in cui tutte le persone possano accedere alle stesse opportunit\u00e0.","breadcrumb":{"@id":"https:\/\/www.compagniadisanpaolo.it\/it\/progetti\/la-strategia-education-del-gruppo-fondazione-compagnia-di-san-paolo\/#breadcrumb"},"inLanguage":"it-IT","potentialAction":[{"@type":"ReadAction","target":["https:\/\/www.compagniadisanpaolo.it\/it\/progetti\/la-strategia-education-del-gruppo-fondazione-compagnia-di-san-paolo\/"]}]},{"@type":"ImageObject","inLanguage":"it-IT","@id":"https:\/\/www.compagniadisanpaolo.it\/it\/progetti\/la-strategia-education-del-gruppo-fondazione-compagnia-di-san-paolo\/#primaryimage","url":"https:\/\/www.compagniadisanpaolo.it\/wp-content\/uploads\/CSP_Strategia-Education_815x350.jpg","contentUrl":"https:\/\/www.compagniadisanpaolo.it\/wp-content\/uploads\/CSP_Strategia-Education_815x350.jpg","width":815,"height":350},{"@type":"BreadcrumbList","@id":"https:\/\/www.compagniadisanpaolo.it\/it\/progetti\/la-strategia-education-del-gruppo-fondazione-compagnia-di-san-paolo\/#breadcrumb","itemListElement":[{"@type":"ListItem","position":1,"name":"Home","item":"https:\/\/www.compagniadisanpaolo.it\/it\/"},{"@type":"ListItem","position":2,"name":"La Strategia Education del Gruppo Fondazione Compagnia di San Paolo"}]},{"@type":"WebSite","@id":"https:\/\/www.compagniadisanpaolo.it\/it\/#website","url":"https:\/\/www.compagniadisanpaolo.it\/it\/","name":"Fondazione Compagnia di San Paolo","description":"","publisher":{"@id":"https:\/\/www.compagniadisanpaolo.it\/it\/#organization"},"potentialAction":[{"@type":"SearchAction","target":{"@type":"EntryPoint","urlTemplate":"https:\/\/www.compagniadisanpaolo.it\/it\/?s={search_term_string}"},"query-input":{"@type":"PropertyValueSpecification","valueRequired":true,"valueName":"search_term_string"}}],"inLanguage":"it-IT"},{"@type":"Organization","@id":"https:\/\/www.compagniadisanpaolo.it\/it\/#organization","name":"Fondazione Compagnia di San Paolo","url":"https:\/\/www.compagniadisanpaolo.it\/it\/","logo":{"@type":"ImageObject","inLanguage":"it-IT","@id":"https:\/\/www.compagniadisanpaolo.it\/it\/#\/schema\/logo\/image\/","url":"https:\/\/www.compagniadisanpaolo.it\/wp-content\/uploads\/logo.svg","contentUrl":"https:\/\/www.compagniadisanpaolo.it\/wp-content\/uploads\/logo.svg","width":769,"height":323,"caption":"Fondazione Compagnia di San Paolo"},"image":{"@id":"https:\/\/www.compagniadisanpaolo.it\/it\/#\/schema\/logo\/image\/"},"sameAs":["https:\/\/www.facebook.com\/CompagniaDiSanPaolo","https:\/\/x.com\/CSP_live","http:\/\/instagram.com\/compagniadisanpaolo?ref=badge","https:\/\/www.linkedin.com\/company\/compagnia-di-san-paolo","https:\/\/www.youtube.com\/user\/compagniadisanpaolo","https:\/\/it.wikipedia.org\/wiki\/Compagnia_di_San_Paolo"]}]}},"_links":{"self":[{"href":"https:\/\/www.compagniadisanpaolo.it\/it\/wp-json\/wp\/v2\/progetti\/26769","targetHints":{"allow":["GET"]}}],"collection":[{"href":"https:\/\/www.compagniadisanpaolo.it\/it\/wp-json\/wp\/v2\/progetti"}],"about":[{"href":"https:\/\/www.compagniadisanpaolo.it\/it\/wp-json\/wp\/v2\/types\/progetti"}],"wp:featuredmedia":[{"embeddable":true,"href":"https:\/\/www.compagniadisanpaolo.it\/it\/wp-json\/wp\/v2\/media\/26786"}],"wp:attachment":[{"href":"https:\/\/www.compagniadisanpaolo.it\/it\/wp-json\/wp\/v2\/media?parent=26769"}],"wp:term":[{"taxonomy":"post_tag","embeddable":true,"href":"https:\/\/www.compagniadisanpaolo.it\/it\/wp-json\/wp\/v2\/tags?post=26769"}],"curies":[{"name":"wp","href":"https:\/\/api.w.org\/{rel}","templated":true}]}}