{"id":23681,"date":"2023-06-27T17:49:33","date_gmt":"2023-06-27T15:49:33","guid":{"rendered":"https:\/\/www.compagniadisanpaolo.it\/?post_type=progetti&#038;p=23681"},"modified":"2023-06-27T18:13:56","modified_gmt":"2023-06-27T16:13:56","slug":"citta-nella-citta-sei-progetti-per-la-cavallerizza-reale-di-torino","status":"publish","type":"progetti","link":"https:\/\/www.compagniadisanpaolo.it\/it\/progetti\/citta-nella-citta-sei-progetti-per-la-cavallerizza-reale-di-torino\/","title":{"rendered":"Citt\u00e0 nella Citt\u00e0 &#8211; Sei progetti per la Cavallerizza Reale di Torino"},"content":{"rendered":"<div class=\"wpb-content-wrapper\">[vc_section][vc_row el_class=&#8221;txt-col mt-5 mb-3&#8243;][vc_column][vc_column_text]\n<h3 class=\"title\">Documentare il processo di trasformazione di Cavallerizza \u00e8 uno dei primi passi per iniziare a restituire ai cittadini questo luogo dal grande potenziale urbano.<\/h3>\n[\/vc_column_text][\/vc_column][\/vc_row][vc_row][vc_column][vc_column_text]\n<div class=\"info-box mission\">\n\t\t<div class=\"info-box-wrap info-box-hor row pb-0\">\n\n\t\t      \n\t\t      <div class=\"spalla col-12 col-md-12\">\n\t\t\t<div class=\"info-box sharing-box\">\n\t\t\t  <span class=\"label\">Condividi:<\/span>\n\t\t\t  <div class=\"social-sharing\">\n\t\t\t    <span class=\"box\">\n\t\t\t      <a class=\"fb\" href=\"https:\/\/www.facebook.com\/sharer.php?u=https:\/\/www.compagniadisanpaolo.it\/it\/progetti\/citta-nella-citta-sei-progetti-per-la-cavallerizza-reale-di-torino\/\" target=\"_blank\">\n\t\t\t\t<span class=\"sr-only\">Facebook<\/span>\n\t\t\t\t<i class=\"fab fa-facebook-f\"><\/i>\n\t\t\t      <\/a>\n\t\t\t    <\/span>\n\t\t\t    \n\t\t\t    <style>\n.twitter, .twitter:hover{\ncolor:#000000 !important;}\n<\/style>\n\n\n\t\t\t    <span class=\"box\">\n\t\t\t      <a class=\"twitter\" href=\"https:\/\/twitter.com\/intent\/tweet?url=https:\/\/www.compagniadisanpaolo.it\/it\/progetti\/citta-nella-citta-sei-progetti-per-la-cavallerizza-reale-di-torino\/\">\n\t\t\t\t<span class=\"sr-only\">Twitter<\/span>\n\t\t\t\t<i class=\"fa-brands fa-x-twitter\"><\/i>\n\t\t\t      <\/a>\n\t\t\t    <\/span>\n\n\t\t\t    \n\t\t\t    <span class=\"box\">\n\t\t\t      <a class=\"linkedin\" href=\"https:\/\/www.linkedin.com\/shareArticle?mini=true&url=https:\/\/www.compagniadisanpaolo.it\/it\/progetti\/citta-nella-citta-sei-progetti-per-la-cavallerizza-reale-di-torino\/\">\n\t\t\t\t<span class=\"sr-only\">Linkedin<\/span>\n\t\t\t\t  <i class=\"fa-brands fa-linkedin-in\"><\/i>\n\t\t\t      <\/a>\n\t\t\t    <\/span>\n\n\t\t\t    <span class=\"box\">\n\t\t\t      <a class=\"whatsapp\" href=\"whatsapp:\/\/send?text=https:\/\/www.compagniadisanpaolo.it\/it\/progetti\/citta-nella-citta-sei-progetti-per-la-cavallerizza-reale-di-torino\/\" data-action=\"share\/whatsapp\/share\">\n\t\t\t\t<span class=\"sr-only\">Whatsapp<\/span>\n\t\t\t\t<i class=\"fa-brands fa-whatsapp\"><\/i>\n\t\t\t      <\/a>\n\t\t\t    <\/span>\n\n\t\t\t    <span class=\"box\">\n\t\t\t      <a class=\"mail\" href=\"mailto:?subject=Citt\u00e0 nella Citt\u00e0 - Sei progetti per la Cavallerizza Reale di Torino&body=https:\/\/www.compagniadisanpaolo.it\/it\/progetti\/citta-nella-citta-sei-progetti-per-la-cavallerizza-reale-di-torino\/\">\n\t\t\t\t<span class=\"sr-only\">Mail<\/span>\n\t\t\t\t <i class=\"fa-solid fa-envelope\"><\/i>\n\t\t\t      <\/a>\n\t\t\t    <\/span>\n\t\t\t    \n\t\t\t  <\/div>\n\t\t\t<\/div>\n\t      <\/div>\n\t    <\/div><\/div>\n[\/vc_column_text][\/vc_column][\/vc_row][vc_row el_class=&#8221;page-content&#8221;][vc_column][vc_column_text el_class=&#8221;text&#8221;]<strong>Missione:<\/strong><br \/>\n<a href=\"https:\/\/www.compagniadisanpaolo.it\/it\/missioni\/creare-attrattivita\/\">Creare attrattivit\u00e0<\/a><\/p>\n<p>Nata come Zona di Comando delle operazioni governative e militari sabaude, <strong>la Cavallerizza Reale<\/strong> viene concepita a partire dalla <strong>met\u00e0 del \u2018600<\/strong> da Amedeo di Castellamonte come <strong>ampliamento del complesso di Palazzo Reale<\/strong>. Nel <a href=\"https:\/\/www.museotorino.it\/view\/s\/f9695f4625ba437ea1fed462e27dac71\" target=\"_blank\" rel=\"noopener\"><u>corso della sua storia<\/u><\/a>, l&#8217;edificio attraversa varie fasi di trasformazione architettonica, fino agli <strong>anni &#8217;90<\/strong> del XX secolo, in cui alcune aree diventano palcoscenico per <strong>spettacoli di performing arts, mostre, eventi culturali nonch\u00e9 spazi di partecipazione civica e coprogettazioni creative<\/strong>.[\/vc_column_text][vc_empty_space height=&#8221;52px&#8221;][vc_column_text el_class=&#8221;text&#8221;]\n<h3 class=\"title\">Trasformazione della Cavallerizza Reale<\/h3>\n[\/vc_column_text][vc_empty_space height=&#8221;20px&#8221;][vc_column_text el_class=&#8221;text&#8221;]\n<p dir=\"auto\">La Cavallerizza Reale \u00e8 oggi al centro di una volont\u00e0 condivisa tra tutte le istituzioni di trasformarla in un <strong>polo di innovazione culturale<\/strong> tra i pi\u00f9 grandi in Europa, capace di restituire a Torino una parte fondamentale del proprio centro storico. Il <strong>progetto unitario di riqualificazione<\/strong>, quindi, \u00e8 stato fin da subito riconosciuto come <strong>un\u2019occasione di innovazione urbana e di dialogo virtuoso<\/strong> tra soggetti pubblici e privati, al fine di favorire la rigenerazione culturale e nuova socialit\u00e0 del patrimonio storico artistico di un bene tutelato dall\u2019UNESCO.<\/p>\n<p dir=\"auto\">In tale prospettiva \u00e8 stato previsto un <strong>concorso<\/strong> che, anche in relazione con la storia secolare delle istituzioni che lo hanno proposto, sia in grado di offrire a Torino un <strong>segno architettonico autorevole e riconoscibile<\/strong>, che diventi <strong>punto di riferimento per le attivit\u00e0 culturali e turistiche del territorio<\/strong>.<\/p>\n[\/vc_column_text][vc_empty_space height=&#8221;52px&#8221;][vc_column_text el_class=&#8221;text&#8221;]\n<h3 class=\"title\">Il concorso per progettare la riqualificazione della Cavallerizza Reale<\/h3>\n[\/vc_column_text][vc_empty_space height=&#8221;20px&#8221;][vc_column_text el_class=&#8221;text&#8221;]La competizione \u00e8 stata indetta dalla <b>Fondazione Compagnia San Paolo<\/b> con l\u2019<b>Universit\u00e0 degli Studi di Torino<\/b> e la <b>Citt\u00e0 di Torino<\/b>, in accordo con <b>Cassa Depositi e Prestiti<\/b>, l\u2019<b>Ordine degli Architetti di Torino e Milano<\/b> e la <b>Fondazione per l\u2019architettura\/Torino<\/b>.<\/p>\n<p>L\u2019obiettivo condiviso da Universit\u00e0 e Fondazione Compagnia di San Paolo \u00e8 recuperare <b>l\u2019ispirazione e la trama di connessioni settecentesche<\/b> in un progetto unitario in grado di offrire ai cittadini <b>nuove corti, nuovi percorsi pedonali <\/b>per attraversare il centro storico e <b>un nuovo accesso ai Giardini Reali<\/b>.<\/p>\n<p>Il progetto, inoltre, prevede l\u2019insediamento di <b>nuove funzioni culturali, formative, ricettive, sociali e terziarie<\/b>. Sar\u00e0 realizzato nel segno della <b>sostenibilit\u00e0<\/b> e con l\u2019ausilio delle tecnologie pi\u00f9 avanzate coerentemente con le indicazioni del <b>Piano Regolatore<\/b> e con il <b>Progetto Unitario di Riqualificazione<\/b> approvato dal Consiglio Comunale di Torino, incrementandone significativamente la porzione a fruizione pubblica.<\/p>\n<p>Per questo motivo, \u00e8 stato chiesto di presentare progetti che avessero una serie di <b>obiettivi<\/b> condivisi:<\/p>\n<ul>\n<li>l&#8217;inserimento di moderni spazi lavorativi ai piani superiori della <b>sede della Fondazione Compagnia di San Paolo <\/b>nell\u2019Ala del Mosca e la valorizzazionedegli spazi monumentali e voltati al piano terreno, in costante relazione con il contesto urbano;<\/li>\n<li>un hub culturale nelle <b>Pagliere<\/b>;<\/li>\n<li>uno spazio culturale polivalente nella <b>Cavallerizza Alfieriana<\/b>;<\/li>\n<li>nel <b>Corpo delle Guardie<\/b>, un Research Node dell\u2019Universit\u00e0 degli Studi di Torino nell\u2019ambito della Cultura, Creativit\u00e0 ed Arte, per favorire lo sviluppo di competenze professionali, la costruzione di sinergie innovative con le attivit\u00e0 produttive, opportunit\u00e0 occupazionali e processi di integrazione design-driven tra ricerca e ICC, coniugando ricerca applicata e tecnologie digitali e abilitanti in un\u2019ottica di open innovation;<\/li>\n<li>un sistema di <b>spazi pubblici coperti e scoperti <\/b>integrati con tutte le funzioni presenti nel compendio, con l\u2019obiettivo di favorire la fruizione pubblica dell\u2019intero complesso.<\/li>\n<\/ul>\n<p>Il concorso \u00e8 stato lanciato nel giugno 2022 e si \u00e8 articolato in due fasi.<\/p>\n<ul>\n<li><b><\/b><b>Una prima fase di preselezione<\/b>, aperta a tutti coloro che soddisfacessero i requisiti di ammissione, a cui hanno partecipato 47 studi di progettazione, provenienti da 15 paesi europei.<span class=\"Apple-converted-space\">\u00a0<\/span><\/li>\n<li><b><\/b><b>Una seconda fase<\/b>, a cui hanno avuto accesso le sei migliori proposte, con la redazione degli elaborati progettuali e la <b>selezione del progetto vincitore<\/b>.<span class=\"Apple-converted-space\">\u00a0<\/span><\/li>\n<\/ul>\n[\/vc_column_text][vc_empty_space height=&#8221;52px&#8221;][vc_column_text el_class=&#8221;text&#8221;]\n<h3 class=\"title\">La commissione giudicatrice<\/h3>\n[\/vc_column_text][vc_empty_space height=&#8221;20px&#8221;][vc_column_text el_class=&#8221;text&#8221;]I progetti sono stati valutati da una commissione cos\u00ec composta:<\/p>\n<ul>\n<li>Presidente: Michele De Lucchi, architetto<\/li>\n<li>Alberto Anfossi, Segretario Generale Fondazione Compagnia di San Paolo<\/li>\n<li>Vittorio Magnago Lampugnani, Professore emerito di Storia della progettazione urbana, Swiss Federal Institute of Technology (ETH Z\u00fcrich)<\/li>\n<li>Elli Mosayebi, Professore associato di Architettura e Design, Swiss Federal Institute of Technology (ETH Z\u00fcrich)<\/li>\n<li>Luisa Papotti, gi\u00e0 Soprintendente Archeologia Belle Arti e Paesa\u2002 io per la Citt\u00e0 Metropolitana di Torino<\/li>\n<li>Francesco Profumo, Presidente Fondazione Compagnia di San Paolo<\/li>\n<li>Sara Whiting, Preside Facolt\u00e0 di Architettura, Harvard University Graduate School of Design<span class=\"Apple-converted-space\">\u00a0<\/span><\/li>\n<\/ul>\n[\/vc_column_text][vc_empty_space height=&#8221;52px&#8221;][vc_row_inner][vc_column_inner][vc_column_text el_class=&#8221;text&#8221;]\n<h3 class=\"title\">La classifica dei progetti<\/h3>\n[\/vc_column_text][\/vc_column_inner][\/vc_row_inner][vc_empty_space height=&#8221;20px&#8221;][vc_row_inner][vc_column_inner width=&#8221;1\/2&#8243;][vc_single_image image=&#8221;23767&#8243; img_size=&#8221;large&#8221;][vc_empty_space height=&#8221;10px&#8221;][vc_column_text el_class=&#8221;text&#8221;]<strong>1. La riforma della Cavallerizza Reale<\/strong><br \/>\nCZA &#8211; Cino Zucchi Architetti<br \/>\n<a href=\"\/it\/cino-zucchi-architetti\"><b>Approfondisci<\/b><\/a>[\/vc_column_text][\/vc_column_inner][vc_column_inner width=&#8221;1\/2&#8243;][vc_single_image image=&#8221;23775&#8243; img_size=&#8221;large&#8221;][vc_empty_space height=&#8221;10px&#8221;][vc_column_text el_class=&#8221;text&#8221;]<strong>2. Po\u00e9sie, changer peu pour tout changer<\/strong><br \/>\nLacaton &amp; Vassal Architects<br \/>\n<a href=\"\/it\/lacaton-vassal\"><b>Approfondisci<\/b><\/a>[\/vc_column_text][\/vc_column_inner][\/vc_row_inner][vc_empty_space height=&#8221;40px&#8221;][vc_row_inner][vc_column_inner width=&#8221;1\/2&#8243;][vc_single_image image=&#8221;23780&#8243; img_size=&#8221;large&#8221;][vc_empty_space height=&#8221;10px&#8221;][vc_column_text el_class=&#8221;text&#8221;]<strong>3. Armature e atmosfere<\/strong><br \/>\nCaruso St Jones Architects<br \/>\n<a href=\"\/it\/caruso-st-john\"><b>Approfondisci<\/b><\/a>[\/vc_column_text][\/vc_column_inner][vc_column_inner width=&#8221;1\/2&#8243;][vc_single_image image=&#8221;23785&#8243; img_size=&#8221;large&#8221;][vc_empty_space height=&#8221;10px&#8221;][vc_column_text el_class=&#8221;text&#8221;]<strong>4. Cavallerizza Etcetera<\/strong><br \/>\nArchitecten Jan de Vylder Inge Vinck<br \/>\n<a href=\"\/it\/jan-de-vylder-inge-vinck\"><b>Approfondisci<\/b><\/a>[\/vc_column_text][\/vc_column_inner][\/vc_row_inner][vc_empty_space height=&#8221;40px&#8221;][vc_row_inner][vc_column_inner width=&#8221;1\/2&#8243;][vc_single_image image=&#8221;23791&#8243; img_size=&#8221;large&#8221;][vc_empty_space height=&#8221;10px&#8221;][vc_column_text el_class=&#8221;text&#8221;]<strong>5. Un nuovo giorno per la Cavallerizza<\/strong><br \/>\nGuicciardini e Magni Architetti<br \/>\n<a href=\"\/it\/guicciardini-magni\"><b>Approfondisci<\/b><\/a>[\/vc_column_text][\/vc_column_inner][vc_column_inner width=&#8221;1\/2&#8243;][vc_single_image image=&#8221;23797&#8243; img_size=&#8221;large&#8221;][vc_empty_space height=&#8221;10px&#8221;][vc_column_text el_class=&#8221;text&#8221;]<strong>6. A new light for Cavallerizza<\/strong><br \/>\nBalance Architettura<br \/>\n<a href=\"\/it\/balance-architettura\"><b>Approfondisci<\/b><\/a>[\/vc_column_text][\/vc_column_inner][\/vc_row_inner][vc_row_inner][vc_column_inner][vc_empty_space height=&#8221;52px&#8221;][\/vc_column_inner][\/vc_row_inner][vc_row_inner][vc_column_inner][vc_column_text el_class=&#8221;text&#8221;]\n<h3 class=\"title\">Il concorso per la Cavallerizza in mostra dal 28 giugno al 30 novembre 2023<\/h3>\n[\/vc_column_text][vc_empty_space height=&#8221;20px&#8221;][\/vc_column_inner][\/vc_row_inner][vc_column_text el_class=&#8221;text&#8221;]La mostra allestita sotto il <b>portico dell\u2019Ala del Mosca<\/b> racconta lo sforzo progettuale alla base della prossima riqualificazione del complesso, illustrando le <b>sei proposte che hanno partecipato al concorso di progettazione<\/b>. Una promenade architecturale, accessibile a tutti, che documenta l\u2019elaborazione di sei possibili scenari futuri per la Cavallerizza, il confronto tra approcci e linguaggi anche molto diversi, e la scelta della proposta ritenuta pi\u00f9 adeguata per quello che sar\u00e0 un polo culturale di alto rango nel cuore della citt\u00e0.[\/vc_column_text][\/vc_column][\/vc_row][vc_row disable_element=&#8221;yes&#8221; el_class=&#8221;sdg-list-wrap&#8221;][vc_column][vc_column_text el_class=&#8221;sdg-intro&#8221;]\n<h3 class=\"title\">Questo progetto contribuisce al raggiungimento dei seguenti Obiettivi di Sviluppo Sostenibile<\/h3>\n[\/vc_column_text][vc_raw_html]JTVCbW9zdHJhU0RHUyU1RA==[\/vc_raw_html][\/vc_column][\/vc_row][vc_row][vc_column][vc_raw_html]JTVCU2V6aW9uZV9Eb2N1bWVudGklNUQ=[\/vc_raw_html][\/vc_column][\/vc_row][vc_row][vc_column][vc_raw_html]JTVCZGlzZWduYV9jb3JyZWxhdGklNUQ=[\/vc_raw_html][\/vc_column][\/vc_row][\/vc_section]\n<\/div>","protected":false},"featured_media":15474,"menu_order":0,"template":"","meta":{"_acf_changed":false,"content-type":""},"tags":[],"class_list":["post-23681","progetti","type-progetti","status-publish","has-post-thumbnail","hentry","entry","post-inner"],"acf":[],"yoast_head":"<!-- This site is optimized with the Yoast SEO plugin v27.3 - https:\/\/yoast.com\/product\/yoast-seo-wordpress\/ -->\n<title>Citt\u00e0 nella Citt\u00e0 - Sei progetti per la Cavallerizza Reale di Torino - Fondazione Compagnia di San Paolo<\/title>\n<meta name=\"robots\" content=\"index, follow, max-snippet:-1, max-image-preview:large, max-video-preview:-1\" \/>\n<link rel=\"canonical\" href=\"https:\/\/www.compagniadisanpaolo.it\/it\/progetti\/citta-nella-citta-sei-progetti-per-la-cavallerizza-reale-di-torino\/\" \/>\n<meta property=\"og:locale\" content=\"it_IT\" \/>\n<meta property=\"og:type\" content=\"article\" \/>\n<meta property=\"og:title\" content=\"Citt\u00e0 nella Citt\u00e0 - Sei progetti per la Cavallerizza Reale di Torino - Fondazione Compagnia di San Paolo\" \/>\n<meta property=\"og:description\" content=\"[vc_section][vc_row el_class=&#8221;txt-col mt-5 mb-3&#8243;][vc_column][vc_column_text] Documentare il processo di trasformazione di Cavallerizza \u00e8 uno dei primi passi per iniziare a restituire ai cittadini questo luogo dal grande potenziale urbano. [\/vc_column_text][\/vc_column][\/vc_row][vc_row][vc_column][vc_column_text] [\/vc_column_text][\/vc_column][\/vc_row][vc_row el_class=&#8221;page-content&#8221;][vc_column][vc_column_text el_class=&#8221;text&#8221;]Missione: Creare attrattivit\u00e0 Nata come Zona di Comando delle operazioni governative e militari sabaude, la Cavallerizza Reale viene concepita a partire dalla met\u00e0 del \u2018600 da Amedeo di Castellamonte come ampliamento del complesso di Palazzo Reale. Nel corso della sua storia, l&#8217;edificio attraversa varie fasi di trasformazione architettonica, fino agli anni &#8217;90 del XX secolo, in cui alcune aree diventano palcoscenico per spettacoli di performing arts, mostre, eventi culturali nonch\u00e9 spazi di partecipazione civica e coprogettazioni creative.[\/vc_column_text][vc_empty_space height=&#8221;52px&#8221;][vc_column_text el_class=&#8221;text&#8221;] Trasformazione della Cavallerizza Reale [\/vc_column_text][vc_empty_space height=&#8221;20px&#8221;][vc_column_text el_class=&#8221;text&#8221;] La Cavallerizza Reale \u00e8 oggi al centro di una volont\u00e0 condivisa tra tutte le istituzioni di trasformarla in un polo di innovazione culturale tra i pi\u00f9 grandi in Europa, capace di restituire a Torino una parte fondamentale del proprio centro storico. Il progetto unitario di riqualificazione, quindi, \u00e8 stato fin da subito riconosciuto come un\u2019occasione di innovazione urbana e di dialogo virtuoso tra soggetti pubblici e privati, al fine di favorire la rigenerazione culturale e nuova socialit\u00e0 del patrimonio storico artistico di un bene tutelato dall\u2019UNESCO. In tale prospettiva \u00e8 stato previsto un concorso che, anche in relazione con la storia secolare delle istituzioni che lo hanno proposto, sia in grado di offrire a Torino un segno architettonico autorevole e riconoscibile, che diventi punto di riferimento per le attivit\u00e0 culturali e turistiche del territorio. [\/vc_column_text][vc_empty_space height=&#8221;52px&#8221;][vc_column_text el_class=&#8221;text&#8221;] Il concorso per progettare la riqualificazione della Cavallerizza Reale [\/vc_column_text][vc_empty_space height=&#8221;20px&#8221;][vc_column_text el_class=&#8221;text&#8221;]La competizione \u00e8 stata indetta dalla Fondazione Compagnia San Paolo con l\u2019Universit\u00e0 degli Studi di Torino e la Citt\u00e0 di Torino, in accordo con Cassa Depositi e Prestiti, l\u2019Ordine degli Architetti di Torino e Milano e la Fondazione per l\u2019architettura\/Torino. L\u2019obiettivo condiviso da Universit\u00e0 e Fondazione Compagnia di San Paolo \u00e8 recuperare l\u2019ispirazione e la trama di connessioni settecentesche in un progetto unitario in grado di offrire ai cittadini nuove corti, nuovi percorsi pedonali per attraversare il centro storico e un nuovo accesso ai Giardini Reali. Il progetto, inoltre, prevede l\u2019insediamento di nuove funzioni culturali, formative, ricettive, sociali e terziarie. Sar\u00e0 realizzato nel segno della sostenibilit\u00e0 e con l\u2019ausilio delle tecnologie pi\u00f9 avanzate coerentemente con le indicazioni del Piano Regolatore e con il Progetto Unitario di Riqualificazione approvato dal Consiglio Comunale di Torino, incrementandone significativamente la porzione a fruizione pubblica. Per questo motivo, \u00e8 stato chiesto di presentare progetti che avessero una serie di obiettivi condivisi: l&#8217;inserimento di moderni spazi lavorativi ai piani superiori della sede della Fondazione Compagnia di San Paolo nell\u2019Ala del Mosca e la valorizzazionedegli spazi monumentali e voltati al piano terreno, in costante relazione con il contesto urbano; un hub culturale nelle Pagliere; uno spazio culturale polivalente nella Cavallerizza Alfieriana; nel Corpo delle Guardie, un Research Node dell\u2019Universit\u00e0 degli Studi di Torino nell\u2019ambito della Cultura, Creativit\u00e0 ed Arte, per favorire lo sviluppo di competenze professionali, la costruzione di sinergie innovative con le attivit\u00e0 produttive, opportunit\u00e0 occupazionali e processi di integrazione design-driven tra ricerca e ICC, coniugando ricerca applicata e tecnologie digitali e abilitanti in un\u2019ottica di open innovation; un sistema di spazi pubblici coperti e scoperti integrati con tutte le funzioni presenti nel compendio, con l\u2019obiettivo di favorire la fruizione pubblica dell\u2019intero complesso. Il concorso \u00e8 stato lanciato nel giugno 2022 e si \u00e8 articolato in due fasi. Una prima fase di preselezione, aperta a tutti coloro che soddisfacessero i requisiti di ammissione, a cui hanno partecipato 47 studi di progettazione, provenienti da 15 paesi europei.\u00a0 Una seconda fase, a cui hanno avuto accesso le sei migliori proposte, con la redazione degli elaborati progettuali e la selezione del progetto vincitore.\u00a0 [\/vc_column_text][vc_empty_space height=&#8221;52px&#8221;][vc_column_text el_class=&#8221;text&#8221;] La commissione giudicatrice [\/vc_column_text][vc_empty_space height=&#8221;20px&#8221;][vc_column_text el_class=&#8221;text&#8221;]I progetti sono stati valutati da una commissione cos\u00ec composta: Presidente: Michele De Lucchi, architetto Alberto Anfossi, Segretario Generale Fondazione Compagnia di San Paolo Vittorio Magnago Lampugnani, Professore emerito di Storia della progettazione urbana, Swiss Federal Institute of Technology (ETH Z\u00fcrich) Elli Mosayebi, Professore associato di Architettura e Design, Swiss Federal Institute of Technology (ETH Z\u00fcrich) Luisa Papotti, gi\u00e0 Soprintendente Archeologia Belle Arti e Paesa\u2002 io per la Citt\u00e0 Metropolitana di Torino Francesco Profumo, Presidente Fondazione Compagnia di San Paolo Sara Whiting, Preside Facolt\u00e0 di Architettura, Harvard University Graduate School of Design\u00a0 [\/vc_column_text][vc_empty_space height=&#8221;52px&#8221;][vc_row_inner][vc_column_inner][vc_column_text el_class=&#8221;text&#8221;] La classifica dei progetti [\/vc_column_text][\/vc_column_inner][\/vc_row_inner][vc_empty_space height=&#8221;20px&#8221;][vc_row_inner][vc_column_inner width=&#8221;1\/2&#8243;][vc_single_image image=&#8221;23767&#8243; img_size=&#8221;large&#8221;][vc_empty_space height=&#8221;10px&#8221;][vc_column_text el_class=&#8221;text&#8221;]1. La riforma della Cavallerizza Reale CZA &#8211; Cino Zucchi Architetti Approfondisci[\/vc_column_text][\/vc_column_inner][vc_column_inner width=&#8221;1\/2&#8243;][vc_single_image image=&#8221;23775&#8243; img_size=&#8221;large&#8221;][vc_empty_space height=&#8221;10px&#8221;][vc_column_text el_class=&#8221;text&#8221;]2. Po\u00e9sie, changer peu pour tout changer Lacaton &amp; Vassal Architects Approfondisci[\/vc_column_text][\/vc_column_inner][\/vc_row_inner][vc_empty_space height=&#8221;40px&#8221;][vc_row_inner][vc_column_inner width=&#8221;1\/2&#8243;][vc_single_image image=&#8221;23780&#8243; img_size=&#8221;large&#8221;][vc_empty_space height=&#8221;10px&#8221;][vc_column_text el_class=&#8221;text&#8221;]3. Armature e atmosfere Caruso St Jones Architects Approfondisci[\/vc_column_text][\/vc_column_inner][vc_column_inner width=&#8221;1\/2&#8243;][vc_single_image image=&#8221;23785&#8243; img_size=&#8221;large&#8221;][vc_empty_space height=&#8221;10px&#8221;][vc_column_text el_class=&#8221;text&#8221;]4. Cavallerizza Etcetera Architecten Jan de Vylder Inge Vinck Approfondisci[\/vc_column_text][\/vc_column_inner][\/vc_row_inner][vc_empty_space height=&#8221;40px&#8221;][vc_row_inner][vc_column_inner width=&#8221;1\/2&#8243;][vc_single_image image=&#8221;23791&#8243; img_size=&#8221;large&#8221;][vc_empty_space height=&#8221;10px&#8221;][vc_column_text el_class=&#8221;text&#8221;]5. Un nuovo giorno per la Cavallerizza Guicciardini e Magni Architetti Approfondisci[\/vc_column_text][\/vc_column_inner][vc_column_inner width=&#8221;1\/2&#8243;][vc_single_image image=&#8221;23797&#8243; img_size=&#8221;large&#8221;][vc_empty_space height=&#8221;10px&#8221;][vc_column_text el_class=&#8221;text&#8221;]6. A new light for Cavallerizza Balance Architettura Approfondisci[\/vc_column_text][\/vc_column_inner][\/vc_row_inner][vc_row_inner][vc_column_inner][vc_empty_space height=&#8221;52px&#8221;][\/vc_column_inner][\/vc_row_inner][vc_row_inner][vc_column_inner][vc_column_text el_class=&#8221;text&#8221;] Il concorso per la Cavallerizza in mostra dal 28 giugno al 30 novembre 2023 [\/vc_column_text][vc_empty_space height=&#8221;20px&#8221;][\/vc_column_inner][\/vc_row_inner][vc_column_text el_class=&#8221;text&#8221;]La mostra allestita sotto il portico dell\u2019Ala del Mosca racconta lo sforzo progettuale alla base della prossima riqualificazione del complesso, illustrando le sei proposte che hanno partecipato al concorso di progettazione. Una promenade architecturale, accessibile a tutti, che documenta l\u2019elaborazione di sei possibili scenari futuri per la Cavallerizza, il confronto tra approcci e linguaggi anche molto diversi, e la scelta della proposta ritenuta pi\u00f9 adeguata per quello che sar\u00e0 un polo culturale di alto rango nel cuore della citt\u00e0.[\/vc_column_text][\/vc_column][\/vc_row][vc_row disable_element=&#8221;yes&#8221; el_class=&#8221;sdg-list-wrap&#8221;][vc_column][vc_column_text el_class=&#8221;sdg-intro&#8221;] Questo progetto contribuisce al raggiungimento dei seguenti Obiettivi di Sviluppo Sostenibile [\/vc_column_text][vc_raw_html]JTVCbW9zdHJhU0RHUyU1RA==[\/vc_raw_html][\/vc_column][\/vc_row][vc_row][vc_column][vc_raw_html]JTVCU2V6aW9uZV9Eb2N1bWVudGklNUQ=[\/vc_raw_html][\/vc_column][\/vc_row][vc_row][vc_column][vc_raw_html]JTVCZGlzZWduYV9jb3JyZWxhdGklNUQ=[\/vc_raw_html][\/vc_column][\/vc_row][\/vc_section]\" \/>\n<meta property=\"og:url\" content=\"https:\/\/www.compagniadisanpaolo.it\/it\/progetti\/citta-nella-citta-sei-progetti-per-la-cavallerizza-reale-di-torino\/\" \/>\n<meta property=\"og:site_name\" content=\"Fondazione Compagnia di San Paolo\" \/>\n<meta property=\"article:publisher\" content=\"https:\/\/www.facebook.com\/CompagniaDiSanPaolo\" \/>\n<meta property=\"article:modified_time\" content=\"2023-06-27T16:13:56+00:00\" \/>\n<meta property=\"og:image\" content=\"https:\/\/www.compagniadisanpaolo.it\/wp-content\/uploads\/cavallerizza-slide-DESK.jpg\" \/>\n\t<meta property=\"og:image:width\" content=\"817\" \/>\n\t<meta property=\"og:image:height\" content=\"494\" \/>\n\t<meta property=\"og:image:type\" content=\"image\/jpeg\" \/>\n<meta name=\"twitter:card\" content=\"summary_large_image\" \/>\n<meta name=\"twitter:site\" content=\"@CSP_live\" \/>\n<meta name=\"twitter:label1\" content=\"Tempo di lettura stimato\" \/>\n\t<meta name=\"twitter:data1\" content=\"6 minuti\" \/>\n<script type=\"application\/ld+json\" class=\"yoast-schema-graph\">{\"@context\":\"https:\\\/\\\/schema.org\",\"@graph\":[{\"@type\":\"WebPage\",\"@id\":\"https:\\\/\\\/www.compagniadisanpaolo.it\\\/it\\\/progetti\\\/citta-nella-citta-sei-progetti-per-la-cavallerizza-reale-di-torino\\\/\",\"url\":\"https:\\\/\\\/www.compagniadisanpaolo.it\\\/it\\\/progetti\\\/citta-nella-citta-sei-progetti-per-la-cavallerizza-reale-di-torino\\\/\",\"name\":\"Citt\u00e0 nella Citt\u00e0 - Sei progetti per la Cavallerizza Reale di Torino - Fondazione Compagnia di San Paolo\",\"isPartOf\":{\"@id\":\"https:\\\/\\\/www.compagniadisanpaolo.it\\\/it\\\/#website\"},\"primaryImageOfPage\":{\"@id\":\"https:\\\/\\\/www.compagniadisanpaolo.it\\\/it\\\/progetti\\\/citta-nella-citta-sei-progetti-per-la-cavallerizza-reale-di-torino\\\/#primaryimage\"},\"image\":{\"@id\":\"https:\\\/\\\/www.compagniadisanpaolo.it\\\/it\\\/progetti\\\/citta-nella-citta-sei-progetti-per-la-cavallerizza-reale-di-torino\\\/#primaryimage\"},\"thumbnailUrl\":\"https:\\\/\\\/www.compagniadisanpaolo.it\\\/wp-content\\\/uploads\\\/cavallerizza-slide-DESK.jpg\",\"datePublished\":\"2023-06-27T15:49:33+00:00\",\"dateModified\":\"2023-06-27T16:13:56+00:00\",\"breadcrumb\":{\"@id\":\"https:\\\/\\\/www.compagniadisanpaolo.it\\\/it\\\/progetti\\\/citta-nella-citta-sei-progetti-per-la-cavallerizza-reale-di-torino\\\/#breadcrumb\"},\"inLanguage\":\"it-IT\",\"potentialAction\":[{\"@type\":\"ReadAction\",\"target\":[\"https:\\\/\\\/www.compagniadisanpaolo.it\\\/it\\\/progetti\\\/citta-nella-citta-sei-progetti-per-la-cavallerizza-reale-di-torino\\\/\"]}]},{\"@type\":\"ImageObject\",\"inLanguage\":\"it-IT\",\"@id\":\"https:\\\/\\\/www.compagniadisanpaolo.it\\\/it\\\/progetti\\\/citta-nella-citta-sei-progetti-per-la-cavallerizza-reale-di-torino\\\/#primaryimage\",\"url\":\"https:\\\/\\\/www.compagniadisanpaolo.it\\\/wp-content\\\/uploads\\\/cavallerizza-slide-DESK.jpg\",\"contentUrl\":\"https:\\\/\\\/www.compagniadisanpaolo.it\\\/wp-content\\\/uploads\\\/cavallerizza-slide-DESK.jpg\",\"width\":817,\"height\":494},{\"@type\":\"BreadcrumbList\",\"@id\":\"https:\\\/\\\/www.compagniadisanpaolo.it\\\/it\\\/progetti\\\/citta-nella-citta-sei-progetti-per-la-cavallerizza-reale-di-torino\\\/#breadcrumb\",\"itemListElement\":[{\"@type\":\"ListItem\",\"position\":1,\"name\":\"Home\",\"item\":\"https:\\\/\\\/www.compagniadisanpaolo.it\\\/it\\\/\"},{\"@type\":\"ListItem\",\"position\":2,\"name\":\"Citt\u00e0 nella Citt\u00e0 &#8211; Sei progetti per la Cavallerizza Reale di Torino\"}]},{\"@type\":\"WebSite\",\"@id\":\"https:\\\/\\\/www.compagniadisanpaolo.it\\\/it\\\/#website\",\"url\":\"https:\\\/\\\/www.compagniadisanpaolo.it\\\/it\\\/\",\"name\":\"Fondazione Compagnia di San Paolo\",\"description\":\"\",\"publisher\":{\"@id\":\"https:\\\/\\\/www.compagniadisanpaolo.it\\\/it\\\/#organization\"},\"potentialAction\":[{\"@type\":\"SearchAction\",\"target\":{\"@type\":\"EntryPoint\",\"urlTemplate\":\"https:\\\/\\\/www.compagniadisanpaolo.it\\\/it\\\/?s={search_term_string}\"},\"query-input\":{\"@type\":\"PropertyValueSpecification\",\"valueRequired\":true,\"valueName\":\"search_term_string\"}}],\"inLanguage\":\"it-IT\"},{\"@type\":\"Organization\",\"@id\":\"https:\\\/\\\/www.compagniadisanpaolo.it\\\/it\\\/#organization\",\"name\":\"Fondazione Compagnia di San Paolo\",\"url\":\"https:\\\/\\\/www.compagniadisanpaolo.it\\\/it\\\/\",\"logo\":{\"@type\":\"ImageObject\",\"inLanguage\":\"it-IT\",\"@id\":\"https:\\\/\\\/www.compagniadisanpaolo.it\\\/it\\\/#\\\/schema\\\/logo\\\/image\\\/\",\"url\":\"https:\\\/\\\/www.compagniadisanpaolo.it\\\/wp-content\\\/uploads\\\/logo.svg\",\"contentUrl\":\"https:\\\/\\\/www.compagniadisanpaolo.it\\\/wp-content\\\/uploads\\\/logo.svg\",\"width\":769,\"height\":323,\"caption\":\"Fondazione Compagnia di San Paolo\"},\"image\":{\"@id\":\"https:\\\/\\\/www.compagniadisanpaolo.it\\\/it\\\/#\\\/schema\\\/logo\\\/image\\\/\"},\"sameAs\":[\"https:\\\/\\\/www.facebook.com\\\/CompagniaDiSanPaolo\",\"https:\\\/\\\/x.com\\\/CSP_live\",\"http:\\\/\\\/instagram.com\\\/compagniadisanpaolo?ref=badge\",\"https:\\\/\\\/www.linkedin.com\\\/company\\\/compagnia-di-san-paolo\",\"https:\\\/\\\/www.youtube.com\\\/user\\\/compagniadisanpaolo\",\"https:\\\/\\\/it.wikipedia.org\\\/wiki\\\/Compagnia_di_San_Paolo\"]}]}<\/script>\n<!-- \/ Yoast SEO plugin. -->","yoast_head_json":{"title":"Citt\u00e0 nella Citt\u00e0 - Sei progetti per la Cavallerizza Reale di Torino - Fondazione Compagnia di San Paolo","robots":{"index":"index","follow":"follow","max-snippet":"max-snippet:-1","max-image-preview":"max-image-preview:large","max-video-preview":"max-video-preview:-1"},"canonical":"https:\/\/www.compagniadisanpaolo.it\/it\/progetti\/citta-nella-citta-sei-progetti-per-la-cavallerizza-reale-di-torino\/","og_locale":"it_IT","og_type":"article","og_title":"Citt\u00e0 nella Citt\u00e0 - Sei progetti per la Cavallerizza Reale di Torino - Fondazione Compagnia di San Paolo","og_description":"[vc_section][vc_row el_class=&#8221;txt-col mt-5 mb-3&#8243;][vc_column][vc_column_text] Documentare il processo di trasformazione di Cavallerizza \u00e8 uno dei primi passi per iniziare a restituire ai cittadini questo luogo dal grande potenziale urbano. [\/vc_column_text][\/vc_column][\/vc_row][vc_row][vc_column][vc_column_text] [\/vc_column_text][\/vc_column][\/vc_row][vc_row el_class=&#8221;page-content&#8221;][vc_column][vc_column_text el_class=&#8221;text&#8221;]Missione: Creare attrattivit\u00e0 Nata come Zona di Comando delle operazioni governative e militari sabaude, la Cavallerizza Reale viene concepita a partire dalla met\u00e0 del \u2018600 da Amedeo di Castellamonte come ampliamento del complesso di Palazzo Reale. Nel corso della sua storia, l&#8217;edificio attraversa varie fasi di trasformazione architettonica, fino agli anni &#8217;90 del XX secolo, in cui alcune aree diventano palcoscenico per spettacoli di performing arts, mostre, eventi culturali nonch\u00e9 spazi di partecipazione civica e coprogettazioni creative.[\/vc_column_text][vc_empty_space height=&#8221;52px&#8221;][vc_column_text el_class=&#8221;text&#8221;] Trasformazione della Cavallerizza Reale [\/vc_column_text][vc_empty_space height=&#8221;20px&#8221;][vc_column_text el_class=&#8221;text&#8221;] La Cavallerizza Reale \u00e8 oggi al centro di una volont\u00e0 condivisa tra tutte le istituzioni di trasformarla in un polo di innovazione culturale tra i pi\u00f9 grandi in Europa, capace di restituire a Torino una parte fondamentale del proprio centro storico. Il progetto unitario di riqualificazione, quindi, \u00e8 stato fin da subito riconosciuto come un\u2019occasione di innovazione urbana e di dialogo virtuoso tra soggetti pubblici e privati, al fine di favorire la rigenerazione culturale e nuova socialit\u00e0 del patrimonio storico artistico di un bene tutelato dall\u2019UNESCO. In tale prospettiva \u00e8 stato previsto un concorso che, anche in relazione con la storia secolare delle istituzioni che lo hanno proposto, sia in grado di offrire a Torino un segno architettonico autorevole e riconoscibile, che diventi punto di riferimento per le attivit\u00e0 culturali e turistiche del territorio. [\/vc_column_text][vc_empty_space height=&#8221;52px&#8221;][vc_column_text el_class=&#8221;text&#8221;] Il concorso per progettare la riqualificazione della Cavallerizza Reale [\/vc_column_text][vc_empty_space height=&#8221;20px&#8221;][vc_column_text el_class=&#8221;text&#8221;]La competizione \u00e8 stata indetta dalla Fondazione Compagnia San Paolo con l\u2019Universit\u00e0 degli Studi di Torino e la Citt\u00e0 di Torino, in accordo con Cassa Depositi e Prestiti, l\u2019Ordine degli Architetti di Torino e Milano e la Fondazione per l\u2019architettura\/Torino. L\u2019obiettivo condiviso da Universit\u00e0 e Fondazione Compagnia di San Paolo \u00e8 recuperare l\u2019ispirazione e la trama di connessioni settecentesche in un progetto unitario in grado di offrire ai cittadini nuove corti, nuovi percorsi pedonali per attraversare il centro storico e un nuovo accesso ai Giardini Reali. Il progetto, inoltre, prevede l\u2019insediamento di nuove funzioni culturali, formative, ricettive, sociali e terziarie. Sar\u00e0 realizzato nel segno della sostenibilit\u00e0 e con l\u2019ausilio delle tecnologie pi\u00f9 avanzate coerentemente con le indicazioni del Piano Regolatore e con il Progetto Unitario di Riqualificazione approvato dal Consiglio Comunale di Torino, incrementandone significativamente la porzione a fruizione pubblica. Per questo motivo, \u00e8 stato chiesto di presentare progetti che avessero una serie di obiettivi condivisi: l&#8217;inserimento di moderni spazi lavorativi ai piani superiori della sede della Fondazione Compagnia di San Paolo nell\u2019Ala del Mosca e la valorizzazionedegli spazi monumentali e voltati al piano terreno, in costante relazione con il contesto urbano; un hub culturale nelle Pagliere; uno spazio culturale polivalente nella Cavallerizza Alfieriana; nel Corpo delle Guardie, un Research Node dell\u2019Universit\u00e0 degli Studi di Torino nell\u2019ambito della Cultura, Creativit\u00e0 ed Arte, per favorire lo sviluppo di competenze professionali, la costruzione di sinergie innovative con le attivit\u00e0 produttive, opportunit\u00e0 occupazionali e processi di integrazione design-driven tra ricerca e ICC, coniugando ricerca applicata e tecnologie digitali e abilitanti in un\u2019ottica di open innovation; un sistema di spazi pubblici coperti e scoperti integrati con tutte le funzioni presenti nel compendio, con l\u2019obiettivo di favorire la fruizione pubblica dell\u2019intero complesso. Il concorso \u00e8 stato lanciato nel giugno 2022 e si \u00e8 articolato in due fasi. Una prima fase di preselezione, aperta a tutti coloro che soddisfacessero i requisiti di ammissione, a cui hanno partecipato 47 studi di progettazione, provenienti da 15 paesi europei.\u00a0 Una seconda fase, a cui hanno avuto accesso le sei migliori proposte, con la redazione degli elaborati progettuali e la selezione del progetto vincitore.\u00a0 [\/vc_column_text][vc_empty_space height=&#8221;52px&#8221;][vc_column_text el_class=&#8221;text&#8221;] La commissione giudicatrice [\/vc_column_text][vc_empty_space height=&#8221;20px&#8221;][vc_column_text el_class=&#8221;text&#8221;]I progetti sono stati valutati da una commissione cos\u00ec composta: Presidente: Michele De Lucchi, architetto Alberto Anfossi, Segretario Generale Fondazione Compagnia di San Paolo Vittorio Magnago Lampugnani, Professore emerito di Storia della progettazione urbana, Swiss Federal Institute of Technology (ETH Z\u00fcrich) Elli Mosayebi, Professore associato di Architettura e Design, Swiss Federal Institute of Technology (ETH Z\u00fcrich) Luisa Papotti, gi\u00e0 Soprintendente Archeologia Belle Arti e Paesa\u2002 io per la Citt\u00e0 Metropolitana di Torino Francesco Profumo, Presidente Fondazione Compagnia di San Paolo Sara Whiting, Preside Facolt\u00e0 di Architettura, Harvard University Graduate School of Design\u00a0 [\/vc_column_text][vc_empty_space height=&#8221;52px&#8221;][vc_row_inner][vc_column_inner][vc_column_text el_class=&#8221;text&#8221;] La classifica dei progetti [\/vc_column_text][\/vc_column_inner][\/vc_row_inner][vc_empty_space height=&#8221;20px&#8221;][vc_row_inner][vc_column_inner width=&#8221;1\/2&#8243;][vc_single_image image=&#8221;23767&#8243; img_size=&#8221;large&#8221;][vc_empty_space height=&#8221;10px&#8221;][vc_column_text el_class=&#8221;text&#8221;]1. La riforma della Cavallerizza Reale CZA &#8211; Cino Zucchi Architetti Approfondisci[\/vc_column_text][\/vc_column_inner][vc_column_inner width=&#8221;1\/2&#8243;][vc_single_image image=&#8221;23775&#8243; img_size=&#8221;large&#8221;][vc_empty_space height=&#8221;10px&#8221;][vc_column_text el_class=&#8221;text&#8221;]2. Po\u00e9sie, changer peu pour tout changer Lacaton &amp; Vassal Architects Approfondisci[\/vc_column_text][\/vc_column_inner][\/vc_row_inner][vc_empty_space height=&#8221;40px&#8221;][vc_row_inner][vc_column_inner width=&#8221;1\/2&#8243;][vc_single_image image=&#8221;23780&#8243; img_size=&#8221;large&#8221;][vc_empty_space height=&#8221;10px&#8221;][vc_column_text el_class=&#8221;text&#8221;]3. Armature e atmosfere Caruso St Jones Architects Approfondisci[\/vc_column_text][\/vc_column_inner][vc_column_inner width=&#8221;1\/2&#8243;][vc_single_image image=&#8221;23785&#8243; img_size=&#8221;large&#8221;][vc_empty_space height=&#8221;10px&#8221;][vc_column_text el_class=&#8221;text&#8221;]4. Cavallerizza Etcetera Architecten Jan de Vylder Inge Vinck Approfondisci[\/vc_column_text][\/vc_column_inner][\/vc_row_inner][vc_empty_space height=&#8221;40px&#8221;][vc_row_inner][vc_column_inner width=&#8221;1\/2&#8243;][vc_single_image image=&#8221;23791&#8243; img_size=&#8221;large&#8221;][vc_empty_space height=&#8221;10px&#8221;][vc_column_text el_class=&#8221;text&#8221;]5. Un nuovo giorno per la Cavallerizza Guicciardini e Magni Architetti Approfondisci[\/vc_column_text][\/vc_column_inner][vc_column_inner width=&#8221;1\/2&#8243;][vc_single_image image=&#8221;23797&#8243; img_size=&#8221;large&#8221;][vc_empty_space height=&#8221;10px&#8221;][vc_column_text el_class=&#8221;text&#8221;]6. A new light for Cavallerizza Balance Architettura Approfondisci[\/vc_column_text][\/vc_column_inner][\/vc_row_inner][vc_row_inner][vc_column_inner][vc_empty_space height=&#8221;52px&#8221;][\/vc_column_inner][\/vc_row_inner][vc_row_inner][vc_column_inner][vc_column_text el_class=&#8221;text&#8221;] Il concorso per la Cavallerizza in mostra dal 28 giugno al 30 novembre 2023 [\/vc_column_text][vc_empty_space height=&#8221;20px&#8221;][\/vc_column_inner][\/vc_row_inner][vc_column_text el_class=&#8221;text&#8221;]La mostra allestita sotto il portico dell\u2019Ala del Mosca racconta lo sforzo progettuale alla base della prossima riqualificazione del complesso, illustrando le sei proposte che hanno partecipato al concorso di progettazione. Una promenade architecturale, accessibile a tutti, che documenta l\u2019elaborazione di sei possibili scenari futuri per la Cavallerizza, il confronto tra approcci e linguaggi anche molto diversi, e la scelta della proposta ritenuta pi\u00f9 adeguata per quello che sar\u00e0 un polo culturale di alto rango nel cuore della citt\u00e0.[\/vc_column_text][\/vc_column][\/vc_row][vc_row disable_element=&#8221;yes&#8221; el_class=&#8221;sdg-list-wrap&#8221;][vc_column][vc_column_text el_class=&#8221;sdg-intro&#8221;] Questo progetto contribuisce al raggiungimento dei seguenti Obiettivi di Sviluppo Sostenibile [\/vc_column_text][vc_raw_html]JTVCbW9zdHJhU0RHUyU1RA==[\/vc_raw_html][\/vc_column][\/vc_row][vc_row][vc_column][vc_raw_html]JTVCU2V6aW9uZV9Eb2N1bWVudGklNUQ=[\/vc_raw_html][\/vc_column][\/vc_row][vc_row][vc_column][vc_raw_html]JTVCZGlzZWduYV9jb3JyZWxhdGklNUQ=[\/vc_raw_html][\/vc_column][\/vc_row][\/vc_section]","og_url":"https:\/\/www.compagniadisanpaolo.it\/it\/progetti\/citta-nella-citta-sei-progetti-per-la-cavallerizza-reale-di-torino\/","og_site_name":"Fondazione Compagnia di San Paolo","article_publisher":"https:\/\/www.facebook.com\/CompagniaDiSanPaolo","article_modified_time":"2023-06-27T16:13:56+00:00","og_image":[{"width":817,"height":494,"url":"https:\/\/www.compagniadisanpaolo.it\/wp-content\/uploads\/cavallerizza-slide-DESK.jpg","type":"image\/jpeg"}],"twitter_card":"summary_large_image","twitter_site":"@CSP_live","twitter_misc":{"Tempo di lettura stimato":"6 minuti"},"schema":{"@context":"https:\/\/schema.org","@graph":[{"@type":"WebPage","@id":"https:\/\/www.compagniadisanpaolo.it\/it\/progetti\/citta-nella-citta-sei-progetti-per-la-cavallerizza-reale-di-torino\/","url":"https:\/\/www.compagniadisanpaolo.it\/it\/progetti\/citta-nella-citta-sei-progetti-per-la-cavallerizza-reale-di-torino\/","name":"Citt\u00e0 nella Citt\u00e0 - Sei progetti per la Cavallerizza Reale di Torino - Fondazione Compagnia di San Paolo","isPartOf":{"@id":"https:\/\/www.compagniadisanpaolo.it\/it\/#website"},"primaryImageOfPage":{"@id":"https:\/\/www.compagniadisanpaolo.it\/it\/progetti\/citta-nella-citta-sei-progetti-per-la-cavallerizza-reale-di-torino\/#primaryimage"},"image":{"@id":"https:\/\/www.compagniadisanpaolo.it\/it\/progetti\/citta-nella-citta-sei-progetti-per-la-cavallerizza-reale-di-torino\/#primaryimage"},"thumbnailUrl":"https:\/\/www.compagniadisanpaolo.it\/wp-content\/uploads\/cavallerizza-slide-DESK.jpg","datePublished":"2023-06-27T15:49:33+00:00","dateModified":"2023-06-27T16:13:56+00:00","breadcrumb":{"@id":"https:\/\/www.compagniadisanpaolo.it\/it\/progetti\/citta-nella-citta-sei-progetti-per-la-cavallerizza-reale-di-torino\/#breadcrumb"},"inLanguage":"it-IT","potentialAction":[{"@type":"ReadAction","target":["https:\/\/www.compagniadisanpaolo.it\/it\/progetti\/citta-nella-citta-sei-progetti-per-la-cavallerizza-reale-di-torino\/"]}]},{"@type":"ImageObject","inLanguage":"it-IT","@id":"https:\/\/www.compagniadisanpaolo.it\/it\/progetti\/citta-nella-citta-sei-progetti-per-la-cavallerizza-reale-di-torino\/#primaryimage","url":"https:\/\/www.compagniadisanpaolo.it\/wp-content\/uploads\/cavallerizza-slide-DESK.jpg","contentUrl":"https:\/\/www.compagniadisanpaolo.it\/wp-content\/uploads\/cavallerizza-slide-DESK.jpg","width":817,"height":494},{"@type":"BreadcrumbList","@id":"https:\/\/www.compagniadisanpaolo.it\/it\/progetti\/citta-nella-citta-sei-progetti-per-la-cavallerizza-reale-di-torino\/#breadcrumb","itemListElement":[{"@type":"ListItem","position":1,"name":"Home","item":"https:\/\/www.compagniadisanpaolo.it\/it\/"},{"@type":"ListItem","position":2,"name":"Citt\u00e0 nella Citt\u00e0 &#8211; Sei progetti per la Cavallerizza Reale di Torino"}]},{"@type":"WebSite","@id":"https:\/\/www.compagniadisanpaolo.it\/it\/#website","url":"https:\/\/www.compagniadisanpaolo.it\/it\/","name":"Fondazione Compagnia di San Paolo","description":"","publisher":{"@id":"https:\/\/www.compagniadisanpaolo.it\/it\/#organization"},"potentialAction":[{"@type":"SearchAction","target":{"@type":"EntryPoint","urlTemplate":"https:\/\/www.compagniadisanpaolo.it\/it\/?s={search_term_string}"},"query-input":{"@type":"PropertyValueSpecification","valueRequired":true,"valueName":"search_term_string"}}],"inLanguage":"it-IT"},{"@type":"Organization","@id":"https:\/\/www.compagniadisanpaolo.it\/it\/#organization","name":"Fondazione Compagnia di San Paolo","url":"https:\/\/www.compagniadisanpaolo.it\/it\/","logo":{"@type":"ImageObject","inLanguage":"it-IT","@id":"https:\/\/www.compagniadisanpaolo.it\/it\/#\/schema\/logo\/image\/","url":"https:\/\/www.compagniadisanpaolo.it\/wp-content\/uploads\/logo.svg","contentUrl":"https:\/\/www.compagniadisanpaolo.it\/wp-content\/uploads\/logo.svg","width":769,"height":323,"caption":"Fondazione Compagnia di San Paolo"},"image":{"@id":"https:\/\/www.compagniadisanpaolo.it\/it\/#\/schema\/logo\/image\/"},"sameAs":["https:\/\/www.facebook.com\/CompagniaDiSanPaolo","https:\/\/x.com\/CSP_live","http:\/\/instagram.com\/compagniadisanpaolo?ref=badge","https:\/\/www.linkedin.com\/company\/compagnia-di-san-paolo","https:\/\/www.youtube.com\/user\/compagniadisanpaolo","https:\/\/it.wikipedia.org\/wiki\/Compagnia_di_San_Paolo"]}]}},"_links":{"self":[{"href":"https:\/\/www.compagniadisanpaolo.it\/it\/wp-json\/wp\/v2\/progetti\/23681","targetHints":{"allow":["GET"]}}],"collection":[{"href":"https:\/\/www.compagniadisanpaolo.it\/it\/wp-json\/wp\/v2\/progetti"}],"about":[{"href":"https:\/\/www.compagniadisanpaolo.it\/it\/wp-json\/wp\/v2\/types\/progetti"}],"wp:featuredmedia":[{"embeddable":true,"href":"https:\/\/www.compagniadisanpaolo.it\/it\/wp-json\/wp\/v2\/media\/15474"}],"wp:attachment":[{"href":"https:\/\/www.compagniadisanpaolo.it\/it\/wp-json\/wp\/v2\/media?parent=23681"}],"wp:term":[{"taxonomy":"post_tag","embeddable":true,"href":"https:\/\/www.compagniadisanpaolo.it\/it\/wp-json\/wp\/v2\/tags?post=23681"}],"curies":[{"name":"wp","href":"https:\/\/api.w.org\/{rel}","templated":true}]}}