{"id":8292,"date":"2020-11-26T16:38:24","date_gmt":"2020-11-26T15:38:24","guid":{"rendered":"https:\/\/www.compagniadisanpaolo.it\/?page_id=8292"},"modified":"2020-12-01T16:43:20","modified_gmt":"2020-12-01T15:43:20","slug":"nomine-e-designazioni-in-organi-sociali","status":"publish","type":"page","link":"https:\/\/www.compagniadisanpaolo.it\/it\/nomine-e-designazioni-in-organi-sociali\/","title":{"rendered":"Nomine e designazioni in Organi Sociali"},"content":{"rendered":"<div class=\"wpb-content-wrapper\">[vc_row][vc_column][vc_column_text el_class=&#8221;text-headline2&#8243;]Enti e societ\u00e0 partecipate che rinnoveranno i propri Organi Sociali nel 2021 &#8211; Procedura di nomina e selezione.[\/vc_column_text][\/vc_column][\/vc_row][vc_row el_class=&#8221;txt-col&#8221;][vc_column][vc_column_text el_class=&#8221;text&#8221;]In questa pagina pubblichiamo l\u2019elenco degli Enti e delle Societ\u00e0 nei quali la Fondazione Compagnia di San Paolo ha potere di nomina\/designazione in Organi Sociali, i quali sono in scadenza nell\u2019anno 2021.<\/p>\n<p>In vista di tali rinnovi gli interessati possono presentare la propria candidatura inviando all\u2019indirizzo <a href=\"mailto:candidature@compagniadisanpaolo.it\" target=\"_blank\" rel=\"noopener noreferrer\">candidature@compagniadisanpaolo.it<\/a>\u00a0il proprio <strong>curriculum vitae<\/strong> &#8211; da compilare secondo il format in pdf allegato a questa pagina web \u2013 e copia di un <strong>documento d\u2019identit\u00e0<\/strong>.<\/p>\n<p>\u00c8 possibile candidarsi per un massimo di <strong>tre posizioni complessive<\/strong>. La candidatura deve essere presentata tramite un\u2019<strong>unica e-mail<\/strong>, nella quale occorre specificare per quale posizione ci si intende candidare in via prioritaria. Le <strong>candidature<\/strong> potranno essere presentate <strong>entro il 31 gennaio 2021<\/strong>. <strong>Non saranno prese in considerazione candidature pervenute dopo tale termine<\/strong>.<\/p>\n[\/vc_column_text][\/vc_column][\/vc_row][vc_row][vc_column][vc_column_text css=&#8221;.vc_custom_1606395626177{margin-bottom: 20px !important;}&#8221; el_class=&#8221;txt-col mt-5 mb-3&#8243;]\n<h3 class=\"title\">Processo di selezione e nomina\/designazione<\/h3>\n[\/vc_column_text][\/vc_column][\/vc_row][vc_row][vc_column el_class=&#8221;page-content&#8221;][vc_column_text el_class=&#8221;text&#8221; css=&#8221;.vc_custom_1606408531482{padding-top: 0px !important;}&#8221;]Nella ricerca, selezione e nomina\/designazione la Compagnia di San Paolo si avvale di un apposito Comitato Nomine e osserva <strong>specifici principi<\/strong>, quali:<\/p>\n<ul>\n<li>la preventiva <strong>pianificazione delle attivit\u00e0<\/strong>, con particolare riferimento alla definizione di adeguati profili per ciascuna posizione in funzione degli obiettivi strategici dell\u2019Ente o della Societ\u00e0 relativamente al mandato in oggetto;<\/li>\n<li>l\u2019impiego di <strong>modalit\u00e0 trasparenti<\/strong>;<\/li>\n<li>il richiamo alle <strong>best practice di mercato<\/strong>, laddove rilevanti e tenendo conto delle peculiarit\u00e0 della Compagnia di San Paolo.<\/li>\n<\/ul>\n<p>La ricerca e la selezione dei candidati per la carica possono essere effettuate anche con il supporto di societ\u00e0 di executive search.<\/p>\n<p>Il possesso dei requisiti di onorabilit\u00e0 e di professionalit\u00e0 e l\u2019insussistenza di situazioni di incompatibilit\u00e0\/ineleggibilit\u00e0 per l\u2019assunzione della carica sono accertati dalla Compagnia di San Paolo con l\u2019assistenza di uno studio legale.<\/p>\n<p>La nomina\/designazione viene deliberata dal <strong>Comitato di Gestione<\/strong> a suo insindacabile giudizio, contemplando sia le candidature pervenute entro il <strong>31 gennaio 2021<\/strong> sia profili interni alla Fondazione e ai propri Organi, laddove compatibili, sia ulteriori profili esterni.<\/p>\n<p>Il processo di ricerca e selezione tiene conto di <strong>specifici criteri<\/strong>, quali:<\/p>\n<p><strong>(i)<\/strong> laddove rilevante, la verifica preventiva dei <strong>requisiti di eleggibilit\u00e0<\/strong> previsti dalla normativa di riferimento per la specifica Societ\u00e0 o Ente (tra i quali, i requisiti di onorabilit\u00e0 e professionalit\u00e0, quelli di genere, l\u2019assenza di cause di incompatibilit\u00e0\/ineleggibilit\u00e0 e di conflitti di interesse, il rispetto dei limiti al cumulo degli incarichi, etc.);<\/p>\n<p><strong>(ii)<\/strong> il possesso di <strong>comprovate e qualificate competenze professionali<\/strong>, nonch\u00e9 di un numero di incarichi compatibile con l\u2019efficace svolgimento della carica, in relazione alle dimensioni, alla complessit\u00e0 e specificit\u00e0 dell\u2019Ente o della Societ\u00e0 partecipata considerati e del settore di attivit\u00e0 in cui esse operano;<\/p>\n<p><strong>(iii)<\/strong> l\u2019equilibrata combinazione di <strong>genere<\/strong>, <strong>competenze<\/strong> e <strong>professionalit\u00e0<\/strong>, finalizzata all\u2019adeguata composizione complessiva dell\u2019Organo;<\/p>\n<p><strong>(iv)<\/strong> l\u2019<strong>andamento gestionale<\/strong> dell\u2019Ente o della Societ\u00e0 (anche ispirandosi a una logica di Gruppo, per quanto riguarda gli Enti Strumentali);<\/p>\n<p><strong>(v)<\/strong> la presenza di<strong> profili interni<\/strong> (anche ispirandosi a una logica di Gruppo, per quanto riguarda gli Enti strumentali), individuati nel rispetto dei criteri indicati.<\/p>\n<p>Laddove rilevante, inoltre, si terr\u00e0 conto di eventuali <strong>raccomandazioni dell\u2019Organo uscente<\/strong> circa la composizione di quello nuovo.<\/p>\n<p>Nell\u2019ambito del suddetto processo, il Comitato Nomine:<\/p>\n<p><strong>(i)<\/strong> esamina con cadenza annuale le <strong>esigenze di rinnovo<\/strong> degli Organi Sociali degli Enti Strumentali, partecipati e non e delle Societ\u00e0 partecipate;<\/p>\n<p><strong>(ii)<\/strong> verifica il rispetto dei <strong>principi<\/strong>, del <strong>processo<\/strong> e dei <strong>criteri<\/strong> in materia di ricerca e selezione dei membri dei suddetti Organi;<\/p>\n<p><strong>(iii)<\/strong> esprime il proprio <strong>parere preventivo e obbligatorio<\/strong>, non vincolante, sulle proposte di nomina\/designazione, raccolte e\/o formulate dal Segretario Generale, prima che esse siano sottoposte al Comitato di Gestione;<\/p>\n<p><strong>(iv)<\/strong> riferisce periodicamente al <strong>Comitato di Gestione<\/strong> sull\u2019attivit\u00e0 svolta.<\/p>\n<p>Di seguito l\u2019<strong>elenco degli enti e societ\u00e0 interessati<\/strong>, con indicazione per ciascuno del numero di posizioni da ricoprire.[\/vc_column_text][\/vc_column][\/vc_row][vc_row el_class=&#8221;txt-col mt-5 mb-3&#8243;][vc_column][vc_column_text css=&#8221;.vc_custom_1606145095701{margin-bottom: 20px !important;}&#8221;]\n<h3 class=\"title\">Enti strumentali<\/h3>\n[\/vc_column_text][vc_column_text el_class=&#8221;text&#8221;]\n<ul>\n<li><a href=\"https:\/\/www.fondazionescuola.it\/\" target=\"_blank\" rel=\"noopener noreferrer\">Fondazione per la Scuola<\/a><br \/>\n2 Consiglieri di Amministrazione<\/li>\n<li><a href=\"http:\/\/fondazione1563.it\/\" target=\"_blank\" rel=\"noopener noreferrer\">Fondazione 1563 per l\u2019Arte e la Cultura<\/a><br \/>\nPresidente, 2 Consiglieri di Amministrazione e Organo di Revisione dei Conti (tre componenti effettivi, incluso il Presidente, e un supplente)<\/li>\n<li><a href=\"https:\/\/linksfoundation.com\/\" target=\"_blank\" rel=\"noopener noreferrer\">Fondazione LINKS<\/a><br \/>\n4 Consiglieri di Amministrazione<\/li>\n<\/ul>\n[\/vc_column_text][\/vc_column][\/vc_row][vc_row el_class=&#8221;txt-col mt-5 mb-3&#8243;][vc_column][vc_column_text css=&#8221;.vc_custom_1606171271169{margin-bottom: 20px !important;}&#8221;]\n<h3 class=\"title\">Enti partecipati<\/h3>\n[\/vc_column_text][vc_column_text el_class=&#8221;text&#8221;]\n<ul>\n<li><a href=\"http:\/\/sr-m.it\" target=\"_blank\" rel=\"noopener noreferrer\">Associazione Studi e Ricerche per il Mezzogiorno<\/a><br \/>\n1 Componente il Consiglio Direttivo<\/li>\n<li><a href=\"http:\/\/www.fondazionevco.org\" target=\"_blank\" rel=\"noopener noreferrer\">Fondazione Comunitaria del Verbano Cusio Ossola<\/a><br \/>\n1 Consigliere di Amministrazione<\/li>\n<li><a href=\"https:\/\/fondazionemirafiori.it\" target=\"_blank\" rel=\"noopener noreferrer\">Fondazione della Comunit\u00e0 di Mirafiori Onlus<\/a><br \/>\n2 Consiglieri di Indirizzo<\/li>\n<li><a href=\"http:\/\/wmfrivierafiori.strutturainformatica.com\" target=\"_blank\" rel=\"noopener noreferrer\">Fondazione Comunitaria della Riviera dei Fiori Onlus<\/a><br \/>\n1 Consigliere di Amministrazione<\/li>\n<li><a href=\"https:\/\/www.museocinema.it\/it\/museo-e-fondazione-ma-prolo\/fondazione-maria-adriana-prolo\" target=\"_blank\" rel=\"noopener noreferrer\">Fondazione Museo Nazionale del Cinema<\/a><br \/>\n1 Revisore effettivo<\/li>\n<\/ul>\n[\/vc_column_text][\/vc_column][\/vc_row][vc_row el_class=&#8221;txt-col mt-5 mb-3&#8243;][vc_column][vc_column_text css=&#8221;.vc_custom_1606171300151{margin-bottom: 20px !important;}&#8221;]\n<h3 class=\"title\">Enti non partecipati<\/h3>\n[\/vc_column_text][vc_column_text el_class=&#8221;text&#8221;]\n<ul>\n<li><a href=\"https:\/\/www.nestaitalia.org\/la-fondazione\/\" target=\"_blank\" rel=\"noopener noreferrer\">Fondazione Innovazione Sociale per l\u2019Italia<\/a><u><br \/>\n<\/u>2 Consiglieri di Amministrazione<\/li>\n<li><a href=\"https:\/\/www.fism.torino.it\" target=\"_blank\" rel=\"noopener noreferrer\">Fondazione Istituto della Sacra Famiglia<\/a><br \/>\n1 Consigliere di Amministrazione<\/li>\n<\/ul>\n[\/vc_column_text][\/vc_column][\/vc_row][vc_row el_class=&#8221;txt-col mt-5 mb-3&#8243;][vc_column][vc_column_text css=&#8221;.vc_custom_1606145964818{margin-bottom: 20px !important;}&#8221;]\n<h3 class=\"title\">Societ\u00e0 partecipate<\/h3>\n[\/vc_column_text][vc_column_text el_class=&#8221;text&#8221;]\n<ul>\n<li><a href=\"https:\/\/www.equiterspa.com\/\" target=\"_blank\" rel=\"noopener noreferrer\">Equiter S.p.A.<\/a><u><br \/>\n<\/u>Presidente, 1 Consigliere di Amministrazione e 1 Sindaco effettivo<\/li>\n<li><a href=\"https:\/\/www.permicro.it\/\" target=\"_blank\" rel=\"noopener noreferrer\">PerMicro S.p.A.<\/a><br \/>\n1 Sindaco effettivo e 1 Sindaco supplente<\/li>\n<li><a href=\"https:\/\/www.reamsgr.it\/\" target=\"_blank\" rel=\"noopener noreferrer\">Ream Sgr S.p.A.<\/a><br \/>\n1 Consigliere di Amministrazione<\/li>\n<li><a href=\"https:\/\/socialfare.org\/\" target=\"_blank\" rel=\"noopener noreferrer\">SocialFare Seed S.r.l.<\/a><br \/>\n1 Consigliere di Amministrazione<\/li>\n<li><\/li>\n<li><\/li>\n<\/ul>\n[\/vc_column_text][\/vc_column][\/vc_row][vc_row][vc_column][vc_column_text el_class=&#8221;explain&#8221; css=&#8221;.vc_custom_1606171991695{margin-top: 50px !important;}&#8221;]\n<h3 class=\"title\" style=\"color: #046a38;\">Format Curriculum Vitae<\/h3>\n[\/vc_column_text][vc_column_text el_class=&#8221;txt-img mb-0&#8243;]<a class=\"standard-link standard-link-fixed\" href=\"https:\/\/www.compagniadisanpaolo.it\/wp-content\/uploads\/CSP_PDF-Format-CV.pdf\" target=\"_blank\" rel=\"noopener noreferrer\">SCARICA IL DOCUMENTO<\/a>[\/vc_column_text][\/vc_column][\/vc_row][vc_row][vc_column]<div class=\"templatera_shortcode\"><div data-vc-full-width=\"true\" data-vc-full-width-temp=\"true\" data-vc-full-width-init=\"false\" class=\"vc_row wpb_row vc_row-fluid newsletter-wrap\"><div class=\"wpb_column vc_column_container vc_col-sm-12\"><div class=\"vc_column-inner\"><div class=\"wpb_wrapper\">\n\t<div class=\"wpb_raw_code wpb_raw_html wpb_content_element\" >\n\t\t<div class=\"wpb_wrapper\">\n\t\t\t    <div class=\"container\">\n      <div class=\"row align-items-center\">\n\t<div class=\"col-12 col-lg-6 col-xl-5 mb-3 mb-lg-0 pr-0\">\n\t  <h2 class=\"title\">Rimani aggiornato sui nostri bandi e sui nostri progetti<\/h2>\n\t<\/div>\n\t<div class=\"col-12 col-lg-6 col-xl-7 pl-xl-4\">\n\t  <a class=\"standard-link-block\" href=\"\/it\/newsletter\/\">\n\t    Compila il form e decidi su quale argomento vuoi ricevere notizie.\t    <strong>\u00a0 ISCRIVITI!<\/strong>\n\t  <\/a>\n\t<\/div>\n      <\/div>\n    <\/div>\n\t\t<\/div>\n\t<\/div>\n<\/div><\/div><\/div><\/div><div class=\"vc_row-full-width vc_clearfix\"><\/div><\/div>[\/vc_column][\/vc_row][vc_row][vc_column]<div class=\"templatera_shortcode\"><\/div>[\/vc_column][\/vc_row]\n<\/div>","protected":false},"excerpt":{"rendered":"Enti e societ\u00e0 partecipate che rinnoveranno i propri Organi Sociali nel 2021 - Procedura di nomina e selezione. In questa pagina pubblichiamo l\u2019elenco degli Enti e delle Societ\u00e0 nei quali la Fondazione Compagnia di San Paolo ha potere di nomina\/designazione in Organi Sociali, i quali sono in scadenza nell\u2019anno 2021. In vista di tali rinnovi gli interessati possono presentare la propria candidatura inviando all\u2019indirizzo candidature@compagniadisanpaolo.it\u00a0il proprio curriculum vitae - da compilare secondo il format in pdf allegato a questa pagina web \u2013 e copia di un documento d\u2019identit\u00e0. \u00c8 possibile candidarsi per un massimo di tre posizioni complessive. La candidatura deve essere presentata tramite un\u2019unica e-mail, nella quale occorre specificare per quale posizione ci si intende candidare in via prioritaria. Le candidature potranno essere presentate entro il 31 gennaio 2021. Non saranno prese in considerazione candidature pervenute dopo tale termine. Processo di selezione e nomina\/designazione Nella ricerca, selezione e nomina\/designazione la Compagnia di San Paolo si avvale di un apposito Comitato Nomine e osserva specifici principi, quali: la preventiva pianificazione delle attivit\u00e0, con particolare riferimento alla definizione di adeguati profili per ciascuna posizione in funzione degli obiettivi strategici dell\u2019Ente o della Societ\u00e0 relativamente al mandato in oggetto; l\u2019impiego di modalit\u00e0 trasparenti; il richiamo alle best practice di mercato, laddove rilevanti e tenendo conto delle peculiarit\u00e0 della Compagnia di San Paolo. La ricerca e la selezione dei candidati per la carica possono essere effettuate anche con il supporto di societ\u00e0 di executive search. Il possesso dei requisiti di onorabilit\u00e0 e di professionalit\u00e0 e l\u2019insussistenza di situazioni di incompatibilit\u00e0\/ineleggibilit\u00e0 per l\u2019assunzione della carica sono accertati dalla Compagnia di San Paolo con l\u2019assistenza di uno studio legale. La nomina\/designazione viene deliberata dal Comitato di Gestione a suo insindacabile giudizio, contemplando sia le candidature pervenute entro il 31 gennaio 2021 sia profili interni alla Fondazione e ai propri Organi, laddove compatibili, sia ulteriori profili esterni. Il processo di ricerca e selezione tiene conto di specifici criteri, quali: (i) laddove rilevante, la verifica preventiva dei requisiti di eleggibilit\u00e0 previsti dalla normativa di riferimento per la specifica Societ\u00e0 o Ente (tra i quali, i requisiti di onorabilit\u00e0 e professionalit\u00e0, quelli di genere, l\u2019assenza di cause di incompatibilit\u00e0\/ineleggibilit\u00e0 e di conflitti di interesse, il rispetto dei limiti al cumulo degli incarichi, etc.); (ii) il possesso di comprovate e qualificate competenze professionali, nonch\u00e9 di un numero di incarichi compatibile con l\u2019efficace svolgimento della carica, in relazione alle dimensioni, alla complessit\u00e0 e specificit\u00e0 dell\u2019Ente o della Societ\u00e0 partecipata considerati e del settore di attivit\u00e0 in cui esse operano; (iii) l\u2019equilibrata combinazione di genere, competenze e professionalit\u00e0, finalizzata all\u2019adeguata composizione complessiva dell\u2019Organo; (iv) l\u2019andamento gestionale dell\u2019Ente o della Societ\u00e0 (anche ispirandosi a una logica di Gruppo, per quanto riguarda gli Enti Strumentali); (v) la presenza di profili interni (anche ispirandosi a una logica di Gruppo, per quanto riguarda gli Enti strumentali), individuati nel rispetto dei criteri indicati. Laddove rilevante, inoltre, si terr\u00e0 conto di eventuali raccomandazioni dell\u2019Organo uscente circa la composizione di quello nuovo. Nell\u2019ambito del suddetto processo, il Comitato Nomine: (i) esamina con cadenza annuale le esigenze di rinnovo degli Organi Sociali degli Enti Strumentali, partecipati e non e delle Societ\u00e0 partecipate; (ii) verifica il rispetto dei principi, del processo e dei criteri in materia di ricerca e selezione dei membri dei suddetti Organi; (iii) esprime il proprio parere preventivo e obbligatorio, non vincolante, sulle proposte di nomina\/designazione, raccolte e\/o formulate dal Segretario Generale, prima che esse siano sottoposte al Comitato di Gestione; (iv) riferisce periodicamente al Comitato di Gestione sull\u2019attivit\u00e0 svolta. Di seguito l\u2019elenco degli enti e societ\u00e0 interessati, con indicazione per ciascuno del numero di posizioni da ricoprire. Enti strumentali Fondazione per la Scuola 2 Consiglieri di Amministrazione Fondazione 1563 per l\u2019Arte e la Cultura Presidente, 2 Consiglieri di Amministrazione e Organo di Revisione dei Conti (tre componenti effettivi, incluso il Presidente, e un supplente) Fondazione LINKS 4 Consiglieri di Amministrazione Enti partecipati Associazione Studi e Ricerche per il Mezzogiorno 1 Componente il Consiglio Direttivo Fondazione Comunitaria del Verbano Cusio Ossola 1 Consigliere di Amministrazione Fondazione della Comunit\u00e0 di Mirafiori Onlus 2 Consiglieri di Indirizzo Fondazione Comunitaria della Riviera dei Fiori Onlus 1 Consigliere di Amministrazione Fondazione Museo Nazionale del Cinema 1 Revisore effettivo Enti non partecipati Fondazione Innovazione Sociale per l\u2019Italia 2 Consiglieri di Amministrazione Fondazione Istituto della Sacra Famiglia 1 Consigliere di Amministrazione Societ\u00e0 partecipate Equiter S.p.A. Presidente, 1 Consigliere di Amministrazione e 1 Sindaco effettivo PerMicro S.p.A. 1 Sindaco effettivo e 1 Sindaco supplente Ream Sgr S.p.A. 1 Consigliere di Amministrazione SocialFare Seed S.r.l. 1 Consigliere di Amministrazione Format Curriculum Vitae SCARICA IL DOCUMENTO Rimani aggiornato sui nostri bandi e sui nostri progetti Compila il form e decidi su quale argomento vuoi ricevere notizie. \u00a0 ISCRIVITI!","protected":false},"author":17,"featured_media":2565,"parent":0,"menu_order":4,"comment_status":"closed","ping_status":"closed","template":"","meta":{"_acf_changed":false,"content-type":"","footnotes":""},"class_list":["post-8292","page","type-page","status-publish","has-post-thumbnail","hentry","entry","post-inner"],"acf":[],"yoast_head":"<!-- This site is optimized with the Yoast SEO plugin v27.3 - https:\/\/yoast.com\/product\/yoast-seo-wordpress\/ -->\n<title>Nomine e designazioni in Organi Sociali - Fondazione Compagnia di San Paolo<\/title>\n<meta name=\"robots\" content=\"index, follow, max-snippet:-1, max-image-preview:large, max-video-preview:-1\" \/>\n<link rel=\"canonical\" href=\"https:\/\/www.compagniadisanpaolo.it\/it\/nomine-e-designazioni-in-organi-sociali\/\" \/>\n<meta property=\"og:locale\" content=\"it_IT\" \/>\n<meta property=\"og:type\" content=\"article\" \/>\n<meta property=\"og:title\" content=\"Nomine e designazioni in Organi Sociali - Fondazione Compagnia di San Paolo\" \/>\n<meta property=\"og:url\" content=\"https:\/\/www.compagniadisanpaolo.it\/it\/nomine-e-designazioni-in-organi-sociali\/\" \/>\n<meta property=\"og:site_name\" content=\"Fondazione Compagnia di San Paolo\" \/>\n<meta property=\"article:publisher\" content=\"https:\/\/www.facebook.com\/CompagniaDiSanPaolo\" \/>\n<meta property=\"article:modified_time\" content=\"2020-12-01T15:43:20+00:00\" \/>\n<meta property=\"og:image\" content=\"https:\/\/www.compagniadisanpaolo.it\/wp-content\/uploads\/PLACEHOLDER-OBIETTIVI-ISTITUZIONALE-BIG.jpg\" \/>\n\t<meta property=\"og:image:width\" content=\"1600\" \/>\n\t<meta property=\"og:image:height\" content=\"900\" \/>\n\t<meta property=\"og:image:type\" content=\"image\/jpeg\" \/>\n<meta name=\"twitter:card\" content=\"summary_large_image\" \/>\n<meta name=\"twitter:site\" content=\"@CSP_live\" \/>\n<meta name=\"twitter:label1\" content=\"Tempo di lettura stimato\" \/>\n\t<meta name=\"twitter:data1\" content=\"5 minuti\" \/>\n<script type=\"application\/ld+json\" class=\"yoast-schema-graph\">{\"@context\":\"https:\\\/\\\/schema.org\",\"@graph\":[{\"@type\":\"WebPage\",\"@id\":\"https:\\\/\\\/www.compagniadisanpaolo.it\\\/it\\\/nomine-e-designazioni-in-organi-sociali\\\/\",\"url\":\"https:\\\/\\\/www.compagniadisanpaolo.it\\\/it\\\/nomine-e-designazioni-in-organi-sociali\\\/\",\"name\":\"Nomine e designazioni in Organi Sociali - Fondazione Compagnia di San Paolo\",\"isPartOf\":{\"@id\":\"https:\\\/\\\/www.compagniadisanpaolo.it\\\/it\\\/#website\"},\"primaryImageOfPage\":{\"@id\":\"https:\\\/\\\/www.compagniadisanpaolo.it\\\/it\\\/nomine-e-designazioni-in-organi-sociali\\\/#primaryimage\"},\"image\":{\"@id\":\"https:\\\/\\\/www.compagniadisanpaolo.it\\\/it\\\/nomine-e-designazioni-in-organi-sociali\\\/#primaryimage\"},\"thumbnailUrl\":\"https:\\\/\\\/www.compagniadisanpaolo.it\\\/wp-content\\\/uploads\\\/PLACEHOLDER-OBIETTIVI-ISTITUZIONALE-BIG.jpg\",\"datePublished\":\"2020-11-26T15:38:24+00:00\",\"dateModified\":\"2020-12-01T15:43:20+00:00\",\"breadcrumb\":{\"@id\":\"https:\\\/\\\/www.compagniadisanpaolo.it\\\/it\\\/nomine-e-designazioni-in-organi-sociali\\\/#breadcrumb\"},\"inLanguage\":\"it-IT\",\"potentialAction\":[{\"@type\":\"ReadAction\",\"target\":[\"https:\\\/\\\/www.compagniadisanpaolo.it\\\/it\\\/nomine-e-designazioni-in-organi-sociali\\\/\"]}]},{\"@type\":\"ImageObject\",\"inLanguage\":\"it-IT\",\"@id\":\"https:\\\/\\\/www.compagniadisanpaolo.it\\\/it\\\/nomine-e-designazioni-in-organi-sociali\\\/#primaryimage\",\"url\":\"https:\\\/\\\/www.compagniadisanpaolo.it\\\/wp-content\\\/uploads\\\/PLACEHOLDER-OBIETTIVI-ISTITUZIONALE-BIG.jpg\",\"contentUrl\":\"https:\\\/\\\/www.compagniadisanpaolo.it\\\/wp-content\\\/uploads\\\/PLACEHOLDER-OBIETTIVI-ISTITUZIONALE-BIG.jpg\",\"width\":1600,\"height\":900},{\"@type\":\"BreadcrumbList\",\"@id\":\"https:\\\/\\\/www.compagniadisanpaolo.it\\\/it\\\/nomine-e-designazioni-in-organi-sociali\\\/#breadcrumb\",\"itemListElement\":[{\"@type\":\"ListItem\",\"position\":1,\"name\":\"Home\",\"item\":\"https:\\\/\\\/www.compagniadisanpaolo.it\\\/it\\\/\"},{\"@type\":\"ListItem\",\"position\":2,\"name\":\"Nomine e designazioni in Organi Sociali\"}]},{\"@type\":\"WebSite\",\"@id\":\"https:\\\/\\\/www.compagniadisanpaolo.it\\\/it\\\/#website\",\"url\":\"https:\\\/\\\/www.compagniadisanpaolo.it\\\/it\\\/\",\"name\":\"Fondazione Compagnia di San Paolo\",\"description\":\"\",\"publisher\":{\"@id\":\"https:\\\/\\\/www.compagniadisanpaolo.it\\\/it\\\/#organization\"},\"potentialAction\":[{\"@type\":\"SearchAction\",\"target\":{\"@type\":\"EntryPoint\",\"urlTemplate\":\"https:\\\/\\\/www.compagniadisanpaolo.it\\\/it\\\/?s={search_term_string}\"},\"query-input\":{\"@type\":\"PropertyValueSpecification\",\"valueRequired\":true,\"valueName\":\"search_term_string\"}}],\"inLanguage\":\"it-IT\"},{\"@type\":\"Organization\",\"@id\":\"https:\\\/\\\/www.compagniadisanpaolo.it\\\/it\\\/#organization\",\"name\":\"Fondazione Compagnia di San Paolo\",\"url\":\"https:\\\/\\\/www.compagniadisanpaolo.it\\\/it\\\/\",\"logo\":{\"@type\":\"ImageObject\",\"inLanguage\":\"it-IT\",\"@id\":\"https:\\\/\\\/www.compagniadisanpaolo.it\\\/it\\\/#\\\/schema\\\/logo\\\/image\\\/\",\"url\":\"https:\\\/\\\/www.compagniadisanpaolo.it\\\/wp-content\\\/uploads\\\/logo.svg\",\"contentUrl\":\"https:\\\/\\\/www.compagniadisanpaolo.it\\\/wp-content\\\/uploads\\\/logo.svg\",\"width\":769,\"height\":323,\"caption\":\"Fondazione Compagnia di San Paolo\"},\"image\":{\"@id\":\"https:\\\/\\\/www.compagniadisanpaolo.it\\\/it\\\/#\\\/schema\\\/logo\\\/image\\\/\"},\"sameAs\":[\"https:\\\/\\\/www.facebook.com\\\/CompagniaDiSanPaolo\",\"https:\\\/\\\/x.com\\\/CSP_live\",\"http:\\\/\\\/instagram.com\\\/compagniadisanpaolo?ref=badge\",\"https:\\\/\\\/www.linkedin.com\\\/company\\\/compagnia-di-san-paolo\",\"https:\\\/\\\/www.youtube.com\\\/user\\\/compagniadisanpaolo\",\"https:\\\/\\\/it.wikipedia.org\\\/wiki\\\/Compagnia_di_San_Paolo\"]}]}<\/script>\n<!-- \/ Yoast SEO plugin. -->","yoast_head_json":{"title":"Nomine e designazioni in Organi Sociali - Fondazione Compagnia di San Paolo","robots":{"index":"index","follow":"follow","max-snippet":"max-snippet:-1","max-image-preview":"max-image-preview:large","max-video-preview":"max-video-preview:-1"},"canonical":"https:\/\/www.compagniadisanpaolo.it\/it\/nomine-e-designazioni-in-organi-sociali\/","og_locale":"it_IT","og_type":"article","og_title":"Nomine e designazioni in Organi Sociali - Fondazione Compagnia di San Paolo","og_url":"https:\/\/www.compagniadisanpaolo.it\/it\/nomine-e-designazioni-in-organi-sociali\/","og_site_name":"Fondazione Compagnia di San Paolo","article_publisher":"https:\/\/www.facebook.com\/CompagniaDiSanPaolo","article_modified_time":"2020-12-01T15:43:20+00:00","og_image":[{"width":1600,"height":900,"url":"https:\/\/www.compagniadisanpaolo.it\/wp-content\/uploads\/PLACEHOLDER-OBIETTIVI-ISTITUZIONALE-BIG.jpg","type":"image\/jpeg"}],"twitter_card":"summary_large_image","twitter_site":"@CSP_live","twitter_misc":{"Tempo di lettura stimato":"5 minuti"},"schema":{"@context":"https:\/\/schema.org","@graph":[{"@type":"WebPage","@id":"https:\/\/www.compagniadisanpaolo.it\/it\/nomine-e-designazioni-in-organi-sociali\/","url":"https:\/\/www.compagniadisanpaolo.it\/it\/nomine-e-designazioni-in-organi-sociali\/","name":"Nomine e designazioni in Organi Sociali - Fondazione Compagnia di San Paolo","isPartOf":{"@id":"https:\/\/www.compagniadisanpaolo.it\/it\/#website"},"primaryImageOfPage":{"@id":"https:\/\/www.compagniadisanpaolo.it\/it\/nomine-e-designazioni-in-organi-sociali\/#primaryimage"},"image":{"@id":"https:\/\/www.compagniadisanpaolo.it\/it\/nomine-e-designazioni-in-organi-sociali\/#primaryimage"},"thumbnailUrl":"https:\/\/www.compagniadisanpaolo.it\/wp-content\/uploads\/PLACEHOLDER-OBIETTIVI-ISTITUZIONALE-BIG.jpg","datePublished":"2020-11-26T15:38:24+00:00","dateModified":"2020-12-01T15:43:20+00:00","breadcrumb":{"@id":"https:\/\/www.compagniadisanpaolo.it\/it\/nomine-e-designazioni-in-organi-sociali\/#breadcrumb"},"inLanguage":"it-IT","potentialAction":[{"@type":"ReadAction","target":["https:\/\/www.compagniadisanpaolo.it\/it\/nomine-e-designazioni-in-organi-sociali\/"]}]},{"@type":"ImageObject","inLanguage":"it-IT","@id":"https:\/\/www.compagniadisanpaolo.it\/it\/nomine-e-designazioni-in-organi-sociali\/#primaryimage","url":"https:\/\/www.compagniadisanpaolo.it\/wp-content\/uploads\/PLACEHOLDER-OBIETTIVI-ISTITUZIONALE-BIG.jpg","contentUrl":"https:\/\/www.compagniadisanpaolo.it\/wp-content\/uploads\/PLACEHOLDER-OBIETTIVI-ISTITUZIONALE-BIG.jpg","width":1600,"height":900},{"@type":"BreadcrumbList","@id":"https:\/\/www.compagniadisanpaolo.it\/it\/nomine-e-designazioni-in-organi-sociali\/#breadcrumb","itemListElement":[{"@type":"ListItem","position":1,"name":"Home","item":"https:\/\/www.compagniadisanpaolo.it\/it\/"},{"@type":"ListItem","position":2,"name":"Nomine e designazioni in Organi Sociali"}]},{"@type":"WebSite","@id":"https:\/\/www.compagniadisanpaolo.it\/it\/#website","url":"https:\/\/www.compagniadisanpaolo.it\/it\/","name":"Fondazione Compagnia di San Paolo","description":"","publisher":{"@id":"https:\/\/www.compagniadisanpaolo.it\/it\/#organization"},"potentialAction":[{"@type":"SearchAction","target":{"@type":"EntryPoint","urlTemplate":"https:\/\/www.compagniadisanpaolo.it\/it\/?s={search_term_string}"},"query-input":{"@type":"PropertyValueSpecification","valueRequired":true,"valueName":"search_term_string"}}],"inLanguage":"it-IT"},{"@type":"Organization","@id":"https:\/\/www.compagniadisanpaolo.it\/it\/#organization","name":"Fondazione Compagnia di San Paolo","url":"https:\/\/www.compagniadisanpaolo.it\/it\/","logo":{"@type":"ImageObject","inLanguage":"it-IT","@id":"https:\/\/www.compagniadisanpaolo.it\/it\/#\/schema\/logo\/image\/","url":"https:\/\/www.compagniadisanpaolo.it\/wp-content\/uploads\/logo.svg","contentUrl":"https:\/\/www.compagniadisanpaolo.it\/wp-content\/uploads\/logo.svg","width":769,"height":323,"caption":"Fondazione Compagnia di San Paolo"},"image":{"@id":"https:\/\/www.compagniadisanpaolo.it\/it\/#\/schema\/logo\/image\/"},"sameAs":["https:\/\/www.facebook.com\/CompagniaDiSanPaolo","https:\/\/x.com\/CSP_live","http:\/\/instagram.com\/compagniadisanpaolo?ref=badge","https:\/\/www.linkedin.com\/company\/compagnia-di-san-paolo","https:\/\/www.youtube.com\/user\/compagniadisanpaolo","https:\/\/it.wikipedia.org\/wiki\/Compagnia_di_San_Paolo"]}]}},"_links":{"self":[{"href":"https:\/\/www.compagniadisanpaolo.it\/it\/wp-json\/wp\/v2\/pages\/8292","targetHints":{"allow":["GET"]}}],"collection":[{"href":"https:\/\/www.compagniadisanpaolo.it\/it\/wp-json\/wp\/v2\/pages"}],"about":[{"href":"https:\/\/www.compagniadisanpaolo.it\/it\/wp-json\/wp\/v2\/types\/page"}],"author":[{"embeddable":true,"href":"https:\/\/www.compagniadisanpaolo.it\/it\/wp-json\/wp\/v2\/users\/17"}],"replies":[{"embeddable":true,"href":"https:\/\/www.compagniadisanpaolo.it\/it\/wp-json\/wp\/v2\/comments?post=8292"}],"version-history":[{"count":62,"href":"https:\/\/www.compagniadisanpaolo.it\/it\/wp-json\/wp\/v2\/pages\/8292\/revisions"}],"predecessor-version":[{"id":8588,"href":"https:\/\/www.compagniadisanpaolo.it\/it\/wp-json\/wp\/v2\/pages\/8292\/revisions\/8588"}],"wp:featuredmedia":[{"embeddable":true,"href":"https:\/\/www.compagniadisanpaolo.it\/it\/wp-json\/wp\/v2\/media\/2565"}],"wp:attachment":[{"href":"https:\/\/www.compagniadisanpaolo.it\/it\/wp-json\/wp\/v2\/media?parent=8292"}],"curies":[{"name":"wp","href":"https:\/\/api.w.org\/{rel}","templated":true}]}}