{"id":5759,"date":"2020-07-17T00:21:34","date_gmt":"2020-07-16T22:21:34","guid":{"rendered":"https:\/\/www.compagniadisanpaolo.it\/?page_id=5759"},"modified":"2025-04-23T13:20:33","modified_gmt":"2025-04-23T11:20:33","slug":"educare-per-crescere-insieme","status":"publish","type":"page","link":"https:\/\/www.compagniadisanpaolo.it\/it\/le-nostre-sfide\/obiettivo-persone\/educare-per-crescere-insieme\/","title":{"rendered":"Educare per crescere insieme"},"content":{"rendered":"<div class=\"wpb-content-wrapper\">[vc_row][vc_column][vc_column_text css=&#8221;&#8221; el_class=&#8221;text-headline&#8221;]Contribuiamo affinch\u00e9 bambine, bambini, adolescenti e giovani abbiano l\u2019opportunit\u00e0 di esprimere al meglio le proprie potenzialit\u00e0, con solide <strong>conoscenze e competenze<\/strong>, cos\u00ec da essere protagonisti della propria vita fin dalla nascita, in un <strong>processo di continuo apprendimento<\/strong>. Riconosciamo e promuoviamo il valore di ogni figura coinvolta nell&#8217;agire educativo, affinch\u00e9 diventi motore di un <strong>cambiamento culturale collettivo e duraturo<\/strong>, contrastando la povert\u00e0 educativa, ogni forma di disuguaglianza e <strong>favorendo la crescita e l\u2019attrattivit\u00e0 dei territori<\/strong>. Collaboriamo con famiglie e comunit\u00e0 per garantire a tutti un\u2019educazione fondata su <strong>rispetto<\/strong>, <strong>sostenibilit\u00e0<\/strong> e <strong>condivisione<\/strong>.[\/vc_column_text][\/vc_column][\/vc_row][vc_row][vc_column][vc_row_inner el_class=&#8221;section-title&#8221;][vc_column_inner][vc_column_text css=&#8221;&#8221;]\n<h2 class=\"title\" style=\"text-align: center;\">La nostra attivit\u00e0 si articola in diversi <span style=\"font-weight: 700 !important;\">ambiti di intervento<\/span>.<\/h2>\n[\/vc_column_text][\/vc_column_inner][vc_column_inner][vc_empty_space height=&#8221;553px&#8221; css=&#8221;.vc_custom_1685355043722{background-image: url(https:\/\/www.compagniadisanpaolo.it\/wp-content\/uploads\/COLLABORARE_INCLUSIONE.svg?id=22589) !important;background-position: center !important;background-repeat: no-repeat !important;background-size: contain !important;}&#8221;][\/vc_column_inner][vc_column_inner][vc_column_text css=&#8221;&#8221;]\n<h3 class=\"title\" style=\"text-align: center;\">Educare per crescere insieme<\/h3>\n[\/vc_column_text][vc_single_image image=&#8221;34629&#8243; img_size=&#8221;full&#8221; alignment=&#8221;center&#8221; css=&#8221;.vc_custom_1739526707175{margin-top: 20px !important;}&#8221;][vc_raw_html css=&#8221;&#8221;]JTNDcCUyMGNsYXNzJTNEJTIyc3Itb25seSUyMiUzRVNvc3RlZ25vJTIwYSUyMGJlbmVzc2VyZSUyMGUlMjBjb21wZXRlbnplJTIwZGVsbGUlMjBwZXJzb25lJTIwbWlub3Jlbm5pJTNDYnIlMkYlM0VFbXBvd2VybWVudCUyMGUlMjBwYXJ0ZWNpcGF6aW9uZSUyMGRlZ2xpJTIwZHVsdGklMjBkaSUyMHJpZmVyaW1lbnRvJTIwZGVsbGElMjBjb211bml0JUMzJUEwJTIwZWR1Y2FudGUlM0NiciUyRiUzRUVjb3Npc3RlbWklMjBlZHVjYXRpdmklMjBjb21wZXRlbnRpJTIwcGVyJTIwcmlkdXJyZSUyMGxlJTIwZGlzZWd1YWdsaWFuemUlM0MlMkZwJTNF[\/vc_raw_html][\/vc_column_inner][\/vc_row_inner][\/vc_column][\/vc_row][vc_row el_class=&#8221;sdg-list-wrap&#8221;][vc_column][vc_column_text css=&#8221;&#8221; el_class=&#8221;sdg-intro&#8221;]\n<h3 class=\"title\">La Missione Educare per crescere insieme contribuisce al raggiungimento dei seguenti Obiettivi di Sviluppo Sostenibile<\/h3>\n[\/vc_column_text][vc_raw_html]JTVCbW9zdHJhU0RHUyU1RA==[\/vc_raw_html][\/vc_column][\/vc_row][vc_row full_width=&#8221;stretch_row_content_no_spaces&#8221; el_class=&#8221;txt-img txt-sx row&#8221;][vc_column width=&#8221;5\/12&#8243; el_class=&#8221;mb-5 mb-lg-0&#8243; offset=&#8221;vc_col-sm-offset-1 vc_col-xs-offset-1 vc_col-xs-10&#8243;][vc_column_text css=&#8221;&#8221; el_class=&#8221;txt-img mb-0&#8243;]\n<div class=\"text\">\n<p>La <strong>Missione Educare per crescere insieme<\/strong> dell\u2019<strong><a href=\"https:\/\/www.compagniadisanpaolo.it\/it\/le-nostre-sfide\/obiettivo-persone\/\">Obiettivo Persone<\/a><\/strong> riconosce nell\u2019educazione uno dei principali presupposti per favorire il benessere delle persone minorenni e delle comunit\u00e0. Valorizziamo quindi sia il concetto di crescita personale sia quello di impegno collettivo, collaborando con <strong><a href=\"https:\/\/www.fondazionescuola.it\/\" target=\"_blank\" rel=\"noopener\">Fondazione per la Scuola<\/a><\/strong>, <strong><a href=\"https:\/\/www.ufficiopio.it\/\" target=\"_blank\" rel=\"noopener\">Fondazione Ufficio Pio Ente filantropico<\/a><\/strong> e <strong><a href=\"https:\/\/www.xkezerotredici.it\/\" target=\"_blank\" rel=\"noopener\">Consorzio Xk\u00e9 ZeroTredici<\/a><\/strong>, enti strumentali e partecipati della Fondazione Compagnia di San Paolo.<\/p>\n<\/div>\n[\/vc_column_text][\/vc_column][vc_column width=&#8221;1\/2&#8243; css=&#8221;.vc_custom_1739719385283{background-image: url(https:\/\/www.compagniadisanpaolo.it\/wp-content\/uploads\/Obiettivo-Persone-Educare-per-crescere-insieme-new1.jpg?id=6097) !important;background-position: center !important;background-repeat: no-repeat !important;background-size: cover !important;}&#8221; offset=&#8221;vc_col-sm-offset-0 vc_col-xs-offset-1 vc_col-xs-10&#8243;][vc_empty_space el_class=&#8221;fill-square&#8221;][\/vc_column][\/vc_row][vc_row full_width=&#8221;stretch_row_content_no_spaces&#8221; el_class=&#8221;txt-img txt-sx row&#8221;][vc_column width=&#8221;1\/2&#8243; offset=&#8221;vc_col-sm-offset-0 vc_col-xs-offset-1 vc_col-xs-10&#8243; css=&#8221;.vc_custom_1739719650599{background-image: url(https:\/\/www.compagniadisanpaolo.it\/wp-content\/uploads\/educare-per-crescere-insieme.png?id=34938) !important;background-position: center !important;background-repeat: no-repeat !important;background-size: cover !important;}&#8221; el_class=&#8221;mb-5 mb-lg-0&#8243;][vc_empty_space el_class=&#8221;fill-square&#8221;][\/vc_column][vc_column width=&#8221;5\/12&#8243; offset=&#8221;vc_col-sm-offset-1 vc_col-xs-offset-1 vc_col-xs-10&#8243;][vc_column_text el_class=&#8221;text mb-0 whitelink&#8221;]Favoriamo la nascita di <strong>alleanze educative pubblico-privato <\/strong>per consolidare sempre di pi\u00f9 il valore del <strong>lavoro di rete cooperativo<\/strong> e una <strong>visione condivisa dell\u2019educazione<\/strong>.<br \/>\nQuesto ci permette di <strong>condividere i risultati<\/strong> dei nostri progetti e di <strong>veicolare un approccio trasformativo<\/strong> per svolgere un ruolo di facilitazione, co-costruzione, diffusione di <strong>buone pratiche<\/strong> e <strong>modelli di riferimento<\/strong>.[\/vc_column_text][\/vc_column][\/vc_row][vc_row full_width=&#8221;stretch_row_content_no_spaces&#8221; equal_height=&#8221;yes&#8221; el_class=&#8221;txt-img txt-sx row&#8221;][vc_column width=&#8221;5\/12&#8243; css=&#8221;.vc_custom_1739526981949{background-position: center !important;background-repeat: no-repeat !important;background-size: cover !important;}&#8221; offset=&#8221;vc_col-sm-offset-0 vc_col-xs-offset-1 vc_col-xs-10&#8243;][vc_column_text css=&#8221;&#8221; el_class=&#8221;txt-img&#8221;]\n<h3 class=\"title\">Sostegno a benessere e competenze delle persone minorenni<\/h3>\n<div class=\"text\">\n<p>Sosteniamo progetti che mirano al benessere delle <strong>bambine<\/strong>, dei <strong>bambini<\/strong> e degli <strong>adolescenti<\/strong> <strong>minorenni<\/strong>, per contribuire a rafforzare le loro <strong>competenze cognitive, culturali, digitali, sociali ed emotive<\/strong>. L\u2019obiettivo \u00e8 permettere a ciascuno di esprimere liberamente la propria <strong>identit\u00e0<\/strong> e le proprie <strong>aspirazioni<\/strong>, partecipando con <strong>consapevolezza<\/strong> e <strong>spirito critico<\/strong> ai cambiamenti, contribuendo attivamente alla <strong>costruzione di un futuro pi\u00f9 sostenibile ed equo<\/strong>.<\/p>\n<\/div>\n[\/vc_column_text][\/vc_column][vc_column width=&#8221;5\/12&#8243; offset=&#8221;vc_col-sm-offset-1 vc_col-xs-offset-1 vc_col-xs-10&#8243; css=&#8221;.vc_custom_1739783022811{background-image: url(https:\/\/www.compagniadisanpaolo.it\/wp-content\/uploads\/SalTo_B.jpg?id=35011) !important;}&#8221; el_class=&#8221;mb-5 mb-lg-0&#8243;][vc_empty_space el_class=&#8221;fill-square&#8221;][\/vc_column][\/vc_row][vc_row full_width=&#8221;stretch_row_content_no_spaces&#8221; el_class=&#8221;txt-img txt-sx row&#8221;][vc_column width=&#8221;5\/12&#8243; el_class=&#8221;mb-5 mb-lg-0&#8243; offset=&#8221;vc_col-sm-offset-0 vc_col-xs-offset-1 vc_col-xs-10&#8243; css=&#8221;.vc_custom_1739722884104{background-image: url(https:\/\/www.compagniadisanpaolo.it\/wp-content\/uploads\/unestate-insieme_csp-educare-per-crescere-insieme.png?id=34924) !important;}&#8221;][vc_empty_space el_class=&#8221;fill-square&#8221;][\/vc_column][vc_column width=&#8221;5\/12&#8243; offset=&#8221;vc_col-sm-offset-1 vc_col-xs-offset-1 vc_col-xs-10&#8243;][vc_column_text css=&#8221;&#8221; el_class=&#8221;text mb-0&#8243;]Svolgiamo queste attivit\u00e0 con il coinvolgimento di un\u2019ampia rete di attori, tra cui <strong><a href=\"https:\/\/www.compagniadisanpaolo.it\/it\/progetti\/zerosei\/\">Spazio ZeroSei<\/a><\/strong> che si dedica ai bambini da 0 a 6 anni. A una fascia di et\u00e0 pi\u00f9 ampia dedichiamo il progetto <strong><a href=\"https:\/\/www.compagniadisanpaolo.it\/it\/news\/al-via-le-attivita-di-2021-unestate-insieme\/\">Un\u2019estate insieme<\/a><\/strong>, inaugurato dopo il periodo di emergenza pandemica per riportare i pi\u00f9 piccoli alla socialit\u00e0. Con la Missione <strong><a href=\"https:\/\/www.compagniadisanpaolo.it\/it\/le-nostre-sfide\/obiettivo-persone\/favorire-il-lavoro-dignitoso\/\">Favorire il lavoro dignitoso<\/a><\/strong>, realizziamo la Call for Action <strong><a href=\"https:\/\/www.compagniadisanpaolo.it\/it\/contributi\/equilibri-una-sfida-per-le-reti-territoriali-lavoro-delle-donne-e-percorsi-educativi-di-bambine-e-bambini\/\">Equilibri \u2013 Una sfida per le reti territoriali: lavoro delle donne e percorsi educativi di bambine e bambini<\/a><\/strong>, che pone il tema dell\u2019educazione dei pi\u00f9 piccoli \u00a0come elemento cruciale per offrire alle famiglie opportunit\u00e0 di crescita e condivisione.[\/vc_column_text][\/vc_column][\/vc_row][vc_row full_width=&#8221;stretch_row_content_no_spaces&#8221; el_class=&#8221;txt-img txt-sx row&#8221;][vc_column width=&#8221;5\/12&#8243; el_class=&#8221;mb-5 mb-lg-0&#8243; offset=&#8221;vc_col-sm-offset-1 vc_col-xs-offset-1 vc_col-xs-10&#8243;][vc_column_text css=&#8221;&#8221; el_class=&#8221;txt-img&#8221;]\n<h3 class=\"title\">Empowerment degli adulti della comunit\u00e0 educante<\/h3>\n<div class=\"text\">\n<p>Ci rivolgiamo agli <strong>adulti di riferimento della comunit\u00e0 educante<\/strong>, che hanno quindi <strong>responsabilit\u00e0 di cura e di educazione<\/strong>, tra cui famiglie, docenti, educatori e operatori sociali, culturali, sportivi e sanitari. Per sostenere il loro ruolo, favoriamo approcci innovativi di <strong>empowerment<\/strong>, <strong>aggiornamento<\/strong> <strong>continuo<\/strong> e <strong>partecipazione<\/strong>.<\/p>\n<\/div>\n[\/vc_column_text][\/vc_column][vc_column width=&#8221;1\/2&#8243; css=&#8221;.vc_custom_1739722893837{background-image: url(https:\/\/www.compagniadisanpaolo.it\/wp-content\/uploads\/Persone-Educazione-3.jpg?id=5790) !important;background-position: center !important;background-repeat: no-repeat !important;background-size: cover !important;}&#8221; offset=&#8221;vc_col-sm-offset-0 vc_col-xs-offset-1 vc_col-xs-10&#8243; el_class=&#8221;mb-5 mb-lg-0&#8243;][vc_empty_space el_class=&#8221;fill-square&#8221;][\/vc_column][\/vc_row][vc_row full_width=&#8221;stretch_row_content_no_spaces&#8221; el_class=&#8221;txt-img txt-sx row&#8221;][vc_column width=&#8221;1\/2&#8243; el_class=&#8221;mb-5 mb-lg-0&#8243; offset=&#8221;vc_col-sm-offset-0 vc_col-xs-offset-1 vc_col-xs-10&#8243; css=&#8221;.vc_custom_1739723126324{background-image: url(https:\/\/www.compagniadisanpaolo.it\/wp-content\/uploads\/4educare-per-crescere-insieme_csp_persone.png?id=34951) !important;}&#8221;][vc_empty_space el_class=&#8221;fill-square&#8221;][\/vc_column][vc_column width=&#8221;5\/12&#8243; offset=&#8221;vc_col-sm-offset-1 vc_col-xs-offset-1 vc_col-xs-10&#8243;][vc_column_text css=&#8221;&#8221; el_class=&#8221;text mb-0&#8243;]Con il <strong><a href=\"https:\/\/www.compagniadisanpaolo.it\/it\/progetti\/fondo-per-il-contrasto-della-poverta-educativa-minorile\/\">Fondo per il contrasto della Povert\u00e0 educativa minorile<\/a><\/strong>, sosteniamo una riflessione culturale e metodologica sul tema della povert\u00e0 educativa nell\u2019infanzia e nell\u2019adolescenza, favorendo opportunit\u00e0 di scambio e condivisione tra gli attori della comunit\u00e0 educante, mentre con <strong><a href=\"https:\/\/www.compagniadisanpaolo.it\/it\/contributi\/next-generation-schools\/\">Next Generation School<\/a><\/strong> contribuiamo a un migliore utilizzo delle risorse del PNRR, favorendo percorsi di formazione e di capacity building rivolti ai professionisti dell\u2019educazione.<br \/>\nOpera nella direzione del sostegno alla genitorialit\u00e0, con attenzione ai nuclei familiari e alle donne a rischio o in situazione di svantaggio, sia \u00a0<strong><a href=\"https:\/\/www.compagniadisanpaolo.it\/it\/contributi\/equilibri-una-sfida-per-le-reti-territoriali-lavoro-delle-donne-e-percorsi-educativi-di-bambine-e-bambini\/\">Equilibri \u2013 Una sfida per le reti territoriali: lavoro delle donne e percorsi educativi di bambine e bambini<\/a><\/strong> sia , realizzato in collaborazione con la <strong><a href=\"https:\/\/www.ufficiopio.it\/\" target=\"_blank\" rel=\"noopener\">Fondazione Ufficio Pio Ente filantropico<\/a><\/strong> nell\u2019ambito del programma <strong><a href=\"https:\/\/www.ufficiopio.it\/programmi\/programmi-istituzionali\/traguardi\/\">Traguardi<\/a><\/strong>.[\/vc_column_text][\/vc_column][\/vc_row][vc_row full_width=&#8221;stretch_row_content_no_spaces&#8221; el_class=&#8221;txt-img txt-sx row&#8221;][vc_column width=&#8221;5\/12&#8243; el_class=&#8221;mb-5 mb-lg-0&#8243; offset=&#8221;vc_col-sm-offset-1 vc_col-xs-offset-1 vc_col-xs-10&#8243;][vc_column_text css=&#8221;&#8221; el_class=&#8221;txt-img&#8221;]\n<h3 class=\"title\">Empowerment e partecipazione degli adulti di riferimento della comunit\u00e0 educante<\/h3>\n<div class=\"text\">\n<p>Sosteniamo la costruzione e il rafforzamento di <strong>ecosistemi educativi competenti<\/strong>, capaci di operare secondo una logica collaborativa, multidimensionale, multi-attore, intersezionale\u00a0 e personalizzata, fondata su un uso consapevole dai dati e delle tecnologie.<br \/>\nAttraverso l\u2019accrescimento della <strong>qualit\u00e0 educativa delle opportunit\u00e0<\/strong> (formali, non formali e informali) e <strong>l\u2019innovazione di metodi, processi e contesti orientati all\u2019inclusione<\/strong>, miriamo a ridurre le diseguaglianze e la <strong>povert\u00e0 educativa minorile<\/strong>.<\/p>\n<\/div>\n[\/vc_column_text][\/vc_column][vc_column width=&#8221;1\/2&#8243; css=&#8221;.vc_custom_1739722905339{background-image: url(https:\/\/www.compagniadisanpaolo.it\/wp-content\/uploads\/adulti_educare-per-crescere-insieme-csp.jpg?id=34928) !important;background-position: center !important;background-repeat: no-repeat !important;background-size: cover !important;}&#8221; offset=&#8221;vc_col-sm-offset-0 vc_col-xs-offset-1 vc_col-xs-10&#8243; el_class=&#8221;mb-5 mb-lg-0&#8243;][vc_empty_space el_class=&#8221;fill-square&#8221;][\/vc_column][\/vc_row][vc_row full_width=&#8221;stretch_row_content_no_spaces&#8221; equal_height=&#8221;yes&#8221; el_class=&#8221;txt-img txt-sx row&#8221;][vc_column width=&#8221;1\/2&#8243; css=&#8221;.vc_custom_1739722914373{background-image: url(https:\/\/www.compagniadisanpaolo.it\/wp-content\/uploads\/Obiettivo-Persone-Educare-per-crescere-insieme-new4.jpg?id=6095) !important;background-position: center !important;background-repeat: no-repeat !important;background-size: cover !important;}&#8221; offset=&#8221;vc_col-sm-offset-0 vc_col-xs-offset-1 vc_col-xs-10&#8243; el_class=&#8221;mb-5 mb-lg-0&#8243;][vc_empty_space el_class=&#8221;fill-square&#8221;][\/vc_column][vc_column width=&#8221;5\/12&#8243; offset=&#8221;vc_col-sm-offset-1 vc_col-xs-offset-1 vc_col-xs-10&#8243;][vc_column_text css=&#8221;&#8221; el_class=&#8221;txt-img&#8221;]\n<div class=\"text\">\n<p>La <strong>Missione Educare per crescere insieme<\/strong> si fa promotrice di una sfida dell\u2019intero Gruppo Fondazione San Paolo, che attraverso la <strong><a href=\"https:\/\/www.compagniadisanpaolo.it\/it\/progetti\/la-strategia-education-del-gruppo-fondazione-compagnia-di-san-paolo\/\">Strategia Education<\/a><\/strong> mira a operare valorizzando competenze interne ed esterne, operando secondo priorit\u00e0 condivise e portando evidenze da azioni progettuali rigorosamente valutate.<br \/>\nAnche <strong><a href=\"https:\/\/www.compagniadisanpaolo.it\/it\/news\/citta-delleducazione-al-via-il-percorso-di-trasformazione-delle-ludoteche-comunali\/\">Citt\u00e0 dell\u2019Educazione<\/a><\/strong> \u00e8 un programma di interventi rivolti alla prima infanzia, alla fascia di et\u00e0 6 &#8211; 19 anni (in collaborazione con Fondazione per la Scuola) e ai giovani 16+ (promossa dalla <strong><a href=\"https:\/\/www.compagniadisanpaolo.it\/it\/le-nostre-sfide\/obiettivo-persone\/favorire-il-lavoro-dignitoso\/\">Missione Favorire il lavoro dignitoso<\/a><\/strong>). L\u2019idea di fondo \u00e8 che l\u2019educazione \u00e8 motore dello sviluppo delle persone, delle comunit\u00e0 e dei territori.<\/p>\n<\/div>\n[\/vc_column_text][\/vc_column][\/vc_row][vc_row full_width=&#8221;stretch_row_content_no_spaces&#8221; equal_height=&#8221;yes&#8221; el_class=&#8221;txt-img txt-sx row&#8221;][vc_column width=&#8221;5\/12&#8243; css=&#8221;.vc_custom_1739527531903{background-position: center !important;background-repeat: no-repeat !important;background-size: cover !important;}&#8221; offset=&#8221;vc_col-sm-offset-0 vc_col-xs-offset-1 vc_col-xs-10&#8243;][vc_column_text el_class=&#8221;txt-img&#8221;]\n<div class=\"text\">\n<p>Sempre per sostenere alleanze territoriali competenti e integrate, abbiamo avviato e stiamo curando lo sviluppo del <strong>Tavolo tecnico interdisciplinare sul tema della disabilit\u00e0<\/strong> che coinvolge numerosi enti pubblici e del privato sociale, per individuare modelli innovativi e trasformativi che consentano ai ragazzi con disabilit\u00e0 di compiere il <strong>passaggio verso l\u2019et\u00e0 adulta<\/strong> attraverso azioni e percorsi di accompagnamento che riguardano anche le <strong>famiglie<\/strong>. Un esempio \u00e8 il progetto Passaggi.<\/p>\n<\/div>\n[\/vc_column_text][\/vc_column][vc_column width=&#8221;5\/12&#8243; offset=&#8221;vc_col-sm-offset-1 vc_col-xs-offset-1 vc_col-xs-10&#8243; css=&#8221;.vc_custom_1739723625814{background-image: url(https:\/\/www.compagniadisanpaolo.it\/wp-content\/uploads\/educare-per-crescere-insieme_csp_percorsi.png?id=34957) !important;}&#8221;][vc_empty_space el_class=&#8221;fill-square&#8221;][\/vc_column][\/vc_row][vc_row][vc_column][vc_row_inner el_class=&#8221;section-title&#8221;][vc_column_inner][vc_column_text css=&#8221;&#8221;]\n<h3 class=\"title\" style=\"text-align: center;\">Bandi, Linee Guida e Scadenze uniche riferiti alla Missione Educare per crescere insieme, dell&#8217;Obiettivo Persone.<\/h3>\n[\/vc_column_text][\/vc_column_inner][\/vc_row_inner][\/vc_column][\/vc_row][vc_row][vc_column][vc_raw_html]JTVCbW9zdHJhQ29udHJpYnV0aSU1RA==[\/vc_raw_html][\/vc_column][\/vc_row][vc_row][vc_column][vc_row_inner el_class=&#8221;section-title&#8221;][vc_column_inner][vc_column_text]\n<h3 class=\"title\" style=\"text-align: center;\">Progetti sostenuti dalla Missione Educare per crescere insieme, dell&#8217;Obiettivo Persone.<\/h3>\n[\/vc_column_text][\/vc_column_inner][\/vc_row_inner][\/vc_column][\/vc_row][vc_row][vc_column][vc_raw_html]JTVCZGlzZWduYVByb2dldHRpJTVE[\/vc_raw_html][\/vc_column][\/vc_row][vc_row][vc_column]<div class=\"templatera_shortcode\"><\/div>[\/vc_column][\/vc_row]\n<\/div>","protected":false},"excerpt":{"rendered":"Contribuiamo affinch\u00e9 bambine, bambini, adolescenti e giovani abbiano l\u2019opportunit\u00e0 di esprimere al meglio le proprie potenzialit\u00e0, con solide conoscenze e competenze, cos\u00ec da essere protagonisti della propria vita fin dalla nascita, in un processo di continuo apprendimento. Riconosciamo e promuoviamo il valore di ogni figura coinvolta nell'agire educativo, affinch\u00e9 diventi motore di un cambiamento culturale collettivo e duraturo, contrastando la povert\u00e0 educativa, ogni forma di disuguaglianza e favorendo la crescita e l\u2019attrattivit\u00e0 dei territori. Collaboriamo con famiglie e comunit\u00e0 per garantire a tutti un\u2019educazione fondata su rispetto, sostenibilit\u00e0 e condivisione. La nostra attivit\u00e0 si articola in diversi ambiti di intervento. Educare per crescere insieme Sostegno a benessere e competenze delle persone minorenniEmpowerment e partecipazione degli dulti di riferimento della comunit\u00e0 educanteEcosistemi educativi competenti per ridurre le diseguaglianze La Missione Educare per crescere insieme contribuisce al raggiungimento dei seguenti Obiettivi di Sviluppo Sostenibile La Missione Educare per crescere insieme dell\u2019Obiettivo Persone riconosce nell\u2019educazione uno dei principali presupposti per favorire il benessere delle persone minorenni e delle comunit\u00e0. Valorizziamo quindi sia il concetto di crescita personale sia quello di impegno collettivo, collaborando con Fondazione per la Scuola, Fondazione Ufficio Pio Ente filantropico e Consorzio Xk\u00e9 ZeroTredici, enti strumentali e partecipati della Fondazione Compagnia di San Paolo. Favoriamo la nascita di alleanze educative pubblico-privato per consolidare sempre di pi\u00f9 il valore del lavoro di rete cooperativo e una visione condivisa dell\u2019educazione. Questo ci permette di condividere i risultati dei nostri progetti e di veicolare un approccio trasformativo per svolgere un ruolo di facilitazione, co-costruzione, diffusione di buone pratiche e modelli di riferimento. Sostegno a benessere e competenze delle persone minorenni Sosteniamo progetti che mirano al benessere delle bambine, dei bambini e degli adolescenti minorenni, per contribuire a rafforzare le loro competenze cognitive, culturali, digitali, sociali ed emotive. L\u2019obiettivo \u00e8 permettere a ciascuno di esprimere liberamente la propria identit\u00e0 e le proprie aspirazioni, partecipando con consapevolezza e spirito critico ai cambiamenti, contribuendo attivamente alla costruzione di un futuro pi\u00f9 sostenibile ed equo. Svolgiamo queste attivit\u00e0 con il coinvolgimento di un\u2019ampia rete di attori, tra cui Spazio ZeroSei che si dedica ai bambini da 0 a 6 anni. A una fascia di et\u00e0 pi\u00f9 ampia dedichiamo il progetto Un\u2019estate insieme, inaugurato dopo il periodo di emergenza pandemica per riportare i pi\u00f9 piccoli alla socialit\u00e0. Con la Missione Favorire il lavoro dignitoso, realizziamo la Call for Action Equilibri \u2013 Una sfida per le reti territoriali: lavoro delle donne e percorsi educativi di bambine e bambini, che pone il tema dell\u2019educazione dei pi\u00f9 piccoli \u00a0come elemento cruciale per offrire alle famiglie opportunit\u00e0 di crescita e condivisione. Empowerment degli adulti della comunit\u00e0 educante Ci rivolgiamo agli adulti di riferimento della comunit\u00e0 educante, che hanno quindi responsabilit\u00e0 di cura e di educazione, tra cui famiglie, docenti, educatori e operatori sociali, culturali, sportivi e sanitari. Per sostenere il loro ruolo, favoriamo approcci innovativi di empowerment, aggiornamento continuo e partecipazione. Con il Fondo per il contrasto della Povert\u00e0 educativa minorile, sosteniamo una riflessione culturale e metodologica sul tema della povert\u00e0 educativa nell\u2019infanzia e nell\u2019adolescenza, favorendo opportunit\u00e0 di scambio e condivisione tra gli attori della comunit\u00e0 educante, mentre con Next Generation School contribuiamo a un migliore utilizzo delle risorse del PNRR, favorendo percorsi di formazione e di capacity building rivolti ai professionisti dell\u2019educazione. Opera nella direzione del sostegno alla genitorialit\u00e0, con attenzione ai nuclei familiari e alle donne a rischio o in situazione di svantaggio, sia \u00a0Equilibri \u2013 Una sfida per le reti territoriali: lavoro delle donne e percorsi educativi di bambine e bambini sia , realizzato in collaborazione con la Fondazione Ufficio Pio Ente filantropico nell\u2019ambito del programma Traguardi. Empowerment e partecipazione degli adulti di riferimento della comunit\u00e0 educante Sosteniamo la costruzione e il rafforzamento di ecosistemi educativi competenti, capaci di operare secondo una logica collaborativa, multidimensionale, multi-attore, intersezionale\u00a0 e personalizzata, fondata su un uso consapevole dai dati e delle tecnologie. Attraverso l\u2019accrescimento della qualit\u00e0 educativa delle opportunit\u00e0 (formali, non formali e informali) e l\u2019innovazione di metodi, processi e contesti orientati all\u2019inclusione, miriamo a ridurre le diseguaglianze e la povert\u00e0 educativa minorile. La Missione Educare per crescere insieme si fa promotrice di una sfida dell\u2019intero Gruppo Fondazione San Paolo, che attraverso la Strategia Education mira a operare valorizzando competenze interne ed esterne, operando secondo priorit\u00e0 condivise e portando evidenze da azioni progettuali rigorosamente valutate. Anche Citt\u00e0 dell\u2019Educazione \u00e8 un programma di interventi rivolti alla prima infanzia, alla fascia di et\u00e0 6 - 19 anni (in collaborazione con Fondazione per la Scuola) e ai giovani 16+ (promossa dalla Missione Favorire il lavoro dignitoso). L\u2019idea di fondo \u00e8 che l\u2019educazione \u00e8 motore dello sviluppo delle persone, delle comunit\u00e0 e dei territori. Sempre per sostenere alleanze territoriali competenti e integrate, abbiamo avviato e stiamo curando lo sviluppo del Tavolo tecnico interdisciplinare sul tema della disabilit\u00e0 che coinvolge numerosi enti pubblici e del privato sociale, per individuare modelli innovativi e trasformativi che consentano ai ragazzi con disabilit\u00e0 di compiere il passaggio verso l\u2019et\u00e0 adulta attraverso azioni e percorsi di accompagnamento che riguardano anche le famiglie. Un esempio \u00e8 il progetto Passaggi. Bandi, Linee Guida e Scadenze uniche riferiti alla Missione Educare per crescere insieme, dell'Obiettivo Persone. Trovati 6 elementi Persone Linee Guida 06 &#8211; Alleanze ad alta intensit\u00e0 educativa IN CORSO 21\/04\/2026 - 30\/06\/2029 CulturaPersone La Bella Stagione 2026 IN CORSO 14\/04\/2026 - 29\/04\/2026 Persone Bando per sostenere comunit\u00e0 educanti e opportunit\u00e0 educative nell\u2019extrascuola a Vercelli. IN CORSO 09\/04\/2026 - 15\/05\/2026 Persone Bando per sostenere comunit\u00e0 educanti e opportunit\u00e0 educative nel tempo extrascolastico a Genova CHIUSO 04\/09\/2025 - 17\/11\/2025 Persone Bando Semi di futuro 0-6 Opportunit\u00e0 educative per crescere bene insieme CHIUSO 17\/04\/2025 - 30\/06\/2025 Persone Bando Semi di futuro 6-19 Opportunit\u00e0 educative per crescere bene insieme CHIUSO 17\/04\/2025 - 30\/06\/2025 Progetti sostenuti dalla Missione Educare per crescere insieme, dell'Obiettivo Persone. Persone PASSAGGI \u2013 Laboratorio sperimentale per la crescita Persone FUORI DAI BORDI &#8211; Co-progettare nuove narrazioni per la salute mentale Persone Equilibri &#8211; Una sfida per le reti territoriali: lavoro delle donne e percorsi educativi di bambine e bambini Persone Citt\u00e0 dell&#8217;Educazione Persone Territori","protected":false},"author":17,"featured_media":0,"parent":17,"menu_order":3,"comment_status":"closed","ping_status":"closed","template":"","meta":{"_acf_changed":false,"content-type":"","footnotes":""},"class_list":["post-5759","page","type-page","status-publish","hentry","entry","post-inner"],"acf":[],"yoast_head":"<!-- This site is optimized with the Yoast SEO plugin v27.3 - https:\/\/yoast.com\/product\/yoast-seo-wordpress\/ -->\n<title>Educare per crescere insieme - Fondazione Compagnia di San Paolo<\/title>\n<meta name=\"description\" content=\"La missione Educare per crescere insieme promuove un progetto educativo che coinvolge bambini e adolescenti, per una crescita sana all&#039;interno della famiglia e dalla comunit\u00e0.\" \/>\n<meta name=\"robots\" content=\"index, follow, max-snippet:-1, max-image-preview:large, max-video-preview:-1\" \/>\n<link rel=\"canonical\" href=\"https:\/\/www.compagniadisanpaolo.it\/it\/le-nostre-sfide\/obiettivo-persone\/educare-per-crescere-insieme\/\" \/>\n<meta property=\"og:locale\" content=\"it_IT\" \/>\n<meta property=\"og:type\" content=\"article\" \/>\n<meta property=\"og:title\" content=\"Educare per crescere insieme - Fondazione Compagnia di San Paolo\" \/>\n<meta property=\"og:description\" content=\"La missione Educare per crescere insieme promuove un progetto educativo che coinvolge bambini e adolescenti, per una crescita sana all&#039;interno della famiglia e dalla comunit\u00e0.\" \/>\n<meta property=\"og:url\" content=\"https:\/\/www.compagniadisanpaolo.it\/it\/le-nostre-sfide\/obiettivo-persone\/educare-per-crescere-insieme\/\" \/>\n<meta property=\"og:site_name\" content=\"Fondazione Compagnia di San Paolo\" \/>\n<meta property=\"article:publisher\" content=\"https:\/\/www.facebook.com\/CompagniaDiSanPaolo\" \/>\n<meta property=\"article:modified_time\" content=\"2025-04-23T11:20:33+00:00\" \/>\n<meta property=\"og:image\" content=\"https:\/\/www.compagniadisanpaolo.it\/wp-content\/uploads\/alternate-social.png\" \/>\n\t<meta property=\"og:image:width\" content=\"1200\" \/>\n\t<meta property=\"og:image:height\" content=\"900\" \/>\n\t<meta property=\"og:image:type\" content=\"image\/png\" \/>\n<meta name=\"twitter:card\" content=\"summary_large_image\" \/>\n<meta name=\"twitter:site\" content=\"@CSP_live\" \/>\n<meta name=\"twitter:label1\" content=\"Tempo di lettura stimato\" \/>\n\t<meta name=\"twitter:data1\" content=\"6 minuti\" \/>\n<script type=\"application\/ld+json\" class=\"yoast-schema-graph\">{\"@context\":\"https:\\\/\\\/schema.org\",\"@graph\":[{\"@type\":\"WebPage\",\"@id\":\"https:\\\/\\\/www.compagniadisanpaolo.it\\\/it\\\/le-nostre-sfide\\\/obiettivo-persone\\\/educare-per-crescere-insieme\\\/\",\"url\":\"https:\\\/\\\/www.compagniadisanpaolo.it\\\/it\\\/le-nostre-sfide\\\/obiettivo-persone\\\/educare-per-crescere-insieme\\\/\",\"name\":\"Educare per crescere insieme - Fondazione Compagnia di San Paolo\",\"isPartOf\":{\"@id\":\"https:\\\/\\\/www.compagniadisanpaolo.it\\\/it\\\/#website\"},\"datePublished\":\"2020-07-16T22:21:34+00:00\",\"dateModified\":\"2025-04-23T11:20:33+00:00\",\"description\":\"La missione Educare per crescere insieme promuove un progetto educativo che coinvolge bambini e adolescenti, per una crescita sana all'interno della famiglia e dalla comunit\u00e0.\",\"breadcrumb\":{\"@id\":\"https:\\\/\\\/www.compagniadisanpaolo.it\\\/it\\\/le-nostre-sfide\\\/obiettivo-persone\\\/educare-per-crescere-insieme\\\/#breadcrumb\"},\"inLanguage\":\"it-IT\",\"potentialAction\":[{\"@type\":\"ReadAction\",\"target\":[\"https:\\\/\\\/www.compagniadisanpaolo.it\\\/it\\\/le-nostre-sfide\\\/obiettivo-persone\\\/educare-per-crescere-insieme\\\/\"]}]},{\"@type\":\"BreadcrumbList\",\"@id\":\"https:\\\/\\\/www.compagniadisanpaolo.it\\\/it\\\/le-nostre-sfide\\\/obiettivo-persone\\\/educare-per-crescere-insieme\\\/#breadcrumb\",\"itemListElement\":[{\"@type\":\"ListItem\",\"position\":1,\"name\":\"Home\",\"item\":\"https:\\\/\\\/www.compagniadisanpaolo.it\\\/it\\\/\"},{\"@type\":\"ListItem\",\"position\":2,\"name\":\"Le nostre sfide\",\"item\":\"https:\\\/\\\/www.compagniadisanpaolo.it\\\/it\\\/le-nostre-sfide\\\/\"},{\"@type\":\"ListItem\",\"position\":3,\"name\":\"Obiettivo Persone\",\"item\":\"https:\\\/\\\/www.compagniadisanpaolo.it\\\/it\\\/le-nostre-sfide\\\/obiettivo-persone\\\/\"},{\"@type\":\"ListItem\",\"position\":4,\"name\":\"Educare per crescere insieme\"}]},{\"@type\":\"WebSite\",\"@id\":\"https:\\\/\\\/www.compagniadisanpaolo.it\\\/it\\\/#website\",\"url\":\"https:\\\/\\\/www.compagniadisanpaolo.it\\\/it\\\/\",\"name\":\"Fondazione Compagnia di San Paolo\",\"description\":\"\",\"publisher\":{\"@id\":\"https:\\\/\\\/www.compagniadisanpaolo.it\\\/it\\\/#organization\"},\"potentialAction\":[{\"@type\":\"SearchAction\",\"target\":{\"@type\":\"EntryPoint\",\"urlTemplate\":\"https:\\\/\\\/www.compagniadisanpaolo.it\\\/it\\\/?s={search_term_string}\"},\"query-input\":{\"@type\":\"PropertyValueSpecification\",\"valueRequired\":true,\"valueName\":\"search_term_string\"}}],\"inLanguage\":\"it-IT\"},{\"@type\":\"Organization\",\"@id\":\"https:\\\/\\\/www.compagniadisanpaolo.it\\\/it\\\/#organization\",\"name\":\"Fondazione Compagnia di San Paolo\",\"url\":\"https:\\\/\\\/www.compagniadisanpaolo.it\\\/it\\\/\",\"logo\":{\"@type\":\"ImageObject\",\"inLanguage\":\"it-IT\",\"@id\":\"https:\\\/\\\/www.compagniadisanpaolo.it\\\/it\\\/#\\\/schema\\\/logo\\\/image\\\/\",\"url\":\"https:\\\/\\\/www.compagniadisanpaolo.it\\\/wp-content\\\/uploads\\\/logo.svg\",\"contentUrl\":\"https:\\\/\\\/www.compagniadisanpaolo.it\\\/wp-content\\\/uploads\\\/logo.svg\",\"width\":769,\"height\":323,\"caption\":\"Fondazione Compagnia di San Paolo\"},\"image\":{\"@id\":\"https:\\\/\\\/www.compagniadisanpaolo.it\\\/it\\\/#\\\/schema\\\/logo\\\/image\\\/\"},\"sameAs\":[\"https:\\\/\\\/www.facebook.com\\\/CompagniaDiSanPaolo\",\"https:\\\/\\\/x.com\\\/CSP_live\",\"http:\\\/\\\/instagram.com\\\/compagniadisanpaolo?ref=badge\",\"https:\\\/\\\/www.linkedin.com\\\/company\\\/compagnia-di-san-paolo\",\"https:\\\/\\\/www.youtube.com\\\/user\\\/compagniadisanpaolo\",\"https:\\\/\\\/it.wikipedia.org\\\/wiki\\\/Compagnia_di_San_Paolo\"]}]}<\/script>\n<!-- \/ Yoast SEO plugin. -->","yoast_head_json":{"title":"Educare per crescere insieme - Fondazione Compagnia di San Paolo","description":"La missione Educare per crescere insieme promuove un progetto educativo che coinvolge bambini e adolescenti, per una crescita sana all'interno della famiglia e dalla comunit\u00e0.","robots":{"index":"index","follow":"follow","max-snippet":"max-snippet:-1","max-image-preview":"max-image-preview:large","max-video-preview":"max-video-preview:-1"},"canonical":"https:\/\/www.compagniadisanpaolo.it\/it\/le-nostre-sfide\/obiettivo-persone\/educare-per-crescere-insieme\/","og_locale":"it_IT","og_type":"article","og_title":"Educare per crescere insieme - Fondazione Compagnia di San Paolo","og_description":"La missione Educare per crescere insieme promuove un progetto educativo che coinvolge bambini e adolescenti, per una crescita sana all'interno della famiglia e dalla comunit\u00e0.","og_url":"https:\/\/www.compagniadisanpaolo.it\/it\/le-nostre-sfide\/obiettivo-persone\/educare-per-crescere-insieme\/","og_site_name":"Fondazione Compagnia di San Paolo","article_publisher":"https:\/\/www.facebook.com\/CompagniaDiSanPaolo","article_modified_time":"2025-04-23T11:20:33+00:00","og_image":[{"width":1200,"height":900,"url":"https:\/\/www.compagniadisanpaolo.it\/wp-content\/uploads\/alternate-social.png","type":"image\/png"}],"twitter_card":"summary_large_image","twitter_site":"@CSP_live","twitter_misc":{"Tempo di lettura stimato":"6 minuti"},"schema":{"@context":"https:\/\/schema.org","@graph":[{"@type":"WebPage","@id":"https:\/\/www.compagniadisanpaolo.it\/it\/le-nostre-sfide\/obiettivo-persone\/educare-per-crescere-insieme\/","url":"https:\/\/www.compagniadisanpaolo.it\/it\/le-nostre-sfide\/obiettivo-persone\/educare-per-crescere-insieme\/","name":"Educare per crescere insieme - Fondazione Compagnia di San Paolo","isPartOf":{"@id":"https:\/\/www.compagniadisanpaolo.it\/it\/#website"},"datePublished":"2020-07-16T22:21:34+00:00","dateModified":"2025-04-23T11:20:33+00:00","description":"La missione Educare per crescere insieme promuove un progetto educativo che coinvolge bambini e adolescenti, per una crescita sana all'interno della famiglia e dalla comunit\u00e0.","breadcrumb":{"@id":"https:\/\/www.compagniadisanpaolo.it\/it\/le-nostre-sfide\/obiettivo-persone\/educare-per-crescere-insieme\/#breadcrumb"},"inLanguage":"it-IT","potentialAction":[{"@type":"ReadAction","target":["https:\/\/www.compagniadisanpaolo.it\/it\/le-nostre-sfide\/obiettivo-persone\/educare-per-crescere-insieme\/"]}]},{"@type":"BreadcrumbList","@id":"https:\/\/www.compagniadisanpaolo.it\/it\/le-nostre-sfide\/obiettivo-persone\/educare-per-crescere-insieme\/#breadcrumb","itemListElement":[{"@type":"ListItem","position":1,"name":"Home","item":"https:\/\/www.compagniadisanpaolo.it\/it\/"},{"@type":"ListItem","position":2,"name":"Le nostre sfide","item":"https:\/\/www.compagniadisanpaolo.it\/it\/le-nostre-sfide\/"},{"@type":"ListItem","position":3,"name":"Obiettivo Persone","item":"https:\/\/www.compagniadisanpaolo.it\/it\/le-nostre-sfide\/obiettivo-persone\/"},{"@type":"ListItem","position":4,"name":"Educare per crescere insieme"}]},{"@type":"WebSite","@id":"https:\/\/www.compagniadisanpaolo.it\/it\/#website","url":"https:\/\/www.compagniadisanpaolo.it\/it\/","name":"Fondazione Compagnia di San Paolo","description":"","publisher":{"@id":"https:\/\/www.compagniadisanpaolo.it\/it\/#organization"},"potentialAction":[{"@type":"SearchAction","target":{"@type":"EntryPoint","urlTemplate":"https:\/\/www.compagniadisanpaolo.it\/it\/?s={search_term_string}"},"query-input":{"@type":"PropertyValueSpecification","valueRequired":true,"valueName":"search_term_string"}}],"inLanguage":"it-IT"},{"@type":"Organization","@id":"https:\/\/www.compagniadisanpaolo.it\/it\/#organization","name":"Fondazione Compagnia di San Paolo","url":"https:\/\/www.compagniadisanpaolo.it\/it\/","logo":{"@type":"ImageObject","inLanguage":"it-IT","@id":"https:\/\/www.compagniadisanpaolo.it\/it\/#\/schema\/logo\/image\/","url":"https:\/\/www.compagniadisanpaolo.it\/wp-content\/uploads\/logo.svg","contentUrl":"https:\/\/www.compagniadisanpaolo.it\/wp-content\/uploads\/logo.svg","width":769,"height":323,"caption":"Fondazione Compagnia di San Paolo"},"image":{"@id":"https:\/\/www.compagniadisanpaolo.it\/it\/#\/schema\/logo\/image\/"},"sameAs":["https:\/\/www.facebook.com\/CompagniaDiSanPaolo","https:\/\/x.com\/CSP_live","http:\/\/instagram.com\/compagniadisanpaolo?ref=badge","https:\/\/www.linkedin.com\/company\/compagnia-di-san-paolo","https:\/\/www.youtube.com\/user\/compagniadisanpaolo","https:\/\/it.wikipedia.org\/wiki\/Compagnia_di_San_Paolo"]}]}},"_links":{"self":[{"href":"https:\/\/www.compagniadisanpaolo.it\/it\/wp-json\/wp\/v2\/pages\/5759","targetHints":{"allow":["GET"]}}],"collection":[{"href":"https:\/\/www.compagniadisanpaolo.it\/it\/wp-json\/wp\/v2\/pages"}],"about":[{"href":"https:\/\/www.compagniadisanpaolo.it\/it\/wp-json\/wp\/v2\/types\/page"}],"author":[{"embeddable":true,"href":"https:\/\/www.compagniadisanpaolo.it\/it\/wp-json\/wp\/v2\/users\/17"}],"replies":[{"embeddable":true,"href":"https:\/\/www.compagniadisanpaolo.it\/it\/wp-json\/wp\/v2\/comments?post=5759"}],"version-history":[{"count":11,"href":"https:\/\/www.compagniadisanpaolo.it\/it\/wp-json\/wp\/v2\/pages\/5759\/revisions"}],"predecessor-version":[{"id":36875,"href":"https:\/\/www.compagniadisanpaolo.it\/it\/wp-json\/wp\/v2\/pages\/5759\/revisions\/36875"}],"up":[{"embeddable":true,"href":"https:\/\/www.compagniadisanpaolo.it\/it\/wp-json\/wp\/v2\/pages\/17"}],"wp:attachment":[{"href":"https:\/\/www.compagniadisanpaolo.it\/it\/wp-json\/wp\/v2\/media?parent=5759"}],"curies":[{"name":"wp","href":"https:\/\/api.w.org\/{rel}","templated":true}]}}