{"id":41698,"date":"2026-02-13T18:36:20","date_gmt":"2026-02-13T17:36:20","guid":{"rendered":"https:\/\/www.compagniadisanpaolo.it\/?page_id=41698"},"modified":"2026-04-23T09:15:22","modified_gmt":"2026-04-23T07:15:22","slug":"intervento-0-6-anni-torino-e-savona","status":"publish","type":"page","link":"https:\/\/www.compagniadisanpaolo.it\/it\/i-progetti\/intervento-0-6-anni-torino-e-savona\/","title":{"rendered":"Intervento 0-6 anni \u2013 Torino e Savona"},"content":{"rendered":"<div class=\"wpb-content-wrapper\">[vc_row el_class=&#8221;text-headline&#8221;][vc_column][vc_column_text el_class=&#8221;text&#8221;]L\u2019intervento per bambine e bambini da 0 a 6 anni, insieme alle loro famiglie, ha come obiettivo principale quello di ampliare l\u2019accesso a servizi educativi e di cura inclusivi, multidimensionali e orientati allo sviluppo integrale dei bambini. Si punta a garantire che i genitori conoscano tempestivamente l\u2019offerta di servizi sul territorio e a promuovere la corresponsabilit\u00e0 tra istituzioni, professionisti, e reti formali e informali. Il progetto si realizzer\u00e0 a Torino e Savona, coinvolgendo attivamente tutti i soggetti responsabili per offrire esperienze di accoglienza innovative.[\/vc_column_text][\/vc_column][\/vc_row][vc_row el_class=&#8221;page-content&#8221; css=&#8221;.vc_custom_1768557408575{margin-bottom: 0px !important;border-bottom-width: 0px !important;padding-bottom: 0px !important;}&#8221;][vc_column][vc_column_text css=&#8221;&#8221; el_class=&#8221;text&#8221;]Negli ultimi anni, le evidenze sull\u2019importanza di investire nella prima infanzia si sono consolidate. I\u00a0<strong>primi anni di vita sono decisivi per lo sviluppo di competenze cognitive<\/strong>,\u00a0<strong>sociali<\/strong>\u00a0e di\u00a0<strong>cittadinanza<\/strong>\u00a0che influenzano la vita futura di un individuo.<\/p>\n<p>Secondo le neuroscienze,\u00a0<strong>il 90% dello sviluppo cerebrale avviene entro i primi cinque anni<\/strong>, e in questo periodo il cervello stabilisce fino a 700 sinapsi al secondo, formando le basi per competenze essenziali come\u00a0<strong>creativit\u00e0<\/strong>,\u00a0<strong>costanza<\/strong>\u00a0e\u00a0<strong>capacit\u00e0\u00a0di risoluzione dei problemi<\/strong>.<\/p>\n<p><strong>Investire precocemente in servizi per la prima infanzia<\/strong>\u00a0offre un vantaggio unico poich\u00e9 pu\u00f2\u00a0<strong>prevenire disuguaglianze<\/strong>\u00a0e\u00a0<strong>promuovere risultati positivi a lungo termine<\/strong>. La raccomandazione del Consiglio Europeo sottolinea inoltre l\u2019importanza di questi servizi per\u00a0<strong>sostenere l\u2019inclusione e facilitare la partecipazione delle donne al mercato del lavoro<\/strong>.<\/p>\n<p>Il progetto \u201c<strong>Citt\u00e0 dell\u2019Educazione 0-6<\/strong>\u201d risponde a questa urgenza, proponendo un\u00a0<strong>sistema coordinato di servizi educativi<\/strong>,\u00a0<strong>sanitari<\/strong>\u00a0e\u00a0<strong>sociali<\/strong>\u00a0per bambini e bambine da 0 a 6 anni, promuovendo l\u2019universalit\u00e0 dei servizi e l\u2019accesso inclusivo.<\/p>\n<p><strong>Per le citt\u00e0 di Torino<\/strong> e <strong>Savona<\/strong> \u00e8 stata definita, grazie al prezioso accompagnamento di Fondazione Emanuela Zancan, una visione e una teoria del cambiamento comune, a seguito di una analisi accurata del contesto socio-demografico e dell\u2019offerta per la prima infanzia e di un ascolto attento degli stakeholders. Le azioni nei due contesti locali saranno adattate per massimizzare l\u2019impatto sul benessere dei bambini e delle loro famiglie.<\/p>\n<p>&nbsp;<\/p>\n<h2>Torino<\/h2>\n<p>A Torino sono quattro gli ambiti di intervento prioritari:<\/p>\n<ol>\n<li>Supporto alle famiglie: sebbene con background differenti, le famiglie hanno esigenze comuni, come il bisogno di sostegno nella genitorialit\u00e0 e la necessit\u00e0 di ridurre solitudine e rischio di vulnerabilit\u00e0.<\/li>\n<li>Accesso ai servizi educativi 0-3: migliorare la qualit\u00e0 educativa e la fiducia nei servizi, aumentando posti, vicinanza e flessibilit\u00e0.<\/li>\n<li>Rete tra servizi: integrazione tra servizi educativi, sanitari e sociali, facilitando una individuazione precoce dei problemi e supportando i genitori.<\/li>\n<li>Connessione famiglia-servizi: rimuovere barriere linguistiche e culturali, migliorare la comunicazione e trasmettere fiducia nei servizi.<\/li>\n<\/ol>\n<p><strong>Obiettivi finali del progetto per Torino<\/strong>, dopo i cinque anni di intervento, includono:<\/p>\n<ul>\n<li>Un tasso di partecipazione ai servizi 0-2 del 45%, con un aumento di 1.000 nuovi accessi a servizi educativi di qualit\u00e0.<\/li>\n<li>Accesso digitale ai servizi per il 100% dei bambini 0-3 anni.<\/li>\n<li>Un tasso di partecipazione ai servizi 3-5 anni del 96%.<\/li>\n<li>Coinvolgimento di almeno il 20% dei genitori nelle attivit\u00e0 educative dei propri figli.<\/li>\n<li>Miglioramento delle competenze per il 90% degli operatori.<\/li>\n<\/ul>\n<p>Le principali macro-azioni individuate per Torino includono il coordinamento tra servizi, il miglioramento dell\u2019accesso e l\u2019introduzione di un sistema digitale per facilitare l\u2019orientamento ai servizi e la loro fruizione.[\/vc_column_text][\/vc_column][\/vc_row][vc_row el_class=&#8221;page-content&#8221; css=&#8221;.vc_custom_1768557373250{margin-top: 0px !important;margin-bottom: 0px !important;border-top-width: 0px !important;border-bottom-width: 0px !important;padding-top: 0px !important;padding-bottom: 0px !important;background-color: #FFFFFF !important;}&#8221;][vc_column width=&#8221;1\/2&#8243;][vc_column_text css=&#8221;&#8221; el_class=&#8221;text&#8221;]\n<h3><span style=\"text-decoration: underline;\"><strong>La rete delle Eduteche\u00a0<\/strong><\/span><\/h3>\n<p>Le <strong>Eduteche<\/strong> sono<strong> spazi aperti e inclusivi<\/strong>, pensati per bambine e bambini, ragazze e ragazzi di <strong>diverse fasce d\u2019et\u00e0<\/strong>, insieme ai genitori e alle famiglie, invitati a partecipare attivamente al percorso educativo. <strong>L\u2019offerta<\/strong> si sviluppa attraverso spazi e <strong>attivit\u00e0 differenziate<\/strong> che accompagnano la primissima infanzia, l\u2019et\u00e0 prescolare e quella scolare, combinando momenti di gioco e socializzazione con <strong>percorsi di supporto alla genitorialit\u00e0<\/strong> e alla crescita della comunit\u00e0 educativa.[\/vc_column_text][\/vc_column][vc_column width=&#8221;1\/2&#8243; css=&#8221;.vc_custom_1768557084255{background-color: #FBB900 !important;}&#8221;][vc_single_image image=&#8221;41147&#8243; img_size=&#8221;large&#8221; css=&#8221;&#8221;][\/vc_column][\/vc_row][vc_row el_class=&#8221;page-content&#8221; css=&#8221;.vc_custom_1768557394399{margin-top: 0px !important;margin-bottom: 0px !important;border-top-width: 0px !important;border-bottom-width: 0px !important;padding-top: 0px !important;padding-bottom: 0px !important;background-color: #FFFFFF !important;}&#8221;][vc_column][vc_column_text css=&#8221;&#8221; el_class=&#8221;text&#8221;]Qui <strong>gioco<\/strong>, <strong>apprendimento<\/strong> e <strong>relazione<\/strong> diventano strumenti chiave per <strong>favorire lo sviluppo dei pi\u00f9 piccoli e sostenere la crescita dei pi\u00f9 grandi<\/strong>, all\u2019interno di ambienti sicuri e stimolanti, con la presenza di educatori qualificati che accompagnano bambini e famiglie nelle diverse attivit\u00e0.<\/p>\n<p>Nello specifico, le Eduteche declinano questa visione in <strong>un\u2019offerta articolata che risponde ai bisogni delle famiglie e promuove partecipazione<\/strong>, fiducia e confronto nella comunit\u00e0 educante. In questo contesto, sul territorio cittadino sono gi\u00e0 <strong>operative cinque Eduteche.<\/strong>[\/vc_column_text][\/vc_column][\/vc_row][vc_row el_class=&#8221;page-content&#8221; css=&#8221;.vc_custom_1769097558066{margin-bottom: 0px !important;border-bottom-width: 0px !important;padding-bottom: 0px !important;background-color: #FFFFFF !important;}&#8221;][vc_column width=&#8221;1\/5&#8243; css=&#8221;.vc_custom_1768557095521{background-color: #FBB900 !important;}&#8221;][vc_column_text css=&#8221;&#8221;]\n<h4><a href=\"https:\/\/www.comune.torino.it\/vivere-comune\/luoghi\/eduteca-laquilone\" target=\"_blank\" rel=\"noopener\"><strong>L&#8217;Aquilone<\/strong><\/a>\u00a0in corso Bramante 75<\/h4>\n[\/vc_column_text][vc_single_image image=&#8221;41159&#8243; img_size=&#8221;medium&#8221; alignment=&#8221;center&#8221; style=&#8221;vc_box_border&#8221; onclick=&#8221;custom_link&#8221; css=&#8221;&#8221; link=&#8221;https:\/\/www.comune.torino.it\/vivere-comune\/luoghi\/eduteca-laquilone&#8221;][\/vc_column][vc_column width=&#8221;1\/5&#8243;][vc_column_text css=&#8221;&#8221;]\n<h4><a href=\"https:\/\/www.comune.torino.it\/vivere-comune\/luoghi\/eduteca-paguro\" target=\"_blank\" rel=\"noopener\"><strong>Il Paguro<\/strong> <\/a>in via Oropa 48.<\/h4>\n[\/vc_column_text][vc_single_image image=&#8221;41157&#8243; img_size=&#8221;medium&#8221; alignment=&#8221;center&#8221; style=&#8221;vc_box_border&#8221; onclick=&#8221;custom_link&#8221; css=&#8221;&#8221; link=&#8221;https:\/\/www.comune.torino.it\/vivere-comune\/luoghi\/eduteca-paguro&#8221;][\/vc_column][vc_column width=&#8221;1\/5&#8243; css=&#8221;.vc_custom_1768557102656{background-color: #FBB900 !important;}&#8221;][vc_column_text css=&#8221;&#8221;]\n<h4><a href=\"https:\/\/www.comune.torino.it\/vivere-comune\/luoghi\/eduteca-drago-volante\" target=\"_blank\" rel=\"noopener\"><strong>Il Drago Volante<\/strong><\/a> in corso Cadore 20\/8.<\/h4>\n[\/vc_column_text][vc_single_image image=&#8221;41155&#8243; img_size=&#8221;medium&#8221; alignment=&#8221;center&#8221; style=&#8221;vc_box_border&#8221; onclick=&#8221;custom_link&#8221; css=&#8221;&#8221; link=&#8221;https:\/\/www.comune.torino.it\/vivere-comune\/luoghi\/eduteca-drago-volante&#8221;][\/vc_column][vc_column width=&#8221;1\/5&#8243;][vc_column_text css=&#8221;&#8221;]\n<h4><strong><a href=\"https:\/\/www.comune.torino.it\/vivere-comune\/luoghi\/eduteca-agora\" target=\"_blank\" rel=\"noopener\">Agor\u00e0<\/a> <\/strong>in via Fossano 8.<\/h4>\n[\/vc_column_text][vc_single_image image=&#8221;41153&#8243; img_size=&#8221;medium&#8221; alignment=&#8221;center&#8221; style=&#8221;vc_box_border&#8221; onclick=&#8221;custom_link&#8221; css=&#8221;&#8221; link=&#8221;https:\/\/www.comune.torino.it\/vivere-comune\/luoghi\/eduteca-agora&#8221;][\/vc_column][vc_column width=&#8221;1\/5&#8243; css=&#8221;.vc_custom_1768557111227{background-color: #FBB900 !important;}&#8221;][vc_column_text css=&#8221;&#8221;]\n<h4><a href=\"https:\/\/www.comune.torino.it\/vivere-comune\/luoghi\/eduteca-cinciallegra\" target=\"_blank\" rel=\"noopener\"><strong>La Cinciallegra<\/strong><\/a> in via Parenzo 42.<\/h4>\n[\/vc_column_text][vc_single_image image=&#8221;41161&#8243; img_size=&#8221;medium&#8221; alignment=&#8221;center&#8221; style=&#8221;vc_box_border&#8221; onclick=&#8221;custom_link&#8221; css=&#8221;&#8221; link=&#8221;https:\/\/www.comune.torino.it\/vivere-comune\/luoghi\/eduteca-cinciallegra&#8221;][\/vc_column][\/vc_row][vc_row el_class=&#8221;page-content&#8221; css=&#8221;.vc_custom_1769097545100{margin-top: -1px !important;border-top-width: 0px !important;padding-top: 1px !important;background-color: #FFFFFF !important;}&#8221;][vc_column][vc_column_text css=&#8221;&#8221; el_class=&#8221;text&#8221;]Questi spazi sono il risultato di un <strong>articolato percorso di coprogettazione<\/strong> tra la <strong>Citt\u00e0 di Torino<\/strong>, la <strong>Fondazione Compagnia di San Paolo<\/strong>, gli <strong>Enti del Terzo Settore<\/strong> e <strong>l\u2019ASL Torino<\/strong>, che ne accompagna l\u2019attuazione.<br \/>\nPer ulteriori approfondimenti sulle Eduteche \u00e8 possibile visitare la <strong><a href=\"https:\/\/www.comune.torino.it\/schede-informative\/eduteche\" target=\"_blank\" rel=\"noopener\">sezione dedicata<\/a><\/strong> sul sito della <strong>Citt\u00e0 di Torino<\/strong>.[\/vc_column_text][\/vc_column][\/vc_row][vc_row el_class=&#8221;page-content&#8221; css=&#8221;.vc_custom_1769097611638{margin-top: 0px !important;margin-bottom: 0px !important;border-top-width: 0px !important;border-bottom-width: 0px !important;padding-top: 0px !important;padding-bottom: 0px !important;}&#8221;][vc_column][vc_column_text css=&#8221;&#8221; el_class=&#8221;text&#8221;]\n<h2>Savona<\/h2>\n<p>Savona si concentra su:<\/p>\n<ol>\n<li><strong>Espansione dell\u2019accesso ai servizi 0-3 anni<\/strong>: vista la disponibilit\u00e0 limitata di posti nei servizi educativi per la prima infanzia, si punta ad aumentare la capacit\u00e0 ricettiva dei nidi e a migliorare la qualit\u00e0 educativa.<\/li>\n<li><strong>Rafforzamento delle reti di sostegno<\/strong>: il progetto prevede il coinvolgimento attivo delle famiglie e della comunit\u00e0, promuovendo una rete integrata che include anche il settore sanitario e culturale.<\/li>\n<li><strong>Integrazione dei servizi per una risposta flessibile<\/strong>: Savona mira a facilitare l\u2019accesso ai servizi educativi per le famiglie in condizioni di vulnerabilit\u00e0 e per quelle con esigenze particolari, adattando l\u2019offerta a specifici bisogni locali.<\/li>\n<\/ol>\n<p>Attraverso una serie di macro-azioni come l\u2019incremento dei posti nei servizi per l\u2019infanzia, l\u2019introduzione di percorsi di accompagnamento per genitori, e l\u2019attivazione di collaborazioni tra servizi educativi, sanitari e sociali, il progetto di Savona vuole fare della citt\u00e0 un luogo che accoglie e supporta attivamente ogni bambino e bambina.<\/p>\n<p><strong>Obiettivi finali del progetto per Savona<\/strong>, dopo i cinque anni di intervento, includono:<\/p>\n<ul>\n<li><strong>dare vita a un \u201csistema coordinato\u201d 0-6; <\/strong><strong>\u00a0<\/strong><\/li>\n<li><strong>fino a 100 posti in pi\u00f9 ad \u201calta intensit\u00e0 educativa\u201d, per bambini\/e fino a 36 mesi di et\u00e0<\/strong>, portando il tasso di partecipazione cittadino al 45% nella fascia 0-2 anni;<\/li>\n<li><strong>valorizzare i posti attualmente disponibili nei<\/strong> <strong>nidi<\/strong> (con ampliamento di orari e\/o periodi) e <strong>promuovendo la realizzazione di poli 0-6<\/strong>;<\/li>\n<li><strong>fino a 60<\/strong> <strong>bambini\/e 3-5 anni in pi\u00f9 <\/strong>presso le scuole dell\u2019infanzia, aumentando il tasso di partecipazione al 96%;<\/li>\n<li>offerta per <strong>tutti i bambini\/e fino a 6 anni<\/strong> di <strong>servizi\/opportunit\u00e0 complementari<\/strong> di qualit\u00e0.<\/li>\n<\/ul>\n[\/vc_column_text][\/vc_column][\/vc_row][vc_row el_class=&#8221;page-content&#8221; css=&#8221;.vc_custom_1771001813586{margin-top: 0px !important;margin-bottom: 0px !important;border-top-width: 0px !important;border-bottom-width: 0px !important;padding-top: 0px !important;padding-bottom: 0px !important;}&#8221;][vc_column][vc_column_text css=&#8221;&#8221; el_class=&#8221;text&#8221;]\n<h2>Contributi 2026<\/h2>\n[\/vc_column_text][\/vc_column][\/vc_row][vc_row el_class=&#8221;page-content&#8221; css=&#8221;.vc_custom_1771001819409{margin-top: 0px !important;margin-bottom: 0px !important;border-top-width: 0px !important;border-bottom-width: 0px !important;padding-top: 0px !important;padding-bottom: 0px !important;}&#8221;][vc_column width=&#8221;1\/4&#8243; css=&#8221;.vc_custom_1771001592987{background-color: #FFBA00 !important;}&#8221;][vc_single_image image=&#8221;43399&#8243; img_size=&#8221;large&#8221; alignment=&#8221;center&#8221; style=&#8221;vc_box_border&#8221; onclick=&#8221;img_link_large&#8221; img_link_target=&#8221;_blank&#8221; css=&#8221;&#8221;][vc_column_text css=&#8221;&#8221; el_class=&#8221;text&#8221;]\n<h3><a href=\"https:\/\/www.compagniadisanpaolo.it\/it\/contributi\/linee-guida-06-alleanze-ad-alta-intensita-educativa\/\" target=\"_blank\" rel=\"noopener\"><strong>Linee Guida 06 &#8211; Alleanze ad alta intensit\u00e0 educativa<\/strong><\/a><\/h3>\n[\/vc_column_text][\/vc_column][vc_column width=&#8221;1\/4&#8243;][\/vc_column][vc_column width=&#8221;1\/4&#8243;][\/vc_column][vc_column width=&#8221;1\/4&#8243;][\/vc_column][\/vc_row][vc_row el_class=&#8221;page-content&#8221; css=&#8221;.vc_custom_1771001813586{margin-top: 0px !important;margin-bottom: 0px !important;border-top-width: 0px !important;border-bottom-width: 0px !important;padding-top: 0px !important;padding-bottom: 0px !important;}&#8221;][vc_column][vc_column_text css=&#8221;&#8221; el_class=&#8221;text&#8221;]\n<h2>Contributi 2025<\/h2>\n[\/vc_column_text][\/vc_column][\/vc_row][vc_row el_class=&#8221;page-content&#8221; css=&#8221;.vc_custom_1771001819409{margin-top: 0px !important;margin-bottom: 0px !important;border-top-width: 0px !important;border-bottom-width: 0px !important;padding-top: 0px !important;padding-bottom: 0px !important;}&#8221;][vc_column width=&#8221;1\/4&#8243; css=&#8221;.vc_custom_1771001592987{background-color: #FFBA00 !important;}&#8221;][vc_single_image image=&#8221;41702&#8243; img_size=&#8221;large&#8221; alignment=&#8221;center&#8221; style=&#8221;vc_box_border&#8221; onclick=&#8221;img_link_large&#8221; img_link_target=&#8221;_blank&#8221; css=&#8221;&#8221;][vc_column_text css=&#8221;&#8221; el_class=&#8221;text&#8221;]\n<h3><a href=\"https:\/\/www.compagniadisanpaolo.it\/it\/contributi\/bando-semi-di-futuro-0-6-opportunita-educative-per-crescere-bene-insieme\/\" target=\"_blank\" rel=\"noopener\"><strong>Bando Semi di futuro 0-6 Opportunit\u00e0 educative per crescere bene insieme<\/strong><\/a><\/h3>\n[\/vc_column_text][\/vc_column][vc_column width=&#8221;1\/4&#8243;][\/vc_column][vc_column width=&#8221;1\/4&#8243;][\/vc_column][vc_column width=&#8221;1\/4&#8243;][\/vc_column][\/vc_row][vc_row][vc_column][vc_raw_html]JTVCU2V6aW9uZV9Eb2N1bWVudGklNUQ=[\/vc_raw_html][\/vc_column][\/vc_row]\n<\/div>","protected":false},"excerpt":{"rendered":"<p>[vc_row el_class=&#8221;text-headline&#8221;][vc_column][vc_column_text el_class=&#8221;text&#8221;]L\u2019intervento per bambine e bambini da 0 a 6 anni, insieme alle loro famiglie, ha come obiettivo principale quello di ampliare l\u2019accesso a servizi educativi e di cura inclusivi, multidimensionali e orientati allo sviluppo integrale dei bambini. Si punta a garantire che i genitori conoscano tempestivamente l\u2019offerta di servizi sul territorio e a promuovere la corresponsabilit\u00e0 tra istituzioni, professionisti, e reti formali e informali. Il progetto si realizzer\u00e0 a Torino e Savona, coinvolgendo attivamente tutti i soggetti responsabili per offrire esperienze di accoglienza innovative.[\/vc_column_text][\/vc_column][\/vc_row][vc_row el_class=&#8221;page-content&#8221; css=&#8221;.vc_custom_1768557408575{margin-bottom: 0px !important;border-bottom-width: 0px !important;padding-bottom: 0px !important;}&#8221;][vc_column][vc_column_text css=&#8221;&#8221; el_class=&#8221;text&#8221;]Negli ultimi anni, le evidenze sull\u2019importanza di investire nella prima infanzia si sono consolidate. I\u00a0primi anni di vita sono decisivi per lo sviluppo di competenze cognitive,\u00a0sociali\u00a0e di\u00a0cittadinanza\u00a0che influenzano la vita futura di un individuo. Secondo le neuroscienze,\u00a0il 90% dello sviluppo cerebrale avviene entro i primi cinque anni, e in questo periodo il cervello stabilisce fino a 700 sinapsi al secondo, formando le basi per competenze essenziali come\u00a0creativit\u00e0,\u00a0costanza\u00a0e\u00a0capacit\u00e0\u00a0di risoluzione dei problemi. Investire precocemente in servizi per la prima infanzia\u00a0offre un vantaggio unico poich\u00e9 pu\u00f2\u00a0prevenire disuguaglianze\u00a0e\u00a0promuovere risultati positivi a lungo termine. La raccomandazione del Consiglio Europeo sottolinea inoltre l\u2019importanza di questi servizi per\u00a0sostenere l\u2019inclusione e facilitare la partecipazione delle donne al mercato del lavoro. Il progetto \u201cCitt\u00e0 dell\u2019Educazione 0-6\u201d risponde a questa urgenza, proponendo un\u00a0sistema coordinato di servizi educativi,\u00a0sanitari\u00a0e\u00a0sociali\u00a0per bambini e bambine da 0 a 6 anni, promuovendo l\u2019universalit\u00e0 dei servizi e l\u2019accesso inclusivo. Per le citt\u00e0 di Torino e Savona \u00e8 stata definita, grazie al prezioso accompagnamento di Fondazione Emanuela Zancan, una visione e una teoria del cambiamento comune, a seguito di una analisi accurata del contesto socio-demografico e dell\u2019offerta per la prima infanzia e di un ascolto attento degli stakeholders. Le azioni nei due contesti locali saranno adattate per massimizzare l\u2019impatto sul benessere dei bambini e delle loro famiglie. &nbsp; Torino A Torino sono quattro gli ambiti di intervento prioritari: Supporto alle famiglie: sebbene con background differenti, le famiglie hanno esigenze comuni, come il bisogno di sostegno nella genitorialit\u00e0 e la necessit\u00e0 di ridurre solitudine e rischio di vulnerabilit\u00e0. Accesso ai servizi educativi 0-3: migliorare la qualit\u00e0 educativa e la fiducia nei servizi, aumentando posti, vicinanza e flessibilit\u00e0. Rete tra servizi: integrazione tra servizi educativi, sanitari e sociali, facilitando una individuazione precoce dei problemi e supportando i genitori. Connessione famiglia-servizi: rimuovere barriere linguistiche e culturali, migliorare la comunicazione e trasmettere fiducia nei servizi. Obiettivi finali del progetto per Torino, dopo i cinque anni di intervento, includono: Un tasso di partecipazione ai servizi 0-2 del 45%, con un aumento di 1.000 nuovi accessi a servizi educativi di qualit\u00e0. Accesso digitale ai servizi per il 100% dei bambini 0-3 anni. Un tasso di partecipazione ai servizi 3-5 anni del 96%. Coinvolgimento di almeno il 20% dei genitori nelle attivit\u00e0 educative dei propri figli. Miglioramento delle competenze per il 90% degli operatori. Le principali macro-azioni individuate per Torino includono il coordinamento tra servizi, il miglioramento dell\u2019accesso e l\u2019introduzione di un sistema digitale per facilitare l\u2019orientamento ai servizi e la loro fruizione.[\/vc_column_text][\/vc_column][\/vc_row][vc_row el_class=&#8221;page-content&#8221; css=&#8221;.vc_custom_1768557373250{margin-top: 0px !important;margin-bottom: 0px !important;border-top-width: 0px !important;border-bottom-width: 0px !important;padding-top: 0px !important;padding-bottom: 0px !important;background-color: #FFFFFF !important;}&#8221;][vc_column width=&#8221;1\/2&#8243;][vc_column_text css=&#8221;&#8221; el_class=&#8221;text&#8221;] La rete delle Eduteche\u00a0 Le Eduteche sono spazi aperti e inclusivi, pensati per bambine e bambini, ragazze e ragazzi di diverse fasce d\u2019et\u00e0, insieme ai genitori e alle famiglie, invitati a partecipare attivamente al percorso educativo. L\u2019offerta si sviluppa attraverso spazi e attivit\u00e0 differenziate che accompagnano la primissima infanzia, l\u2019et\u00e0 prescolare e quella scolare, combinando momenti di gioco e socializzazione con percorsi di supporto alla genitorialit\u00e0 e alla crescita della comunit\u00e0 educativa.[\/vc_column_text][\/vc_column][vc_column width=&#8221;1\/2&#8243; css=&#8221;.vc_custom_1768557084255{background-color: #FBB900 !important;}&#8221;][vc_single_image image=&#8221;41147&#8243; img_size=&#8221;large&#8221; css=&#8221;&#8221;][\/vc_column][\/vc_row][vc_row el_class=&#8221;page-content&#8221; css=&#8221;.vc_custom_1768557394399{margin-top: 0px !important;margin-bottom: 0px !important;border-top-width: 0px !important;border-bottom-width: 0px !important;padding-top: 0px !important;padding-bottom: 0px !important;background-color: #FFFFFF !important;}&#8221;][vc_column][vc_column_text css=&#8221;&#8221; el_class=&#8221;text&#8221;]Qui gioco, apprendimento e relazione diventano strumenti chiave per favorire lo sviluppo dei pi\u00f9 piccoli e sostenere la crescita dei pi\u00f9 grandi, all\u2019interno di ambienti sicuri e stimolanti, con la presenza di educatori qualificati che accompagnano bambini e famiglie nelle diverse attivit\u00e0. Nello specifico, le Eduteche declinano questa visione in un\u2019offerta articolata che risponde ai bisogni delle famiglie e promuove partecipazione, fiducia e confronto nella comunit\u00e0 educante. In questo contesto, sul territorio cittadino sono gi\u00e0 operative cinque Eduteche.[\/vc_column_text][\/vc_column][\/vc_row][vc_row el_class=&#8221;page-content&#8221; css=&#8221;.vc_custom_1769097558066{margin-bottom: 0px !important;border-bottom-width: 0px !important;padding-bottom: 0px !important;background-color: #FFFFFF !important;}&#8221;][vc_column width=&#8221;1\/5&#8243; css=&#8221;.vc_custom_1768557095521{background-color: #FBB900 !important;}&#8221;][vc_column_text css=&#8221;&#8221;] L&#8217;Aquilone\u00a0in corso Bramante 75 [\/vc_column_text][vc_single_image image=&#8221;41159&#8243; img_size=&#8221;medium&#8221; alignment=&#8221;center&#8221; style=&#8221;vc_box_border&#8221; onclick=&#8221;custom_link&#8221; css=&#8221;&#8221; link=&#8221;https:\/\/www.comune.torino.it\/vivere-comune\/luoghi\/eduteca-laquilone&#8221;][\/vc_column][vc_column width=&#8221;1\/5&#8243;][vc_column_text css=&#8221;&#8221;] Il Paguro in via Oropa 48. [\/vc_column_text][vc_single_image image=&#8221;41157&#8243; img_size=&#8221;medium&#8221; alignment=&#8221;center&#8221; style=&#8221;vc_box_border&#8221; onclick=&#8221;custom_link&#8221; css=&#8221;&#8221; link=&#8221;https:\/\/www.comune.torino.it\/vivere-comune\/luoghi\/eduteca-paguro&#8221;][\/vc_column][vc_column width=&#8221;1\/5&#8243; css=&#8221;.vc_custom_1768557102656{background-color: #FBB900 !important;}&#8221;][vc_column_text css=&#8221;&#8221;] Il Drago Volante in corso Cadore 20\/8. [\/vc_column_text][vc_single_image image=&#8221;41155&#8243; img_size=&#8221;medium&#8221; alignment=&#8221;center&#8221; style=&#8221;vc_box_border&#8221; onclick=&#8221;custom_link&#8221; css=&#8221;&#8221; link=&#8221;https:\/\/www.comune.torino.it\/vivere-comune\/luoghi\/eduteca-drago-volante&#8221;][\/vc_column][vc_column width=&#8221;1\/5&#8243;][vc_column_text css=&#8221;&#8221;] Agor\u00e0 in via Fossano 8. [\/vc_column_text][vc_single_image image=&#8221;41153&#8243; img_size=&#8221;medium&#8221; alignment=&#8221;center&#8221; style=&#8221;vc_box_border&#8221; onclick=&#8221;custom_link&#8221; css=&#8221;&#8221; link=&#8221;https:\/\/www.comune.torino.it\/vivere-comune\/luoghi\/eduteca-agora&#8221;][\/vc_column][vc_column width=&#8221;1\/5&#8243; css=&#8221;.vc_custom_1768557111227{background-color: #FBB900 !important;}&#8221;][vc_column_text css=&#8221;&#8221;] La Cinciallegra in via Parenzo 42. [\/vc_column_text][vc_single_image image=&#8221;41161&#8243; img_size=&#8221;medium&#8221; alignment=&#8221;center&#8221; style=&#8221;vc_box_border&#8221; onclick=&#8221;custom_link&#8221; css=&#8221;&#8221; link=&#8221;https:\/\/www.comune.torino.it\/vivere-comune\/luoghi\/eduteca-cinciallegra&#8221;][\/vc_column][\/vc_row][vc_row el_class=&#8221;page-content&#8221; css=&#8221;.vc_custom_1769097545100{margin-top: -1px !important;border-top-width: 0px !important;padding-top: 1px !important;background-color: #FFFFFF !important;}&#8221;][vc_column][vc_column_text css=&#8221;&#8221; el_class=&#8221;text&#8221;]Questi spazi sono il risultato di un articolato percorso di coprogettazione tra la Citt\u00e0 di Torino, la Fondazione Compagnia di San Paolo, gli Enti del Terzo Settore e l\u2019ASL Torino, che ne accompagna l\u2019attuazione. Per ulteriori approfondimenti sulle Eduteche \u00e8 possibile visitare la sezione dedicata sul sito della Citt\u00e0 di Torino.[\/vc_column_text][\/vc_column][\/vc_row][vc_row el_class=&#8221;page-content&#8221; css=&#8221;.vc_custom_1769097611638{margin-top: 0px !important;margin-bottom: 0px !important;border-top-width: 0px !important;border-bottom-width: 0px !important;padding-top: 0px !important;padding-bottom: 0px !important;}&#8221;][vc_column][vc_column_text css=&#8221;&#8221; el_class=&#8221;text&#8221;] Savona Savona si concentra su: Espansione dell\u2019accesso ai servizi 0-3 anni: vista la disponibilit\u00e0 limitata di posti nei servizi educativi per la prima infanzia, si punta ad aumentare la capacit\u00e0 ricettiva dei nidi e a migliorare la qualit\u00e0 educativa. Rafforzamento delle reti di sostegno: il progetto prevede il coinvolgimento attivo delle famiglie e della comunit\u00e0, promuovendo una rete integrata che include anche il settore sanitario e culturale. Integrazione dei servizi per una risposta flessibile: Savona mira a facilitare l\u2019accesso ai servizi educativi per le famiglie in condizioni di vulnerabilit\u00e0 e per quelle con esigenze particolari, adattando l\u2019offerta a specifici bisogni locali. Attraverso una serie di macro-azioni come l\u2019incremento dei posti nei servizi per l\u2019infanzia, l\u2019introduzione di percorsi di accompagnamento per genitori, e l\u2019attivazione di collaborazioni tra servizi educativi, sanitari<\/p>\n","protected":false},"author":19,"featured_media":41027,"parent":69,"menu_order":0,"comment_status":"closed","ping_status":"closed","template":"","meta":{"_acf_changed":false,"content-type":"","footnotes":""},"class_list":["post-41698","page","type-page","status-publish","has-post-thumbnail","hentry","entry","post-inner"],"acf":[],"yoast_head":"<!-- This site is optimized with the Yoast SEO plugin v27.3 - https:\/\/yoast.com\/product\/yoast-seo-wordpress\/ -->\n<title>Intervento 0-6 anni \u2013 Torino e Savona - Fondazione Compagnia di San Paolo<\/title>\n<meta name=\"robots\" content=\"noindex, nofollow\" \/>\n<meta property=\"og:locale\" content=\"it_IT\" \/>\n<meta property=\"og:type\" content=\"article\" \/>\n<meta property=\"og:title\" content=\"Intervento 0-6 anni \u2013 Torino e Savona - Fondazione Compagnia di San Paolo\" \/>\n<meta property=\"og:description\" content=\"[vc_row el_class=&#8221;text-headline&#8221;][vc_column][vc_column_text el_class=&#8221;text&#8221;]L\u2019intervento per bambine e bambini da 0 a 6 anni, insieme alle loro famiglie, ha come obiettivo principale quello di ampliare l\u2019accesso a servizi educativi e di cura inclusivi, multidimensionali e orientati allo sviluppo integrale dei bambini. Si punta a garantire che i genitori conoscano tempestivamente l\u2019offerta di servizi sul territorio e a promuovere la corresponsabilit\u00e0 tra istituzioni, professionisti, e reti formali e informali. Il progetto si realizzer\u00e0 a Torino e Savona, coinvolgendo attivamente tutti i soggetti responsabili per offrire esperienze di accoglienza innovative.[\/vc_column_text][\/vc_column][\/vc_row][vc_row el_class=&#8221;page-content&#8221; css=&#8221;.vc_custom_1768557408575{margin-bottom: 0px !important;border-bottom-width: 0px !important;padding-bottom: 0px !important;}&#8221;][vc_column][vc_column_text css=&#8221;&#8221; el_class=&#8221;text&#8221;]Negli ultimi anni, le evidenze sull\u2019importanza di investire nella prima infanzia si sono consolidate. I\u00a0primi anni di vita sono decisivi per lo sviluppo di competenze cognitive,\u00a0sociali\u00a0e di\u00a0cittadinanza\u00a0che influenzano la vita futura di un individuo. Secondo le neuroscienze,\u00a0il 90% dello sviluppo cerebrale avviene entro i primi cinque anni, e in questo periodo il cervello stabilisce fino a 700 sinapsi al secondo, formando le basi per competenze essenziali come\u00a0creativit\u00e0,\u00a0costanza\u00a0e\u00a0capacit\u00e0\u00a0di risoluzione dei problemi. Investire precocemente in servizi per la prima infanzia\u00a0offre un vantaggio unico poich\u00e9 pu\u00f2\u00a0prevenire disuguaglianze\u00a0e\u00a0promuovere risultati positivi a lungo termine. La raccomandazione del Consiglio Europeo sottolinea inoltre l\u2019importanza di questi servizi per\u00a0sostenere l\u2019inclusione e facilitare la partecipazione delle donne al mercato del lavoro. Il progetto \u201cCitt\u00e0 dell\u2019Educazione 0-6\u201d risponde a questa urgenza, proponendo un\u00a0sistema coordinato di servizi educativi,\u00a0sanitari\u00a0e\u00a0sociali\u00a0per bambini e bambine da 0 a 6 anni, promuovendo l\u2019universalit\u00e0 dei servizi e l\u2019accesso inclusivo. Per le citt\u00e0 di Torino e Savona \u00e8 stata definita, grazie al prezioso accompagnamento di Fondazione Emanuela Zancan, una visione e una teoria del cambiamento comune, a seguito di una analisi accurata del contesto socio-demografico e dell\u2019offerta per la prima infanzia e di un ascolto attento degli stakeholders. Le azioni nei due contesti locali saranno adattate per massimizzare l\u2019impatto sul benessere dei bambini e delle loro famiglie. &nbsp; Torino A Torino sono quattro gli ambiti di intervento prioritari: Supporto alle famiglie: sebbene con background differenti, le famiglie hanno esigenze comuni, come il bisogno di sostegno nella genitorialit\u00e0 e la necessit\u00e0 di ridurre solitudine e rischio di vulnerabilit\u00e0. Accesso ai servizi educativi 0-3: migliorare la qualit\u00e0 educativa e la fiducia nei servizi, aumentando posti, vicinanza e flessibilit\u00e0. Rete tra servizi: integrazione tra servizi educativi, sanitari e sociali, facilitando una individuazione precoce dei problemi e supportando i genitori. Connessione famiglia-servizi: rimuovere barriere linguistiche e culturali, migliorare la comunicazione e trasmettere fiducia nei servizi. Obiettivi finali del progetto per Torino, dopo i cinque anni di intervento, includono: Un tasso di partecipazione ai servizi 0-2 del 45%, con un aumento di 1.000 nuovi accessi a servizi educativi di qualit\u00e0. Accesso digitale ai servizi per il 100% dei bambini 0-3 anni. Un tasso di partecipazione ai servizi 3-5 anni del 96%. Coinvolgimento di almeno il 20% dei genitori nelle attivit\u00e0 educative dei propri figli. Miglioramento delle competenze per il 90% degli operatori. Le principali macro-azioni individuate per Torino includono il coordinamento tra servizi, il miglioramento dell\u2019accesso e l\u2019introduzione di un sistema digitale per facilitare l\u2019orientamento ai servizi e la loro fruizione.[\/vc_column_text][\/vc_column][\/vc_row][vc_row el_class=&#8221;page-content&#8221; css=&#8221;.vc_custom_1768557373250{margin-top: 0px !important;margin-bottom: 0px !important;border-top-width: 0px !important;border-bottom-width: 0px !important;padding-top: 0px !important;padding-bottom: 0px !important;background-color: #FFFFFF !important;}&#8221;][vc_column width=&#8221;1\/2&#8243;][vc_column_text css=&#8221;&#8221; el_class=&#8221;text&#8221;] La rete delle Eduteche\u00a0 Le Eduteche sono spazi aperti e inclusivi, pensati per bambine e bambini, ragazze e ragazzi di diverse fasce d\u2019et\u00e0, insieme ai genitori e alle famiglie, invitati a partecipare attivamente al percorso educativo. L\u2019offerta si sviluppa attraverso spazi e attivit\u00e0 differenziate che accompagnano la primissima infanzia, l\u2019et\u00e0 prescolare e quella scolare, combinando momenti di gioco e socializzazione con percorsi di supporto alla genitorialit\u00e0 e alla crescita della comunit\u00e0 educativa.[\/vc_column_text][\/vc_column][vc_column width=&#8221;1\/2&#8243; css=&#8221;.vc_custom_1768557084255{background-color: #FBB900 !important;}&#8221;][vc_single_image image=&#8221;41147&#8243; img_size=&#8221;large&#8221; css=&#8221;&#8221;][\/vc_column][\/vc_row][vc_row el_class=&#8221;page-content&#8221; css=&#8221;.vc_custom_1768557394399{margin-top: 0px !important;margin-bottom: 0px !important;border-top-width: 0px !important;border-bottom-width: 0px !important;padding-top: 0px !important;padding-bottom: 0px !important;background-color: #FFFFFF !important;}&#8221;][vc_column][vc_column_text css=&#8221;&#8221; el_class=&#8221;text&#8221;]Qui gioco, apprendimento e relazione diventano strumenti chiave per favorire lo sviluppo dei pi\u00f9 piccoli e sostenere la crescita dei pi\u00f9 grandi, all\u2019interno di ambienti sicuri e stimolanti, con la presenza di educatori qualificati che accompagnano bambini e famiglie nelle diverse attivit\u00e0. Nello specifico, le Eduteche declinano questa visione in un\u2019offerta articolata che risponde ai bisogni delle famiglie e promuove partecipazione, fiducia e confronto nella comunit\u00e0 educante. In questo contesto, sul territorio cittadino sono gi\u00e0 operative cinque Eduteche.[\/vc_column_text][\/vc_column][\/vc_row][vc_row el_class=&#8221;page-content&#8221; css=&#8221;.vc_custom_1769097558066{margin-bottom: 0px !important;border-bottom-width: 0px !important;padding-bottom: 0px !important;background-color: #FFFFFF !important;}&#8221;][vc_column width=&#8221;1\/5&#8243; css=&#8221;.vc_custom_1768557095521{background-color: #FBB900 !important;}&#8221;][vc_column_text css=&#8221;&#8221;] L&#8217;Aquilone\u00a0in corso Bramante 75 [\/vc_column_text][vc_single_image image=&#8221;41159&#8243; img_size=&#8221;medium&#8221; alignment=&#8221;center&#8221; style=&#8221;vc_box_border&#8221; onclick=&#8221;custom_link&#8221; css=&#8221;&#8221; link=&#8221;https:\/\/www.comune.torino.it\/vivere-comune\/luoghi\/eduteca-laquilone&#8221;][\/vc_column][vc_column width=&#8221;1\/5&#8243;][vc_column_text css=&#8221;&#8221;] Il Paguro in via Oropa 48. [\/vc_column_text][vc_single_image image=&#8221;41157&#8243; img_size=&#8221;medium&#8221; alignment=&#8221;center&#8221; style=&#8221;vc_box_border&#8221; onclick=&#8221;custom_link&#8221; css=&#8221;&#8221; link=&#8221;https:\/\/www.comune.torino.it\/vivere-comune\/luoghi\/eduteca-paguro&#8221;][\/vc_column][vc_column width=&#8221;1\/5&#8243; css=&#8221;.vc_custom_1768557102656{background-color: #FBB900 !important;}&#8221;][vc_column_text css=&#8221;&#8221;] Il Drago Volante in corso Cadore 20\/8. [\/vc_column_text][vc_single_image image=&#8221;41155&#8243; img_size=&#8221;medium&#8221; alignment=&#8221;center&#8221; style=&#8221;vc_box_border&#8221; onclick=&#8221;custom_link&#8221; css=&#8221;&#8221; link=&#8221;https:\/\/www.comune.torino.it\/vivere-comune\/luoghi\/eduteca-drago-volante&#8221;][\/vc_column][vc_column width=&#8221;1\/5&#8243;][vc_column_text css=&#8221;&#8221;] Agor\u00e0 in via Fossano 8. [\/vc_column_text][vc_single_image image=&#8221;41153&#8243; img_size=&#8221;medium&#8221; alignment=&#8221;center&#8221; style=&#8221;vc_box_border&#8221; onclick=&#8221;custom_link&#8221; css=&#8221;&#8221; link=&#8221;https:\/\/www.comune.torino.it\/vivere-comune\/luoghi\/eduteca-agora&#8221;][\/vc_column][vc_column width=&#8221;1\/5&#8243; css=&#8221;.vc_custom_1768557111227{background-color: #FBB900 !important;}&#8221;][vc_column_text css=&#8221;&#8221;] La Cinciallegra in via Parenzo 42. [\/vc_column_text][vc_single_image image=&#8221;41161&#8243; img_size=&#8221;medium&#8221; alignment=&#8221;center&#8221; style=&#8221;vc_box_border&#8221; onclick=&#8221;custom_link&#8221; css=&#8221;&#8221; link=&#8221;https:\/\/www.comune.torino.it\/vivere-comune\/luoghi\/eduteca-cinciallegra&#8221;][\/vc_column][\/vc_row][vc_row el_class=&#8221;page-content&#8221; css=&#8221;.vc_custom_1769097545100{margin-top: -1px !important;border-top-width: 0px !important;padding-top: 1px !important;background-color: #FFFFFF !important;}&#8221;][vc_column][vc_column_text css=&#8221;&#8221; el_class=&#8221;text&#8221;]Questi spazi sono il risultato di un articolato percorso di coprogettazione tra la Citt\u00e0 di Torino, la Fondazione Compagnia di San Paolo, gli Enti del Terzo Settore e l\u2019ASL Torino, che ne accompagna l\u2019attuazione. Per ulteriori approfondimenti sulle Eduteche \u00e8 possibile visitare la sezione dedicata sul sito della Citt\u00e0 di Torino.[\/vc_column_text][\/vc_column][\/vc_row][vc_row el_class=&#8221;page-content&#8221; css=&#8221;.vc_custom_1769097611638{margin-top: 0px !important;margin-bottom: 0px !important;border-top-width: 0px !important;border-bottom-width: 0px !important;padding-top: 0px !important;padding-bottom: 0px !important;}&#8221;][vc_column][vc_column_text css=&#8221;&#8221; el_class=&#8221;text&#8221;] Savona Savona si concentra su: Espansione dell\u2019accesso ai servizi 0-3 anni: vista la disponibilit\u00e0 limitata di posti nei servizi educativi per la prima infanzia, si punta ad aumentare la capacit\u00e0 ricettiva dei nidi e a migliorare la qualit\u00e0 educativa. Rafforzamento delle reti di sostegno: il progetto prevede il coinvolgimento attivo delle famiglie e della comunit\u00e0, promuovendo una rete integrata che include anche il settore sanitario e culturale. Integrazione dei servizi per una risposta flessibile: Savona mira a facilitare l\u2019accesso ai servizi educativi per le famiglie in condizioni di vulnerabilit\u00e0 e per quelle con esigenze particolari, adattando l\u2019offerta a specifici bisogni locali. Attraverso una serie di macro-azioni come l\u2019incremento dei posti nei servizi per l\u2019infanzia, l\u2019introduzione di percorsi di accompagnamento per genitori, e l\u2019attivazione di collaborazioni tra servizi educativi, sanitari\" \/>\n<meta property=\"og:url\" content=\"https:\/\/www.compagniadisanpaolo.it\/it\/i-progetti\/intervento-0-6-anni-torino-e-savona\/\" \/>\n<meta property=\"og:site_name\" content=\"Fondazione Compagnia di San Paolo\" \/>\n<meta property=\"article:publisher\" content=\"https:\/\/www.facebook.com\/CompagniaDiSanPaolo\" \/>\n<meta property=\"article:modified_time\" content=\"2026-04-23T07:15:22+00:00\" \/>\n<meta property=\"og:image\" content=\"https:\/\/www.compagniadisanpaolo.it\/wp-content\/uploads\/CdE_815x350-01_14_26_0-6-scaled.jpg\" \/>\n\t<meta property=\"og:image:width\" content=\"2560\" \/>\n\t<meta property=\"og:image:height\" content=\"1099\" \/>\n\t<meta property=\"og:image:type\" content=\"image\/jpeg\" \/>\n<meta name=\"twitter:card\" content=\"summary_large_image\" \/>\n<meta name=\"twitter:site\" content=\"@CSP_live\" \/>\n<meta name=\"twitter:label1\" content=\"Tempo di lettura stimato\" \/>\n\t<meta name=\"twitter:data1\" content=\"9 minuti\" \/>\n<script type=\"application\/ld+json\" class=\"yoast-schema-graph\">{\"@context\":\"https:\\\/\\\/schema.org\",\"@graph\":[{\"@type\":\"WebPage\",\"@id\":\"https:\\\/\\\/www.compagniadisanpaolo.it\\\/it\\\/i-progetti\\\/intervento-0-6-anni-torino-e-savona\\\/\",\"url\":\"https:\\\/\\\/www.compagniadisanpaolo.it\\\/it\\\/i-progetti\\\/intervento-0-6-anni-torino-e-savona\\\/\",\"name\":\"Intervento 0-6 anni \u2013 Torino e Savona - Fondazione Compagnia di San Paolo\",\"isPartOf\":{\"@id\":\"https:\\\/\\\/www.compagniadisanpaolo.it\\\/it\\\/#website\"},\"primaryImageOfPage\":{\"@id\":\"https:\\\/\\\/www.compagniadisanpaolo.it\\\/it\\\/i-progetti\\\/intervento-0-6-anni-torino-e-savona\\\/#primaryimage\"},\"image\":{\"@id\":\"https:\\\/\\\/www.compagniadisanpaolo.it\\\/it\\\/i-progetti\\\/intervento-0-6-anni-torino-e-savona\\\/#primaryimage\"},\"thumbnailUrl\":\"https:\\\/\\\/www.compagniadisanpaolo.it\\\/wp-content\\\/uploads\\\/CdE_815x350-01_14_26_0-6-scaled.jpg\",\"datePublished\":\"2026-02-13T17:36:20+00:00\",\"dateModified\":\"2026-04-23T07:15:22+00:00\",\"breadcrumb\":{\"@id\":\"https:\\\/\\\/www.compagniadisanpaolo.it\\\/it\\\/i-progetti\\\/intervento-0-6-anni-torino-e-savona\\\/#breadcrumb\"},\"inLanguage\":\"it-IT\",\"potentialAction\":[{\"@type\":\"ReadAction\",\"target\":[\"https:\\\/\\\/www.compagniadisanpaolo.it\\\/it\\\/i-progetti\\\/intervento-0-6-anni-torino-e-savona\\\/\"]}]},{\"@type\":\"ImageObject\",\"inLanguage\":\"it-IT\",\"@id\":\"https:\\\/\\\/www.compagniadisanpaolo.it\\\/it\\\/i-progetti\\\/intervento-0-6-anni-torino-e-savona\\\/#primaryimage\",\"url\":\"https:\\\/\\\/www.compagniadisanpaolo.it\\\/wp-content\\\/uploads\\\/CdE_815x350-01_14_26_0-6-scaled.jpg\",\"contentUrl\":\"https:\\\/\\\/www.compagniadisanpaolo.it\\\/wp-content\\\/uploads\\\/CdE_815x350-01_14_26_0-6-scaled.jpg\",\"width\":2560,\"height\":1099},{\"@type\":\"BreadcrumbList\",\"@id\":\"https:\\\/\\\/www.compagniadisanpaolo.it\\\/it\\\/i-progetti\\\/intervento-0-6-anni-torino-e-savona\\\/#breadcrumb\",\"itemListElement\":[{\"@type\":\"ListItem\",\"position\":1,\"name\":\"Home\",\"item\":\"https:\\\/\\\/www.compagniadisanpaolo.it\\\/it\\\/\"},{\"@type\":\"ListItem\",\"position\":2,\"name\":\"I progetti\",\"item\":\"https:\\\/\\\/www.compagniadisanpaolo.it\\\/it\\\/i-progetti\\\/\"},{\"@type\":\"ListItem\",\"position\":3,\"name\":\"Intervento 0-6 anni \u2013 Torino e Savona\"}]},{\"@type\":\"WebSite\",\"@id\":\"https:\\\/\\\/www.compagniadisanpaolo.it\\\/it\\\/#website\",\"url\":\"https:\\\/\\\/www.compagniadisanpaolo.it\\\/it\\\/\",\"name\":\"Fondazione Compagnia di San Paolo\",\"description\":\"\",\"publisher\":{\"@id\":\"https:\\\/\\\/www.compagniadisanpaolo.it\\\/it\\\/#organization\"},\"potentialAction\":[{\"@type\":\"SearchAction\",\"target\":{\"@type\":\"EntryPoint\",\"urlTemplate\":\"https:\\\/\\\/www.compagniadisanpaolo.it\\\/it\\\/?s={search_term_string}\"},\"query-input\":{\"@type\":\"PropertyValueSpecification\",\"valueRequired\":true,\"valueName\":\"search_term_string\"}}],\"inLanguage\":\"it-IT\"},{\"@type\":\"Organization\",\"@id\":\"https:\\\/\\\/www.compagniadisanpaolo.it\\\/it\\\/#organization\",\"name\":\"Fondazione Compagnia di San Paolo\",\"url\":\"https:\\\/\\\/www.compagniadisanpaolo.it\\\/it\\\/\",\"logo\":{\"@type\":\"ImageObject\",\"inLanguage\":\"it-IT\",\"@id\":\"https:\\\/\\\/www.compagniadisanpaolo.it\\\/it\\\/#\\\/schema\\\/logo\\\/image\\\/\",\"url\":\"https:\\\/\\\/www.compagniadisanpaolo.it\\\/wp-content\\\/uploads\\\/logo.svg\",\"contentUrl\":\"https:\\\/\\\/www.compagniadisanpaolo.it\\\/wp-content\\\/uploads\\\/logo.svg\",\"width\":769,\"height\":323,\"caption\":\"Fondazione Compagnia di San Paolo\"},\"image\":{\"@id\":\"https:\\\/\\\/www.compagniadisanpaolo.it\\\/it\\\/#\\\/schema\\\/logo\\\/image\\\/\"},\"sameAs\":[\"https:\\\/\\\/www.facebook.com\\\/CompagniaDiSanPaolo\",\"https:\\\/\\\/x.com\\\/CSP_live\",\"http:\\\/\\\/instagram.com\\\/compagniadisanpaolo?ref=badge\",\"https:\\\/\\\/www.linkedin.com\\\/company\\\/compagnia-di-san-paolo\",\"https:\\\/\\\/www.youtube.com\\\/user\\\/compagniadisanpaolo\",\"https:\\\/\\\/it.wikipedia.org\\\/wiki\\\/Compagnia_di_San_Paolo\"]}]}<\/script>\n<!-- \/ Yoast SEO plugin. -->","yoast_head_json":{"title":"Intervento 0-6 anni \u2013 Torino e Savona - Fondazione Compagnia di San Paolo","robots":{"index":"noindex","follow":"nofollow"},"og_locale":"it_IT","og_type":"article","og_title":"Intervento 0-6 anni \u2013 Torino e Savona - Fondazione Compagnia di San Paolo","og_description":"[vc_row el_class=&#8221;text-headline&#8221;][vc_column][vc_column_text el_class=&#8221;text&#8221;]L\u2019intervento per bambine e bambini da 0 a 6 anni, insieme alle loro famiglie, ha come obiettivo principale quello di ampliare l\u2019accesso a servizi educativi e di cura inclusivi, multidimensionali e orientati allo sviluppo integrale dei bambini. Si punta a garantire che i genitori conoscano tempestivamente l\u2019offerta di servizi sul territorio e a promuovere la corresponsabilit\u00e0 tra istituzioni, professionisti, e reti formali e informali. Il progetto si realizzer\u00e0 a Torino e Savona, coinvolgendo attivamente tutti i soggetti responsabili per offrire esperienze di accoglienza innovative.[\/vc_column_text][\/vc_column][\/vc_row][vc_row el_class=&#8221;page-content&#8221; css=&#8221;.vc_custom_1768557408575{margin-bottom: 0px !important;border-bottom-width: 0px !important;padding-bottom: 0px !important;}&#8221;][vc_column][vc_column_text css=&#8221;&#8221; el_class=&#8221;text&#8221;]Negli ultimi anni, le evidenze sull\u2019importanza di investire nella prima infanzia si sono consolidate. I\u00a0primi anni di vita sono decisivi per lo sviluppo di competenze cognitive,\u00a0sociali\u00a0e di\u00a0cittadinanza\u00a0che influenzano la vita futura di un individuo. Secondo le neuroscienze,\u00a0il 90% dello sviluppo cerebrale avviene entro i primi cinque anni, e in questo periodo il cervello stabilisce fino a 700 sinapsi al secondo, formando le basi per competenze essenziali come\u00a0creativit\u00e0,\u00a0costanza\u00a0e\u00a0capacit\u00e0\u00a0di risoluzione dei problemi. Investire precocemente in servizi per la prima infanzia\u00a0offre un vantaggio unico poich\u00e9 pu\u00f2\u00a0prevenire disuguaglianze\u00a0e\u00a0promuovere risultati positivi a lungo termine. La raccomandazione del Consiglio Europeo sottolinea inoltre l\u2019importanza di questi servizi per\u00a0sostenere l\u2019inclusione e facilitare la partecipazione delle donne al mercato del lavoro. Il progetto \u201cCitt\u00e0 dell\u2019Educazione 0-6\u201d risponde a questa urgenza, proponendo un\u00a0sistema coordinato di servizi educativi,\u00a0sanitari\u00a0e\u00a0sociali\u00a0per bambini e bambine da 0 a 6 anni, promuovendo l\u2019universalit\u00e0 dei servizi e l\u2019accesso inclusivo. Per le citt\u00e0 di Torino e Savona \u00e8 stata definita, grazie al prezioso accompagnamento di Fondazione Emanuela Zancan, una visione e una teoria del cambiamento comune, a seguito di una analisi accurata del contesto socio-demografico e dell\u2019offerta per la prima infanzia e di un ascolto attento degli stakeholders. Le azioni nei due contesti locali saranno adattate per massimizzare l\u2019impatto sul benessere dei bambini e delle loro famiglie. &nbsp; Torino A Torino sono quattro gli ambiti di intervento prioritari: Supporto alle famiglie: sebbene con background differenti, le famiglie hanno esigenze comuni, come il bisogno di sostegno nella genitorialit\u00e0 e la necessit\u00e0 di ridurre solitudine e rischio di vulnerabilit\u00e0. Accesso ai servizi educativi 0-3: migliorare la qualit\u00e0 educativa e la fiducia nei servizi, aumentando posti, vicinanza e flessibilit\u00e0. Rete tra servizi: integrazione tra servizi educativi, sanitari e sociali, facilitando una individuazione precoce dei problemi e supportando i genitori. Connessione famiglia-servizi: rimuovere barriere linguistiche e culturali, migliorare la comunicazione e trasmettere fiducia nei servizi. Obiettivi finali del progetto per Torino, dopo i cinque anni di intervento, includono: Un tasso di partecipazione ai servizi 0-2 del 45%, con un aumento di 1.000 nuovi accessi a servizi educativi di qualit\u00e0. Accesso digitale ai servizi per il 100% dei bambini 0-3 anni. Un tasso di partecipazione ai servizi 3-5 anni del 96%. Coinvolgimento di almeno il 20% dei genitori nelle attivit\u00e0 educative dei propri figli. Miglioramento delle competenze per il 90% degli operatori. Le principali macro-azioni individuate per Torino includono il coordinamento tra servizi, il miglioramento dell\u2019accesso e l\u2019introduzione di un sistema digitale per facilitare l\u2019orientamento ai servizi e la loro fruizione.[\/vc_column_text][\/vc_column][\/vc_row][vc_row el_class=&#8221;page-content&#8221; css=&#8221;.vc_custom_1768557373250{margin-top: 0px !important;margin-bottom: 0px !important;border-top-width: 0px !important;border-bottom-width: 0px !important;padding-top: 0px !important;padding-bottom: 0px !important;background-color: #FFFFFF !important;}&#8221;][vc_column width=&#8221;1\/2&#8243;][vc_column_text css=&#8221;&#8221; el_class=&#8221;text&#8221;] La rete delle Eduteche\u00a0 Le Eduteche sono spazi aperti e inclusivi, pensati per bambine e bambini, ragazze e ragazzi di diverse fasce d\u2019et\u00e0, insieme ai genitori e alle famiglie, invitati a partecipare attivamente al percorso educativo. L\u2019offerta si sviluppa attraverso spazi e attivit\u00e0 differenziate che accompagnano la primissima infanzia, l\u2019et\u00e0 prescolare e quella scolare, combinando momenti di gioco e socializzazione con percorsi di supporto alla genitorialit\u00e0 e alla crescita della comunit\u00e0 educativa.[\/vc_column_text][\/vc_column][vc_column width=&#8221;1\/2&#8243; css=&#8221;.vc_custom_1768557084255{background-color: #FBB900 !important;}&#8221;][vc_single_image image=&#8221;41147&#8243; img_size=&#8221;large&#8221; css=&#8221;&#8221;][\/vc_column][\/vc_row][vc_row el_class=&#8221;page-content&#8221; css=&#8221;.vc_custom_1768557394399{margin-top: 0px !important;margin-bottom: 0px !important;border-top-width: 0px !important;border-bottom-width: 0px !important;padding-top: 0px !important;padding-bottom: 0px !important;background-color: #FFFFFF !important;}&#8221;][vc_column][vc_column_text css=&#8221;&#8221; el_class=&#8221;text&#8221;]Qui gioco, apprendimento e relazione diventano strumenti chiave per favorire lo sviluppo dei pi\u00f9 piccoli e sostenere la crescita dei pi\u00f9 grandi, all\u2019interno di ambienti sicuri e stimolanti, con la presenza di educatori qualificati che accompagnano bambini e famiglie nelle diverse attivit\u00e0. Nello specifico, le Eduteche declinano questa visione in un\u2019offerta articolata che risponde ai bisogni delle famiglie e promuove partecipazione, fiducia e confronto nella comunit\u00e0 educante. In questo contesto, sul territorio cittadino sono gi\u00e0 operative cinque Eduteche.[\/vc_column_text][\/vc_column][\/vc_row][vc_row el_class=&#8221;page-content&#8221; css=&#8221;.vc_custom_1769097558066{margin-bottom: 0px !important;border-bottom-width: 0px !important;padding-bottom: 0px !important;background-color: #FFFFFF !important;}&#8221;][vc_column width=&#8221;1\/5&#8243; css=&#8221;.vc_custom_1768557095521{background-color: #FBB900 !important;}&#8221;][vc_column_text css=&#8221;&#8221;] L&#8217;Aquilone\u00a0in corso Bramante 75 [\/vc_column_text][vc_single_image image=&#8221;41159&#8243; img_size=&#8221;medium&#8221; alignment=&#8221;center&#8221; style=&#8221;vc_box_border&#8221; onclick=&#8221;custom_link&#8221; css=&#8221;&#8221; link=&#8221;https:\/\/www.comune.torino.it\/vivere-comune\/luoghi\/eduteca-laquilone&#8221;][\/vc_column][vc_column width=&#8221;1\/5&#8243;][vc_column_text css=&#8221;&#8221;] Il Paguro in via Oropa 48. [\/vc_column_text][vc_single_image image=&#8221;41157&#8243; img_size=&#8221;medium&#8221; alignment=&#8221;center&#8221; style=&#8221;vc_box_border&#8221; onclick=&#8221;custom_link&#8221; css=&#8221;&#8221; link=&#8221;https:\/\/www.comune.torino.it\/vivere-comune\/luoghi\/eduteca-paguro&#8221;][\/vc_column][vc_column width=&#8221;1\/5&#8243; css=&#8221;.vc_custom_1768557102656{background-color: #FBB900 !important;}&#8221;][vc_column_text css=&#8221;&#8221;] Il Drago Volante in corso Cadore 20\/8. [\/vc_column_text][vc_single_image image=&#8221;41155&#8243; img_size=&#8221;medium&#8221; alignment=&#8221;center&#8221; style=&#8221;vc_box_border&#8221; onclick=&#8221;custom_link&#8221; css=&#8221;&#8221; link=&#8221;https:\/\/www.comune.torino.it\/vivere-comune\/luoghi\/eduteca-drago-volante&#8221;][\/vc_column][vc_column width=&#8221;1\/5&#8243;][vc_column_text css=&#8221;&#8221;] Agor\u00e0 in via Fossano 8. [\/vc_column_text][vc_single_image image=&#8221;41153&#8243; img_size=&#8221;medium&#8221; alignment=&#8221;center&#8221; style=&#8221;vc_box_border&#8221; onclick=&#8221;custom_link&#8221; css=&#8221;&#8221; link=&#8221;https:\/\/www.comune.torino.it\/vivere-comune\/luoghi\/eduteca-agora&#8221;][\/vc_column][vc_column width=&#8221;1\/5&#8243; css=&#8221;.vc_custom_1768557111227{background-color: #FBB900 !important;}&#8221;][vc_column_text css=&#8221;&#8221;] La Cinciallegra in via Parenzo 42. [\/vc_column_text][vc_single_image image=&#8221;41161&#8243; img_size=&#8221;medium&#8221; alignment=&#8221;center&#8221; style=&#8221;vc_box_border&#8221; onclick=&#8221;custom_link&#8221; css=&#8221;&#8221; link=&#8221;https:\/\/www.comune.torino.it\/vivere-comune\/luoghi\/eduteca-cinciallegra&#8221;][\/vc_column][\/vc_row][vc_row el_class=&#8221;page-content&#8221; css=&#8221;.vc_custom_1769097545100{margin-top: -1px !important;border-top-width: 0px !important;padding-top: 1px !important;background-color: #FFFFFF !important;}&#8221;][vc_column][vc_column_text css=&#8221;&#8221; el_class=&#8221;text&#8221;]Questi spazi sono il risultato di un articolato percorso di coprogettazione tra la Citt\u00e0 di Torino, la Fondazione Compagnia di San Paolo, gli Enti del Terzo Settore e l\u2019ASL Torino, che ne accompagna l\u2019attuazione. Per ulteriori approfondimenti sulle Eduteche \u00e8 possibile visitare la sezione dedicata sul sito della Citt\u00e0 di Torino.[\/vc_column_text][\/vc_column][\/vc_row][vc_row el_class=&#8221;page-content&#8221; css=&#8221;.vc_custom_1769097611638{margin-top: 0px !important;margin-bottom: 0px !important;border-top-width: 0px !important;border-bottom-width: 0px !important;padding-top: 0px !important;padding-bottom: 0px !important;}&#8221;][vc_column][vc_column_text css=&#8221;&#8221; el_class=&#8221;text&#8221;] Savona Savona si concentra su: Espansione dell\u2019accesso ai servizi 0-3 anni: vista la disponibilit\u00e0 limitata di posti nei servizi educativi per la prima infanzia, si punta ad aumentare la capacit\u00e0 ricettiva dei nidi e a migliorare la qualit\u00e0 educativa. Rafforzamento delle reti di sostegno: il progetto prevede il coinvolgimento attivo delle famiglie e della comunit\u00e0, promuovendo una rete integrata che include anche il settore sanitario e culturale. Integrazione dei servizi per una risposta flessibile: Savona mira a facilitare l\u2019accesso ai servizi educativi per le famiglie in condizioni di vulnerabilit\u00e0 e per quelle con esigenze particolari, adattando l\u2019offerta a specifici bisogni locali. Attraverso una serie di macro-azioni come l\u2019incremento dei posti nei servizi per l\u2019infanzia, l\u2019introduzione di percorsi di accompagnamento per genitori, e l\u2019attivazione di collaborazioni tra servizi educativi, sanitari","og_url":"https:\/\/www.compagniadisanpaolo.it\/it\/i-progetti\/intervento-0-6-anni-torino-e-savona\/","og_site_name":"Fondazione Compagnia di San Paolo","article_publisher":"https:\/\/www.facebook.com\/CompagniaDiSanPaolo","article_modified_time":"2026-04-23T07:15:22+00:00","og_image":[{"width":2560,"height":1099,"url":"https:\/\/www.compagniadisanpaolo.it\/wp-content\/uploads\/CdE_815x350-01_14_26_0-6-scaled.jpg","type":"image\/jpeg"}],"twitter_card":"summary_large_image","twitter_site":"@CSP_live","twitter_misc":{"Tempo di lettura stimato":"9 minuti"},"schema":{"@context":"https:\/\/schema.org","@graph":[{"@type":"WebPage","@id":"https:\/\/www.compagniadisanpaolo.it\/it\/i-progetti\/intervento-0-6-anni-torino-e-savona\/","url":"https:\/\/www.compagniadisanpaolo.it\/it\/i-progetti\/intervento-0-6-anni-torino-e-savona\/","name":"Intervento 0-6 anni \u2013 Torino e Savona - Fondazione Compagnia di San Paolo","isPartOf":{"@id":"https:\/\/www.compagniadisanpaolo.it\/it\/#website"},"primaryImageOfPage":{"@id":"https:\/\/www.compagniadisanpaolo.it\/it\/i-progetti\/intervento-0-6-anni-torino-e-savona\/#primaryimage"},"image":{"@id":"https:\/\/www.compagniadisanpaolo.it\/it\/i-progetti\/intervento-0-6-anni-torino-e-savona\/#primaryimage"},"thumbnailUrl":"https:\/\/www.compagniadisanpaolo.it\/wp-content\/uploads\/CdE_815x350-01_14_26_0-6-scaled.jpg","datePublished":"2026-02-13T17:36:20+00:00","dateModified":"2026-04-23T07:15:22+00:00","breadcrumb":{"@id":"https:\/\/www.compagniadisanpaolo.it\/it\/i-progetti\/intervento-0-6-anni-torino-e-savona\/#breadcrumb"},"inLanguage":"it-IT","potentialAction":[{"@type":"ReadAction","target":["https:\/\/www.compagniadisanpaolo.it\/it\/i-progetti\/intervento-0-6-anni-torino-e-savona\/"]}]},{"@type":"ImageObject","inLanguage":"it-IT","@id":"https:\/\/www.compagniadisanpaolo.it\/it\/i-progetti\/intervento-0-6-anni-torino-e-savona\/#primaryimage","url":"https:\/\/www.compagniadisanpaolo.it\/wp-content\/uploads\/CdE_815x350-01_14_26_0-6-scaled.jpg","contentUrl":"https:\/\/www.compagniadisanpaolo.it\/wp-content\/uploads\/CdE_815x350-01_14_26_0-6-scaled.jpg","width":2560,"height":1099},{"@type":"BreadcrumbList","@id":"https:\/\/www.compagniadisanpaolo.it\/it\/i-progetti\/intervento-0-6-anni-torino-e-savona\/#breadcrumb","itemListElement":[{"@type":"ListItem","position":1,"name":"Home","item":"https:\/\/www.compagniadisanpaolo.it\/it\/"},{"@type":"ListItem","position":2,"name":"I progetti","item":"https:\/\/www.compagniadisanpaolo.it\/it\/i-progetti\/"},{"@type":"ListItem","position":3,"name":"Intervento 0-6 anni \u2013 Torino e Savona"}]},{"@type":"WebSite","@id":"https:\/\/www.compagniadisanpaolo.it\/it\/#website","url":"https:\/\/www.compagniadisanpaolo.it\/it\/","name":"Fondazione Compagnia di San Paolo","description":"","publisher":{"@id":"https:\/\/www.compagniadisanpaolo.it\/it\/#organization"},"potentialAction":[{"@type":"SearchAction","target":{"@type":"EntryPoint","urlTemplate":"https:\/\/www.compagniadisanpaolo.it\/it\/?s={search_term_string}"},"query-input":{"@type":"PropertyValueSpecification","valueRequired":true,"valueName":"search_term_string"}}],"inLanguage":"it-IT"},{"@type":"Organization","@id":"https:\/\/www.compagniadisanpaolo.it\/it\/#organization","name":"Fondazione Compagnia di San Paolo","url":"https:\/\/www.compagniadisanpaolo.it\/it\/","logo":{"@type":"ImageObject","inLanguage":"it-IT","@id":"https:\/\/www.compagniadisanpaolo.it\/it\/#\/schema\/logo\/image\/","url":"https:\/\/www.compagniadisanpaolo.it\/wp-content\/uploads\/logo.svg","contentUrl":"https:\/\/www.compagniadisanpaolo.it\/wp-content\/uploads\/logo.svg","width":769,"height":323,"caption":"Fondazione Compagnia di San Paolo"},"image":{"@id":"https:\/\/www.compagniadisanpaolo.it\/it\/#\/schema\/logo\/image\/"},"sameAs":["https:\/\/www.facebook.com\/CompagniaDiSanPaolo","https:\/\/x.com\/CSP_live","http:\/\/instagram.com\/compagniadisanpaolo?ref=badge","https:\/\/www.linkedin.com\/company\/compagnia-di-san-paolo","https:\/\/www.youtube.com\/user\/compagniadisanpaolo","https:\/\/it.wikipedia.org\/wiki\/Compagnia_di_San_Paolo"]}]}},"_links":{"self":[{"href":"https:\/\/www.compagniadisanpaolo.it\/it\/wp-json\/wp\/v2\/pages\/41698","targetHints":{"allow":["GET"]}}],"collection":[{"href":"https:\/\/www.compagniadisanpaolo.it\/it\/wp-json\/wp\/v2\/pages"}],"about":[{"href":"https:\/\/www.compagniadisanpaolo.it\/it\/wp-json\/wp\/v2\/types\/page"}],"author":[{"embeddable":true,"href":"https:\/\/www.compagniadisanpaolo.it\/it\/wp-json\/wp\/v2\/users\/19"}],"replies":[{"embeddable":true,"href":"https:\/\/www.compagniadisanpaolo.it\/it\/wp-json\/wp\/v2\/comments?post=41698"}],"version-history":[{"count":5,"href":"https:\/\/www.compagniadisanpaolo.it\/it\/wp-json\/wp\/v2\/pages\/41698\/revisions"}],"predecessor-version":[{"id":43535,"href":"https:\/\/www.compagniadisanpaolo.it\/it\/wp-json\/wp\/v2\/pages\/41698\/revisions\/43535"}],"up":[{"embeddable":true,"href":"https:\/\/www.compagniadisanpaolo.it\/it\/wp-json\/wp\/v2\/pages\/69"}],"wp:featuredmedia":[{"embeddable":true,"href":"https:\/\/www.compagniadisanpaolo.it\/it\/wp-json\/wp\/v2\/media\/41027"}],"wp:attachment":[{"href":"https:\/\/www.compagniadisanpaolo.it\/it\/wp-json\/wp\/v2\/media?parent=41698"}],"curies":[{"name":"wp","href":"https:\/\/api.w.org\/{rel}","templated":true}]}}