{"id":41672,"date":"2026-02-13T18:39:25","date_gmt":"2026-02-13T17:39:25","guid":{"rendered":"https:\/\/www.compagniadisanpaolo.it\/?page_id=41672"},"modified":"2026-03-11T14:00:13","modified_gmt":"2026-03-11T13:00:13","slug":"intervento-6-19-anni-torino-genova-vercelli-savona","status":"publish","type":"page","link":"https:\/\/www.compagniadisanpaolo.it\/it\/i-progetti\/intervento-6-19-anni-torino-genova-vercelli-savona\/","title":{"rendered":"Intervento 6-19 anni &#8211; Torino, Genova, Vercelli, Savona"},"content":{"rendered":"<div class=\"wpb-content-wrapper\">[vc_row el_class=&#8221;text-headline&#8221;][vc_column][vc_column_text el_class=&#8221;text&#8221;]L\u2019intervento avviato dalla Fondazione Compagnia di San Paolo, in collaborazione con la Fondazione per la Scuola, mira a contrastare la povert\u00e0 educativa e la segregazione scolastica nelle quattro citt\u00e0 interessate dall\u2019iniziativa. L\u2019azione intende contribuire a creare ambienti di apprendimento, scolastici ed extrascolastici, inclusivi e di alta qualit\u00e0, coinvolgendo scuole, istituzioni, e organizzazioni del terzo settore in un\u2019alleanza educativa che si traduca in un vero ecosistema cittadino di apprendimento.[\/vc_column_text][\/vc_column][\/vc_row][vc_row el_class=&#8221;page-content&#8221; css=&#8221;.vc_custom_1770400758520{margin-top: 0px !important;margin-bottom: 0px !important;border-top-width: 0px !important;border-bottom-width: 0px !important;padding-top: 0px !important;padding-bottom: 0px !important;}&#8221;][vc_column][vc_column_text css=&#8221;&#8221; el_class=&#8221;text&#8221;]L\u2019intervento\u00a06-19, avviato dalla\u00a0<strong>Fondazione Compagnia di San Paolo<\/strong>\u00a0e dalla\u00a0<strong>Fondazione per la Scuola<\/strong>\u00a0mira a\u00a0<strong>contrastare la povert\u00e0 educativa<\/strong>\u00a0e la\u00a0<strong>segregazione<\/strong>\u00a0<strong>scolastica<\/strong>\u00a0in un\u2019ottica sistemica, lavorando con scuole, enti locali e terzo settore per costruire comunit\u00e0 educanti inclusive.<\/p>\n<p>Questo intervento copre il percorso scolastico dei giovani dai 6 ai 19 anni nelle citt\u00e0 di <strong>Torino<\/strong>, <strong>Genova<\/strong>, <strong>Vercelli<\/strong> e <strong>Savona<\/strong>. La sua definizione \u00e8 avvenuta sulla base di un\u2019analisi attenta dei dati e di un ascolto approfondito di tutti gli attori dei 4 territori, realizzati con il prezioso accompagnamento di Oxfam Italia.<\/p>\n<p>L\u2019intervento si articola su tre assi principali:<\/p>\n<ul>\n<li><strong>Analisi dei Dati<\/strong>: utilizzo avanzato dei dati scolastici per\u00a0<strong>identificare precocemente i rischi di dispersione e promuovere interventi tempestivi<\/strong>. A questo scopo \u00e8 stata ideata una multipiattaforma in collaborazione con il Ministero dell\u2019Istruzione per integrare e sfruttare i dati provenienti da fonti diverse (INVALSI, Ministero, istituti scolastici).<\/li>\n<li><strong>Sviluppo delle Competenze Socio-Emotive<\/strong>: il progetto\u00a0<strong>promuove le competenze socio-emotive<\/strong>come parte integrante di tutte le attivit\u00e0 scolastiche, aiutando gli studenti a sviluppare capacit\u00e0 di collaborazione, autostima e resilienza. Queste competenze, insegnabili e valutabili, riducono le disuguaglianze e offrono opportunit\u00e0 per un apprendimento inclusivo e continuo, sostenendo la formazione dei docenti e un ambiente educativo aperto.<\/li>\n<li><strong>Didattica Orientativa<\/strong>: la\u00a0<strong>didattica orientativa <\/strong>aiuta gli studenti a scoprire le proprie inclinazioni e a fare scelte consapevoli lungo il percorso scolastico. Il progetto si focalizza sulle fasi di transizione tra i vari ordini di scuola, sulla partecipazione delle studentesse nelle materie STEM e sull\u2019inclusione di studenti di cittadinanza non italiana. L\u2019orientamento \u00e8 pensato come una prospettiva permanente, coinvolgendo tutta la comunit\u00e0 educante per promuovere l\u2019autonomia e la capacit\u00e0 decisionale degli studenti.<\/li>\n<\/ul>\n<p>L&#8217;azione si focalizzer\u00e0 inoltre su:<\/p>\n<ul>\n<li><strong>Sostegno alle potenzialit\u00e0 e ai talenti dei ragazzi e delle ragazze<\/strong>, favorendo il loro protagonismo e l\u2019accesso ad opportunit\u00e0 educative formali e informali di qualit\u00e0;<\/li>\n<li><strong>Coinvolgimento delle famiglie<\/strong> per sostenerne la corresponsabilit\u00e0 al percorso di crescita dei figli nella sua totalit\u00e0, la partecipazione alla vita scolastica, nonch\u00e9 accompagnamento all\u2019accesso ai servizi per i nuclei con maggiori vulnerabilit\u00e0<\/li>\n<li><strong>Consolidamento dell\u2019ecosistema educativo mediante azioni di coordinamento multilivello <\/strong>fra gli attori di settori ed ambiti differenti secondo un approccio multidisciplinare, fondato su dati ed evidenze anche per azioni di advocacy.<\/li>\n<\/ul>\n<p>Per l\u2019anno scolastico 2023\/2024, la \u201c<strong>fase zero<\/strong>\u201d del progetto ha interessato principalmente Torino e Genova, con attivit\u00e0 di formazione per i docenti, co-progettazione con le scuole e creazione di strumenti digitali per facilitare l\u2019accesso ai servizi educativi locali.\u00a0<strong>A partire dall\u2019<\/strong><strong>a<\/strong><strong>nno S<\/strong><strong>c<\/strong><strong>olastico 2024\/2025<\/strong>, il progetto \u00e8 entrato nella fase operativa in tutte e quattro le citt\u00e0, con azioni esecutive e sistematiche.<\/p>\n<p>Il progetto intende creare un\u00a0<strong>ecosistema educativo cittadino e duraturo<\/strong>, supportando le comunit\u00e0 educanti, sviluppando reti di collaborazione e sensibilizzando sulle tematiche della tutela dei minori. Si presta particolare attenzione al coinvolgimento delle famiglie e al protagonismo degli studenti, creando spazi di confronto e promuovendo iniziative di peer education. In una prospettiva di lungo termine, \u201c<strong>Citt\u00e0 dell\u2019Educazione 6-19<\/strong>\u201d mira a consolidare una\u00a0<strong>cultura educativa di comunit\u00e0 e a migliorare la qualit\u00e0 dell\u2019offerta formativa<\/strong>.[\/vc_column_text][vc_empty_space][\/vc_column][\/vc_row][vc_row el_class=&#8221;page-content&#8221; css=&#8221;.vc_custom_1770899243784{margin-top: 0px !important;margin-bottom: 0px !important;border-top-width: 0px !important;border-bottom-width: 0px !important;padding-top: 0px !important;padding-bottom: 0px !important;}&#8221;][vc_column width=&#8221;1\/2&#8243;][vc_column_text css=&#8221;&#8221; el_class=&#8221;text&#8221;]In qualit\u00e0 di <strong>ente strumentale della Fondazione Compagnia di San Paolo<\/strong> ed <strong>ente di ricerca riconosciuto dal Ministero dell\u2019Istruzione e del Merito (MIM)<\/strong>, la <strong>Fondazione per la Scuola<\/strong> costituisce il <strong>motore metodologico e scientifico del Programma 6-19<\/strong>.<br \/>\nIl suo ruolo comprende il <strong>coordinamento<\/strong> di una rete articolata di <strong>partner strategici<\/strong>, la <strong>progettazione<\/strong> e l\u2019<strong>implementazione di modelli educativi<\/strong> basati sulle evidenze scientifiche, contribuendo a trasformare la ricerca in pratiche concrete, replicabili e sostenibili.[\/vc_column_text][\/vc_column][vc_column width=&#8221;1\/2&#8243; css=&#8221;.vc_custom_1770899257916{background-color: #FFBA00 !important;}&#8221;][vc_single_image image=&#8221;41768&#8243; img_size=&#8221;LARGE&#8221; css=&#8221;&#8221;][\/vc_column][\/vc_row][vc_row el_class=&#8221;page-content&#8221; css=&#8221;.vc_custom_1770899332042{margin-top: 0px !important;margin-bottom: 0px !important;border-top-width: 0px !important;border-bottom-width: 0px !important;padding-top: 0px !important;padding-bottom: 0px !important;}&#8221;][vc_column][vc_column_text css=&#8221;&#8221; el_class=&#8221;text&#8221;]\n<h2><span style=\"text-decoration: underline;\">Partner\u00a0<\/span><\/h2>\n<p data-start=\"643\" data-end=\"1179\">Fondazione per la Scuola opera come catalizzatore tra diverse eccellenze, collaborando con il <strong>Ministero<\/strong>, <strong>INVALSI<\/strong> e il <strong>Politecnico di Milano<\/strong> nello sviluppo di piattaforme digitali in grado di intercettare precocemente i segnali di dispersione scolastica grazie all\u2019analisi dei dati.<\/p>\n<p data-start=\"643\" data-end=\"1179\">Il rigore della <strong>ricerca applicata<\/strong> \u00e8 garantito dalla sinergia con <strong>INDIRE<\/strong>, che consente l\u2019adozione di strumenti di auto-riflessione come <strong>Reflex<\/strong>, e dal <strong>dialogo costante con le Universit\u00e0<\/strong> per l\u2019offerta di percorsi di alta formazione destinati a docenti e dirigenti.<\/p>\n<p>Sul piano istituzionale e territoriale, la Fondazione per la Scuola facilita la messa a sistema delle sperimentazioni, lavorando in stretta <strong>collaborazione con le Regioni Piemonte e Liguria<\/strong>, le <strong>Amministrazioni locali e il Terzo Settore<\/strong>.<\/p>\n<p>Questo approccio condiviso contribuisce a<strong> consolidare un ecosistema educativo duraturo nelle citt\u00e0 di Torino<\/strong>,<strong> Genova<\/strong>, <strong>Vercelli e Savona<\/strong>, dove la co-progettazione con le scuole e il coinvolgimento delle comunit\u00e0 educanti sostengono il successo formativo e promuovono la crescita di giovani cittadini autonomi e consapevoli.[\/vc_column_text][vc_btn title=&#8221;Scopri le iniziative&#8221; style=&#8221;classic&#8221; shape=&#8221;square&#8221; size=&#8221;lg&#8221; align=&#8221;center&#8221; i_align=&#8221;right&#8221; i_icon_fontawesome=&#8221;fa fa-solid fa-toolbox&#8221; css=&#8221;&#8221; add_icon=&#8221;true&#8221; link=&#8221;url:https%3A%2F%2Fwww.fondazionescuola.it%2Flinee-progettuali%2F|target:_blank&#8221;][vc_column_text css=&#8221;&#8221; el_class=&#8221;text&#8221;]\n<h2><span style=\"text-decoration: underline;\">Scuole aderenti\u00a0<\/span><\/h2>\n<p>Ad oggi, il programma coinvolge quasi 100 scuole del primo e secondo ciclo e i CPIA di Torino, Vercelli, Genova e Savona, che aderiscono all\u2019intervento 6-19.[\/vc_column_text][vc_btn title=&#8221;Consulta l&#8217;elenco delle scuole aderenti&#8221; style=&#8221;classic&#8221; shape=&#8221;square&#8221; size=&#8221;lg&#8221; align=&#8221;center&#8221; i_align=&#8221;right&#8221; i_icon_fontawesome=&#8221;fa fa-solid fa-school&#8221; css=&#8221;&#8221; add_icon=&#8221;true&#8221; link=&#8221;url:https%3A%2F%2Fwww.fondazionescuola.it%2Fscuole-aderenti%2F|target:_blank&#8221;][vc_empty_space][\/vc_column][\/vc_row][vc_row el_class=&#8221;page-content&#8221; css=&#8221;.vc_custom_1770400758520{margin-top: 0px !important;margin-bottom: 0px !important;border-top-width: 0px !important;border-bottom-width: 0px !important;padding-top: 0px !important;padding-bottom: 0px !important;}&#8221;][vc_column][vc_column_text css=&#8221;&#8221; el_class=&#8221;text&#8221;]\n<h2><span style=\"text-decoration: underline;\">Contributi e opportunit\u00e0 2025\u00a0<\/span><\/h2>\n[\/vc_column_text][\/vc_column][\/vc_row][vc_row el_class=&#8221;page-content&#8221; css=&#8221;.vc_custom_1770400736156{margin-top: 0px !important;border-top-width: 0px !important;padding-top: 0px !important;}&#8221;][vc_column width=&#8221;1\/4&#8243; css=&#8221;.vc_custom_1773222268753{background-color: #FFBA00 !important;border-radius: 5px !important;}&#8221;][vc_column_text css=&#8221;&#8221; el_class=&#8221;text&#8221;]\n<h2><span style=\"color: #ffffff;\">Torino<\/span><\/h2>\n[\/vc_column_text][vc_single_image image=&#8221;41685&#8243; img_size=&#8221;large&#8221; alignment=&#8221;center&#8221; style=&#8221;vc_box_border&#8221; onclick=&#8221;custom_link&#8221; css=&#8221;&#8221; link=&#8221;https:\/\/www.compagniadisanpaolo.it\/it\/contributi\/risalto-percorsi-e-sistemi-educativi-per-stare-bene-insieme-e-scoprire-nuove-passioni\/&#8221;][vc_column_text css=&#8221;&#8221; el_class=&#8221;text&#8221;]\n<h3><a href=\"https:\/\/www.compagniadisanpaolo.it\/it\/contributi\/risalto-percorsi-e-sistemi-educativi-per-stare-bene-insieme-e-scoprire-nuove-passioni\/\" target=\"_blank\" rel=\"noopener\"><strong>riSalto <\/strong><\/a><br \/>\n<a href=\"https:\/\/www.compagniadisanpaolo.it\/it\/contributi\/risalto-percorsi-e-sistemi-educativi-per-stare-bene-insieme-e-scoprire-nuove-passioni\/\" target=\"_blank\" rel=\"noopener\"><strong>Percorsi e sistemi educativi per stare bene insieme e scoprire nuove passioni<\/strong><\/a><\/h3>\n[\/vc_column_text][\/vc_column][vc_column width=&#8221;1\/4&#8243; css=&#8221;.vc_custom_1773222783320{margin-left: 5px !important;background-color: #F4F4F4 !important;}&#8221;][vc_column_text css=&#8221;&#8221; el_class=&#8221;text&#8221;]\n<h2>Genova<\/h2>\n[\/vc_column_text][vc_single_image image=&#8221;41683&#8243; img_size=&#8221;large&#8221; alignment=&#8221;center&#8221; style=&#8221;vc_box_border&#8221; onclick=&#8221;custom_link&#8221; css=&#8221;&#8221; link=&#8221;https:\/\/www.compagniadisanpaolo.it\/it\/contributi\/risalto-percorsi-e-sistemi-educativi-per-stare-bene-insieme-e-scoprire-nuove-passioni\/&#8221;][vc_column_text css=&#8221;&#8221; el_class=&#8221;text&#8221;]\n<h3><a href=\"https:\/\/www.compagniadisanpaolo.it\/it\/contributi\/bando-per-sostenere-comunita-educanti-e-opportunita-educative-nel-tempo-extrascolastico-a-genova\/?noamp=mobile\" target=\"_blank\" rel=\"noopener\"><strong>Bando per sostenere comunit\u00e0 educanti e opportunit\u00e0 educative nel tempo extrascolastico a Genova<\/strong><\/a><\/h3>\n[\/vc_column_text][\/vc_column][vc_column width=&#8221;1\/4&#8243; css=&#8221;.vc_custom_1773222796511{margin-left: 5px !important;background-color: #FFBA00 !important;border-radius: 5px !important;}&#8221;][vc_column_text css=&#8221;&#8221; el_class=&#8221;text&#8221;]\n<h2><span style=\"color: #ffffff;\">Savona<\/span><\/h2>\n[\/vc_column_text][vc_single_image image=&#8221;41704&#8243; img_size=&#8221;large&#8221; alignment=&#8221;center&#8221; style=&#8221;vc_box_border&#8221; onclick=&#8221;custom_link&#8221; css=&#8221;&#8221; link=&#8221;https:\/\/www.compagniadisanpaolo.it\/it\/contributi\/bando-semi-di-futuro-6-19-opportunita-educative-per-crescere-bene-insieme\/&#8221;][vc_column_text css=&#8221;&#8221; el_class=&#8221;text&#8221;]\n<h3><a href=\"https:\/\/www.compagniadisanpaolo.it\/it\/contributi\/bando-semi-di-futuro-6-19-opportunita-educative-per-crescere-bene-insieme\/\" target=\"_blank\" rel=\"noopener\">Bando Semi di futuro 6-19 Opportunit\u00e0 educative per crescere bene insieme<\/a><\/h3>\n[\/vc_column_text][\/vc_column][vc_column width=&#8221;1\/4&#8243;][\/vc_column][\/vc_row][vc_row][vc_column][vc_raw_html]JTVCU2V6aW9uZV9Eb2N1bWVudGklNUQ=[\/vc_raw_html][\/vc_column][\/vc_row]\n<\/div>","protected":false},"excerpt":{"rendered":"<p>[vc_row el_class=&#8221;text-headline&#8221;][vc_column][vc_column_text el_class=&#8221;text&#8221;]L\u2019intervento avviato dalla Fondazione Compagnia di San Paolo, in collaborazione con la Fondazione per la Scuola, mira a contrastare la povert\u00e0 educativa e la segregazione scolastica nelle quattro citt\u00e0 interessate dall\u2019iniziativa. L\u2019azione intende contribuire a creare ambienti di apprendimento, scolastici ed extrascolastici, inclusivi e di alta qualit\u00e0, coinvolgendo scuole, istituzioni, e organizzazioni del terzo settore in un\u2019alleanza educativa che si traduca in un vero ecosistema cittadino di apprendimento.[\/vc_column_text][\/vc_column][\/vc_row][vc_row el_class=&#8221;page-content&#8221; css=&#8221;.vc_custom_1770400758520{margin-top: 0px !important;margin-bottom: 0px !important;border-top-width: 0px !important;border-bottom-width: 0px !important;padding-top: 0px !important;padding-bottom: 0px !important;}&#8221;][vc_column][vc_column_text css=&#8221;&#8221; el_class=&#8221;text&#8221;]L\u2019intervento\u00a06-19, avviato dalla\u00a0Fondazione Compagnia di San Paolo\u00a0e dalla\u00a0Fondazione per la Scuola\u00a0mira a\u00a0contrastare la povert\u00e0 educativa\u00a0e la\u00a0segregazione\u00a0scolastica\u00a0in un\u2019ottica sistemica, lavorando con scuole, enti locali e terzo settore per costruire comunit\u00e0 educanti inclusive. Questo intervento copre il percorso scolastico dei giovani dai 6 ai 19 anni nelle citt\u00e0 di Torino, Genova, Vercelli e Savona. La sua definizione \u00e8 avvenuta sulla base di un\u2019analisi attenta dei dati e di un ascolto approfondito di tutti gli attori dei 4 territori, realizzati con il prezioso accompagnamento di Oxfam Italia. L\u2019intervento si articola su tre assi principali: Analisi dei Dati: utilizzo avanzato dei dati scolastici per\u00a0identificare precocemente i rischi di dispersione e promuovere interventi tempestivi. A questo scopo \u00e8 stata ideata una multipiattaforma in collaborazione con il Ministero dell\u2019Istruzione per integrare e sfruttare i dati provenienti da fonti diverse (INVALSI, Ministero, istituti scolastici). Sviluppo delle Competenze Socio-Emotive: il progetto\u00a0promuove le competenze socio-emotivecome parte integrante di tutte le attivit\u00e0 scolastiche, aiutando gli studenti a sviluppare capacit\u00e0 di collaborazione, autostima e resilienza. Queste competenze, insegnabili e valutabili, riducono le disuguaglianze e offrono opportunit\u00e0 per un apprendimento inclusivo e continuo, sostenendo la formazione dei docenti e un ambiente educativo aperto. Didattica Orientativa: la\u00a0didattica orientativa aiuta gli studenti a scoprire le proprie inclinazioni e a fare scelte consapevoli lungo il percorso scolastico. Il progetto si focalizza sulle fasi di transizione tra i vari ordini di scuola, sulla partecipazione delle studentesse nelle materie STEM e sull\u2019inclusione di studenti di cittadinanza non italiana. L\u2019orientamento \u00e8 pensato come una prospettiva permanente, coinvolgendo tutta la comunit\u00e0 educante per promuovere l\u2019autonomia e la capacit\u00e0 decisionale degli studenti. L&#8217;azione si focalizzer\u00e0 inoltre su: Sostegno alle potenzialit\u00e0 e ai talenti dei ragazzi e delle ragazze, favorendo il loro protagonismo e l\u2019accesso ad opportunit\u00e0 educative formali e informali di qualit\u00e0; Coinvolgimento delle famiglie per sostenerne la corresponsabilit\u00e0 al percorso di crescita dei figli nella sua totalit\u00e0, la partecipazione alla vita scolastica, nonch\u00e9 accompagnamento all\u2019accesso ai servizi per i nuclei con maggiori vulnerabilit\u00e0 Consolidamento dell\u2019ecosistema educativo mediante azioni di coordinamento multilivello fra gli attori di settori ed ambiti differenti secondo un approccio multidisciplinare, fondato su dati ed evidenze anche per azioni di advocacy. Per l\u2019anno scolastico 2023\/2024, la \u201cfase zero\u201d del progetto ha interessato principalmente Torino e Genova, con attivit\u00e0 di formazione per i docenti, co-progettazione con le scuole e creazione di strumenti digitali per facilitare l\u2019accesso ai servizi educativi locali.\u00a0A partire dall\u2019anno Scolastico 2024\/2025, il progetto \u00e8 entrato nella fase operativa in tutte e quattro le citt\u00e0, con azioni esecutive e sistematiche. Il progetto intende creare un\u00a0ecosistema educativo cittadino e duraturo, supportando le comunit\u00e0 educanti, sviluppando reti di collaborazione e sensibilizzando sulle tematiche della tutela dei minori. Si presta particolare attenzione al coinvolgimento delle famiglie e al protagonismo degli studenti, creando spazi di confronto e promuovendo iniziative di peer education. In una prospettiva di lungo termine, \u201cCitt\u00e0 dell\u2019Educazione 6-19\u201d mira a consolidare una\u00a0cultura educativa di comunit\u00e0 e a migliorare la qualit\u00e0 dell\u2019offerta formativa.[\/vc_column_text][vc_empty_space][\/vc_column][\/vc_row][vc_row el_class=&#8221;page-content&#8221; css=&#8221;.vc_custom_1770899243784{margin-top: 0px !important;margin-bottom: 0px !important;border-top-width: 0px !important;border-bottom-width: 0px !important;padding-top: 0px !important;padding-bottom: 0px !important;}&#8221;][vc_column width=&#8221;1\/2&#8243;][vc_column_text css=&#8221;&#8221; el_class=&#8221;text&#8221;]In qualit\u00e0 di ente strumentale della Fondazione Compagnia di San Paolo ed ente di ricerca riconosciuto dal Ministero dell\u2019Istruzione e del Merito (MIM), la Fondazione per la Scuola costituisce il motore metodologico e scientifico del Programma 6-19. Il suo ruolo comprende il coordinamento di una rete articolata di partner strategici, la progettazione e l\u2019implementazione di modelli educativi basati sulle evidenze scientifiche, contribuendo a trasformare la ricerca in pratiche concrete, replicabili e sostenibili.[\/vc_column_text][\/vc_column][vc_column width=&#8221;1\/2&#8243; css=&#8221;.vc_custom_1770899257916{background-color: #FFBA00 !important;}&#8221;][vc_single_image image=&#8221;41768&#8243; img_size=&#8221;LARGE&#8221; css=&#8221;&#8221;][\/vc_column][\/vc_row][vc_row el_class=&#8221;page-content&#8221; css=&#8221;.vc_custom_1770899332042{margin-top: 0px !important;margin-bottom: 0px !important;border-top-width: 0px !important;border-bottom-width: 0px !important;padding-top: 0px !important;padding-bottom: 0px !important;}&#8221;][vc_column][vc_column_text css=&#8221;&#8221; el_class=&#8221;text&#8221;] Partner\u00a0 Fondazione per la Scuola opera come catalizzatore tra diverse eccellenze, collaborando con il Ministero, INVALSI e il Politecnico di Milano nello sviluppo di piattaforme digitali in grado di intercettare precocemente i segnali di dispersione scolastica grazie all\u2019analisi dei dati. Il rigore della ricerca applicata \u00e8 garantito dalla sinergia con INDIRE, che consente l\u2019adozione di strumenti di auto-riflessione come Reflex, e dal dialogo costante con le Universit\u00e0 per l\u2019offerta di percorsi di alta formazione destinati a docenti e dirigenti. Sul piano istituzionale e territoriale, la Fondazione per la Scuola facilita la messa a sistema delle sperimentazioni, lavorando in stretta collaborazione con le Regioni Piemonte e Liguria, le Amministrazioni locali e il Terzo Settore. Questo approccio condiviso contribuisce a consolidare un ecosistema educativo duraturo nelle citt\u00e0 di Torino, Genova, Vercelli e Savona, dove la co-progettazione con le scuole e il coinvolgimento delle comunit\u00e0 educanti sostengono il successo formativo e promuovono la crescita di giovani cittadini autonomi e consapevoli.[\/vc_column_text][vc_btn title=&#8221;Scopri le iniziative&#8221; style=&#8221;classic&#8221; shape=&#8221;square&#8221; size=&#8221;lg&#8221; align=&#8221;center&#8221; i_align=&#8221;right&#8221; i_icon_fontawesome=&#8221;fa fa-solid fa-toolbox&#8221; css=&#8221;&#8221; add_icon=&#8221;true&#8221; link=&#8221;url:https%3A%2F%2Fwww.fondazionescuola.it%2Flinee-progettuali%2F|target:_blank&#8221;][vc_column_text css=&#8221;&#8221; el_class=&#8221;text&#8221;] Scuole aderenti\u00a0 Ad oggi, il programma coinvolge quasi 100 scuole del primo e secondo ciclo e i CPIA di Torino, Vercelli, Genova e Savona, che aderiscono all\u2019intervento 6-19.[\/vc_column_text][vc_btn title=&#8221;Consulta l&#8217;elenco delle scuole aderenti&#8221; style=&#8221;classic&#8221; shape=&#8221;square&#8221; size=&#8221;lg&#8221; align=&#8221;center&#8221; i_align=&#8221;right&#8221; i_icon_fontawesome=&#8221;fa fa-solid fa-school&#8221; css=&#8221;&#8221; add_icon=&#8221;true&#8221; link=&#8221;url:https%3A%2F%2Fwww.fondazionescuola.it%2Fscuole-aderenti%2F|target:_blank&#8221;][vc_empty_space][\/vc_column][\/vc_row][vc_row el_class=&#8221;page-content&#8221; css=&#8221;.vc_custom_1770400758520{margin-top: 0px !important;margin-bottom: 0px !important;border-top-width: 0px !important;border-bottom-width: 0px !important;padding-top: 0px !important;padding-bottom: 0px !important;}&#8221;][vc_column][vc_column_text css=&#8221;&#8221; el_class=&#8221;text&#8221;] Contributi e opportunit\u00e0 2025\u00a0 [\/vc_column_text][\/vc_column][\/vc_row][vc_row el_class=&#8221;page-content&#8221; css=&#8221;.vc_custom_1770400736156{margin-top: 0px !important;border-top-width: 0px !important;padding-top: 0px !important;}&#8221;][vc_column width=&#8221;1\/4&#8243; css=&#8221;.vc_custom_1773222268753{background-color: #FFBA00 !important;border-radius: 5px !important;}&#8221;][vc_column_text css=&#8221;&#8221; el_class=&#8221;text&#8221;] Torino [\/vc_column_text][vc_single_image image=&#8221;41685&#8243; img_size=&#8221;large&#8221; alignment=&#8221;center&#8221; style=&#8221;vc_box_border&#8221; onclick=&#8221;custom_link&#8221; css=&#8221;&#8221; link=&#8221;https:\/\/www.compagniadisanpaolo.it\/it\/contributi\/risalto-percorsi-e-sistemi-educativi-per-stare-bene-insieme-e-scoprire-nuove-passioni\/&#8221;][vc_column_text css=&#8221;&#8221; el_class=&#8221;text&#8221;] riSalto Percorsi e sistemi educativi per stare bene insieme e scoprire nuove passioni [\/vc_column_text][\/vc_column][vc_column width=&#8221;1\/4&#8243; css=&#8221;.vc_custom_1773222783320{margin-left: 5px !important;background-color: #F4F4F4 !important;}&#8221;][vc_column_text css=&#8221;&#8221; el_class=&#8221;text&#8221;] Genova [\/vc_column_text][vc_single_image image=&#8221;41683&#8243; img_size=&#8221;large&#8221; alignment=&#8221;center&#8221; style=&#8221;vc_box_border&#8221; onclick=&#8221;custom_link&#8221; css=&#8221;&#8221; link=&#8221;https:\/\/www.compagniadisanpaolo.it\/it\/contributi\/risalto-percorsi-e-sistemi-educativi-per-stare-bene-insieme-e-scoprire-nuove-passioni\/&#8221;][vc_column_text css=&#8221;&#8221; el_class=&#8221;text&#8221;] Bando per sostenere comunit\u00e0 educanti e opportunit\u00e0 educative nel tempo extrascolastico a Genova [\/vc_column_text][\/vc_column][vc_column width=&#8221;1\/4&#8243; css=&#8221;.vc_custom_1773222796511{margin-left: 5px !important;background-color: #FFBA00 !important;border-radius: 5px<\/p>\n","protected":false},"author":19,"featured_media":41029,"parent":69,"menu_order":0,"comment_status":"closed","ping_status":"closed","template":"","meta":{"_acf_changed":false,"content-type":"","footnotes":""},"class_list":["post-41672","page","type-page","status-publish","has-post-thumbnail","hentry","entry","post-inner"],"acf":[],"yoast_head":"<!-- This site is optimized with the Yoast SEO plugin v27.3 - https:\/\/yoast.com\/product\/yoast-seo-wordpress\/ -->\n<title>Intervento 6-19 anni - Torino, Genova, Vercelli, Savona - Fondazione Compagnia di San Paolo<\/title>\n<meta name=\"description\" content=\"L\u2019intervento avviato dalla Fondazione Compagnia di San Paolo, in collaborazione con la Fondazione per la Scuola, mira a contrastare la povert\u00e0 educativa e la segregazione scolastica nelle quattro citt\u00e0 interessate dall\u2019iniziativa.\" \/>\n<meta name=\"robots\" content=\"index, follow, max-snippet:-1, max-image-preview:large, max-video-preview:-1\" \/>\n<link rel=\"canonical\" href=\"https:\/\/www.compagniadisanpaolo.it\/it\/i-progetti\/intervento-6-19-anni-torino-genova-vercelli-savona\/\" \/>\n<meta property=\"og:locale\" content=\"it_IT\" \/>\n<meta property=\"og:type\" content=\"article\" \/>\n<meta property=\"og:title\" content=\"Intervento 6-19 anni - Torino, Genova, Vercelli, Savona - Fondazione Compagnia di San Paolo\" \/>\n<meta property=\"og:description\" content=\"L\u2019intervento avviato dalla Fondazione Compagnia di San Paolo, in collaborazione con la Fondazione per la Scuola, mira a contrastare la povert\u00e0 educativa e la segregazione scolastica nelle quattro citt\u00e0 interessate dall\u2019iniziativa.\" \/>\n<meta property=\"og:url\" content=\"https:\/\/www.compagniadisanpaolo.it\/it\/i-progetti\/intervento-6-19-anni-torino-genova-vercelli-savona\/\" \/>\n<meta property=\"og:site_name\" content=\"Fondazione Compagnia di San Paolo\" \/>\n<meta property=\"article:publisher\" content=\"https:\/\/www.facebook.com\/CompagniaDiSanPaolo\" \/>\n<meta property=\"article:modified_time\" content=\"2026-03-11T13:00:13+00:00\" \/>\n<meta property=\"og:image\" content=\"https:\/\/www.compagniadisanpaolo.it\/wp-content\/uploads\/CdE_815x350-01_14_26_6-19-scaled.jpg\" \/>\n\t<meta property=\"og:image:width\" content=\"2560\" \/>\n\t<meta property=\"og:image:height\" content=\"1099\" \/>\n\t<meta property=\"og:image:type\" content=\"image\/jpeg\" \/>\n<meta name=\"twitter:card\" content=\"summary_large_image\" \/>\n<meta name=\"twitter:site\" content=\"@CSP_live\" \/>\n<meta name=\"twitter:label1\" content=\"Tempo di lettura stimato\" \/>\n\t<meta name=\"twitter:data1\" content=\"6 minuti\" \/>\n<script type=\"application\/ld+json\" class=\"yoast-schema-graph\">{\"@context\":\"https:\\\/\\\/schema.org\",\"@graph\":[{\"@type\":\"WebPage\",\"@id\":\"https:\\\/\\\/www.compagniadisanpaolo.it\\\/it\\\/i-progetti\\\/intervento-6-19-anni-torino-genova-vercelli-savona\\\/\",\"url\":\"https:\\\/\\\/www.compagniadisanpaolo.it\\\/it\\\/i-progetti\\\/intervento-6-19-anni-torino-genova-vercelli-savona\\\/\",\"name\":\"Intervento 6-19 anni - Torino, Genova, Vercelli, Savona - Fondazione Compagnia di San Paolo\",\"isPartOf\":{\"@id\":\"https:\\\/\\\/www.compagniadisanpaolo.it\\\/it\\\/#website\"},\"primaryImageOfPage\":{\"@id\":\"https:\\\/\\\/www.compagniadisanpaolo.it\\\/it\\\/i-progetti\\\/intervento-6-19-anni-torino-genova-vercelli-savona\\\/#primaryimage\"},\"image\":{\"@id\":\"https:\\\/\\\/www.compagniadisanpaolo.it\\\/it\\\/i-progetti\\\/intervento-6-19-anni-torino-genova-vercelli-savona\\\/#primaryimage\"},\"thumbnailUrl\":\"https:\\\/\\\/www.compagniadisanpaolo.it\\\/wp-content\\\/uploads\\\/CdE_815x350-01_14_26_6-19-scaled.jpg\",\"datePublished\":\"2026-02-13T17:39:25+00:00\",\"dateModified\":\"2026-03-11T13:00:13+00:00\",\"description\":\"L\u2019intervento avviato dalla Fondazione Compagnia di San Paolo, in collaborazione con la Fondazione per la Scuola, mira a contrastare la povert\u00e0 educativa e la segregazione scolastica nelle quattro citt\u00e0 interessate dall\u2019iniziativa.\",\"breadcrumb\":{\"@id\":\"https:\\\/\\\/www.compagniadisanpaolo.it\\\/it\\\/i-progetti\\\/intervento-6-19-anni-torino-genova-vercelli-savona\\\/#breadcrumb\"},\"inLanguage\":\"it-IT\",\"potentialAction\":[{\"@type\":\"ReadAction\",\"target\":[\"https:\\\/\\\/www.compagniadisanpaolo.it\\\/it\\\/i-progetti\\\/intervento-6-19-anni-torino-genova-vercelli-savona\\\/\"]}]},{\"@type\":\"ImageObject\",\"inLanguage\":\"it-IT\",\"@id\":\"https:\\\/\\\/www.compagniadisanpaolo.it\\\/it\\\/i-progetti\\\/intervento-6-19-anni-torino-genova-vercelli-savona\\\/#primaryimage\",\"url\":\"https:\\\/\\\/www.compagniadisanpaolo.it\\\/wp-content\\\/uploads\\\/CdE_815x350-01_14_26_6-19-scaled.jpg\",\"contentUrl\":\"https:\\\/\\\/www.compagniadisanpaolo.it\\\/wp-content\\\/uploads\\\/CdE_815x350-01_14_26_6-19-scaled.jpg\",\"width\":2560,\"height\":1099},{\"@type\":\"BreadcrumbList\",\"@id\":\"https:\\\/\\\/www.compagniadisanpaolo.it\\\/it\\\/i-progetti\\\/intervento-6-19-anni-torino-genova-vercelli-savona\\\/#breadcrumb\",\"itemListElement\":[{\"@type\":\"ListItem\",\"position\":1,\"name\":\"Home\",\"item\":\"https:\\\/\\\/www.compagniadisanpaolo.it\\\/it\\\/\"},{\"@type\":\"ListItem\",\"position\":2,\"name\":\"I progetti\",\"item\":\"https:\\\/\\\/www.compagniadisanpaolo.it\\\/it\\\/i-progetti\\\/\"},{\"@type\":\"ListItem\",\"position\":3,\"name\":\"Intervento 6-19 anni &#8211; Torino, Genova, Vercelli, Savona\"}]},{\"@type\":\"WebSite\",\"@id\":\"https:\\\/\\\/www.compagniadisanpaolo.it\\\/it\\\/#website\",\"url\":\"https:\\\/\\\/www.compagniadisanpaolo.it\\\/it\\\/\",\"name\":\"Fondazione Compagnia di San Paolo\",\"description\":\"\",\"publisher\":{\"@id\":\"https:\\\/\\\/www.compagniadisanpaolo.it\\\/it\\\/#organization\"},\"potentialAction\":[{\"@type\":\"SearchAction\",\"target\":{\"@type\":\"EntryPoint\",\"urlTemplate\":\"https:\\\/\\\/www.compagniadisanpaolo.it\\\/it\\\/?s={search_term_string}\"},\"query-input\":{\"@type\":\"PropertyValueSpecification\",\"valueRequired\":true,\"valueName\":\"search_term_string\"}}],\"inLanguage\":\"it-IT\"},{\"@type\":\"Organization\",\"@id\":\"https:\\\/\\\/www.compagniadisanpaolo.it\\\/it\\\/#organization\",\"name\":\"Fondazione Compagnia di San Paolo\",\"url\":\"https:\\\/\\\/www.compagniadisanpaolo.it\\\/it\\\/\",\"logo\":{\"@type\":\"ImageObject\",\"inLanguage\":\"it-IT\",\"@id\":\"https:\\\/\\\/www.compagniadisanpaolo.it\\\/it\\\/#\\\/schema\\\/logo\\\/image\\\/\",\"url\":\"https:\\\/\\\/www.compagniadisanpaolo.it\\\/wp-content\\\/uploads\\\/logo.svg\",\"contentUrl\":\"https:\\\/\\\/www.compagniadisanpaolo.it\\\/wp-content\\\/uploads\\\/logo.svg\",\"width\":769,\"height\":323,\"caption\":\"Fondazione Compagnia di San Paolo\"},\"image\":{\"@id\":\"https:\\\/\\\/www.compagniadisanpaolo.it\\\/it\\\/#\\\/schema\\\/logo\\\/image\\\/\"},\"sameAs\":[\"https:\\\/\\\/www.facebook.com\\\/CompagniaDiSanPaolo\",\"https:\\\/\\\/x.com\\\/CSP_live\",\"http:\\\/\\\/instagram.com\\\/compagniadisanpaolo?ref=badge\",\"https:\\\/\\\/www.linkedin.com\\\/company\\\/compagnia-di-san-paolo\",\"https:\\\/\\\/www.youtube.com\\\/user\\\/compagniadisanpaolo\",\"https:\\\/\\\/it.wikipedia.org\\\/wiki\\\/Compagnia_di_San_Paolo\"]}]}<\/script>\n<!-- \/ Yoast SEO plugin. -->","yoast_head_json":{"title":"Intervento 6-19 anni - Torino, Genova, Vercelli, Savona - Fondazione Compagnia di San Paolo","description":"L\u2019intervento avviato dalla Fondazione Compagnia di San Paolo, in collaborazione con la Fondazione per la Scuola, mira a contrastare la povert\u00e0 educativa e la segregazione scolastica nelle quattro citt\u00e0 interessate dall\u2019iniziativa.","robots":{"index":"index","follow":"follow","max-snippet":"max-snippet:-1","max-image-preview":"max-image-preview:large","max-video-preview":"max-video-preview:-1"},"canonical":"https:\/\/www.compagniadisanpaolo.it\/it\/i-progetti\/intervento-6-19-anni-torino-genova-vercelli-savona\/","og_locale":"it_IT","og_type":"article","og_title":"Intervento 6-19 anni - Torino, Genova, Vercelli, Savona - Fondazione Compagnia di San Paolo","og_description":"L\u2019intervento avviato dalla Fondazione Compagnia di San Paolo, in collaborazione con la Fondazione per la Scuola, mira a contrastare la povert\u00e0 educativa e la segregazione scolastica nelle quattro citt\u00e0 interessate dall\u2019iniziativa.","og_url":"https:\/\/www.compagniadisanpaolo.it\/it\/i-progetti\/intervento-6-19-anni-torino-genova-vercelli-savona\/","og_site_name":"Fondazione Compagnia di San Paolo","article_publisher":"https:\/\/www.facebook.com\/CompagniaDiSanPaolo","article_modified_time":"2026-03-11T13:00:13+00:00","og_image":[{"width":2560,"height":1099,"url":"https:\/\/www.compagniadisanpaolo.it\/wp-content\/uploads\/CdE_815x350-01_14_26_6-19-scaled.jpg","type":"image\/jpeg"}],"twitter_card":"summary_large_image","twitter_site":"@CSP_live","twitter_misc":{"Tempo di lettura stimato":"6 minuti"},"schema":{"@context":"https:\/\/schema.org","@graph":[{"@type":"WebPage","@id":"https:\/\/www.compagniadisanpaolo.it\/it\/i-progetti\/intervento-6-19-anni-torino-genova-vercelli-savona\/","url":"https:\/\/www.compagniadisanpaolo.it\/it\/i-progetti\/intervento-6-19-anni-torino-genova-vercelli-savona\/","name":"Intervento 6-19 anni - Torino, Genova, Vercelli, Savona - Fondazione Compagnia di San Paolo","isPartOf":{"@id":"https:\/\/www.compagniadisanpaolo.it\/it\/#website"},"primaryImageOfPage":{"@id":"https:\/\/www.compagniadisanpaolo.it\/it\/i-progetti\/intervento-6-19-anni-torino-genova-vercelli-savona\/#primaryimage"},"image":{"@id":"https:\/\/www.compagniadisanpaolo.it\/it\/i-progetti\/intervento-6-19-anni-torino-genova-vercelli-savona\/#primaryimage"},"thumbnailUrl":"https:\/\/www.compagniadisanpaolo.it\/wp-content\/uploads\/CdE_815x350-01_14_26_6-19-scaled.jpg","datePublished":"2026-02-13T17:39:25+00:00","dateModified":"2026-03-11T13:00:13+00:00","description":"L\u2019intervento avviato dalla Fondazione Compagnia di San Paolo, in collaborazione con la Fondazione per la Scuola, mira a contrastare la povert\u00e0 educativa e la segregazione scolastica nelle quattro citt\u00e0 interessate dall\u2019iniziativa.","breadcrumb":{"@id":"https:\/\/www.compagniadisanpaolo.it\/it\/i-progetti\/intervento-6-19-anni-torino-genova-vercelli-savona\/#breadcrumb"},"inLanguage":"it-IT","potentialAction":[{"@type":"ReadAction","target":["https:\/\/www.compagniadisanpaolo.it\/it\/i-progetti\/intervento-6-19-anni-torino-genova-vercelli-savona\/"]}]},{"@type":"ImageObject","inLanguage":"it-IT","@id":"https:\/\/www.compagniadisanpaolo.it\/it\/i-progetti\/intervento-6-19-anni-torino-genova-vercelli-savona\/#primaryimage","url":"https:\/\/www.compagniadisanpaolo.it\/wp-content\/uploads\/CdE_815x350-01_14_26_6-19-scaled.jpg","contentUrl":"https:\/\/www.compagniadisanpaolo.it\/wp-content\/uploads\/CdE_815x350-01_14_26_6-19-scaled.jpg","width":2560,"height":1099},{"@type":"BreadcrumbList","@id":"https:\/\/www.compagniadisanpaolo.it\/it\/i-progetti\/intervento-6-19-anni-torino-genova-vercelli-savona\/#breadcrumb","itemListElement":[{"@type":"ListItem","position":1,"name":"Home","item":"https:\/\/www.compagniadisanpaolo.it\/it\/"},{"@type":"ListItem","position":2,"name":"I progetti","item":"https:\/\/www.compagniadisanpaolo.it\/it\/i-progetti\/"},{"@type":"ListItem","position":3,"name":"Intervento 6-19 anni &#8211; Torino, Genova, Vercelli, Savona"}]},{"@type":"WebSite","@id":"https:\/\/www.compagniadisanpaolo.it\/it\/#website","url":"https:\/\/www.compagniadisanpaolo.it\/it\/","name":"Fondazione Compagnia di San Paolo","description":"","publisher":{"@id":"https:\/\/www.compagniadisanpaolo.it\/it\/#organization"},"potentialAction":[{"@type":"SearchAction","target":{"@type":"EntryPoint","urlTemplate":"https:\/\/www.compagniadisanpaolo.it\/it\/?s={search_term_string}"},"query-input":{"@type":"PropertyValueSpecification","valueRequired":true,"valueName":"search_term_string"}}],"inLanguage":"it-IT"},{"@type":"Organization","@id":"https:\/\/www.compagniadisanpaolo.it\/it\/#organization","name":"Fondazione Compagnia di San Paolo","url":"https:\/\/www.compagniadisanpaolo.it\/it\/","logo":{"@type":"ImageObject","inLanguage":"it-IT","@id":"https:\/\/www.compagniadisanpaolo.it\/it\/#\/schema\/logo\/image\/","url":"https:\/\/www.compagniadisanpaolo.it\/wp-content\/uploads\/logo.svg","contentUrl":"https:\/\/www.compagniadisanpaolo.it\/wp-content\/uploads\/logo.svg","width":769,"height":323,"caption":"Fondazione Compagnia di San Paolo"},"image":{"@id":"https:\/\/www.compagniadisanpaolo.it\/it\/#\/schema\/logo\/image\/"},"sameAs":["https:\/\/www.facebook.com\/CompagniaDiSanPaolo","https:\/\/x.com\/CSP_live","http:\/\/instagram.com\/compagniadisanpaolo?ref=badge","https:\/\/www.linkedin.com\/company\/compagnia-di-san-paolo","https:\/\/www.youtube.com\/user\/compagniadisanpaolo","https:\/\/it.wikipedia.org\/wiki\/Compagnia_di_San_Paolo"]}]}},"_links":{"self":[{"href":"https:\/\/www.compagniadisanpaolo.it\/it\/wp-json\/wp\/v2\/pages\/41672","targetHints":{"allow":["GET"]}}],"collection":[{"href":"https:\/\/www.compagniadisanpaolo.it\/it\/wp-json\/wp\/v2\/pages"}],"about":[{"href":"https:\/\/www.compagniadisanpaolo.it\/it\/wp-json\/wp\/v2\/types\/page"}],"author":[{"embeddable":true,"href":"https:\/\/www.compagniadisanpaolo.it\/it\/wp-json\/wp\/v2\/users\/19"}],"replies":[{"embeddable":true,"href":"https:\/\/www.compagniadisanpaolo.it\/it\/wp-json\/wp\/v2\/comments?post=41672"}],"version-history":[{"count":5,"href":"https:\/\/www.compagniadisanpaolo.it\/it\/wp-json\/wp\/v2\/pages\/41672\/revisions"}],"predecessor-version":[{"id":42421,"href":"https:\/\/www.compagniadisanpaolo.it\/it\/wp-json\/wp\/v2\/pages\/41672\/revisions\/42421"}],"up":[{"embeddable":true,"href":"https:\/\/www.compagniadisanpaolo.it\/it\/wp-json\/wp\/v2\/pages\/69"}],"wp:featuredmedia":[{"embeddable":true,"href":"https:\/\/www.compagniadisanpaolo.it\/it\/wp-json\/wp\/v2\/media\/41029"}],"wp:attachment":[{"href":"https:\/\/www.compagniadisanpaolo.it\/it\/wp-json\/wp\/v2\/media?parent=41672"}],"curies":[{"name":"wp","href":"https:\/\/api.w.org\/{rel}","templated":true}]}}