{"id":23782,"date":"2023-06-27T17:30:25","date_gmt":"2023-06-27T15:30:25","guid":{"rendered":"https:\/\/www.compagniadisanpaolo.it\/?page_id=23782"},"modified":"2023-06-28T11:58:12","modified_gmt":"2023-06-28T09:58:12","slug":"jan-de-vylder-inge-vinck","status":"publish","type":"page","link":"https:\/\/www.compagniadisanpaolo.it\/it\/jan-de-vylder-inge-vinck\/","title":{"rendered":"Cavallerizza etcetera &#8211; Architecten Jan de Vylder Inge Vinck"},"content":{"rendered":"<div class=\"wpb-content-wrapper\">[vc_row][vc_column][vc_row_inner el_class=&#8221;txt-col mt-5 mb-3&#8243;][vc_column_inner][vc_column_text el_class=&#8221;text&#8221;]\n<h4 class=\"title\" style=\"text-align: left;\">La Cavallerizza \u00e8 un luogo in cui si vuole vivere. Non ha bisogno di cambiamenti radicali, solo di un cambiamento buono e preciso. Per far s\u00ec che la Cavallerizza sia come \u00e8 sempre stata, ma anche come sar\u00e0 sempre.<\/h4>\n[\/vc_column_text][\/vc_column_inner][\/vc_row_inner][vc_row_inner][vc_column_inner][vc_column_text]\n\t\t<div class=\"info-box-wrap info-box-hor row pb-0\">\n\n\t\t      \n\t\t      <div class=\"spalla col-12 col-md-12\">\n\t\t\t<div class=\"info-box sharing-box\">\n\t\t\t  <span class=\"label\">Condividi:<\/span>\n\t\t\t  <div class=\"social-sharing\">\n\t\t\t    <span class=\"box\">\n\t\t\t      <a class=\"fb\" href=\"https:\/\/www.facebook.com\/sharer.php?u=https:\/\/www.compagniadisanpaolo.it\/it\/jan-de-vylder-inge-vinck\/\" target=\"_blank\">\n\t\t\t\t<span class=\"sr-only\">Facebook<\/span>\n\t\t\t\t<i class=\"fab fa-facebook-f\"><\/i>\n\t\t\t      <\/a>\n\t\t\t    <\/span>\n\t\t\t    \n\t\t\t    <style>\n.twitter, .twitter:hover{\ncolor:#000000 !important;}\n<\/style>\n\n\n\t\t\t    <span class=\"box\">\n\t\t\t      <a class=\"twitter\" href=\"https:\/\/twitter.com\/intent\/tweet?url=https:\/\/www.compagniadisanpaolo.it\/it\/jan-de-vylder-inge-vinck\/\">\n\t\t\t\t<span class=\"sr-only\">Twitter<\/span>\n\t\t\t\t<i class=\"fa-brands fa-x-twitter\"><\/i>\n\t\t\t      <\/a>\n\t\t\t    <\/span>\n\n\t\t\t    \n\t\t\t    <span class=\"box\">\n\t\t\t      <a class=\"linkedin\" href=\"https:\/\/www.linkedin.com\/shareArticle?mini=true&url=https:\/\/www.compagniadisanpaolo.it\/it\/jan-de-vylder-inge-vinck\/\">\n\t\t\t\t<span class=\"sr-only\">Linkedin<\/span>\n\t\t\t\t  <i class=\"fa-brands fa-linkedin-in\"><\/i>\n\t\t\t      <\/a>\n\t\t\t    <\/span>\n\n\t\t\t    <span class=\"box\">\n\t\t\t      <a class=\"whatsapp\" href=\"whatsapp:\/\/send?text=https:\/\/www.compagniadisanpaolo.it\/it\/jan-de-vylder-inge-vinck\/\" data-action=\"share\/whatsapp\/share\">\n\t\t\t\t<span class=\"sr-only\">Whatsapp<\/span>\n\t\t\t\t<i class=\"fa-brands fa-whatsapp\"><\/i>\n\t\t\t      <\/a>\n\t\t\t    <\/span>\n\n\t\t\t    <span class=\"box\">\n\t\t\t      <a class=\"mail\" href=\"mailto:?subject=Cavallerizza etcetera - Architecten Jan de Vylder Inge Vinck&body=https:\/\/www.compagniadisanpaolo.it\/it\/jan-de-vylder-inge-vinck\/\">\n\t\t\t\t<span class=\"sr-only\">Mail<\/span>\n\t\t\t\t <i class=\"fa-solid fa-envelope\"><\/i>\n\t\t\t      <\/a>\n\t\t\t    <\/span>\n\t\t\t    \n\t\t\t  <\/div>\n\t\t\t<\/div>\n\t      <\/div>\n\t    <\/div>[\/vc_column_text][\/vc_column_inner][\/vc_row_inner][vc_row_inner el_class=&#8221;txt-col mt-5 mb-3&#8243;][vc_column_inner][vc_column_text el_class=&#8221;text&#8221;]<strong>Missione:<\/strong><br \/>\n<a href=\"https:\/\/www.compagniadisanpaolo.it\/it\/missioni\/creare-attrattivita\/\">Creare attrattivit\u00e0<\/a>[\/vc_column_text][\/vc_column_inner][\/vc_row_inner][vc_row_inner el_class=&#8221;page-content&#8221; css=&#8221;.vc_custom_1687878109784{padding-bottom: 0px !important;}&#8221;][vc_column_inner][vc_column_text el_class=&#8221;text&#8221;]\n<h3 class=\"title\">Prendersi cura<\/h3>\n<p dir=\"auto\">Un profondo sentimento di rispetto ha guidato l\u2019approccio alla progettazione, la Cavallerizza \u00e8 un complesso palinsesto di segni stratificati nel tempo, e perci\u00f2 la ricerca si \u00e8 a lungo concentrata sulla legittimit\u00e0 di ogni azione progettuale. L\u2019esercizio adottato \u00e8 stato quello della descrizione, il suo strumento \u00e8 stato il disegno. \u201cSorvegliare\u201d, \u201cvedere\u201d, \u201cindagare\u201d per prendersi cura.<\/p>\n<p dir=\"auto\">In questo modo, ci si prende cura della storia dell\u2019edificio in tutti i suoi strati e le sue apparenze, ma si aggiungono anche nuovi strati, umili e attenti, alla sua storia futura. Questo non \u00e8 solo un atto di rispetto verso la storia, ma anche verso un possibile futuro cambiamento atteso. L\u2019idea del riuso non deve avere solo un significato per il presente, ma anche per un cambiamento futuro. Il riutilizzo dovrebbe in ogni momento preparare un prossimo riutilizzo. Lo intitoliamo (P)re-use.<\/p>\n<p dir=\"auto\">Questa non \u00e8 solo una proposta di progetto, ma di atteggiamento. L\u2019atteggiamento di leggere e rileggere il dato per rendere disponibile il futuro come richiesto, \u00e8 un metodo. Questa proposta \u00e8 un inizio, e la rilettura diventer\u00e0 un atteggiamento condiviso con tutti coloro che sono coinvolti nel processo futuro.<\/p>\n<p dir=\"auto\">In questo modo tutti si sentiranno partecipi e la Cavallerizza non sar\u00e0 solo per tutti, ma di tutti. Essere coinvolti significa essere impegnati. Per prendersi cura di questa Cavallerizza in un futuro prossimo.<\/p>\n<p dir=\"auto\"><b><em>Progetto classificato al quarto posto, nella classifica del concorso &#8220;Citt\u00e0 nella citt\u00e0&#8221;, indetto per la riqualificazione della Cavallerizza Reale di Torino.<\/em><\/b><\/p>\n[\/vc_column_text][vc_video link=&#8221;https:\/\/youtu.be\/6Lk3FHt2G2I&#8221;][\/vc_column_inner][\/vc_row_inner][vc_row_inner el_class=&#8221;page-content&#8221; css=&#8221;.vc_custom_1687878333095{padding-top: 0px !important;}&#8221;][vc_column_inner][vc_column_text el_class=&#8221;text&#8221;]\n<h3 class=\"title\">Spazi aperti, pubblici, connessi<\/h3>\n<p dir=\"auto\">Il progetto degli spazi aperti del complesso della Cavallerizza scaturisce dalla sua comprensione come concatenazione di principali organi urbani, nuclei e arterie circostanziati dai muri degli edifici che vi si affacciano. Lo spazio esterno \u00e8 pubblico, qui si svolgono i principali riti collettivi, dalla festa al ritrovo, all\u2019esposizione, al \u00abpasseggio\u00bb.<\/p>\n<p dir=\"auto\">Lo spazio esterno \u00e8 collettivo e mantiene una componente di voluta vaghezza che lo rende aperto alle pi\u00f9 svariate interpretazioni e pratiche. Pochi interventi precisi ristabiliscono e amplificano il ruolo di uno spazio interconnesso e accessibile, continuamente diverso, per definire sia con gli edifici, sia con la citt\u00e0 rapporti di grande variet\u00e0 e complessit\u00e0. L\u2019articolata ma sostanziale coerenza delle pavimentazioni esterne &#8211; realizzate in acciottolato con inserti lapidei e, sotto i portici, mattoni \u2013 \u00e8 di contrappunto alla variet\u00e0 degli edifici che vi si affacciano, a ciascuno dei quali corrispondono differenti proporzioni, matericit\u00e0 e decori: ci\u00f2 genera specifiche e differenti esperienze spaziali che vengono accentuate e disvelate dall\u2019approccio paesaggistico che, a seconda delle aree, consolida rapporti esistenti con la vegetazione o ne genera di nuovi.<\/p>\n[\/vc_column_text][\/vc_column_inner][\/vc_row_inner][vc_row_inner el_class=&#8221;page-content&#8221; css=&#8221;.vc_custom_1687878358574{padding-top: 0px !important;}&#8221;][vc_column_inner][vc_column_text el_class=&#8221;text&#8221;]\n<h3 class=\"title\">Opus cratitium alla Cavallerizza<\/h3>\n<p dir=\"auto\">La re-iterazione dell\u2019opus cratitium (nella tecnica costruttiva romana, l\u2019opera a graticcio \u00e8 la muratura leggera costituita da un telaio portante di legno poggiato su uno zoccolo in muratura riempito da argilla) nel caso dell\u2019Ala del Mosca avviene da una semplice antica struttura muraria leggera a un odierno <em>cratitium operandi<\/em> aperto, invitante e multistrato.<\/p>\n<p dir=\"auto\">Ci\u00f2 che si pu\u00f2 trarre dall\u2019incendio \u00e8 reso evidente nell\u2019atteggiamento verso le Pagliere, dove gli spazi perduti a causa dei roghi diventano luogo di nuove opportunit\u00e0 rispetto alle aspettative del programma. Quando la Rotonda diventa uno spazio a porte aperte, i quattro quadranti e le quattro ali intorno si trasformano in uno spazio ottagonale, in cui si alternano spazi interni ed esterni per l\u2019esposizione e lo spettacolo. Lo chiamiamo \u201cla rosa degli spazi\u201d. Il vecchio teatro diventa uno di questi, solamente aggiornandolo in tutte le tecniche necessarie. Cos\u00ec come i cortili, dove si mantengono e introducono in maniera gradevole alcune azioni sulla pavimentazione e sul verde.<\/p>\n[\/vc_column_text][\/vc_column_inner][\/vc_row_inner][vc_row_inner el_class=&#8221;page-content&#8221; css=&#8221;.vc_custom_1687878365700{padding-top: 0px !important;}&#8221;][vc_column_inner][vc_column_text el_class=&#8221;text&#8221;]\n<h3 class=\"title\">Architecten Jan de Vylder Inge Vinck<\/h3>\n<p dir=\"auto\">Lo studio di architettura con sede a Gand, in Belgio, ha all\u2019attivo numerosi progetti apparsi su pubblicazioni e in mostre internazionali. Tra i premi ricevuti, il Leone d\u2019argento alla Biennale di Venezia nel 2018.<\/p>\n<p dir=\"auto\">Architecten Jan de Vylder Inge Vinck &#8211; capogruppo \/ project leader (Gand, Belgium)<br \/>\nAmarchitecture + Fakeauthentic (Milano)<br \/>\nOASI architects studio associato (Busto Arsizio, Varese)<br \/>\nRSLandscape (Faggeto Lario, Como)<br \/>\nRoberto Segattini (Brunate, Como)<br \/>\nA&amp;A &#8211; Ingegneri Associati (Torino)<br \/>\nPROJEMA (Torino)<\/p>\n[\/vc_column_text][\/vc_column_inner][\/vc_row_inner][\/vc_column][\/vc_row]\n<\/div>","protected":false},"excerpt":{"rendered":"<p>[vc_row][vc_column][vc_row_inner el_class=&#8221;txt-col mt-5 mb-3&#8243;][vc_column_inner][vc_column_text el_class=&#8221;text&#8221;] La Cavallerizza \u00e8 un luogo in cui si vuole vivere. Non ha bisogno di cambiamenti radicali, solo di un cambiamento buono e preciso. Per far s\u00ec che la Cavallerizza sia come \u00e8 sempre stata, ma anche come sar\u00e0 sempre. [\/vc_column_text][\/vc_column_inner][\/vc_row_inner][vc_row_inner][vc_column_inner][vc_column_text][\/vc_column_text][\/vc_column_inner][\/vc_row_inner][vc_row_inner el_class=&#8221;txt-col mt-5 mb-3&#8243;][vc_column_inner][vc_column_text el_class=&#8221;text&#8221;]Missione: Creare attrattivit\u00e0[\/vc_column_text][\/vc_column_inner][\/vc_row_inner][vc_row_inner el_class=&#8221;page-content&#8221; css=&#8221;.vc_custom_1687878109784{padding-bottom: 0px !important;}&#8221;][vc_column_inner][vc_column_text el_class=&#8221;text&#8221;] Prendersi cura Un profondo sentimento di rispetto ha guidato l\u2019approccio alla progettazione, la Cavallerizza \u00e8 un complesso palinsesto di segni stratificati nel tempo, e perci\u00f2 la ricerca si \u00e8 a lungo concentrata sulla legittimit\u00e0 di ogni azione progettuale. L\u2019esercizio adottato \u00e8 stato quello della descrizione, il suo strumento \u00e8 stato il disegno. \u201cSorvegliare\u201d, \u201cvedere\u201d, \u201cindagare\u201d per prendersi cura. In questo modo, ci si prende cura della storia dell\u2019edificio in tutti i suoi strati e le sue apparenze, ma si aggiungono anche nuovi strati, umili e attenti, alla sua storia futura. Questo non \u00e8 solo un atto di rispetto verso la storia, ma anche verso un possibile futuro cambiamento atteso. L\u2019idea del riuso non deve avere solo un significato per il presente, ma anche per un cambiamento futuro. Il riutilizzo dovrebbe in ogni momento preparare un prossimo riutilizzo. Lo intitoliamo (P)re-use. Questa non \u00e8 solo una proposta di progetto, ma di atteggiamento. L\u2019atteggiamento di leggere e rileggere il dato per rendere disponibile il futuro come richiesto, \u00e8 un metodo. Questa proposta \u00e8 un inizio, e la rilettura diventer\u00e0 un atteggiamento condiviso con tutti coloro che sono coinvolti nel processo futuro. In questo modo tutti si sentiranno partecipi e la Cavallerizza non sar\u00e0 solo per tutti, ma di tutti. Essere coinvolti significa essere impegnati. Per prendersi cura di questa Cavallerizza in un futuro prossimo. Progetto classificato al quarto posto, nella classifica del concorso &#8220;Citt\u00e0 nella citt\u00e0&#8221;, indetto per la riqualificazione della Cavallerizza Reale di Torino. [\/vc_column_text][vc_video link=&#8221;https:\/\/youtu.be\/6Lk3FHt2G2I&#8221;][\/vc_column_inner][\/vc_row_inner][vc_row_inner el_class=&#8221;page-content&#8221; css=&#8221;.vc_custom_1687878333095{padding-top: 0px !important;}&#8221;][vc_column_inner][vc_column_text el_class=&#8221;text&#8221;] Spazi aperti, pubblici, connessi Il progetto degli spazi aperti del complesso della Cavallerizza scaturisce dalla sua comprensione come concatenazione di principali organi urbani, nuclei e arterie circostanziati dai muri degli edifici che vi si affacciano. Lo spazio esterno \u00e8 pubblico, qui si svolgono i principali riti collettivi, dalla festa al ritrovo, all\u2019esposizione, al \u00abpasseggio\u00bb. Lo spazio esterno \u00e8 collettivo e mantiene una componente di voluta vaghezza che lo rende aperto alle pi\u00f9 svariate interpretazioni e pratiche. Pochi interventi precisi ristabiliscono e amplificano il ruolo di uno spazio interconnesso e accessibile, continuamente diverso, per definire sia con gli edifici, sia con la citt\u00e0 rapporti di grande variet\u00e0 e complessit\u00e0. L\u2019articolata ma sostanziale coerenza delle pavimentazioni esterne &#8211; realizzate in acciottolato con inserti lapidei e, sotto i portici, mattoni \u2013 \u00e8 di contrappunto alla variet\u00e0 degli edifici che vi si affacciano, a ciascuno dei quali corrispondono differenti proporzioni, matericit\u00e0 e decori: ci\u00f2 genera specifiche e differenti esperienze spaziali che vengono accentuate e disvelate dall\u2019approccio paesaggistico che, a seconda delle aree, consolida rapporti esistenti con la vegetazione o ne genera di nuovi. [\/vc_column_text][\/vc_column_inner][\/vc_row_inner][vc_row_inner el_class=&#8221;page-content&#8221; css=&#8221;.vc_custom_1687878358574{padding-top: 0px !important;}&#8221;][vc_column_inner][vc_column_text el_class=&#8221;text&#8221;] Opus cratitium alla Cavallerizza La re-iterazione dell\u2019opus cratitium (nella tecnica costruttiva romana, l\u2019opera a graticcio \u00e8 la muratura leggera costituita da un telaio portante di legno poggiato su uno zoccolo in muratura riempito da argilla) nel caso dell\u2019Ala del Mosca avviene da una semplice antica struttura muraria leggera a un odierno cratitium operandi aperto, invitante e multistrato. Ci\u00f2 che si pu\u00f2 trarre dall\u2019incendio \u00e8 reso evidente nell\u2019atteggiamento verso le Pagliere, dove gli spazi perduti a causa dei roghi diventano luogo di nuove opportunit\u00e0 rispetto alle aspettative del programma. Quando la Rotonda diventa uno spazio a porte aperte, i quattro quadranti e le quattro ali intorno si trasformano in uno spazio ottagonale, in cui si alternano spazi interni ed esterni per l\u2019esposizione e lo spettacolo. Lo chiamiamo \u201cla rosa degli spazi\u201d. Il vecchio teatro diventa uno di questi, solamente aggiornandolo in tutte le tecniche necessarie. Cos\u00ec come i cortili, dove si mantengono e introducono in maniera gradevole alcune azioni sulla pavimentazione e sul verde. [\/vc_column_text][\/vc_column_inner][\/vc_row_inner][vc_row_inner el_class=&#8221;page-content&#8221; css=&#8221;.vc_custom_1687878365700{padding-top: 0px !important;}&#8221;][vc_column_inner][vc_column_text el_class=&#8221;text&#8221;] Architecten Jan de Vylder Inge Vinck Lo studio di architettura con sede a Gand, in Belgio, ha all\u2019attivo numerosi progetti apparsi su pubblicazioni e in mostre internazionali. Tra i premi ricevuti, il Leone d\u2019argento alla Biennale di Venezia nel 2018. Architecten Jan de Vylder Inge Vinck &#8211; capogruppo \/ project leader (Gand, Belgium) Amarchitecture + Fakeauthentic (Milano) OASI architects studio associato (Busto Arsizio, Varese) RSLandscape (Faggeto Lario, Como) Roberto Segattini (Brunate, Como) A&amp;A &#8211; Ingegneri Associati (Torino) PROJEMA (Torino) [\/vc_column_text][\/vc_column_inner][\/vc_row_inner][\/vc_column][\/vc_row]<\/p>\n","protected":false},"author":17,"featured_media":23785,"parent":0,"menu_order":1,"comment_status":"closed","ping_status":"closed","template":"","meta":{"_acf_changed":false,"content-type":"","footnotes":""},"class_list":["post-23782","page","type-page","status-publish","has-post-thumbnail","hentry","entry","post-inner"],"acf":[],"yoast_head":"<!-- This site is optimized with the Yoast SEO plugin v27.3 - https:\/\/yoast.com\/product\/yoast-seo-wordpress\/ -->\n<title>Cavallerizza etcetera - Architecten Jan de Vylder Inge Vinck - Fondazione Compagnia di San Paolo<\/title>\n<meta name=\"description\" content=\"L&#039;Obiettivo Cultura promuove bandi per la cultura, in termini di patrimonio, arte, creativit\u00e0 e partecipazione, per raggiungere gli Obiettivi di Sviluppo Sostenibile.\" \/>\n<meta name=\"robots\" content=\"index, follow, max-snippet:-1, max-image-preview:large, max-video-preview:-1\" \/>\n<link rel=\"canonical\" href=\"https:\/\/www.compagniadisanpaolo.it\/it\/jan-de-vylder-inge-vinck\/\" \/>\n<meta property=\"og:locale\" content=\"it_IT\" \/>\n<meta property=\"og:type\" content=\"article\" \/>\n<meta property=\"og:title\" content=\"Cavallerizza etcetera - Architecten Jan de Vylder Inge Vinck - Fondazione Compagnia di San Paolo\" \/>\n<meta property=\"og:description\" content=\"L&#039;Obiettivo Cultura promuove bandi per la cultura, in termini di patrimonio, arte, creativit\u00e0 e partecipazione, per raggiungere gli Obiettivi di Sviluppo Sostenibile.\" \/>\n<meta property=\"og:url\" content=\"https:\/\/www.compagniadisanpaolo.it\/it\/jan-de-vylder-inge-vinck\/\" \/>\n<meta property=\"og:site_name\" content=\"Fondazione Compagnia di San Paolo\" \/>\n<meta property=\"article:publisher\" content=\"https:\/\/www.facebook.com\/CompagniaDiSanPaolo\" \/>\n<meta property=\"article:modified_time\" content=\"2023-06-28T09:58:12+00:00\" \/>\n<meta property=\"og:image\" content=\"https:\/\/www.compagniadisanpaolo.it\/wp-content\/uploads\/prog04.jpg\" \/>\n\t<meta property=\"og:image:width\" content=\"1354\" \/>\n\t<meta property=\"og:image:height\" content=\"582\" \/>\n\t<meta property=\"og:image:type\" content=\"image\/jpeg\" \/>\n<meta name=\"twitter:card\" content=\"summary_large_image\" \/>\n<meta name=\"twitter:site\" content=\"@CSP_live\" \/>\n<meta name=\"twitter:label1\" content=\"Tempo di lettura stimato\" \/>\n\t<meta name=\"twitter:data1\" content=\"4 minuti\" \/>\n<script type=\"application\/ld+json\" class=\"yoast-schema-graph\">{\"@context\":\"https:\\\/\\\/schema.org\",\"@graph\":[{\"@type\":\"WebPage\",\"@id\":\"https:\\\/\\\/www.compagniadisanpaolo.it\\\/it\\\/jan-de-vylder-inge-vinck\\\/\",\"url\":\"https:\\\/\\\/www.compagniadisanpaolo.it\\\/it\\\/jan-de-vylder-inge-vinck\\\/\",\"name\":\"Cavallerizza etcetera - Architecten Jan de Vylder Inge Vinck - Fondazione Compagnia di San Paolo\",\"isPartOf\":{\"@id\":\"https:\\\/\\\/www.compagniadisanpaolo.it\\\/it\\\/#website\"},\"primaryImageOfPage\":{\"@id\":\"https:\\\/\\\/www.compagniadisanpaolo.it\\\/it\\\/jan-de-vylder-inge-vinck\\\/#primaryimage\"},\"image\":{\"@id\":\"https:\\\/\\\/www.compagniadisanpaolo.it\\\/it\\\/jan-de-vylder-inge-vinck\\\/#primaryimage\"},\"thumbnailUrl\":\"https:\\\/\\\/www.compagniadisanpaolo.it\\\/wp-content\\\/uploads\\\/prog04.jpg\",\"datePublished\":\"2023-06-27T15:30:25+00:00\",\"dateModified\":\"2023-06-28T09:58:12+00:00\",\"description\":\"L'Obiettivo Cultura promuove bandi per la cultura, in termini di patrimonio, arte, creativit\u00e0 e partecipazione, per raggiungere gli Obiettivi di Sviluppo Sostenibile.\",\"breadcrumb\":{\"@id\":\"https:\\\/\\\/www.compagniadisanpaolo.it\\\/it\\\/jan-de-vylder-inge-vinck\\\/#breadcrumb\"},\"inLanguage\":\"it-IT\",\"potentialAction\":[{\"@type\":\"ReadAction\",\"target\":[\"https:\\\/\\\/www.compagniadisanpaolo.it\\\/it\\\/jan-de-vylder-inge-vinck\\\/\"]}]},{\"@type\":\"ImageObject\",\"inLanguage\":\"it-IT\",\"@id\":\"https:\\\/\\\/www.compagniadisanpaolo.it\\\/it\\\/jan-de-vylder-inge-vinck\\\/#primaryimage\",\"url\":\"https:\\\/\\\/www.compagniadisanpaolo.it\\\/wp-content\\\/uploads\\\/prog04.jpg\",\"contentUrl\":\"https:\\\/\\\/www.compagniadisanpaolo.it\\\/wp-content\\\/uploads\\\/prog04.jpg\",\"width\":1354,\"height\":582},{\"@type\":\"BreadcrumbList\",\"@id\":\"https:\\\/\\\/www.compagniadisanpaolo.it\\\/it\\\/jan-de-vylder-inge-vinck\\\/#breadcrumb\",\"itemListElement\":[{\"@type\":\"ListItem\",\"position\":1,\"name\":\"Home\",\"item\":\"https:\\\/\\\/www.compagniadisanpaolo.it\\\/it\\\/\"},{\"@type\":\"ListItem\",\"position\":2,\"name\":\"Cavallerizza etcetera &#8211; Architecten Jan de Vylder Inge Vinck\"}]},{\"@type\":\"WebSite\",\"@id\":\"https:\\\/\\\/www.compagniadisanpaolo.it\\\/it\\\/#website\",\"url\":\"https:\\\/\\\/www.compagniadisanpaolo.it\\\/it\\\/\",\"name\":\"Fondazione Compagnia di San Paolo\",\"description\":\"\",\"publisher\":{\"@id\":\"https:\\\/\\\/www.compagniadisanpaolo.it\\\/it\\\/#organization\"},\"potentialAction\":[{\"@type\":\"SearchAction\",\"target\":{\"@type\":\"EntryPoint\",\"urlTemplate\":\"https:\\\/\\\/www.compagniadisanpaolo.it\\\/it\\\/?s={search_term_string}\"},\"query-input\":{\"@type\":\"PropertyValueSpecification\",\"valueRequired\":true,\"valueName\":\"search_term_string\"}}],\"inLanguage\":\"it-IT\"},{\"@type\":\"Organization\",\"@id\":\"https:\\\/\\\/www.compagniadisanpaolo.it\\\/it\\\/#organization\",\"name\":\"Fondazione Compagnia di San Paolo\",\"url\":\"https:\\\/\\\/www.compagniadisanpaolo.it\\\/it\\\/\",\"logo\":{\"@type\":\"ImageObject\",\"inLanguage\":\"it-IT\",\"@id\":\"https:\\\/\\\/www.compagniadisanpaolo.it\\\/it\\\/#\\\/schema\\\/logo\\\/image\\\/\",\"url\":\"https:\\\/\\\/www.compagniadisanpaolo.it\\\/wp-content\\\/uploads\\\/logo.svg\",\"contentUrl\":\"https:\\\/\\\/www.compagniadisanpaolo.it\\\/wp-content\\\/uploads\\\/logo.svg\",\"width\":769,\"height\":323,\"caption\":\"Fondazione Compagnia di San Paolo\"},\"image\":{\"@id\":\"https:\\\/\\\/www.compagniadisanpaolo.it\\\/it\\\/#\\\/schema\\\/logo\\\/image\\\/\"},\"sameAs\":[\"https:\\\/\\\/www.facebook.com\\\/CompagniaDiSanPaolo\",\"https:\\\/\\\/x.com\\\/CSP_live\",\"http:\\\/\\\/instagram.com\\\/compagniadisanpaolo?ref=badge\",\"https:\\\/\\\/www.linkedin.com\\\/company\\\/compagnia-di-san-paolo\",\"https:\\\/\\\/www.youtube.com\\\/user\\\/compagniadisanpaolo\",\"https:\\\/\\\/it.wikipedia.org\\\/wiki\\\/Compagnia_di_San_Paolo\"]}]}<\/script>\n<!-- \/ Yoast SEO plugin. -->","yoast_head_json":{"title":"Cavallerizza etcetera - Architecten Jan de Vylder Inge Vinck - Fondazione Compagnia di San Paolo","description":"L'Obiettivo Cultura promuove bandi per la cultura, in termini di patrimonio, arte, creativit\u00e0 e partecipazione, per raggiungere gli Obiettivi di Sviluppo Sostenibile.","robots":{"index":"index","follow":"follow","max-snippet":"max-snippet:-1","max-image-preview":"max-image-preview:large","max-video-preview":"max-video-preview:-1"},"canonical":"https:\/\/www.compagniadisanpaolo.it\/it\/jan-de-vylder-inge-vinck\/","og_locale":"it_IT","og_type":"article","og_title":"Cavallerizza etcetera - Architecten Jan de Vylder Inge Vinck - Fondazione Compagnia di San Paolo","og_description":"L'Obiettivo Cultura promuove bandi per la cultura, in termini di patrimonio, arte, creativit\u00e0 e partecipazione, per raggiungere gli Obiettivi di Sviluppo Sostenibile.","og_url":"https:\/\/www.compagniadisanpaolo.it\/it\/jan-de-vylder-inge-vinck\/","og_site_name":"Fondazione Compagnia di San Paolo","article_publisher":"https:\/\/www.facebook.com\/CompagniaDiSanPaolo","article_modified_time":"2023-06-28T09:58:12+00:00","og_image":[{"width":1354,"height":582,"url":"https:\/\/www.compagniadisanpaolo.it\/wp-content\/uploads\/prog04.jpg","type":"image\/jpeg"}],"twitter_card":"summary_large_image","twitter_site":"@CSP_live","twitter_misc":{"Tempo di lettura stimato":"4 minuti"},"schema":{"@context":"https:\/\/schema.org","@graph":[{"@type":"WebPage","@id":"https:\/\/www.compagniadisanpaolo.it\/it\/jan-de-vylder-inge-vinck\/","url":"https:\/\/www.compagniadisanpaolo.it\/it\/jan-de-vylder-inge-vinck\/","name":"Cavallerizza etcetera - Architecten Jan de Vylder Inge Vinck - Fondazione Compagnia di San Paolo","isPartOf":{"@id":"https:\/\/www.compagniadisanpaolo.it\/it\/#website"},"primaryImageOfPage":{"@id":"https:\/\/www.compagniadisanpaolo.it\/it\/jan-de-vylder-inge-vinck\/#primaryimage"},"image":{"@id":"https:\/\/www.compagniadisanpaolo.it\/it\/jan-de-vylder-inge-vinck\/#primaryimage"},"thumbnailUrl":"https:\/\/www.compagniadisanpaolo.it\/wp-content\/uploads\/prog04.jpg","datePublished":"2023-06-27T15:30:25+00:00","dateModified":"2023-06-28T09:58:12+00:00","description":"L'Obiettivo Cultura promuove bandi per la cultura, in termini di patrimonio, arte, creativit\u00e0 e partecipazione, per raggiungere gli Obiettivi di Sviluppo Sostenibile.","breadcrumb":{"@id":"https:\/\/www.compagniadisanpaolo.it\/it\/jan-de-vylder-inge-vinck\/#breadcrumb"},"inLanguage":"it-IT","potentialAction":[{"@type":"ReadAction","target":["https:\/\/www.compagniadisanpaolo.it\/it\/jan-de-vylder-inge-vinck\/"]}]},{"@type":"ImageObject","inLanguage":"it-IT","@id":"https:\/\/www.compagniadisanpaolo.it\/it\/jan-de-vylder-inge-vinck\/#primaryimage","url":"https:\/\/www.compagniadisanpaolo.it\/wp-content\/uploads\/prog04.jpg","contentUrl":"https:\/\/www.compagniadisanpaolo.it\/wp-content\/uploads\/prog04.jpg","width":1354,"height":582},{"@type":"BreadcrumbList","@id":"https:\/\/www.compagniadisanpaolo.it\/it\/jan-de-vylder-inge-vinck\/#breadcrumb","itemListElement":[{"@type":"ListItem","position":1,"name":"Home","item":"https:\/\/www.compagniadisanpaolo.it\/it\/"},{"@type":"ListItem","position":2,"name":"Cavallerizza etcetera &#8211; Architecten Jan de Vylder Inge Vinck"}]},{"@type":"WebSite","@id":"https:\/\/www.compagniadisanpaolo.it\/it\/#website","url":"https:\/\/www.compagniadisanpaolo.it\/it\/","name":"Fondazione Compagnia di San Paolo","description":"","publisher":{"@id":"https:\/\/www.compagniadisanpaolo.it\/it\/#organization"},"potentialAction":[{"@type":"SearchAction","target":{"@type":"EntryPoint","urlTemplate":"https:\/\/www.compagniadisanpaolo.it\/it\/?s={search_term_string}"},"query-input":{"@type":"PropertyValueSpecification","valueRequired":true,"valueName":"search_term_string"}}],"inLanguage":"it-IT"},{"@type":"Organization","@id":"https:\/\/www.compagniadisanpaolo.it\/it\/#organization","name":"Fondazione Compagnia di San Paolo","url":"https:\/\/www.compagniadisanpaolo.it\/it\/","logo":{"@type":"ImageObject","inLanguage":"it-IT","@id":"https:\/\/www.compagniadisanpaolo.it\/it\/#\/schema\/logo\/image\/","url":"https:\/\/www.compagniadisanpaolo.it\/wp-content\/uploads\/logo.svg","contentUrl":"https:\/\/www.compagniadisanpaolo.it\/wp-content\/uploads\/logo.svg","width":769,"height":323,"caption":"Fondazione Compagnia di San Paolo"},"image":{"@id":"https:\/\/www.compagniadisanpaolo.it\/it\/#\/schema\/logo\/image\/"},"sameAs":["https:\/\/www.facebook.com\/CompagniaDiSanPaolo","https:\/\/x.com\/CSP_live","http:\/\/instagram.com\/compagniadisanpaolo?ref=badge","https:\/\/www.linkedin.com\/company\/compagnia-di-san-paolo","https:\/\/www.youtube.com\/user\/compagniadisanpaolo","https:\/\/it.wikipedia.org\/wiki\/Compagnia_di_San_Paolo"]}]}},"_links":{"self":[{"href":"https:\/\/www.compagniadisanpaolo.it\/it\/wp-json\/wp\/v2\/pages\/23782","targetHints":{"allow":["GET"]}}],"collection":[{"href":"https:\/\/www.compagniadisanpaolo.it\/it\/wp-json\/wp\/v2\/pages"}],"about":[{"href":"https:\/\/www.compagniadisanpaolo.it\/it\/wp-json\/wp\/v2\/types\/page"}],"author":[{"embeddable":true,"href":"https:\/\/www.compagniadisanpaolo.it\/it\/wp-json\/wp\/v2\/users\/17"}],"replies":[{"embeddable":true,"href":"https:\/\/www.compagniadisanpaolo.it\/it\/wp-json\/wp\/v2\/comments?post=23782"}],"version-history":[{"count":3,"href":"https:\/\/www.compagniadisanpaolo.it\/it\/wp-json\/wp\/v2\/pages\/23782\/revisions"}],"predecessor-version":[{"id":23812,"href":"https:\/\/www.compagniadisanpaolo.it\/it\/wp-json\/wp\/v2\/pages\/23782\/revisions\/23812"}],"wp:featuredmedia":[{"embeddable":true,"href":"https:\/\/www.compagniadisanpaolo.it\/it\/wp-json\/wp\/v2\/media\/23785"}],"wp:attachment":[{"href":"https:\/\/www.compagniadisanpaolo.it\/it\/wp-json\/wp\/v2\/media?parent=23782"}],"curies":[{"name":"wp","href":"https:\/\/api.w.org\/{rel}","templated":true}]}}