{"id":20916,"date":"2023-02-03T16:59:26","date_gmt":"2023-02-03T15:59:26","guid":{"rendered":"https:\/\/www.compagniadisanpaolo.it\/?page_id=20916"},"modified":"2026-01-19T17:43:30","modified_gmt":"2026-01-19T16:43:30","slug":"favorire-partecipazione-attiva","status":"publish","type":"page","link":"https:\/\/www.compagniadisanpaolo.it\/it\/le-nostre-sfide\/obiettivo-cultura\/favorire-partecipazione-attiva\/","title":{"rendered":"Favorire partecipazione attiva"},"content":{"rendered":"<div class=\"wpb-content-wrapper\">[vc_row][vc_column][vc_column_text el_class=&#8221;text-headline&#8221;]Incoraggiamo le persone a diventare\u00a0protagoniste dello sviluppo equo e sostenibile dei territori: favoriamo <strong>l\u2019allargamento e la diversificazione della base sociale<\/strong> coinvolta nella <strong>vita democratica, civica e culturale<\/strong> anche attraverso <strong>spazi di attivazione<\/strong>, strumenti e <strong>metodi collaborativi<\/strong>, la diffusione dell\u2019importanza nell\u2019<strong>informarsi<\/strong>, verso una crescita del <strong>senso critico<\/strong>. Consideriamo la cultura come motore per costruire una\u00a0<strong>nuova cittadinanza<\/strong>.[\/vc_column_text][\/vc_column][\/vc_row][vc_row][vc_column][vc_row_inner el_class=&#8221;section-title&#8221;][vc_column_inner][vc_column_text css=&#8221;&#8221;]\n<h3 class=\"title\" style=\"text-align: center;\">La nostra attivit\u00e0 si articola in diversi <span style=\"font-weight: 700 !important;\">ambiti di intervento<\/span>.<\/h3>\n[\/vc_column_text][\/vc_column_inner][vc_column_inner css=&#8221;.vc_custom_1683558890006{background-image: url(https:\/\/www.compagniadisanpaolo.it\/wp-content\/uploads\/PARTECIPAZIONE_ATTIVA.svg?id=22563) !important;background-position: center !important;background-repeat: no-repeat !important;background-size: contain !important;}&#8221;][vc_empty_space height=&#8221;553px&#8221;][\/vc_column_inner][vc_column_inner][vc_column_text]\n<h3 class=\"title\" style=\"text-align: center;\">Favorire partecipazione attiva<\/h3>\n[\/vc_column_text][vc_single_image image=&#8221;34728&#8243; img_size=&#8221;full&#8221; alignment=&#8221;center&#8221; css=&#8221;.vc_custom_1739540846189{margin-top: 20px !important;}&#8221;][\/vc_column_inner][\/vc_row_inner][\/vc_column][\/vc_row][vc_row el_class=&#8221;sdg-list-wrap&#8221;][vc_column][vc_column_text css=&#8221;&#8221; el_class=&#8221;sdg-intro&#8221;]\n<h3 class=\"title\">La Missione Favorire partecipazione attiva contribuisce al raggiungimento dei seguenti Obiettivi di Sviluppo Sostenibile<\/h3>\n[\/vc_column_text][vc_raw_html]JTVCbW9zdHJhU0RHUyU1RA==[\/vc_raw_html][\/vc_column][\/vc_row][vc_row full_width=&#8221;stretch_row_content_no_spaces&#8221; equal_height=&#8221;yes&#8221; el_class=&#8221;txt-img txt-sx row&#8221;][vc_column width=&#8221;5\/12&#8243; offset=&#8221;vc_col-sm-offset-1 vc_col-xs-offset-1 vc_col-xs-10&#8243;][vc_column_text css=&#8221;&#8221; el_class=&#8221;txt-img&#8221;]\n<div class=\"text\">\n<p>La <strong>Missione Favorire partecipazione attiva <\/strong>opera all\u2019interno dell\u2019<strong><a href=\"https:\/\/www.compagniadisanpaolo.it\/it\/le-nostre-sfide\/obiettivo-cultura\/\">Obiettivo Cultura<\/a><\/strong> per allargare e diversificare la base sociale dei partecipanti alla vita democratica, civica e culturale, al fine di ridurre le diseguaglianze e aumentare la possibilit\u00e0 che tutte e tutti possano offrire il proprio contributo al bene comune.<\/p>\n<p>Per approfondire: <strong><a href=\"https:\/\/www.compagniadisanpaolo.it\/it\/le-nostre-sfide\/obiettivo-cultura\/parole-concetti-e-prospettive-della-partecipazione-attiva\/\">Parole, concetti e prospettive della partecipazione attiva<\/a><\/strong> realizzato in collaborazione con Chefare.<\/p>\n<\/div>\n[\/vc_column_text][\/vc_column][vc_column width=&#8221;1\/2&#8243; css=&#8221;.vc_custom_1739702154261{background-image: url(https:\/\/www.compagniadisanpaolo.it\/wp-content\/uploads\/4_LCDA_A-scaled.jpg?id=34832) !important;background-position: center !important;background-repeat: no-repeat !important;background-size: cover !important;}&#8221; offset=&#8221;vc_col-sm-offset-0 vc_col-xs-offset-1 vc_col-xs-10&#8243;][vc_empty_space el_class=&#8221;fill-square&#8221;][\/vc_column][\/vc_row][vc_row full_width=&#8221;stretch_row_content_no_spaces&#8221; equal_height=&#8221;yes&#8221; el_class=&#8221;txt-img txt-sx row row-top&#8221;][vc_column width=&#8221;5\/12&#8243; offset=&#8221;vc_col-sm-offset-1 vc_col-xs-offset-1 vc_col-xs-10&#8243;][vc_column_text el_class=&#8221;txt-img&#8221;]\n<div class=\"text\">\n<p>Lo <strong>sviluppo sostenibile<\/strong> \u00e8 pi\u00f9 equo e inclusivo coinvolgendo la cittadinanza, i gruppi informali, il terzo settore, le istituzioni, gli enti pubblici e le imprese in un impegno collaborativo comune, per raggiungere gli <strong>Obiettivi indicati dall&#8217;Agenda 2030 delle Nazioni Unite<\/strong> e in pieno accordo con <strong>l\u2019art.118<\/strong> <strong>della Costituzione Italiana<\/strong>.<\/p>\n<\/div>\n[\/vc_column_text][\/vc_column][vc_column width=&#8221;1\/2&#8243; css=&#8221;.vc_custom_1739551845824{padding-top: 0px !important;background-position: center !important;background-repeat: no-repeat !important;background-size: cover !important;}&#8221; offset=&#8221;vc_col-sm-offset-0 vc_col-xs-offset-1 vc_col-xs-10&#8243;][vc_column_text el_class=&#8221;txt-img&#8221;]\n<div class=\"text\">\n<p>Tuttavia, chi prende parte ai processi collettivi \u00e8, oggi, solo una minoranza della popolazione.<\/p>\n<p>Due sono le tipologie di divari su cui interveniamo: da un lato le <strong>differenze di opportunit\u00e0 <\/strong>causate da caratteristiche e carenze dei territori e, dall\u2019altro, la difficolt\u00e0 di parti crescenti di popolazione <strong>a far udire la propria voce<\/strong> nelle arene democratiche.<\/p>\n<\/div>\n[\/vc_column_text][\/vc_column][\/vc_row][vc_row full_width=&#8221;stretch_row_content_no_spaces&#8221; equal_height=&#8221;yes&#8221; el_class=&#8221;txt-img txt-sx row&#8221;][vc_column width=&#8221;1\/2&#8243; css=&#8221;.vc_custom_1742382798212{background-image: url(https:\/\/www.compagniadisanpaolo.it\/wp-content\/uploads\/Domanda-e-partecipazione-culturale.jpg?id=35922) !important;background-position: center !important;background-repeat: no-repeat !important;background-size: cover !important;}&#8221; offset=&#8221;vc_col-sm-offset-0 vc_col-xs-offset-1 vc_col-xs-10&#8243;][vc_empty_space el_class=&#8221;fill-square&#8221;][\/vc_column][vc_column width=&#8221;5\/12&#8243; offset=&#8221;vc_col-sm-offset-1 vc_col-xs-offset-1 vc_col-xs-10&#8243;][vc_column_text css=&#8221;&#8221; el_class=&#8221;txt-img&#8221;]\n<h3 class=\"title\">Domanda e partecipazione culturale<\/h3>\n<div class=\"text\">\n<p>Ampliamo la domanda e la partecipazione culturale e favoriamo la <strong>diversificazione<\/strong> della base sociale, sollecitando un maggiore <strong>accesso<\/strong> alle esperienze culturali e incentivando un <strong>community welfare<\/strong> caratterizzato dall\u2019interazione tra <strong>cultura, salute e benessere<\/strong> con un\u2019attenzione specifica per gli <strong>over 65<\/strong>.<\/p>\n<p>Supportiamo inoltre esperienze culturali principalmente gratuite, che si svolgono <strong>fuori casa<\/strong> e fuori dai luoghi convenzionali della cultura.<\/p>\n<\/div>\n[\/vc_column_text][\/vc_column][\/vc_row][vc_row full_width=&#8221;stretch_row_content_no_spaces&#8221; equal_height=&#8221;yes&#8221; el_class=&#8221;txt-img txt-sx row&#8221;][vc_column width=&#8221;5\/12&#8243; offset=&#8221;vc_col-sm-offset-1 vc_col-xs-offset-1 vc_col-xs-10&#8243;][vc_column_text css=&#8221;&#8221; el_class=&#8221;txt-img&#8221;]\n<div class=\"text\">\n<p>Sono nati cos\u00ec <strong>il programma <a href=\"https:\/\/www.laculturadietrolangolo.it\/\" target=\"_blank\" rel=\"noopener\">La cultura dietro l\u2019angolo<\/a><\/strong> che ha portato le attivit\u00e0 di alcuni importanti enti culturali torinesi nei quartieri e nei loro luoghi di aggregazione, <strong>il progetto <a href=\"https:\/\/www.compagniadisanpaolo.it\/it\/progetti\/well-impact-cultura-e-salute-verso-un-nuovo-welfare-culturale\/\">Well Impact \u2013 Cultura e Salute: verso un nuovo welfare culturale<\/a><\/strong> che ha posto il concetto di cultura al centro di un percorso di salute e benessere, e <strong><a href=\"https:\/\/www.compagniadisanpaolo.it\/it\/contributi\/linee-guida-per-festival-partecipativi-2025\/\">l\u2019esperienza dei Festival Partecipativi<\/a><\/strong>.<\/p>\n<\/div>\n[\/vc_column_text][\/vc_column][vc_column width=&#8221;1\/2&#8243; css=&#8221;.vc_custom_1739702329032{background-image: url(https:\/\/www.compagniadisanpaolo.it\/wp-content\/uploads\/4_LCDA_C-scaled.jpg?id=34837) !important;background-position: center !important;background-repeat: no-repeat !important;background-size: cover !important;}&#8221; offset=&#8221;vc_col-sm-offset-0 vc_col-xs-offset-1 vc_col-xs-10&#8243;][vc_empty_space el_class=&#8221;fill-square&#8221;][\/vc_column][\/vc_row][vc_row full_width=&#8221;stretch_row_content_no_spaces&#8221; el_class=&#8221;txt-img txt-sx row&#8221;][vc_column width=&#8221;1\/2&#8243; css=&#8221;.vc_custom_1742383325195{background-image: url(https:\/\/www.compagniadisanpaolo.it\/wp-content\/uploads\/Partecipazione-e-democrazia.jpg?id=35926) !important;background-position: center !important;background-repeat: no-repeat !important;background-size: cover !important;}&#8221; offset=&#8221;vc_col-sm-offset-0 vc_col-xs-offset-1 vc_col-xs-10&#8243;][vc_empty_space el_class=&#8221;fill-square&#8221;][\/vc_column][vc_column width=&#8221;5\/12&#8243; el_class=&#8221;mb-5 mb-lg-0&#8243; offset=&#8221;vc_col-sm-offset-1 vc_col-xs-offset-1 vc_col-xs-10&#8243;][vc_column_text css=&#8221;&#8221; el_class=&#8221;txt-img&#8221;]\n<h3 class=\"title\">Partecipazione e democrazia<\/h3>\n<div class=\"text\">\n<p>Incentiviamo la <strong>partecipazione<\/strong> <strong>attiva<\/strong> come uno degli elementi chiave che caratterizza lo stato della <strong>democrazia<\/strong>. Questo significa ampliare l\u2019alfabetizzazione politica, incoraggiare la diffusione del volersi e sapersi <strong>informare<\/strong>, estendere la <strong>cittadinanza scientifica<\/strong> e pi\u00f9 in generale ogni dimensione della cittadinanza attiva, anche attraverso il supporto e la collaborazione con il <strong><a href=\"https:\/\/polodel900.it\/\" target=\"_blank\" rel=\"noopener\">Polo del \u2018900<\/a><\/strong> e\u00a0 <strong><a href=\"https:\/\/biennaledemocrazia.it\/\" target=\"_blank\" rel=\"noopener\">Biennale Democrazia<\/a><\/strong>.<\/p>\n<\/div>\n[\/vc_column_text][\/vc_column][\/vc_row][vc_row full_width=&#8221;stretch_row_content_no_spaces&#8221; equal_height=&#8221;yes&#8221; el_class=&#8221;txt-img txt-sx row&#8221;][vc_column width=&#8221;5\/12&#8243; offset=&#8221;vc_col-sm-offset-1 vc_col-xs-offset-1 vc_col-xs-10&#8243;][vc_column_text css=&#8221;&#8221; el_class=&#8221;txt-img&#8221;]\n<div class=\"text\">\n<p>Abbiamo sviluppato progetti rivolti ai pi\u00f9 giovani, come <a href=\"https:\/\/www.compagniadisanpaolo.it\/it\/csp-play\/euvoter\/\" target=\"_blank\" rel=\"noopener\"><strong>EUVOTER<\/strong><\/a>\u00a0per sensibilizzare i giovani under 25 al voto in occasione delle Elezioni Europee e le <strong><a href=\"https:\/\/www.compagniadisanpaolo.it\/it\/contributi\/linee-guida-per-il-sostegno-a-scuole-di-politica-2024\/\">Linee Guida per il sostegno a scuole di politica 2024<\/a><\/strong>, per promuovere la sperimentazione di nuovi modelli di educazione alla politica.<\/p>\n<p>In questa direzione anche il progetto <strong><a href=\"https:\/\/www.compagniadisanpaolo.it\/it\/progetti\/un-bene-confiscato-e-un-bene-comune\/\">Un bene confiscato \u00e8 un bene comune<\/a><\/strong>, nato per incentivare la conoscenza, il recupero e il riutilizzo dei beni confiscati alla criminalit\u00e0 organizzata in quanto beni comuni attivatori di partecipazione, inclusione e sviluppo.<\/p>\n<\/div>\n[\/vc_column_text][\/vc_column][vc_column width=&#8221;1\/2&#8243; css=&#8221;.vc_custom_1742383348965{background-image: url(https:\/\/www.compagniadisanpaolo.it\/wp-content\/uploads\/Partecipazione-e-democrazia_2.jpg?id=35924) !important;background-position: center !important;background-repeat: no-repeat !important;background-size: cover !important;}&#8221; offset=&#8221;vc_col-sm-offset-0 vc_col-xs-offset-1 vc_col-xs-10&#8243;][vc_empty_space el_class=&#8221;fill-square&#8221;][\/vc_column][\/vc_row][vc_row full_width=&#8221;stretch_row_content_no_spaces&#8221; el_class=&#8221;txt-img txt-sx row&#8221;][vc_column width=&#8221;1\/2&#8243; css=&#8221;.vc_custom_1742383372712{background-image: url(https:\/\/www.compagniadisanpaolo.it\/wp-content\/uploads\/Centri-culturali-e-di-aggregazione-e-case-del-quartiere.jpg?id=35920) !important;background-position: center !important;background-repeat: no-repeat !important;background-size: cover !important;}&#8221; offset=&#8221;vc_col-sm-offset-0 vc_col-xs-offset-1 vc_col-xs-10&#8243;][vc_empty_space el_class=&#8221;fill-square&#8221;][\/vc_column][vc_column width=&#8221;5\/12&#8243; el_class=&#8221;mb-5 mb-lg-0&#8243; offset=&#8221;vc_col-sm-offset-1 vc_col-xs-offset-1 vc_col-xs-10&#8243;][vc_column_text el_class=&#8221;txt-img&#8221;]\n<h3 class=\"title\">Centri culturali e di aggregazione e case del quartiere<\/h3>\n<div class=\"text\">\n<p>Per diffondere sui territori la partecipazione, rafforziamo <strong>l\u2019infrastruttura dei centri culturali e di aggregazione<\/strong> e la loro sostenibilit\u00e0, seguendo un principio di <strong>riequilibrio geografico<\/strong> tra aree urbane, aree interne e montane, quartieri, per una rigenerazione territoriale che si avvale anche di usi plurali e consapevoli dello <strong>spazio pubblico<\/strong>.<\/p>\n<\/div>\n[\/vc_column_text][\/vc_column][\/vc_row][vc_row full_width=&#8221;stretch_row_content_no_spaces&#8221; equal_height=&#8221;yes&#8221; el_class=&#8221;txt-img txt-sx row&#8221;][vc_column width=&#8221;5\/12&#8243; offset=&#8221;vc_col-sm-offset-1 vc_col-xs-offset-1 vc_col-xs-10&#8243;][vc_column_text css=&#8221;&#8221; el_class=&#8221;txt-img&#8221;]\n<div class=\"text\">\n<p>La partecipazione ha bisogno di spazi collettivi. Per questo sosteniamo la <a href=\"https:\/\/www.retecasedelquartiere.org\/\" target=\"_blank\" rel=\"noopener\">rete delle case del quartiere<\/a>, i Nuovi Centri Culturali, i Centri di Aggregazione e i Centri Culturali indipendenti quali pres\u00ecdi territoriali che attivano abitanti e le relazioni tra di essi, attraverso il Bando <strong><a href=\"https:\/\/www.compagniadisanpaolo.it\/it\/contributi\/bando-space-spazi-di-partecipazione-al-centro\/\">SPACE. SPAzi di PArtecipazione al CEntro<\/a><\/strong>, e incentiviamo il loro rafforzamento organizzativo e gestionale con il bando <strong>SPACE_24<\/strong>. Gli esiti della ricerca sviluppata dalla Fondazione sugli spazi di partecipazioni 2021-2024 \u00e8 consultabile al <a href=\"https:\/\/www.compagniadisanpaolo.it\/wp-content\/uploads\/01-Philanthropy-Lab_01-193.pdf\" target=\"_blank\" rel=\"noopener\"><strong>presente link<\/strong><\/a>.<\/p>\n<\/div>\n[\/vc_column_text][\/vc_column][vc_column width=&#8221;1\/2&#8243; css=&#8221;.vc_custom_1739702625725{background-image: url(https:\/\/www.compagniadisanpaolo.it\/wp-content\/uploads\/1_portineria-di-comunita_2.jpg?id=34845) !important;background-position: center !important;background-repeat: no-repeat !important;background-size: cover !important;}&#8221; offset=&#8221;vc_col-sm-offset-0 vc_col-xs-offset-1 vc_col-xs-10&#8243;][vc_empty_space el_class=&#8221;fill-square&#8221;][\/vc_column][\/vc_row][vc_row full_width=&#8221;stretch_row_content_no_spaces&#8221; el_class=&#8221;txt-img txt-sx row&#8221;][vc_column width=&#8221;1\/2&#8243; css=&#8221;.vc_custom_1742383410056{background-image: url(https:\/\/www.compagniadisanpaolo.it\/wp-content\/uploads\/Under-35.jpg?id=35930) !important;background-position: center !important;background-repeat: no-repeat !important;background-size: cover !important;}&#8221; offset=&#8221;vc_col-sm-offset-0 vc_col-xs-offset-1 vc_col-xs-10&#8243;][vc_empty_space el_class=&#8221;fill-square&#8221;][\/vc_column][vc_column width=&#8221;5\/12&#8243; el_class=&#8221;mb-5 mb-lg-0&#8243; offset=&#8221;vc_col-sm-offset-1 vc_col-xs-offset-1 vc_col-xs-10&#8243;][vc_column_text el_class=&#8221;txt-img&#8221;]\n<h3 class=\"title\">Under 35 come motore della societ\u00e0<\/h3>\n<div class=\"text\">\n<p>Sosteniamo <strong>i giovani e le giovani under 35<\/strong> nel sentirsi motore della societ\u00e0 e del suo sviluppo, anche grazie a un <strong>dialogo intergenerazionale<\/strong>. Incentiviamo il loro <strong>impegno sociale e civico<\/strong>, il loro <strong>protagonismo<\/strong> <strong>nella vita democratica<\/strong>, favorendo la loro partecipazione alla <strong>governance<\/strong> negli enti del terzo settore e in quelli pubblici e rafforzando le <strong>organizzazioni giovanili<\/strong>.<\/p>\n<\/div>\n[\/vc_column_text][\/vc_column][\/vc_row][vc_row full_width=&#8221;stretch_row_content_no_spaces&#8221; equal_height=&#8221;yes&#8221; el_class=&#8221;txt-img txt-sx row&#8221;][vc_column width=&#8221;5\/12&#8243; offset=&#8221;vc_col-sm-offset-1 vc_col-xs-offset-1 vc_col-xs-10&#8243;][vc_column_text css=&#8221;&#8221; el_class=&#8221;txt-img&#8221;]\n<div class=\"text\">\n<p>Proprio ai pi\u00f9 giovani abbiamo dedicato il <strong>Bando <a href=\"https:\/\/www.compagniadisanpaolo.it\/it\/contributi\/bando-sparkz-giovani-che-attivano-fase-ii-dedicato-ai-selezionati-della-fase-i\/\">SparkZ<\/a><\/strong> che nasce per coinvolgere i ragazzi e renderli attivatori di partecipazione e di impegno civico su temi, bisogni e opportunit\u00e0 da loro individuati. In termini di analisi del dato, abbiamo condotto <strong>l\u2019indagine biennale <a href=\"https:\/\/compagniadisanpaolo.it\/it\/news\/disponibili-i-risultati-dellindagine-biennale-valutazione-del-servizio-civile-universale\/\">Valutazione del Servizio Civile Universale <\/a><\/strong>con l\u2019obiettivo di studiare l\u2019<strong>impatto <\/strong>di questa esperienza sulla partecipazione civica e le future opportunit\u00e0 occupazionali. Per ridurre il divario territoriale dei ragazzi che abitano le aree alpine, abbiamo invece attivato la linea d&#8217;intervento <strong><a href=\"https:\/\/www.compagniadisanpaolo.it\/it\/news\/apice-per-limprenditoria-giovanile-nelle-aree-alpine\/\">APICE: per l\u2019imprenditorialit\u00e0 giovanile delle aree alpine<\/a><\/strong>,<strong> con la missione accelerare l\u2019innovazione\u00a0 dell\u2019Obiettivo Pianeta e <\/strong>\u00a0in collaborazione con <strong><a href=\"https:\/\/www.reseau-entreprendre.org\/piemonte\/\" target=\"_blank\" rel=\"noopener\">R\u00e9seau Entreprendre Piemonte<\/a><\/strong>.<\/p>\n<\/div>\n[\/vc_column_text][\/vc_column][vc_column width=&#8221;1\/2&#8243; css=&#8221;.vc_custom_1739703350267{padding-right: 10px !important;background-image: url(https:\/\/www.compagniadisanpaolo.it\/wp-content\/uploads\/CSP_SparkZ_banner-sito_815x494.jpg?id=34849) !important;background-position: center !important;background-repeat: no-repeat !important;background-size: cover !important;}&#8221; offset=&#8221;vc_col-sm-offset-0 vc_col-xs-offset-1 vc_col-xs-10&#8243;][vc_empty_space el_class=&#8221;fill-square&#8221;][\/vc_column][\/vc_row][vc_row full_width=&#8221;stretch_row_content_no_spaces&#8221; el_class=&#8221;txt-img txt-sx row&#8221;][vc_column width=&#8221;1\/2&#8243; css=&#8221;.vc_custom_1742383466664{background-image: url(https:\/\/www.compagniadisanpaolo.it\/wp-content\/uploads\/Progettazione-partecipata.jpg?id=35928) !important;background-position: center !important;background-repeat: no-repeat !important;background-size: cover !important;}&#8221; offset=&#8221;vc_col-sm-offset-0 vc_col-xs-offset-1 vc_col-xs-10&#8243;][vc_empty_space el_class=&#8221;fill-square&#8221;][\/vc_column][vc_column width=&#8221;5\/12&#8243; el_class=&#8221;mb-5 mb-lg-0&#8243; offset=&#8221;vc_col-sm-offset-1 vc_col-xs-offset-1 vc_col-xs-10&#8243;][vc_column_text el_class=&#8221;txt-img&#8221;]\n<h3 class=\"title\">Progettazione partecipata<\/h3>\n<div class=\"text\">\n<p>Mettiamo a disposizione <strong>competenze specializzate<\/strong> per l\u2019ideazione, l\u2019implementazione e la valutazione della progettazione partecipata, all\u2019interno di un <strong>quadro normativo<\/strong> che, seppur ancora incompleto, \u00e8 in grado di favorire l\u2019emergere di <strong>processi collaborativi<\/strong> tra policy maker, soggetti del terzo settore e cittadini attivi.<\/p>\n<\/div>\n[\/vc_column_text][\/vc_column][\/vc_row][vc_row full_width=&#8221;stretch_row_content_no_spaces&#8221; equal_height=&#8221;yes&#8221; el_class=&#8221;txt-img txt-sx row&#8221;][vc_column width=&#8221;5\/12&#8243; offset=&#8221;vc_col-sm-offset-1 vc_col-xs-offset-1 vc_col-xs-10&#8243;][vc_column_text el_class=&#8221;txt-img&#8221;]\n<h3 class=\"title\">Studi e dati sulla (non) partecipazione<\/h3>\n<div class=\"text\">\n<p>Per comprendere le ragioni o il malessere di chi rimane escluso dai processi di partecipazione, \u00e8 necessario innanzitutto rafforzare (o in alcuni casi costituire e commissionare) strumenti quali basi di dati, indagini, mappature e ricerche.<\/p>\n<p>Studiamo e condividiamo la conoscenza sui caratteri della partecipazione, partendo dall\u2019analisi, con particolare attenzione per l\u2019esclusione e il disinteresse.<\/p>\n<\/div>\n[\/vc_column_text][\/vc_column][vc_column width=&#8221;1\/2&#8243; css=&#8221;.vc_custom_1739702912587{background-image: url(https:\/\/www.compagniadisanpaolo.it\/wp-content\/uploads\/partecipazione_csp_studi-e-dati-.jpg?id=34853) !important;background-position: center !important;background-repeat: no-repeat !important;background-size: cover !important;}&#8221; offset=&#8221;vc_col-sm-offset-0 vc_col-xs-offset-1 vc_col-xs-10&#8243;][vc_empty_space el_class=&#8221;fill-square&#8221;][\/vc_column][\/vc_row][vc_row][vc_column][vc_row_inner el_class=&#8221;section-title&#8221;][vc_column_inner][vc_column_text]\n<h3 class=\"title\" style=\"text-align: center;\">Bandi, Linee Guida e Scadenze uniche riferiti alla Missione Favorire partecipazione attiva, dell\u2019Obiettivo Cultura.<\/h3>\n[\/vc_column_text][\/vc_column_inner][\/vc_row_inner][\/vc_column][\/vc_row][vc_row][vc_column][vc_raw_html]JTVCbW9zdHJhQ29udHJpYnV0aSU1RA==[\/vc_raw_html][\/vc_column][\/vc_row][vc_row][vc_column][vc_row_inner el_class=&#8221;section-title&#8221;][vc_column_inner][vc_column_text]\n<h3 class=\"title\" style=\"text-align: center;\">Progetti sostenuti dalla Missione Favorire partecipazione attiva, dell&#8217;Obiettivo Cultura.<\/h3>\n[\/vc_column_text][\/vc_column_inner][\/vc_row_inner][\/vc_column][\/vc_row][vc_row][vc_column][vc_raw_html]JTVCZGlzZWduYVByb2dldHRpJTVE[\/vc_raw_html][\/vc_column][\/vc_row][vc_row][vc_column]<div class=\"templatera_shortcode\"><\/div>[\/vc_column][\/vc_row]\n<\/div>","protected":false},"excerpt":{"rendered":"Incoraggiamo le persone a diventare\u00a0protagoniste dello sviluppo equo e sostenibile dei territori: favoriamo l\u2019allargamento e la diversificazione della base sociale coinvolta nella vita democratica, civica e culturale anche attraverso spazi di attivazione, strumenti e metodi collaborativi, la diffusione dell\u2019importanza nell\u2019informarsi, verso una crescita del senso critico. Consideriamo la cultura come motore per costruire una\u00a0nuova cittadinanza. La nostra attivit\u00e0 si articola in diversi ambiti di intervento. Favorire partecipazione attiva La Missione Favorire partecipazione attiva contribuisce al raggiungimento dei seguenti Obiettivi di Sviluppo Sostenibile La Missione Favorire partecipazione attiva opera all\u2019interno dell\u2019Obiettivo Cultura per allargare e diversificare la base sociale dei partecipanti alla vita democratica, civica e culturale, al fine di ridurre le diseguaglianze e aumentare la possibilit\u00e0 che tutte e tutti possano offrire il proprio contributo al bene comune. Per approfondire: Parole, concetti e prospettive della partecipazione attiva realizzato in collaborazione con Chefare. Lo sviluppo sostenibile \u00e8 pi\u00f9 equo e inclusivo coinvolgendo la cittadinanza, i gruppi informali, il terzo settore, le istituzioni, gli enti pubblici e le imprese in un impegno collaborativo comune, per raggiungere gli Obiettivi indicati dall'Agenda 2030 delle Nazioni Unite e in pieno accordo con l\u2019art.118 della Costituzione Italiana. Tuttavia, chi prende parte ai processi collettivi \u00e8, oggi, solo una minoranza della popolazione. Due sono le tipologie di divari su cui interveniamo: da un lato le differenze di opportunit\u00e0 causate da caratteristiche e carenze dei territori e, dall\u2019altro, la difficolt\u00e0 di parti crescenti di popolazione a far udire la propria voce nelle arene democratiche. Domanda e partecipazione culturale Ampliamo la domanda e la partecipazione culturale e favoriamo la diversificazione della base sociale, sollecitando un maggiore accesso alle esperienze culturali e incentivando un community welfare caratterizzato dall\u2019interazione tra cultura, salute e benessere con un\u2019attenzione specifica per gli over 65. Supportiamo inoltre esperienze culturali principalmente gratuite, che si svolgono fuori casa e fuori dai luoghi convenzionali della cultura. Sono nati cos\u00ec il programma La cultura dietro l\u2019angolo che ha portato le attivit\u00e0 di alcuni importanti enti culturali torinesi nei quartieri e nei loro luoghi di aggregazione, il progetto Well Impact \u2013 Cultura e Salute: verso un nuovo welfare culturale che ha posto il concetto di cultura al centro di un percorso di salute e benessere, e l\u2019esperienza dei Festival Partecipativi. Partecipazione e democrazia Incentiviamo la partecipazione attiva come uno degli elementi chiave che caratterizza lo stato della democrazia. Questo significa ampliare l\u2019alfabetizzazione politica, incoraggiare la diffusione del volersi e sapersi informare, estendere la cittadinanza scientifica e pi\u00f9 in generale ogni dimensione della cittadinanza attiva, anche attraverso il supporto e la collaborazione con il Polo del \u2018900 e\u00a0 Biennale Democrazia. Abbiamo sviluppato progetti rivolti ai pi\u00f9 giovani, come EUVOTER\u00a0per sensibilizzare i giovani under 25 al voto in occasione delle Elezioni Europee e le Linee Guida per il sostegno a scuole di politica 2024, per promuovere la sperimentazione di nuovi modelli di educazione alla politica. In questa direzione anche il progetto Un bene confiscato \u00e8 un bene comune, nato per incentivare la conoscenza, il recupero e il riutilizzo dei beni confiscati alla criminalit\u00e0 organizzata in quanto beni comuni attivatori di partecipazione, inclusione e sviluppo. Centri culturali e di aggregazione e case del quartiere Per diffondere sui territori la partecipazione, rafforziamo l\u2019infrastruttura dei centri culturali e di aggregazione e la loro sostenibilit\u00e0, seguendo un principio di riequilibrio geografico tra aree urbane, aree interne e montane, quartieri, per una rigenerazione territoriale che si avvale anche di usi plurali e consapevoli dello spazio pubblico. La partecipazione ha bisogno di spazi collettivi. Per questo sosteniamo la rete delle case del quartiere, i Nuovi Centri Culturali, i Centri di Aggregazione e i Centri Culturali indipendenti quali pres\u00ecdi territoriali che attivano abitanti e le relazioni tra di essi, attraverso il Bando SPACE. SPAzi di PArtecipazione al CEntro, e incentiviamo il loro rafforzamento organizzativo e gestionale con il bando SPACE_24. Gli esiti della ricerca sviluppata dalla Fondazione sugli spazi di partecipazioni 2021-2024 \u00e8 consultabile al presente link. Under 35 come motore della societ\u00e0 Sosteniamo i giovani e le giovani under 35 nel sentirsi motore della societ\u00e0 e del suo sviluppo, anche grazie a un dialogo intergenerazionale. Incentiviamo il loro impegno sociale e civico, il loro protagonismo nella vita democratica, favorendo la loro partecipazione alla governance negli enti del terzo settore e in quelli pubblici e rafforzando le organizzazioni giovanili. Proprio ai pi\u00f9 giovani abbiamo dedicato il Bando SparkZ che nasce per coinvolgere i ragazzi e renderli attivatori di partecipazione e di impegno civico su temi, bisogni e opportunit\u00e0 da loro individuati. In termini di analisi del dato, abbiamo condotto l\u2019indagine biennale Valutazione del Servizio Civile Universale con l\u2019obiettivo di studiare l\u2019impatto di questa esperienza sulla partecipazione civica e le future opportunit\u00e0 occupazionali. Per ridurre il divario territoriale dei ragazzi che abitano le aree alpine, abbiamo invece attivato la linea d'intervento APICE: per l\u2019imprenditorialit\u00e0 giovanile delle aree alpine, con la missione accelerare l\u2019innovazione\u00a0 dell\u2019Obiettivo Pianeta e \u00a0in collaborazione con R\u00e9seau Entreprendre Piemonte. Progettazione partecipata Mettiamo a disposizione competenze specializzate per l\u2019ideazione, l\u2019implementazione e la valutazione della progettazione partecipata, all\u2019interno di un quadro normativo che, seppur ancora incompleto, \u00e8 in grado di favorire l\u2019emergere di processi collaborativi tra policy maker, soggetti del terzo settore e cittadini attivi. Studi e dati sulla (non) partecipazione Per comprendere le ragioni o il malessere di chi rimane escluso dai processi di partecipazione, \u00e8 necessario innanzitutto rafforzare (o in alcuni casi costituire e commissionare) strumenti quali basi di dati, indagini, mappature e ricerche. Studiamo e condividiamo la conoscenza sui caratteri della partecipazione, partendo dall\u2019analisi, con particolare attenzione per l\u2019esclusione e il disinteresse. Bandi, Linee Guida e Scadenze uniche riferiti alla Missione Favorire partecipazione attiva, dell\u2019Obiettivo Cultura. Trovati 6 elementi Cultura Bando per Comuni: Feste del Primo Voto CHIUSO 15\/12\/2025 - 19\/03\/2026 Cultura Linee guida per i Festival partecipativi 2026 CHIUSO 30\/10\/2025 - 02\/04\/2026 Cultura Bando SparkZ Giovani che attivano: Fase II &#8211; dedicato ai selezionati della fase I CHIUSO 06\/12\/2024 - 31\/01\/2025 Cultura Bando SPACE_24 chiuso 27\/02\/2024 - 23\/12\/2024 Cultura Partecipazione al Centro: Bando per favorire la partecipazione attiva nel centro storico di Genova &#8211; Esiti","protected":false},"author":17,"featured_media":0,"parent":14,"menu_order":3,"comment_status":"closed","ping_status":"closed","template":"","meta":{"_acf_changed":false,"content-type":"","footnotes":""},"class_list":["post-20916","page","type-page","status-publish","hentry","entry","post-inner"],"acf":[],"yoast_head":"<!-- This site is optimized with the Yoast SEO plugin v27.3 - https:\/\/yoast.com\/product\/yoast-seo-wordpress\/ -->\n<title>Favorire partecipazione attiva - Fondazione Compagnia di San Paolo<\/title>\n<meta name=\"description\" content=\"La missione Favorire partecipazione attiva interpreta gli spazi culturali e civici in chiave inclusiva, per costruire una nuova cittadinanza attiva.\" \/>\n<meta name=\"robots\" content=\"index, follow, max-snippet:-1, max-image-preview:large, max-video-preview:-1\" \/>\n<link rel=\"canonical\" href=\"https:\/\/www.compagniadisanpaolo.it\/it\/le-nostre-sfide\/obiettivo-cultura\/favorire-partecipazione-attiva\/\" \/>\n<meta property=\"og:locale\" content=\"it_IT\" \/>\n<meta property=\"og:type\" content=\"article\" \/>\n<meta property=\"og:title\" content=\"Favorire partecipazione attiva - Fondazione Compagnia di San Paolo\" \/>\n<meta property=\"og:description\" content=\"La missione Favorire partecipazione attiva interpreta gli spazi culturali e civici in chiave inclusiva, per costruire una nuova cittadinanza attiva.\" \/>\n<meta property=\"og:url\" content=\"https:\/\/www.compagniadisanpaolo.it\/it\/le-nostre-sfide\/obiettivo-cultura\/favorire-partecipazione-attiva\/\" \/>\n<meta property=\"og:site_name\" content=\"Fondazione Compagnia di San Paolo\" \/>\n<meta property=\"article:publisher\" content=\"https:\/\/www.facebook.com\/CompagniaDiSanPaolo\" \/>\n<meta property=\"article:modified_time\" content=\"2026-01-19T16:43:30+00:00\" \/>\n<meta property=\"og:image\" content=\"https:\/\/www.compagniadisanpaolo.it\/wp-content\/uploads\/alternate-social.png\" \/>\n\t<meta property=\"og:image:width\" content=\"1200\" \/>\n\t<meta property=\"og:image:height\" content=\"900\" \/>\n\t<meta property=\"og:image:type\" content=\"image\/png\" \/>\n<meta name=\"twitter:card\" content=\"summary_large_image\" \/>\n<meta name=\"twitter:site\" content=\"@CSP_live\" \/>\n<meta name=\"twitter:label1\" content=\"Tempo di lettura stimato\" \/>\n\t<meta name=\"twitter:data1\" content=\"7 minuti\" \/>\n<script type=\"application\/ld+json\" class=\"yoast-schema-graph\">{\"@context\":\"https:\\\/\\\/schema.org\",\"@graph\":[{\"@type\":\"WebPage\",\"@id\":\"https:\\\/\\\/www.compagniadisanpaolo.it\\\/it\\\/le-nostre-sfide\\\/obiettivo-cultura\\\/favorire-partecipazione-attiva\\\/\",\"url\":\"https:\\\/\\\/www.compagniadisanpaolo.it\\\/it\\\/le-nostre-sfide\\\/obiettivo-cultura\\\/favorire-partecipazione-attiva\\\/\",\"name\":\"Favorire partecipazione attiva - Fondazione Compagnia di San Paolo\",\"isPartOf\":{\"@id\":\"https:\\\/\\\/www.compagniadisanpaolo.it\\\/it\\\/#website\"},\"datePublished\":\"2023-02-03T15:59:26+00:00\",\"dateModified\":\"2026-01-19T16:43:30+00:00\",\"description\":\"La missione Favorire partecipazione attiva interpreta gli spazi culturali e civici in chiave inclusiva, per costruire una nuova cittadinanza attiva.\",\"breadcrumb\":{\"@id\":\"https:\\\/\\\/www.compagniadisanpaolo.it\\\/it\\\/le-nostre-sfide\\\/obiettivo-cultura\\\/favorire-partecipazione-attiva\\\/#breadcrumb\"},\"inLanguage\":\"it-IT\",\"potentialAction\":[{\"@type\":\"ReadAction\",\"target\":[\"https:\\\/\\\/www.compagniadisanpaolo.it\\\/it\\\/le-nostre-sfide\\\/obiettivo-cultura\\\/favorire-partecipazione-attiva\\\/\"]}]},{\"@type\":\"BreadcrumbList\",\"@id\":\"https:\\\/\\\/www.compagniadisanpaolo.it\\\/it\\\/le-nostre-sfide\\\/obiettivo-cultura\\\/favorire-partecipazione-attiva\\\/#breadcrumb\",\"itemListElement\":[{\"@type\":\"ListItem\",\"position\":1,\"name\":\"Home\",\"item\":\"https:\\\/\\\/www.compagniadisanpaolo.it\\\/it\\\/\"},{\"@type\":\"ListItem\",\"position\":2,\"name\":\"Le nostre sfide\",\"item\":\"https:\\\/\\\/www.compagniadisanpaolo.it\\\/it\\\/le-nostre-sfide\\\/\"},{\"@type\":\"ListItem\",\"position\":3,\"name\":\"Obiettivo Cultura\",\"item\":\"https:\\\/\\\/www.compagniadisanpaolo.it\\\/it\\\/le-nostre-sfide\\\/obiettivo-cultura\\\/\"},{\"@type\":\"ListItem\",\"position\":4,\"name\":\"Favorire partecipazione attiva\"}]},{\"@type\":\"WebSite\",\"@id\":\"https:\\\/\\\/www.compagniadisanpaolo.it\\\/it\\\/#website\",\"url\":\"https:\\\/\\\/www.compagniadisanpaolo.it\\\/it\\\/\",\"name\":\"Fondazione Compagnia di San Paolo\",\"description\":\"\",\"publisher\":{\"@id\":\"https:\\\/\\\/www.compagniadisanpaolo.it\\\/it\\\/#organization\"},\"potentialAction\":[{\"@type\":\"SearchAction\",\"target\":{\"@type\":\"EntryPoint\",\"urlTemplate\":\"https:\\\/\\\/www.compagniadisanpaolo.it\\\/it\\\/?s={search_term_string}\"},\"query-input\":{\"@type\":\"PropertyValueSpecification\",\"valueRequired\":true,\"valueName\":\"search_term_string\"}}],\"inLanguage\":\"it-IT\"},{\"@type\":\"Organization\",\"@id\":\"https:\\\/\\\/www.compagniadisanpaolo.it\\\/it\\\/#organization\",\"name\":\"Fondazione Compagnia di San Paolo\",\"url\":\"https:\\\/\\\/www.compagniadisanpaolo.it\\\/it\\\/\",\"logo\":{\"@type\":\"ImageObject\",\"inLanguage\":\"it-IT\",\"@id\":\"https:\\\/\\\/www.compagniadisanpaolo.it\\\/it\\\/#\\\/schema\\\/logo\\\/image\\\/\",\"url\":\"https:\\\/\\\/www.compagniadisanpaolo.it\\\/wp-content\\\/uploads\\\/logo.svg\",\"contentUrl\":\"https:\\\/\\\/www.compagniadisanpaolo.it\\\/wp-content\\\/uploads\\\/logo.svg\",\"width\":769,\"height\":323,\"caption\":\"Fondazione Compagnia di San Paolo\"},\"image\":{\"@id\":\"https:\\\/\\\/www.compagniadisanpaolo.it\\\/it\\\/#\\\/schema\\\/logo\\\/image\\\/\"},\"sameAs\":[\"https:\\\/\\\/www.facebook.com\\\/CompagniaDiSanPaolo\",\"https:\\\/\\\/x.com\\\/CSP_live\",\"http:\\\/\\\/instagram.com\\\/compagniadisanpaolo?ref=badge\",\"https:\\\/\\\/www.linkedin.com\\\/company\\\/compagnia-di-san-paolo\",\"https:\\\/\\\/www.youtube.com\\\/user\\\/compagniadisanpaolo\",\"https:\\\/\\\/it.wikipedia.org\\\/wiki\\\/Compagnia_di_San_Paolo\"]}]}<\/script>\n<!-- \/ Yoast SEO plugin. -->","yoast_head_json":{"title":"Favorire partecipazione attiva - Fondazione Compagnia di San Paolo","description":"La missione Favorire partecipazione attiva interpreta gli spazi culturali e civici in chiave inclusiva, per costruire una nuova cittadinanza attiva.","robots":{"index":"index","follow":"follow","max-snippet":"max-snippet:-1","max-image-preview":"max-image-preview:large","max-video-preview":"max-video-preview:-1"},"canonical":"https:\/\/www.compagniadisanpaolo.it\/it\/le-nostre-sfide\/obiettivo-cultura\/favorire-partecipazione-attiva\/","og_locale":"it_IT","og_type":"article","og_title":"Favorire partecipazione attiva - Fondazione Compagnia di San Paolo","og_description":"La missione Favorire partecipazione attiva interpreta gli spazi culturali e civici in chiave inclusiva, per costruire una nuova cittadinanza attiva.","og_url":"https:\/\/www.compagniadisanpaolo.it\/it\/le-nostre-sfide\/obiettivo-cultura\/favorire-partecipazione-attiva\/","og_site_name":"Fondazione Compagnia di San Paolo","article_publisher":"https:\/\/www.facebook.com\/CompagniaDiSanPaolo","article_modified_time":"2026-01-19T16:43:30+00:00","og_image":[{"width":1200,"height":900,"url":"https:\/\/www.compagniadisanpaolo.it\/wp-content\/uploads\/alternate-social.png","type":"image\/png"}],"twitter_card":"summary_large_image","twitter_site":"@CSP_live","twitter_misc":{"Tempo di lettura stimato":"7 minuti"},"schema":{"@context":"https:\/\/schema.org","@graph":[{"@type":"WebPage","@id":"https:\/\/www.compagniadisanpaolo.it\/it\/le-nostre-sfide\/obiettivo-cultura\/favorire-partecipazione-attiva\/","url":"https:\/\/www.compagniadisanpaolo.it\/it\/le-nostre-sfide\/obiettivo-cultura\/favorire-partecipazione-attiva\/","name":"Favorire partecipazione attiva - Fondazione Compagnia di San Paolo","isPartOf":{"@id":"https:\/\/www.compagniadisanpaolo.it\/it\/#website"},"datePublished":"2023-02-03T15:59:26+00:00","dateModified":"2026-01-19T16:43:30+00:00","description":"La missione Favorire partecipazione attiva interpreta gli spazi culturali e civici in chiave inclusiva, per costruire una nuova cittadinanza attiva.","breadcrumb":{"@id":"https:\/\/www.compagniadisanpaolo.it\/it\/le-nostre-sfide\/obiettivo-cultura\/favorire-partecipazione-attiva\/#breadcrumb"},"inLanguage":"it-IT","potentialAction":[{"@type":"ReadAction","target":["https:\/\/www.compagniadisanpaolo.it\/it\/le-nostre-sfide\/obiettivo-cultura\/favorire-partecipazione-attiva\/"]}]},{"@type":"BreadcrumbList","@id":"https:\/\/www.compagniadisanpaolo.it\/it\/le-nostre-sfide\/obiettivo-cultura\/favorire-partecipazione-attiva\/#breadcrumb","itemListElement":[{"@type":"ListItem","position":1,"name":"Home","item":"https:\/\/www.compagniadisanpaolo.it\/it\/"},{"@type":"ListItem","position":2,"name":"Le nostre sfide","item":"https:\/\/www.compagniadisanpaolo.it\/it\/le-nostre-sfide\/"},{"@type":"ListItem","position":3,"name":"Obiettivo Cultura","item":"https:\/\/www.compagniadisanpaolo.it\/it\/le-nostre-sfide\/obiettivo-cultura\/"},{"@type":"ListItem","position":4,"name":"Favorire partecipazione attiva"}]},{"@type":"WebSite","@id":"https:\/\/www.compagniadisanpaolo.it\/it\/#website","url":"https:\/\/www.compagniadisanpaolo.it\/it\/","name":"Fondazione Compagnia di San Paolo","description":"","publisher":{"@id":"https:\/\/www.compagniadisanpaolo.it\/it\/#organization"},"potentialAction":[{"@type":"SearchAction","target":{"@type":"EntryPoint","urlTemplate":"https:\/\/www.compagniadisanpaolo.it\/it\/?s={search_term_string}"},"query-input":{"@type":"PropertyValueSpecification","valueRequired":true,"valueName":"search_term_string"}}],"inLanguage":"it-IT"},{"@type":"Organization","@id":"https:\/\/www.compagniadisanpaolo.it\/it\/#organization","name":"Fondazione Compagnia di San Paolo","url":"https:\/\/www.compagniadisanpaolo.it\/it\/","logo":{"@type":"ImageObject","inLanguage":"it-IT","@id":"https:\/\/www.compagniadisanpaolo.it\/it\/#\/schema\/logo\/image\/","url":"https:\/\/www.compagniadisanpaolo.it\/wp-content\/uploads\/logo.svg","contentUrl":"https:\/\/www.compagniadisanpaolo.it\/wp-content\/uploads\/logo.svg","width":769,"height":323,"caption":"Fondazione Compagnia di San Paolo"},"image":{"@id":"https:\/\/www.compagniadisanpaolo.it\/it\/#\/schema\/logo\/image\/"},"sameAs":["https:\/\/www.facebook.com\/CompagniaDiSanPaolo","https:\/\/x.com\/CSP_live","http:\/\/instagram.com\/compagniadisanpaolo?ref=badge","https:\/\/www.linkedin.com\/company\/compagnia-di-san-paolo","https:\/\/www.youtube.com\/user\/compagniadisanpaolo","https:\/\/it.wikipedia.org\/wiki\/Compagnia_di_San_Paolo"]}]}},"_links":{"self":[{"href":"https:\/\/www.compagniadisanpaolo.it\/it\/wp-json\/wp\/v2\/pages\/20916","targetHints":{"allow":["GET"]}}],"collection":[{"href":"https:\/\/www.compagniadisanpaolo.it\/it\/wp-json\/wp\/v2\/pages"}],"about":[{"href":"https:\/\/www.compagniadisanpaolo.it\/it\/wp-json\/wp\/v2\/types\/page"}],"author":[{"embeddable":true,"href":"https:\/\/www.compagniadisanpaolo.it\/it\/wp-json\/wp\/v2\/users\/17"}],"replies":[{"embeddable":true,"href":"https:\/\/www.compagniadisanpaolo.it\/it\/wp-json\/wp\/v2\/comments?post=20916"}],"version-history":[{"count":8,"href":"https:\/\/www.compagniadisanpaolo.it\/it\/wp-json\/wp\/v2\/pages\/20916\/revisions"}],"predecessor-version":[{"id":41247,"href":"https:\/\/www.compagniadisanpaolo.it\/it\/wp-json\/wp\/v2\/pages\/20916\/revisions\/41247"}],"up":[{"embeddable":true,"href":"https:\/\/www.compagniadisanpaolo.it\/it\/wp-json\/wp\/v2\/pages\/14"}],"wp:attachment":[{"href":"https:\/\/www.compagniadisanpaolo.it\/it\/wp-json\/wp\/v2\/media?parent=20916"}],"curies":[{"name":"wp","href":"https:\/\/api.w.org\/{rel}","templated":true}]}}