{"id":9213,"date":"2021-02-03T02:44:33","date_gmt":"2021-02-03T01:44:33","guid":{"rendered":"https:\/\/www.compagniadisanpaolo.it\/it\/?post_type=csp_tv&#038;p=9213"},"modified":"2021-09-13T12:04:11","modified_gmt":"2021-09-13T10:04:11","slug":"cspday","status":"publish","type":"csp_play","link":"https:\/\/www.compagniadisanpaolo.it\/it\/csp-play\/cspday\/","title":{"rendered":"CSP Day"},"content":{"rendered":"<div class=\"wpb-content-wrapper\">[vc_section][vc_row][vc_column][vc_column_text el_class=&#8221;text-headline2&#8243;]In Compagnia, dal 1563 per il bene comune. La <em>scelta<\/em> per il futuro sostenibile.[\/vc_column_text][\/vc_column][\/vc_row][vc_row][vc_column][vc_column_text]\n<div class=\"info-box mission\">\n\t\t<div class=\"info-box-wrap info-box-hor row pb-0\">\n\n\t\t      \n\t\t      <div class=\"spalla col-12 col-md-12\">\n\t\t\t<div class=\"info-box sharing-box\">\n\t\t\t  <span class=\"label\">Condividi:<\/span>\n\t\t\t  <div class=\"social-sharing\">\n\t\t\t    <span class=\"box\">\n\t\t\t      <a class=\"fb\" href=\"https:\/\/www.facebook.com\/sharer.php?u=https:\/\/www.compagniadisanpaolo.it\/it\/csp-play\/cspday\/\" target=\"_blank\">\n\t\t\t\t<span class=\"sr-only\">Facebook<\/span>\n\t\t\t\t<i class=\"fab fa-facebook-f\"><\/i>\n\t\t\t      <\/a>\n\t\t\t    <\/span>\n\t\t\t    \n\t\t\t    <style>\n.twitter, .twitter:hover{\ncolor:#000000 !important;}\n<\/style>\n\n\n\t\t\t    <span class=\"box\">\n\t\t\t      <a class=\"twitter\" href=\"https:\/\/twitter.com\/intent\/tweet?url=https:\/\/www.compagniadisanpaolo.it\/it\/csp-play\/cspday\/\">\n\t\t\t\t<span class=\"sr-only\">Twitter<\/span>\n\t\t\t\t<i class=\"fa-brands fa-x-twitter\"><\/i>\n\t\t\t      <\/a>\n\t\t\t    <\/span>\n\n\t\t\t    \n\t\t\t    <span class=\"box\">\n\t\t\t      <a class=\"linkedin\" href=\"https:\/\/www.linkedin.com\/shareArticle?mini=true&url=https:\/\/www.compagniadisanpaolo.it\/it\/csp-play\/cspday\/\">\n\t\t\t\t<span class=\"sr-only\">Linkedin<\/span>\n\t\t\t\t  <i class=\"fa-brands fa-linkedin-in\"><\/i>\n\t\t\t      <\/a>\n\t\t\t    <\/span>\n\n\t\t\t    <span class=\"box\">\n\t\t\t      <a class=\"whatsapp\" href=\"whatsapp:\/\/send?text=https:\/\/www.compagniadisanpaolo.it\/it\/csp-play\/cspday\/\" data-action=\"share\/whatsapp\/share\">\n\t\t\t\t<span class=\"sr-only\">Whatsapp<\/span>\n\t\t\t\t<i class=\"fa-brands fa-whatsapp\"><\/i>\n\t\t\t      <\/a>\n\t\t\t    <\/span>\n\n\t\t\t    <span class=\"box\">\n\t\t\t      <a class=\"mail\" href=\"mailto:?subject=CSP Day&body=https:\/\/www.compagniadisanpaolo.it\/it\/csp-play\/cspday\/\">\n\t\t\t\t<span class=\"sr-only\">Mail<\/span>\n\t\t\t\t <i class=\"fa-solid fa-envelope\"><\/i>\n\t\t\t      <\/a>\n\t\t\t    <\/span>\n\t\t\t    \n\t\t\t  <\/div>\n\t\t\t<\/div>\n\t      <\/div>\n\t    <\/div><\/div>\n[\/vc_column_text][\/vc_column][\/vc_row][vc_row][vc_column width=&#8221;1\/4&#8243;][vc_column_text]\n<div class=\"info-box mission\">\n\t\t\n\t\t<div class=\"info-box-wrap\">\n\n\t\t<div class=\"listicon\"><img decoding=\"async\" src=\"\/wp-content\/uploads\/file.png\"> <img decoding=\"async\" src=\"\/wp-content\/uploads\/video-player.png\"><\/div>\n\t\t<span class=\"type\">Evento<\/span>\n\t\t<div class=\"info-box date-pub\">\n\t    <span class=\"label\">Data di pubblicazione:<\/span>\n\t    <span class=\"value\">3 Febbraio 2021<\/span>\n\t  <\/div>\n\t\t\t\t  <div class=\"info-box obj-institutional\">\n\t\t\t\t\t  <div class=\"info-box obj\">\n\t\t\t\t\t    <div class=\"obj-small-box\">\n\t\t\t\t\t      <span>Istituzionale<\/span>\n\t\t\t\t\t    <\/div>\n\t\t\t\t\t  <\/div>\n\t\t\t\t  <\/div>\n\t\t\t  <div class=\"info-box mission\"><span class=\"label\">Tag<\/span><a href=\"https:\/\/www.compagniadisanpaolo.it\/it\/tags\/risultati\/?_sft_post_tag=agenda-2030\" class=\"tag-element\">Agenda 2030<\/a><a href=\"https:\/\/www.compagniadisanpaolo.it\/it\/tags\/risultati\/?_sft_post_tag=gruppo-compagnia\" class=\"tag-element\">Gruppo compagnia<\/a><a href=\"https:\/\/www.compagniadisanpaolo.it\/it\/tags\/risultati\/?_sft_post_tag=oltre-lerogazione\" class=\"tag-element\">Oltre l'erogazione<\/a><a href=\"https:\/\/www.compagniadisanpaolo.it\/it\/tags\/risultati\/?_sft_post_tag=rappresentanza\" class=\"tag-element\">Rappresentanza<\/a><a href=\"https:\/\/www.compagniadisanpaolo.it\/it\/tags\/risultati\/?_sft_post_tag=sviluppo-sostenibile\" class=\"tag-element\">Sviluppo sostenibile<\/a><\/div>\t  \n\t\n\t<\/div><\/div>\n[\/vc_column_text][\/vc_column][vc_column width=&#8221;3\/4&#8243; el_class=&#8221;page-content&#8221;][vc_column_text el_class=&#8221;text&#8221; css=&#8221;.vc_custom_1615199146547{margin-bottom: 70px !important;}&#8221;]La Fondazione Compagnia di San Paolo presenta il Piano Strategico per il quadriennio 2021-2024. Un piano che conferma la centralit\u00e0 delle persone e la volont\u00e0 di perseguire il bene comune, in un&#8217;ottica di innovazione e di sostenibilit\u00e0, per contribuire al grande lavoro di ricostruzione che la crisi attuale richiede, in allineamento alle politiche europee e in collaborazione con le istituzioni.[\/vc_column_text][vc_row_inner][vc_column_inner][vc_video link=&#8221;https:\/\/youtu.be\/UAw3cOwY5jI&#8221; align=&#8221;center&#8221;][\/vc_column_inner][\/vc_row_inner][\/vc_column][\/vc_row][vc_row el_class=&#8221;video-wrapper&#8221; css=&#8221;.vc_custom_1615199174983{margin-bottom: 70px !important;}&#8221;][vc_column width=&#8221;1\/2&#8243;][vc_video link=&#8221;https:\/\/youtu.be\/N-8ioIH3swQ&#8221; align=&#8221;center&#8221;][vc_row_inner][vc_column_inner][vc_column_text el_class=&#8221;video-title&#8221;]La grande sfida: guardare al bene comune, mettendo al centro le persone, in continuit\u00e0 con la nostra storia secolare.[\/vc_column_text][vc_column_text el_class=&#8221;video-descr&#8221;]Francesco Profumo &#8211; Presidente Fondazione Compagnia di San Paolo e Alberto Anfossi &#8211; Segretario Generale Fondazione Compagnia di San Paolo[\/vc_column_text][\/vc_column_inner][\/vc_row_inner][\/vc_column][vc_column width=&#8221;1\/2&#8243;][vc_video link=&#8221;https:\/\/www.youtube.com\/watch?v=4sGjpPRmgeY&#8221; align=&#8221;center&#8221;][vc_row_inner][vc_column_inner][vc_column_text el_class=&#8221;video-title&#8221;]Massimizzare l&#8217;impatto che le nostre risorse hanno sul territorio, liberando il potenziale del Gruppo Compagnia.[\/vc_column_text][vc_column_text el_class=&#8221;video-descr&#8221;]Francesco Profumo &#8211; Presidente Fondazione Compagnia di San Paolo e Alberto Anfossi &#8211; Segretario Generale Fondazione Compagnia di San Paolo[\/vc_column_text][\/vc_column_inner][\/vc_row_inner][\/vc_column][\/vc_row][vc_row el_class=&#8221;video-wrapper&#8221; css=&#8221;.vc_custom_1615199187269{margin-bottom: 70px !important;}&#8221;][vc_column width=&#8221;1\/2&#8243;][vc_video link=&#8221;https:\/\/youtu.be\/VAwmcANEqC4&#8243; align=&#8221;center&#8221;][vc_row_inner][vc_column_inner][vc_column_text el_class=&#8221;video-title&#8221;]Un modello organizzativo e operativo che guarda al mondo per risolvere problemi locali.[\/vc_column_text][vc_column_text el_class=&#8221;video-descr&#8221;]Francesco Profumo &#8211; Presidente Fondazione Compagnia di San Paolo e Alberto Anfossi &#8211; Segretario Generale Fondazione Compagnia di San Paolo[\/vc_column_text][\/vc_column_inner][\/vc_row_inner][\/vc_column][vc_column width=&#8221;1\/2&#8243;][\/vc_column][\/vc_row][vc_row el_class=&#8221;video-wrapper&#8221; css=&#8221;.vc_custom_1615199204566{margin-bottom: 70px !important;}&#8221;][vc_column width=&#8221;1\/3&#8243;][vc_video link=&#8221;https:\/\/youtu.be\/ZgU9LbP5akg&#8221; align=&#8221;center&#8221;][vc_row_inner][vc_column_inner][vc_column_text el_class=&#8221;video-title&#8221;]Le grandi sfide dell&#8217;Europa[\/vc_column_text][vc_column_text el_class=&#8221;video-descr&#8221;]Irene Tinagli &#8211; Economista, Accademica ed Eurodeputata[\/vc_column_text][\/vc_column_inner][\/vc_row_inner][\/vc_column][vc_column width=&#8221;1\/3&#8243;][vc_video link=&#8221;https:\/\/youtu.be\/SO1tcX3r1aA&#8221; align=&#8221;center&#8221;][vc_row_inner][vc_column_inner][vc_column_text el_class=&#8221;video-title&#8221;]Agenda 2030. Le persone e i territori[\/vc_column_text][vc_column_text el_class=&#8221;video-descr&#8221;]Enrico Giovannini &#8211; Portavoce Asvis, Alleanza Italiana per lo Sviluppo Sostenibile[\/vc_column_text][\/vc_column_inner][\/vc_row_inner][\/vc_column][vc_column width=&#8221;1\/3&#8243;][vc_video link=&#8221;https:\/\/youtu.be\/1TAu1Nb04oI&#8221; align=&#8221;center&#8221;][vc_row_inner][vc_column_inner][vc_column_text el_class=&#8221;video-title&#8221;]La responsabilit\u00e0 verso le generazioni future[\/vc_column_text][vc_column_text el_class=&#8221;video-descr&#8221;]Marta Cartabia &#8211; Costituzionalista, Accademica e Giurista[\/vc_column_text][\/vc_column_inner][\/vc_row_inner][\/vc_column][\/vc_row][vc_row el_class=&#8221;video-wrapper&#8221;][vc_column width=&#8221;1\/3&#8243;][vc_video link=&#8221;https:\/\/youtu.be\/O_Q2vu__ys4&#8243; align=&#8221;center&#8221;][vc_row_inner][vc_column_inner][vc_column_text el_class=&#8221;video-title&#8221;]L&#8217;umanesimo digitale[\/vc_column_text][vc_column_text el_class=&#8221;video-descr&#8221;]Francesca Bria &#8211; Presidente del Fondo Nazionale Italiano per l&#8217;Innovazione[\/vc_column_text][\/vc_column_inner][\/vc_row_inner][\/vc_column][vc_column width=&#8221;1\/3&#8243;][vc_video link=&#8221;https:\/\/youtu.be\/nkW6kL4tdqE&#8221; align=&#8221;center&#8221;][vc_row_inner][vc_column_inner][vc_column_text el_class=&#8221;video-title&#8221;]La banca d&#8217;impatto e le fondazioni[\/vc_column_text][vc_column_text el_class=&#8221;video-descr&#8221;]Carlo Messina &#8211; Consigliere Delegato e CEO di Intesa Sanpaolo[\/vc_column_text][\/vc_column_inner][\/vc_row_inner][\/vc_column][vc_column width=&#8221;1\/3&#8243;][\/vc_column][\/vc_row][vc_row el_class=&#8221;video-wrapper&#8221; css=&#8221;.vc_custom_1615199204566{margin-bottom: 70px !important;}&#8221;][vc_column width=&#8221;1\/3&#8243;][vc_video link=&#8221;https:\/\/youtu.be\/Kwj5MdKWaoQ&#8221; align=&#8221;center&#8221;][vc_row_inner][vc_column_inner][vc_column_text el_class=&#8221;video-title&#8221;]Patrimonio e investimenti[\/vc_column_text][vc_column_text el_class=&#8221;video-descr&#8221;]Carla Patrizia Ferrari \u2013 CFO, Fondazione Compagnia di San Paolo[\/vc_column_text][\/vc_column_inner][\/vc_row_inner][\/vc_column][vc_column width=&#8221;1\/3&#8243;][vc_video link=&#8221;https:\/\/youtu.be\/gROzVd1618A&#8221; align=&#8221;center&#8221;][vc_row_inner][vc_column_inner][vc_column_text el_class=&#8221;video-title&#8221;]Una fondazione filantropica[\/vc_column_text][vc_column_text el_class=&#8221;video-descr&#8221;]Marco Demarie &#8211; Responsabile Direzione Pianificazione, Studi e Valutazione, Fondazione Compagnia di San Paolo[\/vc_column_text][\/vc_column_inner][\/vc_row_inner][\/vc_column][vc_column width=&#8221;1\/3&#8243;][vc_video link=&#8221;https:\/\/youtu.be\/f7YSrTDbLC0&#8243; align=&#8221;center&#8221;][vc_row_inner][vc_column_inner][vc_column_text el_class=&#8221;video-title&#8221;]Obiettivo Cultura[\/vc_column_text][vc_column_text el_class=&#8221;video-descr&#8221;]Matteo Bagnasco &#8211; Responsabile Obiettivo Cultura, Fondazione Compagnia di San Paolo[\/vc_column_text][\/vc_column_inner][\/vc_row_inner][\/vc_column][\/vc_row][vc_row el_class=&#8221;video-wrapper&#8221; css=&#8221;.vc_custom_1615199204566{margin-bottom: 70px !important;}&#8221;][vc_column width=&#8221;1\/3&#8243;][vc_video link=&#8221;https:\/\/youtu.be\/pVQcpJWHEnE&#8221; align=&#8221;center&#8221;][vc_row_inner][vc_column_inner][vc_column_text el_class=&#8221;video-title&#8221;]Obiettivo Persone[\/vc_column_text][vc_column_text el_class=&#8221;video-descr&#8221;]Marzia Sica &#8211; Responsabile Obiettivo Persone, Fondazione Compagnia di San Paolo[\/vc_column_text][\/vc_column_inner][\/vc_row_inner][\/vc_column][vc_column width=&#8221;1\/3&#8243;][vc_video link=&#8221;https:\/\/youtu.be\/IwWUHRJpkQ0&#8243; align=&#8221;center&#8221;][vc_row_inner][vc_column_inner][vc_column_text el_class=&#8221;video-title&#8221;]Obiettivo Pianeta[\/vc_column_text][vc_column_text el_class=&#8221;video-descr&#8221;]Paolo Mulassano &#8211; Responsabile Obiettivo Pianeta, Fondazione Compagnia di San Paolo[\/vc_column_text][\/vc_column_inner][\/vc_row_inner][\/vc_column][vc_column width=&#8221;1\/3&#8243;][\/vc_column][\/vc_row][vc_row el_class=&#8221;video-wrapper&#8221; css=&#8221;.vc_custom_1615199204566{margin-bottom: 70px !important;}&#8221;][vc_column width=&#8221;1\/3&#8243;][vc_video link=&#8221;https:\/\/youtu.be\/DmTP1vAWy5w&#8221; align=&#8221;center&#8221;][vc_row_inner][vc_column_inner][vc_column_text el_class=&#8221;video-title&#8221;]Giovani visionari e futuri possibili[\/vc_column_text][vc_column_text el_class=&#8221;video-descr&#8221;]Carmelo Traina &#8211; Presidente di Visionary Days[\/vc_column_text][\/vc_column_inner][\/vc_row_inner][\/vc_column][vc_column width=&#8221;1\/3&#8243;][vc_video link=&#8221;https:\/\/youtu.be\/kVtTX2ncYn0&#8243; align=&#8221;center&#8221;][vc_row_inner][vc_column_inner][vc_column_text el_class=&#8221;video-title&#8221;]La didattica della gioia[\/vc_column_text][vc_column_text el_class=&#8221;video-descr&#8221;]Valentina Calc\u00f2 &#8211; Fellow Teach for Italy[\/vc_column_text][\/vc_column_inner][\/vc_row_inner][\/vc_column][vc_column width=&#8221;1\/3&#8243;][vc_video link=&#8221;https:\/\/youtu.be\/oQAtqi-TBj4&#8243; align=&#8221;center&#8221;][vc_row_inner][vc_column_inner][vc_column_text el_class=&#8221;video-title&#8221;]La strada del talento: dall&#8217;idea all&#8217;impatto[\/vc_column_text][vc_column_text el_class=&#8221;video-descr&#8221;]Valentina Cauda \u2013 Professore Associato presso DISAT, Politecnico di Torino[\/vc_column_text][\/vc_column_inner][\/vc_row_inner][\/vc_column][\/vc_row][vc_row el_class=&#8221;video-wrapper&#8221; css=&#8221;.vc_custom_1615199204566{margin-bottom: 70px !important;}&#8221;][vc_column width=&#8221;1\/3&#8243;][vc_video link=&#8221;https:\/\/youtu.be\/44SnKt4mi8k&#8221; align=&#8221;center&#8221;][vc_row_inner][vc_column_inner][vc_column_text el_class=&#8221;video-title&#8221;]Insieme verso il futuro sostenibile[\/vc_column_text][vc_column_text el_class=&#8221;video-descr&#8221;]Fondazione Compagnia di San Paolo[\/vc_column_text][\/vc_column_inner][\/vc_row_inner][\/vc_column][vc_column width=&#8221;1\/3&#8243;][\/vc_column][vc_column width=&#8221;1\/3&#8243;][\/vc_column][\/vc_row][vc_row][vc_column][vc_raw_html]JTVCZGlzZWduYV9jb3JyZWxhdGklNUQ=[\/vc_raw_html][\/vc_column][\/vc_row][vc_row el_class=&#8221;sdg-list-wrap&#8221;][vc_column][vc_raw_html]JTVCbW9zdHJhU0RHUyU1RA==[\/vc_raw_html][\/vc_column][\/vc_row][vc_row full_width=&#8221;stretch_row&#8221; el_class=&#8221;download-area-wrap mt-0 mb-0&#8243; css=&#8221;.vc_custom_1587069376729{margin-bottom: 0px !important;}&#8221;][vc_column el_class=&#8221;download-area&#8221;][vc_raw_html]JTVCU2V6aW9uZV9Eb2N1bWVudGklNUQ=[\/vc_raw_html][\/vc_column][\/vc_row][\/vc_section][vc_row][vc_column]<div class=\"templatera_shortcode\"><div data-vc-full-width=\"true\" data-vc-full-width-temp=\"true\" data-vc-full-width-init=\"false\" class=\"vc_row wpb_row vc_row-fluid newsletter-wrap\"><div class=\"wpb_column vc_column_container vc_col-sm-12\"><div class=\"vc_column-inner\"><div class=\"wpb_wrapper\">\n\t<div class=\"wpb_raw_code wpb_raw_html wpb_content_element\" >\n\t\t<div class=\"wpb_wrapper\">\n\t\t\t    <div class=\"container\">\n      <div class=\"row align-items-center\">\n\t<div class=\"col-12 col-lg-6 col-xl-5 mb-3 mb-lg-0 pr-0\">\n\t  <h2 class=\"title\">Rimani aggiornato sui nostri bandi e sui nostri progetti<\/h2>\n\t<\/div>\n\t<div class=\"col-12 col-lg-6 col-xl-7 pl-xl-4\">\n\t  <a class=\"standard-link-block\" href=\"\/it\/newsletter\/\">\n\t    Compila il form e decidi su quale argomento vuoi ricevere notizie.\t    <strong>\u00a0 ISCRIVITI!<\/strong>\n\t  <\/a>\n\t<\/div>\n      <\/div>\n    <\/div>\n\t\t<\/div>\n\t<\/div>\n<\/div><\/div><\/div><\/div><div class=\"vc_row-full-width vc_clearfix\"><\/div><\/div>[\/vc_column][\/vc_row][vc_row][vc_column]<div class=\"templatera_shortcode\"><\/div>[\/vc_column][\/vc_row]\n<\/div>","protected":false},"featured_media":12388,"menu_order":15,"template":"","meta":{"_acf_changed":false,"content-type":""},"tags":[67,66,69,57,68],"class_list":["post-9213","csp_play","type-csp_play","status-publish","has-post-thumbnail","hentry","tag-agenda-2030","tag-gruppo-compagnia","tag-oltre-lerogazione","tag-rappresentanza","tag-sviluppo-sostenibile","entry","post-inner"],"acf":[],"yoast_head":"<!-- This site is optimized with the Yoast SEO plugin v27.3 - https:\/\/yoast.com\/product\/yoast-seo-wordpress\/ -->\n<title>CSP Day - Fondazione Compagnia di San Paolo<\/title>\n<meta name=\"robots\" content=\"index, follow, max-snippet:-1, max-image-preview:large, max-video-preview:-1\" \/>\n<link rel=\"canonical\" href=\"https:\/\/www.compagniadisanpaolo.it\/it\/csp-play\/cspday\/\" \/>\n<meta property=\"og:locale\" content=\"it_IT\" \/>\n<meta property=\"og:type\" content=\"article\" \/>\n<meta property=\"og:title\" content=\"CSP Day - Fondazione Compagnia di San Paolo\" \/>\n<meta property=\"og:url\" content=\"https:\/\/www.compagniadisanpaolo.it\/it\/csp-play\/cspday\/\" \/>\n<meta property=\"og:site_name\" content=\"Fondazione Compagnia di San Paolo\" \/>\n<meta property=\"article:publisher\" content=\"https:\/\/www.facebook.com\/CompagniaDiSanPaolo\" \/>\n<meta property=\"article:modified_time\" content=\"2021-09-13T10:04:11+00:00\" \/>\n<meta property=\"og:image\" content=\"https:\/\/www.compagniadisanpaolo.it\/wp-content\/uploads\/cspday.jpg\" \/>\n\t<meta property=\"og:image:width\" content=\"816\" \/>\n\t<meta property=\"og:image:height\" content=\"350\" \/>\n\t<meta property=\"og:image:type\" content=\"image\/jpeg\" \/>\n<meta name=\"twitter:card\" content=\"summary_large_image\" \/>\n<meta name=\"twitter:site\" content=\"@CSP_live\" \/>\n<meta name=\"twitter:label1\" content=\"Tempo di lettura stimato\" \/>\n\t<meta name=\"twitter:data1\" content=\"3 minuti\" \/>\n<script type=\"application\/ld+json\" class=\"yoast-schema-graph\">{\"@context\":\"https:\\\/\\\/schema.org\",\"@graph\":[{\"@type\":\"WebPage\",\"@id\":\"https:\\\/\\\/www.compagniadisanpaolo.it\\\/it\\\/csp-play\\\/cspday\\\/\",\"url\":\"https:\\\/\\\/www.compagniadisanpaolo.it\\\/it\\\/csp-play\\\/cspday\\\/\",\"name\":\"CSP Day - Fondazione Compagnia di San Paolo\",\"isPartOf\":{\"@id\":\"https:\\\/\\\/www.compagniadisanpaolo.it\\\/it\\\/#website\"},\"primaryImageOfPage\":{\"@id\":\"https:\\\/\\\/www.compagniadisanpaolo.it\\\/it\\\/csp-play\\\/cspday\\\/#primaryimage\"},\"image\":{\"@id\":\"https:\\\/\\\/www.compagniadisanpaolo.it\\\/it\\\/csp-play\\\/cspday\\\/#primaryimage\"},\"thumbnailUrl\":\"https:\\\/\\\/www.compagniadisanpaolo.it\\\/wp-content\\\/uploads\\\/cspday.jpg\",\"datePublished\":\"2021-02-03T01:44:33+00:00\",\"dateModified\":\"2021-09-13T10:04:11+00:00\",\"breadcrumb\":{\"@id\":\"https:\\\/\\\/www.compagniadisanpaolo.it\\\/it\\\/csp-play\\\/cspday\\\/#breadcrumb\"},\"inLanguage\":\"it-IT\",\"potentialAction\":[{\"@type\":\"ReadAction\",\"target\":[\"https:\\\/\\\/www.compagniadisanpaolo.it\\\/it\\\/csp-play\\\/cspday\\\/\"]}]},{\"@type\":\"ImageObject\",\"inLanguage\":\"it-IT\",\"@id\":\"https:\\\/\\\/www.compagniadisanpaolo.it\\\/it\\\/csp-play\\\/cspday\\\/#primaryimage\",\"url\":\"https:\\\/\\\/www.compagniadisanpaolo.it\\\/wp-content\\\/uploads\\\/cspday.jpg\",\"contentUrl\":\"https:\\\/\\\/www.compagniadisanpaolo.it\\\/wp-content\\\/uploads\\\/cspday.jpg\",\"width\":816,\"height\":350},{\"@type\":\"BreadcrumbList\",\"@id\":\"https:\\\/\\\/www.compagniadisanpaolo.it\\\/it\\\/csp-play\\\/cspday\\\/#breadcrumb\",\"itemListElement\":[{\"@type\":\"ListItem\",\"position\":1,\"name\":\"Home\",\"item\":\"https:\\\/\\\/www.compagniadisanpaolo.it\\\/it\\\/\"},{\"@type\":\"ListItem\",\"position\":2,\"name\":\"CSP Day\"}]},{\"@type\":\"WebSite\",\"@id\":\"https:\\\/\\\/www.compagniadisanpaolo.it\\\/it\\\/#website\",\"url\":\"https:\\\/\\\/www.compagniadisanpaolo.it\\\/it\\\/\",\"name\":\"Fondazione Compagnia di San Paolo\",\"description\":\"\",\"publisher\":{\"@id\":\"https:\\\/\\\/www.compagniadisanpaolo.it\\\/it\\\/#organization\"},\"potentialAction\":[{\"@type\":\"SearchAction\",\"target\":{\"@type\":\"EntryPoint\",\"urlTemplate\":\"https:\\\/\\\/www.compagniadisanpaolo.it\\\/it\\\/?s={search_term_string}\"},\"query-input\":{\"@type\":\"PropertyValueSpecification\",\"valueRequired\":true,\"valueName\":\"search_term_string\"}}],\"inLanguage\":\"it-IT\"},{\"@type\":\"Organization\",\"@id\":\"https:\\\/\\\/www.compagniadisanpaolo.it\\\/it\\\/#organization\",\"name\":\"Fondazione Compagnia di San Paolo\",\"url\":\"https:\\\/\\\/www.compagniadisanpaolo.it\\\/it\\\/\",\"logo\":{\"@type\":\"ImageObject\",\"inLanguage\":\"it-IT\",\"@id\":\"https:\\\/\\\/www.compagniadisanpaolo.it\\\/it\\\/#\\\/schema\\\/logo\\\/image\\\/\",\"url\":\"https:\\\/\\\/www.compagniadisanpaolo.it\\\/wp-content\\\/uploads\\\/logo.svg\",\"contentUrl\":\"https:\\\/\\\/www.compagniadisanpaolo.it\\\/wp-content\\\/uploads\\\/logo.svg\",\"width\":769,\"height\":323,\"caption\":\"Fondazione Compagnia di San Paolo\"},\"image\":{\"@id\":\"https:\\\/\\\/www.compagniadisanpaolo.it\\\/it\\\/#\\\/schema\\\/logo\\\/image\\\/\"},\"sameAs\":[\"https:\\\/\\\/www.facebook.com\\\/CompagniaDiSanPaolo\",\"https:\\\/\\\/x.com\\\/CSP_live\",\"http:\\\/\\\/instagram.com\\\/compagniadisanpaolo?ref=badge\",\"https:\\\/\\\/www.linkedin.com\\\/company\\\/compagnia-di-san-paolo\",\"https:\\\/\\\/www.youtube.com\\\/user\\\/compagniadisanpaolo\",\"https:\\\/\\\/it.wikipedia.org\\\/wiki\\\/Compagnia_di_San_Paolo\"]}]}<\/script>\n<!-- \/ Yoast SEO plugin. -->","yoast_head_json":{"title":"CSP Day - Fondazione Compagnia di San Paolo","robots":{"index":"index","follow":"follow","max-snippet":"max-snippet:-1","max-image-preview":"max-image-preview:large","max-video-preview":"max-video-preview:-1"},"canonical":"https:\/\/www.compagniadisanpaolo.it\/it\/csp-play\/cspday\/","og_locale":"it_IT","og_type":"article","og_title":"CSP Day - Fondazione Compagnia di San Paolo","og_url":"https:\/\/www.compagniadisanpaolo.it\/it\/csp-play\/cspday\/","og_site_name":"Fondazione Compagnia di San Paolo","article_publisher":"https:\/\/www.facebook.com\/CompagniaDiSanPaolo","article_modified_time":"2021-09-13T10:04:11+00:00","og_image":[{"width":816,"height":350,"url":"https:\/\/www.compagniadisanpaolo.it\/wp-content\/uploads\/cspday.jpg","type":"image\/jpeg"}],"twitter_card":"summary_large_image","twitter_site":"@CSP_live","twitter_misc":{"Tempo di lettura stimato":"3 minuti"},"schema":{"@context":"https:\/\/schema.org","@graph":[{"@type":"WebPage","@id":"https:\/\/www.compagniadisanpaolo.it\/it\/csp-play\/cspday\/","url":"https:\/\/www.compagniadisanpaolo.it\/it\/csp-play\/cspday\/","name":"CSP Day - Fondazione Compagnia di San Paolo","isPartOf":{"@id":"https:\/\/www.compagniadisanpaolo.it\/it\/#website"},"primaryImageOfPage":{"@id":"https:\/\/www.compagniadisanpaolo.it\/it\/csp-play\/cspday\/#primaryimage"},"image":{"@id":"https:\/\/www.compagniadisanpaolo.it\/it\/csp-play\/cspday\/#primaryimage"},"thumbnailUrl":"https:\/\/www.compagniadisanpaolo.it\/wp-content\/uploads\/cspday.jpg","datePublished":"2021-02-03T01:44:33+00:00","dateModified":"2021-09-13T10:04:11+00:00","breadcrumb":{"@id":"https:\/\/www.compagniadisanpaolo.it\/it\/csp-play\/cspday\/#breadcrumb"},"inLanguage":"it-IT","potentialAction":[{"@type":"ReadAction","target":["https:\/\/www.compagniadisanpaolo.it\/it\/csp-play\/cspday\/"]}]},{"@type":"ImageObject","inLanguage":"it-IT","@id":"https:\/\/www.compagniadisanpaolo.it\/it\/csp-play\/cspday\/#primaryimage","url":"https:\/\/www.compagniadisanpaolo.it\/wp-content\/uploads\/cspday.jpg","contentUrl":"https:\/\/www.compagniadisanpaolo.it\/wp-content\/uploads\/cspday.jpg","width":816,"height":350},{"@type":"BreadcrumbList","@id":"https:\/\/www.compagniadisanpaolo.it\/it\/csp-play\/cspday\/#breadcrumb","itemListElement":[{"@type":"ListItem","position":1,"name":"Home","item":"https:\/\/www.compagniadisanpaolo.it\/it\/"},{"@type":"ListItem","position":2,"name":"CSP Day"}]},{"@type":"WebSite","@id":"https:\/\/www.compagniadisanpaolo.it\/it\/#website","url":"https:\/\/www.compagniadisanpaolo.it\/it\/","name":"Fondazione Compagnia di San Paolo","description":"","publisher":{"@id":"https:\/\/www.compagniadisanpaolo.it\/it\/#organization"},"potentialAction":[{"@type":"SearchAction","target":{"@type":"EntryPoint","urlTemplate":"https:\/\/www.compagniadisanpaolo.it\/it\/?s={search_term_string}"},"query-input":{"@type":"PropertyValueSpecification","valueRequired":true,"valueName":"search_term_string"}}],"inLanguage":"it-IT"},{"@type":"Organization","@id":"https:\/\/www.compagniadisanpaolo.it\/it\/#organization","name":"Fondazione Compagnia di San Paolo","url":"https:\/\/www.compagniadisanpaolo.it\/it\/","logo":{"@type":"ImageObject","inLanguage":"it-IT","@id":"https:\/\/www.compagniadisanpaolo.it\/it\/#\/schema\/logo\/image\/","url":"https:\/\/www.compagniadisanpaolo.it\/wp-content\/uploads\/logo.svg","contentUrl":"https:\/\/www.compagniadisanpaolo.it\/wp-content\/uploads\/logo.svg","width":769,"height":323,"caption":"Fondazione Compagnia di San Paolo"},"image":{"@id":"https:\/\/www.compagniadisanpaolo.it\/it\/#\/schema\/logo\/image\/"},"sameAs":["https:\/\/www.facebook.com\/CompagniaDiSanPaolo","https:\/\/x.com\/CSP_live","http:\/\/instagram.com\/compagniadisanpaolo?ref=badge","https:\/\/www.linkedin.com\/company\/compagnia-di-san-paolo","https:\/\/www.youtube.com\/user\/compagniadisanpaolo","https:\/\/it.wikipedia.org\/wiki\/Compagnia_di_San_Paolo"]}]}},"_links":{"self":[{"href":"https:\/\/www.compagniadisanpaolo.it\/it\/wp-json\/wp\/v2\/csp_play\/9213","targetHints":{"allow":["GET"]}}],"collection":[{"href":"https:\/\/www.compagniadisanpaolo.it\/it\/wp-json\/wp\/v2\/csp_play"}],"about":[{"href":"https:\/\/www.compagniadisanpaolo.it\/it\/wp-json\/wp\/v2\/types\/csp_play"}],"wp:featuredmedia":[{"embeddable":true,"href":"https:\/\/www.compagniadisanpaolo.it\/it\/wp-json\/wp\/v2\/media\/12388"}],"wp:attachment":[{"href":"https:\/\/www.compagniadisanpaolo.it\/it\/wp-json\/wp\/v2\/media?parent=9213"}],"wp:term":[{"taxonomy":"post_tag","embeddable":true,"href":"https:\/\/www.compagniadisanpaolo.it\/it\/wp-json\/wp\/v2\/tags?post=9213"}],"curies":[{"name":"wp","href":"https:\/\/api.w.org\/{rel}","templated":true}]}}