{"id":7828,"date":"2020-10-19T18:00:17","date_gmt":"2020-10-19T16:00:17","guid":{"rendered":"https:\/\/www.compagniadisanpaolo.it\/?post_type=comunicatistampa&#038;p=7828"},"modified":"2021-09-12T23:46:58","modified_gmt":"2021-09-12T21:46:58","slug":"condividere-gli-spazi-includere-le-differenze","status":"publish","type":"comunicatistampa","link":"https:\/\/www.compagniadisanpaolo.it\/it\/comunicati-stampa\/condividere-gli-spazi-includere-le-differenze\/","title":{"rendered":"Condividere gli spazi, includere le differenze"},"content":{"rendered":"<div class=\"wpb-content-wrapper\">[vc_row][vc_column][vc_column_text el_class=&#8221;text-headline2&#8243;]\n<p style=\"text-align: center;\">A Orbassano (TO) prosegue la realizzazione dell\u2019intervento di social housing, primo esempio di residenza progettata anche per accogliere persone con grave disabilit\u00e0 motoria<\/p>\n[\/vc_column_text][\/vc_column][\/vc_row][vc_row][vc_column][vc_column_text]\n<div class=\"info-box mission\">\n\t\t<div class=\"info-box-wrap info-box-hor row pb-0\">\n\n\t\t      \n\t\t      <div class=\"spalla col-12 col-md-12\">\n\t\t\t<div class=\"info-box sharing-box\">\n\t\t\t  <span class=\"label\">Condividi:<\/span>\n\t\t\t  <div class=\"social-sharing\">\n\t\t\t    <span class=\"box\">\n\t\t\t      <a class=\"fb\" href=\"https:\/\/www.facebook.com\/sharer.php?u=https:\/\/www.compagniadisanpaolo.it\/it\/comunicati-stampa\/condividere-gli-spazi-includere-le-differenze\/\" target=\"_blank\">\n\t\t\t\t<span class=\"sr-only\">Facebook<\/span>\n\t\t\t\t<i class=\"fab fa-facebook-f\"><\/i>\n\t\t\t      <\/a>\n\t\t\t    <\/span>\n\t\t\t    \n\t\t\t    <style>\n.twitter, .twitter:hover{\ncolor:#000000 !important;}\n<\/style>\n\n\n\t\t\t    <span class=\"box\">\n\t\t\t      <a class=\"twitter\" href=\"https:\/\/twitter.com\/intent\/tweet?url=https:\/\/www.compagniadisanpaolo.it\/it\/comunicati-stampa\/condividere-gli-spazi-includere-le-differenze\/\">\n\t\t\t\t<span class=\"sr-only\">Twitter<\/span>\n\t\t\t\t<i class=\"fa-brands fa-x-twitter\"><\/i>\n\t\t\t      <\/a>\n\t\t\t    <\/span>\n\n\t\t\t    \n\t\t\t    <span class=\"box\">\n\t\t\t      <a class=\"linkedin\" href=\"https:\/\/www.linkedin.com\/shareArticle?mini=true&url=https:\/\/www.compagniadisanpaolo.it\/it\/comunicati-stampa\/condividere-gli-spazi-includere-le-differenze\/\">\n\t\t\t\t<span class=\"sr-only\">Linkedin<\/span>\n\t\t\t\t  <i class=\"fa-brands fa-linkedin-in\"><\/i>\n\t\t\t      <\/a>\n\t\t\t    <\/span>\n\n\t\t\t    <span class=\"box\">\n\t\t\t      <a class=\"whatsapp\" href=\"whatsapp:\/\/send?text=https:\/\/www.compagniadisanpaolo.it\/it\/comunicati-stampa\/condividere-gli-spazi-includere-le-differenze\/\" data-action=\"share\/whatsapp\/share\">\n\t\t\t\t<span class=\"sr-only\">Whatsapp<\/span>\n\t\t\t\t<i class=\"fa-brands fa-whatsapp\"><\/i>\n\t\t\t      <\/a>\n\t\t\t    <\/span>\n\n\t\t\t    <span class=\"box\">\n\t\t\t      <a class=\"mail\" href=\"mailto:?subject=Condividere gli spazi, includere le differenze&body=https:\/\/www.compagniadisanpaolo.it\/it\/comunicati-stampa\/condividere-gli-spazi-includere-le-differenze\/\">\n\t\t\t\t<span class=\"sr-only\">Mail<\/span>\n\t\t\t\t <i class=\"fa-solid fa-envelope\"><\/i>\n\t\t\t      <\/a>\n\t\t\t    <\/span>\n\t\t\t    \n\t\t\t  <\/div>\n\t\t\t<\/div>\n\t      <\/div>\n\t    <\/div><\/div>\n[\/vc_column_text][\/vc_column][\/vc_row][vc_row][vc_column width=&#8221;1\/4&#8243;][vc_column_text]\n\n\n\t\t<div class=\"info-box-wrap\">\n\n\t  <div class=\"info-box date-pub\">\n\t  \t<span class=\"label\">Data di pubblicazione:<\/span>\n\t    <span class=\"value\">19 Ottobre 2020<\/span>\n\t  <\/div>\n\t\t\t\t  <div class=\"info-box obj-people\">\n\t\t\t\t\t  <div class=\"info-box obj\"><span class=\"label\">Obiettivo<\/span>\n\t\t\t\t\t    <div class=\"obj-small-box\">\n\t\t\t\t\t      <span>Persone.<\/span>\n\t\t\t\t\t    <\/div>\n\t\t\t\t\t  <\/div>\n\t\t\t\t  <\/div>\n\t\t\t  <div class=\"info-box mission\"><span class=\"label\">Tag<\/span><a href=\"https:\/\/www.compagniadisanpaolo.it\/it\/tags\/risultati\/?_sft_post_tag=accessibilita\" class=\"tag-element\">Accessibilit\u00e0<\/a><a href=\"https:\/\/www.compagniadisanpaolo.it\/it\/tags\/risultati\/?_sft_post_tag=piena-cittadinanza-e-diritti\" class=\"tag-element\">Piena cittadinanza e diritti<\/a><a href=\"https:\/\/www.compagniadisanpaolo.it\/it\/tags\/risultati\/?_sft_post_tag=sviluppo-sostenibile\" class=\"tag-element\">Sviluppo sostenibile<\/a><\/div>\t  \n\t<\/div>\n[\/vc_column_text][\/vc_column][vc_column width=&#8221;3\/4&#8243; el_class=&#8221;page-content&#8221;][vc_column_text el_class=&#8221;text&#8221;]Prosegue il cantiere avviato a gennaio 2019<i> <\/i>la cui finalit\u00e0 \u00e8 di offrire una risposta al disagio abitativo della zona circostante e sviluppare un <b>nuovo servizio residenziale specificatamente dedicato all\u2019integrazione di persone affette da disabilit\u00e0 motoria<\/b>, in collaborazione con il &#8220;Gruppo di Aiuto e Sostegno del Disagio Abitativo delle Persone con gravi <b>disabilit\u00e0&#8221;<\/b>.<\/p>\n<p><b>Condividere gli spazi, includere le differenze<\/b> \u00e8 promosso dal \u201cFondo Abitare Sostenibile Piemonte (FASP)\u201d, partecipato da Cassa Depositi e Prestiti (attraverso il Fondo Investimenti per l\u2019Abitare \u2013 FIA) con una quota del 66% e dalle maggiori Fondazioni di origine bancaria piemontesi, e dedicato allo sviluppo di iniziative di social housing sul territorio piemontese.<\/p>\n<p>Il progetto \u2013 iconico ed esemplare &#8211; immaginato dalla Citt\u00e0 di Orbassano, dalla Cooperativa Giuseppe Di Vittorio, il FASP e la Fondazione Compagnia di San Paolo, CDP Investimenti SGR (del Gruppo Cassa Depositi e Prestiti) e InvestiRE SGR<span class=\"Apple-converted-space\">\u00a0 <\/span>(primario operatore italiano nella gestione di fondi di investimento immobiliari tra cui il FASP, connotato da una forte specializzazione in progetti di social housing) \u00e8 stato pensato per rendere coerenti tre obiettivi: progettare spazi condivisi, realizzare gli stessi favorendo l\u2019inclusione di soggetti con esigenze particolari e creare un equilibrio economico per rendere possibile l\u2019applicazione di canoni sociali.<\/p>\n<p><b>Il cantiere si concluder\u00e0, nei tempi stabiliti, entro l\u2019autunno 2021<\/b><b> <\/b>quando le unit\u00e0 abitative saranno pronte per ospitare i nuovi abitanti compresi i <b>soggetti con problemi di disabilit\u00e0 motoria<\/b>, in <b>particolare con lesioni midollari e patologie neurovegetative<\/b>, a cui saranno destinati il 10% degli appartamenti, percentuale pensata per trovare il giusto equilibrio e la giusta sinergia tra persone normodotate e persone paratetraplegiche.<\/p>\n<p><b>Condividere gli spazi, includere le differenze<\/b> prevede anche la realizzazione di spazi comuni che ospiteranno attivit\u00e0 e servizi quali: attivit\u00e0 rieducative e assistenza psicologica, isole tecnologiche per laboratori, luoghi collettivi di relazione. Questi spazi e le attivit\u00e0 ad essi connesse saranno rivolti sia ai soci assegnatari sia agli abitanti del territorio e saranno gestiti e presidiati dalle associazioni specializzate del terzo settore.<span class=\"Apple-converted-space\">\u00a0<\/span><\/p>\n<p><i>\u201cLa Cooperativa Di Vittorio conferma l\u2019impegno ad indagare, a partire dal progetto, nuovi modelli abitativi idonei anche per i soggetti pi\u00f9 fragili. Il progetto di architettura ha un carattere etico oltre la dimensione tecnica. La costruzione dell\u2019intervento di Orbassano, caratterizzato da diverse soluzioni abitative attente alle disabilit\u00e0 fisiche, procede con un ritmo veloce e senza interruzioni. Siamo fiduciosi che rispetteremo i tempi programmati per le consegne degli alloggi, attesi da molte famiglie\u201d c<\/i>ommenta l\u2019architetto <b>Graziella Mercuri<\/b>, autrice del progetto e direttrice dei lavori.<\/p>\n<p>La <b>Fondazione<\/b> <b>Compagnia di San Paolo<\/b>, che gi\u00e0 <b>partecipa al fondo FASP con 25 milioni di euro<\/b>, sostiene con un ulteriore <b>supporto diretto di 350 mila euro<\/b> le attivit\u00e0 e le lavorazioni specificatamente pensate ai fini della realizzazione della componente dedicata alle persone disabili.<span class=\"Apple-converted-space\">\u00a0<\/span><\/p>\n<p>\u201c<i>Consideriamo l\u2019abitare sociale\u00a0come risposta alle domande emergenti, integrando le\u00a0esigenze economiche, sociali, relazionali e lavorative delle persone\u00a0e sperimentando modelli nuovi e replicabili. Il progetto rappresenta un nuovo modello di Social Housing che riteniamo essere estremamente importante: un\u2019infrastruttura sociale che favorisce la<span class=\"Apple-converted-space\">\u00a0<\/span><\/i><i>vita indipendente delle persone con disabilit\u00e0, attraverso percorsi di sviluppo dell\u2019autonomia, ed \u00e8 capace di creare una comunit\u00e0 di persone che non solo condividono gli spazi ma una nuova modalit\u00e0 di \u201cabitare insieme\u201d. Pensiamo che sia un esempio replicabile capace di contribuire al raggiungimento degli Obiettivi di Sviluppo Sostenibile delle Nazioni Unite, in particolare agli SDGs\u00a010 Ridurre le disuguaglianze,\u00a011 Rendere le citt\u00e0 e gli insediamenti umani inclusivi, sicuri, duraturi e sostenibili\u201d<\/i> \u2013 dichiara <b>Francesco Profumo, Presidente della Fondazione Compagnia di San Paolo<\/b>.<\/p>\n<p><i>\u201cSi tratta di un concetto evoluto di social housing, che oltre a contrastare il disagio abitativo di tante famiglie fornisce a chi soffre di disabilit\u00e0 motorie un supporto specifico, in coerenza con l\u2019orientamento di CDP ad uno sviluppo sostenibile con impatto sul territorio e sulle comunit\u00e0. Visto l\u2019ampio successo di assegnazione della prima fase di investimento tramite il Fondo FASP, si \u00e8 colta con favore l\u2019opportunit\u00e0 di avviare una nuova fase del progetto per il quartiere Arpini con un nuovo e arricchito contenuto sociale, proseguendo in continuit\u00e0 con il principio di stretta collaborazione con il territorio ed i suoi principali stakeholders \u2013 <\/i>sottolinea <b>Livio Cassoli, Responsabile Investimenti FIA e FIA2 della SGR di Cassa Depositi e Prestiti<\/b><i> .<\/i><\/p>\n<p><i>\u201cQuesto importante progetto di inclusione &#8211; <\/i>afferma <b>Paolo Boleso<\/b>, <b>Fund Coordinator di InvestiRE SGR<\/b><i> &#8211; rientra nel pi\u00f9 largo piano di gestione di fondi di investimento, finalizzati allo sviluppo di progetti di social housing, che stiamo realizzando con Cassa Depositi e Prestiti Investimenti SGR e le principali fondazioni bancarie locali, quali main investor, su scala nazionale. Negli ultimi nove anni, solo in Piemonte, abbiamo sviluppato dieci progetti, localizzati nelle principali province, per un totale di circa 1.000 unit\u00e0 abitative, principalmente destinate alla locazione a lungo termine a canoni calmierati, al fine di venire incontro alle esigenze abitative di altrettante famiglie e di promuovere la riqualificazione urbana e sociale dei rispettivi contesti cittadini<\/i>\u201d.<\/p>\n<p><b>Cinzia Maria Bosso,<\/b> <b>Sindaco di Orbassano<\/b>, dichiara<i>: \u201cSono onorata di essere testimone di un intervento cosi unico sul territorio che rappresento. Una realt\u00e0 quotidiana di inclusione, condivisione e di abbattimento delle differenze. L\u2019intervento si inserisce in un concetto pi\u00f9 generale che abbiamo voluto identificare con il titolo \u2018Orbassano Senza Barriere\u2019 che anche attraverso questa importante opera si concretizza\u201d.<\/i><\/p>\n<p><i>\u201cNessuno, dei diversi soggetti impegnati in questo progetto, sarebbe stato in grado di portare a compimento un intervento con queste caratteristiche. Lavorare insieme \u00e8 il primo passo per costruire Comunit\u00e0; non \u00e8 l\u2019oggetto edilizio in s\u00e9 che caratterizza la nostra Cooperativa, da pi\u00f9 di 40 anni ci impegniamo su questo obbiettivo consci di dover\u00a0<\/i><i>fare ancora tanta strada. Insieme a noi tutti ha dato un grande contributo Gianluca Pitzianti, che sar\u00e0 probabilmente uno degli assegnatari con grave disabilit\u00e0 riportata a seguito di un incidente, infondendo il coraggio, l\u2019umanit\u00e0 e l\u2019allegria per condividere gli spazi, includere le differenze\u201d<\/i><b><i> <\/i><\/b>conclude <b>Massimo Rizzo<\/b>, <b>Presidente della Cooperativa Di Vittorio<\/b>.[\/vc_column_text][\/vc_column][\/vc_row][vc_row el_class=&#8221;sdg-list-wrap&#8221;][vc_column][vc_raw_html]JTVCU2V6aW9uZV9Eb2N1bWVudGklNUQ=[\/vc_raw_html][\/vc_column][\/vc_row][vc_row][vc_column]<div class=\"templatera_shortcode\"><div data-vc-full-width=\"true\" data-vc-full-width-temp=\"true\" data-vc-full-width-init=\"false\" class=\"vc_row wpb_row vc_row-fluid newsletter-wrap\"><div class=\"wpb_column vc_column_container vc_col-sm-12\"><div class=\"vc_column-inner\"><div class=\"wpb_wrapper\">\n\t<div class=\"wpb_raw_code wpb_raw_html wpb_content_element\" >\n\t\t<div class=\"wpb_wrapper\">\n\t\t\t    <div class=\"container\">\n      <div class=\"row align-items-center\">\n\t<div class=\"col-12 col-lg-6 col-xl-5 mb-3 mb-lg-0 pr-0\">\n\t  <h2 class=\"title\">Rimani aggiornato sui nostri bandi e sui nostri progetti<\/h2>\n\t<\/div>\n\t<div class=\"col-12 col-lg-6 col-xl-7 pl-xl-4\">\n\t  <a class=\"standard-link-block\" href=\"\/it\/newsletter\/\">\n\t    Compila il form e decidi su quale argomento vuoi ricevere notizie.\t    <strong>\u00a0 ISCRIVITI!<\/strong>\n\t  <\/a>\n\t<\/div>\n      <\/div>\n    <\/div>\n\t\t<\/div>\n\t<\/div>\n<\/div><\/div><\/div><\/div><div class=\"vc_row-full-width vc_clearfix\"><\/div><\/div>[\/vc_column][\/vc_row]\n<\/div>","protected":false},"excerpt":{"rendered":"<p>Il Comitato di Gestione della Fondazione Compagnia di San Paolo ha nominato nella seduta del 6 luglio i componenti del Consiglio di Amministrazione dell\u2019Ufficio Pio.<\/p>\n","protected":false},"featured_media":7612,"menu_order":0,"template":"","meta":{"_acf_changed":false,"content-type":""},"tags":[89,93,68],"class_list":["post-7828","comunicatistampa","type-comunicatistampa","status-publish","has-post-thumbnail","hentry","tag-accessibilita","tag-piena-cittadinanza-e-diritti","tag-sviluppo-sostenibile","entry","post-inner"],"acf":[],"yoast_head":"<!-- This site is optimized with the Yoast SEO plugin v27.3 - https:\/\/yoast.com\/product\/yoast-seo-wordpress\/ -->\n<title>Condividere gli spazi, includere le differenze - Fondazione Compagnia di San Paolo<\/title>\n<meta name=\"robots\" content=\"index, follow, max-snippet:-1, max-image-preview:large, max-video-preview:-1\" \/>\n<link rel=\"canonical\" href=\"https:\/\/www.compagniadisanpaolo.it\/it\/comunicati-stampa\/condividere-gli-spazi-includere-le-differenze\/\" \/>\n<meta property=\"og:locale\" content=\"it_IT\" \/>\n<meta property=\"og:type\" content=\"article\" \/>\n<meta property=\"og:title\" content=\"Condividere gli spazi, includere le differenze - Fondazione Compagnia di San Paolo\" \/>\n<meta property=\"og:description\" content=\"Il Comitato di Gestione della Fondazione Compagnia di San Paolo ha nominato nella seduta del 6 luglio i componenti del Consiglio di Amministrazione dell\u2019Ufficio Pio.\" \/>\n<meta property=\"og:url\" content=\"https:\/\/www.compagniadisanpaolo.it\/it\/comunicati-stampa\/condividere-gli-spazi-includere-le-differenze\/\" \/>\n<meta property=\"og:site_name\" content=\"Fondazione Compagnia di San Paolo\" \/>\n<meta property=\"article:publisher\" content=\"https:\/\/www.facebook.com\/CompagniaDiSanPaolo\" \/>\n<meta property=\"article:modified_time\" content=\"2021-09-12T21:46:58+00:00\" \/>\n<meta property=\"og:image\" content=\"https:\/\/www.compagniadisanpaolo.it\/wp-content\/uploads\/NEWS-SITO-ORBASSANO.jpg\" \/>\n\t<meta property=\"og:image:width\" content=\"815\" \/>\n\t<meta property=\"og:image:height\" content=\"350\" \/>\n\t<meta property=\"og:image:type\" content=\"image\/jpeg\" \/>\n<meta name=\"twitter:card\" content=\"summary_large_image\" \/>\n<meta name=\"twitter:site\" content=\"@CSP_live\" \/>\n<meta name=\"twitter:label1\" content=\"Tempo di lettura stimato\" \/>\n\t<meta name=\"twitter:data1\" content=\"5 minuti\" \/>\n<script type=\"application\/ld+json\" class=\"yoast-schema-graph\">{\"@context\":\"https:\\\/\\\/schema.org\",\"@graph\":[{\"@type\":\"WebPage\",\"@id\":\"https:\\\/\\\/www.compagniadisanpaolo.it\\\/it\\\/comunicati-stampa\\\/condividere-gli-spazi-includere-le-differenze\\\/\",\"url\":\"https:\\\/\\\/www.compagniadisanpaolo.it\\\/it\\\/comunicati-stampa\\\/condividere-gli-spazi-includere-le-differenze\\\/\",\"name\":\"Condividere gli spazi, includere le differenze - Fondazione Compagnia di San Paolo\",\"isPartOf\":{\"@id\":\"https:\\\/\\\/www.compagniadisanpaolo.it\\\/it\\\/#website\"},\"primaryImageOfPage\":{\"@id\":\"https:\\\/\\\/www.compagniadisanpaolo.it\\\/it\\\/comunicati-stampa\\\/condividere-gli-spazi-includere-le-differenze\\\/#primaryimage\"},\"image\":{\"@id\":\"https:\\\/\\\/www.compagniadisanpaolo.it\\\/it\\\/comunicati-stampa\\\/condividere-gli-spazi-includere-le-differenze\\\/#primaryimage\"},\"thumbnailUrl\":\"https:\\\/\\\/www.compagniadisanpaolo.it\\\/wp-content\\\/uploads\\\/NEWS-SITO-ORBASSANO.jpg\",\"datePublished\":\"2020-10-19T16:00:17+00:00\",\"dateModified\":\"2021-09-12T21:46:58+00:00\",\"breadcrumb\":{\"@id\":\"https:\\\/\\\/www.compagniadisanpaolo.it\\\/it\\\/comunicati-stampa\\\/condividere-gli-spazi-includere-le-differenze\\\/#breadcrumb\"},\"inLanguage\":\"it-IT\",\"potentialAction\":[{\"@type\":\"ReadAction\",\"target\":[\"https:\\\/\\\/www.compagniadisanpaolo.it\\\/it\\\/comunicati-stampa\\\/condividere-gli-spazi-includere-le-differenze\\\/\"]}]},{\"@type\":\"ImageObject\",\"inLanguage\":\"it-IT\",\"@id\":\"https:\\\/\\\/www.compagniadisanpaolo.it\\\/it\\\/comunicati-stampa\\\/condividere-gli-spazi-includere-le-differenze\\\/#primaryimage\",\"url\":\"https:\\\/\\\/www.compagniadisanpaolo.it\\\/wp-content\\\/uploads\\\/NEWS-SITO-ORBASSANO.jpg\",\"contentUrl\":\"https:\\\/\\\/www.compagniadisanpaolo.it\\\/wp-content\\\/uploads\\\/NEWS-SITO-ORBASSANO.jpg\",\"width\":815,\"height\":350},{\"@type\":\"BreadcrumbList\",\"@id\":\"https:\\\/\\\/www.compagniadisanpaolo.it\\\/it\\\/comunicati-stampa\\\/condividere-gli-spazi-includere-le-differenze\\\/#breadcrumb\",\"itemListElement\":[{\"@type\":\"ListItem\",\"position\":1,\"name\":\"Home\",\"item\":\"https:\\\/\\\/www.compagniadisanpaolo.it\\\/it\\\/\"},{\"@type\":\"ListItem\",\"position\":2,\"name\":\"Condividere gli spazi, includere le differenze\"}]},{\"@type\":\"WebSite\",\"@id\":\"https:\\\/\\\/www.compagniadisanpaolo.it\\\/it\\\/#website\",\"url\":\"https:\\\/\\\/www.compagniadisanpaolo.it\\\/it\\\/\",\"name\":\"Fondazione Compagnia di San Paolo\",\"description\":\"\",\"publisher\":{\"@id\":\"https:\\\/\\\/www.compagniadisanpaolo.it\\\/it\\\/#organization\"},\"potentialAction\":[{\"@type\":\"SearchAction\",\"target\":{\"@type\":\"EntryPoint\",\"urlTemplate\":\"https:\\\/\\\/www.compagniadisanpaolo.it\\\/it\\\/?s={search_term_string}\"},\"query-input\":{\"@type\":\"PropertyValueSpecification\",\"valueRequired\":true,\"valueName\":\"search_term_string\"}}],\"inLanguage\":\"it-IT\"},{\"@type\":\"Organization\",\"@id\":\"https:\\\/\\\/www.compagniadisanpaolo.it\\\/it\\\/#organization\",\"name\":\"Fondazione Compagnia di San Paolo\",\"url\":\"https:\\\/\\\/www.compagniadisanpaolo.it\\\/it\\\/\",\"logo\":{\"@type\":\"ImageObject\",\"inLanguage\":\"it-IT\",\"@id\":\"https:\\\/\\\/www.compagniadisanpaolo.it\\\/it\\\/#\\\/schema\\\/logo\\\/image\\\/\",\"url\":\"https:\\\/\\\/www.compagniadisanpaolo.it\\\/wp-content\\\/uploads\\\/logo.svg\",\"contentUrl\":\"https:\\\/\\\/www.compagniadisanpaolo.it\\\/wp-content\\\/uploads\\\/logo.svg\",\"width\":769,\"height\":323,\"caption\":\"Fondazione Compagnia di San Paolo\"},\"image\":{\"@id\":\"https:\\\/\\\/www.compagniadisanpaolo.it\\\/it\\\/#\\\/schema\\\/logo\\\/image\\\/\"},\"sameAs\":[\"https:\\\/\\\/www.facebook.com\\\/CompagniaDiSanPaolo\",\"https:\\\/\\\/x.com\\\/CSP_live\",\"http:\\\/\\\/instagram.com\\\/compagniadisanpaolo?ref=badge\",\"https:\\\/\\\/www.linkedin.com\\\/company\\\/compagnia-di-san-paolo\",\"https:\\\/\\\/www.youtube.com\\\/user\\\/compagniadisanpaolo\",\"https:\\\/\\\/it.wikipedia.org\\\/wiki\\\/Compagnia_di_San_Paolo\"]}]}<\/script>\n<!-- \/ Yoast SEO plugin. -->","yoast_head_json":{"title":"Condividere gli spazi, includere le differenze - Fondazione Compagnia di San Paolo","robots":{"index":"index","follow":"follow","max-snippet":"max-snippet:-1","max-image-preview":"max-image-preview:large","max-video-preview":"max-video-preview:-1"},"canonical":"https:\/\/www.compagniadisanpaolo.it\/it\/comunicati-stampa\/condividere-gli-spazi-includere-le-differenze\/","og_locale":"it_IT","og_type":"article","og_title":"Condividere gli spazi, includere le differenze - Fondazione Compagnia di San Paolo","og_description":"Il Comitato di Gestione della Fondazione Compagnia di San Paolo ha nominato nella seduta del 6 luglio i componenti del Consiglio di Amministrazione dell\u2019Ufficio Pio.","og_url":"https:\/\/www.compagniadisanpaolo.it\/it\/comunicati-stampa\/condividere-gli-spazi-includere-le-differenze\/","og_site_name":"Fondazione Compagnia di San Paolo","article_publisher":"https:\/\/www.facebook.com\/CompagniaDiSanPaolo","article_modified_time":"2021-09-12T21:46:58+00:00","og_image":[{"width":815,"height":350,"url":"https:\/\/www.compagniadisanpaolo.it\/wp-content\/uploads\/NEWS-SITO-ORBASSANO.jpg","type":"image\/jpeg"}],"twitter_card":"summary_large_image","twitter_site":"@CSP_live","twitter_misc":{"Tempo di lettura stimato":"5 minuti"},"schema":{"@context":"https:\/\/schema.org","@graph":[{"@type":"WebPage","@id":"https:\/\/www.compagniadisanpaolo.it\/it\/comunicati-stampa\/condividere-gli-spazi-includere-le-differenze\/","url":"https:\/\/www.compagniadisanpaolo.it\/it\/comunicati-stampa\/condividere-gli-spazi-includere-le-differenze\/","name":"Condividere gli spazi, includere le differenze - Fondazione Compagnia di San Paolo","isPartOf":{"@id":"https:\/\/www.compagniadisanpaolo.it\/it\/#website"},"primaryImageOfPage":{"@id":"https:\/\/www.compagniadisanpaolo.it\/it\/comunicati-stampa\/condividere-gli-spazi-includere-le-differenze\/#primaryimage"},"image":{"@id":"https:\/\/www.compagniadisanpaolo.it\/it\/comunicati-stampa\/condividere-gli-spazi-includere-le-differenze\/#primaryimage"},"thumbnailUrl":"https:\/\/www.compagniadisanpaolo.it\/wp-content\/uploads\/NEWS-SITO-ORBASSANO.jpg","datePublished":"2020-10-19T16:00:17+00:00","dateModified":"2021-09-12T21:46:58+00:00","breadcrumb":{"@id":"https:\/\/www.compagniadisanpaolo.it\/it\/comunicati-stampa\/condividere-gli-spazi-includere-le-differenze\/#breadcrumb"},"inLanguage":"it-IT","potentialAction":[{"@type":"ReadAction","target":["https:\/\/www.compagniadisanpaolo.it\/it\/comunicati-stampa\/condividere-gli-spazi-includere-le-differenze\/"]}]},{"@type":"ImageObject","inLanguage":"it-IT","@id":"https:\/\/www.compagniadisanpaolo.it\/it\/comunicati-stampa\/condividere-gli-spazi-includere-le-differenze\/#primaryimage","url":"https:\/\/www.compagniadisanpaolo.it\/wp-content\/uploads\/NEWS-SITO-ORBASSANO.jpg","contentUrl":"https:\/\/www.compagniadisanpaolo.it\/wp-content\/uploads\/NEWS-SITO-ORBASSANO.jpg","width":815,"height":350},{"@type":"BreadcrumbList","@id":"https:\/\/www.compagniadisanpaolo.it\/it\/comunicati-stampa\/condividere-gli-spazi-includere-le-differenze\/#breadcrumb","itemListElement":[{"@type":"ListItem","position":1,"name":"Home","item":"https:\/\/www.compagniadisanpaolo.it\/it\/"},{"@type":"ListItem","position":2,"name":"Condividere gli spazi, includere le differenze"}]},{"@type":"WebSite","@id":"https:\/\/www.compagniadisanpaolo.it\/it\/#website","url":"https:\/\/www.compagniadisanpaolo.it\/it\/","name":"Fondazione Compagnia di San Paolo","description":"","publisher":{"@id":"https:\/\/www.compagniadisanpaolo.it\/it\/#organization"},"potentialAction":[{"@type":"SearchAction","target":{"@type":"EntryPoint","urlTemplate":"https:\/\/www.compagniadisanpaolo.it\/it\/?s={search_term_string}"},"query-input":{"@type":"PropertyValueSpecification","valueRequired":true,"valueName":"search_term_string"}}],"inLanguage":"it-IT"},{"@type":"Organization","@id":"https:\/\/www.compagniadisanpaolo.it\/it\/#organization","name":"Fondazione Compagnia di San Paolo","url":"https:\/\/www.compagniadisanpaolo.it\/it\/","logo":{"@type":"ImageObject","inLanguage":"it-IT","@id":"https:\/\/www.compagniadisanpaolo.it\/it\/#\/schema\/logo\/image\/","url":"https:\/\/www.compagniadisanpaolo.it\/wp-content\/uploads\/logo.svg","contentUrl":"https:\/\/www.compagniadisanpaolo.it\/wp-content\/uploads\/logo.svg","width":769,"height":323,"caption":"Fondazione Compagnia di San Paolo"},"image":{"@id":"https:\/\/www.compagniadisanpaolo.it\/it\/#\/schema\/logo\/image\/"},"sameAs":["https:\/\/www.facebook.com\/CompagniaDiSanPaolo","https:\/\/x.com\/CSP_live","http:\/\/instagram.com\/compagniadisanpaolo?ref=badge","https:\/\/www.linkedin.com\/company\/compagnia-di-san-paolo","https:\/\/www.youtube.com\/user\/compagniadisanpaolo","https:\/\/it.wikipedia.org\/wiki\/Compagnia_di_San_Paolo"]}]}},"amp_enabled":true,"_links":{"self":[{"href":"https:\/\/www.compagniadisanpaolo.it\/it\/wp-json\/wp\/v2\/comunicatistampa\/7828","targetHints":{"allow":["GET"]}}],"collection":[{"href":"https:\/\/www.compagniadisanpaolo.it\/it\/wp-json\/wp\/v2\/comunicatistampa"}],"about":[{"href":"https:\/\/www.compagniadisanpaolo.it\/it\/wp-json\/wp\/v2\/types\/comunicatistampa"}],"wp:featuredmedia":[{"embeddable":true,"href":"https:\/\/www.compagniadisanpaolo.it\/it\/wp-json\/wp\/v2\/media\/7612"}],"wp:attachment":[{"href":"https:\/\/www.compagniadisanpaolo.it\/it\/wp-json\/wp\/v2\/media?parent=7828"}],"wp:term":[{"taxonomy":"post_tag","embeddable":true,"href":"https:\/\/www.compagniadisanpaolo.it\/it\/wp-json\/wp\/v2\/tags?post=7828"}],"curies":[{"name":"wp","href":"https:\/\/api.w.org\/{rel}","templated":true}]}}