{"id":7826,"date":"2020-10-01T15:00:25","date_gmt":"2020-10-01T13:00:25","guid":{"rendered":"https:\/\/www.compagniadisanpaolo.it\/?post_type=comunicatistampa&#038;p=7826"},"modified":"2021-09-12T23:47:09","modified_gmt":"2021-09-12T21:47:09","slug":"la-fondazione-collegio-carlo-alberto-nomina-un-advisory-board-composto-da-accademici-imprenditori-capi-azienda-e-rappresentanti-delle-istituzioni","status":"publish","type":"comunicatistampa","link":"https:\/\/www.compagniadisanpaolo.it\/it\/comunicati-stampa\/la-fondazione-collegio-carlo-alberto-nomina-un-advisory-board-composto-da-accademici-imprenditori-capi-azienda-e-rappresentanti-delle-istituzioni\/","title":{"rendered":"La Fondazione Collegio Carlo Alberto nomina un Advisory Board composto da accademici, imprenditori, capi azienda e rappresentanti delle istituzioni"},"content":{"rendered":"<div class=\"wpb-content-wrapper\">[vc_row][vc_column][vc_column_text el_class=&#8221;text-headline2&#8243;][\/vc_column_text][\/vc_column][\/vc_row][vc_row][vc_column][vc_column_text]\n<div class=\"info-box mission\">\n\t\t<div class=\"info-box-wrap info-box-hor row pb-0\">\n\n\t\t      \n\t\t      <div class=\"spalla col-12 col-md-12\">\n\t\t\t<div class=\"info-box sharing-box\">\n\t\t\t  <span class=\"label\">Condividi:<\/span>\n\t\t\t  <div class=\"social-sharing\">\n\t\t\t    <span class=\"box\">\n\t\t\t      <a class=\"fb\" href=\"https:\/\/www.facebook.com\/sharer.php?u=https:\/\/www.compagniadisanpaolo.it\/it\/comunicati-stampa\/la-fondazione-collegio-carlo-alberto-nomina-un-advisory-board-composto-da-accademici-imprenditori-capi-azienda-e-rappresentanti-delle-istituzioni\/\" target=\"_blank\">\n\t\t\t\t<span class=\"sr-only\">Facebook<\/span>\n\t\t\t\t<i class=\"fab fa-facebook-f\"><\/i>\n\t\t\t      <\/a>\n\t\t\t    <\/span>\n\t\t\t    \n\t\t\t    <style>\n.twitter, .twitter:hover{\ncolor:#000000 !important;}\n<\/style>\n\n\n\t\t\t    <span class=\"box\">\n\t\t\t      <a class=\"twitter\" href=\"https:\/\/twitter.com\/intent\/tweet?url=https:\/\/www.compagniadisanpaolo.it\/it\/comunicati-stampa\/la-fondazione-collegio-carlo-alberto-nomina-un-advisory-board-composto-da-accademici-imprenditori-capi-azienda-e-rappresentanti-delle-istituzioni\/\">\n\t\t\t\t<span class=\"sr-only\">Twitter<\/span>\n\t\t\t\t<i class=\"fa-brands fa-x-twitter\"><\/i>\n\t\t\t      <\/a>\n\t\t\t    <\/span>\n\n\t\t\t    \n\t\t\t    <span class=\"box\">\n\t\t\t      <a class=\"linkedin\" href=\"https:\/\/www.linkedin.com\/shareArticle?mini=true&url=https:\/\/www.compagniadisanpaolo.it\/it\/comunicati-stampa\/la-fondazione-collegio-carlo-alberto-nomina-un-advisory-board-composto-da-accademici-imprenditori-capi-azienda-e-rappresentanti-delle-istituzioni\/\">\n\t\t\t\t<span class=\"sr-only\">Linkedin<\/span>\n\t\t\t\t  <i class=\"fa-brands fa-linkedin-in\"><\/i>\n\t\t\t      <\/a>\n\t\t\t    <\/span>\n\n\t\t\t    <span class=\"box\">\n\t\t\t      <a class=\"whatsapp\" href=\"whatsapp:\/\/send?text=https:\/\/www.compagniadisanpaolo.it\/it\/comunicati-stampa\/la-fondazione-collegio-carlo-alberto-nomina-un-advisory-board-composto-da-accademici-imprenditori-capi-azienda-e-rappresentanti-delle-istituzioni\/\" data-action=\"share\/whatsapp\/share\">\n\t\t\t\t<span class=\"sr-only\">Whatsapp<\/span>\n\t\t\t\t<i class=\"fa-brands fa-whatsapp\"><\/i>\n\t\t\t      <\/a>\n\t\t\t    <\/span>\n\n\t\t\t    <span class=\"box\">\n\t\t\t      <a class=\"mail\" href=\"mailto:?subject=La Fondazione Collegio Carlo Alberto nomina un Advisory Board composto da accademici, imprenditori, capi azienda e rappresentanti delle istituzioni&body=https:\/\/www.compagniadisanpaolo.it\/it\/comunicati-stampa\/la-fondazione-collegio-carlo-alberto-nomina-un-advisory-board-composto-da-accademici-imprenditori-capi-azienda-e-rappresentanti-delle-istituzioni\/\">\n\t\t\t\t<span class=\"sr-only\">Mail<\/span>\n\t\t\t\t <i class=\"fa-solid fa-envelope\"><\/i>\n\t\t\t      <\/a>\n\t\t\t    <\/span>\n\t\t\t    \n\t\t\t  <\/div>\n\t\t\t<\/div>\n\t      <\/div>\n\t    <\/div><\/div>\n[\/vc_column_text][\/vc_column][\/vc_row][vc_row][vc_column width=&#8221;1\/4&#8243;][vc_column_text]\n\n\n\t\t<div class=\"info-box-wrap\">\n\n\t  <div class=\"info-box date-pub\">\n\t  \t<span class=\"label\">Data di pubblicazione:<\/span>\n\t    <span class=\"value\">1 Ottobre 2020<\/span>\n\t  <\/div>\n\t\t\t\t  <div class=\"info-box obj-institutional\">\n\t\t\t\t\t  <div class=\"info-box obj\">\n\t\t\t\t\t    <div class=\"obj-small-box\">\n\t\t\t\t\t      <span>Istituzionale<\/span>\n\t\t\t\t\t    <\/div>\n\t\t\t\t\t  <\/div>\n\t\t\t\t  <\/div>\n\t\t\t  <div class=\"info-box mission\"><span class=\"label\">Tag<\/span><a href=\"https:\/\/www.compagniadisanpaolo.it\/it\/tags\/risultati\/?_sft_post_tag=gruppo-compagnia\" class=\"tag-element\">Gruppo compagnia<\/a><\/div>\t  \n\t<\/div>\n[\/vc_column_text][\/vc_column][vc_column width=&#8221;3\/4&#8243; el_class=&#8221;page-content&#8221;][vc_column_text el_class=&#8221;text&#8221;]<i>Torino, 1 ottobre 2020<\/i> \u2013 La Fondazione Collegio Carlo Alberto comunica la nomina di un <i>Advisory Board<\/i> composto da accademici, imprenditori, capi azienda e rappresentanti delle istituzioni. Il <i>Board<\/i> \u00e8 stato istituito con l\u2019obiettivo di fornire supporto agli organi direttivi nell\u2019elaborazione delle linee strategiche e nel favorire il dialogo con gli stakeholder della Fondazione. \u00c8 composto da personalit\u00e0 di altissimo profilo, legate per ragioni personali o professionali alla citt\u00e0 di Torino, ma con grande esperienza internazionale.<span class=\"Apple-converted-space\">\u00a0<\/span><\/p>\n<p>La Compagnia di San Paolo e l\u2019Universit\u00e0 di Torino, soci fondatori della Fondazione Collegio Carlo Alberto, sostengono questa istituzione, con l\u2019obiettivo di rafforzare e radicare nella Citt\u00e0 di Torino e nel Paese la ricerca, la formazione e la divulgazione di alto livello nelle discipline economiche, sociali e giuridiche. Il Collegio, avendo costruito con la sua <i>faculty<\/i> una comunit\u00e0 scientifica di primissimo livello, persegue il fondamentale obiettivo di attrarre e trattenere nel nostro paese ricercatori che altrimenti lavorerebbero all\u2019estero. Il nuovo Advisory Board sar\u00e0 di grande aiuto al Collegio per raggiungere questi obiettivi.<span class=\"Apple-converted-space\">\u00a0<\/span><\/p>\n<p>L\u2019<b>Advisory Board <\/b>\u00e8 composto da:<span class=\"Apple-converted-space\">\u00a0<\/span><\/p>\n<p><b>Domenico Siniscalco (Presidente del Board)<\/b>, <i>Vice Chairman, Morgan Stanley, Country Head of Italy and Head of Government Coverage EMEA, <\/i><b>Delia Baldassarri<\/b>, <i>Professor of Sociology, New York University, <\/i><b>Marta Cartabia<\/b>, <i>Professore di Diritto Costituzionale, Universit\u00e0 di Milano \u2013 Bicocca, ex-Presidente della Corte Costituzionale\u00a0, <\/i><b>Alberto Dalmasso<\/b>, <i>Amministratore Delegato, Satispay, <\/i><b>John Elkann<\/b>, <i>Presidente, Fiat Chrysler Automobiles, <\/i><b>Francesca Lavazza<\/b>, <i>Membro del CdA, Gruppo Lavazza, <\/i><b>Giorgio Marsiaj<\/b>, <i>Presidente, Unione Industriale di Torino, <\/i><b>Carlo Messina<\/b>, <i>Amministratore Delegato, Intesa Sanpaolo, <\/i><b>Andrea Prat<\/b>, <i>Professor of Business, Columbia University, <\/i><b>Alessandro Profumo<\/b>, <i>Amministratore Delegato, Leonardo, <\/i><b>Tatiana Rizzante<\/b>, <i>Amministratore Delegato, Reply S.p.A., <\/i><b>Guido Tabellini<\/b>, <i>Professore di Economia, Universit\u00e0 Bocconi, <\/i><b>Gianluca Violante<\/b>, <i>Professor of Economics, Princeton University; <\/i><b><i>Alessandra Voena<\/i><\/b><i>, Professor of Economics, Stanford University.<\/i><\/p>\n<p>Dichiarazione di Giorgio Barba Navaretti, Presidente della Fondazione Collegio Carlo Alberto:<\/p>\n<p>\u201cSono molto onorato di poter comunicare oggi la nomina di un <i>Advisory Board<\/i> per la Fondazione Collegio Carlo Alberto di grandissimo prestigio e ringrazio il Prof. Domenico Siniscalco che ci ha aiutato a formarlo e lo presieder\u00e0. L\u2019<i>Advisory Board <\/i>ha l\u2019obiettivo di aiutare il Consiglio di Amministrazione, nei tre anni del suo mandato, a consolidare il ruolo del Collegio nei confronti degli <i>stakeholder<\/i> nell\u2019accademia, nelle imprese e nelle istituzioni, in linea con le indicazioni del piano strategico 2020-22. Sono convinto che i componenti dell\u2019<i>Advisory Board<\/i>, che ringrazio ancora una volta per la loro davvero generosa disponibilit\u00e0, con la loro straordinaria esperienza, professionalit\u00e0 e visione, avranno un ruolo decisivo con i loro consigli nel portare avanti con successo gli ambiziosi obiettivi della Fondazione\u201c.[\/vc_column_text][\/vc_column][\/vc_row][vc_row el_class=&#8221;sdg-list-wrap&#8221;][vc_column][vc_raw_html]JTVCU2V6aW9uZV9Eb2N1bWVudGklNUQ=[\/vc_raw_html][\/vc_column][\/vc_row][vc_row][vc_column]<div class=\"templatera_shortcode\"><div data-vc-full-width=\"true\" data-vc-full-width-temp=\"true\" data-vc-full-width-init=\"false\" class=\"vc_row wpb_row vc_row-fluid newsletter-wrap\"><div class=\"wpb_column vc_column_container vc_col-sm-12\"><div class=\"vc_column-inner\"><div class=\"wpb_wrapper\">\n\t<div class=\"wpb_raw_code wpb_raw_html wpb_content_element\" >\n\t\t<div class=\"wpb_wrapper\">\n\t\t\t    <div class=\"container\">\n      <div class=\"row align-items-center\">\n\t<div class=\"col-12 col-lg-6 col-xl-5 mb-3 mb-lg-0 pr-0\">\n\t  <h2 class=\"title\">Rimani aggiornato sui nostri bandi e sui nostri progetti<\/h2>\n\t<\/div>\n\t<div class=\"col-12 col-lg-6 col-xl-7 pl-xl-4\">\n\t  <a class=\"standard-link-block\" href=\"\/it\/newsletter\/\">\n\t    Compila il form e decidi su quale argomento vuoi ricevere notizie.\t    <strong>\u00a0 ISCRIVITI!<\/strong>\n\t  <\/a>\n\t<\/div>\n      <\/div>\n    <\/div>\n\t\t<\/div>\n\t<\/div>\n<\/div><\/div><\/div><\/div><div class=\"vc_row-full-width vc_clearfix\"><\/div><\/div>[\/vc_column][\/vc_row]\n<\/div>","protected":false},"excerpt":{"rendered":"<p>Il Comitato di Gestione della Fondazione Compagnia di San Paolo ha nominato nella seduta del 6 luglio i componenti del Consiglio di Amministrazione dell\u2019Ufficio Pio.<\/p>\n","protected":false},"featured_media":7029,"menu_order":0,"template":"","meta":{"_acf_changed":false,"content-type":""},"tags":[66],"class_list":["post-7826","comunicatistampa","type-comunicatistampa","status-publish","has-post-thumbnail","hentry","tag-gruppo-compagnia","entry","post-inner"],"acf":[],"yoast_head":"<!-- This site is optimized with the Yoast SEO plugin v27.3 - https:\/\/yoast.com\/product\/yoast-seo-wordpress\/ -->\n<title>La Fondazione Collegio Carlo Alberto nomina un Advisory Board composto da accademici, imprenditori, capi azienda e rappresentanti delle istituzioni - Fondazione Compagnia di San Paolo<\/title>\n<meta name=\"robots\" content=\"index, follow, max-snippet:-1, max-image-preview:large, max-video-preview:-1\" \/>\n<link rel=\"canonical\" href=\"https:\/\/www.compagniadisanpaolo.it\/it\/comunicati-stampa\/la-fondazione-collegio-carlo-alberto-nomina-un-advisory-board-composto-da-accademici-imprenditori-capi-azienda-e-rappresentanti-delle-istituzioni\/\" \/>\n<meta property=\"og:locale\" content=\"it_IT\" \/>\n<meta property=\"og:type\" content=\"article\" \/>\n<meta property=\"og:title\" content=\"La Fondazione Collegio Carlo Alberto nomina un Advisory Board composto da accademici, imprenditori, capi azienda e rappresentanti delle istituzioni - Fondazione Compagnia di San Paolo\" \/>\n<meta property=\"og:description\" content=\"Il Comitato di Gestione della Fondazione Compagnia di San Paolo ha nominato nella seduta del 6 luglio i componenti del Consiglio di Amministrazione dell\u2019Ufficio Pio.\" \/>\n<meta property=\"og:url\" content=\"https:\/\/www.compagniadisanpaolo.it\/it\/comunicati-stampa\/la-fondazione-collegio-carlo-alberto-nomina-un-advisory-board-composto-da-accademici-imprenditori-capi-azienda-e-rappresentanti-delle-istituzioni\/\" \/>\n<meta property=\"og:site_name\" content=\"Fondazione Compagnia di San Paolo\" \/>\n<meta property=\"article:publisher\" content=\"https:\/\/www.facebook.com\/CompagniaDiSanPaolo\" \/>\n<meta property=\"article:modified_time\" content=\"2021-09-12T21:47:09+00:00\" \/>\n<meta property=\"og:image\" content=\"https:\/\/www.compagniadisanpaolo.it\/wp-content\/uploads\/Facciata-scaled.jpg\" \/>\n\t<meta property=\"og:image:width\" content=\"2560\" \/>\n\t<meta property=\"og:image:height\" content=\"1709\" \/>\n\t<meta property=\"og:image:type\" content=\"image\/jpeg\" \/>\n<meta name=\"twitter:card\" content=\"summary_large_image\" \/>\n<meta name=\"twitter:site\" content=\"@CSP_live\" \/>\n<meta name=\"twitter:label1\" content=\"Tempo di lettura stimato\" \/>\n\t<meta name=\"twitter:data1\" content=\"3 minuti\" \/>\n<script type=\"application\/ld+json\" class=\"yoast-schema-graph\">{\"@context\":\"https:\\\/\\\/schema.org\",\"@graph\":[{\"@type\":\"WebPage\",\"@id\":\"https:\\\/\\\/www.compagniadisanpaolo.it\\\/it\\\/comunicati-stampa\\\/la-fondazione-collegio-carlo-alberto-nomina-un-advisory-board-composto-da-accademici-imprenditori-capi-azienda-e-rappresentanti-delle-istituzioni\\\/\",\"url\":\"https:\\\/\\\/www.compagniadisanpaolo.it\\\/it\\\/comunicati-stampa\\\/la-fondazione-collegio-carlo-alberto-nomina-un-advisory-board-composto-da-accademici-imprenditori-capi-azienda-e-rappresentanti-delle-istituzioni\\\/\",\"name\":\"La Fondazione Collegio Carlo Alberto nomina un Advisory Board composto da accademici, imprenditori, capi azienda e rappresentanti delle istituzioni - Fondazione Compagnia di San Paolo\",\"isPartOf\":{\"@id\":\"https:\\\/\\\/www.compagniadisanpaolo.it\\\/it\\\/#website\"},\"primaryImageOfPage\":{\"@id\":\"https:\\\/\\\/www.compagniadisanpaolo.it\\\/it\\\/comunicati-stampa\\\/la-fondazione-collegio-carlo-alberto-nomina-un-advisory-board-composto-da-accademici-imprenditori-capi-azienda-e-rappresentanti-delle-istituzioni\\\/#primaryimage\"},\"image\":{\"@id\":\"https:\\\/\\\/www.compagniadisanpaolo.it\\\/it\\\/comunicati-stampa\\\/la-fondazione-collegio-carlo-alberto-nomina-un-advisory-board-composto-da-accademici-imprenditori-capi-azienda-e-rappresentanti-delle-istituzioni\\\/#primaryimage\"},\"thumbnailUrl\":\"https:\\\/\\\/www.compagniadisanpaolo.it\\\/wp-content\\\/uploads\\\/Facciata-scaled.jpg\",\"datePublished\":\"2020-10-01T13:00:25+00:00\",\"dateModified\":\"2021-09-12T21:47:09+00:00\",\"breadcrumb\":{\"@id\":\"https:\\\/\\\/www.compagniadisanpaolo.it\\\/it\\\/comunicati-stampa\\\/la-fondazione-collegio-carlo-alberto-nomina-un-advisory-board-composto-da-accademici-imprenditori-capi-azienda-e-rappresentanti-delle-istituzioni\\\/#breadcrumb\"},\"inLanguage\":\"it-IT\",\"potentialAction\":[{\"@type\":\"ReadAction\",\"target\":[\"https:\\\/\\\/www.compagniadisanpaolo.it\\\/it\\\/comunicati-stampa\\\/la-fondazione-collegio-carlo-alberto-nomina-un-advisory-board-composto-da-accademici-imprenditori-capi-azienda-e-rappresentanti-delle-istituzioni\\\/\"]}]},{\"@type\":\"ImageObject\",\"inLanguage\":\"it-IT\",\"@id\":\"https:\\\/\\\/www.compagniadisanpaolo.it\\\/it\\\/comunicati-stampa\\\/la-fondazione-collegio-carlo-alberto-nomina-un-advisory-board-composto-da-accademici-imprenditori-capi-azienda-e-rappresentanti-delle-istituzioni\\\/#primaryimage\",\"url\":\"https:\\\/\\\/www.compagniadisanpaolo.it\\\/wp-content\\\/uploads\\\/Facciata-scaled.jpg\",\"contentUrl\":\"https:\\\/\\\/www.compagniadisanpaolo.it\\\/wp-content\\\/uploads\\\/Facciata-scaled.jpg\",\"width\":2560,\"height\":1709},{\"@type\":\"BreadcrumbList\",\"@id\":\"https:\\\/\\\/www.compagniadisanpaolo.it\\\/it\\\/comunicati-stampa\\\/la-fondazione-collegio-carlo-alberto-nomina-un-advisory-board-composto-da-accademici-imprenditori-capi-azienda-e-rappresentanti-delle-istituzioni\\\/#breadcrumb\",\"itemListElement\":[{\"@type\":\"ListItem\",\"position\":1,\"name\":\"Home\",\"item\":\"https:\\\/\\\/www.compagniadisanpaolo.it\\\/it\\\/\"},{\"@type\":\"ListItem\",\"position\":2,\"name\":\"La Fondazione Collegio Carlo Alberto nomina un Advisory Board composto da accademici, imprenditori, capi azienda e rappresentanti delle istituzioni\"}]},{\"@type\":\"WebSite\",\"@id\":\"https:\\\/\\\/www.compagniadisanpaolo.it\\\/it\\\/#website\",\"url\":\"https:\\\/\\\/www.compagniadisanpaolo.it\\\/it\\\/\",\"name\":\"Fondazione Compagnia di San Paolo\",\"description\":\"\",\"publisher\":{\"@id\":\"https:\\\/\\\/www.compagniadisanpaolo.it\\\/it\\\/#organization\"},\"potentialAction\":[{\"@type\":\"SearchAction\",\"target\":{\"@type\":\"EntryPoint\",\"urlTemplate\":\"https:\\\/\\\/www.compagniadisanpaolo.it\\\/it\\\/?s={search_term_string}\"},\"query-input\":{\"@type\":\"PropertyValueSpecification\",\"valueRequired\":true,\"valueName\":\"search_term_string\"}}],\"inLanguage\":\"it-IT\"},{\"@type\":\"Organization\",\"@id\":\"https:\\\/\\\/www.compagniadisanpaolo.it\\\/it\\\/#organization\",\"name\":\"Fondazione Compagnia di San Paolo\",\"url\":\"https:\\\/\\\/www.compagniadisanpaolo.it\\\/it\\\/\",\"logo\":{\"@type\":\"ImageObject\",\"inLanguage\":\"it-IT\",\"@id\":\"https:\\\/\\\/www.compagniadisanpaolo.it\\\/it\\\/#\\\/schema\\\/logo\\\/image\\\/\",\"url\":\"https:\\\/\\\/www.compagniadisanpaolo.it\\\/wp-content\\\/uploads\\\/logo.svg\",\"contentUrl\":\"https:\\\/\\\/www.compagniadisanpaolo.it\\\/wp-content\\\/uploads\\\/logo.svg\",\"width\":769,\"height\":323,\"caption\":\"Fondazione Compagnia di San Paolo\"},\"image\":{\"@id\":\"https:\\\/\\\/www.compagniadisanpaolo.it\\\/it\\\/#\\\/schema\\\/logo\\\/image\\\/\"},\"sameAs\":[\"https:\\\/\\\/www.facebook.com\\\/CompagniaDiSanPaolo\",\"https:\\\/\\\/x.com\\\/CSP_live\",\"http:\\\/\\\/instagram.com\\\/compagniadisanpaolo?ref=badge\",\"https:\\\/\\\/www.linkedin.com\\\/company\\\/compagnia-di-san-paolo\",\"https:\\\/\\\/www.youtube.com\\\/user\\\/compagniadisanpaolo\",\"https:\\\/\\\/it.wikipedia.org\\\/wiki\\\/Compagnia_di_San_Paolo\"]}]}<\/script>\n<!-- \/ Yoast SEO plugin. -->","yoast_head_json":{"title":"La Fondazione Collegio Carlo Alberto nomina un Advisory Board composto da accademici, imprenditori, capi azienda e rappresentanti delle istituzioni - Fondazione Compagnia di San Paolo","robots":{"index":"index","follow":"follow","max-snippet":"max-snippet:-1","max-image-preview":"max-image-preview:large","max-video-preview":"max-video-preview:-1"},"canonical":"https:\/\/www.compagniadisanpaolo.it\/it\/comunicati-stampa\/la-fondazione-collegio-carlo-alberto-nomina-un-advisory-board-composto-da-accademici-imprenditori-capi-azienda-e-rappresentanti-delle-istituzioni\/","og_locale":"it_IT","og_type":"article","og_title":"La Fondazione Collegio Carlo Alberto nomina un Advisory Board composto da accademici, imprenditori, capi azienda e rappresentanti delle istituzioni - Fondazione Compagnia di San Paolo","og_description":"Il Comitato di Gestione della Fondazione Compagnia di San Paolo ha nominato nella seduta del 6 luglio i componenti del Consiglio di Amministrazione dell\u2019Ufficio Pio.","og_url":"https:\/\/www.compagniadisanpaolo.it\/it\/comunicati-stampa\/la-fondazione-collegio-carlo-alberto-nomina-un-advisory-board-composto-da-accademici-imprenditori-capi-azienda-e-rappresentanti-delle-istituzioni\/","og_site_name":"Fondazione Compagnia di San Paolo","article_publisher":"https:\/\/www.facebook.com\/CompagniaDiSanPaolo","article_modified_time":"2021-09-12T21:47:09+00:00","og_image":[{"width":2560,"height":1709,"url":"https:\/\/www.compagniadisanpaolo.it\/wp-content\/uploads\/Facciata-scaled.jpg","type":"image\/jpeg"}],"twitter_card":"summary_large_image","twitter_site":"@CSP_live","twitter_misc":{"Tempo di lettura stimato":"3 minuti"},"schema":{"@context":"https:\/\/schema.org","@graph":[{"@type":"WebPage","@id":"https:\/\/www.compagniadisanpaolo.it\/it\/comunicati-stampa\/la-fondazione-collegio-carlo-alberto-nomina-un-advisory-board-composto-da-accademici-imprenditori-capi-azienda-e-rappresentanti-delle-istituzioni\/","url":"https:\/\/www.compagniadisanpaolo.it\/it\/comunicati-stampa\/la-fondazione-collegio-carlo-alberto-nomina-un-advisory-board-composto-da-accademici-imprenditori-capi-azienda-e-rappresentanti-delle-istituzioni\/","name":"La Fondazione Collegio Carlo Alberto nomina un Advisory Board composto da accademici, imprenditori, capi azienda e rappresentanti delle istituzioni - Fondazione Compagnia di San Paolo","isPartOf":{"@id":"https:\/\/www.compagniadisanpaolo.it\/it\/#website"},"primaryImageOfPage":{"@id":"https:\/\/www.compagniadisanpaolo.it\/it\/comunicati-stampa\/la-fondazione-collegio-carlo-alberto-nomina-un-advisory-board-composto-da-accademici-imprenditori-capi-azienda-e-rappresentanti-delle-istituzioni\/#primaryimage"},"image":{"@id":"https:\/\/www.compagniadisanpaolo.it\/it\/comunicati-stampa\/la-fondazione-collegio-carlo-alberto-nomina-un-advisory-board-composto-da-accademici-imprenditori-capi-azienda-e-rappresentanti-delle-istituzioni\/#primaryimage"},"thumbnailUrl":"https:\/\/www.compagniadisanpaolo.it\/wp-content\/uploads\/Facciata-scaled.jpg","datePublished":"2020-10-01T13:00:25+00:00","dateModified":"2021-09-12T21:47:09+00:00","breadcrumb":{"@id":"https:\/\/www.compagniadisanpaolo.it\/it\/comunicati-stampa\/la-fondazione-collegio-carlo-alberto-nomina-un-advisory-board-composto-da-accademici-imprenditori-capi-azienda-e-rappresentanti-delle-istituzioni\/#breadcrumb"},"inLanguage":"it-IT","potentialAction":[{"@type":"ReadAction","target":["https:\/\/www.compagniadisanpaolo.it\/it\/comunicati-stampa\/la-fondazione-collegio-carlo-alberto-nomina-un-advisory-board-composto-da-accademici-imprenditori-capi-azienda-e-rappresentanti-delle-istituzioni\/"]}]},{"@type":"ImageObject","inLanguage":"it-IT","@id":"https:\/\/www.compagniadisanpaolo.it\/it\/comunicati-stampa\/la-fondazione-collegio-carlo-alberto-nomina-un-advisory-board-composto-da-accademici-imprenditori-capi-azienda-e-rappresentanti-delle-istituzioni\/#primaryimage","url":"https:\/\/www.compagniadisanpaolo.it\/wp-content\/uploads\/Facciata-scaled.jpg","contentUrl":"https:\/\/www.compagniadisanpaolo.it\/wp-content\/uploads\/Facciata-scaled.jpg","width":2560,"height":1709},{"@type":"BreadcrumbList","@id":"https:\/\/www.compagniadisanpaolo.it\/it\/comunicati-stampa\/la-fondazione-collegio-carlo-alberto-nomina-un-advisory-board-composto-da-accademici-imprenditori-capi-azienda-e-rappresentanti-delle-istituzioni\/#breadcrumb","itemListElement":[{"@type":"ListItem","position":1,"name":"Home","item":"https:\/\/www.compagniadisanpaolo.it\/it\/"},{"@type":"ListItem","position":2,"name":"La Fondazione Collegio Carlo Alberto nomina un Advisory Board composto da accademici, imprenditori, capi azienda e rappresentanti delle istituzioni"}]},{"@type":"WebSite","@id":"https:\/\/www.compagniadisanpaolo.it\/it\/#website","url":"https:\/\/www.compagniadisanpaolo.it\/it\/","name":"Fondazione Compagnia di San Paolo","description":"","publisher":{"@id":"https:\/\/www.compagniadisanpaolo.it\/it\/#organization"},"potentialAction":[{"@type":"SearchAction","target":{"@type":"EntryPoint","urlTemplate":"https:\/\/www.compagniadisanpaolo.it\/it\/?s={search_term_string}"},"query-input":{"@type":"PropertyValueSpecification","valueRequired":true,"valueName":"search_term_string"}}],"inLanguage":"it-IT"},{"@type":"Organization","@id":"https:\/\/www.compagniadisanpaolo.it\/it\/#organization","name":"Fondazione Compagnia di San Paolo","url":"https:\/\/www.compagniadisanpaolo.it\/it\/","logo":{"@type":"ImageObject","inLanguage":"it-IT","@id":"https:\/\/www.compagniadisanpaolo.it\/it\/#\/schema\/logo\/image\/","url":"https:\/\/www.compagniadisanpaolo.it\/wp-content\/uploads\/logo.svg","contentUrl":"https:\/\/www.compagniadisanpaolo.it\/wp-content\/uploads\/logo.svg","width":769,"height":323,"caption":"Fondazione Compagnia di San Paolo"},"image":{"@id":"https:\/\/www.compagniadisanpaolo.it\/it\/#\/schema\/logo\/image\/"},"sameAs":["https:\/\/www.facebook.com\/CompagniaDiSanPaolo","https:\/\/x.com\/CSP_live","http:\/\/instagram.com\/compagniadisanpaolo?ref=badge","https:\/\/www.linkedin.com\/company\/compagnia-di-san-paolo","https:\/\/www.youtube.com\/user\/compagniadisanpaolo","https:\/\/it.wikipedia.org\/wiki\/Compagnia_di_San_Paolo"]}]}},"amp_enabled":true,"_links":{"self":[{"href":"https:\/\/www.compagniadisanpaolo.it\/it\/wp-json\/wp\/v2\/comunicatistampa\/7826","targetHints":{"allow":["GET"]}}],"collection":[{"href":"https:\/\/www.compagniadisanpaolo.it\/it\/wp-json\/wp\/v2\/comunicatistampa"}],"about":[{"href":"https:\/\/www.compagniadisanpaolo.it\/it\/wp-json\/wp\/v2\/types\/comunicatistampa"}],"wp:featuredmedia":[{"embeddable":true,"href":"https:\/\/www.compagniadisanpaolo.it\/it\/wp-json\/wp\/v2\/media\/7029"}],"wp:attachment":[{"href":"https:\/\/www.compagniadisanpaolo.it\/it\/wp-json\/wp\/v2\/media?parent=7826"}],"wp:term":[{"taxonomy":"post_tag","embeddable":true,"href":"https:\/\/www.compagniadisanpaolo.it\/it\/wp-json\/wp\/v2\/tags?post=7826"}],"curies":[{"name":"wp","href":"https:\/\/api.w.org\/{rel}","templated":true}]}}