{"id":5760,"date":"2020-05-04T16:05:34","date_gmt":"2020-05-04T14:05:34","guid":{"rendered":"https:\/\/www.compagniadisanpaolo.it\/?post_type=comunicatistampa&#038;p=5760"},"modified":"2021-10-20T16:08:29","modified_gmt":"2021-10-20T14:08:29","slug":"coronavirus-piemonte-in-12-giorni-trasformata-una-parte-delle-ogr-in-ospedale-covid","status":"publish","type":"comunicatistampa","link":"https:\/\/www.compagniadisanpaolo.it\/it\/comunicati-stampa\/coronavirus-piemonte-in-12-giorni-trasformata-una-parte-delle-ogr-in-ospedale-covid\/","title":{"rendered":"Coronavirus Piemonte: in 12 giorni trasformata una parte delle OGR in ospedale Covid"},"content":{"rendered":"<div class=\"wpb-content-wrapper\">[vc_row][vc_column][vc_column_text el_class=&#8221;text-headline2&#8243;]\n<div class=\"page\" title=\"Page 1\">\n<div class=\"layoutArea\">\n<div class=\"column\">\n<p>Un grande lavoro di squadra per un piccolo miracolo<\/p>\n<\/div>\n<\/div>\n<\/div>\n[\/vc_column_text][\/vc_column][\/vc_row][vc_row][vc_column][vc_column_text]\n<div class=\"info-box mission\">\n\t\t<div class=\"info-box-wrap info-box-hor row pb-0\">\n\n\t\t      \n\t\t      <div class=\"spalla col-12 col-md-12\">\n\t\t\t<div class=\"info-box sharing-box\">\n\t\t\t  <span class=\"label\">Condividi:<\/span>\n\t\t\t  <div class=\"social-sharing\">\n\t\t\t    <span class=\"box\">\n\t\t\t      <a class=\"fb\" href=\"https:\/\/www.facebook.com\/sharer.php?u=https:\/\/www.compagniadisanpaolo.it\/it\/comunicati-stampa\/coronavirus-piemonte-in-12-giorni-trasformata-una-parte-delle-ogr-in-ospedale-covid\/\" target=\"_blank\">\n\t\t\t\t<span class=\"sr-only\">Facebook<\/span>\n\t\t\t\t<i class=\"fab fa-facebook-f\"><\/i>\n\t\t\t      <\/a>\n\t\t\t    <\/span>\n\t\t\t    \n\t\t\t    <style>\n.twitter, .twitter:hover{\ncolor:#000000 !important;}\n<\/style>\n\n\n\t\t\t    <span class=\"box\">\n\t\t\t      <a class=\"twitter\" href=\"https:\/\/twitter.com\/intent\/tweet?url=https:\/\/www.compagniadisanpaolo.it\/it\/comunicati-stampa\/coronavirus-piemonte-in-12-giorni-trasformata-una-parte-delle-ogr-in-ospedale-covid\/\">\n\t\t\t\t<span class=\"sr-only\">Twitter<\/span>\n\t\t\t\t<i class=\"fa-brands fa-x-twitter\"><\/i>\n\t\t\t      <\/a>\n\t\t\t    <\/span>\n\n\t\t\t    \n\t\t\t    <span class=\"box\">\n\t\t\t      <a class=\"linkedin\" href=\"https:\/\/www.linkedin.com\/shareArticle?mini=true&url=https:\/\/www.compagniadisanpaolo.it\/it\/comunicati-stampa\/coronavirus-piemonte-in-12-giorni-trasformata-una-parte-delle-ogr-in-ospedale-covid\/\">\n\t\t\t\t<span class=\"sr-only\">Linkedin<\/span>\n\t\t\t\t  <i class=\"fa-brands fa-linkedin-in\"><\/i>\n\t\t\t      <\/a>\n\t\t\t    <\/span>\n\n\t\t\t    <span class=\"box\">\n\t\t\t      <a class=\"whatsapp\" href=\"whatsapp:\/\/send?text=https:\/\/www.compagniadisanpaolo.it\/it\/comunicati-stampa\/coronavirus-piemonte-in-12-giorni-trasformata-una-parte-delle-ogr-in-ospedale-covid\/\" data-action=\"share\/whatsapp\/share\">\n\t\t\t\t<span class=\"sr-only\">Whatsapp<\/span>\n\t\t\t\t<i class=\"fa-brands fa-whatsapp\"><\/i>\n\t\t\t      <\/a>\n\t\t\t    <\/span>\n\n\t\t\t    <span class=\"box\">\n\t\t\t      <a class=\"mail\" href=\"mailto:?subject=Coronavirus Piemonte: in 12 giorni trasformata una parte delle OGR in ospedale Covid&body=https:\/\/www.compagniadisanpaolo.it\/it\/comunicati-stampa\/coronavirus-piemonte-in-12-giorni-trasformata-una-parte-delle-ogr-in-ospedale-covid\/\">\n\t\t\t\t<span class=\"sr-only\">Mail<\/span>\n\t\t\t\t <i class=\"fa-solid fa-envelope\"><\/i>\n\t\t\t      <\/a>\n\t\t\t    <\/span>\n\t\t\t    \n\t\t\t  <\/div>\n\t\t\t<\/div>\n\t      <\/div>\n\t    <\/div><\/div>\n[\/vc_column_text][\/vc_column][\/vc_row][vc_row][vc_column width=&#8221;1\/4&#8243;][vc_column_text]\n\n\n\t\t<div class=\"info-box-wrap\">\n\n\t  <div class=\"info-box date-pub\">\n\t  \t<span class=\"label\">Data di pubblicazione:<\/span>\n\t    <span class=\"value\">4 Maggio 2020<\/span>\n\t  <\/div>\n\t\t\t\t  <div class=\"info-box obj-institutional\">\n\t\t\t\t\t  <div class=\"info-box obj\">\n\t\t\t\t\t    <div class=\"obj-small-box\">\n\t\t\t\t\t      <span>Istituzionale<\/span>\n\t\t\t\t\t    <\/div>\n\t\t\t\t\t  <\/div>\n\t\t\t\t  <\/div>\n\t\t\t  <div class=\"info-box mission\"><span class=\"label\">Tag<\/span><a href=\"https:\/\/www.compagniadisanpaolo.it\/it\/tags\/risultati\/?_sft_post_tag=oltre-lerogazione\" class=\"tag-element\">Oltre l'erogazione<\/a><a href=\"https:\/\/www.compagniadisanpaolo.it\/it\/tags\/risultati\/?_sft_post_tag=sviluppo-organizzativo\" class=\"tag-element\">Sviluppo organizzativo<\/a><a href=\"https:\/\/www.compagniadisanpaolo.it\/it\/tags\/risultati\/?_sft_post_tag=wellbeing\" class=\"tag-element\">Wellbeing<\/a><\/div>\t  \n\t<\/div>\n[\/vc_column_text][\/vc_column][vc_column width=&#8221;3\/4&#8243; el_class=&#8221;page-content&#8221;][vc_column_text el_class=&#8221;text&#8221;]\n<div class=\"page\" title=\"Page 1\">\n<div class=\"layoutArea\">\n<div class=\"column\">\n<p>Torino, 18 aprile 2020.<\/p>\n<p>12 giorni di lavoro 24 ore su 24 con una squadra di oltre 100 persone, guidate dal Genio Infrastrutture dell\u2019Aeronautica militare con l\u2019Unit\u00e0 di crisi e la Protezione civile della Regione Piemonte, per trasformare una parte delle storiche OGR Officine Grandi Riparazioni di Torino in un ospedale temporaneo dedicato ai pazienti Covid. Da domani sono completamente operativi gli 8.900mq messi a disposizione dalla Fondazione CRT, proprietaria della struttura, nell\u2019ambito dell\u2019intesa tra Regione, Prefettura, Comune di Torino e Societ\u00e0 consortile per azioni O.G.R. \u2013 CRT.<\/p>\n<p>Circa 3 milioni di euro il valore dell\u2019intervento, interamente sostenuto da Compagnia di San Paolo.<\/p>\n<p>12 stanze per un totale di 90 posti dedicati ai pazienti in via di guarigione: 56 posti letto di degenza, 30 di terapia subintensiva e 4 di terapia intensiva potenziabili fino a 12 in caso di necessit\u00e0.<br \/>\nIn particolare, 2 dei posti di terapia intensiva si trovano nel primo prototipo del modulo CURA, finanziato e donato da Unicredit: il container\/unit\u00e0 di terapia intensiva mobile realizzato in 4 settimane da una task force internazionale che include, tra gli altri, i designer di Carlo Ratti Associati con Italo Rota e gli ingegneri diJacobs, con le tecnologie medicali Philips.<\/p>\n<p>Il tutto \u00e8 monitorato da una sala di controllo sopraelevata, che si affaccia sull\u2019intera area sanitaria.<\/p>\n<p>Le prime squadre di lavoro sono entrate il 6 aprile, il giorno successivo sono iniziati i lavori portati avanti dal Genio dell\u2019Aeronautica, con il supporto di Modorent per l\u2019allestimento. In queste ore \u00e8 in corso la sanificazione per poter accogliere i primi pazienti gi\u00e0 dal primo mattino di domani, domenica 19.<\/p>\n<p>Saranno circa 100 gli operatori sanitari in forze alle OGR, di cui circa 40 medici e 60 infermieri e personale sanitario. Tra loro anche i 38 medici e infermieri della Brigada cubana Henry Reeve specializzata in emergenze (dall\u2019uragano Katrina al terremoto di Haiti, alle strutture sanitarie per l\u2019Ebola in Africa). La squadra \u00e8 atterrata a Caselle il giorno di Pasquetta grazie al supporto dell\u2019Ambasciata della Repubblica di Cuba in Italia, Aicec l\u2019Agenzia di Interscambio Culturale ed Economico con Cuba, oltre a Fondazione Specchio dei Tempi e Lavazza che hanno sostenuto i costi del volo in un momento in cui nessun aereo lascia L\u2019Avana per l\u2019Europa.<\/p>\n<p>Progettato per essere completamente riutilizzato una volta finita l\u2019emergenza, l\u2019ospedale \u00e8 stato costruito grazie al supporto, in particolare, di un team di 16 specialisti del settore impiantistico dell\u2019Aeronautica militare provenienti dalle unit\u00e0 operative (8\u00b0, 16\u00b0 e 27\u00b0 Gruppo Genio Campale) dei tre Reparti Genio, esperti nella progettazione e realizzazione di opere in condizioni di criticit\u00e0. Tra gli interventi realizzati in pochissimi giorni tutti gli impianti elettrici e idrico-sanitari a servizio dell\u2019intera struttura, pensati e realizzati nel rispetto delle restrittive norme per le strutture ospedaliere di questa tipologia.<\/p>\n<p>\u00abIl nostro grazie va a tutti coloro che con un grande lavoro di squadra &#8211; spiega il presidente della Regione Piemonte Alberto Cirio \u2013 hanno permesso di compiere in soli 12 giorni un piccolo importante miracolo. Grazie a tutti i partner istituzionali pubblici e privati e, soprattutto, alle donne e agli uomini che da domani daranno vita a un ospedale da campo che mai avremmo immaginato di dover aprire. Questa straordinaria struttura ha un duplice valore: curare i malati Covid e allo stesso tempo liberare posti negli ospedali del territorio, affinch\u00e9 possano tornare a prendersi cura di tutte le altre emergenze sanitarie\u00bb.<\/p>\n<\/div>\n<\/div>\n<\/div>\n<div class=\"page\" title=\"Page 2\">\n<div class=\"layoutArea\">\n<div class=\"column\">\n<p>\u00abL\u2019elenco dei ringraziamenti \u00e8 lunghissima \u2013 sottolinea la Sindaca di Torino Chiara Appendino &#8211; a dimostrazione di come il territorio in tutte le sue componenti abbia fatto la sua parte per dare risposta alle emergenze di questo momento. Le OGR hanno rappresentato le grandi fasi di cambiamento, dalla riparazione dei treni a luogo di cultura e ritrovo, seconda vocazione della citt\u00e0. Ora si \u00e8 nuovamente trasformata in tempi record per accogliere pazienti. Speriamo che presto possa tornare a essere luogo dove vivere gli spazi culturali della citt\u00e0 e ritornare alla sua seconda vocazione\u00bb.<\/p>\n<p>\u00abUn significativo segnale di coesione istituzionale \u2013 evidenzia il Prefetto di Torino Claudio Palomba -. Oggi abbiamo avuto la prova che risultati si raggiungono quando c\u2019\u00e8 unit\u00e0 tra tutti gli attori, a cui si associa l\u2019attitudine, tipicamente sabauda, nell\u2019affrontare la situazione in maniera equilibrata e coesa\u00bb.<\/p>\n<p>\u00abL&#8217;Aeronautica &#8211; spiega il Capo di stato maggiore dell\u2019Aeronautica militare Alberto Rosso &#8211; ha impiegato per svolgere questo intervento personale tecnico altamente specializzato dei Reparti Genio della Forza Armata, con il quale sono stati realizzati gli impianti elettrici e medicali necessari, rispettando gli standard di sicurezza previsti. Sono orgoglioso che i lavori siano stati completati in anticipo rispetto a quanto previsto. In questo contesto la tempestivit\u00e0 \u00e8 un aspetto essenziale per salvare vite umane. L&#8217;Aeronautica Militare opera costantemente con determinazione e volont\u00e0 in collaborazione con le diverse Istituzioni in questo momento di emergenza a favore della collettivit\u00e0\u00bb.<\/p>\n<p>\u00abDopo aver fatto rinascere le OGR due anni e mezzo fa \u2013 afferma il Presidente della Fondazione CRT Giovanni Quaglia \u2013, abbiamo scelto di metterle nuovamente a disposizione della comunit\u00e0 a canone zero per aiutare chi ha bisogno: questa \u00e8 la priorit\u00e0 assoluta per noi. Perch\u00e9, come diceva Italo Calvino, di una citt\u00e0 non si gode per le sette o le settantasette meraviglie, ma per la risposta che d\u00e0 a una domanda\u00bb.<\/p>\n<p>\u00abLe OGR aggiungono oggi una nuova, importante missione a quella di Officine della Cultura e della Tecnologia &#8211; dichiara il Direttore Generale delle OGR Massimo Lapucci -: diventare per alcuni mesi anche Officine della Salute, per riparare il bene pi\u00f9 prezioso delle persone nel momento di difficolt\u00e0 e bisogno per tutta la Comunit\u00e0\u00bb.<\/p>\n<\/div>\n<\/div>\n<div class=\"section\">\n<div class=\"layoutArea\">\n<div class=\"column\">\n<p>\u00abFin dall\u2019inizio dell\u2019emergenza \u2013 commenta <a href=\"https:\/\/www.compagniadisanpaolo.it\/it\/fondazione\/organi\/francesco-profumo-presidente\/\">Francesco Profumo presidente della Fondazione Compagnia di San Paolo<\/a> &#8211; gli interventi pi\u00f9 importanti che abbiamo voluto mettere in campo sono stati quelli tesi a supportare le necessit\u00e0 sanitarie, ma con uno sguardo volto al futuro. 3 milioni di euro per la realizzazione di un&#8217;area sanitaria temporanea presso gli spazi delle OGR, 5 milioni di euro per nuovi posti letto di terapia intensiva e semi intensiva, 300 mila euro alla Fondazione Medicina a misura di donna Onlus e futuri interventi in via di delibera. Oggi affrontiamo l\u2019emergenza, ma il nostro impegno \u00e8 intercettare le necessit\u00e0 di azione nelle successive fasi\u00bb.<\/p>\n<\/div>\n<\/div>\n<\/div>\n<\/div>\n[\/vc_column_text][\/vc_column][\/vc_row][vc_row el_class=&#8221;sdg-list-wrap&#8221;][vc_column][vc_raw_html]JTVCbW9zdHJhU0RHUyU1RA==[\/vc_raw_html][\/vc_column][\/vc_row][vc_row full_width=&#8221;stretch_row&#8221; el_class=&#8221;download-area-wrap mt-0 mb-0&#8243; css=&#8221;.vc_custom_1587069376729{margin-bottom: 0px !important;}&#8221;][vc_column el_class=&#8221;download-area&#8221;][vc_row_inner][vc_column_inner][vc_column_text]\n<h2 class=\"title\">Documenti di approfondimento<\/h2>\n[\/vc_column_text][\/vc_column_inner][\/vc_row_inner][vc_row_inner][vc_column_inner width=&#8221;1\/2&#8243;][vc_column_text el_class=&#8221;download-box&#8221;]\n<h3 class=\"title\">Comunicato stampa Regione Piemonte<\/h3>\n<p><a class=\"standard-link\" href=\"https:\/\/www.compagniadisanpaolo.it\/wp-content\/uploads\/20200418-ogr-covid.pdf\" target=\"_blank\" rel=\"noopener noreferrer\">Scarica il documento<\/a>[\/vc_column_text][\/vc_column_inner][\/vc_row_inner][\/vc_column][\/vc_row][vc_row][vc_column]<div class=\"templatera_shortcode\"><div data-vc-full-width=\"true\" data-vc-full-width-temp=\"true\" data-vc-full-width-init=\"false\" class=\"vc_row wpb_row vc_row-fluid newsletter-wrap\"><div class=\"wpb_column vc_column_container vc_col-sm-12\"><div class=\"vc_column-inner\"><div class=\"wpb_wrapper\">\n\t<div class=\"wpb_raw_code wpb_raw_html wpb_content_element\" >\n\t\t<div class=\"wpb_wrapper\">\n\t\t\t    <div class=\"container\">\n      <div class=\"row align-items-center\">\n\t<div class=\"col-12 col-lg-6 col-xl-5 mb-3 mb-lg-0 pr-0\">\n\t  <h2 class=\"title\">Rimani aggiornato sui nostri bandi e sui nostri progetti<\/h2>\n\t<\/div>\n\t<div class=\"col-12 col-lg-6 col-xl-7 pl-xl-4\">\n\t  <a class=\"standard-link-block\" href=\"\/it\/newsletter\/\">\n\t    Compila il form e decidi su quale argomento vuoi ricevere notizie.\t    <strong>\u00a0 ISCRIVITI!<\/strong>\n\t  <\/a>\n\t<\/div>\n      <\/div>\n    <\/div>\n\t\t<\/div>\n\t<\/div>\n<\/div><\/div><\/div><\/div><div class=\"vc_row-full-width vc_clearfix\"><\/div><\/div>[\/vc_column][\/vc_row]\n<\/div>","protected":false},"excerpt":{"rendered":"Un grande lavoro di squadra per un piccolo miracolo Condividi: Facebook Twitter Linkedin Whatsapp Mail Data di pubblicazione: 4 Maggio 2020 Istituzionale TagOltre l'erogazioneSviluppo organizzativoWellbeing Torino, 18 aprile 2020. 12 giorni di lavoro 24 ore su 24 con una squadra di oltre 100 persone, guidate dal Genio Infrastrutture dell\u2019Aeronautica militare con l\u2019Unit\u00e0 di crisi e la Protezione civile della Regione Piemonte, per trasformare una parte delle storiche OGR Officine Grandi Riparazioni di Torino in un ospedale temporaneo dedicato ai pazienti Covid. Da domani sono completamente operativi gli 8.900mq messi a disposizione dalla Fondazione CRT, proprietaria della struttura, nell\u2019ambito dell\u2019intesa tra Regione, Prefettura, Comune di Torino e Societ\u00e0 consortile per azioni O.G.R. \u2013 CRT. Circa 3 milioni di euro il valore dell\u2019intervento, interamente sostenuto da Compagnia di San Paolo. 12 stanze per un totale di 90 posti dedicati ai pazienti in via di guarigione: 56 posti letto di degenza, 30 di terapia subintensiva e 4 di terapia intensiva potenziabili fino a 12 in caso di necessit\u00e0. In particolare, 2 dei posti di terapia intensiva si trovano nel primo prototipo del modulo CURA, finanziato e donato da Unicredit: il container\/unit\u00e0 di terapia intensiva mobile realizzato in 4 settimane da una task force internazionale che include, tra gli altri, i designer di Carlo Ratti Associati con Italo Rota e gli ingegneri diJacobs, con le tecnologie medicali Philips. Il tutto \u00e8 monitorato da una sala di controllo sopraelevata, che si affaccia sull\u2019intera area sanitaria. Le prime squadre di lavoro sono entrate il 6 aprile, il giorno successivo sono iniziati i lavori portati avanti dal Genio dell\u2019Aeronautica, con il supporto di Modorent per l\u2019allestimento. In queste ore \u00e8 in corso la sanificazione per poter accogliere i primi pazienti gi\u00e0 dal primo mattino di domani, domenica 19. Saranno circa 100 gli operatori sanitari in forze alle OGR, di cui circa 40 medici e 60 infermieri e personale sanitario. Tra loro anche i 38 medici e infermieri della Brigada cubana Henry Reeve specializzata in emergenze (dall\u2019uragano Katrina al terremoto di Haiti, alle strutture sanitarie per l\u2019Ebola in Africa). La squadra \u00e8 atterrata a Caselle il giorno di Pasquetta grazie al supporto dell\u2019Ambasciata della Repubblica di Cuba in Italia, Aicec l\u2019Agenzia di Interscambio Culturale ed Economico con Cuba, oltre a Fondazione Specchio dei Tempi e Lavazza che hanno sostenuto i costi del volo in un momento in cui nessun aereo lascia L\u2019Avana per l\u2019Europa. Progettato per essere completamente riutilizzato una volta finita l\u2019emergenza, l\u2019ospedale \u00e8 stato costruito grazie al supporto, in particolare, di un team di 16 specialisti del settore impiantistico dell\u2019Aeronautica militare provenienti dalle unit\u00e0 operative (8\u00b0, 16\u00b0 e 27\u00b0 Gruppo Genio Campale) dei tre Reparti Genio, esperti nella progettazione e realizzazione di opere in condizioni di criticit\u00e0. Tra gli interventi realizzati in pochissimi giorni tutti gli impianti elettrici e idrico-sanitari a servizio dell\u2019intera struttura, pensati e realizzati nel rispetto delle restrittive norme per le strutture ospedaliere di questa tipologia. \u00abIl nostro grazie va a tutti coloro che con un grande lavoro di squadra - spiega il presidente della Regione Piemonte Alberto Cirio \u2013 hanno permesso di compiere in soli 12 giorni un piccolo importante miracolo. Grazie a tutti i partner istituzionali pubblici e privati e, soprattutto, alle donne e agli uomini che da domani daranno vita a un ospedale da campo che mai avremmo immaginato di dover aprire. Questa straordinaria struttura ha un duplice valore: curare i malati Covid e allo stesso tempo liberare posti negli ospedali del territorio, affinch\u00e9 possano tornare a prendersi cura di tutte le altre emergenze sanitarie\u00bb. \u00abL\u2019elenco dei ringraziamenti \u00e8 lunghissima \u2013 sottolinea la Sindaca di Torino Chiara Appendino - a dimostrazione di come il territorio in tutte le sue componenti abbia fatto la sua parte per dare risposta alle emergenze di questo momento. Le OGR hanno rappresentato le grandi fasi di cambiamento, dalla riparazione dei treni a luogo di cultura e ritrovo, seconda vocazione della citt\u00e0. Ora si \u00e8 nuovamente trasformata in tempi record per accogliere pazienti. Speriamo che presto possa tornare a essere luogo dove vivere gli spazi culturali della citt\u00e0 e ritornare alla sua seconda vocazione\u00bb. \u00abUn significativo segnale di coesione istituzionale \u2013 evidenzia il Prefetto di Torino Claudio Palomba -. Oggi abbiamo avuto la prova che risultati si raggiungono quando c\u2019\u00e8 unit\u00e0 tra tutti gli attori, a cui si associa l\u2019attitudine, tipicamente sabauda, nell\u2019affrontare la situazione in maniera equilibrata e coesa\u00bb. \u00abL'Aeronautica - spiega il Capo di stato maggiore dell\u2019Aeronautica militare Alberto Rosso - ha impiegato per svolgere questo intervento personale tecnico altamente specializzato dei Reparti Genio della Forza Armata, con il quale sono stati realizzati gli impianti elettrici e medicali necessari, rispettando gli standard di sicurezza previsti. Sono orgoglioso che i lavori siano stati completati in anticipo rispetto a quanto previsto. In questo contesto la tempestivit\u00e0 \u00e8 un aspetto essenziale per salvare vite umane. L'Aeronautica Militare opera costantemente con determinazione e volont\u00e0 in collaborazione con le diverse Istituzioni in questo momento di emergenza a favore della collettivit\u00e0\u00bb. \u00abDopo aver fatto rinascere le OGR due anni e mezzo fa \u2013 afferma il Presidente della Fondazione CRT Giovanni Quaglia \u2013, abbiamo scelto di metterle nuovamente a disposizione della comunit\u00e0 a canone zero per aiutare chi ha bisogno: questa \u00e8 la priorit\u00e0 assoluta per noi. Perch\u00e9, come diceva Italo Calvino, di una citt\u00e0 non si gode per le sette o le settantasette meraviglie, ma per la risposta che d\u00e0 a una domanda\u00bb. \u00abLe OGR aggiungono oggi una nuova, importante missione a quella di Officine della Cultura e della Tecnologia - dichiara il Direttore Generale delle OGR Massimo Lapucci -: diventare per alcuni mesi anche Officine della Salute, per riparare il bene pi\u00f9 prezioso delle persone nel momento di difficolt\u00e0 e bisogno per tutta la Comunit\u00e0\u00bb. \u00abFin dall\u2019inizio dell\u2019emergenza \u2013 commenta Francesco Profumo presidente della Fondazione Compagnia di San Paolo - gli interventi pi\u00f9 importanti che abbiamo voluto mettere in campo sono stati quelli tesi a supportare le necessit\u00e0 sanitarie, ma con uno sguardo volto al futuro. 3 milioni di euro per la realizzazione di un'area sanitaria temporanea presso gli","protected":false},"featured_media":2565,"menu_order":0,"template":"","meta":{"_acf_changed":false,"content-type":""},"tags":[69,61,78],"class_list":["post-5760","comunicatistampa","type-comunicatistampa","status-publish","has-post-thumbnail","hentry","tag-oltre-lerogazione","tag-sviluppo-organizzativo","tag-wellbeing","entry","post-inner"],"acf":[],"yoast_head":"<!-- This site is optimized with the Yoast SEO plugin v27.3 - https:\/\/yoast.com\/product\/yoast-seo-wordpress\/ -->\n<title>Coronavirus Piemonte: in 12 giorni trasformata una parte delle OGR in ospedale Covid - Fondazione Compagnia di San Paolo<\/title>\n<meta name=\"robots\" content=\"index, follow, max-snippet:-1, max-image-preview:large, max-video-preview:-1\" \/>\n<link rel=\"canonical\" href=\"https:\/\/www.compagniadisanpaolo.it\/it\/comunicati-stampa\/coronavirus-piemonte-in-12-giorni-trasformata-una-parte-delle-ogr-in-ospedale-covid\/\" \/>\n<meta property=\"og:locale\" content=\"it_IT\" \/>\n<meta property=\"og:type\" content=\"article\" \/>\n<meta property=\"og:title\" content=\"Coronavirus Piemonte: in 12 giorni trasformata una parte delle OGR in ospedale Covid - Fondazione Compagnia di San Paolo\" \/>\n<meta property=\"og:url\" content=\"https:\/\/www.compagniadisanpaolo.it\/it\/comunicati-stampa\/coronavirus-piemonte-in-12-giorni-trasformata-una-parte-delle-ogr-in-ospedale-covid\/\" \/>\n<meta property=\"og:site_name\" content=\"Fondazione Compagnia di San Paolo\" \/>\n<meta property=\"article:publisher\" content=\"https:\/\/www.facebook.com\/CompagniaDiSanPaolo\" \/>\n<meta property=\"article:modified_time\" content=\"2021-10-20T14:08:29+00:00\" \/>\n<meta property=\"og:image\" content=\"https:\/\/www.compagniadisanpaolo.it\/wp-content\/uploads\/PLACEHOLDER-OBIETTIVI-ISTITUZIONALE-BIG.jpg\" \/>\n\t<meta property=\"og:image:width\" content=\"1600\" \/>\n\t<meta property=\"og:image:height\" content=\"900\" \/>\n\t<meta property=\"og:image:type\" content=\"image\/jpeg\" \/>\n<meta name=\"twitter:card\" content=\"summary_large_image\" \/>\n<meta name=\"twitter:site\" content=\"@CSP_live\" \/>\n<meta name=\"twitter:label1\" content=\"Tempo di lettura stimato\" \/>\n\t<meta name=\"twitter:data1\" content=\"6 minuti\" \/>\n<script type=\"application\/ld+json\" class=\"yoast-schema-graph\">{\"@context\":\"https:\\\/\\\/schema.org\",\"@graph\":[{\"@type\":\"WebPage\",\"@id\":\"https:\\\/\\\/www.compagniadisanpaolo.it\\\/it\\\/comunicati-stampa\\\/coronavirus-piemonte-in-12-giorni-trasformata-una-parte-delle-ogr-in-ospedale-covid\\\/\",\"url\":\"https:\\\/\\\/www.compagniadisanpaolo.it\\\/it\\\/comunicati-stampa\\\/coronavirus-piemonte-in-12-giorni-trasformata-una-parte-delle-ogr-in-ospedale-covid\\\/\",\"name\":\"Coronavirus Piemonte: in 12 giorni trasformata una parte delle OGR in ospedale Covid - Fondazione Compagnia di San Paolo\",\"isPartOf\":{\"@id\":\"https:\\\/\\\/www.compagniadisanpaolo.it\\\/it\\\/#website\"},\"primaryImageOfPage\":{\"@id\":\"https:\\\/\\\/www.compagniadisanpaolo.it\\\/it\\\/comunicati-stampa\\\/coronavirus-piemonte-in-12-giorni-trasformata-una-parte-delle-ogr-in-ospedale-covid\\\/#primaryimage\"},\"image\":{\"@id\":\"https:\\\/\\\/www.compagniadisanpaolo.it\\\/it\\\/comunicati-stampa\\\/coronavirus-piemonte-in-12-giorni-trasformata-una-parte-delle-ogr-in-ospedale-covid\\\/#primaryimage\"},\"thumbnailUrl\":\"https:\\\/\\\/www.compagniadisanpaolo.it\\\/wp-content\\\/uploads\\\/PLACEHOLDER-OBIETTIVI-ISTITUZIONALE-BIG.jpg\",\"datePublished\":\"2020-05-04T14:05:34+00:00\",\"dateModified\":\"2021-10-20T14:08:29+00:00\",\"breadcrumb\":{\"@id\":\"https:\\\/\\\/www.compagniadisanpaolo.it\\\/it\\\/comunicati-stampa\\\/coronavirus-piemonte-in-12-giorni-trasformata-una-parte-delle-ogr-in-ospedale-covid\\\/#breadcrumb\"},\"inLanguage\":\"it-IT\",\"potentialAction\":[{\"@type\":\"ReadAction\",\"target\":[\"https:\\\/\\\/www.compagniadisanpaolo.it\\\/it\\\/comunicati-stampa\\\/coronavirus-piemonte-in-12-giorni-trasformata-una-parte-delle-ogr-in-ospedale-covid\\\/\"]}]},{\"@type\":\"ImageObject\",\"inLanguage\":\"it-IT\",\"@id\":\"https:\\\/\\\/www.compagniadisanpaolo.it\\\/it\\\/comunicati-stampa\\\/coronavirus-piemonte-in-12-giorni-trasformata-una-parte-delle-ogr-in-ospedale-covid\\\/#primaryimage\",\"url\":\"https:\\\/\\\/www.compagniadisanpaolo.it\\\/wp-content\\\/uploads\\\/PLACEHOLDER-OBIETTIVI-ISTITUZIONALE-BIG.jpg\",\"contentUrl\":\"https:\\\/\\\/www.compagniadisanpaolo.it\\\/wp-content\\\/uploads\\\/PLACEHOLDER-OBIETTIVI-ISTITUZIONALE-BIG.jpg\",\"width\":1600,\"height\":900},{\"@type\":\"BreadcrumbList\",\"@id\":\"https:\\\/\\\/www.compagniadisanpaolo.it\\\/it\\\/comunicati-stampa\\\/coronavirus-piemonte-in-12-giorni-trasformata-una-parte-delle-ogr-in-ospedale-covid\\\/#breadcrumb\",\"itemListElement\":[{\"@type\":\"ListItem\",\"position\":1,\"name\":\"Home\",\"item\":\"https:\\\/\\\/www.compagniadisanpaolo.it\\\/it\\\/\"},{\"@type\":\"ListItem\",\"position\":2,\"name\":\"Coronavirus Piemonte: in 12 giorni trasformata una parte delle OGR in ospedale Covid\"}]},{\"@type\":\"WebSite\",\"@id\":\"https:\\\/\\\/www.compagniadisanpaolo.it\\\/it\\\/#website\",\"url\":\"https:\\\/\\\/www.compagniadisanpaolo.it\\\/it\\\/\",\"name\":\"Fondazione Compagnia di San Paolo\",\"description\":\"\",\"publisher\":{\"@id\":\"https:\\\/\\\/www.compagniadisanpaolo.it\\\/it\\\/#organization\"},\"potentialAction\":[{\"@type\":\"SearchAction\",\"target\":{\"@type\":\"EntryPoint\",\"urlTemplate\":\"https:\\\/\\\/www.compagniadisanpaolo.it\\\/it\\\/?s={search_term_string}\"},\"query-input\":{\"@type\":\"PropertyValueSpecification\",\"valueRequired\":true,\"valueName\":\"search_term_string\"}}],\"inLanguage\":\"it-IT\"},{\"@type\":\"Organization\",\"@id\":\"https:\\\/\\\/www.compagniadisanpaolo.it\\\/it\\\/#organization\",\"name\":\"Fondazione Compagnia di San Paolo\",\"url\":\"https:\\\/\\\/www.compagniadisanpaolo.it\\\/it\\\/\",\"logo\":{\"@type\":\"ImageObject\",\"inLanguage\":\"it-IT\",\"@id\":\"https:\\\/\\\/www.compagniadisanpaolo.it\\\/it\\\/#\\\/schema\\\/logo\\\/image\\\/\",\"url\":\"https:\\\/\\\/www.compagniadisanpaolo.it\\\/wp-content\\\/uploads\\\/logo.svg\",\"contentUrl\":\"https:\\\/\\\/www.compagniadisanpaolo.it\\\/wp-content\\\/uploads\\\/logo.svg\",\"width\":769,\"height\":323,\"caption\":\"Fondazione Compagnia di San Paolo\"},\"image\":{\"@id\":\"https:\\\/\\\/www.compagniadisanpaolo.it\\\/it\\\/#\\\/schema\\\/logo\\\/image\\\/\"},\"sameAs\":[\"https:\\\/\\\/www.facebook.com\\\/CompagniaDiSanPaolo\",\"https:\\\/\\\/x.com\\\/CSP_live\",\"http:\\\/\\\/instagram.com\\\/compagniadisanpaolo?ref=badge\",\"https:\\\/\\\/www.linkedin.com\\\/company\\\/compagnia-di-san-paolo\",\"https:\\\/\\\/www.youtube.com\\\/user\\\/compagniadisanpaolo\",\"https:\\\/\\\/it.wikipedia.org\\\/wiki\\\/Compagnia_di_San_Paolo\"]}]}<\/script>\n<!-- \/ Yoast SEO plugin. -->","yoast_head_json":{"title":"Coronavirus Piemonte: in 12 giorni trasformata una parte delle OGR in ospedale Covid - Fondazione Compagnia di San Paolo","robots":{"index":"index","follow":"follow","max-snippet":"max-snippet:-1","max-image-preview":"max-image-preview:large","max-video-preview":"max-video-preview:-1"},"canonical":"https:\/\/www.compagniadisanpaolo.it\/it\/comunicati-stampa\/coronavirus-piemonte-in-12-giorni-trasformata-una-parte-delle-ogr-in-ospedale-covid\/","og_locale":"it_IT","og_type":"article","og_title":"Coronavirus Piemonte: in 12 giorni trasformata una parte delle OGR in ospedale Covid - Fondazione Compagnia di San Paolo","og_url":"https:\/\/www.compagniadisanpaolo.it\/it\/comunicati-stampa\/coronavirus-piemonte-in-12-giorni-trasformata-una-parte-delle-ogr-in-ospedale-covid\/","og_site_name":"Fondazione Compagnia di San Paolo","article_publisher":"https:\/\/www.facebook.com\/CompagniaDiSanPaolo","article_modified_time":"2021-10-20T14:08:29+00:00","og_image":[{"width":1600,"height":900,"url":"https:\/\/www.compagniadisanpaolo.it\/wp-content\/uploads\/PLACEHOLDER-OBIETTIVI-ISTITUZIONALE-BIG.jpg","type":"image\/jpeg"}],"twitter_card":"summary_large_image","twitter_site":"@CSP_live","twitter_misc":{"Tempo di lettura stimato":"6 minuti"},"schema":{"@context":"https:\/\/schema.org","@graph":[{"@type":"WebPage","@id":"https:\/\/www.compagniadisanpaolo.it\/it\/comunicati-stampa\/coronavirus-piemonte-in-12-giorni-trasformata-una-parte-delle-ogr-in-ospedale-covid\/","url":"https:\/\/www.compagniadisanpaolo.it\/it\/comunicati-stampa\/coronavirus-piemonte-in-12-giorni-trasformata-una-parte-delle-ogr-in-ospedale-covid\/","name":"Coronavirus Piemonte: in 12 giorni trasformata una parte delle OGR in ospedale Covid - Fondazione Compagnia di San Paolo","isPartOf":{"@id":"https:\/\/www.compagniadisanpaolo.it\/it\/#website"},"primaryImageOfPage":{"@id":"https:\/\/www.compagniadisanpaolo.it\/it\/comunicati-stampa\/coronavirus-piemonte-in-12-giorni-trasformata-una-parte-delle-ogr-in-ospedale-covid\/#primaryimage"},"image":{"@id":"https:\/\/www.compagniadisanpaolo.it\/it\/comunicati-stampa\/coronavirus-piemonte-in-12-giorni-trasformata-una-parte-delle-ogr-in-ospedale-covid\/#primaryimage"},"thumbnailUrl":"https:\/\/www.compagniadisanpaolo.it\/wp-content\/uploads\/PLACEHOLDER-OBIETTIVI-ISTITUZIONALE-BIG.jpg","datePublished":"2020-05-04T14:05:34+00:00","dateModified":"2021-10-20T14:08:29+00:00","breadcrumb":{"@id":"https:\/\/www.compagniadisanpaolo.it\/it\/comunicati-stampa\/coronavirus-piemonte-in-12-giorni-trasformata-una-parte-delle-ogr-in-ospedale-covid\/#breadcrumb"},"inLanguage":"it-IT","potentialAction":[{"@type":"ReadAction","target":["https:\/\/www.compagniadisanpaolo.it\/it\/comunicati-stampa\/coronavirus-piemonte-in-12-giorni-trasformata-una-parte-delle-ogr-in-ospedale-covid\/"]}]},{"@type":"ImageObject","inLanguage":"it-IT","@id":"https:\/\/www.compagniadisanpaolo.it\/it\/comunicati-stampa\/coronavirus-piemonte-in-12-giorni-trasformata-una-parte-delle-ogr-in-ospedale-covid\/#primaryimage","url":"https:\/\/www.compagniadisanpaolo.it\/wp-content\/uploads\/PLACEHOLDER-OBIETTIVI-ISTITUZIONALE-BIG.jpg","contentUrl":"https:\/\/www.compagniadisanpaolo.it\/wp-content\/uploads\/PLACEHOLDER-OBIETTIVI-ISTITUZIONALE-BIG.jpg","width":1600,"height":900},{"@type":"BreadcrumbList","@id":"https:\/\/www.compagniadisanpaolo.it\/it\/comunicati-stampa\/coronavirus-piemonte-in-12-giorni-trasformata-una-parte-delle-ogr-in-ospedale-covid\/#breadcrumb","itemListElement":[{"@type":"ListItem","position":1,"name":"Home","item":"https:\/\/www.compagniadisanpaolo.it\/it\/"},{"@type":"ListItem","position":2,"name":"Coronavirus Piemonte: in 12 giorni trasformata una parte delle OGR in ospedale Covid"}]},{"@type":"WebSite","@id":"https:\/\/www.compagniadisanpaolo.it\/it\/#website","url":"https:\/\/www.compagniadisanpaolo.it\/it\/","name":"Fondazione Compagnia di San Paolo","description":"","publisher":{"@id":"https:\/\/www.compagniadisanpaolo.it\/it\/#organization"},"potentialAction":[{"@type":"SearchAction","target":{"@type":"EntryPoint","urlTemplate":"https:\/\/www.compagniadisanpaolo.it\/it\/?s={search_term_string}"},"query-input":{"@type":"PropertyValueSpecification","valueRequired":true,"valueName":"search_term_string"}}],"inLanguage":"it-IT"},{"@type":"Organization","@id":"https:\/\/www.compagniadisanpaolo.it\/it\/#organization","name":"Fondazione Compagnia di San Paolo","url":"https:\/\/www.compagniadisanpaolo.it\/it\/","logo":{"@type":"ImageObject","inLanguage":"it-IT","@id":"https:\/\/www.compagniadisanpaolo.it\/it\/#\/schema\/logo\/image\/","url":"https:\/\/www.compagniadisanpaolo.it\/wp-content\/uploads\/logo.svg","contentUrl":"https:\/\/www.compagniadisanpaolo.it\/wp-content\/uploads\/logo.svg","width":769,"height":323,"caption":"Fondazione Compagnia di San Paolo"},"image":{"@id":"https:\/\/www.compagniadisanpaolo.it\/it\/#\/schema\/logo\/image\/"},"sameAs":["https:\/\/www.facebook.com\/CompagniaDiSanPaolo","https:\/\/x.com\/CSP_live","http:\/\/instagram.com\/compagniadisanpaolo?ref=badge","https:\/\/www.linkedin.com\/company\/compagnia-di-san-paolo","https:\/\/www.youtube.com\/user\/compagniadisanpaolo","https:\/\/it.wikipedia.org\/wiki\/Compagnia_di_San_Paolo"]}]}},"amp_enabled":true,"_links":{"self":[{"href":"https:\/\/www.compagniadisanpaolo.it\/it\/wp-json\/wp\/v2\/comunicatistampa\/5760","targetHints":{"allow":["GET"]}}],"collection":[{"href":"https:\/\/www.compagniadisanpaolo.it\/it\/wp-json\/wp\/v2\/comunicatistampa"}],"about":[{"href":"https:\/\/www.compagniadisanpaolo.it\/it\/wp-json\/wp\/v2\/types\/comunicatistampa"}],"wp:featuredmedia":[{"embeddable":true,"href":"https:\/\/www.compagniadisanpaolo.it\/it\/wp-json\/wp\/v2\/media\/2565"}],"wp:attachment":[{"href":"https:\/\/www.compagniadisanpaolo.it\/it\/wp-json\/wp\/v2\/media?parent=5760"}],"wp:term":[{"taxonomy":"post_tag","embeddable":true,"href":"https:\/\/www.compagniadisanpaolo.it\/it\/wp-json\/wp\/v2\/tags?post=5760"}],"curies":[{"name":"wp","href":"https:\/\/api.w.org\/{rel}","templated":true}]}}