{"id":5356,"date":"2020-07-06T18:13:09","date_gmt":"2020-07-06T16:13:09","guid":{"rendered":"https:\/\/www.compagniadisanpaolo.it\/?post_type=comunicatistampa&#038;p=5356"},"modified":"2021-09-12T23:48:56","modified_gmt":"2021-09-12T21:48:56","slug":"sam-non-va-in-vacanza","status":"publish","type":"comunicatistampa","link":"https:\/\/www.compagniadisanpaolo.it\/it\/comunicati-stampa\/sam-non-va-in-vacanza\/","title":{"rendered":"Sam non va in vacanza"},"content":{"rendered":"<div class=\"wpb-content-wrapper\">[vc_row][vc_column][vc_column_text el_class=&#8221;text-headline2&#8243;]\n<div class=\"page\" title=\"Page 1\">\n<div class=\"layoutArea\">\n<div class=\"column\">\n<p>Sam non va in vacanza: un progetto che vuole coinvolgere 2000 ragazzi e ragazze per una comunit\u00e0 sempre pi\u00f9 inclusiva.<\/p>\n<\/div>\n<\/div>\n<\/div>\n[\/vc_column_text][\/vc_column][\/vc_row][vc_row][vc_column][vc_column_text]\n<div class=\"info-box mission\">\n\t\t<div class=\"info-box-wrap info-box-hor row pb-0\">\n\n\t\t      \n\t\t      <div class=\"spalla col-12 col-md-12\">\n\t\t\t<div class=\"info-box sharing-box\">\n\t\t\t  <span class=\"label\">Condividi:<\/span>\n\t\t\t  <div class=\"social-sharing\">\n\t\t\t    <span class=\"box\">\n\t\t\t      <a class=\"fb\" href=\"https:\/\/www.facebook.com\/sharer.php?u=https:\/\/www.compagniadisanpaolo.it\/it\/comunicati-stampa\/sam-non-va-in-vacanza\/\" target=\"_blank\">\n\t\t\t\t<span class=\"sr-only\">Facebook<\/span>\n\t\t\t\t<i class=\"fab fa-facebook-f\"><\/i>\n\t\t\t      <\/a>\n\t\t\t    <\/span>\n\t\t\t    \n\t\t\t    <style>\n.twitter, .twitter:hover{\ncolor:#000000 !important;}\n<\/style>\n\n\n\t\t\t    <span class=\"box\">\n\t\t\t      <a class=\"twitter\" href=\"https:\/\/twitter.com\/intent\/tweet?url=https:\/\/www.compagniadisanpaolo.it\/it\/comunicati-stampa\/sam-non-va-in-vacanza\/\">\n\t\t\t\t<span class=\"sr-only\">Twitter<\/span>\n\t\t\t\t<i class=\"fa-brands fa-x-twitter\"><\/i>\n\t\t\t      <\/a>\n\t\t\t    <\/span>\n\n\t\t\t    \n\t\t\t    <span class=\"box\">\n\t\t\t      <a class=\"linkedin\" href=\"https:\/\/www.linkedin.com\/shareArticle?mini=true&url=https:\/\/www.compagniadisanpaolo.it\/it\/comunicati-stampa\/sam-non-va-in-vacanza\/\">\n\t\t\t\t<span class=\"sr-only\">Linkedin<\/span>\n\t\t\t\t  <i class=\"fa-brands fa-linkedin-in\"><\/i>\n\t\t\t      <\/a>\n\t\t\t    <\/span>\n\n\t\t\t    <span class=\"box\">\n\t\t\t      <a class=\"whatsapp\" href=\"whatsapp:\/\/send?text=https:\/\/www.compagniadisanpaolo.it\/it\/comunicati-stampa\/sam-non-va-in-vacanza\/\" data-action=\"share\/whatsapp\/share\">\n\t\t\t\t<span class=\"sr-only\">Whatsapp<\/span>\n\t\t\t\t<i class=\"fa-brands fa-whatsapp\"><\/i>\n\t\t\t      <\/a>\n\t\t\t    <\/span>\n\n\t\t\t    <span class=\"box\">\n\t\t\t      <a class=\"mail\" href=\"mailto:?subject=Sam non va in vacanza&body=https:\/\/www.compagniadisanpaolo.it\/it\/comunicati-stampa\/sam-non-va-in-vacanza\/\">\n\t\t\t\t<span class=\"sr-only\">Mail<\/span>\n\t\t\t\t <i class=\"fa-solid fa-envelope\"><\/i>\n\t\t\t      <\/a>\n\t\t\t    <\/span>\n\t\t\t    \n\t\t\t  <\/div>\n\t\t\t<\/div>\n\t      <\/div>\n\t    <\/div><\/div>\n[\/vc_column_text][\/vc_column][\/vc_row][vc_row][vc_column width=&#8221;1\/4&#8243;][vc_column_text]\n\n\n\t\t<div class=\"info-box-wrap\">\n\n\t  <div class=\"info-box date-pub\">\n\t  \t<span class=\"label\">Data di pubblicazione:<\/span>\n\t    <span class=\"value\">6 Luglio 2020<\/span>\n\t  <\/div>\n\t\t\t\t  <div class=\"info-box obj-people\">\n\t\t\t\t\t  <div class=\"info-box obj\"><span class=\"label\">Obiettivo<\/span>\n\t\t\t\t\t    <div class=\"obj-small-box\">\n\t\t\t\t\t      <span>Persone.<\/span>\n\t\t\t\t\t    <\/div>\n\t\t\t\t\t  <\/div>\n\t\t\t\t  <\/div>\n\t\t\t  <div class=\"info-box mission\"><span class=\"label\">Tag<\/span><a href=\"https:\/\/www.compagniadisanpaolo.it\/it\/tags\/risultati\/?_sft_post_tag=comunita-educanti\" class=\"tag-element\">Comunit\u00e0 educanti<\/a><a href=\"https:\/\/www.compagniadisanpaolo.it\/it\/tags\/risultati\/?_sft_post_tag=formazione\" class=\"tag-element\">Formazione<\/a><a href=\"https:\/\/www.compagniadisanpaolo.it\/it\/tags\/risultati\/?_sft_post_tag=nuove-generazioni\" class=\"tag-element\">Nuove generazioni<\/a><a href=\"https:\/\/www.compagniadisanpaolo.it\/it\/tags\/risultati\/?_sft_post_tag=pari-opportunita\" class=\"tag-element\">Pari opportunit\u00e0<\/a><a href=\"https:\/\/www.compagniadisanpaolo.it\/it\/tags\/risultati\/?_sft_post_tag=partnership-con-enti-istituzionali\" class=\"tag-element\">Partnership con enti istituzionali<\/a><\/div>\t  \n\t<\/div>\n[\/vc_column_text][\/vc_column][vc_column width=&#8221;3\/4&#8243; el_class=&#8221;page-content&#8221;][vc_column_text el_class=&#8221;text&#8221;]<b><i>Sam non va in vacanza<\/i><\/b> diventa per i bambini e i ragazzi dai 6 ai 14 anni un\u2019occasione per il recupero di un anno scolastico atipico, interrotto dal coronavirus.<\/p>\n<p>Sul progetto <i>Sam non va in vacanza <\/i><b>Fondazione Compagnia di San Paolo<\/b> e <b>Fondazione per la Scuola<\/b> investono<b> 500.000 euro, <\/b>una cifra importante, che va a sostenere i ragazzi con pi\u00f9 difficolt\u00e0, operando nella direzione di una comunit\u00e0 sempre pi\u00f9 inclusiva e partecipata al fianco delle famiglie e della scuola, in complementariet\u00e0 e integrandosi all\u2019offerta estiva del Comune di Torino e degli oratori.<span class=\"Apple-converted-space\">\u00a0<\/span><\/p>\n<p>I destinatari sono bambine e bambini delle classi 4 e 5 delle 33 scuole primarie e le ragazze e i ragazzi delle 32 scuole secondarie di Torino che aderiscono al progetto <i>Provaci ancora Sam<\/i>. L\u2019obiettivo \u00e8 stimolare gli apprendimenti disciplinari e sostenere le competenze dei ragazzi pi\u00f9 fragili attraverso l\u2019integrazione di diverse professionalit\u00e0 e in stretto raccordo con le istituzioni scolastiche di provenienza. Questo intervento si pone anche in continuit\u00e0 con le competenze e gli strumenti di supporto alla didattica a distanza messi a disposizione nel periodo di \u201clockdown\u201d dal progetto <i>Riconnessioni<\/i>.<span class=\"Apple-converted-space\">\u00a0<\/span><\/p>\n<p>\u201cLa scuola \u00e8 stata investita negli ultimi quattro mesi da un cambiamento epocale. Sappiamo con certezza che l\u2019esperienza scolastica, ma anche educativa, culturale, sportiva, di relazione, di appartenenza alla citt\u00e0, non sar\u00e0 piu\u2019 la stessa e l\u2019estate<b>, <\/b>se utilizzata bene, consentir\u00e0 di preparare il rientro a scuola e di far recuperare fiducia nella ripartenza. Per questa ragione &#8211; <b>sostiene <a href=\"https:\/\/www.compagniadisanpaolo.it\/it\/fondazione\/organi\/francesco-profumo-presidente\/\">Francesco Profumo, Presidente di Fondazione Compagnia di San Paolo<\/a><\/b>&#8211; la Fondazione Compagnia di San Paolo ha voluto valorizzare le esperienze estive\u00a0&#8211; ampiamente consolidate dalla collaborazione con Citt\u00e0 di Torino, Ufficio Pio, Xk\u00e8? Laboratorio della curiosit\u00e0,\u00a0oratori salesiani e diocesani \u2013 pensando agli apprendimenti da recuperare, anche mediante nuove modalit\u00e0 comprese quelle informali. In particolare, con <b>Sam non va in vacanza<\/b> si investir\u00e0 per rinforzare le competenze degli studenti all\u2019interno di una pi\u00f9 ampia azione educativa per l\u2019estate 2020, in cui una molteplicit\u00e0 di attori (enti locali, scuole, istituzioni e associazioni del terzo settore, sportive, culturali, fondazioni) concorrono fin dal periodo estivo ad una alleanza educativa che vuole accompagnare la comunit\u00e0 educante verso un nuovo modello di educazione, integrato, diffuso, multidimensionale.\u201d<\/p>\n<p>\u201cCome progetto <i>Provaci ancora Sam<\/i> \u2013 afferma <b>Ludovico Albert, Presidente di Fondazione per la Scuola della Compagnia di San Paolo<\/b>, a scuole chiuse durante il lockdown, grazie anche al lavoro degli educatori, siamo riusciti a raggiungere uno per uno la quasi totalit\u00e0 dei ragazzi coinvolti. Infatti dai dati raccolti risulta che solo il 3% dei ragazzi non \u00e8 stato raggiunto. E\u2019 un risultato molto confortante che ci spinge a proporre per la prima volta anche durante l\u2019estate il progetto Sam perch\u00e9 anche i bambini in condizione di maggiore difficolt\u00e0 possano a settembre incominciare bene il nuovo anno scolastico\u201d.<\/p>\n<p><b><i>Sam non va in vacanza<\/i><\/b> si inserisce nell\u2019ambito della piu\u2019 ampia iniziativa <b><i>2020. Un\u2019estate insieme<\/i><\/b> messa a punto dalla Fondazione Compagnia di San Paolo e dai suoi enti strumentali e partecipati (Fondazione per la Scuola, Ufficio Pio, Consorzio Xk\u00e8? ZeroTredici). L\u2019iniziativa tiene conto di tre aspetti chiave:<\/p>\n<p>i <b>bisogni di apprendimento e rimotivazione<\/b>\u00a0attraverso azioni specifiche di prevenzione della dispersione scolastica come avviene in orario curricolare;<\/p>\n<p><b>i bisogni di socializzazione<\/b>, cio\u00e8 movimento, contatto con la natura, gioco e svago tipiche del periodo estivo;<\/p>\n<p><b>i bisogni di cittadinanza<\/b>, ossia la riappropriazione del tessuto urbano e delle offerte culturali della Citt\u00e0 secondo una prospettiva esperienziale, capace di stimolare creativit\u00e0, dialogo e incontro, anche grazie all\u2019iniziativa <b><i>La bella estate<\/i><\/b>.<\/p>\n<p><b><i>Sam non va in vacanza<\/i><\/b> mette in campo fino a <b>100 educatori<\/b> appartenenti a <b>20 diverse associazioni<\/b> del territorio d\u2019intesa con <b>le scuole <\/b>in cui il progetto <i>Provaci ancora Sam<\/i> \u00e8 attivo tutto l\u2019anno<b>,<\/b> per creare <b>260 moduli didattici<\/b> coinvolgendo per <b>sette settimane<\/b>&#8211; dai primi di luglio al 7 agosto &#8211; <b>2000 ragazzi circa<\/b>.<span class=\"Apple-converted-space\">\u00a0<\/span><\/p>\n<p><span class=\"Apple-converted-space\">\u00a0<\/span>Chiaramente l\u2019iniziativa rispetta le normative nazionali e regionali per la gestione in sicurezza delle attivit\u00e0 e per la prevenzione del contagio. Il progetto vuole trasformarsi in un importante laboratorio di comunit\u00e0, un ponte tra scuola e societ\u00e0, che continua il modello che coniuga pubblico &#8211; Citt\u00e0 di Torino e Ufficio Scolastico Regionale per il Piemonte &#8211;<span class=\"Apple-converted-space\">\u00a0 <\/span>e privato, cio\u00e8 Fondazione Compagnia di San Paolo con i suoi enti strumentali e le organizzazioni territoriali.<\/p>\n<p><b><i>Sam non va in vacanza<\/i><\/b> ribadisce fortemente che scuola, territorio, infanzia e adolescenza sono un investimento strategico per il nostro futuro e per il futuro del nostro paese.[\/vc_column_text][\/vc_column][\/vc_row][vc_row el_class=&#8221;sdg-list-wrap&#8221;][vc_column][vc_raw_html]JTVCbW9zdHJhU0RHUyU1RA==[\/vc_raw_html][\/vc_column][\/vc_row][vc_row full_width=&#8221;stretch_row&#8221; el_class=&#8221;download-area-wrap mt-0 mb-0&#8243; css=&#8221;.vc_custom_1587069376729{margin-bottom: 0px !important;}&#8221;][vc_column el_class=&#8221;download-area&#8221;][vc_row_inner][vc_column_inner][vc_column_text]\n<h2 class=\"title\">Documenti di approfondimento<\/h2>\n[\/vc_column_text][\/vc_column_inner][\/vc_row_inner][vc_row_inner][vc_column_inner width=&#8221;1\/2&#8243;][vc_column_text el_class=&#8221;download-box&#8221;]\n<h3 class=\"title\">Comunicato stampa &#8211; Sam non va in vacanza<\/h3>\n<p><a class=\"standard-link\" href=\"https:\/\/www.compagniadisanpaolo.it\/wp-content\/uploads\/CS_-Sam-non-va-in-vacanza.pdf\">Scarica il documento<\/a>[\/vc_column_text][\/vc_column_inner][\/vc_row_inner][\/vc_column][\/vc_row][vc_row][vc_column]<div class=\"templatera_shortcode\"><div data-vc-full-width=\"true\" data-vc-full-width-temp=\"true\" data-vc-full-width-init=\"false\" class=\"vc_row wpb_row vc_row-fluid newsletter-wrap\"><div class=\"wpb_column vc_column_container vc_col-sm-12\"><div class=\"vc_column-inner\"><div class=\"wpb_wrapper\">\n\t<div class=\"wpb_raw_code wpb_raw_html wpb_content_element\" >\n\t\t<div class=\"wpb_wrapper\">\n\t\t\t    <div class=\"container\">\n      <div class=\"row align-items-center\">\n\t<div class=\"col-12 col-lg-6 col-xl-5 mb-3 mb-lg-0 pr-0\">\n\t  <h2 class=\"title\">Rimani aggiornato sui nostri bandi e sui nostri progetti<\/h2>\n\t<\/div>\n\t<div class=\"col-12 col-lg-6 col-xl-7 pl-xl-4\">\n\t  <a class=\"standard-link-block\" href=\"\/it\/newsletter\/\">\n\t    Compila il form e decidi su quale argomento vuoi ricevere notizie.\t    <strong>\u00a0 ISCRIVITI!<\/strong>\n\t  <\/a>\n\t<\/div>\n      <\/div>\n    <\/div>\n\t\t<\/div>\n\t<\/div>\n<\/div><\/div><\/div><\/div><div class=\"vc_row-full-width vc_clearfix\"><\/div><\/div>[\/vc_column][\/vc_row]\n<\/div>","protected":false},"excerpt":{"rendered":"Sam non va in vacanza: un progetto che vuole coinvolgere 2000 ragazzi e ragazze per una comunit\u00e0 sempre pi\u00f9 inclusiva. Condividi: Facebook Twitter Linkedin Whatsapp Mail Data di pubblicazione: 6 Luglio 2020 Obiettivo Persone. TagComunit\u00e0 educantiFormazioneNuove generazioniPari opportunit\u00e0Partnership con enti istituzionali Sam non va in vacanza diventa per i bambini e i ragazzi dai 6 ai 14 anni un\u2019occasione per il recupero di un anno scolastico atipico, interrotto dal coronavirus. Sul progetto Sam non va in vacanza Fondazione Compagnia di San Paolo e Fondazione per la Scuola investono 500.000 euro, una cifra importante, che va a sostenere i ragazzi con pi\u00f9 difficolt\u00e0, operando nella direzione di una comunit\u00e0 sempre pi\u00f9 inclusiva e partecipata al fianco delle famiglie e della scuola, in complementariet\u00e0 e integrandosi all\u2019offerta estiva del Comune di Torino e degli oratori.\u00a0 I destinatari sono bambine e bambini delle classi 4 e 5 delle 33 scuole primarie e le ragazze e i ragazzi delle 32 scuole secondarie di Torino che aderiscono al progetto Provaci ancora Sam. L\u2019obiettivo \u00e8 stimolare gli apprendimenti disciplinari e sostenere le competenze dei ragazzi pi\u00f9 fragili attraverso l\u2019integrazione di diverse professionalit\u00e0 e in stretto raccordo con le istituzioni scolastiche di provenienza. Questo intervento si pone anche in continuit\u00e0 con le competenze e gli strumenti di supporto alla didattica a distanza messi a disposizione nel periodo di \u201clockdown\u201d dal progetto Riconnessioni.\u00a0 \u201cLa scuola \u00e8 stata investita negli ultimi quattro mesi da un cambiamento epocale. Sappiamo con certezza che l\u2019esperienza scolastica, ma anche educativa, culturale, sportiva, di relazione, di appartenenza alla citt\u00e0, non sar\u00e0 piu\u2019 la stessa e l\u2019estate, se utilizzata bene, consentir\u00e0 di preparare il rientro a scuola e di far recuperare fiducia nella ripartenza. Per questa ragione - sostiene Francesco Profumo, Presidente di Fondazione Compagnia di San Paolo- la Fondazione Compagnia di San Paolo ha voluto valorizzare le esperienze estive\u00a0- ampiamente consolidate dalla collaborazione con Citt\u00e0 di Torino, Ufficio Pio, Xk\u00e8? Laboratorio della curiosit\u00e0,\u00a0oratori salesiani e diocesani \u2013 pensando agli apprendimenti da recuperare, anche mediante nuove modalit\u00e0 comprese quelle informali. In particolare, con Sam non va in vacanza si investir\u00e0 per rinforzare le competenze degli studenti all\u2019interno di una pi\u00f9 ampia azione educativa per l\u2019estate 2020, in cui una molteplicit\u00e0 di attori (enti locali, scuole, istituzioni e associazioni del terzo settore, sportive, culturali, fondazioni) concorrono fin dal periodo estivo ad una alleanza educativa che vuole accompagnare la comunit\u00e0 educante verso un nuovo modello di educazione, integrato, diffuso, multidimensionale.\u201d \u201cCome progetto Provaci ancora Sam \u2013 afferma Ludovico Albert, Presidente di Fondazione per la Scuola della Compagnia di San Paolo, a scuole chiuse durante il lockdown, grazie anche al lavoro degli educatori, siamo riusciti a raggiungere uno per uno la quasi totalit\u00e0 dei ragazzi coinvolti. Infatti dai dati raccolti risulta che solo il 3% dei ragazzi non \u00e8 stato raggiunto. E\u2019 un risultato molto confortante che ci spinge a proporre per la prima volta anche durante l\u2019estate il progetto Sam perch\u00e9 anche i bambini in condizione di maggiore difficolt\u00e0 possano a settembre incominciare bene il nuovo anno scolastico\u201d. Sam non va in vacanza si inserisce nell\u2019ambito della piu\u2019 ampia iniziativa 2020. Un\u2019estate insieme messa a punto dalla Fondazione Compagnia di San Paolo e dai suoi enti strumentali e partecipati (Fondazione per la Scuola, Ufficio Pio, Consorzio Xk\u00e8? ZeroTredici). L\u2019iniziativa tiene conto di tre aspetti chiave: i bisogni di apprendimento e rimotivazione\u00a0attraverso azioni specifiche di prevenzione della dispersione scolastica come avviene in orario curricolare; i bisogni di socializzazione, cio\u00e8 movimento, contatto con la natura, gioco e svago tipiche del periodo estivo; i bisogni di cittadinanza, ossia la riappropriazione del tessuto urbano e delle offerte culturali della Citt\u00e0 secondo una prospettiva esperienziale, capace di stimolare creativit\u00e0, dialogo e incontro, anche grazie all\u2019iniziativa La bella estate. Sam non va in vacanza mette in campo fino a 100 educatori appartenenti a 20 diverse associazioni del territorio d\u2019intesa con le scuole in cui il progetto Provaci ancora Sam \u00e8 attivo tutto l\u2019anno, per creare 260 moduli didattici coinvolgendo per sette settimane- dai primi di luglio al 7 agosto - 2000 ragazzi circa.\u00a0 \u00a0Chiaramente l\u2019iniziativa rispetta le normative nazionali e regionali per la gestione in sicurezza delle attivit\u00e0 e per la prevenzione del contagio. Il progetto vuole trasformarsi in un importante laboratorio di comunit\u00e0, un ponte tra scuola e societ\u00e0, che continua il modello che coniuga pubblico - Citt\u00e0 di Torino e Ufficio Scolastico Regionale per il Piemonte -\u00a0 e privato, cio\u00e8 Fondazione Compagnia di San Paolo con i suoi enti strumentali e le organizzazioni territoriali. Sam non va in vacanza ribadisce fortemente che scuola, territorio, infanzia e adolescenza sono un investimento strategico per il nostro futuro e per il futuro del nostro paese. Questa iniziativa contribuisce al raggiungimento dei seguenti Obiettivi di Sviluppo Sostenibile Documenti di approfondimento Comunicato stampa - Sam non va in vacanza Scarica il documento Rimani aggiornato sui nostri bandi e sui nostri progetti Compila il form e decidi su quale argomento vuoi ricevere notizie. \u00a0 ISCRIVITI!","protected":false},"featured_media":4962,"menu_order":0,"template":"","meta":{"_acf_changed":false,"content-type":""},"tags":[81,53,54,79,62],"class_list":["post-5356","comunicatistampa","type-comunicatistampa","status-publish","has-post-thumbnail","hentry","tag-comunita-educanti","tag-formazione","tag-nuove-generazioni","tag-pari-opportunita","tag-partnership-con-enti-istituzionali","entry","post-inner"],"acf":[],"yoast_head":"<!-- This site is optimized with the Yoast SEO plugin v27.3 - https:\/\/yoast.com\/product\/yoast-seo-wordpress\/ -->\n<title>Sam non va in vacanza - Fondazione Compagnia di San Paolo<\/title>\n<meta name=\"robots\" content=\"index, follow, max-snippet:-1, max-image-preview:large, max-video-preview:-1\" \/>\n<link rel=\"canonical\" href=\"https:\/\/www.compagniadisanpaolo.it\/it\/comunicati-stampa\/sam-non-va-in-vacanza\/\" \/>\n<meta property=\"og:locale\" content=\"it_IT\" \/>\n<meta property=\"og:type\" content=\"article\" \/>\n<meta property=\"og:title\" content=\"Sam non va in vacanza - Fondazione Compagnia di San Paolo\" \/>\n<meta property=\"og:url\" content=\"https:\/\/www.compagniadisanpaolo.it\/it\/comunicati-stampa\/sam-non-va-in-vacanza\/\" \/>\n<meta property=\"og:site_name\" content=\"Fondazione Compagnia di San Paolo\" \/>\n<meta property=\"article:publisher\" content=\"https:\/\/www.facebook.com\/CompagniaDiSanPaolo\" \/>\n<meta property=\"article:modified_time\" content=\"2021-09-12T21:48:56+00:00\" \/>\n<meta property=\"og:image\" content=\"https:\/\/www.compagniadisanpaolo.it\/wp-content\/uploads\/NEWS-1.jpg\" \/>\n\t<meta property=\"og:image:width\" content=\"815\" \/>\n\t<meta property=\"og:image:height\" content=\"350\" \/>\n\t<meta property=\"og:image:type\" content=\"image\/jpeg\" \/>\n<meta name=\"twitter:card\" content=\"summary_large_image\" \/>\n<meta name=\"twitter:site\" content=\"@CSP_live\" \/>\n<meta name=\"twitter:label1\" content=\"Tempo di lettura stimato\" \/>\n\t<meta name=\"twitter:data1\" content=\"5 minuti\" \/>\n<script type=\"application\/ld+json\" class=\"yoast-schema-graph\">{\"@context\":\"https:\\\/\\\/schema.org\",\"@graph\":[{\"@type\":\"WebPage\",\"@id\":\"https:\\\/\\\/www.compagniadisanpaolo.it\\\/it\\\/comunicati-stampa\\\/sam-non-va-in-vacanza\\\/\",\"url\":\"https:\\\/\\\/www.compagniadisanpaolo.it\\\/it\\\/comunicati-stampa\\\/sam-non-va-in-vacanza\\\/\",\"name\":\"Sam non va in vacanza - Fondazione Compagnia di San Paolo\",\"isPartOf\":{\"@id\":\"https:\\\/\\\/www.compagniadisanpaolo.it\\\/it\\\/#website\"},\"primaryImageOfPage\":{\"@id\":\"https:\\\/\\\/www.compagniadisanpaolo.it\\\/it\\\/comunicati-stampa\\\/sam-non-va-in-vacanza\\\/#primaryimage\"},\"image\":{\"@id\":\"https:\\\/\\\/www.compagniadisanpaolo.it\\\/it\\\/comunicati-stampa\\\/sam-non-va-in-vacanza\\\/#primaryimage\"},\"thumbnailUrl\":\"https:\\\/\\\/www.compagniadisanpaolo.it\\\/wp-content\\\/uploads\\\/NEWS-1.jpg\",\"datePublished\":\"2020-07-06T16:13:09+00:00\",\"dateModified\":\"2021-09-12T21:48:56+00:00\",\"breadcrumb\":{\"@id\":\"https:\\\/\\\/www.compagniadisanpaolo.it\\\/it\\\/comunicati-stampa\\\/sam-non-va-in-vacanza\\\/#breadcrumb\"},\"inLanguage\":\"it-IT\",\"potentialAction\":[{\"@type\":\"ReadAction\",\"target\":[\"https:\\\/\\\/www.compagniadisanpaolo.it\\\/it\\\/comunicati-stampa\\\/sam-non-va-in-vacanza\\\/\"]}]},{\"@type\":\"ImageObject\",\"inLanguage\":\"it-IT\",\"@id\":\"https:\\\/\\\/www.compagniadisanpaolo.it\\\/it\\\/comunicati-stampa\\\/sam-non-va-in-vacanza\\\/#primaryimage\",\"url\":\"https:\\\/\\\/www.compagniadisanpaolo.it\\\/wp-content\\\/uploads\\\/NEWS-1.jpg\",\"contentUrl\":\"https:\\\/\\\/www.compagniadisanpaolo.it\\\/wp-content\\\/uploads\\\/NEWS-1.jpg\",\"width\":815,\"height\":350},{\"@type\":\"BreadcrumbList\",\"@id\":\"https:\\\/\\\/www.compagniadisanpaolo.it\\\/it\\\/comunicati-stampa\\\/sam-non-va-in-vacanza\\\/#breadcrumb\",\"itemListElement\":[{\"@type\":\"ListItem\",\"position\":1,\"name\":\"Home\",\"item\":\"https:\\\/\\\/www.compagniadisanpaolo.it\\\/it\\\/\"},{\"@type\":\"ListItem\",\"position\":2,\"name\":\"Sam non va in vacanza\"}]},{\"@type\":\"WebSite\",\"@id\":\"https:\\\/\\\/www.compagniadisanpaolo.it\\\/it\\\/#website\",\"url\":\"https:\\\/\\\/www.compagniadisanpaolo.it\\\/it\\\/\",\"name\":\"Fondazione Compagnia di San Paolo\",\"description\":\"\",\"publisher\":{\"@id\":\"https:\\\/\\\/www.compagniadisanpaolo.it\\\/it\\\/#organization\"},\"potentialAction\":[{\"@type\":\"SearchAction\",\"target\":{\"@type\":\"EntryPoint\",\"urlTemplate\":\"https:\\\/\\\/www.compagniadisanpaolo.it\\\/it\\\/?s={search_term_string}\"},\"query-input\":{\"@type\":\"PropertyValueSpecification\",\"valueRequired\":true,\"valueName\":\"search_term_string\"}}],\"inLanguage\":\"it-IT\"},{\"@type\":\"Organization\",\"@id\":\"https:\\\/\\\/www.compagniadisanpaolo.it\\\/it\\\/#organization\",\"name\":\"Fondazione Compagnia di San Paolo\",\"url\":\"https:\\\/\\\/www.compagniadisanpaolo.it\\\/it\\\/\",\"logo\":{\"@type\":\"ImageObject\",\"inLanguage\":\"it-IT\",\"@id\":\"https:\\\/\\\/www.compagniadisanpaolo.it\\\/it\\\/#\\\/schema\\\/logo\\\/image\\\/\",\"url\":\"https:\\\/\\\/www.compagniadisanpaolo.it\\\/wp-content\\\/uploads\\\/logo.svg\",\"contentUrl\":\"https:\\\/\\\/www.compagniadisanpaolo.it\\\/wp-content\\\/uploads\\\/logo.svg\",\"width\":769,\"height\":323,\"caption\":\"Fondazione Compagnia di San Paolo\"},\"image\":{\"@id\":\"https:\\\/\\\/www.compagniadisanpaolo.it\\\/it\\\/#\\\/schema\\\/logo\\\/image\\\/\"},\"sameAs\":[\"https:\\\/\\\/www.facebook.com\\\/CompagniaDiSanPaolo\",\"https:\\\/\\\/x.com\\\/CSP_live\",\"http:\\\/\\\/instagram.com\\\/compagniadisanpaolo?ref=badge\",\"https:\\\/\\\/www.linkedin.com\\\/company\\\/compagnia-di-san-paolo\",\"https:\\\/\\\/www.youtube.com\\\/user\\\/compagniadisanpaolo\",\"https:\\\/\\\/it.wikipedia.org\\\/wiki\\\/Compagnia_di_San_Paolo\"]}]}<\/script>\n<!-- \/ Yoast SEO plugin. -->","yoast_head_json":{"title":"Sam non va in vacanza - Fondazione Compagnia di San Paolo","robots":{"index":"index","follow":"follow","max-snippet":"max-snippet:-1","max-image-preview":"max-image-preview:large","max-video-preview":"max-video-preview:-1"},"canonical":"https:\/\/www.compagniadisanpaolo.it\/it\/comunicati-stampa\/sam-non-va-in-vacanza\/","og_locale":"it_IT","og_type":"article","og_title":"Sam non va in vacanza - Fondazione Compagnia di San Paolo","og_url":"https:\/\/www.compagniadisanpaolo.it\/it\/comunicati-stampa\/sam-non-va-in-vacanza\/","og_site_name":"Fondazione Compagnia di San Paolo","article_publisher":"https:\/\/www.facebook.com\/CompagniaDiSanPaolo","article_modified_time":"2021-09-12T21:48:56+00:00","og_image":[{"width":815,"height":350,"url":"https:\/\/www.compagniadisanpaolo.it\/wp-content\/uploads\/NEWS-1.jpg","type":"image\/jpeg"}],"twitter_card":"summary_large_image","twitter_site":"@CSP_live","twitter_misc":{"Tempo di lettura stimato":"5 minuti"},"schema":{"@context":"https:\/\/schema.org","@graph":[{"@type":"WebPage","@id":"https:\/\/www.compagniadisanpaolo.it\/it\/comunicati-stampa\/sam-non-va-in-vacanza\/","url":"https:\/\/www.compagniadisanpaolo.it\/it\/comunicati-stampa\/sam-non-va-in-vacanza\/","name":"Sam non va in vacanza - Fondazione Compagnia di San Paolo","isPartOf":{"@id":"https:\/\/www.compagniadisanpaolo.it\/it\/#website"},"primaryImageOfPage":{"@id":"https:\/\/www.compagniadisanpaolo.it\/it\/comunicati-stampa\/sam-non-va-in-vacanza\/#primaryimage"},"image":{"@id":"https:\/\/www.compagniadisanpaolo.it\/it\/comunicati-stampa\/sam-non-va-in-vacanza\/#primaryimage"},"thumbnailUrl":"https:\/\/www.compagniadisanpaolo.it\/wp-content\/uploads\/NEWS-1.jpg","datePublished":"2020-07-06T16:13:09+00:00","dateModified":"2021-09-12T21:48:56+00:00","breadcrumb":{"@id":"https:\/\/www.compagniadisanpaolo.it\/it\/comunicati-stampa\/sam-non-va-in-vacanza\/#breadcrumb"},"inLanguage":"it-IT","potentialAction":[{"@type":"ReadAction","target":["https:\/\/www.compagniadisanpaolo.it\/it\/comunicati-stampa\/sam-non-va-in-vacanza\/"]}]},{"@type":"ImageObject","inLanguage":"it-IT","@id":"https:\/\/www.compagniadisanpaolo.it\/it\/comunicati-stampa\/sam-non-va-in-vacanza\/#primaryimage","url":"https:\/\/www.compagniadisanpaolo.it\/wp-content\/uploads\/NEWS-1.jpg","contentUrl":"https:\/\/www.compagniadisanpaolo.it\/wp-content\/uploads\/NEWS-1.jpg","width":815,"height":350},{"@type":"BreadcrumbList","@id":"https:\/\/www.compagniadisanpaolo.it\/it\/comunicati-stampa\/sam-non-va-in-vacanza\/#breadcrumb","itemListElement":[{"@type":"ListItem","position":1,"name":"Home","item":"https:\/\/www.compagniadisanpaolo.it\/it\/"},{"@type":"ListItem","position":2,"name":"Sam non va in vacanza"}]},{"@type":"WebSite","@id":"https:\/\/www.compagniadisanpaolo.it\/it\/#website","url":"https:\/\/www.compagniadisanpaolo.it\/it\/","name":"Fondazione Compagnia di San Paolo","description":"","publisher":{"@id":"https:\/\/www.compagniadisanpaolo.it\/it\/#organization"},"potentialAction":[{"@type":"SearchAction","target":{"@type":"EntryPoint","urlTemplate":"https:\/\/www.compagniadisanpaolo.it\/it\/?s={search_term_string}"},"query-input":{"@type":"PropertyValueSpecification","valueRequired":true,"valueName":"search_term_string"}}],"inLanguage":"it-IT"},{"@type":"Organization","@id":"https:\/\/www.compagniadisanpaolo.it\/it\/#organization","name":"Fondazione Compagnia di San Paolo","url":"https:\/\/www.compagniadisanpaolo.it\/it\/","logo":{"@type":"ImageObject","inLanguage":"it-IT","@id":"https:\/\/www.compagniadisanpaolo.it\/it\/#\/schema\/logo\/image\/","url":"https:\/\/www.compagniadisanpaolo.it\/wp-content\/uploads\/logo.svg","contentUrl":"https:\/\/www.compagniadisanpaolo.it\/wp-content\/uploads\/logo.svg","width":769,"height":323,"caption":"Fondazione Compagnia di San Paolo"},"image":{"@id":"https:\/\/www.compagniadisanpaolo.it\/it\/#\/schema\/logo\/image\/"},"sameAs":["https:\/\/www.facebook.com\/CompagniaDiSanPaolo","https:\/\/x.com\/CSP_live","http:\/\/instagram.com\/compagniadisanpaolo?ref=badge","https:\/\/www.linkedin.com\/company\/compagnia-di-san-paolo","https:\/\/www.youtube.com\/user\/compagniadisanpaolo","https:\/\/it.wikipedia.org\/wiki\/Compagnia_di_San_Paolo"]}]}},"amp_enabled":true,"_links":{"self":[{"href":"https:\/\/www.compagniadisanpaolo.it\/it\/wp-json\/wp\/v2\/comunicatistampa\/5356","targetHints":{"allow":["GET"]}}],"collection":[{"href":"https:\/\/www.compagniadisanpaolo.it\/it\/wp-json\/wp\/v2\/comunicatistampa"}],"about":[{"href":"https:\/\/www.compagniadisanpaolo.it\/it\/wp-json\/wp\/v2\/types\/comunicatistampa"}],"wp:featuredmedia":[{"embeddable":true,"href":"https:\/\/www.compagniadisanpaolo.it\/it\/wp-json\/wp\/v2\/media\/4962"}],"wp:attachment":[{"href":"https:\/\/www.compagniadisanpaolo.it\/it\/wp-json\/wp\/v2\/media?parent=5356"}],"wp:term":[{"taxonomy":"post_tag","embeddable":true,"href":"https:\/\/www.compagniadisanpaolo.it\/it\/wp-json\/wp\/v2\/tags?post=5356"}],"curies":[{"name":"wp","href":"https:\/\/api.w.org\/{rel}","templated":true}]}}