{"id":40838,"date":"2025-12-18T16:13:05","date_gmt":"2025-12-18T15:13:05","guid":{"rendered":"https:\/\/www.compagniadisanpaolo.it\/?post_type=comunicatistampa&#038;p=40838"},"modified":"2025-12-18T16:27:11","modified_gmt":"2025-12-18T15:27:11","slug":"proclamati-i-vincitori-del-concorso-internazionale-di-progettazione-per-il-piano-di-riqualificazione-rilancio-e-valorizzazione-della-gam-galleria-civica-darte-moderna-e-contemporan","status":"publish","type":"comunicatistampa","link":"https:\/\/www.compagniadisanpaolo.it\/it\/comunicati-stampa\/proclamati-i-vincitori-del-concorso-internazionale-di-progettazione-per-il-piano-di-riqualificazione-rilancio-e-valorizzazione-della-gam-galleria-civica-darte-moderna-e-contemporan\/","title":{"rendered":"Proclamati i vincitori del Concorso Internazionale di progettazione per il Piano di riqualificazione, rilancio e valorizzazione della GAM \u2013 Galleria Civica d\u2019Arte Moderna e Contemporanea di Torino"},"content":{"rendered":"<div class=\"wpb-content-wrapper\">[vc_row][vc_column][vc_column_text]\n<div class=\"info-box mission\">\n\t\t<div class=\"info-box-wrap info-box-hor row pb-0\">\n\n\t\t      \n\t\t      <div class=\"spalla col-12 col-md-12\">\n\t\t\t<div class=\"info-box sharing-box\">\n\t\t\t  <span class=\"label\">Condividi:<\/span>\n\t\t\t  <div class=\"social-sharing\">\n\t\t\t    <span class=\"box\">\n\t\t\t      <a class=\"fb\" href=\"https:\/\/www.facebook.com\/sharer.php?u=https:\/\/www.compagniadisanpaolo.it\/it\/comunicati-stampa\/proclamati-i-vincitori-del-concorso-internazionale-di-progettazione-per-il-piano-di-riqualificazione-rilancio-e-valorizzazione-della-gam-galleria-civica-darte-moderna-e-contemporan\/\" target=\"_blank\">\n\t\t\t\t<span class=\"sr-only\">Facebook<\/span>\n\t\t\t\t<i class=\"fab fa-facebook-f\"><\/i>\n\t\t\t      <\/a>\n\t\t\t    <\/span>\n\t\t\t    \n\t\t\t    <style>\n.twitter, .twitter:hover{\ncolor:#000000 !important;}\n<\/style>\n\n\n\t\t\t    <span class=\"box\">\n\t\t\t      <a class=\"twitter\" href=\"https:\/\/twitter.com\/intent\/tweet?url=https:\/\/www.compagniadisanpaolo.it\/it\/comunicati-stampa\/proclamati-i-vincitori-del-concorso-internazionale-di-progettazione-per-il-piano-di-riqualificazione-rilancio-e-valorizzazione-della-gam-galleria-civica-darte-moderna-e-contemporan\/\">\n\t\t\t\t<span class=\"sr-only\">Twitter<\/span>\n\t\t\t\t<i class=\"fa-brands fa-x-twitter\"><\/i>\n\t\t\t      <\/a>\n\t\t\t    <\/span>\n\n\t\t\t    \n\t\t\t    <span class=\"box\">\n\t\t\t      <a class=\"linkedin\" href=\"https:\/\/www.linkedin.com\/shareArticle?mini=true&url=https:\/\/www.compagniadisanpaolo.it\/it\/comunicati-stampa\/proclamati-i-vincitori-del-concorso-internazionale-di-progettazione-per-il-piano-di-riqualificazione-rilancio-e-valorizzazione-della-gam-galleria-civica-darte-moderna-e-contemporan\/\">\n\t\t\t\t<span class=\"sr-only\">Linkedin<\/span>\n\t\t\t\t  <i class=\"fa-brands fa-linkedin-in\"><\/i>\n\t\t\t      <\/a>\n\t\t\t    <\/span>\n\n\t\t\t    <span class=\"box\">\n\t\t\t      <a class=\"whatsapp\" href=\"whatsapp:\/\/send?text=https:\/\/www.compagniadisanpaolo.it\/it\/comunicati-stampa\/proclamati-i-vincitori-del-concorso-internazionale-di-progettazione-per-il-piano-di-riqualificazione-rilancio-e-valorizzazione-della-gam-galleria-civica-darte-moderna-e-contemporan\/\" data-action=\"share\/whatsapp\/share\">\n\t\t\t\t<span class=\"sr-only\">Whatsapp<\/span>\n\t\t\t\t<i class=\"fa-brands fa-whatsapp\"><\/i>\n\t\t\t      <\/a>\n\t\t\t    <\/span>\n\n\t\t\t    <span class=\"box\">\n\t\t\t      <a class=\"mail\" href=\"mailto:?subject=Proclamati i vincitori del Concorso Internazionale di progettazione per il Piano di riqualificazione, rilancio e valorizzazione della GAM \u2013 Galleria Civica d\u2019Arte Moderna e Contemporanea di Torino&body=https:\/\/www.compagniadisanpaolo.it\/it\/comunicati-stampa\/proclamati-i-vincitori-del-concorso-internazionale-di-progettazione-per-il-piano-di-riqualificazione-rilancio-e-valorizzazione-della-gam-galleria-civica-darte-moderna-e-contemporan\/\">\n\t\t\t\t<span class=\"sr-only\">Mail<\/span>\n\t\t\t\t <i class=\"fa-solid fa-envelope\"><\/i>\n\t\t\t      <\/a>\n\t\t\t    <\/span>\n\t\t\t    \n\t\t\t  <\/div>\n\t\t\t<\/div>\n\t      <\/div>\n\t    <\/div><\/div>\n[\/vc_column_text][\/vc_column][\/vc_row][vc_row][vc_column width=&#8221;1\/4&#8243;][vc_column_text]\n\n\n\t\t<div class=\"info-box-wrap\">\n\n\t  <div class=\"info-box date-pub\">\n\t  \t<span class=\"label\">Data di pubblicazione:<\/span>\n\t    <span class=\"value\">18 Dicembre 2025<\/span>\n\t  <\/div>\n\t\t\t\t  <div class=\"info-box obj-culture\">\n\t\t\t\t\t  <div class=\"info-box obj\"><span class=\"label\">Obiettivo<\/span>\n\t\t\t\t\t    <div class=\"obj-small-box\">\n\t\t\t\t\t      <span>Cultura.<\/span>\n\t\t\t\t\t    <\/div>\n\t\t\t\t\t  <\/div>\n\t\t\t\t  <\/div>\n\t\t\t  \n\t\t  \t   <div class=\"info-box obj-institutional\">\n\t\t\t\t  <div class=\"info-box obj\"><span class=\"label\">Obiettivo<\/span>\n\t\t\t\t    <div class=\"obj-small-box\">\n\t\t\t\t      <span>Istituzionale<\/span>\n\t\t\t\t    <\/div>\n\t\t\t\t  <\/div>\n\t\t\t  <\/div><div class=\"info-box mission\"><span class=\"label\">Tag<\/span><a href=\"https:\/\/www.compagniadisanpaolo.it\/it\/tags\/risultati\/?_sft_post_tag=cooperazione-per-lo-sviluppo\" class=\"tag-element\">Cooperazione per lo sviluppo<\/a><a href=\"https:\/\/www.compagniadisanpaolo.it\/it\/tags\/risultati\/?_sft_post_tag=creazione-di-reti-solide\" class=\"tag-element\">Creazione di reti solide<\/a><a href=\"https:\/\/www.compagniadisanpaolo.it\/it\/tags\/risultati\/?_sft_post_tag=dinamiche-internazionali\" class=\"tag-element\">Dinamiche internazionali<\/a><a href=\"https:\/\/www.compagniadisanpaolo.it\/it\/tags\/risultati\/?_sft_post_tag=gruppo-compagnia\" class=\"tag-element\">Gruppo compagnia<\/a><a href=\"https:\/\/www.compagniadisanpaolo.it\/it\/tags\/risultati\/?_sft_post_tag=oltre-lerogazione\" class=\"tag-element\">Oltre l'erogazione<\/a><a href=\"https:\/\/www.compagniadisanpaolo.it\/it\/tags\/risultati\/?_sft_post_tag=partnership-con-enti-istituzionali\" class=\"tag-element\">Partnership con enti istituzionali<\/a><\/div>\t  \n\t<\/div>\n[\/vc_column_text][\/vc_column][vc_column width=&#8221;3\/4&#8243; el_class=&#8221;page-content&#8221;][vc_column_text css=&#8221;&#8221; el_class=&#8221;text&#8221;]\n<h3><em>Lo studio MVRDV di Rotterdam con Balance Architettura ed EP&amp;S Group di Torino, il Dott. Michelangelo Di Gioia e il Prof. Filippo Busato si aggiudica il primo posto del Concorso Internazionale di progettazione per il Piano di riqualificazione, rilancio e valorizzazione della GAM \u2013 Galleria Civica d\u2019Arte Moderna e Contemporanea di Torino.<\/em><\/h3>\n<h3><em>Tra i cinque finalisti anche Kengo Kuma &amp; Associates Europe, Guillermo V\u00e1zquez Consuegra Arquitecto SLP, Mario Cucinella Architects e ACPV Architects &#8211; Antonio Citterio e Patricia Viel.\u00a0 Il progetto vincitore sar\u00e0 presentato a inizio 2026.<\/em><\/h3>\n<p>&nbsp;<\/p>\n<p>Torino, 18 dicembre 2025 &#8211; La Fondazione Torino Musei e la Fondazione Compagnia di San Paolo, in collaborazione con la Citt\u00e0 di Torino e con il supporto della Fondazione per l\u2019architettura \/ Torino, annunciano il vincitore del Concorso Internazionale di progettazione per il grande Piano di riqualificazione, rilancio e valorizzazione della GAM \u2013 Galleria Civica d\u2019Arte Moderna e Contemporanea di Torino.<\/p>\n<p>La proclamazione \u00e8 avvenuta questa mattina a Torino, al Collegio Carlo Alberto, alla presenza del Presidente della Fondazione Compagnia di San Paolo e Presidente di giuria Marco Gilli, del Sindaco di Torino Stefano Lo Russo e del Presidente della Fondazione Torino Musei, Massimo Broccio.<\/p>\n<p>Il gruppo di progettazione composto da <strong>MVRDV, BALANCE Architettura, EP&amp;S Group, Dott. Michelangelo Di Gioia e Prof. Filippo Busato<\/strong> si \u00e8 aggiudicato il primo posto. La Commissione ha riconosciuto una proposta capace di interpretare con visione, qualit\u00e0 progettuale e coerenza funzionale il futuro della GAM.<\/p>\n<p>La Fondazione Compagnia di San Paolo mette a disposizione le proprie competenze e professionalit\u00e0 per seguire tutte le fasi della realizzazione del progetto al fianco della Fondazione Torino Musei, oltre a coprire &#8211; nell\u2019ambito delle risorse destinate ai progetti ad impatto &#8211; il costo dell\u2019intervento che ammonta a <strong>27,5 milioni di euro<\/strong>.<\/p>\n<p><strong>Dichiarazioni<br \/>\n<\/strong><strong>Dichiara il Sindaco di Torino Stefano Lo Russo<\/strong>: \u201c<em>La GAM \u00e8 stata la prima Galleria d\u2019arte moderna d\u2019Italia e riveste da sempre un ruolo strategico nel panorama culturale della nostra citt\u00e0: rilanciarne il ruolo e il prestigio a livello nazionale ed internazionale, riprendendo e sviluppando quello spirito avanguardistico che ne caratterizz\u00f2 la nascita, \u00e8 uno degli obiettivi che, come amministrazione, ci siamo posti sin dall\u2019inizio del nostro mandato. Per questo siamo davvero molto soddisfatti dell\u2019esito del concorso di progettazione di respiro internazionale che potr\u00e0 dare avvio al grande Piano di riqualificazione, rilancio e valorizzazione che la GAM attende e che si propone di farne un modello culturale e d\u2019innovazione, aprendo ad una nuova fase della sua storia<\/em>\u201d.<\/p>\n<p><em>\u201cPer la Fondazione Compagnia di San Paolo questo progetto rappresenta un esempio concreto di Filantropia Evoluta, un approccio fondato su una pluralit\u00e0 di strumenti che valorizzano le migliori esperienze della filantropia internazionale. \u00c8 grazie a questo metodo che abbiamo potuto accompagnare la Fondazione Torino Musei lungo l\u2019intero iter del concorso internazionale di progettazione, attivando collaborazioni qualificate con l\u2019Area Operazioni Immobiliari e Social Housing di PR.I.S.MA S.c.r.l. e con il Back Office Cultura del Centro Conservazione e Restauro \u201cLa Venaria Reale\u201d. Il concorso ha pienamente raggiunto l\u2019obiettivo di attrarre l\u2019interesse di gruppi di professionisti a livello internazionale e di intercettare proposte di elevata qualit\u00e0, capaci di misurarsi con la complessit\u00e0 del futuro della GAM. Allo stesso tempo, ha offerto l\u2019opportunit\u00e0 di riportare il museo al suo posizionamento internazionale, rafforzandone il ruolo in una nuova lettura dello spazio urbano.\u00a0 Il progetto vincitore del concorso propone una GAM aperta e rinnovata, capace di coniugare la tutela dei valori storici dell\u2019edificio con una trasformazione coraggiosa e necessaria. Guardiamo a questo risultato come a un passaggio strategico: la GAM potr\u00e0 affermarsi sempre pi\u00f9 come un\u2019infrastruttura culturale contemporanea e innovativa, che invita i visitatori e l\u2019intera citt\u00e0 a partecipare attivamente al suo programma museale.\u00a0 Per queste ragioni la Compagnia di San Paolo si impegna a seguire con attenzione e a sostenere in modo continuativo le fasi successive della progettazione e l\u2019intera esecuzione dei lavori\u00bb <\/em><strong>dichiara Marco Gilli, Presidente della Fondazione Compagnia di San Paolo.<\/strong><\/p>\n<p><em>\u201cOggi diamo conto di una giornata storica per la GAM, per la Fondazione Torino Musei e per la nostra citt\u00e0.\u00a0Grazie al fondamentale supporto della Compagnia di San Paolo, prende concretamente avvio il pi\u00f9 importante progetto del Piano Strategico della Fondazione \u2013<\/em> <strong>dichiara Massimo Broccio, Presidente della Fondazione Torino Musei<\/strong>.\u00a0<em>La GAM, la pi\u00f9 antica Galleria civica di arte moderna e contemporanea in Italia, che nel dopoguerra fu mirabilmente ricostruita con un progetto unico e innovativo per l\u2019epoca, oggi si appresta a raccogliere e rilanciare quella visione, proiettandola nel futuro.\u00a0Il Piano di riqualificazione della GAM rappresenta il pi\u00f9 importante investimento in Italia e una delle operazioni pi\u00f9 significative nel panorama internazionale per ambizione e impatto atteso, tra gli interventi su edifici museali.<\/em> <em>Innovazione e avanguardia rappresentano i fili conduttori di questo straordinario progetto di rigenerazione, che riprende e fa proprio lo spirito che ha contraddistinto la progettazione dell\u2019edificio e la nascita del museo.\u00a0Il progetto affronta le principali sfide contemporanee legate all\u2019evoluzione dei musei e dei luoghi della cultura: sostenibilit\u00e0 ambientale, risparmio energetico, innovazione architettonica e tecnologica, attuazione di nuovi modelli di fruizione museale orientati al pubblico di domani, con un forte impegno per l\u2019inclusione e il ruolo sociale del museo e per la sua funzione di protagonista culturale nel panorama cittadino e nazionale.\u00a0I migliori complimenti al gruppo vincitore, uno dei pi\u00f9 qualificati a livello internazionale, che con il suo progetto ha saputo cogliere e valorizzare al meglio lo spirito di questa trasformazione.\u00a0Un ringraziamento particolare va alle due commissioni del concorso, che con esemplare competenza e dedizione hanno svolto un lavoro di selezione straordinariamente qualificato\u201d.\u00a0<\/em><\/p>\n<p><strong>In diretta zoom i vincitori dichiarano che <\/strong><em>\u201dQuando abbiamo iniziato a lavorare al progetto, abbiamo sentito l\u2019esigenza di riconsiderare alcuni interventi del passato. Il sopralluogo ci ha per\u00f2 fatto comprendere che diversi elementi andavano preservati e, in alcuni casi, restaurati, perch\u00e9 questo luogo ha una storia lunga e preziosa che merita di essere valorizzata nel tempo. Il progetto, tuttavia, va oltre l\u2019edificio: \u00e8 soprattutto un progetto di apertura. Abbiamo riconosciuto la GAM come un luogo vivo, profondamente legato alla citt\u00e0 di Torino. Aprire il giardino e la piazza significa aprire la cultura alla citt\u00e0, invitando le persone ad attraversare tutti gli spazi, fino al piano interrato e ai magazzini. Abbiamo quindi immaginato un edificio realmente aperto, capace di coniugare rispetto per gli interni e grande flessibilit\u00e0 per le future configurazioni espositive. Infine, vi ringraziamo sinceramente per la fiducia e per averci affidato il futuro della GAM\u201d.<\/em><\/p>\n<p><strong>Un progetto strategico per il futuro della GAM e di Torino<br \/>\n<\/strong>Il progetto di rigenerazione della GAM si inserisce nel percorso delineato dal Piano Strategico della Fondazione Torino Musei, con l\u2019obiettivo di restituire alla citt\u00e0 di Torino e al pubblico un museo capace di coniugare innovazione tecnologica, sostenibilit\u00e0 ambientale e valorizzazione dell\u2019identit\u00e0 architettonica e storica dell\u2019edificio.<\/p>\n<p>La riqualificazione della GAM si configura come un modello avanzato di intervento sul patrimonio culturale moderno, concepito per rinnovarne le funzioni, ampliare l\u2019accessibilit\u00e0, ottimizzare l\u2019esperienza del visitatore e ridefinire il ruolo del museo come una piazza culturale aperta, accessibile e pienamente integrata nel tessuto urbano, capace di offrire nuovi spazi di relazione e di partecipazione attiva delle comunit\u00e0.<\/p>\n<p>A orientare questo processo concorre un ritrovato sguardo verso le origini della GAM: la storia della sua nascita e la genesi di un edificio ideato fin dall\u2019inizio con una marcata vocazione avanguardistica.<\/p>\n<p>E oggi, come ieri, si intende proporre un museo concepito come laboratorio di sperimentazione, come spazio capace di accogliere nuovi linguaggi e costruire modalit\u00e0 inedite di relazione con la comunit\u00e0.<\/p>\n<p>Lo stesso impulso innovativo delle origini torna a essere un riferimento strategico, guidando la trasformazione del museo verso una nuova fase della sua storia. La riqualificazione proposta intende dunque raccogliere ed evolvere quello spirito sperimentale, trasformandolo in una leva per il riposizionamento internazionale della GAM e per la costruzione di un\u2019istituzione capace di interpretare, con lucidit\u00e0 progettuale e visione di lungo periodo, le sfide culturali della prossima generazione.<\/p>\n<p><strong>Il concorso internazionale<br \/>\n<\/strong>Il Concorso internazionale di progettazione per la riqualificazione della GAM si \u00e8 articolato in due fasi distinte, concepite per garantire trasparenza, qualit\u00e0 progettuale e pari condizioni di partecipazione. Per assicurare un accesso uniforme ai candidati, l\u2019intero rapporto tra l\u2019ente e i concorrenti si \u00e8 svolto esclusivamente per via telematica attraverso la piattaforma concorsiarchibo.eu dell\u2019Ordine degli Architetti di Bologna.<\/p>\n<p><strong>La prima fase<br \/>\n<\/strong>La prima fase, a svolgimento palese, ha avuto la finalit\u00e0 di valutare i curricula, i titoli e l\u2019esperienza professionale dei candidati, con l\u2019obiettivo di individuare raggruppamenti da ammettere alla fase finale. La partecipazione \u00e8 stata ampia e fortemente internazionale: <strong>quarantanove gruppi<\/strong> di architettura e ingegneria provenienti da <strong>Francia, Germania, Giappone, Italia, Libano, Paesi Bassi, Spagna, Svizzera, Regno Unito e Stati Uniti<\/strong> hanno presentato istanza di partecipazione, confermando l\u2019interesse della comunit\u00e0 progettuale verso un intervento strategico come quello della GAM. La selezione dei finalisti \u00e8 stata affidata a una commissione tecnica chiamata a valutare la solidit\u00e0 delle candidature e la qualit\u00e0 dei profili presentati.<\/p>\n<p>La prima fase ha portato all\u2019individuazione di cinque raggruppamenti di progettisti, selezionati per qualit\u00e0, esperienza e coerenza con gli obiettivi del bando, ammessi alla seconda fase della procedura concorsuale, dedicata allo sviluppo delle proposte progettuali.<\/p>\n<p>La Commissione giudicatrice era composta da Emanuela Carpani, Francesco Novelli, Cristina Becchio (biografie dei componenti riportate in allegato).<\/p>\n<p><strong>La seconda fase<br \/>\n<\/strong>La seconda fase, svolta in forma completamente anonima, ha rappresentato il cuore del Concorso. Ai cinque gruppi finalisti \u00e8 stata richiesta la redazione degli elaborati progettuali secondo le indicazioni del bando e gli obiettivi di rigenerazione e sviluppo della Galleria.<\/p>\n<p>Le proposte sono state esaminate considerando la qualit\u00e0 architettonica, l\u2019innovazione e la sostenibilit\u00e0 ambientale, la fattibilit\u00e0 tecnico-economica e la coerenza con le esigenze funzionali e identitarie della GAM, con particolare attenzione alla capacit\u00e0 di interpretarne la vocazione contemporanea e il ruolo del Museo nel sistema museale cittadino.<\/p>\n<p>La Commissione giudicatrice, composta da cinque esperti di riconosciuta esperienza nei campi dell\u2019architettura, dell\u2019urbanistica e della progettazione museale, ha garantito un processo valutativo rigoroso e indipendente, fondato su competenze multidisciplinari e su una lettura attenta delle esigenze future del museo.<\/p>\n<p>La Commissione della seconda fase \u00e8 stata composta da Marco Gilli &#8211; Presidente della Giuria &#8211; Chris Dercon, Marco Filippi, Francesca Torzo, Esmeralda Valente (in allegato le biografie dei componenti)<\/p>\n<p><strong>Graduatoria finale del Concorso<br \/>\n<\/strong>Ad esito della seconda fase, dedicata allo sviluppo progettuale, la Commissione giudicatrice ha esaminato e valutato le proposte presentate dai gruppi finalisti, definendo la graduatoria di merito che individua il progetto vincitore.<\/p>\n<p><em>\u00a0<\/em><\/p>\n<p><em>(in ordine di graduatoria)<\/em><\/p>\n<p>1) <strong>MVRDV<\/strong> (Rotterdam), Balance Architettura, EP&amp;S Group, Dott. Michelangelo Di Gioia, Prof. Ing. Filippo Busato<\/p>\n<p>2) <strong>Kengo Kuma &amp; Associates Europe<\/strong>, Ralph Appelbaum Associates, Arch. Sonia Beatrice Calzoni, Deerns Italia SpA, CEAS srl, VDLA Vladimir Djurovic Landscape Architecture, Arch. Vincenzo Incardona, Arch. Anass Faid, Arch. Tommaso Mazzega, Arch. Francesco Patetta<\/p>\n<p>3) <strong>Guillermo V\u00e1zquez Consuegra Arquitecto<\/strong> SLP, PROAP &#8211; Estudos e Projectos de Arquitectura Paisagista, GTRF &#8211; Tortelli Frassoni Architetti Associati, SEINGIM Global Service srl, 3ti Progetti Italia Ingegneria Integrata S.p.A., Diapason Ingegneria S.r.l., Geologo Dott. Marco Giovannozzi, Ing. Alessandro Zichi<\/p>\n<p>4) <strong>Mario Cucinella Architects<\/strong>, Manens, Gae Engineering S.r.l., Milan Ingegneria SpA, WAU architetti, DOTDOTDOT, Dott. Alessandro Biglia<\/p>\n<p>5) <strong>ACPV Architects<\/strong> (architetti Antonio Citterio e Patricia Viel), DBA SpA, LAND Italia srl, Metis Lighting, Artcloud Network International, FIONDA srl, Arch. Alberto Artioli, Dott.ssa Beatrice Zanelli<\/p>\n<p>&nbsp;<\/p>\n<p><strong>Presentazione del progetto vincitore<br \/>\n<\/strong>Il progetto vincitore sar\u00e0 presentato al pubblico, ad esito delle ordinarie verifiche previste dalla normativa vigente, nel corso di un grande evento dedicato, in programma a inizio 2026. L\u2019occasione rappresenter\u00e0 un primo momento di restituzione pubblica della visione progettuale selezionata e dell\u2019impianto strategico che guider\u00e0 le successive fasi di sviluppo. L\u2019obiettivo mirato sar\u00e0 quello di coinvolgere gli stakeholder e di condividere il percorso con il territorio, la scena nazionale e internazionale e le comunit\u00e0 artistiche e culturali, contribuendo al rafforzamento del posizionamento del Museo e alla costruzione di una visione partecipata della sua trasformazione<\/p>\n<p>&nbsp;<\/p>\n<p><strong>Uffici stampa<\/strong><\/p>\n<p><strong>GAM \u2013 Fondazione Torino Musei<\/strong><br \/>\nDaniela Matteu | M +39 348 7829162 | <a href=\"mailto:daniela.matteu@fondazionetorinomusei.it\">daniela.matteu@fondazionetorinomusei.it<\/a><br \/>\nddl |arts| | <a href=\"mailto:ddlarts@ddlstudio.net\">ddlarts@ddlstudio.net<\/a><br \/>\nAlessandra de Antonellis | M +39 339 3637388 | <a href=\"mailto:alessandra.deantonellis@ddlstudio.net\">alessandra.deantonellis@ddlstudio.net<\/a><br \/>\nIlaria Bolognesi | M +39 339 1287840 | <a href=\"mailto:ilaria.bolognesi@ddlstudio.net\">ilaria.bolognesi@ddlstudio.net<\/a><\/p>\n<p><strong>Fondazione Compagnia di San Paolo<\/strong><br \/>\nFrancesca Corsico | M +39 333 3869911 | <a href=\"mailto:francesca.corsico@compagniadisanpaolo.it\">francesca.corsico@compagniadisanpaolo.it<\/a><br \/>\nGiulia Coss | M +39 338 1437493 | <a href=\"mailto:giulia.coss@compagniadisanpaolo.it\">giulia.coss@compagniadisanpaolo.it<\/a><\/p>\n<p><strong>Citt\u00e0 di Torino<\/strong><br \/>\nCarola Quaglia | M +39 335 6215287 | <a href=\"mailto:carola.quaglia@comune.torino.it\">carola.quaglia@comune.torino.it<\/a>[\/vc_column_text][vc_empty_space height=&#8221;50px&#8221;][vc_media_grid element_width=&#8221;3&#8243; css=&#8221;&#8221; grid_id=&#8221;vc_gid:1766071565154-0cb126fa-d18f-6&#8243; include=&#8221;40858,40860,40862,40864&#8243;][vc_empty_space height=&#8221;50px&#8221;][\/vc_column][\/vc_row][vc_row el_class=&#8221;sdg-list-wrap&#8221;][vc_column][vc_raw_html]JTVCU2V6aW9uZV9Eb2N1bWVudGklNUQ=[\/vc_raw_html][\/vc_column][\/vc_row][vc_row][vc_column]<div class=\"templatera_shortcode\"><div data-vc-full-width=\"true\" data-vc-full-width-temp=\"true\" data-vc-full-width-init=\"false\" class=\"vc_row wpb_row vc_row-fluid newsletter-wrap\"><div class=\"wpb_column vc_column_container vc_col-sm-12\"><div class=\"vc_column-inner\"><div class=\"wpb_wrapper\">\n\t<div class=\"wpb_raw_code wpb_raw_html wpb_content_element\" >\n\t\t<div class=\"wpb_wrapper\">\n\t\t\t    <div class=\"container\">\n      <div class=\"row align-items-center\">\n\t<div class=\"col-12 col-lg-6 col-xl-5 mb-3 mb-lg-0 pr-0\">\n\t  <h2 class=\"title\">Rimani aggiornato sui nostri bandi e sui nostri progetti<\/h2>\n\t<\/div>\n\t<div class=\"col-12 col-lg-6 col-xl-7 pl-xl-4\">\n\t  <a class=\"standard-link-block\" href=\"\/it\/newsletter\/\">\n\t    Compila il form e decidi su quale argomento vuoi ricevere notizie.\t    <strong>\u00a0 ISCRIVITI!<\/strong>\n\t  <\/a>\n\t<\/div>\n      <\/div>\n    <\/div>\n\t\t<\/div>\n\t<\/div>\n<\/div><\/div><\/div><\/div><div class=\"vc_row-full-width vc_clearfix\"><\/div><\/div>[\/vc_column][\/vc_row]\n<\/div>","protected":false},"excerpt":{"rendered":"<p>Lo studio MVRDV di Rotterdam con i Balance Architettura ed EP&#038;S group di Torino, il Dott. Michelangelo Di Gioia e il Prof. Filippo Busato si aggiudica il primo posto del Concorso Internazionale di progettazione  per il Piano di riqualificazione, rilancio e valorizzazione della GAM \u2013 Galleria Civica d\u2019Arte Moderna e Contemporanea di Torino<\/p>\n","protected":false},"featured_media":40855,"menu_order":0,"template":"","meta":{"_acf_changed":false,"content-type":""},"tags":[283,70,96,66,69,62],"class_list":["post-40838","comunicatistampa","type-comunicatistampa","status-publish","has-post-thumbnail","hentry","tag-cooperazione-per-lo-sviluppo","tag-creazione-di-reti-solide","tag-dinamiche-internazionali","tag-gruppo-compagnia","tag-oltre-lerogazione","tag-partnership-con-enti-istituzionali","entry","post-inner"],"acf":[],"yoast_head":"<!-- This site is optimized with the Yoast SEO plugin v27.3 - https:\/\/yoast.com\/product\/yoast-seo-wordpress\/ -->\n<title>Proclamati i vincitori del Concorso Internazionale di progettazione per il Piano di riqualificazione, rilancio e valorizzazione della GAM \u2013 Galleria Civica d\u2019Arte Moderna e Contemporanea di Torino - Fondazione Compagnia di San Paolo<\/title>\n<meta name=\"description\" content=\"Lo studio MVRDV di Rotterdam con i Balance Architettura ed EP&amp;S group di Torino, il Dott. Michelangelo Di Gioia e il Prof. Filippo Busato si aggiudica il primo posto del Concorso Internazionale di progettazione per il Piano di riqualificazione, rilancio e valorizzazione della GAM \u2013 Galleria Civica d\u2019Arte Moderna e Contemporanea di Torino\" \/>\n<meta name=\"robots\" content=\"index, follow, max-snippet:-1, max-image-preview:large, max-video-preview:-1\" \/>\n<link rel=\"canonical\" href=\"https:\/\/www.compagniadisanpaolo.it\/it\/comunicati-stampa\/proclamati-i-vincitori-del-concorso-internazionale-di-progettazione-per-il-piano-di-riqualificazione-rilancio-e-valorizzazione-della-gam-galleria-civica-darte-moderna-e-contemporan\/\" \/>\n<meta property=\"og:locale\" content=\"it_IT\" \/>\n<meta property=\"og:type\" content=\"article\" \/>\n<meta property=\"og:title\" content=\"Proclamati i vincitori del Concorso Internazionale di progettazione per il Piano di riqualificazione, rilancio e valorizzazione della GAM \u2013 Galleria Civica d\u2019Arte Moderna e Contemporanea di Torino - Fondazione Compagnia di San Paolo\" \/>\n<meta property=\"og:description\" content=\"Lo studio MVRDV di Rotterdam con i Balance Architettura ed EP&amp;S group di Torino, il Dott. Michelangelo Di Gioia e il Prof. Filippo Busato si aggiudica il primo posto del Concorso Internazionale di progettazione per il Piano di riqualificazione, rilancio e valorizzazione della GAM \u2013 Galleria Civica d\u2019Arte Moderna e Contemporanea di Torino\" \/>\n<meta property=\"og:url\" content=\"https:\/\/www.compagniadisanpaolo.it\/it\/comunicati-stampa\/proclamati-i-vincitori-del-concorso-internazionale-di-progettazione-per-il-piano-di-riqualificazione-rilancio-e-valorizzazione-della-gam-galleria-civica-darte-moderna-e-contemporan\/\" \/>\n<meta property=\"og:site_name\" content=\"Fondazione Compagnia di San Paolo\" \/>\n<meta property=\"article:publisher\" content=\"https:\/\/www.facebook.com\/CompagniaDiSanPaolo\" \/>\n<meta property=\"article:modified_time\" content=\"2025-12-18T15:27:11+00:00\" \/>\n<meta property=\"og:image\" content=\"https:\/\/www.compagniadisanpaolo.it\/wp-content\/uploads\/CSP_VincitoriGAM_815x350.jpg\" \/>\n\t<meta property=\"og:image:width\" content=\"815\" \/>\n\t<meta property=\"og:image:height\" content=\"350\" \/>\n\t<meta property=\"og:image:type\" content=\"image\/jpeg\" \/>\n<meta name=\"twitter:card\" content=\"summary_large_image\" \/>\n<meta name=\"twitter:site\" content=\"@CSP_live\" \/>\n<meta name=\"twitter:label1\" content=\"Tempo di lettura stimato\" \/>\n\t<meta name=\"twitter:data1\" content=\"11 minuti\" \/>\n<script type=\"application\/ld+json\" class=\"yoast-schema-graph\">{\"@context\":\"https:\\\/\\\/schema.org\",\"@graph\":[{\"@type\":\"WebPage\",\"@id\":\"https:\\\/\\\/www.compagniadisanpaolo.it\\\/it\\\/comunicati-stampa\\\/proclamati-i-vincitori-del-concorso-internazionale-di-progettazione-per-il-piano-di-riqualificazione-rilancio-e-valorizzazione-della-gam-galleria-civica-darte-moderna-e-contemporan\\\/\",\"url\":\"https:\\\/\\\/www.compagniadisanpaolo.it\\\/it\\\/comunicati-stampa\\\/proclamati-i-vincitori-del-concorso-internazionale-di-progettazione-per-il-piano-di-riqualificazione-rilancio-e-valorizzazione-della-gam-galleria-civica-darte-moderna-e-contemporan\\\/\",\"name\":\"Proclamati i vincitori del Concorso Internazionale di progettazione per il Piano di riqualificazione, rilancio e valorizzazione della GAM \u2013 Galleria Civica d\u2019Arte Moderna e Contemporanea di Torino - Fondazione Compagnia di San Paolo\",\"isPartOf\":{\"@id\":\"https:\\\/\\\/www.compagniadisanpaolo.it\\\/it\\\/#website\"},\"primaryImageOfPage\":{\"@id\":\"https:\\\/\\\/www.compagniadisanpaolo.it\\\/it\\\/comunicati-stampa\\\/proclamati-i-vincitori-del-concorso-internazionale-di-progettazione-per-il-piano-di-riqualificazione-rilancio-e-valorizzazione-della-gam-galleria-civica-darte-moderna-e-contemporan\\\/#primaryimage\"},\"image\":{\"@id\":\"https:\\\/\\\/www.compagniadisanpaolo.it\\\/it\\\/comunicati-stampa\\\/proclamati-i-vincitori-del-concorso-internazionale-di-progettazione-per-il-piano-di-riqualificazione-rilancio-e-valorizzazione-della-gam-galleria-civica-darte-moderna-e-contemporan\\\/#primaryimage\"},\"thumbnailUrl\":\"https:\\\/\\\/www.compagniadisanpaolo.it\\\/wp-content\\\/uploads\\\/CSP_VincitoriGAM_815x350.jpg\",\"datePublished\":\"2025-12-18T15:13:05+00:00\",\"dateModified\":\"2025-12-18T15:27:11+00:00\",\"description\":\"Lo studio MVRDV di Rotterdam con i Balance Architettura ed EP&S group di Torino, il Dott. Michelangelo Di Gioia e il Prof. Filippo Busato si aggiudica il primo posto del Concorso Internazionale di progettazione per il Piano di riqualificazione, rilancio e valorizzazione della GAM \u2013 Galleria Civica d\u2019Arte Moderna e Contemporanea di Torino\",\"breadcrumb\":{\"@id\":\"https:\\\/\\\/www.compagniadisanpaolo.it\\\/it\\\/comunicati-stampa\\\/proclamati-i-vincitori-del-concorso-internazionale-di-progettazione-per-il-piano-di-riqualificazione-rilancio-e-valorizzazione-della-gam-galleria-civica-darte-moderna-e-contemporan\\\/#breadcrumb\"},\"inLanguage\":\"it-IT\",\"potentialAction\":[{\"@type\":\"ReadAction\",\"target\":[\"https:\\\/\\\/www.compagniadisanpaolo.it\\\/it\\\/comunicati-stampa\\\/proclamati-i-vincitori-del-concorso-internazionale-di-progettazione-per-il-piano-di-riqualificazione-rilancio-e-valorizzazione-della-gam-galleria-civica-darte-moderna-e-contemporan\\\/\"]}]},{\"@type\":\"ImageObject\",\"inLanguage\":\"it-IT\",\"@id\":\"https:\\\/\\\/www.compagniadisanpaolo.it\\\/it\\\/comunicati-stampa\\\/proclamati-i-vincitori-del-concorso-internazionale-di-progettazione-per-il-piano-di-riqualificazione-rilancio-e-valorizzazione-della-gam-galleria-civica-darte-moderna-e-contemporan\\\/#primaryimage\",\"url\":\"https:\\\/\\\/www.compagniadisanpaolo.it\\\/wp-content\\\/uploads\\\/CSP_VincitoriGAM_815x350.jpg\",\"contentUrl\":\"https:\\\/\\\/www.compagniadisanpaolo.it\\\/wp-content\\\/uploads\\\/CSP_VincitoriGAM_815x350.jpg\",\"width\":815,\"height\":350},{\"@type\":\"BreadcrumbList\",\"@id\":\"https:\\\/\\\/www.compagniadisanpaolo.it\\\/it\\\/comunicati-stampa\\\/proclamati-i-vincitori-del-concorso-internazionale-di-progettazione-per-il-piano-di-riqualificazione-rilancio-e-valorizzazione-della-gam-galleria-civica-darte-moderna-e-contemporan\\\/#breadcrumb\",\"itemListElement\":[{\"@type\":\"ListItem\",\"position\":1,\"name\":\"Home\",\"item\":\"https:\\\/\\\/www.compagniadisanpaolo.it\\\/it\\\/\"},{\"@type\":\"ListItem\",\"position\":2,\"name\":\"Proclamati i vincitori del Concorso Internazionale di progettazione per il Piano di riqualificazione, rilancio e valorizzazione della GAM \u2013 Galleria Civica d\u2019Arte Moderna e Contemporanea di Torino\"}]},{\"@type\":\"WebSite\",\"@id\":\"https:\\\/\\\/www.compagniadisanpaolo.it\\\/it\\\/#website\",\"url\":\"https:\\\/\\\/www.compagniadisanpaolo.it\\\/it\\\/\",\"name\":\"Fondazione Compagnia di San Paolo\",\"description\":\"\",\"publisher\":{\"@id\":\"https:\\\/\\\/www.compagniadisanpaolo.it\\\/it\\\/#organization\"},\"potentialAction\":[{\"@type\":\"SearchAction\",\"target\":{\"@type\":\"EntryPoint\",\"urlTemplate\":\"https:\\\/\\\/www.compagniadisanpaolo.it\\\/it\\\/?s={search_term_string}\"},\"query-input\":{\"@type\":\"PropertyValueSpecification\",\"valueRequired\":true,\"valueName\":\"search_term_string\"}}],\"inLanguage\":\"it-IT\"},{\"@type\":\"Organization\",\"@id\":\"https:\\\/\\\/www.compagniadisanpaolo.it\\\/it\\\/#organization\",\"name\":\"Fondazione Compagnia di San Paolo\",\"url\":\"https:\\\/\\\/www.compagniadisanpaolo.it\\\/it\\\/\",\"logo\":{\"@type\":\"ImageObject\",\"inLanguage\":\"it-IT\",\"@id\":\"https:\\\/\\\/www.compagniadisanpaolo.it\\\/it\\\/#\\\/schema\\\/logo\\\/image\\\/\",\"url\":\"https:\\\/\\\/www.compagniadisanpaolo.it\\\/wp-content\\\/uploads\\\/logo.svg\",\"contentUrl\":\"https:\\\/\\\/www.compagniadisanpaolo.it\\\/wp-content\\\/uploads\\\/logo.svg\",\"width\":769,\"height\":323,\"caption\":\"Fondazione Compagnia di San Paolo\"},\"image\":{\"@id\":\"https:\\\/\\\/www.compagniadisanpaolo.it\\\/it\\\/#\\\/schema\\\/logo\\\/image\\\/\"},\"sameAs\":[\"https:\\\/\\\/www.facebook.com\\\/CompagniaDiSanPaolo\",\"https:\\\/\\\/x.com\\\/CSP_live\",\"http:\\\/\\\/instagram.com\\\/compagniadisanpaolo?ref=badge\",\"https:\\\/\\\/www.linkedin.com\\\/company\\\/compagnia-di-san-paolo\",\"https:\\\/\\\/www.youtube.com\\\/user\\\/compagniadisanpaolo\",\"https:\\\/\\\/it.wikipedia.org\\\/wiki\\\/Compagnia_di_San_Paolo\"]}]}<\/script>\n<!-- \/ Yoast SEO plugin. -->","yoast_head_json":{"title":"Proclamati i vincitori del Concorso Internazionale di progettazione per il Piano di riqualificazione, rilancio e valorizzazione della GAM \u2013 Galleria Civica d\u2019Arte Moderna e Contemporanea di Torino - Fondazione Compagnia di San Paolo","description":"Lo studio MVRDV di Rotterdam con i Balance Architettura ed EP&S group di Torino, il Dott. Michelangelo Di Gioia e il Prof. Filippo Busato si aggiudica il primo posto del Concorso Internazionale di progettazione per il Piano di riqualificazione, rilancio e valorizzazione della GAM \u2013 Galleria Civica d\u2019Arte Moderna e Contemporanea di Torino","robots":{"index":"index","follow":"follow","max-snippet":"max-snippet:-1","max-image-preview":"max-image-preview:large","max-video-preview":"max-video-preview:-1"},"canonical":"https:\/\/www.compagniadisanpaolo.it\/it\/comunicati-stampa\/proclamati-i-vincitori-del-concorso-internazionale-di-progettazione-per-il-piano-di-riqualificazione-rilancio-e-valorizzazione-della-gam-galleria-civica-darte-moderna-e-contemporan\/","og_locale":"it_IT","og_type":"article","og_title":"Proclamati i vincitori del Concorso Internazionale di progettazione per il Piano di riqualificazione, rilancio e valorizzazione della GAM \u2013 Galleria Civica d\u2019Arte Moderna e Contemporanea di Torino - Fondazione Compagnia di San Paolo","og_description":"Lo studio MVRDV di Rotterdam con i Balance Architettura ed EP&S group di Torino, il Dott. Michelangelo Di Gioia e il Prof. Filippo Busato si aggiudica il primo posto del Concorso Internazionale di progettazione per il Piano di riqualificazione, rilancio e valorizzazione della GAM \u2013 Galleria Civica d\u2019Arte Moderna e Contemporanea di Torino","og_url":"https:\/\/www.compagniadisanpaolo.it\/it\/comunicati-stampa\/proclamati-i-vincitori-del-concorso-internazionale-di-progettazione-per-il-piano-di-riqualificazione-rilancio-e-valorizzazione-della-gam-galleria-civica-darte-moderna-e-contemporan\/","og_site_name":"Fondazione Compagnia di San Paolo","article_publisher":"https:\/\/www.facebook.com\/CompagniaDiSanPaolo","article_modified_time":"2025-12-18T15:27:11+00:00","og_image":[{"width":815,"height":350,"url":"https:\/\/www.compagniadisanpaolo.it\/wp-content\/uploads\/CSP_VincitoriGAM_815x350.jpg","type":"image\/jpeg"}],"twitter_card":"summary_large_image","twitter_site":"@CSP_live","twitter_misc":{"Tempo di lettura stimato":"11 minuti"},"schema":{"@context":"https:\/\/schema.org","@graph":[{"@type":"WebPage","@id":"https:\/\/www.compagniadisanpaolo.it\/it\/comunicati-stampa\/proclamati-i-vincitori-del-concorso-internazionale-di-progettazione-per-il-piano-di-riqualificazione-rilancio-e-valorizzazione-della-gam-galleria-civica-darte-moderna-e-contemporan\/","url":"https:\/\/www.compagniadisanpaolo.it\/it\/comunicati-stampa\/proclamati-i-vincitori-del-concorso-internazionale-di-progettazione-per-il-piano-di-riqualificazione-rilancio-e-valorizzazione-della-gam-galleria-civica-darte-moderna-e-contemporan\/","name":"Proclamati i vincitori del Concorso Internazionale di progettazione per il Piano di riqualificazione, rilancio e valorizzazione della GAM \u2013 Galleria Civica d\u2019Arte Moderna e Contemporanea di Torino - Fondazione Compagnia di San Paolo","isPartOf":{"@id":"https:\/\/www.compagniadisanpaolo.it\/it\/#website"},"primaryImageOfPage":{"@id":"https:\/\/www.compagniadisanpaolo.it\/it\/comunicati-stampa\/proclamati-i-vincitori-del-concorso-internazionale-di-progettazione-per-il-piano-di-riqualificazione-rilancio-e-valorizzazione-della-gam-galleria-civica-darte-moderna-e-contemporan\/#primaryimage"},"image":{"@id":"https:\/\/www.compagniadisanpaolo.it\/it\/comunicati-stampa\/proclamati-i-vincitori-del-concorso-internazionale-di-progettazione-per-il-piano-di-riqualificazione-rilancio-e-valorizzazione-della-gam-galleria-civica-darte-moderna-e-contemporan\/#primaryimage"},"thumbnailUrl":"https:\/\/www.compagniadisanpaolo.it\/wp-content\/uploads\/CSP_VincitoriGAM_815x350.jpg","datePublished":"2025-12-18T15:13:05+00:00","dateModified":"2025-12-18T15:27:11+00:00","description":"Lo studio MVRDV di Rotterdam con i Balance Architettura ed EP&S group di Torino, il Dott. Michelangelo Di Gioia e il Prof. Filippo Busato si aggiudica il primo posto del Concorso Internazionale di progettazione per il Piano di riqualificazione, rilancio e valorizzazione della GAM \u2013 Galleria Civica d\u2019Arte Moderna e Contemporanea di Torino","breadcrumb":{"@id":"https:\/\/www.compagniadisanpaolo.it\/it\/comunicati-stampa\/proclamati-i-vincitori-del-concorso-internazionale-di-progettazione-per-il-piano-di-riqualificazione-rilancio-e-valorizzazione-della-gam-galleria-civica-darte-moderna-e-contemporan\/#breadcrumb"},"inLanguage":"it-IT","potentialAction":[{"@type":"ReadAction","target":["https:\/\/www.compagniadisanpaolo.it\/it\/comunicati-stampa\/proclamati-i-vincitori-del-concorso-internazionale-di-progettazione-per-il-piano-di-riqualificazione-rilancio-e-valorizzazione-della-gam-galleria-civica-darte-moderna-e-contemporan\/"]}]},{"@type":"ImageObject","inLanguage":"it-IT","@id":"https:\/\/www.compagniadisanpaolo.it\/it\/comunicati-stampa\/proclamati-i-vincitori-del-concorso-internazionale-di-progettazione-per-il-piano-di-riqualificazione-rilancio-e-valorizzazione-della-gam-galleria-civica-darte-moderna-e-contemporan\/#primaryimage","url":"https:\/\/www.compagniadisanpaolo.it\/wp-content\/uploads\/CSP_VincitoriGAM_815x350.jpg","contentUrl":"https:\/\/www.compagniadisanpaolo.it\/wp-content\/uploads\/CSP_VincitoriGAM_815x350.jpg","width":815,"height":350},{"@type":"BreadcrumbList","@id":"https:\/\/www.compagniadisanpaolo.it\/it\/comunicati-stampa\/proclamati-i-vincitori-del-concorso-internazionale-di-progettazione-per-il-piano-di-riqualificazione-rilancio-e-valorizzazione-della-gam-galleria-civica-darte-moderna-e-contemporan\/#breadcrumb","itemListElement":[{"@type":"ListItem","position":1,"name":"Home","item":"https:\/\/www.compagniadisanpaolo.it\/it\/"},{"@type":"ListItem","position":2,"name":"Proclamati i vincitori del Concorso Internazionale di progettazione per il Piano di riqualificazione, rilancio e valorizzazione della GAM \u2013 Galleria Civica d\u2019Arte Moderna e Contemporanea di Torino"}]},{"@type":"WebSite","@id":"https:\/\/www.compagniadisanpaolo.it\/it\/#website","url":"https:\/\/www.compagniadisanpaolo.it\/it\/","name":"Fondazione Compagnia di San Paolo","description":"","publisher":{"@id":"https:\/\/www.compagniadisanpaolo.it\/it\/#organization"},"potentialAction":[{"@type":"SearchAction","target":{"@type":"EntryPoint","urlTemplate":"https:\/\/www.compagniadisanpaolo.it\/it\/?s={search_term_string}"},"query-input":{"@type":"PropertyValueSpecification","valueRequired":true,"valueName":"search_term_string"}}],"inLanguage":"it-IT"},{"@type":"Organization","@id":"https:\/\/www.compagniadisanpaolo.it\/it\/#organization","name":"Fondazione Compagnia di San Paolo","url":"https:\/\/www.compagniadisanpaolo.it\/it\/","logo":{"@type":"ImageObject","inLanguage":"it-IT","@id":"https:\/\/www.compagniadisanpaolo.it\/it\/#\/schema\/logo\/image\/","url":"https:\/\/www.compagniadisanpaolo.it\/wp-content\/uploads\/logo.svg","contentUrl":"https:\/\/www.compagniadisanpaolo.it\/wp-content\/uploads\/logo.svg","width":769,"height":323,"caption":"Fondazione Compagnia di San Paolo"},"image":{"@id":"https:\/\/www.compagniadisanpaolo.it\/it\/#\/schema\/logo\/image\/"},"sameAs":["https:\/\/www.facebook.com\/CompagniaDiSanPaolo","https:\/\/x.com\/CSP_live","http:\/\/instagram.com\/compagniadisanpaolo?ref=badge","https:\/\/www.linkedin.com\/company\/compagnia-di-san-paolo","https:\/\/www.youtube.com\/user\/compagniadisanpaolo","https:\/\/it.wikipedia.org\/wiki\/Compagnia_di_San_Paolo"]}]}},"amp_enabled":true,"_links":{"self":[{"href":"https:\/\/www.compagniadisanpaolo.it\/it\/wp-json\/wp\/v2\/comunicatistampa\/40838","targetHints":{"allow":["GET"]}}],"collection":[{"href":"https:\/\/www.compagniadisanpaolo.it\/it\/wp-json\/wp\/v2\/comunicatistampa"}],"about":[{"href":"https:\/\/www.compagniadisanpaolo.it\/it\/wp-json\/wp\/v2\/types\/comunicatistampa"}],"wp:featuredmedia":[{"embeddable":true,"href":"https:\/\/www.compagniadisanpaolo.it\/it\/wp-json\/wp\/v2\/media\/40855"}],"wp:attachment":[{"href":"https:\/\/www.compagniadisanpaolo.it\/it\/wp-json\/wp\/v2\/media?parent=40838"}],"wp:term":[{"taxonomy":"post_tag","embeddable":true,"href":"https:\/\/www.compagniadisanpaolo.it\/it\/wp-json\/wp\/v2\/tags?post=40838"}],"curies":[{"name":"wp","href":"https:\/\/api.w.org\/{rel}","templated":true}]}}