{"id":40362,"date":"2025-11-14T17:39:26","date_gmt":"2025-11-14T16:39:26","guid":{"rendered":"https:\/\/www.compagniadisanpaolo.it\/?post_type=comunicatistampa&#038;p=40362"},"modified":"2025-11-14T17:39:26","modified_gmt":"2025-11-14T16:39:26","slug":"le-istituzioni-piemontesi-sostengono-la-valorizzazione-del-filatoio-di-caraglio","status":"publish","type":"comunicatistampa","link":"https:\/\/www.compagniadisanpaolo.it\/it\/comunicati-stampa\/le-istituzioni-piemontesi-sostengono-la-valorizzazione-del-filatoio-di-caraglio\/","title":{"rendered":"Le Istituzioni piemontesi sostengono la valorizzazione del Filatoio di Caraglio"},"content":{"rendered":"<div class=\"wpb-content-wrapper\">[vc_row][vc_column][vc_column_text]\n<div class=\"info-box mission\">\n\t\t<div class=\"info-box-wrap info-box-hor row pb-0\">\n\n\t\t      \n\t\t      <div class=\"spalla col-12 col-md-12\">\n\t\t\t<div class=\"info-box sharing-box\">\n\t\t\t  <span class=\"label\">Condividi:<\/span>\n\t\t\t  <div class=\"social-sharing\">\n\t\t\t    <span class=\"box\">\n\t\t\t      <a class=\"fb\" href=\"https:\/\/www.facebook.com\/sharer.php?u=https:\/\/www.compagniadisanpaolo.it\/it\/comunicati-stampa\/le-istituzioni-piemontesi-sostengono-la-valorizzazione-del-filatoio-di-caraglio\/\" target=\"_blank\">\n\t\t\t\t<span class=\"sr-only\">Facebook<\/span>\n\t\t\t\t<i class=\"fab fa-facebook-f\"><\/i>\n\t\t\t      <\/a>\n\t\t\t    <\/span>\n\t\t\t    \n\t\t\t    <style>\n.twitter, .twitter:hover{\ncolor:#000000 !important;}\n<\/style>\n\n\n\t\t\t    <span class=\"box\">\n\t\t\t      <a class=\"twitter\" href=\"https:\/\/twitter.com\/intent\/tweet?url=https:\/\/www.compagniadisanpaolo.it\/it\/comunicati-stampa\/le-istituzioni-piemontesi-sostengono-la-valorizzazione-del-filatoio-di-caraglio\/\">\n\t\t\t\t<span class=\"sr-only\">Twitter<\/span>\n\t\t\t\t<i class=\"fa-brands fa-x-twitter\"><\/i>\n\t\t\t      <\/a>\n\t\t\t    <\/span>\n\n\t\t\t    \n\t\t\t    <span class=\"box\">\n\t\t\t      <a class=\"linkedin\" href=\"https:\/\/www.linkedin.com\/shareArticle?mini=true&url=https:\/\/www.compagniadisanpaolo.it\/it\/comunicati-stampa\/le-istituzioni-piemontesi-sostengono-la-valorizzazione-del-filatoio-di-caraglio\/\">\n\t\t\t\t<span class=\"sr-only\">Linkedin<\/span>\n\t\t\t\t  <i class=\"fa-brands fa-linkedin-in\"><\/i>\n\t\t\t      <\/a>\n\t\t\t    <\/span>\n\n\t\t\t    <span class=\"box\">\n\t\t\t      <a class=\"whatsapp\" href=\"whatsapp:\/\/send?text=https:\/\/www.compagniadisanpaolo.it\/it\/comunicati-stampa\/le-istituzioni-piemontesi-sostengono-la-valorizzazione-del-filatoio-di-caraglio\/\" data-action=\"share\/whatsapp\/share\">\n\t\t\t\t<span class=\"sr-only\">Whatsapp<\/span>\n\t\t\t\t<i class=\"fa-brands fa-whatsapp\"><\/i>\n\t\t\t      <\/a>\n\t\t\t    <\/span>\n\n\t\t\t    <span class=\"box\">\n\t\t\t      <a class=\"mail\" href=\"mailto:?subject=Le Istituzioni piemontesi sostengono la valorizzazione del Filatoio di Caraglio&body=https:\/\/www.compagniadisanpaolo.it\/it\/comunicati-stampa\/le-istituzioni-piemontesi-sostengono-la-valorizzazione-del-filatoio-di-caraglio\/\">\n\t\t\t\t<span class=\"sr-only\">Mail<\/span>\n\t\t\t\t <i class=\"fa-solid fa-envelope\"><\/i>\n\t\t\t      <\/a>\n\t\t\t    <\/span>\n\t\t\t    \n\t\t\t  <\/div>\n\t\t\t<\/div>\n\t      <\/div>\n\t    <\/div><\/div>\n[\/vc_column_text][\/vc_column][\/vc_row][vc_row][vc_column width=&#8221;1\/4&#8243;][vc_column_text]\n\n\n\t\t<div class=\"info-box-wrap\">\n\n\t  <div class=\"info-box date-pub\">\n\t  \t<span class=\"label\">Data di pubblicazione:<\/span>\n\t    <span class=\"value\">14 Novembre 2025<\/span>\n\t  <\/div>\n\t\t\t\t  <div class=\"info-box obj-culture\">\n\t\t\t\t\t  <div class=\"info-box obj\"><span class=\"label\">Obiettivo<\/span>\n\t\t\t\t\t    <div class=\"obj-small-box\">\n\t\t\t\t\t      <span>Cultura.<\/span>\n\t\t\t\t\t    <\/div>\n\t\t\t\t\t  <\/div>\n\t\t\t\t  <\/div>\n\t\t\t  \n\t\t  \t   <div class=\"info-box obj-institutional\">\n\t\t\t\t  <div class=\"info-box obj\"><span class=\"label\">Obiettivo<\/span>\n\t\t\t\t    <div class=\"obj-small-box\">\n\t\t\t\t      <span>Istituzionale<\/span>\n\t\t\t\t    <\/div>\n\t\t\t\t  <\/div>\n\t\t\t  <\/div><div class=\"info-box mission\"><span class=\"label\">Tag<\/span><a href=\"https:\/\/www.compagniadisanpaolo.it\/it\/tags\/risultati\/?_sft_post_tag=cooperazione-per-lo-sviluppo\" class=\"tag-element\">Cooperazione per lo sviluppo<\/a><a href=\"https:\/\/www.compagniadisanpaolo.it\/it\/tags\/risultati\/?_sft_post_tag=creazione-di-reti-solide\" class=\"tag-element\">Creazione di reti solide<\/a><a href=\"https:\/\/www.compagniadisanpaolo.it\/it\/tags\/risultati\/?_sft_post_tag=dinamiche-internazionali\" class=\"tag-element\">Dinamiche internazionali<\/a><a href=\"https:\/\/www.compagniadisanpaolo.it\/it\/tags\/risultati\/?_sft_post_tag=gruppo-compagnia\" class=\"tag-element\">Gruppo compagnia<\/a><a href=\"https:\/\/www.compagniadisanpaolo.it\/it\/tags\/risultati\/?_sft_post_tag=oltre-lerogazione\" class=\"tag-element\">Oltre l'erogazione<\/a><a href=\"https:\/\/www.compagniadisanpaolo.it\/it\/tags\/risultati\/?_sft_post_tag=partnership-con-enti-istituzionali\" class=\"tag-element\">Partnership con enti istituzionali<\/a><\/div>\t  \n\t<\/div>\n[\/vc_column_text][\/vc_column][vc_column width=&#8221;3\/4&#8243; el_class=&#8221;page-content&#8221;][vc_column_text css=&#8221;&#8221; el_class=&#8221;text&#8221;]\n<p style=\"text-align: center;\"><strong>Siglato il protocollo di intesa per il triennio 2026-2028 tra Regione Piemonte, Comune di Caraglio, Fondazione Compagnia di San Paolo, Fondazione CRC, Fondazione CRT, Banca di Caraglio e Fondazione Artea<\/strong><\/p>\n<p>Firmato questo pomeriggio a Caraglio il protocollo d\u2019intesa per la valorizzazione del Filatoio nel triennio 2026-2028.<\/p>\n<p>La cerimonia \u00e8 avvenuta nella sede del Filatoio alla presenza degli assessori regionali al Patrimonio <strong>Gian Luca Vignale<\/strong> e alla Montagna <strong>Marco Gallo<\/strong>, del sindaco di Caraglio <strong>Paola Falco<\/strong>, di <strong>Ezio Raviola<\/strong>, componente del Comitato di Gestione della Fondazione Compagnia di San Paolo, di <strong>Mauro Bernardi, consigliere di amministrazione<\/strong> della Fondazione CRC, di <strong>Roberta Ceretto<\/strong>, consigliera di amministrazione della Fondazione CRT, del presidente della Banca di Caraglio <strong>Livio Tomatis<\/strong>, del presidente e del direttore della Fondazione Artea <strong>Marco Galateri di Genola <\/strong>e<strong> Davide De Luca<\/strong>, del presidente della Provincia di Cuneo <strong>Luca Robaldo. <\/strong>L\u2019assessore regionale alla Cultura <strong>Marina Chiarelli<\/strong> ha inviato un videomessaggio.<\/p>\n<p>Un\u2019operazione strategica congiunta che prevede la promozione e la valorizzazione del \u201cbene faro\u201d. L\u2019intesa fra le istituzioni, che sottoscrivono il protocollo, d\u00e0 il via a un progetto di ampia portata, finalizzato a promuovere e sviluppare il Filatoio come polo culturale di riferimento, punto di attrattivit\u00e0 turistica e modello innovativo di rigenerazione territoriale. L\u2019ex setificio seicentesco sar\u00e0 al centro di un percorso di rilancio che integra arte, cultura, innovazione, sostenibilit\u00e0 e forte radicamento territoriale, proiettandolo in una dimensione sovralocale, nazionale e internazionale.<\/p>\n<p>Gli enti aderenti al protocollo si impegnano, dal 2026, a sostenere l\u2019intera operazione, contribuendo al fabbisogno economico e finanziario e partecipando attivamente al Tavolo di Coordinamento che sar\u00e0 istituito per condividere, esaminare e monitorare la realizzazione del progetto di valorizzazione del Filatoio nel tempo. A Fondazione Artea il compito di curare la programmazione e la gestione delle attivit\u00e0 culturali del Filatoio per il triennio 2026-2028, con un modello operativo che prevede la programmazione delle iniziative e, al contempo, il supporto del Comune \u2014 proprietario del bene \u2014 nella messa a disposizione degli spazi espositivi e nella manutenzione del bene.<\/p>\n<p>Il piano triennale comprender\u00e0 mostre di rilevanza internazionale e un ricco programma di attivit\u00e0 pubbliche, con l\u2019obiettivo di rafforzare il posizionamento del Filatoio come sede espositiva di eccellenza. Tra gli obiettivi centrali vi \u00e8 anche la valorizzazione e la gestione delle attivit\u00e0 del Museo del Setificio Piemontese, ospitato all\u2019interno del complesso monumentale. L\u2019intento \u00e8 quello di potenziare le occasioni di fruizione e ampliare il pubblico, mettendo in luce la storia unica del luogo e, allo stesso tempo, aprendo il suo racconto a temi contemporanei, innovativi.<\/p>\n<p>Proprio al Filatoio fino al 1\u00b0 marzo 2026 \u00e8 possibile visitare la grande mostra \u201cHelmut Newton. Intrecci\u201d, promossa e organizzata da Fondazione Artea e curata da Matthias Harder, direttore della Helmut Newton Foundation di Berlino, che riunisce oltre 100 fotografie, tra cui diversi scatti inediti, frutto delle prestigiose collaborazioni del maestro tedesco con brand di fama mondiale, come Yves Saint Laurent, Wolford, Ca\u2019 del Bosco, Blumarine, Absolut Vodka e Lavazza.<\/p>\n<p>Nel 2026, a fronte di un costo complessivo stimato in 504.000 euro, le parti firmatarie del protocollo si impegnano a riconoscere, per il sostegno al progetto di valorizzazione, un contributo pro capite massimo cos\u00ec suddiviso: Regione Piemonte 75.000 euro, Comune di Caraglio 30.000 euro (come previsto dall\u2019accordo firmato il 26\/08\/2025), Fondazione Compagnia di San Paolo 100.000 euro, Fondazione CRC 100.000 euro, Fondazione CRT 100.000 euro e Banca di Caraglio 25.000 euro. Fondazione Artea contribuir\u00e0 alla copertura dei restanti 74.000 euro del progetto grazie ai ricavi delle attivit\u00e0. Gli interventi economici per il 2027 e il 2028 verranno definiti con successivi provvedimenti.<\/p>\n<p>\u00abCon questo protocollo\u00a0&#8211; dichiarano il presidente della Regione Piemonte <strong>Alberto Cirio<\/strong> e gli assessori alla Cultura\u00a0<strong>Marina Chiarelli<\/strong><strong>, al Patrimonio <\/strong><strong>Gian Luca Vignale<\/strong><strong> e alla Montagna <\/strong><strong>Marco Gallo<\/strong>\u00a0&#8211;\u00a0confermiamo la volont\u00e0 della Regione di sostenere i territori che investono sulla cultura come leva di sviluppo. Il Filatoio di Caraglio rappresenta un patrimonio storico e identitario unico, capace di parlare al passato ma anche al futuro, grazie a un progetto che intreccia tutela, innovazione, attivit\u00e0 espositive di livello e apertura al pubblico. Rafforzare realt\u00e0 come questa significa creare valore culturale, turistico ed economico per l\u2019intero Piemonte. Inoltre, il protocollo rappresenta\u00a0un modello virtuoso di collaborazione tra istituzioni, fondazioni bancarie e realt\u00e0 locali: un\u2019alleanza che mette al centro la valorizzazione dei beni culturali come occasione di crescita e di attrattivit\u00e0 per i territori ai piedi delle Alpi. Un ruolo fondamentale in questo percorso \u00e8 svolto dalla Fondazione Artea, che in questi anni ha saputo trasformare il Filatoio in un centro culturale dinamico e riconosciuto, capace di coniugare la memoria storica del luogo con una programmazione espositiva di respiro internazionale. Grazie al suo lavoro, il Filatoio \u00e8 tornato a essere un punto di incontro tra arte, comunit\u00e0 e territorio, contribuendo in modo concreto alla rinascita culturale della provincia di Cuneo, e continuer\u00e0 ad essere un punto di riferimento per la nostra identit\u00e0 e una porta d\u2019ingresso per chi vuole scoprire la ricchezza culturale delle nostre vallate\u00bb.<\/p>\n<p>\u00abNon nascondo l\u2019emozione per aver raggiunto un risultato che ritengo straordinario: da anni aspettavamo un supporto dalla Regione Piemonte per la gestione del Filatoio, una splendida struttura riconosciuta da tutti un\u2019eccellenza del nostro territorio e non solo &#8211; ha sottolineato il sindaco <strong>Paola Falco<\/strong> &#8211; Ringrazio in primis il presidente Cirio e la Giunta regionale per aver coordinato e agevolato la rete delle Fondazioni bancarie che tutte insieme hanno dimostrato di credere nel Filatoio e nelle sue potenzialit\u00e0, ma soprattutto nella diffusione della cultura. Con l\u2019esperienza di questi ultimi anni abbiamo avuto modo di conoscere le competenze e le capacit\u00e0 progettuali della Fondazione Artea, partecipata dalla Regione. Con la sottoscrizione del Protocollo d\u2019Intesa auspico una continua e proficua collaborazione per lo sviluppo di attivit\u00e0 culturali volte a promuovere la conoscenza, la fruizione e la valorizzazione del Bene Faro\u00bb.<\/p>\n<p>\u00abHo seguito fin dagli albori questa tematica e sono felice oggi come presidente della Provincia di poter partecipare al momento che sigla un passo fondamentale per il futuro del Filatoio di Caraglio. La Provincia di Cuneo non \u00e8 direttamente competente in materia, ma ho gi\u00e0 assicurato a tutti gli enti e alla sindaca del Comune di Caraglio la disponibilit\u00e0 a sostenere questo percorso, convinto che il Filatoio rappresenti una delle eccellenze della nostra provincia\u00bb, ha dichiarato il presidente della Provincia di Cuneo, <strong>Luca Robaldo<\/strong>.<\/p>\n<p>\u00abLa valorizzazione del Filatoio di Caraglio rappresenta un esempio concreto di come la collaborazione tra istituzioni possa generare impatto culturale e territoriale. Con questo Protocollo d\u2019intesa, la Fondazione rinnova il proprio impegno a favore di un modello di sviluppo sostenibile della cultura, capace di coniugare memoria storica, innovazione e attrattivit\u00e0 per le comunit\u00e0 locali e per il Piemonte nel suo insieme\u00bb, ha sostenuto <strong>Ezio Raviola<\/strong>, del Comitato di Gestione della Fondazione Compagnia di San Paolo.<\/p>\n<p>\u00abIl sostegno e la promozione della cultura rappresentano da sempre priorit\u00e0 d\u2019intervento delle Fondazioni di origine bancaria, consapevoli che l\u2019offerta culturale svolge un duplice ruolo: offrire occasioni in cui cresce e si rinsalda il senso di comunit\u00e0 e, al contempo, rafforzare l\u2019attrattivit\u00e0 del nostro territorio, in coerenza con gli obiettivi del Piano strategico Cuneo 2030 &#8211; dichiara il presidente di Fondazione CRC <strong>Mauro Gola<\/strong> &#8211; Il protocollo che oggi viene sottoscritto conferma il valore del Filatoio Rosso di Caraglio come uno dei poli culturali di riferimento per tutta la nostra provincia e rappresenta un esemplare forma di collaborazione e partnership tra il mondo delle Istituzioni e della filantropia\u00bb.<\/p>\n<p>\u00abIl Filatoio di Caraglio \u00e8 un luogo che racchiude meraviglia, identit\u00e0 e memoria collettiva. Il suo rilancio e la sua trasformazione in spazio di cultura, innovazione e comunit\u00e0 consentono di restituirgli nuova vita e nuove prospettive. La Fondazione CRT sostiene con convinzione questo percorso di valorizzazione, che unisce la tutela del patrimonio con la sua capacit\u00e0 di generare valore &#8211; afferma la presidente della Fondazione CRT <strong>Anna Maria Poggi<\/strong> -. Questo progetto rappresenta anche un esempio virtuoso di fare sistema: la collaborazione tra istituzioni, fondazioni di origine bancaria e realt\u00e0 locali dimostra quanto il lavoro condiviso possa rendere vivi, accessibili e sostenibili i grandi luoghi della cultura. L\u2019auspicio \u00e8 che il Filatoio possa diventare sempre pi\u00f9 un faro per il territorio, un punto di riferimento capace di coniugare storia e futuro\u00bb.<\/p>\n<p>\u00abNel 1892 Banca di Caraglio emetteva i primi vagiti: era gi\u00e0 da pi\u00f9 di due secoli che la ruota energetica di quella che \u00e8 fra le pi\u00f9 antiche, \u201cintelligenti\u201d e maestose fabbriche d\u2019Europa, regalava l\u2019eco della sua voce inarrestabile di vita dalla collina del Castello fino alla piana verso Dronero, fino ai campi di gelso verso il Palazzasso \u2013 ha ricordato di presidente della Banca di Caraglio <strong>Livio Tomatis<\/strong> &#8211; Ai tempi il setificio, che avendo cambiato colore di facciata a cavallo fra il 700\/800 era diventato il Filatoio rosso\u201d, continuava imperterrito a lavorare, coinvolgere nell\u2019eccellenza della produzione le grandi donne di quelle stesse famiglie che nei campi e nelle case curavano e vegliavano ogni giorno quella meraviglia della natura che \u00e8 la metamorfosi del baco da seta. Ai tempi Banca di Caraglio iniziava ad innaffiare i germogli di crescita di quelle stesse famiglie e da allora ha vissuto con il Filatoio rosso ogni giorno, ogni stagione, ogni umana pazzia, ogni irriducibile voglia e speranza degli uomini, quell\u2019eco immortale della ruota nell\u2019acqua che mai nessuno riuscir\u00e0 a zittire. Banca di Caraglio c\u2019era quando pi\u00f9 di vent\u2019anni fa questo eco di vita \u00e8 tornato pi\u00f9 forte e gli uomini hanno rivoluto il Filatoio e c\u2019\u00e8 stata ogni anno, in ogni tempo ed esperimento che ha permesso alla ruota di continuare a girare, a trasformare quell\u2019eco di energia in storia, conoscenza, memoria indelebile di crescita degli uomini. Banca di Caraglio ringrazia in modo profondamente sentito il Comune di Caraglio e tutte le donne e gli uomini che ci hanno creduto mettendoci forza e faccia anche nella quotidianit\u00e0 e infine ringrazia chi ha fatto la differenza, chi ha messo in campo per il Filatoio la forza del risparmio di coesione di un territorio allargato, le Fondazioni\u00bb.<\/p>\n<p>\u00abFondazione Artea, grazie a un consolidato e incisivo impegno pluriennale sul Filatoio, ha evidenziato e confermato l\u2019elevato potenziale culturale, storico e identitario di questo straordinario bene, primo edificio industriale in Italia &#8211; ha evidenziato il presidente della Fondazione Artea, <strong>Marco Galateri di Genola <\/strong>&#8211; Le numerose iniziative promosse \u2014 tra cui mostre e progetti divulgativi dedicati a grandi protagonisti della fotografia, come Steve Mc Curry, Inge Morath, Robert Doisneau ed Helmut Newton \u2014, unite alla costruzione di una rete di collaborazioni con partner istituzionali e culturali di alto livello, hanno consentito al Filatoio di riaffermare il suo ruolo nel panorama della produzione culturale e di riacquisire una significativa visibilit\u00e0 in ambito nazionale e internazionale, registrando in tre anni oltre 65.000 \u00a0visitatori. Con la firma di questo protocollo, Fondazione Artea rinnova con determinazione la volont\u00e0 di proseguire lungo il percorso avviato, intensificando e sviluppando strategie innovative di crescita e valorizzazione di questo bene con l\u2019obiettivo di restituire al Filatoio il carattere di luogo simbolo, creando un polo culturale di riferimento non solo per il territorio cuneese, ma per l\u2019intera regione, e per un pubblico sempre pi\u00f9 ampio\u00bb.[\/vc_column_text][vc_empty_space height=&#8221;80px&#8221;][\/vc_column][\/vc_row][vc_row el_class=&#8221;sdg-list-wrap&#8221;][vc_column][vc_raw_html]JTVCU2V6aW9uZV9Eb2N1bWVudGklNUQ=[\/vc_raw_html][\/vc_column][\/vc_row][vc_row][vc_column]<div class=\"templatera_shortcode\"><div data-vc-full-width=\"true\" data-vc-full-width-temp=\"true\" data-vc-full-width-init=\"false\" class=\"vc_row wpb_row vc_row-fluid newsletter-wrap\"><div class=\"wpb_column vc_column_container vc_col-sm-12\"><div class=\"vc_column-inner\"><div class=\"wpb_wrapper\">\n\t<div class=\"wpb_raw_code wpb_raw_html wpb_content_element\" >\n\t\t<div class=\"wpb_wrapper\">\n\t\t\t    <div class=\"container\">\n      <div class=\"row align-items-center\">\n\t<div class=\"col-12 col-lg-6 col-xl-5 mb-3 mb-lg-0 pr-0\">\n\t  <h2 class=\"title\">Rimani aggiornato sui nostri bandi e sui nostri progetti<\/h2>\n\t<\/div>\n\t<div class=\"col-12 col-lg-6 col-xl-7 pl-xl-4\">\n\t  <a class=\"standard-link-block\" href=\"\/it\/newsletter\/\">\n\t    Compila il form e decidi su quale argomento vuoi ricevere notizie.\t    <strong>\u00a0 ISCRIVITI!<\/strong>\n\t  <\/a>\n\t<\/div>\n      <\/div>\n    <\/div>\n\t\t<\/div>\n\t<\/div>\n<\/div><\/div><\/div><\/div><div class=\"vc_row-full-width vc_clearfix\"><\/div><\/div>[\/vc_column][\/vc_row]\n<\/div>","protected":false},"excerpt":{"rendered":"<p>Siglato il protocollo di intesa per il triennio 2026-2028 tra Regione Piemonte, Comune di Caraglio, Fondazione Compagnia di San Paolo, Fondazione CRC, Fondazione CRT, Banca di Caraglio e Fondazione Artea.<\/p>\n","protected":false},"featured_media":40367,"menu_order":0,"template":"","meta":{"_acf_changed":false,"content-type":""},"tags":[283,70,96,66,69,62],"class_list":["post-40362","comunicatistampa","type-comunicatistampa","status-publish","has-post-thumbnail","hentry","tag-cooperazione-per-lo-sviluppo","tag-creazione-di-reti-solide","tag-dinamiche-internazionali","tag-gruppo-compagnia","tag-oltre-lerogazione","tag-partnership-con-enti-istituzionali","entry","post-inner"],"acf":[],"yoast_head":"<!-- This site is optimized with the Yoast SEO plugin v27.3 - https:\/\/yoast.com\/product\/yoast-seo-wordpress\/ -->\n<title>Le Istituzioni piemontesi sostengono la valorizzazione del Filatoio di Caraglio - Fondazione Compagnia di San Paolo<\/title>\n<meta name=\"description\" content=\"Siglato il protocollo di intesa per il triennio 2026-2028 tra Regione Piemonte, Comune di Caraglio, Fondazione Compagnia di San Paolo, Fondazione CRC, Fondazione CRT, Banca di Caraglio e Fondazione Artea.\" \/>\n<meta name=\"robots\" content=\"index, follow, max-snippet:-1, max-image-preview:large, max-video-preview:-1\" \/>\n<link rel=\"canonical\" href=\"https:\/\/www.compagniadisanpaolo.it\/it\/comunicati-stampa\/le-istituzioni-piemontesi-sostengono-la-valorizzazione-del-filatoio-di-caraglio\/\" \/>\n<meta property=\"og:locale\" content=\"it_IT\" \/>\n<meta property=\"og:type\" content=\"article\" \/>\n<meta property=\"og:title\" content=\"Le Istituzioni piemontesi sostengono la valorizzazione del Filatoio di Caraglio - Fondazione Compagnia di San Paolo\" \/>\n<meta property=\"og:description\" content=\"Siglato il protocollo di intesa per il triennio 2026-2028 tra Regione Piemonte, Comune di Caraglio, Fondazione Compagnia di San Paolo, Fondazione CRC, Fondazione CRT, Banca di Caraglio e Fondazione Artea.\" \/>\n<meta property=\"og:url\" content=\"https:\/\/www.compagniadisanpaolo.it\/it\/comunicati-stampa\/le-istituzioni-piemontesi-sostengono-la-valorizzazione-del-filatoio-di-caraglio\/\" \/>\n<meta property=\"og:site_name\" content=\"Fondazione Compagnia di San Paolo\" \/>\n<meta property=\"article:publisher\" content=\"https:\/\/www.facebook.com\/CompagniaDiSanPaolo\" \/>\n<meta property=\"og:image\" content=\"https:\/\/www.compagniadisanpaolo.it\/wp-content\/uploads\/CSP_PROTOCOLLO-VALORIZZAZIONE-FILATOIO-DI-CARAGLIO_-815x350-1.png\" \/>\n\t<meta property=\"og:image:width\" content=\"815\" \/>\n\t<meta property=\"og:image:height\" content=\"350\" \/>\n\t<meta property=\"og:image:type\" content=\"image\/png\" \/>\n<meta name=\"twitter:card\" content=\"summary_large_image\" \/>\n<meta name=\"twitter:site\" content=\"@CSP_live\" \/>\n<meta name=\"twitter:label1\" content=\"Tempo di lettura stimato\" \/>\n\t<meta name=\"twitter:data1\" content=\"10 minuti\" \/>\n<script type=\"application\/ld+json\" class=\"yoast-schema-graph\">{\"@context\":\"https:\\\/\\\/schema.org\",\"@graph\":[{\"@type\":\"WebPage\",\"@id\":\"https:\\\/\\\/www.compagniadisanpaolo.it\\\/it\\\/comunicati-stampa\\\/le-istituzioni-piemontesi-sostengono-la-valorizzazione-del-filatoio-di-caraglio\\\/\",\"url\":\"https:\\\/\\\/www.compagniadisanpaolo.it\\\/it\\\/comunicati-stampa\\\/le-istituzioni-piemontesi-sostengono-la-valorizzazione-del-filatoio-di-caraglio\\\/\",\"name\":\"Le Istituzioni piemontesi sostengono la valorizzazione del Filatoio di Caraglio - Fondazione Compagnia di San Paolo\",\"isPartOf\":{\"@id\":\"https:\\\/\\\/www.compagniadisanpaolo.it\\\/it\\\/#website\"},\"primaryImageOfPage\":{\"@id\":\"https:\\\/\\\/www.compagniadisanpaolo.it\\\/it\\\/comunicati-stampa\\\/le-istituzioni-piemontesi-sostengono-la-valorizzazione-del-filatoio-di-caraglio\\\/#primaryimage\"},\"image\":{\"@id\":\"https:\\\/\\\/www.compagniadisanpaolo.it\\\/it\\\/comunicati-stampa\\\/le-istituzioni-piemontesi-sostengono-la-valorizzazione-del-filatoio-di-caraglio\\\/#primaryimage\"},\"thumbnailUrl\":\"https:\\\/\\\/www.compagniadisanpaolo.it\\\/wp-content\\\/uploads\\\/CSP_PROTOCOLLO-VALORIZZAZIONE-FILATOIO-DI-CARAGLIO_-815x350-1.png\",\"datePublished\":\"2025-11-14T16:39:26+00:00\",\"description\":\"Siglato il protocollo di intesa per il triennio 2026-2028 tra Regione Piemonte, Comune di Caraglio, Fondazione Compagnia di San Paolo, Fondazione CRC, Fondazione CRT, Banca di Caraglio e Fondazione Artea.\",\"breadcrumb\":{\"@id\":\"https:\\\/\\\/www.compagniadisanpaolo.it\\\/it\\\/comunicati-stampa\\\/le-istituzioni-piemontesi-sostengono-la-valorizzazione-del-filatoio-di-caraglio\\\/#breadcrumb\"},\"inLanguage\":\"it-IT\",\"potentialAction\":[{\"@type\":\"ReadAction\",\"target\":[\"https:\\\/\\\/www.compagniadisanpaolo.it\\\/it\\\/comunicati-stampa\\\/le-istituzioni-piemontesi-sostengono-la-valorizzazione-del-filatoio-di-caraglio\\\/\"]}]},{\"@type\":\"ImageObject\",\"inLanguage\":\"it-IT\",\"@id\":\"https:\\\/\\\/www.compagniadisanpaolo.it\\\/it\\\/comunicati-stampa\\\/le-istituzioni-piemontesi-sostengono-la-valorizzazione-del-filatoio-di-caraglio\\\/#primaryimage\",\"url\":\"https:\\\/\\\/www.compagniadisanpaolo.it\\\/wp-content\\\/uploads\\\/CSP_PROTOCOLLO-VALORIZZAZIONE-FILATOIO-DI-CARAGLIO_-815x350-1.png\",\"contentUrl\":\"https:\\\/\\\/www.compagniadisanpaolo.it\\\/wp-content\\\/uploads\\\/CSP_PROTOCOLLO-VALORIZZAZIONE-FILATOIO-DI-CARAGLIO_-815x350-1.png\",\"width\":815,\"height\":350},{\"@type\":\"BreadcrumbList\",\"@id\":\"https:\\\/\\\/www.compagniadisanpaolo.it\\\/it\\\/comunicati-stampa\\\/le-istituzioni-piemontesi-sostengono-la-valorizzazione-del-filatoio-di-caraglio\\\/#breadcrumb\",\"itemListElement\":[{\"@type\":\"ListItem\",\"position\":1,\"name\":\"Home\",\"item\":\"https:\\\/\\\/www.compagniadisanpaolo.it\\\/it\\\/\"},{\"@type\":\"ListItem\",\"position\":2,\"name\":\"Le Istituzioni piemontesi sostengono la valorizzazione del Filatoio di Caraglio\"}]},{\"@type\":\"WebSite\",\"@id\":\"https:\\\/\\\/www.compagniadisanpaolo.it\\\/it\\\/#website\",\"url\":\"https:\\\/\\\/www.compagniadisanpaolo.it\\\/it\\\/\",\"name\":\"Fondazione Compagnia di San Paolo\",\"description\":\"\",\"publisher\":{\"@id\":\"https:\\\/\\\/www.compagniadisanpaolo.it\\\/it\\\/#organization\"},\"potentialAction\":[{\"@type\":\"SearchAction\",\"target\":{\"@type\":\"EntryPoint\",\"urlTemplate\":\"https:\\\/\\\/www.compagniadisanpaolo.it\\\/it\\\/?s={search_term_string}\"},\"query-input\":{\"@type\":\"PropertyValueSpecification\",\"valueRequired\":true,\"valueName\":\"search_term_string\"}}],\"inLanguage\":\"it-IT\"},{\"@type\":\"Organization\",\"@id\":\"https:\\\/\\\/www.compagniadisanpaolo.it\\\/it\\\/#organization\",\"name\":\"Fondazione Compagnia di San Paolo\",\"url\":\"https:\\\/\\\/www.compagniadisanpaolo.it\\\/it\\\/\",\"logo\":{\"@type\":\"ImageObject\",\"inLanguage\":\"it-IT\",\"@id\":\"https:\\\/\\\/www.compagniadisanpaolo.it\\\/it\\\/#\\\/schema\\\/logo\\\/image\\\/\",\"url\":\"https:\\\/\\\/www.compagniadisanpaolo.it\\\/wp-content\\\/uploads\\\/logo.svg\",\"contentUrl\":\"https:\\\/\\\/www.compagniadisanpaolo.it\\\/wp-content\\\/uploads\\\/logo.svg\",\"width\":769,\"height\":323,\"caption\":\"Fondazione Compagnia di San Paolo\"},\"image\":{\"@id\":\"https:\\\/\\\/www.compagniadisanpaolo.it\\\/it\\\/#\\\/schema\\\/logo\\\/image\\\/\"},\"sameAs\":[\"https:\\\/\\\/www.facebook.com\\\/CompagniaDiSanPaolo\",\"https:\\\/\\\/x.com\\\/CSP_live\",\"http:\\\/\\\/instagram.com\\\/compagniadisanpaolo?ref=badge\",\"https:\\\/\\\/www.linkedin.com\\\/company\\\/compagnia-di-san-paolo\",\"https:\\\/\\\/www.youtube.com\\\/user\\\/compagniadisanpaolo\",\"https:\\\/\\\/it.wikipedia.org\\\/wiki\\\/Compagnia_di_San_Paolo\"]}]}<\/script>\n<!-- \/ Yoast SEO plugin. -->","yoast_head_json":{"title":"Le Istituzioni piemontesi sostengono la valorizzazione del Filatoio di Caraglio - Fondazione Compagnia di San Paolo","description":"Siglato il protocollo di intesa per il triennio 2026-2028 tra Regione Piemonte, Comune di Caraglio, Fondazione Compagnia di San Paolo, Fondazione CRC, Fondazione CRT, Banca di Caraglio e Fondazione Artea.","robots":{"index":"index","follow":"follow","max-snippet":"max-snippet:-1","max-image-preview":"max-image-preview:large","max-video-preview":"max-video-preview:-1"},"canonical":"https:\/\/www.compagniadisanpaolo.it\/it\/comunicati-stampa\/le-istituzioni-piemontesi-sostengono-la-valorizzazione-del-filatoio-di-caraglio\/","og_locale":"it_IT","og_type":"article","og_title":"Le Istituzioni piemontesi sostengono la valorizzazione del Filatoio di Caraglio - Fondazione Compagnia di San Paolo","og_description":"Siglato il protocollo di intesa per il triennio 2026-2028 tra Regione Piemonte, Comune di Caraglio, Fondazione Compagnia di San Paolo, Fondazione CRC, Fondazione CRT, Banca di Caraglio e Fondazione Artea.","og_url":"https:\/\/www.compagniadisanpaolo.it\/it\/comunicati-stampa\/le-istituzioni-piemontesi-sostengono-la-valorizzazione-del-filatoio-di-caraglio\/","og_site_name":"Fondazione Compagnia di San Paolo","article_publisher":"https:\/\/www.facebook.com\/CompagniaDiSanPaolo","og_image":[{"width":815,"height":350,"url":"https:\/\/www.compagniadisanpaolo.it\/wp-content\/uploads\/CSP_PROTOCOLLO-VALORIZZAZIONE-FILATOIO-DI-CARAGLIO_-815x350-1.png","type":"image\/png"}],"twitter_card":"summary_large_image","twitter_site":"@CSP_live","twitter_misc":{"Tempo di lettura stimato":"10 minuti"},"schema":{"@context":"https:\/\/schema.org","@graph":[{"@type":"WebPage","@id":"https:\/\/www.compagniadisanpaolo.it\/it\/comunicati-stampa\/le-istituzioni-piemontesi-sostengono-la-valorizzazione-del-filatoio-di-caraglio\/","url":"https:\/\/www.compagniadisanpaolo.it\/it\/comunicati-stampa\/le-istituzioni-piemontesi-sostengono-la-valorizzazione-del-filatoio-di-caraglio\/","name":"Le Istituzioni piemontesi sostengono la valorizzazione del Filatoio di Caraglio - Fondazione Compagnia di San Paolo","isPartOf":{"@id":"https:\/\/www.compagniadisanpaolo.it\/it\/#website"},"primaryImageOfPage":{"@id":"https:\/\/www.compagniadisanpaolo.it\/it\/comunicati-stampa\/le-istituzioni-piemontesi-sostengono-la-valorizzazione-del-filatoio-di-caraglio\/#primaryimage"},"image":{"@id":"https:\/\/www.compagniadisanpaolo.it\/it\/comunicati-stampa\/le-istituzioni-piemontesi-sostengono-la-valorizzazione-del-filatoio-di-caraglio\/#primaryimage"},"thumbnailUrl":"https:\/\/www.compagniadisanpaolo.it\/wp-content\/uploads\/CSP_PROTOCOLLO-VALORIZZAZIONE-FILATOIO-DI-CARAGLIO_-815x350-1.png","datePublished":"2025-11-14T16:39:26+00:00","description":"Siglato il protocollo di intesa per il triennio 2026-2028 tra Regione Piemonte, Comune di Caraglio, Fondazione Compagnia di San Paolo, Fondazione CRC, Fondazione CRT, Banca di Caraglio e Fondazione Artea.","breadcrumb":{"@id":"https:\/\/www.compagniadisanpaolo.it\/it\/comunicati-stampa\/le-istituzioni-piemontesi-sostengono-la-valorizzazione-del-filatoio-di-caraglio\/#breadcrumb"},"inLanguage":"it-IT","potentialAction":[{"@type":"ReadAction","target":["https:\/\/www.compagniadisanpaolo.it\/it\/comunicati-stampa\/le-istituzioni-piemontesi-sostengono-la-valorizzazione-del-filatoio-di-caraglio\/"]}]},{"@type":"ImageObject","inLanguage":"it-IT","@id":"https:\/\/www.compagniadisanpaolo.it\/it\/comunicati-stampa\/le-istituzioni-piemontesi-sostengono-la-valorizzazione-del-filatoio-di-caraglio\/#primaryimage","url":"https:\/\/www.compagniadisanpaolo.it\/wp-content\/uploads\/CSP_PROTOCOLLO-VALORIZZAZIONE-FILATOIO-DI-CARAGLIO_-815x350-1.png","contentUrl":"https:\/\/www.compagniadisanpaolo.it\/wp-content\/uploads\/CSP_PROTOCOLLO-VALORIZZAZIONE-FILATOIO-DI-CARAGLIO_-815x350-1.png","width":815,"height":350},{"@type":"BreadcrumbList","@id":"https:\/\/www.compagniadisanpaolo.it\/it\/comunicati-stampa\/le-istituzioni-piemontesi-sostengono-la-valorizzazione-del-filatoio-di-caraglio\/#breadcrumb","itemListElement":[{"@type":"ListItem","position":1,"name":"Home","item":"https:\/\/www.compagniadisanpaolo.it\/it\/"},{"@type":"ListItem","position":2,"name":"Le Istituzioni piemontesi sostengono la valorizzazione del Filatoio di Caraglio"}]},{"@type":"WebSite","@id":"https:\/\/www.compagniadisanpaolo.it\/it\/#website","url":"https:\/\/www.compagniadisanpaolo.it\/it\/","name":"Fondazione Compagnia di San Paolo","description":"","publisher":{"@id":"https:\/\/www.compagniadisanpaolo.it\/it\/#organization"},"potentialAction":[{"@type":"SearchAction","target":{"@type":"EntryPoint","urlTemplate":"https:\/\/www.compagniadisanpaolo.it\/it\/?s={search_term_string}"},"query-input":{"@type":"PropertyValueSpecification","valueRequired":true,"valueName":"search_term_string"}}],"inLanguage":"it-IT"},{"@type":"Organization","@id":"https:\/\/www.compagniadisanpaolo.it\/it\/#organization","name":"Fondazione Compagnia di San Paolo","url":"https:\/\/www.compagniadisanpaolo.it\/it\/","logo":{"@type":"ImageObject","inLanguage":"it-IT","@id":"https:\/\/www.compagniadisanpaolo.it\/it\/#\/schema\/logo\/image\/","url":"https:\/\/www.compagniadisanpaolo.it\/wp-content\/uploads\/logo.svg","contentUrl":"https:\/\/www.compagniadisanpaolo.it\/wp-content\/uploads\/logo.svg","width":769,"height":323,"caption":"Fondazione Compagnia di San Paolo"},"image":{"@id":"https:\/\/www.compagniadisanpaolo.it\/it\/#\/schema\/logo\/image\/"},"sameAs":["https:\/\/www.facebook.com\/CompagniaDiSanPaolo","https:\/\/x.com\/CSP_live","http:\/\/instagram.com\/compagniadisanpaolo?ref=badge","https:\/\/www.linkedin.com\/company\/compagnia-di-san-paolo","https:\/\/www.youtube.com\/user\/compagniadisanpaolo","https:\/\/it.wikipedia.org\/wiki\/Compagnia_di_San_Paolo"]}]}},"amp_enabled":true,"_links":{"self":[{"href":"https:\/\/www.compagniadisanpaolo.it\/it\/wp-json\/wp\/v2\/comunicatistampa\/40362","targetHints":{"allow":["GET"]}}],"collection":[{"href":"https:\/\/www.compagniadisanpaolo.it\/it\/wp-json\/wp\/v2\/comunicatistampa"}],"about":[{"href":"https:\/\/www.compagniadisanpaolo.it\/it\/wp-json\/wp\/v2\/types\/comunicatistampa"}],"wp:featuredmedia":[{"embeddable":true,"href":"https:\/\/www.compagniadisanpaolo.it\/it\/wp-json\/wp\/v2\/media\/40367"}],"wp:attachment":[{"href":"https:\/\/www.compagniadisanpaolo.it\/it\/wp-json\/wp\/v2\/media?parent=40362"}],"wp:term":[{"taxonomy":"post_tag","embeddable":true,"href":"https:\/\/www.compagniadisanpaolo.it\/it\/wp-json\/wp\/v2\/tags?post=40362"}],"curies":[{"name":"wp","href":"https:\/\/api.w.org\/{rel}","templated":true}]}}