{"id":34081,"date":"2025-02-06T16:15:31","date_gmt":"2025-02-06T15:15:31","guid":{"rendered":"https:\/\/www.compagniadisanpaolo.it\/?post_type=comunicatistampa&#038;p=34081"},"modified":"2025-02-08T19:51:53","modified_gmt":"2025-02-08T18:51:53","slug":"villa-della-regina-per-una-citta-sostenibile","status":"publish","type":"comunicatistampa","link":"https:\/\/www.compagniadisanpaolo.it\/it\/comunicati-stampa\/villa-della-regina-per-una-citta-sostenibile\/","title":{"rendered":"Villa della Regina per una citt\u00e0 sostenibile"},"content":{"rendered":"<div class=\"wpb-content-wrapper\">[vc_row][vc_column][vc_column_text]\n<div class=\"info-box mission\">\n\t\t<div class=\"info-box-wrap info-box-hor row pb-0\">\n\n\t\t      \n\t\t      <div class=\"spalla col-12 col-md-12\">\n\t\t\t<div class=\"info-box sharing-box\">\n\t\t\t  <span class=\"label\">Condividi:<\/span>\n\t\t\t  <div class=\"social-sharing\">\n\t\t\t    <span class=\"box\">\n\t\t\t      <a class=\"fb\" href=\"https:\/\/www.facebook.com\/sharer.php?u=https:\/\/www.compagniadisanpaolo.it\/it\/comunicati-stampa\/villa-della-regina-per-una-citta-sostenibile\/\" target=\"_blank\">\n\t\t\t\t<span class=\"sr-only\">Facebook<\/span>\n\t\t\t\t<i class=\"fab fa-facebook-f\"><\/i>\n\t\t\t      <\/a>\n\t\t\t    <\/span>\n\t\t\t    \n\t\t\t    <style>\n.twitter, .twitter:hover{\ncolor:#000000 !important;}\n<\/style>\n\n\n\t\t\t    <span class=\"box\">\n\t\t\t      <a class=\"twitter\" href=\"https:\/\/twitter.com\/intent\/tweet?url=https:\/\/www.compagniadisanpaolo.it\/it\/comunicati-stampa\/villa-della-regina-per-una-citta-sostenibile\/\">\n\t\t\t\t<span class=\"sr-only\">Twitter<\/span>\n\t\t\t\t<i class=\"fa-brands fa-x-twitter\"><\/i>\n\t\t\t      <\/a>\n\t\t\t    <\/span>\n\n\t\t\t    \n\t\t\t    <span class=\"box\">\n\t\t\t      <a class=\"linkedin\" href=\"https:\/\/www.linkedin.com\/shareArticle?mini=true&url=https:\/\/www.compagniadisanpaolo.it\/it\/comunicati-stampa\/villa-della-regina-per-una-citta-sostenibile\/\">\n\t\t\t\t<span class=\"sr-only\">Linkedin<\/span>\n\t\t\t\t  <i class=\"fa-brands fa-linkedin-in\"><\/i>\n\t\t\t      <\/a>\n\t\t\t    <\/span>\n\n\t\t\t    <span class=\"box\">\n\t\t\t      <a class=\"whatsapp\" href=\"whatsapp:\/\/send?text=https:\/\/www.compagniadisanpaolo.it\/it\/comunicati-stampa\/villa-della-regina-per-una-citta-sostenibile\/\" data-action=\"share\/whatsapp\/share\">\n\t\t\t\t<span class=\"sr-only\">Whatsapp<\/span>\n\t\t\t\t<i class=\"fa-brands fa-whatsapp\"><\/i>\n\t\t\t      <\/a>\n\t\t\t    <\/span>\n\n\t\t\t    <span class=\"box\">\n\t\t\t      <a class=\"mail\" href=\"mailto:?subject=Villa della Regina per una citt\u00e0 sostenibile&body=https:\/\/www.compagniadisanpaolo.it\/it\/comunicati-stampa\/villa-della-regina-per-una-citta-sostenibile\/\">\n\t\t\t\t<span class=\"sr-only\">Mail<\/span>\n\t\t\t\t <i class=\"fa-solid fa-envelope\"><\/i>\n\t\t\t      <\/a>\n\t\t\t    <\/span>\n\t\t\t    \n\t\t\t  <\/div>\n\t\t\t<\/div>\n\t      <\/div>\n\t    <\/div><\/div>\n[\/vc_column_text][\/vc_column][\/vc_row][vc_row][vc_column width=&#8221;1\/4&#8243;][vc_column_text]\n\n\n\t\t<div class=\"info-box-wrap\">\n\n\t  <div class=\"info-box date-pub\">\n\t  \t<span class=\"label\">Data di pubblicazione:<\/span>\n\t    <span class=\"value\">6 Febbraio 2025<\/span>\n\t  <\/div>\n\t\t\t\t  <div class=\"info-box obj-institutional\">\n\t\t\t\t\t  <div class=\"info-box obj\">\n\t\t\t\t\t    <div class=\"obj-small-box\">\n\t\t\t\t\t      <span>Istituzionale<\/span>\n\t\t\t\t\t    <\/div>\n\t\t\t\t\t  <\/div>\n\t\t\t\t  <\/div>\n\t\t\t  <div class=\"info-box mission\"><span class=\"label\">Tag<\/span><a href=\"https:\/\/www.compagniadisanpaolo.it\/it\/tags\/risultati\/?_sft_post_tag=gruppo-compagnia\" class=\"tag-element\">Gruppo compagnia<\/a><\/div>\t  \n\t<\/div>\n[\/vc_column_text][\/vc_column][vc_column width=&#8221;3\/4&#8243; el_class=&#8221;page-content&#8221;][vc_column_text el_class=&#8221;text&#8221;]\n<p style=\"text-align: center;\"><strong>Protocollo di intesa tra la Direzione Generale Musei, <\/strong><strong>le Residenze reali sabaude e la Fondazione Compagnia di San Paolo<\/strong><\/p>\n<p>Torino, 6 febbraio 2025 \u2013 Valorizzazione del patrimonio culturale, integrazione con la citt\u00e0, mobilit\u00e0 sostenibile, nuovi servizi per la cittadinanza, riscoperta dell\u2019antico equilibrio ambientale tra residenza, giardini e paesaggio collinare. Sono queste le coordinate intorno alle quali \u00e8 stato sottoscritto il <strong>protocollo di intesa<\/strong> per il <strong>restauro<\/strong> e la <strong>valorizzazione<\/strong> del complesso museale di <strong>Villa della Regina<\/strong>, siglato tra la Direzione Generale Musei, le Residenze reali sabaude e la Fondazione Compagnia di San Paolo.<\/p>\n<p>Il protocollo di intesa e il masterplan progettuale sono stati protagonisti di una presentazione al pubblico che si \u00e8 svolta oggi nel Salone d\u2019Onore di Villa della Regina. L\u2019evento \u00e8 stato aperto da <strong>Roberto Vannata<\/strong>, Dirigente del Servizio II \u2013 Sistema Museale Nazionale della Direzione Generale Musei, e, a seguire, sono intervenuti <strong>Filippo Masino<\/strong>, Direttore delle Residenze reali sabaude, <strong>Alberto Anfossi<\/strong>, Segretario Generale della Fondazione Compagnia di San Paolo, <strong>Cristina Lucca<\/strong>, Soprintendenza Archeologia belle arti e paesaggio per la citt\u00e0 metropolitana di Torino, <strong>Sara Lyla Mantica<\/strong>, Direttrice di Villa della Regina, e i progettisti <strong>Salvatore Simonetti <\/strong>e<strong> Federico Fontana<\/strong>.<\/p>\n<p>Dopo i grandi restauri della Soprintendenza che hanno recuperato la Villa dall\u2019oblio e hanno consentito nel 2006 l\u2019apertura al pubblico, da oggi parte una nuova stagione che vedr\u00e0 lo straordinario compendio culturale al centro di un insieme di interventi descritti nel masterplan <em>Vigna della Regina. Studio di fattibilit\u00e0 per un museo sostenibile<\/em>. Il documento \u00e8 stato donato alle Residenze reali sabaude dalla Fondazione Compagnia di San Paolo, gi\u00e0 partner prezioso di numerosi interventi di restauro e valorizzazione, ed \u00e8 stato redatto da un pool di professionisti guidato dagli architetti Salvatore Simonetti e Federico Fontana, autori di numerosi interventi nelle residenze sabaude e nella stessa Villa della Regina.<\/p>\n<p>Il masterplan si integra con i progetti avviati con fondi PNRR dalle Residenze reali sabaude e dalla Direzione Generale Musei, appena approvati in Giunta comunale, che prevedono la sistemazione dell\u2019attuale area del parcheggio e una futura fermata per il trasporto pubblico locale, e si sommano a quelli di miglioramento dei percorsi nei giardini, di efficientamento energetico e di illuminazione monumentale delle architetture e dei <em>parterre<\/em>.<\/p>\n<p>Ma non solo: il masterplan va oltre individuando <strong>tre ambiti di intervento<\/strong>.<\/p>\n<p>Il primo \u00e8 il recupero integrale del <strong>sistema verde<\/strong>, e cio\u00e8 di quel delicato equilibrio storico tra i giardini formali e le aree a funzione agricola, che facendo tesoro del vigneto sperimentale di Freisa reimpiantato ormai vent\u2019anni fa, riporter\u00e0 in vita anche altre produzioni storiche, per le quali la \u201cVigna\u201d venne concepita gi\u00e0 all\u2019inizio del Seicento dal principe Maurizio di Savoia, figlio di Carlo Emanuele I. Saranno ripristinati gli antichi orti e i frutteti che coronavano l\u2019anfiteatro naturale dei giardini, eliminata la vegetazione infestante e recuperata la Casa del Vignolante che potr\u00e0 ospitare, oltre alla lavorazione della frutta e dell\u2019uva raccolta, laboratori didattici per scuole e famiglie nell\u2019ottica dell\u2019educazione alla sostenibilit\u00e0 ambientale.<\/p>\n<p>Il secondo ambito di intervento \u00e8 votato a migliorare la parte a <strong>libero accesso<\/strong>, quella che gi\u00e0 oggi si pu\u00f2 vivere senza necessit\u00e0 di biglietto dall\u2019ingresso di Piazzale Villa della Regina attraverso lo scenografico \u201cviale aulico\u201d. Il restauro paesaggistico render\u00e0 pi\u00f9 aperto e accogliente questo polmone verde di viali e radure molto amato dai visitatori, in particolare risolvendo la \u201ccicatrice\u201d ancora aperta dell\u2019antico Palazzo Chiablese: di quest\u2019edificio, che un tempo affiancava la Villa, demolito dai bombardamenti della seconda guerra mondiale, rimane la sola traccia a terra e alcuni volumi realizzati pi\u00f9 recentemente per ospitare le centrali termiche. Sul suo preciso sedime sar\u00e0 realizzata una elegante struttura contemporanea in acciaio e vetro, nelle forme leggere di una serra, che suggerir\u00e0 il volume antico a chiusura del giardino e ospiter\u00e0 una caffetteria da cui si potr\u00e0 godere di una vista straordinaria e gustare i prodotti a \u201cchilometro zero\u201d prodotti nel complesso.<\/p>\n<p>L\u2019ultimo ambito vede invece protagonisti la <strong>residenza reale<\/strong> e il suo museo: una nuova biglietteria nei giardini inferiori consentir\u00e0 un\u2019accoglienza pi\u00f9 all\u2019avanguardia per il pubblico, mentre si ripartir\u00e0 con gli interventi di restauro delle facciate e degli ambienti interni. L\u2019obiettivo ambizioso \u00e8 quello di poter svelare anche gli altri piani della Villa, che attendono da anni il completamento dei restauri, e che potranno in futuro ospitare anche esposizioni, attivit\u00e0 culturali e di formazione avanzata sui temi dell\u2019arte e della sostenibilit\u00e0.<\/p>\n<p>&nbsp;<\/p>\n<p>\u201c<em>I musei oggi sono ogni giorno di pi\u00f9 chiamati a essere attori di un cambiamento possibile per le citt\u00e0, orientato al miglioramento del servizio alla comunit\u00e0 e agli obiettivi di sostenibilit\u00e0 ambientale. Questo progetto strategico sviluppato in partenariato con la Fondazione Compagnia di San Paolo dimostra come la sinergia tra pubblico e privato consenta la nascita di modelli virtuosi e concreti che sanno tenere insieme tutela del patrimonio e benessere collettivo<\/em> \u2013 Roberto Vannata, Dirigente del Servizio II \u2013 Sistema Museale Nazionale della Direzione Generale Musei\u201d.<\/p>\n<p>&nbsp;<\/p>\n<p>\u201c<em>Grazie alla preziosa alleanza con la Fondazione Compagnia di San Paolo <\/em>\u2013 dichiara Filippo Masino, Direttore delle Residenze reali sabaude \u2013 <em>la Villa della Regina da oggi guarda al futuro con un nuovo entusiasmo, e lo fa non solo recuperando la sua storica vocazione di luogo di natura e cultura, sempre pi\u00f9 ospitale e accessibile alla cittadinanza, ma anche candidandosi a modello di museo sostenibile. Un luogo dove la valorizzazione del patrimonio artistico e paesaggistico si intreccia con l\u2019antica vocazione produttiva e il corretto uso delle risorse, rispondendo cio\u00e8 all\u2019attenzione ai bisogni di oggi in termini di spazi di qualit\u00e0 e di sostenibilit\u00e0 urbana ed ecologica, nell\u2019ottica degli obiettivi dell\u2019Agenda 2030<\/em>\u201d.<\/p>\n<p>&nbsp;<\/p>\n<p>\u201c<em>Siamo nuovamente accanto al Ministero della cultura per un progetto che siamo certi possa avere un grande significato per Torino, ponendosi come modello a livello nazionale. Il nostro impegno \u00e8 affiancare strategicamente gli enti pubblici nella tutela e valorizzazione del patrimonio culturale, non solo con risorse economiche, ma fornendo competenze aggiuntive per il buon andamento del progetto. Il nostro obiettivo \u00e8 creare le condizioni per una gestione del patrimonio sostenibile e ragionata sul lungo periodo, capace di massimizzare l\u2019impatto degli interventi. Con la Villa della Regina intendiamo supportare un percorso che unisca conservazione, innovazione e sviluppo, offrendo strumenti concreti per la rifunzionalizzazione di una delle pi\u00f9 interessanti tra le Residenze Sabaude<\/em> \u2014 Alberto Anfossi, Segretario Generale della Fondazione Compagnia di San Paolo\u201d.<\/p>\n<p>&nbsp;<\/p>\n<p>\u201c<em>Il progetto di valorizzazione della corona verde di Villa della Regina <\/em>\u2013 precisa la direttrice Sara Lyla Mantica <em>\u2013 si fonda sulla sinergica collaborazione tra enti e associazioni, attraverso il lavoro di manutenzione costante e la progressiva apertura al pubblico di nuove porzioni del parco, e rappresenta l&#8217;anello di congiunzione tra il passato del grande intervento di restauro che ne ha consentito il recupero e le prospettive future del museo sostenibile delineate nel masterplan<\/em>\u201d.<\/p>\n<p>&nbsp;<\/p>\n<p>Sugli obiettivi cos\u00ec prefissati i tre soggetti firmatari del protocollo di intesa si impegnano a fornire sostegno finanziario e operativo, secondo una programmazione a lotti successivi che si concretizzer\u00e0 nei prossimi anni, anche nell\u2019ottica del reperimento di ulteriori risorse finanziarie attraverso la partecipazione a bandi pubblici e il coinvolgimento di partner privati interessati a prendere parte alla realizzazione e alla gestione dei servizi previsti.<\/p>\n<p>Gli interventi saranno pensati in modo da non interrompere l\u2019apertura al pubblico degli spazi museali. Inoltre a partire da sabato 1\u00b0 marzo sar\u00e0 introdotto un nuovo biglietto che consentir\u00e0, per la prima volta, la sola visita al giardino per andare incontro a una richiesta sempre pi\u00f9 crescente da parte del pubblico.<\/p>\n<p>&nbsp;<\/p>\n<p>&nbsp;<\/p>\n<p><strong>Ministero della cultura<\/strong><\/p>\n<p><strong>Residenze reali sabaude \u2013 Direzione regionale Musei nazionali Piemonte <\/strong><\/p>\n<p><strong>Ufficio Comunicazione<\/strong><\/p>\n<p>Maria D\u2019Amuri, <em>resp.<\/em><\/p>\n<p>Diego Mirenghi<\/p>\n<p><a href=\"mailto:drm-pie.comunicazione@cultura.gov.it\">drm-pie.comunicazione@cultura.gov.it<\/a> \u00a0| +39 011 5641717-724<\/p>\n<p><a href=\"http:\/\/www.polomusealepiemonte.beniculturali.it\">www.polomusealepiemonte.beniculturali.it<\/a><\/p>\n<p>&nbsp;<\/p>\n<p><strong>Fondazione Compagnia di San Paolo<\/strong><\/p>\n<p><strong>Ufficio Stampa e Comunicazione<\/strong><\/p>\n<p>Giulia Coss<\/p>\n<p><a href=\"mailto:giulia.coss@compagniadisanpaolo.it\">giulia.coss@compagniadisanpaolo.it<\/a> | +393381437493[\/vc_column_text][vc_empty_space height=&#8221;80px&#8221;][\/vc_column][\/vc_row][vc_row el_class=&#8221;sdg-list-wrap&#8221;][vc_column][vc_raw_html]JTVCU2V6aW9uZV9Eb2N1bWVudGklNUQ=[\/vc_raw_html][\/vc_column][\/vc_row][vc_row][vc_column]<div class=\"templatera_shortcode\"><div data-vc-full-width=\"true\" data-vc-full-width-temp=\"true\" data-vc-full-width-init=\"false\" class=\"vc_row wpb_row vc_row-fluid newsletter-wrap\"><div class=\"wpb_column vc_column_container vc_col-sm-12\"><div class=\"vc_column-inner\"><div class=\"wpb_wrapper\">\n\t<div class=\"wpb_raw_code wpb_raw_html wpb_content_element\" >\n\t\t<div class=\"wpb_wrapper\">\n\t\t\t    <div class=\"container\">\n      <div class=\"row align-items-center\">\n\t<div class=\"col-12 col-lg-6 col-xl-5 mb-3 mb-lg-0 pr-0\">\n\t  <h2 class=\"title\">Rimani aggiornato sui nostri bandi e sui nostri progetti<\/h2>\n\t<\/div>\n\t<div class=\"col-12 col-lg-6 col-xl-7 pl-xl-4\">\n\t  <a class=\"standard-link-block\" href=\"\/it\/newsletter\/\">\n\t    Compila il form e decidi su quale argomento vuoi ricevere notizie.\t    <strong>\u00a0 ISCRIVITI!<\/strong>\n\t  <\/a>\n\t<\/div>\n      <\/div>\n    <\/div>\n\t\t<\/div>\n\t<\/div>\n<\/div><\/div><\/div><\/div><div class=\"vc_row-full-width vc_clearfix\"><\/div><\/div>[\/vc_column][\/vc_row]\n<\/div>","protected":false},"excerpt":{"rendered":"<p>Valorizzazione del patrimonio culturale, integrazione con la citt\u00e0, mobilit\u00e0 sostenibile, nuovi servizi per la cittadinanza, riscoperta dell\u2019antico equilibrio ambientale tra residenza, giardini e paesaggio collinare. <\/p>\n","protected":false},"featured_media":34086,"menu_order":0,"template":"","meta":{"_acf_changed":false,"content-type":""},"tags":[66],"class_list":["post-34081","comunicatistampa","type-comunicatistampa","status-publish","has-post-thumbnail","hentry","tag-gruppo-compagnia","entry","post-inner"],"acf":[],"yoast_head":"<!-- This site is optimized with the Yoast SEO plugin v27.3 - https:\/\/yoast.com\/product\/yoast-seo-wordpress\/ -->\n<title>Villa della Regina per una citt\u00e0 sostenibile - Fondazione Compagnia di San Paolo<\/title>\n<meta name=\"description\" content=\"Valorizzazione del patrimonio culturale, integrazione con la citt\u00e0, mobilit\u00e0 sostenibile, nuovi servizi per la cittadinanza, riscoperta dell\u2019antico equilibrio ambientale tra residenza, giardini e paesaggio collinare.\" \/>\n<meta name=\"robots\" content=\"index, follow, max-snippet:-1, max-image-preview:large, max-video-preview:-1\" \/>\n<link rel=\"canonical\" href=\"https:\/\/www.compagniadisanpaolo.it\/it\/comunicati-stampa\/villa-della-regina-per-una-citta-sostenibile\/\" \/>\n<meta property=\"og:locale\" content=\"it_IT\" \/>\n<meta property=\"og:type\" content=\"article\" \/>\n<meta property=\"og:title\" content=\"Villa della Regina per una citt\u00e0 sostenibile - Fondazione Compagnia di San Paolo\" \/>\n<meta property=\"og:description\" content=\"Valorizzazione del patrimonio culturale, integrazione con la citt\u00e0, mobilit\u00e0 sostenibile, nuovi servizi per la cittadinanza, riscoperta dell\u2019antico equilibrio ambientale tra residenza, giardini e paesaggio collinare.\" \/>\n<meta property=\"og:url\" content=\"https:\/\/www.compagniadisanpaolo.it\/it\/comunicati-stampa\/villa-della-regina-per-una-citta-sostenibile\/\" \/>\n<meta property=\"og:site_name\" content=\"Fondazione Compagnia di San Paolo\" \/>\n<meta property=\"article:publisher\" content=\"https:\/\/www.facebook.com\/CompagniaDiSanPaolo\" \/>\n<meta property=\"article:modified_time\" content=\"2025-02-08T18:51:53+00:00\" \/>\n<meta property=\"og:image\" content=\"https:\/\/www.compagniadisanpaolo.it\/wp-content\/uploads\/PROTOCOLLO-VILLA-DELLA-REGINA-815X350.png\" \/>\n\t<meta property=\"og:image:width\" content=\"815\" \/>\n\t<meta property=\"og:image:height\" content=\"350\" \/>\n\t<meta property=\"og:image:type\" content=\"image\/png\" \/>\n<meta name=\"twitter:card\" content=\"summary_large_image\" \/>\n<meta name=\"twitter:site\" content=\"@CSP_live\" \/>\n<meta name=\"twitter:label1\" content=\"Tempo di lettura stimato\" \/>\n\t<meta name=\"twitter:data1\" content=\"7 minuti\" \/>\n<script type=\"application\/ld+json\" class=\"yoast-schema-graph\">{\"@context\":\"https:\\\/\\\/schema.org\",\"@graph\":[{\"@type\":\"WebPage\",\"@id\":\"https:\\\/\\\/www.compagniadisanpaolo.it\\\/it\\\/comunicati-stampa\\\/villa-della-regina-per-una-citta-sostenibile\\\/\",\"url\":\"https:\\\/\\\/www.compagniadisanpaolo.it\\\/it\\\/comunicati-stampa\\\/villa-della-regina-per-una-citta-sostenibile\\\/\",\"name\":\"Villa della Regina per una citt\u00e0 sostenibile - Fondazione Compagnia di San Paolo\",\"isPartOf\":{\"@id\":\"https:\\\/\\\/www.compagniadisanpaolo.it\\\/it\\\/#website\"},\"primaryImageOfPage\":{\"@id\":\"https:\\\/\\\/www.compagniadisanpaolo.it\\\/it\\\/comunicati-stampa\\\/villa-della-regina-per-una-citta-sostenibile\\\/#primaryimage\"},\"image\":{\"@id\":\"https:\\\/\\\/www.compagniadisanpaolo.it\\\/it\\\/comunicati-stampa\\\/villa-della-regina-per-una-citta-sostenibile\\\/#primaryimage\"},\"thumbnailUrl\":\"https:\\\/\\\/www.compagniadisanpaolo.it\\\/wp-content\\\/uploads\\\/PROTOCOLLO-VILLA-DELLA-REGINA-815X350.png\",\"datePublished\":\"2025-02-06T15:15:31+00:00\",\"dateModified\":\"2025-02-08T18:51:53+00:00\",\"description\":\"Valorizzazione del patrimonio culturale, integrazione con la citt\u00e0, mobilit\u00e0 sostenibile, nuovi servizi per la cittadinanza, riscoperta dell\u2019antico equilibrio ambientale tra residenza, giardini e paesaggio collinare.\",\"breadcrumb\":{\"@id\":\"https:\\\/\\\/www.compagniadisanpaolo.it\\\/it\\\/comunicati-stampa\\\/villa-della-regina-per-una-citta-sostenibile\\\/#breadcrumb\"},\"inLanguage\":\"it-IT\",\"potentialAction\":[{\"@type\":\"ReadAction\",\"target\":[\"https:\\\/\\\/www.compagniadisanpaolo.it\\\/it\\\/comunicati-stampa\\\/villa-della-regina-per-una-citta-sostenibile\\\/\"]}]},{\"@type\":\"ImageObject\",\"inLanguage\":\"it-IT\",\"@id\":\"https:\\\/\\\/www.compagniadisanpaolo.it\\\/it\\\/comunicati-stampa\\\/villa-della-regina-per-una-citta-sostenibile\\\/#primaryimage\",\"url\":\"https:\\\/\\\/www.compagniadisanpaolo.it\\\/wp-content\\\/uploads\\\/PROTOCOLLO-VILLA-DELLA-REGINA-815X350.png\",\"contentUrl\":\"https:\\\/\\\/www.compagniadisanpaolo.it\\\/wp-content\\\/uploads\\\/PROTOCOLLO-VILLA-DELLA-REGINA-815X350.png\",\"width\":815,\"height\":350},{\"@type\":\"BreadcrumbList\",\"@id\":\"https:\\\/\\\/www.compagniadisanpaolo.it\\\/it\\\/comunicati-stampa\\\/villa-della-regina-per-una-citta-sostenibile\\\/#breadcrumb\",\"itemListElement\":[{\"@type\":\"ListItem\",\"position\":1,\"name\":\"Home\",\"item\":\"https:\\\/\\\/www.compagniadisanpaolo.it\\\/it\\\/\"},{\"@type\":\"ListItem\",\"position\":2,\"name\":\"Villa della Regina per una citt\u00e0 sostenibile\"}]},{\"@type\":\"WebSite\",\"@id\":\"https:\\\/\\\/www.compagniadisanpaolo.it\\\/it\\\/#website\",\"url\":\"https:\\\/\\\/www.compagniadisanpaolo.it\\\/it\\\/\",\"name\":\"Fondazione Compagnia di San Paolo\",\"description\":\"\",\"publisher\":{\"@id\":\"https:\\\/\\\/www.compagniadisanpaolo.it\\\/it\\\/#organization\"},\"potentialAction\":[{\"@type\":\"SearchAction\",\"target\":{\"@type\":\"EntryPoint\",\"urlTemplate\":\"https:\\\/\\\/www.compagniadisanpaolo.it\\\/it\\\/?s={search_term_string}\"},\"query-input\":{\"@type\":\"PropertyValueSpecification\",\"valueRequired\":true,\"valueName\":\"search_term_string\"}}],\"inLanguage\":\"it-IT\"},{\"@type\":\"Organization\",\"@id\":\"https:\\\/\\\/www.compagniadisanpaolo.it\\\/it\\\/#organization\",\"name\":\"Fondazione Compagnia di San Paolo\",\"url\":\"https:\\\/\\\/www.compagniadisanpaolo.it\\\/it\\\/\",\"logo\":{\"@type\":\"ImageObject\",\"inLanguage\":\"it-IT\",\"@id\":\"https:\\\/\\\/www.compagniadisanpaolo.it\\\/it\\\/#\\\/schema\\\/logo\\\/image\\\/\",\"url\":\"https:\\\/\\\/www.compagniadisanpaolo.it\\\/wp-content\\\/uploads\\\/logo.svg\",\"contentUrl\":\"https:\\\/\\\/www.compagniadisanpaolo.it\\\/wp-content\\\/uploads\\\/logo.svg\",\"width\":769,\"height\":323,\"caption\":\"Fondazione Compagnia di San Paolo\"},\"image\":{\"@id\":\"https:\\\/\\\/www.compagniadisanpaolo.it\\\/it\\\/#\\\/schema\\\/logo\\\/image\\\/\"},\"sameAs\":[\"https:\\\/\\\/www.facebook.com\\\/CompagniaDiSanPaolo\",\"https:\\\/\\\/x.com\\\/CSP_live\",\"http:\\\/\\\/instagram.com\\\/compagniadisanpaolo?ref=badge\",\"https:\\\/\\\/www.linkedin.com\\\/company\\\/compagnia-di-san-paolo\",\"https:\\\/\\\/www.youtube.com\\\/user\\\/compagniadisanpaolo\",\"https:\\\/\\\/it.wikipedia.org\\\/wiki\\\/Compagnia_di_San_Paolo\"]}]}<\/script>\n<!-- \/ Yoast SEO plugin. -->","yoast_head_json":{"title":"Villa della Regina per una citt\u00e0 sostenibile - Fondazione Compagnia di San Paolo","description":"Valorizzazione del patrimonio culturale, integrazione con la citt\u00e0, mobilit\u00e0 sostenibile, nuovi servizi per la cittadinanza, riscoperta dell\u2019antico equilibrio ambientale tra residenza, giardini e paesaggio collinare.","robots":{"index":"index","follow":"follow","max-snippet":"max-snippet:-1","max-image-preview":"max-image-preview:large","max-video-preview":"max-video-preview:-1"},"canonical":"https:\/\/www.compagniadisanpaolo.it\/it\/comunicati-stampa\/villa-della-regina-per-una-citta-sostenibile\/","og_locale":"it_IT","og_type":"article","og_title":"Villa della Regina per una citt\u00e0 sostenibile - Fondazione Compagnia di San Paolo","og_description":"Valorizzazione del patrimonio culturale, integrazione con la citt\u00e0, mobilit\u00e0 sostenibile, nuovi servizi per la cittadinanza, riscoperta dell\u2019antico equilibrio ambientale tra residenza, giardini e paesaggio collinare.","og_url":"https:\/\/www.compagniadisanpaolo.it\/it\/comunicati-stampa\/villa-della-regina-per-una-citta-sostenibile\/","og_site_name":"Fondazione Compagnia di San Paolo","article_publisher":"https:\/\/www.facebook.com\/CompagniaDiSanPaolo","article_modified_time":"2025-02-08T18:51:53+00:00","og_image":[{"width":815,"height":350,"url":"https:\/\/www.compagniadisanpaolo.it\/wp-content\/uploads\/PROTOCOLLO-VILLA-DELLA-REGINA-815X350.png","type":"image\/png"}],"twitter_card":"summary_large_image","twitter_site":"@CSP_live","twitter_misc":{"Tempo di lettura stimato":"7 minuti"},"schema":{"@context":"https:\/\/schema.org","@graph":[{"@type":"WebPage","@id":"https:\/\/www.compagniadisanpaolo.it\/it\/comunicati-stampa\/villa-della-regina-per-una-citta-sostenibile\/","url":"https:\/\/www.compagniadisanpaolo.it\/it\/comunicati-stampa\/villa-della-regina-per-una-citta-sostenibile\/","name":"Villa della Regina per una citt\u00e0 sostenibile - Fondazione Compagnia di San Paolo","isPartOf":{"@id":"https:\/\/www.compagniadisanpaolo.it\/it\/#website"},"primaryImageOfPage":{"@id":"https:\/\/www.compagniadisanpaolo.it\/it\/comunicati-stampa\/villa-della-regina-per-una-citta-sostenibile\/#primaryimage"},"image":{"@id":"https:\/\/www.compagniadisanpaolo.it\/it\/comunicati-stampa\/villa-della-regina-per-una-citta-sostenibile\/#primaryimage"},"thumbnailUrl":"https:\/\/www.compagniadisanpaolo.it\/wp-content\/uploads\/PROTOCOLLO-VILLA-DELLA-REGINA-815X350.png","datePublished":"2025-02-06T15:15:31+00:00","dateModified":"2025-02-08T18:51:53+00:00","description":"Valorizzazione del patrimonio culturale, integrazione con la citt\u00e0, mobilit\u00e0 sostenibile, nuovi servizi per la cittadinanza, riscoperta dell\u2019antico equilibrio ambientale tra residenza, giardini e paesaggio collinare.","breadcrumb":{"@id":"https:\/\/www.compagniadisanpaolo.it\/it\/comunicati-stampa\/villa-della-regina-per-una-citta-sostenibile\/#breadcrumb"},"inLanguage":"it-IT","potentialAction":[{"@type":"ReadAction","target":["https:\/\/www.compagniadisanpaolo.it\/it\/comunicati-stampa\/villa-della-regina-per-una-citta-sostenibile\/"]}]},{"@type":"ImageObject","inLanguage":"it-IT","@id":"https:\/\/www.compagniadisanpaolo.it\/it\/comunicati-stampa\/villa-della-regina-per-una-citta-sostenibile\/#primaryimage","url":"https:\/\/www.compagniadisanpaolo.it\/wp-content\/uploads\/PROTOCOLLO-VILLA-DELLA-REGINA-815X350.png","contentUrl":"https:\/\/www.compagniadisanpaolo.it\/wp-content\/uploads\/PROTOCOLLO-VILLA-DELLA-REGINA-815X350.png","width":815,"height":350},{"@type":"BreadcrumbList","@id":"https:\/\/www.compagniadisanpaolo.it\/it\/comunicati-stampa\/villa-della-regina-per-una-citta-sostenibile\/#breadcrumb","itemListElement":[{"@type":"ListItem","position":1,"name":"Home","item":"https:\/\/www.compagniadisanpaolo.it\/it\/"},{"@type":"ListItem","position":2,"name":"Villa della Regina per una citt\u00e0 sostenibile"}]},{"@type":"WebSite","@id":"https:\/\/www.compagniadisanpaolo.it\/it\/#website","url":"https:\/\/www.compagniadisanpaolo.it\/it\/","name":"Fondazione Compagnia di San Paolo","description":"","publisher":{"@id":"https:\/\/www.compagniadisanpaolo.it\/it\/#organization"},"potentialAction":[{"@type":"SearchAction","target":{"@type":"EntryPoint","urlTemplate":"https:\/\/www.compagniadisanpaolo.it\/it\/?s={search_term_string}"},"query-input":{"@type":"PropertyValueSpecification","valueRequired":true,"valueName":"search_term_string"}}],"inLanguage":"it-IT"},{"@type":"Organization","@id":"https:\/\/www.compagniadisanpaolo.it\/it\/#organization","name":"Fondazione Compagnia di San Paolo","url":"https:\/\/www.compagniadisanpaolo.it\/it\/","logo":{"@type":"ImageObject","inLanguage":"it-IT","@id":"https:\/\/www.compagniadisanpaolo.it\/it\/#\/schema\/logo\/image\/","url":"https:\/\/www.compagniadisanpaolo.it\/wp-content\/uploads\/logo.svg","contentUrl":"https:\/\/www.compagniadisanpaolo.it\/wp-content\/uploads\/logo.svg","width":769,"height":323,"caption":"Fondazione Compagnia di San Paolo"},"image":{"@id":"https:\/\/www.compagniadisanpaolo.it\/it\/#\/schema\/logo\/image\/"},"sameAs":["https:\/\/www.facebook.com\/CompagniaDiSanPaolo","https:\/\/x.com\/CSP_live","http:\/\/instagram.com\/compagniadisanpaolo?ref=badge","https:\/\/www.linkedin.com\/company\/compagnia-di-san-paolo","https:\/\/www.youtube.com\/user\/compagniadisanpaolo","https:\/\/it.wikipedia.org\/wiki\/Compagnia_di_San_Paolo"]}]}},"amp_enabled":true,"_links":{"self":[{"href":"https:\/\/www.compagniadisanpaolo.it\/it\/wp-json\/wp\/v2\/comunicatistampa\/34081","targetHints":{"allow":["GET"]}}],"collection":[{"href":"https:\/\/www.compagniadisanpaolo.it\/it\/wp-json\/wp\/v2\/comunicatistampa"}],"about":[{"href":"https:\/\/www.compagniadisanpaolo.it\/it\/wp-json\/wp\/v2\/types\/comunicatistampa"}],"wp:featuredmedia":[{"embeddable":true,"href":"https:\/\/www.compagniadisanpaolo.it\/it\/wp-json\/wp\/v2\/media\/34086"}],"wp:attachment":[{"href":"https:\/\/www.compagniadisanpaolo.it\/it\/wp-json\/wp\/v2\/media?parent=34081"}],"wp:term":[{"taxonomy":"post_tag","embeddable":true,"href":"https:\/\/www.compagniadisanpaolo.it\/it\/wp-json\/wp\/v2\/tags?post=34081"}],"curies":[{"name":"wp","href":"https:\/\/api.w.org\/{rel}","templated":true}]}}