{"id":3384,"date":"2020-05-04T19:38:48","date_gmt":"2020-05-04T17:38:48","guid":{"rendered":"https:\/\/www.compagniadisanpaolo.it\/?post_type=comunicatistampa&#038;p=3384"},"modified":"2021-09-12T23:49:51","modified_gmt":"2021-09-12T21:49:51","slug":"nominata-la-governance-2020-2024-della-fondazione-compagnia-di-san-paolo","status":"publish","type":"comunicatistampa","link":"https:\/\/www.compagniadisanpaolo.it\/it\/comunicati-stampa\/nominata-la-governance-2020-2024-della-fondazione-compagnia-di-san-paolo\/","title":{"rendered":"Nominata la Governance 2020-2024  della Fondazione Compagnia di San Paolo"},"content":{"rendered":"<div class=\"wpb-content-wrapper\">[vc_row][vc_column][vc_column_text el_class=&#8221;text-headline2&#8243;]Torino, 4 maggio 2020 \u2013 Oggi si \u00e8 tenuta in videoconferenza la riunione di insediamento del nuovo Consiglio Generale 2020-2024 della Fondazione Compagnia di San Paolo.[\/vc_column_text][\/vc_column][\/vc_row][vc_row][vc_column][vc_column_text]\n<div class=\"info-box mission\">\n\t\t<div class=\"info-box-wrap info-box-hor row pb-0\">\n\n\t\t      \n\t\t      <div class=\"spalla col-12 col-md-12\">\n\t\t\t<div class=\"info-box sharing-box\">\n\t\t\t  <span class=\"label\">Condividi:<\/span>\n\t\t\t  <div class=\"social-sharing\">\n\t\t\t    <span class=\"box\">\n\t\t\t      <a class=\"fb\" href=\"https:\/\/www.facebook.com\/sharer.php?u=https:\/\/www.compagniadisanpaolo.it\/it\/comunicati-stampa\/nominata-la-governance-2020-2024-della-fondazione-compagnia-di-san-paolo\/\" target=\"_blank\">\n\t\t\t\t<span class=\"sr-only\">Facebook<\/span>\n\t\t\t\t<i class=\"fab fa-facebook-f\"><\/i>\n\t\t\t      <\/a>\n\t\t\t    <\/span>\n\t\t\t    \n\t\t\t    <style>\n.twitter, .twitter:hover{\ncolor:#000000 !important;}\n<\/style>\n\n\n\t\t\t    <span class=\"box\">\n\t\t\t      <a class=\"twitter\" href=\"https:\/\/twitter.com\/intent\/tweet?url=https:\/\/www.compagniadisanpaolo.it\/it\/comunicati-stampa\/nominata-la-governance-2020-2024-della-fondazione-compagnia-di-san-paolo\/\">\n\t\t\t\t<span class=\"sr-only\">Twitter<\/span>\n\t\t\t\t<i class=\"fa-brands fa-x-twitter\"><\/i>\n\t\t\t      <\/a>\n\t\t\t    <\/span>\n\n\t\t\t    \n\t\t\t    <span class=\"box\">\n\t\t\t      <a class=\"linkedin\" href=\"https:\/\/www.linkedin.com\/shareArticle?mini=true&url=https:\/\/www.compagniadisanpaolo.it\/it\/comunicati-stampa\/nominata-la-governance-2020-2024-della-fondazione-compagnia-di-san-paolo\/\">\n\t\t\t\t<span class=\"sr-only\">Linkedin<\/span>\n\t\t\t\t  <i class=\"fa-brands fa-linkedin-in\"><\/i>\n\t\t\t      <\/a>\n\t\t\t    <\/span>\n\n\t\t\t    <span class=\"box\">\n\t\t\t      <a class=\"whatsapp\" href=\"whatsapp:\/\/send?text=https:\/\/www.compagniadisanpaolo.it\/it\/comunicati-stampa\/nominata-la-governance-2020-2024-della-fondazione-compagnia-di-san-paolo\/\" data-action=\"share\/whatsapp\/share\">\n\t\t\t\t<span class=\"sr-only\">Whatsapp<\/span>\n\t\t\t\t<i class=\"fa-brands fa-whatsapp\"><\/i>\n\t\t\t      <\/a>\n\t\t\t    <\/span>\n\n\t\t\t    <span class=\"box\">\n\t\t\t      <a class=\"mail\" href=\"mailto:?subject=Nominata la Governance 2020-2024  della Fondazione Compagnia di San Paolo&body=https:\/\/www.compagniadisanpaolo.it\/it\/comunicati-stampa\/nominata-la-governance-2020-2024-della-fondazione-compagnia-di-san-paolo\/\">\n\t\t\t\t<span class=\"sr-only\">Mail<\/span>\n\t\t\t\t <i class=\"fa-solid fa-envelope\"><\/i>\n\t\t\t      <\/a>\n\t\t\t    <\/span>\n\t\t\t    \n\t\t\t  <\/div>\n\t\t\t<\/div>\n\t      <\/div>\n\t    <\/div><\/div>\n[\/vc_column_text][\/vc_column][\/vc_row][vc_row][vc_column width=&#8221;1\/4&#8243;][vc_column_text]\n\n\n\t\t<div class=\"info-box-wrap\">\n\n\t  <div class=\"info-box date-pub\">\n\t  \t<span class=\"label\">Data di pubblicazione:<\/span>\n\t    <span class=\"value\">4 Maggio 2020<\/span>\n\t  <\/div>\n\t\t\t\t  <div class=\"info-box obj-institutional\">\n\t\t\t\t\t  <div class=\"info-box obj\">\n\t\t\t\t\t    <div class=\"obj-small-box\">\n\t\t\t\t\t      <span>Istituzionale<\/span>\n\t\t\t\t\t    <\/div>\n\t\t\t\t\t  <\/div>\n\t\t\t\t  <\/div>\n\t\t\t  <div class=\"info-box mission\"><span class=\"label\">Tag<\/span><a href=\"https:\/\/www.compagniadisanpaolo.it\/it\/tags\/risultati\/?_sft_post_tag=gruppo-compagnia\" class=\"tag-element\">Gruppo compagnia<\/a><\/div>\t  \n\t<\/div>\n[\/vc_column_text][\/vc_column][vc_column width=&#8221;3\/4&#8243; el_class=&#8221;page-content&#8221;][vc_column_text el_class=&#8221;text&#8221;]<strong>Presidente<\/strong>: Prof. <a href=\"https:\/\/www.compagniadisanpaolo.it\/it\/fondazione\/organi\/francesco-profumo-presidente\/\">Francesco Profumo<\/a> (designazione del Comune di Torino)<\/p>\n<p>\u00c8 stato nominato il <a href=\"https:\/\/www.compagniadisanpaolo.it\/it\/fondazione\/organi\/comitato-di-gestione\/\"><strong>Comitato di Gestione<\/strong><\/a>:<br \/>\n<strong>Vicepresidente<\/strong>: Dott.ssa Rosanna Ventrella (designazione della CCIAA di Torino)<br \/>\nDott. Carlo Picco (designazione della Regione Piemonte)<br \/>\nIng. Alessandro Barberis (designazione di Unioncamere Piemonte)<br \/>\nIng. Nicoletta Viziano (cooptazione del Consiglio Generale)<\/p>\n<p>Il <a href=\"https:\/\/www.compagniadisanpaolo.it\/it\/fondazione\/organi\/consiglio-generale\/\"><strong>Consiglio Generale<\/strong><\/a> \u00e8 composto da:<br \/>\nProf.ssa Paola Bonfante (designazione dell\u2019Accademia Nazionale dei Lincei)<br \/>\nDott.ssa Valeria Cappellato (designazione del Comune di Torino)<br \/>\nDott.ssa Elena Casolari (cooptazione del Consiglio Generale)<br \/>\nProf.ssa Michela Di Macco (designazione del Fondo Ambiente Italiano (FAI))<br \/>\nProf. Enrico Filippi (designazione dell\u2019Accademia delle Scienze di Torino)<br \/>\nIng. Vincenzo Ilotte (designazione della CCIAA di Torino)<br \/>\nAvv. Ernesto Lavatelli (designazione del Comune di Genova)<br \/>\nDott.ssa Penelope Lewis (designazione dell\u2019European Foundation Centre (EFC))<br \/>\nSig. Angelo Matellini (designazione della CCIAA di Genova)<br \/>\nIng. Remo Pertica (designazione dell\u2019Istituto Italiano di Tecnologia (IIT))<br \/>\nProf. Alberto Quadrio Curzio (designazione della CCIAA di Milano)<br \/>\nProf.ssa Roberta Siliquini (cooptazione del Consiglio Generale)<\/p>\n<p>Nella medesima seduta \u00e8 stato nominato il <a href=\"https:\/\/www.compagniadisanpaolo.it\/it\/fondazione\/organi\/collegio-dei-revisori\/\"><strong>Collegio dei Revisori<\/strong><\/a>:<br \/>\nPresidente: Dott.sa Margherita Spaini<br \/>\nDott. Mario Matteo Busso<br \/>\nDott. Ernesto Carrera<\/p>\n<p>In questo momento storico di incredibile complessit\u00e0, la Fondazione Compagnia di San Paolo, per la nomina dei Consiglieri del Consiglio Generale ha messo in atto un processo rigoroso, come previsto dallo Statuto, che mette al centro trasparenza, professionalit\u00e0, competenze e la promozione del genere meno rappresentato all\u2019interno dell\u2019organo. Inoltre, ha tenuto in considerazione la rappresentativit\u00e0 anagrafica delle generazioni e le competenze strategiche emerse nella Consigliatura 2016-2020.<\/p>\n<p>Il Consiglio Generale nominato \u2013 dopo le 14 designazioni degli Enti Designanti e le 3 cooptazioni dello stesso Consiglio Generale &#8211; ha una composizione di altissimo profilo: un ex Ministro (Istruzione, Ricerca e Universit\u00e0); ex Presidenti di Istituzioni prestigiose (Accademia dei Lincei, CNR e Istituto Superiore di Sanit\u00e0); il Presidente dell\u2019ACRI; ex manager in posizioni apicali di grandi gruppi (Fiat, Cassa di Risparmio di Torino e Finmeccanica); Accademici di rilevanza internazionale, professionisti, imprenditori e manager di grandi Istituzioni internazionali (World Bank). Queste competenze della Fondazione saranno molto utili per accompagnare la fase di ripartenza nel post Coronavirus e per l\u2019individuazione degli ambiti e degli strumenti di maggior impatto per lo sviluppo dei territori e del nostro Paese, mettendo al centro le persone, nei settori della formazione, della ricerca, della sanit\u00e0, del sociale, della cultura e dello sviluppo economico.<\/p>\n<p>\u201cIl Comitato di Gestione che \u00e8 stato nominato dal Consiglio Generale\u201d ha dichiarato il Presidente \u201coltre ad avere comprovate competenze negli ambiti strategici della Fondazione, \u00e8 composto da persone con grande e qualificata esperienza nella gestione, nell\u2019amministrazione e nella finanza. Come spesso ci viene evidenziato dalle comunit\u00e0 con cui collaboriamo, le sinergie del Comitato di Gestione con le professionalit\u00e0 della struttura della Compagnia creano sul nostro territorio e nel nostro Paese un agente di sviluppo di grandissimo valore e di riferimento per molti\u201d.<\/p>\n<p>La governance complessiva della Compagnia di San Paolo \u00e8 caratterizzata dalla promozione del genere meno rappresentato, ulteriore dimostrazione che la Fondazione \u00e8 un soggetto moderno, attento alle evoluzioni della societ\u00e0 e con forte senso di responsabilit\u00e0 civile.[\/vc_column_text][\/vc_column][\/vc_row][vc_row full_width=&#8221;stretch_row&#8221; el_class=&#8221;download-area-wrap mt-0 mb-0&#8243; css=&#8221;.vc_custom_1587069376729{margin-bottom: 0px !important;}&#8221;][vc_column el_class=&#8221;download-area&#8221;][vc_row_inner][vc_column_inner][vc_column_text]\n<h2 class=\"title\">Documenti di approfondimento<\/h2>\n[\/vc_column_text][\/vc_column_inner][\/vc_row_inner][vc_row_inner][vc_column_inner width=&#8221;1\/2&#8243;][vc_column_text el_class=&#8221;download-box&#8221;]\n<h3 class=\"title\">Governance 2020-2024: Comunicato stampa<\/h3>\n<p><a class=\"standard-link\" href=\"https:\/\/www.compagniadisanpaolo.it\/it\/documenti\/governance-2020-2024-comunicato-stampa\/\" target=\"_blank\" rel=\"noopener\">Scarica il documento<\/a>[\/vc_column_text][\/vc_column_inner][\/vc_row_inner][\/vc_column][\/vc_row][vc_row][vc_column]<div class=\"templatera_shortcode\"><div data-vc-full-width=\"true\" data-vc-full-width-temp=\"true\" data-vc-full-width-init=\"false\" class=\"vc_row wpb_row vc_row-fluid newsletter-wrap\"><div class=\"wpb_column vc_column_container vc_col-sm-12\"><div class=\"vc_column-inner\"><div class=\"wpb_wrapper\">\n\t<div class=\"wpb_raw_code wpb_raw_html wpb_content_element\" >\n\t\t<div class=\"wpb_wrapper\">\n\t\t\t    <div class=\"container\">\n      <div class=\"row align-items-center\">\n\t<div class=\"col-12 col-lg-6 col-xl-5 mb-3 mb-lg-0 pr-0\">\n\t  <h2 class=\"title\">Rimani aggiornato sui nostri bandi e sui nostri progetti<\/h2>\n\t<\/div>\n\t<div class=\"col-12 col-lg-6 col-xl-7 pl-xl-4\">\n\t  <a class=\"standard-link-block\" href=\"\/it\/newsletter\/\">\n\t    Compila il form e decidi su quale argomento vuoi ricevere notizie.\t    <strong>\u00a0 ISCRIVITI!<\/strong>\n\t  <\/a>\n\t<\/div>\n      <\/div>\n    <\/div>\n\t\t<\/div>\n\t<\/div>\n<\/div><\/div><\/div><\/div><div class=\"vc_row-full-width vc_clearfix\"><\/div><\/div>[\/vc_column][\/vc_row]\n<\/div>","protected":false},"excerpt":{"rendered":"Torino, 4 maggio 2020 \u2013 Oggi si \u00e8 tenuta in videoconferenza la riunione di insediamento del nuovo Consiglio Generale 2020-2024 della Fondazione Compagnia di San Paolo. Condividi: Facebook Twitter Linkedin Whatsapp Mail Data di pubblicazione: 4 Maggio 2020 Istituzionale TagGruppo compagnia Presidente: Prof. Francesco Profumo (designazione del Comune di Torino) \u00c8 stato nominato il Comitato di Gestione: Vicepresidente: Dott.ssa Rosanna Ventrella (designazione della CCIAA di Torino) Dott. Carlo Picco (designazione della Regione Piemonte) Ing. Alessandro Barberis (designazione di Unioncamere Piemonte) Ing. Nicoletta Viziano (cooptazione del Consiglio Generale) Il Consiglio Generale \u00e8 composto da: Prof.ssa Paola Bonfante (designazione dell\u2019Accademia Nazionale dei Lincei) Dott.ssa Valeria Cappellato (designazione del Comune di Torino) Dott.ssa Elena Casolari (cooptazione del Consiglio Generale) Prof.ssa Michela Di Macco (designazione del Fondo Ambiente Italiano (FAI)) Prof. Enrico Filippi (designazione dell\u2019Accademia delle Scienze di Torino) Ing. Vincenzo Ilotte (designazione della CCIAA di Torino) Avv. Ernesto Lavatelli (designazione del Comune di Genova) Dott.ssa Penelope Lewis (designazione dell\u2019European Foundation Centre (EFC)) Sig. Angelo Matellini (designazione della CCIAA di Genova) Ing. Remo Pertica (designazione dell\u2019Istituto Italiano di Tecnologia (IIT)) Prof. Alberto Quadrio Curzio (designazione della CCIAA di Milano) Prof.ssa Roberta Siliquini (cooptazione del Consiglio Generale) Nella medesima seduta \u00e8 stato nominato il Collegio dei Revisori: Presidente: Dott.sa Margherita Spaini Dott. Mario Matteo Busso Dott. Ernesto Carrera In questo momento storico di incredibile complessit\u00e0, la Fondazione Compagnia di San Paolo, per la nomina dei Consiglieri del Consiglio Generale ha messo in atto un processo rigoroso, come previsto dallo Statuto, che mette al centro trasparenza, professionalit\u00e0, competenze e la promozione del genere meno rappresentato all\u2019interno dell\u2019organo. Inoltre, ha tenuto in considerazione la rappresentativit\u00e0 anagrafica delle generazioni e le competenze strategiche emerse nella Consigliatura 2016-2020. Il Consiglio Generale nominato \u2013 dopo le 14 designazioni degli Enti Designanti e le 3 cooptazioni dello stesso Consiglio Generale - ha una composizione di altissimo profilo: un ex Ministro (Istruzione, Ricerca e Universit\u00e0); ex Presidenti di Istituzioni prestigiose (Accademia dei Lincei, CNR e Istituto Superiore di Sanit\u00e0); il Presidente dell\u2019ACRI; ex manager in posizioni apicali di grandi gruppi (Fiat, Cassa di Risparmio di Torino e Finmeccanica); Accademici di rilevanza internazionale, professionisti, imprenditori e manager di grandi Istituzioni internazionali (World Bank). Queste competenze della Fondazione saranno molto utili per accompagnare la fase di ripartenza nel post Coronavirus e per l\u2019individuazione degli ambiti e degli strumenti di maggior impatto per lo sviluppo dei territori e del nostro Paese, mettendo al centro le persone, nei settori della formazione, della ricerca, della sanit\u00e0, del sociale, della cultura e dello sviluppo economico. \u201cIl Comitato di Gestione che \u00e8 stato nominato dal Consiglio Generale\u201d ha dichiarato il Presidente \u201coltre ad avere comprovate competenze negli ambiti strategici della Fondazione, \u00e8 composto da persone con grande e qualificata esperienza nella gestione, nell\u2019amministrazione e nella finanza. Come spesso ci viene evidenziato dalle comunit\u00e0 con cui collaboriamo, le sinergie del Comitato di Gestione con le professionalit\u00e0 della struttura della Compagnia creano sul nostro territorio e nel nostro Paese un agente di sviluppo di grandissimo valore e di riferimento per molti\u201d. La governance complessiva della Compagnia di San Paolo \u00e8 caratterizzata dalla promozione del genere meno rappresentato, ulteriore dimostrazione che la Fondazione \u00e8 un soggetto moderno, attento alle evoluzioni della societ\u00e0 e con forte senso di responsabilit\u00e0 civile. Documenti di approfondimento Governance 2020-2024: Comunicato stampa Scarica il documento Rimani aggiornato sui nostri bandi e sui nostri progetti Compila il form e decidi su quale argomento vuoi ricevere notizie. \u00a0 ISCRIVITI!","protected":false},"featured_media":3389,"menu_order":0,"template":"","meta":{"_acf_changed":false,"content-type":""},"tags":[66],"class_list":["post-3384","comunicatistampa","type-comunicatistampa","status-publish","has-post-thumbnail","hentry","tag-gruppo-compagnia","entry","post-inner"],"acf":[],"yoast_head":"<!-- This site is optimized with the Yoast SEO plugin v27.3 - https:\/\/yoast.com\/product\/yoast-seo-wordpress\/ -->\n<title>Nominata la Governance 2020-2024 della Fondazione Compagnia di San Paolo - Fondazione Compagnia di San Paolo<\/title>\n<meta name=\"robots\" content=\"index, follow, max-snippet:-1, max-image-preview:large, max-video-preview:-1\" \/>\n<link rel=\"canonical\" href=\"https:\/\/www.compagniadisanpaolo.it\/it\/comunicati-stampa\/nominata-la-governance-2020-2024-della-fondazione-compagnia-di-san-paolo\/\" \/>\n<meta property=\"og:locale\" content=\"it_IT\" \/>\n<meta property=\"og:type\" content=\"article\" \/>\n<meta property=\"og:title\" content=\"Nominata la Governance 2020-2024 della Fondazione Compagnia di San Paolo - Fondazione Compagnia di San Paolo\" \/>\n<meta property=\"og:url\" content=\"https:\/\/www.compagniadisanpaolo.it\/it\/comunicati-stampa\/nominata-la-governance-2020-2024-della-fondazione-compagnia-di-san-paolo\/\" \/>\n<meta property=\"og:site_name\" content=\"Fondazione Compagnia di San Paolo\" \/>\n<meta property=\"article:publisher\" content=\"https:\/\/www.facebook.com\/CompagniaDiSanPaolo\" \/>\n<meta property=\"article:modified_time\" content=\"2021-09-12T21:49:51+00:00\" \/>\n<meta property=\"og:image\" content=\"https:\/\/www.compagniadisanpaolo.it\/wp-content\/uploads\/sede_004-scaled.jpg\" \/>\n\t<meta property=\"og:image:width\" content=\"2560\" \/>\n\t<meta property=\"og:image:height\" content=\"986\" \/>\n\t<meta property=\"og:image:type\" content=\"image\/jpeg\" \/>\n<meta name=\"twitter:card\" content=\"summary_large_image\" \/>\n<meta name=\"twitter:site\" content=\"@CSP_live\" \/>\n<meta name=\"twitter:label1\" content=\"Tempo di lettura stimato\" \/>\n\t<meta name=\"twitter:data1\" content=\"3 minuti\" \/>\n<script type=\"application\/ld+json\" class=\"yoast-schema-graph\">{\"@context\":\"https:\\\/\\\/schema.org\",\"@graph\":[{\"@type\":\"WebPage\",\"@id\":\"https:\\\/\\\/www.compagniadisanpaolo.it\\\/it\\\/comunicati-stampa\\\/nominata-la-governance-2020-2024-della-fondazione-compagnia-di-san-paolo\\\/\",\"url\":\"https:\\\/\\\/www.compagniadisanpaolo.it\\\/it\\\/comunicati-stampa\\\/nominata-la-governance-2020-2024-della-fondazione-compagnia-di-san-paolo\\\/\",\"name\":\"Nominata la Governance 2020-2024 della Fondazione Compagnia di San Paolo - Fondazione Compagnia di San Paolo\",\"isPartOf\":{\"@id\":\"https:\\\/\\\/www.compagniadisanpaolo.it\\\/it\\\/#website\"},\"primaryImageOfPage\":{\"@id\":\"https:\\\/\\\/www.compagniadisanpaolo.it\\\/it\\\/comunicati-stampa\\\/nominata-la-governance-2020-2024-della-fondazione-compagnia-di-san-paolo\\\/#primaryimage\"},\"image\":{\"@id\":\"https:\\\/\\\/www.compagniadisanpaolo.it\\\/it\\\/comunicati-stampa\\\/nominata-la-governance-2020-2024-della-fondazione-compagnia-di-san-paolo\\\/#primaryimage\"},\"thumbnailUrl\":\"https:\\\/\\\/www.compagniadisanpaolo.it\\\/wp-content\\\/uploads\\\/sede_004-scaled.jpg\",\"datePublished\":\"2020-05-04T17:38:48+00:00\",\"dateModified\":\"2021-09-12T21:49:51+00:00\",\"breadcrumb\":{\"@id\":\"https:\\\/\\\/www.compagniadisanpaolo.it\\\/it\\\/comunicati-stampa\\\/nominata-la-governance-2020-2024-della-fondazione-compagnia-di-san-paolo\\\/#breadcrumb\"},\"inLanguage\":\"it-IT\",\"potentialAction\":[{\"@type\":\"ReadAction\",\"target\":[\"https:\\\/\\\/www.compagniadisanpaolo.it\\\/it\\\/comunicati-stampa\\\/nominata-la-governance-2020-2024-della-fondazione-compagnia-di-san-paolo\\\/\"]}]},{\"@type\":\"ImageObject\",\"inLanguage\":\"it-IT\",\"@id\":\"https:\\\/\\\/www.compagniadisanpaolo.it\\\/it\\\/comunicati-stampa\\\/nominata-la-governance-2020-2024-della-fondazione-compagnia-di-san-paolo\\\/#primaryimage\",\"url\":\"https:\\\/\\\/www.compagniadisanpaolo.it\\\/wp-content\\\/uploads\\\/sede_004-scaled.jpg\",\"contentUrl\":\"https:\\\/\\\/www.compagniadisanpaolo.it\\\/wp-content\\\/uploads\\\/sede_004-scaled.jpg\",\"width\":2560,\"height\":986,\"caption\":\"Fondazione Compagnia di San Paolo - Sede\"},{\"@type\":\"BreadcrumbList\",\"@id\":\"https:\\\/\\\/www.compagniadisanpaolo.it\\\/it\\\/comunicati-stampa\\\/nominata-la-governance-2020-2024-della-fondazione-compagnia-di-san-paolo\\\/#breadcrumb\",\"itemListElement\":[{\"@type\":\"ListItem\",\"position\":1,\"name\":\"Home\",\"item\":\"https:\\\/\\\/www.compagniadisanpaolo.it\\\/it\\\/\"},{\"@type\":\"ListItem\",\"position\":2,\"name\":\"Nominata la Governance 2020-2024 della Fondazione Compagnia di San Paolo\"}]},{\"@type\":\"WebSite\",\"@id\":\"https:\\\/\\\/www.compagniadisanpaolo.it\\\/it\\\/#website\",\"url\":\"https:\\\/\\\/www.compagniadisanpaolo.it\\\/it\\\/\",\"name\":\"Fondazione Compagnia di San Paolo\",\"description\":\"\",\"publisher\":{\"@id\":\"https:\\\/\\\/www.compagniadisanpaolo.it\\\/it\\\/#organization\"},\"potentialAction\":[{\"@type\":\"SearchAction\",\"target\":{\"@type\":\"EntryPoint\",\"urlTemplate\":\"https:\\\/\\\/www.compagniadisanpaolo.it\\\/it\\\/?s={search_term_string}\"},\"query-input\":{\"@type\":\"PropertyValueSpecification\",\"valueRequired\":true,\"valueName\":\"search_term_string\"}}],\"inLanguage\":\"it-IT\"},{\"@type\":\"Organization\",\"@id\":\"https:\\\/\\\/www.compagniadisanpaolo.it\\\/it\\\/#organization\",\"name\":\"Fondazione Compagnia di San Paolo\",\"url\":\"https:\\\/\\\/www.compagniadisanpaolo.it\\\/it\\\/\",\"logo\":{\"@type\":\"ImageObject\",\"inLanguage\":\"it-IT\",\"@id\":\"https:\\\/\\\/www.compagniadisanpaolo.it\\\/it\\\/#\\\/schema\\\/logo\\\/image\\\/\",\"url\":\"https:\\\/\\\/www.compagniadisanpaolo.it\\\/wp-content\\\/uploads\\\/logo.svg\",\"contentUrl\":\"https:\\\/\\\/www.compagniadisanpaolo.it\\\/wp-content\\\/uploads\\\/logo.svg\",\"width\":769,\"height\":323,\"caption\":\"Fondazione Compagnia di San Paolo\"},\"image\":{\"@id\":\"https:\\\/\\\/www.compagniadisanpaolo.it\\\/it\\\/#\\\/schema\\\/logo\\\/image\\\/\"},\"sameAs\":[\"https:\\\/\\\/www.facebook.com\\\/CompagniaDiSanPaolo\",\"https:\\\/\\\/x.com\\\/CSP_live\",\"http:\\\/\\\/instagram.com\\\/compagniadisanpaolo?ref=badge\",\"https:\\\/\\\/www.linkedin.com\\\/company\\\/compagnia-di-san-paolo\",\"https:\\\/\\\/www.youtube.com\\\/user\\\/compagniadisanpaolo\",\"https:\\\/\\\/it.wikipedia.org\\\/wiki\\\/Compagnia_di_San_Paolo\"]}]}<\/script>\n<!-- \/ Yoast SEO plugin. -->","yoast_head_json":{"title":"Nominata la Governance 2020-2024 della Fondazione Compagnia di San Paolo - Fondazione Compagnia di San Paolo","robots":{"index":"index","follow":"follow","max-snippet":"max-snippet:-1","max-image-preview":"max-image-preview:large","max-video-preview":"max-video-preview:-1"},"canonical":"https:\/\/www.compagniadisanpaolo.it\/it\/comunicati-stampa\/nominata-la-governance-2020-2024-della-fondazione-compagnia-di-san-paolo\/","og_locale":"it_IT","og_type":"article","og_title":"Nominata la Governance 2020-2024 della Fondazione Compagnia di San Paolo - Fondazione Compagnia di San Paolo","og_url":"https:\/\/www.compagniadisanpaolo.it\/it\/comunicati-stampa\/nominata-la-governance-2020-2024-della-fondazione-compagnia-di-san-paolo\/","og_site_name":"Fondazione Compagnia di San Paolo","article_publisher":"https:\/\/www.facebook.com\/CompagniaDiSanPaolo","article_modified_time":"2021-09-12T21:49:51+00:00","og_image":[{"width":2560,"height":986,"url":"https:\/\/www.compagniadisanpaolo.it\/wp-content\/uploads\/sede_004-scaled.jpg","type":"image\/jpeg"}],"twitter_card":"summary_large_image","twitter_site":"@CSP_live","twitter_misc":{"Tempo di lettura stimato":"3 minuti"},"schema":{"@context":"https:\/\/schema.org","@graph":[{"@type":"WebPage","@id":"https:\/\/www.compagniadisanpaolo.it\/it\/comunicati-stampa\/nominata-la-governance-2020-2024-della-fondazione-compagnia-di-san-paolo\/","url":"https:\/\/www.compagniadisanpaolo.it\/it\/comunicati-stampa\/nominata-la-governance-2020-2024-della-fondazione-compagnia-di-san-paolo\/","name":"Nominata la Governance 2020-2024 della Fondazione Compagnia di San Paolo - Fondazione Compagnia di San Paolo","isPartOf":{"@id":"https:\/\/www.compagniadisanpaolo.it\/it\/#website"},"primaryImageOfPage":{"@id":"https:\/\/www.compagniadisanpaolo.it\/it\/comunicati-stampa\/nominata-la-governance-2020-2024-della-fondazione-compagnia-di-san-paolo\/#primaryimage"},"image":{"@id":"https:\/\/www.compagniadisanpaolo.it\/it\/comunicati-stampa\/nominata-la-governance-2020-2024-della-fondazione-compagnia-di-san-paolo\/#primaryimage"},"thumbnailUrl":"https:\/\/www.compagniadisanpaolo.it\/wp-content\/uploads\/sede_004-scaled.jpg","datePublished":"2020-05-04T17:38:48+00:00","dateModified":"2021-09-12T21:49:51+00:00","breadcrumb":{"@id":"https:\/\/www.compagniadisanpaolo.it\/it\/comunicati-stampa\/nominata-la-governance-2020-2024-della-fondazione-compagnia-di-san-paolo\/#breadcrumb"},"inLanguage":"it-IT","potentialAction":[{"@type":"ReadAction","target":["https:\/\/www.compagniadisanpaolo.it\/it\/comunicati-stampa\/nominata-la-governance-2020-2024-della-fondazione-compagnia-di-san-paolo\/"]}]},{"@type":"ImageObject","inLanguage":"it-IT","@id":"https:\/\/www.compagniadisanpaolo.it\/it\/comunicati-stampa\/nominata-la-governance-2020-2024-della-fondazione-compagnia-di-san-paolo\/#primaryimage","url":"https:\/\/www.compagniadisanpaolo.it\/wp-content\/uploads\/sede_004-scaled.jpg","contentUrl":"https:\/\/www.compagniadisanpaolo.it\/wp-content\/uploads\/sede_004-scaled.jpg","width":2560,"height":986,"caption":"Fondazione Compagnia di San Paolo - Sede"},{"@type":"BreadcrumbList","@id":"https:\/\/www.compagniadisanpaolo.it\/it\/comunicati-stampa\/nominata-la-governance-2020-2024-della-fondazione-compagnia-di-san-paolo\/#breadcrumb","itemListElement":[{"@type":"ListItem","position":1,"name":"Home","item":"https:\/\/www.compagniadisanpaolo.it\/it\/"},{"@type":"ListItem","position":2,"name":"Nominata la Governance 2020-2024 della Fondazione Compagnia di San Paolo"}]},{"@type":"WebSite","@id":"https:\/\/www.compagniadisanpaolo.it\/it\/#website","url":"https:\/\/www.compagniadisanpaolo.it\/it\/","name":"Fondazione Compagnia di San Paolo","description":"","publisher":{"@id":"https:\/\/www.compagniadisanpaolo.it\/it\/#organization"},"potentialAction":[{"@type":"SearchAction","target":{"@type":"EntryPoint","urlTemplate":"https:\/\/www.compagniadisanpaolo.it\/it\/?s={search_term_string}"},"query-input":{"@type":"PropertyValueSpecification","valueRequired":true,"valueName":"search_term_string"}}],"inLanguage":"it-IT"},{"@type":"Organization","@id":"https:\/\/www.compagniadisanpaolo.it\/it\/#organization","name":"Fondazione Compagnia di San Paolo","url":"https:\/\/www.compagniadisanpaolo.it\/it\/","logo":{"@type":"ImageObject","inLanguage":"it-IT","@id":"https:\/\/www.compagniadisanpaolo.it\/it\/#\/schema\/logo\/image\/","url":"https:\/\/www.compagniadisanpaolo.it\/wp-content\/uploads\/logo.svg","contentUrl":"https:\/\/www.compagniadisanpaolo.it\/wp-content\/uploads\/logo.svg","width":769,"height":323,"caption":"Fondazione Compagnia di San Paolo"},"image":{"@id":"https:\/\/www.compagniadisanpaolo.it\/it\/#\/schema\/logo\/image\/"},"sameAs":["https:\/\/www.facebook.com\/CompagniaDiSanPaolo","https:\/\/x.com\/CSP_live","http:\/\/instagram.com\/compagniadisanpaolo?ref=badge","https:\/\/www.linkedin.com\/company\/compagnia-di-san-paolo","https:\/\/www.youtube.com\/user\/compagniadisanpaolo","https:\/\/it.wikipedia.org\/wiki\/Compagnia_di_San_Paolo"]}]}},"amp_enabled":true,"_links":{"self":[{"href":"https:\/\/www.compagniadisanpaolo.it\/it\/wp-json\/wp\/v2\/comunicatistampa\/3384","targetHints":{"allow":["GET"]}}],"collection":[{"href":"https:\/\/www.compagniadisanpaolo.it\/it\/wp-json\/wp\/v2\/comunicatistampa"}],"about":[{"href":"https:\/\/www.compagniadisanpaolo.it\/it\/wp-json\/wp\/v2\/types\/comunicatistampa"}],"wp:featuredmedia":[{"embeddable":true,"href":"https:\/\/www.compagniadisanpaolo.it\/it\/wp-json\/wp\/v2\/media\/3389"}],"wp:attachment":[{"href":"https:\/\/www.compagniadisanpaolo.it\/it\/wp-json\/wp\/v2\/media?parent=3384"}],"wp:term":[{"taxonomy":"post_tag","embeddable":true,"href":"https:\/\/www.compagniadisanpaolo.it\/it\/wp-json\/wp\/v2\/tags?post=3384"}],"curies":[{"name":"wp","href":"https:\/\/api.w.org\/{rel}","templated":true}]}}