{"id":29217,"date":"2024-05-15T14:31:36","date_gmt":"2024-05-15T12:31:36","guid":{"rendered":"https:\/\/www.compagniadisanpaolo.it\/?post_type=comunicatistampa&#038;p=29217"},"modified":"2024-05-15T14:31:36","modified_gmt":"2024-05-15T12:31:36","slug":"liniziativa-citta-delleducazione-a-genova-e-a-savona","status":"publish","type":"comunicatistampa","link":"https:\/\/www.compagniadisanpaolo.it\/it\/comunicati-stampa\/liniziativa-citta-delleducazione-a-genova-e-a-savona\/","title":{"rendered":"L\u2019iniziativa \u201cCitt\u00e0 dell\u2019educazione\u201d a Genova e a Savona"},"content":{"rendered":"<div class=\"wpb-content-wrapper\">[vc_row][vc_column][vc_column_text el_class=&#8221;text-headline2&#8243;]<em>Oggi a Genova il seminario di formazione per i dirigenti scolastici.<\/em>[\/vc_column_text][\/vc_column][\/vc_row][vc_row][vc_column][vc_column_text]\n<div class=\"info-box mission\">\n\t\t<div class=\"info-box-wrap info-box-hor row pb-0\">\n\n\t\t      \n\t\t      <div class=\"spalla col-12 col-md-12\">\n\t\t\t<div class=\"info-box sharing-box\">\n\t\t\t  <span class=\"label\">Condividi:<\/span>\n\t\t\t  <div class=\"social-sharing\">\n\t\t\t    <span class=\"box\">\n\t\t\t      <a class=\"fb\" href=\"https:\/\/www.facebook.com\/sharer.php?u=https:\/\/www.compagniadisanpaolo.it\/it\/comunicati-stampa\/liniziativa-citta-delleducazione-a-genova-e-a-savona\/\" target=\"_blank\">\n\t\t\t\t<span class=\"sr-only\">Facebook<\/span>\n\t\t\t\t<i class=\"fab fa-facebook-f\"><\/i>\n\t\t\t      <\/a>\n\t\t\t    <\/span>\n\t\t\t    \n\t\t\t    <style>\n.twitter, .twitter:hover{\ncolor:#000000 !important;}\n<\/style>\n\n\n\t\t\t    <span class=\"box\">\n\t\t\t      <a class=\"twitter\" href=\"https:\/\/twitter.com\/intent\/tweet?url=https:\/\/www.compagniadisanpaolo.it\/it\/comunicati-stampa\/liniziativa-citta-delleducazione-a-genova-e-a-savona\/\">\n\t\t\t\t<span class=\"sr-only\">Twitter<\/span>\n\t\t\t\t<i class=\"fa-brands fa-x-twitter\"><\/i>\n\t\t\t      <\/a>\n\t\t\t    <\/span>\n\n\t\t\t    \n\t\t\t    <span class=\"box\">\n\t\t\t      <a class=\"linkedin\" href=\"https:\/\/www.linkedin.com\/shareArticle?mini=true&url=https:\/\/www.compagniadisanpaolo.it\/it\/comunicati-stampa\/liniziativa-citta-delleducazione-a-genova-e-a-savona\/\">\n\t\t\t\t<span class=\"sr-only\">Linkedin<\/span>\n\t\t\t\t  <i class=\"fa-brands fa-linkedin-in\"><\/i>\n\t\t\t      <\/a>\n\t\t\t    <\/span>\n\n\t\t\t    <span class=\"box\">\n\t\t\t      <a class=\"whatsapp\" href=\"whatsapp:\/\/send?text=https:\/\/www.compagniadisanpaolo.it\/it\/comunicati-stampa\/liniziativa-citta-delleducazione-a-genova-e-a-savona\/\" data-action=\"share\/whatsapp\/share\">\n\t\t\t\t<span class=\"sr-only\">Whatsapp<\/span>\n\t\t\t\t<i class=\"fa-brands fa-whatsapp\"><\/i>\n\t\t\t      <\/a>\n\t\t\t    <\/span>\n\n\t\t\t    <span class=\"box\">\n\t\t\t      <a class=\"mail\" href=\"mailto:?subject=L\u2019iniziativa \u201cCitt\u00e0 dell\u2019educazione\u201d a Genova e a Savona&body=https:\/\/www.compagniadisanpaolo.it\/it\/comunicati-stampa\/liniziativa-citta-delleducazione-a-genova-e-a-savona\/\">\n\t\t\t\t<span class=\"sr-only\">Mail<\/span>\n\t\t\t\t <i class=\"fa-solid fa-envelope\"><\/i>\n\t\t\t      <\/a>\n\t\t\t    <\/span>\n\t\t\t    \n\t\t\t  <\/div>\n\t\t\t<\/div>\n\t      <\/div>\n\t    <\/div><\/div>\n[\/vc_column_text][\/vc_column][\/vc_row][vc_row][vc_column width=&#8221;1\/4&#8243;][vc_column_text]\n\n\n\t\t<div class=\"info-box-wrap\">\n\n\t  <div class=\"info-box date-pub\">\n\t  \t<span class=\"label\">Data di pubblicazione:<\/span>\n\t    <span class=\"value\">15 Maggio 2024<\/span>\n\t  <\/div>\n\t\t\t\t  <div class=\"info-box obj-people\">\n\t\t\t\t\t  <div class=\"info-box obj\"><span class=\"label\">Obiettivo<\/span>\n\t\t\t\t\t    <div class=\"obj-small-box\">\n\t\t\t\t\t      <span>Persone.<\/span>\n\t\t\t\t\t    <\/div>\n\t\t\t\t\t  <\/div>\n\t\t\t\t  <\/div>\n\t\t\t  <div class=\"info-box mission\"><span class=\"label\">Tag<\/span><a href=\"https:\/\/www.compagniadisanpaolo.it\/it\/tags\/risultati\/?_sft_post_tag=coesione-sociale\" class=\"tag-element\">Coesione sociale<\/a><a href=\"https:\/\/www.compagniadisanpaolo.it\/it\/tags\/risultati\/?_sft_post_tag=comunita-educanti\" class=\"tag-element\">Comunit\u00e0 educanti<\/a><a href=\"https:\/\/www.compagniadisanpaolo.it\/it\/tags\/risultati\/?_sft_post_tag=creazione-di-reti-solide\" class=\"tag-element\">Creazione di reti solide<\/a><a href=\"https:\/\/www.compagniadisanpaolo.it\/it\/tags\/risultati\/?_sft_post_tag=istruzione-di-qualita\" class=\"tag-element\">Istruzione di qualit\u00e0<\/a><\/div>\t  \n\t<\/div>\n[\/vc_column_text][\/vc_column][vc_column width=&#8221;3\/4&#8243; el_class=&#8221;page-content&#8221;][vc_column_text el_class=&#8221;text&#8221;]<em>Genova, 15 maggio 2024<\/em> \u2013 Considerare l\u2019educazione al centro delle politiche di trasformazione di lungo periodo delle citt\u00e0, in un momento storico caratterizzato dal calo demografico e quindi dalla diminuzione\u00a0 delle generazioni pi\u00f9 giovani, per offrire opportunit\u00e0 educative di\u00a0 qualit\u00e0,\u00a0innovazione\u00a0pedagogica\u00a0per l\u2019inclusione e \u00a0apprendimento continuo, coinvolgere tutta la\u00a0comunit\u00e0 educante,\u00a0raccogliere, comprendere, gestire ed utilizzare i dati, rafforzare\u00a0le competenze\u00a0di dirigenti, insegnanti, educatori e famiglie,\u00a0 adottare\u00a0 e sostenere metodi e sperimentazioni replicabili e scalabili: sono queste le parole chiave dell\u2019iniziativa <strong>\u201cCitt\u00e0 dell\u2019Educazione\u201d lanciata dalla\u00a0 Fondazione Compagnia di San Paolo<\/strong>,\u00a0 con\u00a0 <strong>Fondazione per la Scuola della Compagnia di San Paolo,<\/strong> in stretta\u00a0collaborazione con alcune delle principali citt\u00e0 del territorio\u00a0di riferimento della Fondazione &#8211; Torino,\u00a0Genova,\u00a0Savona\u00a0e\u00a0Vercelli &#8211; e con il\u00a0Ministero dell\u2019Istruzione e del Merito, con il quale \u00e8 stato firmato un Protocollo d\u2019Intesa a ottobre 2023.<\/p>\n<p>L\u2019iniziativa prevede di <strong>rafforzare\u00a0l\u2019offerta\u00a0di servizi personalizzati di cura, crescita e apprendimento per <\/strong><strong>bambini\/e da 0 a 6 anni e per le loro famiglie, bambini\/e e adolescenti da 6 a 19 anni e giovani dai 16 fino ai 29 anni in quattro citt\u00e0 piemontesi e liguri<\/strong>.<\/p>\n<p><strong>Genova \u00e8 una delle quattro citt\u00e0 in cui verr\u00e0 realizzato un grande intervento cittadino a beneficio di bambini\/e e adolescenti della fascia 6-19<\/strong><strong>, circa 60 mila studenti-studentesse. <\/strong><\/p>\n<p>Si punta a <strong>migliorare la capacit\u00e0 dei giovani di autodeterminare il proprio futuro e di conseguire il successo formativo<\/strong>, indipendentemente dalla loro condizione sociale e familiare di origine.<\/p>\n<p>Il punto di partenza dell\u2019intervento 6-19 \u00e8 costituito da un\u2019analisi dei dati sviluppata attraverso una multipiattaforma che ha il compito di determinare i livelli di rischio-dispersione nelle diverse classi. Sulla base delle evidenze scaturite da tale analisi, verranno proposti interventi didattici co-progettati con i docenti e specifici interventi orientativi, integrando le proposte con le progettualit\u00e0 gi\u00e0 esistenti e con le figure gi\u00e0 attive nella scuola.<\/p>\n<p>Per contribuire a ridurre la dispersione scolastica esplicita e implicita\u00a0 a Genova e a Savona e favorire il successo formativo, il programma prevede inoltre di potenziare l\u2019eco-sistema di istituzioni, enti e soggetti attivi nel campo dell\u2019educazione e\u00a0 di aumentare <strong>l\u2019accesso a opportunit\u00e0 educative di qualit\u00e0, <\/strong>anche non formali e informali, gi\u00e0 esistenti o\u00a0nuove, personalizzate, connesse\u00a0con le attivit\u00e0 scolastiche\u00a0e\u00a0tese a\u00a0motivare ad esperienze di apprendimento e di cittadinanza attiva, a\u00a0incrementare le\u00a0competenze di base e socio-emotive, a sostenere\u00a0il\u00a0benessere\u00a0emotivo e relazionale.<\/p>\n<p>L&#8217;accesso viene facilitato e reso possibile da una offerta integrata, adeguatamente comunicata\u00a0e accompagnata nella fruizione da azioni\u00a0fortemente personalizzate\u00a0sulla base dell&#8217;et\u00e0, dei talenti\u00a0e delle aspirazioni di ciascuno. \u201cCitt\u00e0 dell\u2019Educazione\u201d e il suo intervento rivolto a bambine\/i e ragazze\/i della fascia 6-19 anni a Genova utilizzano inoltre dati e strumenti digitali che favoriscono percorsi educativi personalizzati, facilitano l\u2019accesso e l\u2019utilizzo delle offerte educative e formative e contribuiscono al loro orientamento.<\/p>\n<p>&nbsp;<\/p>\n<p>La visione di lungo termine promuove un cambiamento culturale, a favore del rilancio delle professioni educative e del coinvolgimento della comunit\u00e0, perch\u00e9 questa si riconosca consapevolmente come comunit\u00e0 educante e ponga al centro del proprio pensiero bambine\/i e ragazze\/i, riconoscendoli protagonisti dei cambiamenti che genera.<\/p>\n<p>&nbsp;<\/p>\n<p>La formazione del 10 e 15 maggio \u00e8 rivolta ai dirigenti scolastici delle due citt\u00e0 liguri coinvolte in<em> Citt\u00e0 dell\u2019Educazione<\/em>. L\u2019iniziativa punta a sensibilizzare le scuole sull\u2019importanza di un\u2019analisi dei dati che supporti le decisioni basandole su evidenze. Il secondo grande tema del seminario riguarda la governance dell\u2019innovazione didattica, posta al servizio del successo formativo attraverso forme di insegnamento partecipate e inclusive, in grado di sviluppare le competenze socio-emotive delle studentesse e degli studenti e rendere formativo il processo di valutazione. Le due giornate prevedono, accanto alle relazioni di esperti e alla presentazione generale di <em>Citt\u00e0 dell\u2019educazione<\/em>, momenti di interazione e confronto con i dirigenti scolastici.<\/p>\n<p><em>\u00a0<\/em><\/p>\n<p><em>&#8220;L&#8217;iniziativa lanciata da Fondazione Compagnia di San Paolo, al centro di un importante \u00a0protocollo con il Ministero dell&#8217;Istruzione e del Merito, coglie nel segno delle attuali esigenze della scuola di oggi <\/em>&#8211; spiega, l&#8217;<strong>Assessore alle Politiche dell&#8217;istruzione del Comune di Genova<\/strong><em>: la formazione continua dei docenti, l&#8217;analisi dello scenario attraverso dati puntuali di contesto per prevenire la dispersione scolastica, l&#8217;innovazione nelle tecniche educative, mettendo il bambino e gli studenti al centro, sono punti fondamentali su cui dobbiamo lavorare come istituzioni per creare una rinnovata offerta educativa che non rinuncia ai valori tradizionali, ma guarda al futuro delle nuove generazioni anche nell&#8217;ottica di sostegno alle famiglie e alla natalit\u00e0&#8221;.<\/em><\/p>\n<p><em>\u201cSiamo orgogliosi di essere tra le 4 Citt\u00e0 dell&#8217;Educazione e determinati nel capitalizzare in maniera sistemica il cammino e i frutti di questo progetto. Con il patto per la Scuola la Citt\u00e0 di Savona \u00e8 accanto ai dirigenti, al corpo docenti, agli studenti e alle famiglie nello sviluppo di tante iniziative avviate e che con questo progetto potranno trovare ulteriore energia: esse sono la sfida per la costruzione di un vero sistema integrato 0\/6, per i progetti gi\u00e0 in corso che vedono protagonista la verticalit\u00e0 e l&#8217;apertura al territorio e alla comunit\u00e0 educante e per i progetti legati all&#8217;Orientamento. Sono tutte iniziative che vedono la lotta alla povert\u00e0 educativa e il contrasto alla dispersione scolastica protagonisti in un territorio che vuole mettere l&#8217;educazione e la formazione al centro del suo sviluppo e della sua attrattivit\u00e0\u201d, <\/em>afferma<strong> la Vice Sindaca del Comune di Savona.<\/strong><\/p>\n<p><em>\u201cIl progetto Citt\u00e0 dell\u2019Educazione \u00e8 stimolo concreto per un dibattito aperto e approfondito tra tutte le componenti cittadine, che sta generando una sinergia di proposte e di percorsi pedagogici rivolti al benessere educativo presente e futuro dei nostri studenti e studentesse e di tutta la comunit\u00e0 scolastica. Scuole, istituzioni e terzo settore possono co-progettare per innovare e creare inclusione\u201d <\/em>dichiara <strong>Antimo Ponticiello<\/strong>, Direttore Generale dell\u2019USR Liguria.<\/p>\n<p><em>\u201cLa Fondazione Compagnia di San Paolo, insieme alla Fondazione per la Scuola, intende innescare un processo circolare e virtuoso, basato sull\u2019utilizzo innovativo e sistematico dei dati, sulla definizione di metodi, sulla loro sperimentazione e validazione nelle citt\u00e0 selezionate, per poi divenire patrimonio diffondibile e scalabile anche a livello nazionale.\u00a0 Il traguardo \u00e8 realizzare a Genova e Savona in Liguria, cos\u00ec come a Torino e Vercelli in Piemonte, vere e proprie Citt\u00e0 dell\u2019Educazione, con forti caratteristiche di inclusione, innovazione pedagogica e sostenibilit\u00e0, che coinvolgano tutti gli attori del territorio. Vogliamo contribuire ad un rinnovato dibattito culturale sull\u2019importanza cruciale dell\u2019educazione\u00a0cos\u00ec da cambiare l\u2019agenda politica per la crescita e il benessere del nostro Paese di fronte a prospettive di forte crisi demografica e culturale, favorendo il\u00a0riconoscimento del ruolo fondamentale svolto dalle professioni educative e dalle famiglie\u00a0nei cambiamenti futuri e possibili della nostra societ\u00e0\u201d <\/em>dichiara <strong>Nicoletta Viziano<\/strong>, Componente del Comitato di Gestione della Fondazione Compagnia di San Paolo.<\/p>\n<p><em>\u201cSi tratta di progettare insieme con tutte le Scuole genovesi e savonesi un intervento integrato che, a partire dai contesti e dalle esperienze in corso, possa favorire la messa a sistema di pratiche professionali metodologiche validate attraverso governance significative e trasformative. Tra le proposte sono fondamentali i percorsi di formazione ed accompagnamento rivolti a tutta la comunit\u00e0 per generare risposte adeguate per tutti\/e. Citt\u00e0 dell\u2019Educazione \u00e8 una sfida da affrontare insieme\u201d <\/em>sottolinea <strong>Giulia Guglielmini,<\/strong> Presidente della Fondazione per la Scuola.[\/vc_column_text][\/vc_column][\/vc_row][vc_row el_class=&#8221;sdg-list-wrap&#8221;][vc_column][vc_raw_html]JTVCU2V6aW9uZV9Eb2N1bWVudGklNUQ=[\/vc_raw_html][\/vc_column][\/vc_row][vc_row][vc_column]<div class=\"templatera_shortcode\"><div data-vc-full-width=\"true\" data-vc-full-width-temp=\"true\" data-vc-full-width-init=\"false\" class=\"vc_row wpb_row vc_row-fluid newsletter-wrap\"><div class=\"wpb_column vc_column_container vc_col-sm-12\"><div class=\"vc_column-inner\"><div class=\"wpb_wrapper\">\n\t<div class=\"wpb_raw_code wpb_raw_html wpb_content_element\" >\n\t\t<div class=\"wpb_wrapper\">\n\t\t\t    <div class=\"container\">\n      <div class=\"row align-items-center\">\n\t<div class=\"col-12 col-lg-6 col-xl-5 mb-3 mb-lg-0 pr-0\">\n\t  <h2 class=\"title\">Rimani aggiornato sui nostri bandi e sui nostri progetti<\/h2>\n\t<\/div>\n\t<div class=\"col-12 col-lg-6 col-xl-7 pl-xl-4\">\n\t  <a class=\"standard-link-block\" href=\"\/it\/newsletter\/\">\n\t    Compila il form e decidi su quale argomento vuoi ricevere notizie.\t    <strong>\u00a0 ISCRIVITI!<\/strong>\n\t  <\/a>\n\t<\/div>\n      <\/div>\n    <\/div>\n\t\t<\/div>\n\t<\/div>\n<\/div><\/div><\/div><\/div><div class=\"vc_row-full-width vc_clearfix\"><\/div><\/div>[\/vc_column][\/vc_row]\n<\/div>","protected":false},"excerpt":{"rendered":"<p>Per contribuire a posizionare l\u2019educazione al centro delle politiche urbane l\u2019iniziativa Citt\u00e0 dell\u2019Educazione ha preso il via anche nelle citt\u00e0 di Genova e Savona. Obiettivo principale quello di \u201ctrasformare\u201d le citt\u00e0 in hub di apprendimento innovativi e inclusivi, rilevarne l\u2019efficacia e dare vita a buone pratiche replicabili e scalabili a livello nazionale.<\/p>\n","protected":false},"featured_media":28839,"menu_order":0,"template":"","meta":{"_acf_changed":false,"content-type":""},"tags":[51,81,70,213],"class_list":["post-29217","comunicatistampa","type-comunicatistampa","status-publish","has-post-thumbnail","hentry","tag-coesione-sociale","tag-comunita-educanti","tag-creazione-di-reti-solide","tag-istruzione-di-qualita","entry","post-inner"],"acf":[],"yoast_head":"<!-- This site is optimized with the Yoast SEO plugin v27.3 - https:\/\/yoast.com\/product\/yoast-seo-wordpress\/ -->\n<title>L\u2019iniziativa \u201cCitt\u00e0 dell\u2019educazione\u201d a Genova e a Savona - Fondazione Compagnia di San Paolo<\/title>\n<meta name=\"description\" content=\"Per contribuire a posizionare l\u2019educazione al centro delle politiche urbane l\u2019iniziativa Citt\u00e0 dell\u2019Educazione ha preso il via anche nelle citt\u00e0 di Genova e Savona\" \/>\n<meta name=\"robots\" content=\"index, follow, max-snippet:-1, max-image-preview:large, max-video-preview:-1\" \/>\n<link rel=\"canonical\" href=\"https:\/\/www.compagniadisanpaolo.it\/it\/comunicati-stampa\/liniziativa-citta-delleducazione-a-genova-e-a-savona\/\" \/>\n<meta property=\"og:locale\" content=\"it_IT\" \/>\n<meta property=\"og:type\" content=\"article\" \/>\n<meta property=\"og:title\" content=\"L\u2019iniziativa \u201cCitt\u00e0 dell\u2019educazione\u201d a Genova e a Savona - Fondazione Compagnia di San Paolo\" \/>\n<meta property=\"og:description\" content=\"Per contribuire a posizionare l\u2019educazione al centro delle politiche urbane l\u2019iniziativa Citt\u00e0 dell\u2019Educazione ha preso il via anche nelle citt\u00e0 di Genova e Savona\" \/>\n<meta property=\"og:url\" content=\"https:\/\/www.compagniadisanpaolo.it\/it\/comunicati-stampa\/liniziativa-citta-delleducazione-a-genova-e-a-savona\/\" \/>\n<meta property=\"og:site_name\" content=\"Fondazione Compagnia di San Paolo\" \/>\n<meta property=\"article:publisher\" content=\"https:\/\/www.facebook.com\/CompagniaDiSanPaolo\" \/>\n<meta property=\"og:image\" content=\"https:\/\/www.compagniadisanpaolo.it\/wp-content\/uploads\/CSP-taglio-immagine-news-CSP-Avviso-pubblico-Comune-Torino-ludoteche_815X350.jpg\" \/>\n\t<meta property=\"og:image:width\" content=\"815\" \/>\n\t<meta property=\"og:image:height\" content=\"350\" \/>\n\t<meta property=\"og:image:type\" content=\"image\/jpeg\" \/>\n<meta name=\"twitter:card\" content=\"summary_large_image\" \/>\n<meta name=\"twitter:site\" content=\"@CSP_live\" \/>\n<meta name=\"twitter:label1\" content=\"Tempo di lettura stimato\" \/>\n\t<meta name=\"twitter:data1\" content=\"6 minuti\" \/>\n<script type=\"application\/ld+json\" class=\"yoast-schema-graph\">{\"@context\":\"https:\\\/\\\/schema.org\",\"@graph\":[{\"@type\":\"WebPage\",\"@id\":\"https:\\\/\\\/www.compagniadisanpaolo.it\\\/it\\\/comunicati-stampa\\\/liniziativa-citta-delleducazione-a-genova-e-a-savona\\\/\",\"url\":\"https:\\\/\\\/www.compagniadisanpaolo.it\\\/it\\\/comunicati-stampa\\\/liniziativa-citta-delleducazione-a-genova-e-a-savona\\\/\",\"name\":\"L\u2019iniziativa \u201cCitt\u00e0 dell\u2019educazione\u201d a Genova e a Savona - Fondazione Compagnia di San Paolo\",\"isPartOf\":{\"@id\":\"https:\\\/\\\/www.compagniadisanpaolo.it\\\/it\\\/#website\"},\"primaryImageOfPage\":{\"@id\":\"https:\\\/\\\/www.compagniadisanpaolo.it\\\/it\\\/comunicati-stampa\\\/liniziativa-citta-delleducazione-a-genova-e-a-savona\\\/#primaryimage\"},\"image\":{\"@id\":\"https:\\\/\\\/www.compagniadisanpaolo.it\\\/it\\\/comunicati-stampa\\\/liniziativa-citta-delleducazione-a-genova-e-a-savona\\\/#primaryimage\"},\"thumbnailUrl\":\"https:\\\/\\\/www.compagniadisanpaolo.it\\\/wp-content\\\/uploads\\\/CSP-taglio-immagine-news-CSP-Avviso-pubblico-Comune-Torino-ludoteche_815X350.jpg\",\"datePublished\":\"2024-05-15T12:31:36+00:00\",\"description\":\"Per contribuire a posizionare l\u2019educazione al centro delle politiche urbane l\u2019iniziativa Citt\u00e0 dell\u2019Educazione ha preso il via anche nelle citt\u00e0 di Genova e Savona\",\"breadcrumb\":{\"@id\":\"https:\\\/\\\/www.compagniadisanpaolo.it\\\/it\\\/comunicati-stampa\\\/liniziativa-citta-delleducazione-a-genova-e-a-savona\\\/#breadcrumb\"},\"inLanguage\":\"it-IT\",\"potentialAction\":[{\"@type\":\"ReadAction\",\"target\":[\"https:\\\/\\\/www.compagniadisanpaolo.it\\\/it\\\/comunicati-stampa\\\/liniziativa-citta-delleducazione-a-genova-e-a-savona\\\/\"]}]},{\"@type\":\"ImageObject\",\"inLanguage\":\"it-IT\",\"@id\":\"https:\\\/\\\/www.compagniadisanpaolo.it\\\/it\\\/comunicati-stampa\\\/liniziativa-citta-delleducazione-a-genova-e-a-savona\\\/#primaryimage\",\"url\":\"https:\\\/\\\/www.compagniadisanpaolo.it\\\/wp-content\\\/uploads\\\/CSP-taglio-immagine-news-CSP-Avviso-pubblico-Comune-Torino-ludoteche_815X350.jpg\",\"contentUrl\":\"https:\\\/\\\/www.compagniadisanpaolo.it\\\/wp-content\\\/uploads\\\/CSP-taglio-immagine-news-CSP-Avviso-pubblico-Comune-Torino-ludoteche_815X350.jpg\",\"width\":815,\"height\":350},{\"@type\":\"BreadcrumbList\",\"@id\":\"https:\\\/\\\/www.compagniadisanpaolo.it\\\/it\\\/comunicati-stampa\\\/liniziativa-citta-delleducazione-a-genova-e-a-savona\\\/#breadcrumb\",\"itemListElement\":[{\"@type\":\"ListItem\",\"position\":1,\"name\":\"Home\",\"item\":\"https:\\\/\\\/www.compagniadisanpaolo.it\\\/it\\\/\"},{\"@type\":\"ListItem\",\"position\":2,\"name\":\"L\u2019iniziativa \u201cCitt\u00e0 dell\u2019educazione\u201d a Genova e a Savona\"}]},{\"@type\":\"WebSite\",\"@id\":\"https:\\\/\\\/www.compagniadisanpaolo.it\\\/it\\\/#website\",\"url\":\"https:\\\/\\\/www.compagniadisanpaolo.it\\\/it\\\/\",\"name\":\"Fondazione Compagnia di San Paolo\",\"description\":\"\",\"publisher\":{\"@id\":\"https:\\\/\\\/www.compagniadisanpaolo.it\\\/it\\\/#organization\"},\"potentialAction\":[{\"@type\":\"SearchAction\",\"target\":{\"@type\":\"EntryPoint\",\"urlTemplate\":\"https:\\\/\\\/www.compagniadisanpaolo.it\\\/it\\\/?s={search_term_string}\"},\"query-input\":{\"@type\":\"PropertyValueSpecification\",\"valueRequired\":true,\"valueName\":\"search_term_string\"}}],\"inLanguage\":\"it-IT\"},{\"@type\":\"Organization\",\"@id\":\"https:\\\/\\\/www.compagniadisanpaolo.it\\\/it\\\/#organization\",\"name\":\"Fondazione Compagnia di San Paolo\",\"url\":\"https:\\\/\\\/www.compagniadisanpaolo.it\\\/it\\\/\",\"logo\":{\"@type\":\"ImageObject\",\"inLanguage\":\"it-IT\",\"@id\":\"https:\\\/\\\/www.compagniadisanpaolo.it\\\/it\\\/#\\\/schema\\\/logo\\\/image\\\/\",\"url\":\"https:\\\/\\\/www.compagniadisanpaolo.it\\\/wp-content\\\/uploads\\\/logo.svg\",\"contentUrl\":\"https:\\\/\\\/www.compagniadisanpaolo.it\\\/wp-content\\\/uploads\\\/logo.svg\",\"width\":769,\"height\":323,\"caption\":\"Fondazione Compagnia di San Paolo\"},\"image\":{\"@id\":\"https:\\\/\\\/www.compagniadisanpaolo.it\\\/it\\\/#\\\/schema\\\/logo\\\/image\\\/\"},\"sameAs\":[\"https:\\\/\\\/www.facebook.com\\\/CompagniaDiSanPaolo\",\"https:\\\/\\\/x.com\\\/CSP_live\",\"http:\\\/\\\/instagram.com\\\/compagniadisanpaolo?ref=badge\",\"https:\\\/\\\/www.linkedin.com\\\/company\\\/compagnia-di-san-paolo\",\"https:\\\/\\\/www.youtube.com\\\/user\\\/compagniadisanpaolo\",\"https:\\\/\\\/it.wikipedia.org\\\/wiki\\\/Compagnia_di_San_Paolo\"]}]}<\/script>\n<!-- \/ Yoast SEO plugin. -->","yoast_head_json":{"title":"L\u2019iniziativa \u201cCitt\u00e0 dell\u2019educazione\u201d a Genova e a Savona - Fondazione Compagnia di San Paolo","description":"Per contribuire a posizionare l\u2019educazione al centro delle politiche urbane l\u2019iniziativa Citt\u00e0 dell\u2019Educazione ha preso il via anche nelle citt\u00e0 di Genova e Savona","robots":{"index":"index","follow":"follow","max-snippet":"max-snippet:-1","max-image-preview":"max-image-preview:large","max-video-preview":"max-video-preview:-1"},"canonical":"https:\/\/www.compagniadisanpaolo.it\/it\/comunicati-stampa\/liniziativa-citta-delleducazione-a-genova-e-a-savona\/","og_locale":"it_IT","og_type":"article","og_title":"L\u2019iniziativa \u201cCitt\u00e0 dell\u2019educazione\u201d a Genova e a Savona - Fondazione Compagnia di San Paolo","og_description":"Per contribuire a posizionare l\u2019educazione al centro delle politiche urbane l\u2019iniziativa Citt\u00e0 dell\u2019Educazione ha preso il via anche nelle citt\u00e0 di Genova e Savona","og_url":"https:\/\/www.compagniadisanpaolo.it\/it\/comunicati-stampa\/liniziativa-citta-delleducazione-a-genova-e-a-savona\/","og_site_name":"Fondazione Compagnia di San Paolo","article_publisher":"https:\/\/www.facebook.com\/CompagniaDiSanPaolo","og_image":[{"width":815,"height":350,"url":"https:\/\/www.compagniadisanpaolo.it\/wp-content\/uploads\/CSP-taglio-immagine-news-CSP-Avviso-pubblico-Comune-Torino-ludoteche_815X350.jpg","type":"image\/jpeg"}],"twitter_card":"summary_large_image","twitter_site":"@CSP_live","twitter_misc":{"Tempo di lettura stimato":"6 minuti"},"schema":{"@context":"https:\/\/schema.org","@graph":[{"@type":"WebPage","@id":"https:\/\/www.compagniadisanpaolo.it\/it\/comunicati-stampa\/liniziativa-citta-delleducazione-a-genova-e-a-savona\/","url":"https:\/\/www.compagniadisanpaolo.it\/it\/comunicati-stampa\/liniziativa-citta-delleducazione-a-genova-e-a-savona\/","name":"L\u2019iniziativa \u201cCitt\u00e0 dell\u2019educazione\u201d a Genova e a Savona - Fondazione Compagnia di San Paolo","isPartOf":{"@id":"https:\/\/www.compagniadisanpaolo.it\/it\/#website"},"primaryImageOfPage":{"@id":"https:\/\/www.compagniadisanpaolo.it\/it\/comunicati-stampa\/liniziativa-citta-delleducazione-a-genova-e-a-savona\/#primaryimage"},"image":{"@id":"https:\/\/www.compagniadisanpaolo.it\/it\/comunicati-stampa\/liniziativa-citta-delleducazione-a-genova-e-a-savona\/#primaryimage"},"thumbnailUrl":"https:\/\/www.compagniadisanpaolo.it\/wp-content\/uploads\/CSP-taglio-immagine-news-CSP-Avviso-pubblico-Comune-Torino-ludoteche_815X350.jpg","datePublished":"2024-05-15T12:31:36+00:00","description":"Per contribuire a posizionare l\u2019educazione al centro delle politiche urbane l\u2019iniziativa Citt\u00e0 dell\u2019Educazione ha preso il via anche nelle citt\u00e0 di Genova e Savona","breadcrumb":{"@id":"https:\/\/www.compagniadisanpaolo.it\/it\/comunicati-stampa\/liniziativa-citta-delleducazione-a-genova-e-a-savona\/#breadcrumb"},"inLanguage":"it-IT","potentialAction":[{"@type":"ReadAction","target":["https:\/\/www.compagniadisanpaolo.it\/it\/comunicati-stampa\/liniziativa-citta-delleducazione-a-genova-e-a-savona\/"]}]},{"@type":"ImageObject","inLanguage":"it-IT","@id":"https:\/\/www.compagniadisanpaolo.it\/it\/comunicati-stampa\/liniziativa-citta-delleducazione-a-genova-e-a-savona\/#primaryimage","url":"https:\/\/www.compagniadisanpaolo.it\/wp-content\/uploads\/CSP-taglio-immagine-news-CSP-Avviso-pubblico-Comune-Torino-ludoteche_815X350.jpg","contentUrl":"https:\/\/www.compagniadisanpaolo.it\/wp-content\/uploads\/CSP-taglio-immagine-news-CSP-Avviso-pubblico-Comune-Torino-ludoteche_815X350.jpg","width":815,"height":350},{"@type":"BreadcrumbList","@id":"https:\/\/www.compagniadisanpaolo.it\/it\/comunicati-stampa\/liniziativa-citta-delleducazione-a-genova-e-a-savona\/#breadcrumb","itemListElement":[{"@type":"ListItem","position":1,"name":"Home","item":"https:\/\/www.compagniadisanpaolo.it\/it\/"},{"@type":"ListItem","position":2,"name":"L\u2019iniziativa \u201cCitt\u00e0 dell\u2019educazione\u201d a Genova e a Savona"}]},{"@type":"WebSite","@id":"https:\/\/www.compagniadisanpaolo.it\/it\/#website","url":"https:\/\/www.compagniadisanpaolo.it\/it\/","name":"Fondazione Compagnia di San Paolo","description":"","publisher":{"@id":"https:\/\/www.compagniadisanpaolo.it\/it\/#organization"},"potentialAction":[{"@type":"SearchAction","target":{"@type":"EntryPoint","urlTemplate":"https:\/\/www.compagniadisanpaolo.it\/it\/?s={search_term_string}"},"query-input":{"@type":"PropertyValueSpecification","valueRequired":true,"valueName":"search_term_string"}}],"inLanguage":"it-IT"},{"@type":"Organization","@id":"https:\/\/www.compagniadisanpaolo.it\/it\/#organization","name":"Fondazione Compagnia di San Paolo","url":"https:\/\/www.compagniadisanpaolo.it\/it\/","logo":{"@type":"ImageObject","inLanguage":"it-IT","@id":"https:\/\/www.compagniadisanpaolo.it\/it\/#\/schema\/logo\/image\/","url":"https:\/\/www.compagniadisanpaolo.it\/wp-content\/uploads\/logo.svg","contentUrl":"https:\/\/www.compagniadisanpaolo.it\/wp-content\/uploads\/logo.svg","width":769,"height":323,"caption":"Fondazione Compagnia di San Paolo"},"image":{"@id":"https:\/\/www.compagniadisanpaolo.it\/it\/#\/schema\/logo\/image\/"},"sameAs":["https:\/\/www.facebook.com\/CompagniaDiSanPaolo","https:\/\/x.com\/CSP_live","http:\/\/instagram.com\/compagniadisanpaolo?ref=badge","https:\/\/www.linkedin.com\/company\/compagnia-di-san-paolo","https:\/\/www.youtube.com\/user\/compagniadisanpaolo","https:\/\/it.wikipedia.org\/wiki\/Compagnia_di_San_Paolo"]}]}},"amp_enabled":true,"_links":{"self":[{"href":"https:\/\/www.compagniadisanpaolo.it\/it\/wp-json\/wp\/v2\/comunicatistampa\/29217","targetHints":{"allow":["GET"]}}],"collection":[{"href":"https:\/\/www.compagniadisanpaolo.it\/it\/wp-json\/wp\/v2\/comunicatistampa"}],"about":[{"href":"https:\/\/www.compagniadisanpaolo.it\/it\/wp-json\/wp\/v2\/types\/comunicatistampa"}],"wp:featuredmedia":[{"embeddable":true,"href":"https:\/\/www.compagniadisanpaolo.it\/it\/wp-json\/wp\/v2\/media\/28839"}],"wp:attachment":[{"href":"https:\/\/www.compagniadisanpaolo.it\/it\/wp-json\/wp\/v2\/media?parent=29217"}],"wp:term":[{"taxonomy":"post_tag","embeddable":true,"href":"https:\/\/www.compagniadisanpaolo.it\/it\/wp-json\/wp\/v2\/tags?post=29217"}],"curies":[{"name":"wp","href":"https:\/\/api.w.org\/{rel}","templated":true}]}}