{"id":22222,"date":"2023-04-14T16:11:05","date_gmt":"2023-04-14T14:11:05","guid":{"rendered":"https:\/\/www.compagniadisanpaolo.it\/?post_type=comunicatistampa&#038;p=22222"},"modified":"2023-04-14T16:11:05","modified_gmt":"2023-04-14T14:11:05","slug":"rapporto-finale-del-piano-paesaggistico-regionale-nellarea-dellalta-val-bormida","status":"publish","type":"comunicatistampa","link":"https:\/\/www.compagniadisanpaolo.it\/it\/comunicati-stampa\/rapporto-finale-del-piano-paesaggistico-regionale-nellarea-dellalta-val-bormida\/","title":{"rendered":"Rapporto finale del Piano Paesaggistico Regionale nell\u2019area dell\u2019Alta Val Bormida"},"content":{"rendered":"<div class=\"wpb-content-wrapper\">[vc_row][vc_column][vc_column_text el_class=&#8221;text-headline2&#8243;]Piano Paesaggistico Regionale nell\u2019area dell\u2019Alta Val Bormida: presentata la ricerca applicata all\u2019area interna della Val Bormida per lo sviluppo sociale ed economico del territorio[\/vc_column_text][\/vc_column][\/vc_row][vc_row][vc_column][vc_column_text]\n<div class=\"info-box mission\">\n\t\t<div class=\"info-box-wrap info-box-hor row pb-0\">\n\n\t\t      \n\t\t      <div class=\"spalla col-12 col-md-12\">\n\t\t\t<div class=\"info-box sharing-box\">\n\t\t\t  <span class=\"label\">Condividi:<\/span>\n\t\t\t  <div class=\"social-sharing\">\n\t\t\t    <span class=\"box\">\n\t\t\t      <a class=\"fb\" href=\"https:\/\/www.facebook.com\/sharer.php?u=https:\/\/www.compagniadisanpaolo.it\/it\/comunicati-stampa\/rapporto-finale-del-piano-paesaggistico-regionale-nellarea-dellalta-val-bormida\/\" target=\"_blank\">\n\t\t\t\t<span class=\"sr-only\">Facebook<\/span>\n\t\t\t\t<i class=\"fab fa-facebook-f\"><\/i>\n\t\t\t      <\/a>\n\t\t\t    <\/span>\n\t\t\t    \n\t\t\t    <style>\n.twitter, .twitter:hover{\ncolor:#000000 !important;}\n<\/style>\n\n\n\t\t\t    <span class=\"box\">\n\t\t\t      <a class=\"twitter\" href=\"https:\/\/twitter.com\/intent\/tweet?url=https:\/\/www.compagniadisanpaolo.it\/it\/comunicati-stampa\/rapporto-finale-del-piano-paesaggistico-regionale-nellarea-dellalta-val-bormida\/\">\n\t\t\t\t<span class=\"sr-only\">Twitter<\/span>\n\t\t\t\t<i class=\"fa-brands fa-x-twitter\"><\/i>\n\t\t\t      <\/a>\n\t\t\t    <\/span>\n\n\t\t\t    \n\t\t\t    <span class=\"box\">\n\t\t\t      <a class=\"linkedin\" href=\"https:\/\/www.linkedin.com\/shareArticle?mini=true&url=https:\/\/www.compagniadisanpaolo.it\/it\/comunicati-stampa\/rapporto-finale-del-piano-paesaggistico-regionale-nellarea-dellalta-val-bormida\/\">\n\t\t\t\t<span class=\"sr-only\">Linkedin<\/span>\n\t\t\t\t  <i class=\"fa-brands fa-linkedin-in\"><\/i>\n\t\t\t      <\/a>\n\t\t\t    <\/span>\n\n\t\t\t    <span class=\"box\">\n\t\t\t      <a class=\"whatsapp\" href=\"whatsapp:\/\/send?text=https:\/\/www.compagniadisanpaolo.it\/it\/comunicati-stampa\/rapporto-finale-del-piano-paesaggistico-regionale-nellarea-dellalta-val-bormida\/\" data-action=\"share\/whatsapp\/share\">\n\t\t\t\t<span class=\"sr-only\">Whatsapp<\/span>\n\t\t\t\t<i class=\"fa-brands fa-whatsapp\"><\/i>\n\t\t\t      <\/a>\n\t\t\t    <\/span>\n\n\t\t\t    <span class=\"box\">\n\t\t\t      <a class=\"mail\" href=\"mailto:?subject=Rapporto finale del Piano Paesaggistico Regionale nell\u2019area dell\u2019Alta Val Bormida&body=https:\/\/www.compagniadisanpaolo.it\/it\/comunicati-stampa\/rapporto-finale-del-piano-paesaggistico-regionale-nellarea-dellalta-val-bormida\/\">\n\t\t\t\t<span class=\"sr-only\">Mail<\/span>\n\t\t\t\t <i class=\"fa-solid fa-envelope\"><\/i>\n\t\t\t      <\/a>\n\t\t\t    <\/span>\n\t\t\t    \n\t\t\t  <\/div>\n\t\t\t<\/div>\n\t      <\/div>\n\t    <\/div><\/div>\n[\/vc_column_text][\/vc_column][\/vc_row][vc_row][vc_column width=&#8221;1\/4&#8243;][vc_column_text]\n\n\n\t\t<div class=\"info-box-wrap\">\n\n\t  <div class=\"info-box date-pub\">\n\t  \t<span class=\"label\">Data di pubblicazione:<\/span>\n\t    <span class=\"value\">14 Aprile 2023<\/span>\n\t  <\/div>\n\t\t\t\t  <div class=\"info-box obj-culture\">\n\t\t\t\t\t  <div class=\"info-box obj\"><span class=\"label\">Obiettivo<\/span>\n\t\t\t\t\t    <div class=\"obj-small-box\">\n\t\t\t\t\t      <span>Cultura.<\/span>\n\t\t\t\t\t    <\/div>\n\t\t\t\t\t  <\/div>\n\t\t\t\t  <\/div>\n\t\t\t  <div class=\"info-box mission\"><span class=\"label\">Tag<\/span><a href=\"https:\/\/www.compagniadisanpaolo.it\/it\/tags\/risultati\/?_sft_post_tag=agenda-2030\" class=\"tag-element\">Agenda 2030<\/a><a href=\"https:\/\/www.compagniadisanpaolo.it\/it\/tags\/risultati\/?_sft_post_tag=conservazione-del-patrimonio\" class=\"tag-element\">Conservazione del patrimonio<\/a><a href=\"https:\/\/www.compagniadisanpaolo.it\/it\/tags\/risultati\/?_sft_post_tag=paesaggio\" class=\"tag-element\">Paesaggio<\/a><a href=\"https:\/\/www.compagniadisanpaolo.it\/it\/tags\/risultati\/?_sft_post_tag=partnership-con-enti-istituzionali\" class=\"tag-element\">Partnership con enti istituzionali<\/a><a href=\"https:\/\/www.compagniadisanpaolo.it\/it\/tags\/risultati\/?_sft_post_tag=patrimonio-culturale\" class=\"tag-element\">Patrimonio culturale<\/a><a href=\"https:\/\/www.compagniadisanpaolo.it\/it\/tags\/risultati\/?_sft_post_tag=sostenibilita\" class=\"tag-element\">Sostenibilit\u00e0<\/a><\/div>\t  \n\t<\/div>\n[\/vc_column_text][\/vc_column][vc_column width=&#8221;3\/4&#8243; el_class=&#8221;page-content&#8221;][vc_column_text el_class=&#8221;text&#8221;]<em><strong>Monastero Bormida (AT), 14 aprile 2023<\/strong> &#8211; Nell\u2019ambito della Convenzione tra la Regione Piemonte e il Ministero della Cultura, la Fondazione Compagnia di San Paolo &#8211; da sempre convinta che i valori del paesaggio siano uno strumento di primaria importanza per lo sviluppo sostenibile dei territori e parte fondamentale del patrimonio culturale del Paese &#8211; ha contribuito alla sperimentazione dell\u2019attuazione del Piano Paesaggistico Regionale nell\u2019area dell\u2019Alta Val Bormida. <\/em><br \/>\n<em>Il progetto \u00e8 documentato nel Rapporto finale sul Progetto di sperimentazione per l\u2019attuazione del Piano Paesaggistico Regionale presentato in occasione dell\u2019evento presso il Castello di Monastero Bormida cha ha visto il saluto istituzionale del Presidente della Fondazione Compagnia di San Paolo, Francesco Profumo; del Vice Presidente della Regione Piemonte, Fabio Carosso; della Soprintendente Archeologia Belle Arti e Paesaggio per la Citt\u00e0 Metropolitana di Torino, Lisa Accurti; del Direttore della Direzione Ambiente, energia e territorio della Regione Piemonte, Stefania Crotta e del Sindaco di Monastero Bormida, Luigi Gallareto.<\/em><\/p>\n<p>&nbsp;<\/p>\n<p><strong>La Regione Piemonte \u00e8 stata fra le prime regioni italiane ad avere approvato<\/strong>, in co-pianificazione con il <strong>Ministero della Cultura<\/strong>, un Piano Paesaggistico adeguato al vigente Codice nazionale dei beni culturali e del paesaggio.<br \/>\nPer dare effettiva attuazione al ruolo che il paesaggio pu\u00f2 svolgere in relazione al benessere e alle prospettive di sviluppo locale \u00e8 essenziale che le strategie di tutela e valorizzazione dei paesaggi siano fattivamente accompagnate nel calarsi sui diversi territori, definendo cos\u00ec anche una prospettiva comune ai futuri adeguamenti urbanistici richiesti.<\/p>\n<p>La Fondazione Compagnia di San Paolo ha pertanto deciso di sostenere una sperimentazione dedicata all\u2019azione di accompagnamento su alcuni territori del Piemonte. Dopo una prima fase riferita al territorio dell\u2019Eporediese, <span style=\"text-decoration: underline;\"><strong>si \u00e8 di recente conclusa la seconda fase dedicata al territorio dell\u2019Alta Val Bormida<\/strong> <\/span>il cui gruppo di ricerca \u00e8 stato coordinato da Anna Marson, professore ordinario di Pianificazione del Territorio Universit\u00e0 IUAV di Venezia.<\/p>\n<p>Il territorio considerato, <span style=\"text-decoration: underline;\">parte dell\u2019ambito di paesaggio Alte Langhe<\/span>, comprende <span style=\"text-decoration: underline;\">quasi 30 comuni<\/span>, di dimensioni in prevalenza piccole e molto piccole. Le caratteristiche demografiche, socio-economiche e di distanza dai principali servizi hanno portato a suo tempo al riconoscimento ufficiale di questo territorio come \u201c<span style=\"text-decoration: underline;\">area interna<\/span>\u201d. Per le aree interne, il valore aggiunto potenziale del paesaggio pu\u00f2 costituire a maggior ragione una risorsa decisiva.<\/p>\n<p>La sperimentazione supportata dalla <strong>Fondazione Compagnia di San Paolo, nell\u2019ambito della Missione custodire la bellezza dell\u2019Obiettivo Cultura<\/strong> ha individuato per il territorio dell\u2019Alta Val Bormida, grazie al lavoro di un gruppo di ricercatori dedicati, 3 azioni strategiche e 4 approfondimenti collaterali.<\/p>\n<p><strong>La prima azione<\/strong> ha riguardato l\u2019avvio di una <strong>Biografia di paesaggio<\/strong> in grado di far emergere la specificit\u00e0 di questo territorio dal punto di vista del paesaggio di lunga durata. Pur avendo una storia e un paesaggio assai specifici, dal punto di vista istituzionale questo territorio \u00e8 infatti situato al margine di confini multipli (due regioni, quattro province), e presenta una forte frammentazione istituzionale (diverse Unioni montane estese al di fuori dell\u2019area in questione, comuni con pochi abitanti e territori molto estesi). <span style=\"text-decoration: underline;\">Gli approfondimenti compiuti<\/span> mettendo a sistema le fonti scientifiche disponibili <span style=\"text-decoration: underline;\">e la restituzione effettuata rendono oggi pi\u00f9 facile il riconoscimento di questo territorio e paesaggio come un\u2019entit\u00e0 specifica<\/span>, grazie ai <span style=\"text-decoration: underline;\">testi ed elaborazioni cartografiche originali prodotte dalla sperimentazione<\/span>.<\/p>\n<p><strong>Produzione del paesaggio <\/strong>\u00e8 consistita nell\u2019approfondire le condizioni della <strong>Produzione del paesaggio<\/strong> attuale, materiale e immateriale, con una focalizzazione sulle filiere agropastorali, dell\u2019ospitalit\u00e0 e della cultura (38 incontri\/interviste aperte ad attori rappresentativi delle diverse filiere) come campi particolarmente pertinenti e dinamici, attraverso i quali si va definendo il futuro di questo territorio, cos\u00ec prossimo alla Langa Unesco e ai suoi flussi di visitatori e investimenti. <span style=\"text-decoration: underline;\">Gli scenari delineati sono importanti per assicurare lo sviluppo locale mantendo le qualit\u00e0 che caratterizzano questo specifico paesaggio<\/span>.<\/p>\n<p><strong>La terza azione<\/strong>, strategica anche dal punto di vista degli esiti operativi, ha riguardato l\u2019<strong>individuazione<\/strong> <strong>esemplificativa<\/strong> di alcuni <strong>paesaggi rurali storici<\/strong>, in parte consistente terrazzati, un tempo coltivati e attualmente <strong>coperti da boschi d\u2019invasione<\/strong>, per semplificarne le possibilit\u00e0 di recupero. Si \u00e8 quindi proceduto alla predisposizione di tutti gli approfondimenti conoscitivi richiesti sia dalla Regione Piemonte che dal MiC, in coerenza con le nuove norme nazionali vigenti al riguardo, <span style=\"text-decoration: underline;\">per renderne operativa la semplificazione procedurale<\/span>.<\/p>\n<p>I 4 approfondimenti collaterali sono stati dedicati rispettivamente a: la questione \u201c<span style=\"text-decoration: underline;\">competenze<\/span>\u201d nelle trasformazioni del paesaggio in atto e future; la questione dei <span style=\"text-decoration: underline;\">danni prodotti dalla fauna selvatica<\/span>, sempre pi\u00f9 un problema per le attivit\u00e0 agricole e pastorali in questo contesto; le <span style=\"text-decoration: underline;\">potenzialit\u00e0 del pascolo nel bosco<\/span> e alla complessa regolamentazione in essere; infine, le prospettive della <span style=\"text-decoration: underline;\">sostenibilit\u00e0, energie rinnovabili, cambiamenti climatici e paesaggio<\/span> contestualizzate rispetto a questo territorio specifico.[\/vc_column_text][\/vc_column][\/vc_row][vc_row el_class=&#8221;sdg-list-wrap&#8221;][vc_column][vc_raw_html]JTVCU2V6aW9uZV9Eb2N1bWVudGklNUQ=[\/vc_raw_html][\/vc_column][\/vc_row][vc_row][vc_column]<div class=\"templatera_shortcode\"><div data-vc-full-width=\"true\" data-vc-full-width-temp=\"true\" data-vc-full-width-init=\"false\" class=\"vc_row wpb_row vc_row-fluid newsletter-wrap\"><div class=\"wpb_column vc_column_container vc_col-sm-12\"><div class=\"vc_column-inner\"><div class=\"wpb_wrapper\">\n\t<div class=\"wpb_raw_code wpb_raw_html wpb_content_element\" >\n\t\t<div class=\"wpb_wrapper\">\n\t\t\t    <div class=\"container\">\n      <div class=\"row align-items-center\">\n\t<div class=\"col-12 col-lg-6 col-xl-5 mb-3 mb-lg-0 pr-0\">\n\t  <h2 class=\"title\">Rimani aggiornato sui nostri bandi e sui nostri progetti<\/h2>\n\t<\/div>\n\t<div class=\"col-12 col-lg-6 col-xl-7 pl-xl-4\">\n\t  <a class=\"standard-link-block\" href=\"\/it\/newsletter\/\">\n\t    Compila il form e decidi su quale argomento vuoi ricevere notizie.\t    <strong>\u00a0 ISCRIVITI!<\/strong>\n\t  <\/a>\n\t<\/div>\n      <\/div>\n    <\/div>\n\t\t<\/div>\n\t<\/div>\n<\/div><\/div><\/div><\/div><div class=\"vc_row-full-width vc_clearfix\"><\/div><\/div>[\/vc_column][\/vc_row]\n<\/div>","protected":false},"excerpt":{"rendered":"Piano Paesaggistico Regionale nell\u2019area dell\u2019Alta Val Bormida: presentata la ricerca applicata all\u2019area interna della Val Bormida per lo sviluppo sociale ed economico del territorio Condividi: Facebook Twitter Linkedin Whatsapp Mail Data di pubblicazione: 14 Aprile 2023 Obiettivo Cultura. TagAgenda 2030Conservazione del patrimonioPaesaggioPartnership con enti istituzionaliPatrimonio culturaleSostenibilit\u00e0 Monastero Bormida (AT), 14 aprile 2023 - Nell\u2019ambito della Convenzione tra la Regione Piemonte e il Ministero della Cultura, la Fondazione Compagnia di San Paolo - da sempre convinta che i valori del paesaggio siano uno strumento di primaria importanza per lo sviluppo sostenibile dei territori e parte fondamentale del patrimonio culturale del Paese - ha contribuito alla sperimentazione dell\u2019attuazione del Piano Paesaggistico Regionale nell\u2019area dell\u2019Alta Val Bormida. Il progetto \u00e8 documentato nel Rapporto finale sul Progetto di sperimentazione per l\u2019attuazione del Piano Paesaggistico Regionale presentato in occasione dell\u2019evento presso il Castello di Monastero Bormida cha ha visto il saluto istituzionale del Presidente della Fondazione Compagnia di San Paolo, Francesco Profumo; del Vice Presidente della Regione Piemonte, Fabio Carosso; della Soprintendente Archeologia Belle Arti e Paesaggio per la Citt\u00e0 Metropolitana di Torino, Lisa Accurti; del Direttore della Direzione Ambiente, energia e territorio della Regione Piemonte, Stefania Crotta e del Sindaco di Monastero Bormida, Luigi Gallareto. &nbsp; La Regione Piemonte \u00e8 stata fra le prime regioni italiane ad avere approvato, in co-pianificazione con il Ministero della Cultura, un Piano Paesaggistico adeguato al vigente Codice nazionale dei beni culturali e del paesaggio. Per dare effettiva attuazione al ruolo che il paesaggio pu\u00f2 svolgere in relazione al benessere e alle prospettive di sviluppo locale \u00e8 essenziale che le strategie di tutela e valorizzazione dei paesaggi siano fattivamente accompagnate nel calarsi sui diversi territori, definendo cos\u00ec anche una prospettiva comune ai futuri adeguamenti urbanistici richiesti. La Fondazione Compagnia di San Paolo ha pertanto deciso di sostenere una sperimentazione dedicata all\u2019azione di accompagnamento su alcuni territori del Piemonte. Dopo una prima fase riferita al territorio dell\u2019Eporediese, si \u00e8 di recente conclusa la seconda fase dedicata al territorio dell\u2019Alta Val Bormida il cui gruppo di ricerca \u00e8 stato coordinato da Anna Marson, professore ordinario di Pianificazione del Territorio Universit\u00e0 IUAV di Venezia. Il territorio considerato, parte dell\u2019ambito di paesaggio Alte Langhe, comprende quasi 30 comuni, di dimensioni in prevalenza piccole e molto piccole. Le caratteristiche demografiche, socio-economiche e di distanza dai principali servizi hanno portato a suo tempo al riconoscimento ufficiale di questo territorio come \u201carea interna\u201d. Per le aree interne, il valore aggiunto potenziale del paesaggio pu\u00f2 costituire a maggior ragione una risorsa decisiva. La sperimentazione supportata dalla Fondazione Compagnia di San Paolo, nell\u2019ambito della Missione custodire la bellezza dell\u2019Obiettivo Cultura ha individuato per il territorio dell\u2019Alta Val Bormida, grazie al lavoro di un gruppo di ricercatori dedicati, 3 azioni strategiche e 4 approfondimenti collaterali. La prima azione ha riguardato l\u2019avvio di una Biografia di paesaggio in grado di far emergere la specificit\u00e0 di questo territorio dal punto di vista del paesaggio di lunga durata. Pur avendo una storia e un paesaggio assai specifici, dal punto di vista istituzionale questo territorio \u00e8 infatti situato al margine di confini multipli (due regioni, quattro province), e presenta una forte frammentazione istituzionale (diverse Unioni montane estese al di fuori dell\u2019area in questione, comuni con pochi abitanti e territori molto estesi). Gli approfondimenti compiuti mettendo a sistema le fonti scientifiche disponibili e la restituzione effettuata rendono oggi pi\u00f9 facile il riconoscimento di questo territorio e paesaggio come un\u2019entit\u00e0 specifica, grazie ai testi ed elaborazioni cartografiche originali prodotte dalla sperimentazione. Produzione del paesaggio \u00e8 consistita nell\u2019approfondire le condizioni della Produzione del paesaggio attuale, materiale e immateriale, con una focalizzazione sulle filiere agropastorali, dell\u2019ospitalit\u00e0 e della cultura (38 incontri\/interviste aperte ad attori rappresentativi delle diverse filiere) come campi particolarmente pertinenti e dinamici, attraverso i quali si va definendo il futuro di questo territorio, cos\u00ec prossimo alla Langa Unesco e ai suoi flussi di visitatori e investimenti. Gli scenari delineati sono importanti per assicurare lo sviluppo locale mantendo le qualit\u00e0 che caratterizzano questo specifico paesaggio. La terza azione, strategica anche dal punto di vista degli esiti operativi, ha riguardato l\u2019individuazione esemplificativa di alcuni paesaggi rurali storici, in parte consistente terrazzati, un tempo coltivati e attualmente coperti da boschi d\u2019invasione, per semplificarne le possibilit\u00e0 di recupero. Si \u00e8 quindi proceduto alla predisposizione di tutti gli approfondimenti conoscitivi richiesti sia dalla Regione Piemonte che dal MiC, in coerenza con le nuove norme nazionali vigenti al riguardo, per renderne operativa la semplificazione procedurale. I 4 approfondimenti collaterali sono stati dedicati rispettivamente a: la questione \u201ccompetenze\u201d nelle trasformazioni del paesaggio in atto e future; la questione dei danni prodotti dalla fauna selvatica, sempre pi\u00f9 un problema per le attivit\u00e0 agricole e pastorali in questo contesto; le potenzialit\u00e0 del pascolo nel bosco e alla complessa regolamentazione in essere; infine, le prospettive della sostenibilit\u00e0, energie rinnovabili, cambiamenti climatici e paesaggio contestualizzate rispetto a questo territorio specifico. Documenti di approfondimento Comunicato Stampa: Presentazione Rapporto finale del Piano Paesaggistico Regionale nell\u2019area dell\u2019Alta Val Bormida Scarica il documento Rimani aggiornato sui nostri bandi e sui nostri progetti Compila il form e decidi su quale argomento vuoi ricevere notizie. \u00a0 ISCRIVITI!","protected":false},"featured_media":22141,"menu_order":0,"template":"","meta":{"_acf_changed":false,"content-type":""},"tags":[67,91,98,62,208,207],"class_list":["post-22222","comunicatistampa","type-comunicatistampa","status-publish","has-post-thumbnail","hentry","tag-agenda-2030","tag-conservazione-del-patrimonio","tag-paesaggio","tag-partnership-con-enti-istituzionali","tag-patrimonio-culturale","tag-sostenibilita","entry","post-inner"],"acf":[],"yoast_head":"<!-- This site is optimized with the Yoast SEO plugin v27.3 - https:\/\/yoast.com\/product\/yoast-seo-wordpress\/ -->\n<title>Rapporto finale del Piano Paesaggistico Regionale nell\u2019area dell\u2019Alta Val Bormida - Fondazione Compagnia di San Paolo<\/title>\n<meta name=\"description\" content=\"Piano Paesaggistico Regionale nell\u2019area dell\u2019Alta Val Bormida: presentata la ricerca applicata all\u2019area interna della Val Bormida per lo sviluppo sociale ed economico del territorio\" \/>\n<meta name=\"robots\" content=\"index, follow, max-snippet:-1, max-image-preview:large, max-video-preview:-1\" \/>\n<link rel=\"canonical\" href=\"https:\/\/www.compagniadisanpaolo.it\/it\/comunicati-stampa\/rapporto-finale-del-piano-paesaggistico-regionale-nellarea-dellalta-val-bormida\/\" \/>\n<meta property=\"og:locale\" content=\"it_IT\" \/>\n<meta property=\"og:type\" content=\"article\" \/>\n<meta property=\"og:title\" content=\"Rapporto finale del Piano Paesaggistico Regionale nell\u2019area dell\u2019Alta Val Bormida - Fondazione Compagnia di San Paolo\" \/>\n<meta property=\"og:description\" content=\"Piano Paesaggistico Regionale nell\u2019area dell\u2019Alta Val Bormida: presentata la ricerca applicata all\u2019area interna della Val Bormida per lo sviluppo sociale ed economico del territorio\" \/>\n<meta property=\"og:url\" content=\"https:\/\/www.compagniadisanpaolo.it\/it\/comunicati-stampa\/rapporto-finale-del-piano-paesaggistico-regionale-nellarea-dellalta-val-bormida\/\" \/>\n<meta property=\"og:site_name\" content=\"Fondazione Compagnia di San Paolo\" \/>\n<meta property=\"article:publisher\" content=\"https:\/\/www.facebook.com\/CompagniaDiSanPaolo\" \/>\n<meta property=\"og:image\" content=\"https:\/\/www.compagniadisanpaolo.it\/wp-content\/uploads\/CSP_Piano-Paesaggistico_banner-sito-815x350-1.jpg\" \/>\n\t<meta property=\"og:image:width\" content=\"815\" \/>\n\t<meta property=\"og:image:height\" content=\"350\" \/>\n\t<meta property=\"og:image:type\" content=\"image\/jpeg\" \/>\n<meta name=\"twitter:card\" content=\"summary_large_image\" \/>\n<meta name=\"twitter:site\" content=\"@CSP_live\" \/>\n<meta name=\"twitter:label1\" content=\"Tempo di lettura stimato\" \/>\n\t<meta name=\"twitter:data1\" content=\"6 minuti\" \/>\n<script type=\"application\/ld+json\" class=\"yoast-schema-graph\">{\"@context\":\"https:\\\/\\\/schema.org\",\"@graph\":[{\"@type\":\"WebPage\",\"@id\":\"https:\\\/\\\/www.compagniadisanpaolo.it\\\/it\\\/comunicati-stampa\\\/rapporto-finale-del-piano-paesaggistico-regionale-nellarea-dellalta-val-bormida\\\/\",\"url\":\"https:\\\/\\\/www.compagniadisanpaolo.it\\\/it\\\/comunicati-stampa\\\/rapporto-finale-del-piano-paesaggistico-regionale-nellarea-dellalta-val-bormida\\\/\",\"name\":\"Rapporto finale del Piano Paesaggistico Regionale nell\u2019area dell\u2019Alta Val Bormida - Fondazione Compagnia di San Paolo\",\"isPartOf\":{\"@id\":\"https:\\\/\\\/www.compagniadisanpaolo.it\\\/it\\\/#website\"},\"primaryImageOfPage\":{\"@id\":\"https:\\\/\\\/www.compagniadisanpaolo.it\\\/it\\\/comunicati-stampa\\\/rapporto-finale-del-piano-paesaggistico-regionale-nellarea-dellalta-val-bormida\\\/#primaryimage\"},\"image\":{\"@id\":\"https:\\\/\\\/www.compagniadisanpaolo.it\\\/it\\\/comunicati-stampa\\\/rapporto-finale-del-piano-paesaggistico-regionale-nellarea-dellalta-val-bormida\\\/#primaryimage\"},\"thumbnailUrl\":\"https:\\\/\\\/www.compagniadisanpaolo.it\\\/wp-content\\\/uploads\\\/CSP_Piano-Paesaggistico_banner-sito-815x350-1.jpg\",\"datePublished\":\"2023-04-14T14:11:05+00:00\",\"description\":\"Piano Paesaggistico Regionale nell\u2019area dell\u2019Alta Val Bormida: presentata la ricerca applicata all\u2019area interna della Val Bormida per lo sviluppo sociale ed economico del territorio\",\"breadcrumb\":{\"@id\":\"https:\\\/\\\/www.compagniadisanpaolo.it\\\/it\\\/comunicati-stampa\\\/rapporto-finale-del-piano-paesaggistico-regionale-nellarea-dellalta-val-bormida\\\/#breadcrumb\"},\"inLanguage\":\"it-IT\",\"potentialAction\":[{\"@type\":\"ReadAction\",\"target\":[\"https:\\\/\\\/www.compagniadisanpaolo.it\\\/it\\\/comunicati-stampa\\\/rapporto-finale-del-piano-paesaggistico-regionale-nellarea-dellalta-val-bormida\\\/\"]}]},{\"@type\":\"ImageObject\",\"inLanguage\":\"it-IT\",\"@id\":\"https:\\\/\\\/www.compagniadisanpaolo.it\\\/it\\\/comunicati-stampa\\\/rapporto-finale-del-piano-paesaggistico-regionale-nellarea-dellalta-val-bormida\\\/#primaryimage\",\"url\":\"https:\\\/\\\/www.compagniadisanpaolo.it\\\/wp-content\\\/uploads\\\/CSP_Piano-Paesaggistico_banner-sito-815x350-1.jpg\",\"contentUrl\":\"https:\\\/\\\/www.compagniadisanpaolo.it\\\/wp-content\\\/uploads\\\/CSP_Piano-Paesaggistico_banner-sito-815x350-1.jpg\",\"width\":815,\"height\":350},{\"@type\":\"BreadcrumbList\",\"@id\":\"https:\\\/\\\/www.compagniadisanpaolo.it\\\/it\\\/comunicati-stampa\\\/rapporto-finale-del-piano-paesaggistico-regionale-nellarea-dellalta-val-bormida\\\/#breadcrumb\",\"itemListElement\":[{\"@type\":\"ListItem\",\"position\":1,\"name\":\"Home\",\"item\":\"https:\\\/\\\/www.compagniadisanpaolo.it\\\/it\\\/\"},{\"@type\":\"ListItem\",\"position\":2,\"name\":\"Rapporto finale del Piano Paesaggistico Regionale nell\u2019area dell\u2019Alta Val Bormida\"}]},{\"@type\":\"WebSite\",\"@id\":\"https:\\\/\\\/www.compagniadisanpaolo.it\\\/it\\\/#website\",\"url\":\"https:\\\/\\\/www.compagniadisanpaolo.it\\\/it\\\/\",\"name\":\"Fondazione Compagnia di San Paolo\",\"description\":\"\",\"publisher\":{\"@id\":\"https:\\\/\\\/www.compagniadisanpaolo.it\\\/it\\\/#organization\"},\"potentialAction\":[{\"@type\":\"SearchAction\",\"target\":{\"@type\":\"EntryPoint\",\"urlTemplate\":\"https:\\\/\\\/www.compagniadisanpaolo.it\\\/it\\\/?s={search_term_string}\"},\"query-input\":{\"@type\":\"PropertyValueSpecification\",\"valueRequired\":true,\"valueName\":\"search_term_string\"}}],\"inLanguage\":\"it-IT\"},{\"@type\":\"Organization\",\"@id\":\"https:\\\/\\\/www.compagniadisanpaolo.it\\\/it\\\/#organization\",\"name\":\"Fondazione Compagnia di San Paolo\",\"url\":\"https:\\\/\\\/www.compagniadisanpaolo.it\\\/it\\\/\",\"logo\":{\"@type\":\"ImageObject\",\"inLanguage\":\"it-IT\",\"@id\":\"https:\\\/\\\/www.compagniadisanpaolo.it\\\/it\\\/#\\\/schema\\\/logo\\\/image\\\/\",\"url\":\"https:\\\/\\\/www.compagniadisanpaolo.it\\\/wp-content\\\/uploads\\\/logo.svg\",\"contentUrl\":\"https:\\\/\\\/www.compagniadisanpaolo.it\\\/wp-content\\\/uploads\\\/logo.svg\",\"width\":769,\"height\":323,\"caption\":\"Fondazione Compagnia di San Paolo\"},\"image\":{\"@id\":\"https:\\\/\\\/www.compagniadisanpaolo.it\\\/it\\\/#\\\/schema\\\/logo\\\/image\\\/\"},\"sameAs\":[\"https:\\\/\\\/www.facebook.com\\\/CompagniaDiSanPaolo\",\"https:\\\/\\\/x.com\\\/CSP_live\",\"http:\\\/\\\/instagram.com\\\/compagniadisanpaolo?ref=badge\",\"https:\\\/\\\/www.linkedin.com\\\/company\\\/compagnia-di-san-paolo\",\"https:\\\/\\\/www.youtube.com\\\/user\\\/compagniadisanpaolo\",\"https:\\\/\\\/it.wikipedia.org\\\/wiki\\\/Compagnia_di_San_Paolo\"]}]}<\/script>\n<!-- \/ Yoast SEO plugin. -->","yoast_head_json":{"title":"Rapporto finale del Piano Paesaggistico Regionale nell\u2019area dell\u2019Alta Val Bormida - Fondazione Compagnia di San Paolo","description":"Piano Paesaggistico Regionale nell\u2019area dell\u2019Alta Val Bormida: presentata la ricerca applicata all\u2019area interna della Val Bormida per lo sviluppo sociale ed economico del territorio","robots":{"index":"index","follow":"follow","max-snippet":"max-snippet:-1","max-image-preview":"max-image-preview:large","max-video-preview":"max-video-preview:-1"},"canonical":"https:\/\/www.compagniadisanpaolo.it\/it\/comunicati-stampa\/rapporto-finale-del-piano-paesaggistico-regionale-nellarea-dellalta-val-bormida\/","og_locale":"it_IT","og_type":"article","og_title":"Rapporto finale del Piano Paesaggistico Regionale nell\u2019area dell\u2019Alta Val Bormida - Fondazione Compagnia di San Paolo","og_description":"Piano Paesaggistico Regionale nell\u2019area dell\u2019Alta Val Bormida: presentata la ricerca applicata all\u2019area interna della Val Bormida per lo sviluppo sociale ed economico del territorio","og_url":"https:\/\/www.compagniadisanpaolo.it\/it\/comunicati-stampa\/rapporto-finale-del-piano-paesaggistico-regionale-nellarea-dellalta-val-bormida\/","og_site_name":"Fondazione Compagnia di San Paolo","article_publisher":"https:\/\/www.facebook.com\/CompagniaDiSanPaolo","og_image":[{"width":815,"height":350,"url":"https:\/\/www.compagniadisanpaolo.it\/wp-content\/uploads\/CSP_Piano-Paesaggistico_banner-sito-815x350-1.jpg","type":"image\/jpeg"}],"twitter_card":"summary_large_image","twitter_site":"@CSP_live","twitter_misc":{"Tempo di lettura stimato":"6 minuti"},"schema":{"@context":"https:\/\/schema.org","@graph":[{"@type":"WebPage","@id":"https:\/\/www.compagniadisanpaolo.it\/it\/comunicati-stampa\/rapporto-finale-del-piano-paesaggistico-regionale-nellarea-dellalta-val-bormida\/","url":"https:\/\/www.compagniadisanpaolo.it\/it\/comunicati-stampa\/rapporto-finale-del-piano-paesaggistico-regionale-nellarea-dellalta-val-bormida\/","name":"Rapporto finale del Piano Paesaggistico Regionale nell\u2019area dell\u2019Alta Val Bormida - Fondazione Compagnia di San Paolo","isPartOf":{"@id":"https:\/\/www.compagniadisanpaolo.it\/it\/#website"},"primaryImageOfPage":{"@id":"https:\/\/www.compagniadisanpaolo.it\/it\/comunicati-stampa\/rapporto-finale-del-piano-paesaggistico-regionale-nellarea-dellalta-val-bormida\/#primaryimage"},"image":{"@id":"https:\/\/www.compagniadisanpaolo.it\/it\/comunicati-stampa\/rapporto-finale-del-piano-paesaggistico-regionale-nellarea-dellalta-val-bormida\/#primaryimage"},"thumbnailUrl":"https:\/\/www.compagniadisanpaolo.it\/wp-content\/uploads\/CSP_Piano-Paesaggistico_banner-sito-815x350-1.jpg","datePublished":"2023-04-14T14:11:05+00:00","description":"Piano Paesaggistico Regionale nell\u2019area dell\u2019Alta Val Bormida: presentata la ricerca applicata all\u2019area interna della Val Bormida per lo sviluppo sociale ed economico del territorio","breadcrumb":{"@id":"https:\/\/www.compagniadisanpaolo.it\/it\/comunicati-stampa\/rapporto-finale-del-piano-paesaggistico-regionale-nellarea-dellalta-val-bormida\/#breadcrumb"},"inLanguage":"it-IT","potentialAction":[{"@type":"ReadAction","target":["https:\/\/www.compagniadisanpaolo.it\/it\/comunicati-stampa\/rapporto-finale-del-piano-paesaggistico-regionale-nellarea-dellalta-val-bormida\/"]}]},{"@type":"ImageObject","inLanguage":"it-IT","@id":"https:\/\/www.compagniadisanpaolo.it\/it\/comunicati-stampa\/rapporto-finale-del-piano-paesaggistico-regionale-nellarea-dellalta-val-bormida\/#primaryimage","url":"https:\/\/www.compagniadisanpaolo.it\/wp-content\/uploads\/CSP_Piano-Paesaggistico_banner-sito-815x350-1.jpg","contentUrl":"https:\/\/www.compagniadisanpaolo.it\/wp-content\/uploads\/CSP_Piano-Paesaggistico_banner-sito-815x350-1.jpg","width":815,"height":350},{"@type":"BreadcrumbList","@id":"https:\/\/www.compagniadisanpaolo.it\/it\/comunicati-stampa\/rapporto-finale-del-piano-paesaggistico-regionale-nellarea-dellalta-val-bormida\/#breadcrumb","itemListElement":[{"@type":"ListItem","position":1,"name":"Home","item":"https:\/\/www.compagniadisanpaolo.it\/it\/"},{"@type":"ListItem","position":2,"name":"Rapporto finale del Piano Paesaggistico Regionale nell\u2019area dell\u2019Alta Val Bormida"}]},{"@type":"WebSite","@id":"https:\/\/www.compagniadisanpaolo.it\/it\/#website","url":"https:\/\/www.compagniadisanpaolo.it\/it\/","name":"Fondazione Compagnia di San Paolo","description":"","publisher":{"@id":"https:\/\/www.compagniadisanpaolo.it\/it\/#organization"},"potentialAction":[{"@type":"SearchAction","target":{"@type":"EntryPoint","urlTemplate":"https:\/\/www.compagniadisanpaolo.it\/it\/?s={search_term_string}"},"query-input":{"@type":"PropertyValueSpecification","valueRequired":true,"valueName":"search_term_string"}}],"inLanguage":"it-IT"},{"@type":"Organization","@id":"https:\/\/www.compagniadisanpaolo.it\/it\/#organization","name":"Fondazione Compagnia di San Paolo","url":"https:\/\/www.compagniadisanpaolo.it\/it\/","logo":{"@type":"ImageObject","inLanguage":"it-IT","@id":"https:\/\/www.compagniadisanpaolo.it\/it\/#\/schema\/logo\/image\/","url":"https:\/\/www.compagniadisanpaolo.it\/wp-content\/uploads\/logo.svg","contentUrl":"https:\/\/www.compagniadisanpaolo.it\/wp-content\/uploads\/logo.svg","width":769,"height":323,"caption":"Fondazione Compagnia di San Paolo"},"image":{"@id":"https:\/\/www.compagniadisanpaolo.it\/it\/#\/schema\/logo\/image\/"},"sameAs":["https:\/\/www.facebook.com\/CompagniaDiSanPaolo","https:\/\/x.com\/CSP_live","http:\/\/instagram.com\/compagniadisanpaolo?ref=badge","https:\/\/www.linkedin.com\/company\/compagnia-di-san-paolo","https:\/\/www.youtube.com\/user\/compagniadisanpaolo","https:\/\/it.wikipedia.org\/wiki\/Compagnia_di_San_Paolo"]}]}},"amp_enabled":true,"_links":{"self":[{"href":"https:\/\/www.compagniadisanpaolo.it\/it\/wp-json\/wp\/v2\/comunicatistampa\/22222","targetHints":{"allow":["GET"]}}],"collection":[{"href":"https:\/\/www.compagniadisanpaolo.it\/it\/wp-json\/wp\/v2\/comunicatistampa"}],"about":[{"href":"https:\/\/www.compagniadisanpaolo.it\/it\/wp-json\/wp\/v2\/types\/comunicatistampa"}],"wp:featuredmedia":[{"embeddable":true,"href":"https:\/\/www.compagniadisanpaolo.it\/it\/wp-json\/wp\/v2\/media\/22141"}],"wp:attachment":[{"href":"https:\/\/www.compagniadisanpaolo.it\/it\/wp-json\/wp\/v2\/media?parent=22222"}],"wp:term":[{"taxonomy":"post_tag","embeddable":true,"href":"https:\/\/www.compagniadisanpaolo.it\/it\/wp-json\/wp\/v2\/tags?post=22222"}],"curies":[{"name":"wp","href":"https:\/\/api.w.org\/{rel}","templated":true}]}}