{"id":21671,"date":"2023-03-03T16:29:07","date_gmt":"2023-03-03T15:29:07","guid":{"rendered":"https:\/\/www.compagniadisanpaolo.it\/?post_type=comunicatistampa&#038;p=21671"},"modified":"2023-03-13T16:41:37","modified_gmt":"2023-03-13T15:41:37","slug":"inaugurata-la-nuova-piazza-arbarello-e-il-rinnovato-corso-siccardi-sapazi-piu-vivibili-accessibili-e-allinsegna-della-qualita-ambientale","status":"publish","type":"comunicatistampa","link":"https:\/\/www.compagniadisanpaolo.it\/it\/comunicati-stampa\/inaugurata-la-nuova-piazza-arbarello-e-il-rinnovato-corso-siccardi-sapazi-piu-vivibili-accessibili-e-allinsegna-della-qualita-ambientale\/","title":{"rendered":"Inaugurata la nuova piazza Arbarello e il rinnovato corso Siccardi. Sapazi pi\u00f9 vivibili, accessibili e all&#8217;insegna della qualit\u00e0 ambientale"},"content":{"rendered":"<div class=\"wpb-content-wrapper\">[vc_row][vc_column][vc_column_text el_class=&#8221;text-headline2&#8243;]Taglio del nastro per il nuovo viale alberato di corso Siccardi e la nuova piazza Arbarello, restituiti ai torinesi in una veste completamente rinnovata dopo l\u2019intervento di riqualificazione voluto dalla Citt\u00e0 di Torino e realizzato con il contributo della Fondazione Compagnia di San Paolo e di Reale Foundation.[\/vc_column_text][\/vc_column][\/vc_row][vc_row][vc_column][vc_column_text]\n<div class=\"info-box mission\">\n\t\t<div class=\"info-box-wrap info-box-hor row pb-0\">\n\n\t\t      \n\t\t      <div class=\"spalla col-12 col-md-12\">\n\t\t\t<div class=\"info-box sharing-box\">\n\t\t\t  <span class=\"label\">Condividi:<\/span>\n\t\t\t  <div class=\"social-sharing\">\n\t\t\t    <span class=\"box\">\n\t\t\t      <a class=\"fb\" href=\"https:\/\/www.facebook.com\/sharer.php?u=https:\/\/www.compagniadisanpaolo.it\/it\/comunicati-stampa\/inaugurata-la-nuova-piazza-arbarello-e-il-rinnovato-corso-siccardi-sapazi-piu-vivibili-accessibili-e-allinsegna-della-qualita-ambientale\/\" target=\"_blank\">\n\t\t\t\t<span class=\"sr-only\">Facebook<\/span>\n\t\t\t\t<i class=\"fab fa-facebook-f\"><\/i>\n\t\t\t      <\/a>\n\t\t\t    <\/span>\n\t\t\t    \n\t\t\t    <style>\n.twitter, .twitter:hover{\ncolor:#000000 !important;}\n<\/style>\n\n\n\t\t\t    <span class=\"box\">\n\t\t\t      <a class=\"twitter\" href=\"https:\/\/twitter.com\/intent\/tweet?url=https:\/\/www.compagniadisanpaolo.it\/it\/comunicati-stampa\/inaugurata-la-nuova-piazza-arbarello-e-il-rinnovato-corso-siccardi-sapazi-piu-vivibili-accessibili-e-allinsegna-della-qualita-ambientale\/\">\n\t\t\t\t<span class=\"sr-only\">Twitter<\/span>\n\t\t\t\t<i class=\"fa-brands fa-x-twitter\"><\/i>\n\t\t\t      <\/a>\n\t\t\t    <\/span>\n\n\t\t\t    \n\t\t\t    <span class=\"box\">\n\t\t\t      <a class=\"linkedin\" href=\"https:\/\/www.linkedin.com\/shareArticle?mini=true&url=https:\/\/www.compagniadisanpaolo.it\/it\/comunicati-stampa\/inaugurata-la-nuova-piazza-arbarello-e-il-rinnovato-corso-siccardi-sapazi-piu-vivibili-accessibili-e-allinsegna-della-qualita-ambientale\/\">\n\t\t\t\t<span class=\"sr-only\">Linkedin<\/span>\n\t\t\t\t  <i class=\"fa-brands fa-linkedin-in\"><\/i>\n\t\t\t      <\/a>\n\t\t\t    <\/span>\n\n\t\t\t    <span class=\"box\">\n\t\t\t      <a class=\"whatsapp\" href=\"whatsapp:\/\/send?text=https:\/\/www.compagniadisanpaolo.it\/it\/comunicati-stampa\/inaugurata-la-nuova-piazza-arbarello-e-il-rinnovato-corso-siccardi-sapazi-piu-vivibili-accessibili-e-allinsegna-della-qualita-ambientale\/\" data-action=\"share\/whatsapp\/share\">\n\t\t\t\t<span class=\"sr-only\">Whatsapp<\/span>\n\t\t\t\t<i class=\"fa-brands fa-whatsapp\"><\/i>\n\t\t\t      <\/a>\n\t\t\t    <\/span>\n\n\t\t\t    <span class=\"box\">\n\t\t\t      <a class=\"mail\" href=\"mailto:?subject=Inaugurata la nuova piazza Arbarello e il rinnovato corso Siccardi. Sapazi pi\u00f9 vivibili, accessibili e all'insegna della qualit\u00e0 ambientale&body=https:\/\/www.compagniadisanpaolo.it\/it\/comunicati-stampa\/inaugurata-la-nuova-piazza-arbarello-e-il-rinnovato-corso-siccardi-sapazi-piu-vivibili-accessibili-e-allinsegna-della-qualita-ambientale\/\">\n\t\t\t\t<span class=\"sr-only\">Mail<\/span>\n\t\t\t\t <i class=\"fa-solid fa-envelope\"><\/i>\n\t\t\t      <\/a>\n\t\t\t    <\/span>\n\t\t\t    \n\t\t\t  <\/div>\n\t\t\t<\/div>\n\t      <\/div>\n\t    <\/div><\/div>\n[\/vc_column_text][\/vc_column][\/vc_row][vc_row][vc_column width=&#8221;1\/4&#8243;][vc_column_text]\n\n\n\t\t<div class=\"info-box-wrap\">\n\n\t  <div class=\"info-box date-pub\">\n\t  \t<span class=\"label\">Data di pubblicazione:<\/span>\n\t    <span class=\"value\">3 Marzo 2023<\/span>\n\t  <\/div>\n\t\t\t\t  <div class=\"info-box obj-institutional\">\n\t\t\t\t\t  <div class=\"info-box obj\">\n\t\t\t\t\t    <div class=\"obj-small-box\">\n\t\t\t\t\t      <span>Istituzionale<\/span>\n\t\t\t\t\t    <\/div>\n\t\t\t\t\t  <\/div>\n\t\t\t\t  <\/div>\n\t\t\t  <div class=\"info-box mission\"><span class=\"label\">Tag<\/span><a href=\"https:\/\/www.compagniadisanpaolo.it\/it\/tags\/risultati\/?_sft_post_tag=partnership-con-enti-istituzionali\" class=\"tag-element\">Partnership con enti istituzionali<\/a><\/div>\t  \n\t<\/div>\n[\/vc_column_text][\/vc_column][vc_column width=&#8221;3\/4&#8243; el_class=&#8221;page-content&#8221;][vc_column_text el_class=&#8221;text&#8221;]Le due importanti realt\u00e0 torinesi &#8211; che nella zona hanno operato significativi investimenti immobiliari realizzando la nuova sede del Collegio Carlo Alberto, nell\u2019edificio che ospitava la facolt\u00e0 di Economia e Commercio, e dove c\u2019era l\u2019ex palazzina Iren la nuova sede di Reale Group, oltre alla sede storica in via Corte d\u2019Appello &#8211; hanno garantito la completa<br \/>\ncopertura finanziaria dell\u2019intervento, costato oltre un milione di euro.<\/p>\n<p>La riqualificazione migliora la vivibilit\u00e0, l&#8217;accessibilit\u00e0 e la qualit\u00e0 ambientale dei due spazi pubblici.<\/p>\n<p>Liberata dalla sosta delle auto nella sua parte centrale, e leggermente rialzata per proteggere meglio i pedoni dal traffico veicolare, piazza Arbarello ha recuperato la sua dimensione di luogo di incontro e di socialit\u00e0. All\u2019ombra del grande tiglio posto al centro della piazza, dove sono stati aggiunti otto nuovi ippocastani, \u00e8 stata realizzata un\u2019isola<br \/>\npedonale attrezzata con panchine, arredi urbani e con un nuovo impianto di illuminazione, stilisticamente in continuit\u00e0 con quello gi\u00e0 esistente sul viale centrale. Una porzione dell\u2019area, sul fronte nord, sar\u00e0 riservata all&#8217;installazione di dehors da parte degli esercizi pubblici, creando in questo modo ulteriori spazi di aggregazione lungo l\u2019intero arco della giornata.<\/p>\n<p>Anche il viale alberato di corso Siccardi cambia volto, e diventa un collegamento pedonale e ciclabile che unisce piazza Arbarello, via Barbaroux &#8211; dove in prosecuzione del doppio filare sono state messe a dimora sei nuove piante &#8211; con corso Galileo Ferraris. Il viale diventa quindi una delle porte d&#8217;accesso ciclo-pedonale dalla zona ovest al centro storico,<br \/>\ncompletando il percorso in parte gi\u00e0 realizzato sull&#8217;asse di corso Galileo Ferraris.<\/p>\n<p>Per quanto riguarda le pavimentazioni, in piazza Arbarello sono stati utilizzati i masselletti in pietra esistenti, rimossi e riposizionati. Lungo corso Siccardi sono stati invece posati cubetti di porfido, in parte recuperati e in parte di nuova fornitura. A ridosso dei filari alberati del viale sono state piantumate aiuole di edera (nel tratto tra le vie Cernaia e<br \/>\nBertola) e un tappeto erboso (tra le vie Bertola e Barbaroux). Per garantire il corretto attecchimento e per la loro manutenzione \u00e8 stato realizzato un nuovo impianto di irrigazione.<\/p>\n<p>Il restyling ha comportato anche importanti migliorie a livello di accessibilit\u00e0, con l\u2019adeguamento dell\u2019impianto semaforico di via Bertola per una migliore percorrenza del viale da parte di pedoni e ciclisti, protetto e in continuit\u00e0. \u00c8 stato inoltre inserito un nuovo attraversamento pedonale lungo corso Siccardi, in continuit\u00e0 a via Santa Maria. Lungo<br \/>\ntutti i percorsi di attraversamento sono state inoltre abbattute tutte le barriere architettoniche.<\/p>\n<p>\u201cLa totale riqualificazione di piazza Arbarello e di corso Siccardi offre finalmente a tutti le cittadine e i cittadini nuovi spazi da vivere \u2013 ha dichiarato il Sindaco della Citt\u00e0 di Torino Stefano Lo Russo \u2013. Ringrazio la Fondazione Compagnia di San Paolo e Reale Foundation, perch\u00e9 grazie a questo importante intervento di valorizzazione la piazza pedonale e il rinnovato viale alberato recuperano in pieno la loro vocazione di luoghi di socializzazione, e contribuiranno a migliorare la qualit\u00e0 della vita delle persone. Continueremo a rendere Torino sempre migliore, convinti che la rigenerazione urbana rappresenti un obiettivo strategico per la citt\u00e0 non solo per il concetto estetico del luogo<br \/>\nma soprattutto per i suoi nuovi utilizzi. Vogliamo coniugare il concetto di cura del patrimonio storico a quello del mutamento degli spazi, integrandoli ai nuovi bisogni urbani. Continueremo con questa visione: Torino sta cambiando e sar\u00e0 sempre pi\u00f9 accogliente e vivibile&#8221;.<\/p>\n<p>\u201cReale Foundation quest\u2019anno celebra i suoi primi cinque anni di attivit\u00e0, ed \u00e8 orgogliosa, insieme alla Citt\u00e0 di Torino e Fondazione Compagnia di San Paolo, per la realizzazione di questo meraviglioso progetto \u2013 ha dichiarato Luigi Lana, Presidente di Reale Mutua \u2013. Da 195 anni Reale Mutua opera a stretto contatto con partner di eccellenza, questa riqualificazione consolida ulteriormente lo storico legame fra la nostra Compagnia e la Citt\u00e0 di Torino. Reale Mutua \u00e8 da sempre presente sul territorio per restituire valore alla Citt\u00e0 e alle comunit\u00e0. Come prima Mutua Societ\u00e0 Benefit in Italia, riteniamo che la riqualificazione di piazza Arbarello e di corso Siccardi si inserisca perfettamente nel pi\u00f9<br \/>\nampio percorso di sostenibilit\u00e0 integrata, che ci permette di continuare la nostra storia, innovando ogni giorno\u201d.<\/p>\n<p>\u201cOggi inauguriamo una rinnovata piazza Arbarello e questo ci fa particolarmente piacere \u2013 ha dichiarato Alberto Anfossi, Segretario Generale della Fondazione Compagnia di San Paolo. Siamo convinti che la citt\u00e0 sia un luogo dell\u2019incontro e certamente la rifunzionalizzazione di aree pubbliche, laddove il Comune individua opportunit\u00e0 e priorit\u00e0, costituisce uno strumento essenziale per favorire l&#8217;integrazione territoriale e rivitalizzare i territori. Le sinergie di prossimit\u00e0 possibili sono moltissime, anche nell\u2019uso di questo spazio pubblico da parte delle istituzioni culturali e di formazione che qui costituiscono quasi un \u201cdistretto\u201d: a partire dall\u2019antistante Collegio Carlo Alberto, l\u2019attuale sede della Biblioteca Civica Centrale, l\u2019Archivio di Stato in via Piave, il Polo del \u2018900 ed il Collegio degli Artigianelli. Con questa collaborazione pubblico-privata si realizza parte di quella visione della citt\u00e0-comunit\u00e0 sulla quale la Compagnia \u00e8 sempre pronta a collaborare con il Comune, gli enti del territorio e la cittadinanza\u201d.[\/vc_column_text][\/vc_column][\/vc_row][vc_row el_class=&#8221;sdg-list-wrap&#8221;][vc_column][vc_raw_html]JTVCU2V6aW9uZV9Eb2N1bWVudGklNUQ=[\/vc_raw_html][\/vc_column][\/vc_row][vc_row][vc_column]<div class=\"templatera_shortcode\"><div data-vc-full-width=\"true\" data-vc-full-width-temp=\"true\" data-vc-full-width-init=\"false\" class=\"vc_row wpb_row vc_row-fluid newsletter-wrap\"><div class=\"wpb_column vc_column_container vc_col-sm-12\"><div class=\"vc_column-inner\"><div class=\"wpb_wrapper\">\n\t<div class=\"wpb_raw_code wpb_raw_html wpb_content_element\" >\n\t\t<div class=\"wpb_wrapper\">\n\t\t\t    <div class=\"container\">\n      <div class=\"row align-items-center\">\n\t<div class=\"col-12 col-lg-6 col-xl-5 mb-3 mb-lg-0 pr-0\">\n\t  <h2 class=\"title\">Rimani aggiornato sui nostri bandi e sui nostri progetti<\/h2>\n\t<\/div>\n\t<div class=\"col-12 col-lg-6 col-xl-7 pl-xl-4\">\n\t  <a class=\"standard-link-block\" href=\"\/it\/newsletter\/\">\n\t    Compila il form e decidi su quale argomento vuoi ricevere notizie.\t    <strong>\u00a0 ISCRIVITI!<\/strong>\n\t  <\/a>\n\t<\/div>\n      <\/div>\n    <\/div>\n\t\t<\/div>\n\t<\/div>\n<\/div><\/div><\/div><\/div><div class=\"vc_row-full-width vc_clearfix\"><\/div><\/div>[\/vc_column][\/vc_row]\n<\/div>","protected":false},"excerpt":{"rendered":"Taglio del nastro per il nuovo viale alberato di corso Siccardi e la nuova piazza Arbarello, restituiti ai torinesi in una veste completamente rinnovata dopo l\u2019intervento di riqualificazione voluto dalla Citt\u00e0 di Torino e realizzato con il contributo della Fondazione Compagnia di San Paolo e di Reale Foundation. Condividi: Facebook Twitter Linkedin Whatsapp Mail Data di pubblicazione: 3 Marzo 2023 Istituzionale TagPartnership con enti istituzionali Le due importanti realt\u00e0 torinesi - che nella zona hanno operato significativi investimenti immobiliari realizzando la nuova sede del Collegio Carlo Alberto, nell\u2019edificio che ospitava la facolt\u00e0 di Economia e Commercio, e dove c\u2019era l\u2019ex palazzina Iren la nuova sede di Reale Group, oltre alla sede storica in via Corte d\u2019Appello - hanno garantito la completa copertura finanziaria dell\u2019intervento, costato oltre un milione di euro. La riqualificazione migliora la vivibilit\u00e0, l'accessibilit\u00e0 e la qualit\u00e0 ambientale dei due spazi pubblici. Liberata dalla sosta delle auto nella sua parte centrale, e leggermente rialzata per proteggere meglio i pedoni dal traffico veicolare, piazza Arbarello ha recuperato la sua dimensione di luogo di incontro e di socialit\u00e0. All\u2019ombra del grande tiglio posto al centro della piazza, dove sono stati aggiunti otto nuovi ippocastani, \u00e8 stata realizzata un\u2019isola pedonale attrezzata con panchine, arredi urbani e con un nuovo impianto di illuminazione, stilisticamente in continuit\u00e0 con quello gi\u00e0 esistente sul viale centrale. Una porzione dell\u2019area, sul fronte nord, sar\u00e0 riservata all'installazione di dehors da parte degli esercizi pubblici, creando in questo modo ulteriori spazi di aggregazione lungo l\u2019intero arco della giornata. Anche il viale alberato di corso Siccardi cambia volto, e diventa un collegamento pedonale e ciclabile che unisce piazza Arbarello, via Barbaroux - dove in prosecuzione del doppio filare sono state messe a dimora sei nuove piante - con corso Galileo Ferraris. Il viale diventa quindi una delle porte d'accesso ciclo-pedonale dalla zona ovest al centro storico, completando il percorso in parte gi\u00e0 realizzato sull'asse di corso Galileo Ferraris. Per quanto riguarda le pavimentazioni, in piazza Arbarello sono stati utilizzati i masselletti in pietra esistenti, rimossi e riposizionati. Lungo corso Siccardi sono stati invece posati cubetti di porfido, in parte recuperati e in parte di nuova fornitura. A ridosso dei filari alberati del viale sono state piantumate aiuole di edera (nel tratto tra le vie Cernaia e Bertola) e un tappeto erboso (tra le vie Bertola e Barbaroux). Per garantire il corretto attecchimento e per la loro manutenzione \u00e8 stato realizzato un nuovo impianto di irrigazione. Il restyling ha comportato anche importanti migliorie a livello di accessibilit\u00e0, con l\u2019adeguamento dell\u2019impianto semaforico di via Bertola per una migliore percorrenza del viale da parte di pedoni e ciclisti, protetto e in continuit\u00e0. \u00c8 stato inoltre inserito un nuovo attraversamento pedonale lungo corso Siccardi, in continuit\u00e0 a via Santa Maria. Lungo tutti i percorsi di attraversamento sono state inoltre abbattute tutte le barriere architettoniche. \u201cLa totale riqualificazione di piazza Arbarello e di corso Siccardi offre finalmente a tutti le cittadine e i cittadini nuovi spazi da vivere \u2013 ha dichiarato il Sindaco della Citt\u00e0 di Torino Stefano Lo Russo \u2013. Ringrazio la Fondazione Compagnia di San Paolo e Reale Foundation, perch\u00e9 grazie a questo importante intervento di valorizzazione la piazza pedonale e il rinnovato viale alberato recuperano in pieno la loro vocazione di luoghi di socializzazione, e contribuiranno a migliorare la qualit\u00e0 della vita delle persone. Continueremo a rendere Torino sempre migliore, convinti che la rigenerazione urbana rappresenti un obiettivo strategico per la citt\u00e0 non solo per il concetto estetico del luogo ma soprattutto per i suoi nuovi utilizzi. Vogliamo coniugare il concetto di cura del patrimonio storico a quello del mutamento degli spazi, integrandoli ai nuovi bisogni urbani. Continueremo con questa visione: Torino sta cambiando e sar\u00e0 sempre pi\u00f9 accogliente e vivibile\". \u201cReale Foundation quest\u2019anno celebra i suoi primi cinque anni di attivit\u00e0, ed \u00e8 orgogliosa, insieme alla Citt\u00e0 di Torino e Fondazione Compagnia di San Paolo, per la realizzazione di questo meraviglioso progetto \u2013 ha dichiarato Luigi Lana, Presidente di Reale Mutua \u2013. Da 195 anni Reale Mutua opera a stretto contatto con partner di eccellenza, questa riqualificazione consolida ulteriormente lo storico legame fra la nostra Compagnia e la Citt\u00e0 di Torino. Reale Mutua \u00e8 da sempre presente sul territorio per restituire valore alla Citt\u00e0 e alle comunit\u00e0. Come prima Mutua Societ\u00e0 Benefit in Italia, riteniamo che la riqualificazione di piazza Arbarello e di corso Siccardi si inserisca perfettamente nel pi\u00f9 ampio percorso di sostenibilit\u00e0 integrata, che ci permette di continuare la nostra storia, innovando ogni giorno\u201d. \u201cOggi inauguriamo una rinnovata piazza Arbarello e questo ci fa particolarmente piacere \u2013 ha dichiarato Alberto Anfossi, Segretario Generale della Fondazione Compagnia di San Paolo. Siamo convinti che la citt\u00e0 sia un luogo dell\u2019incontro e certamente la rifunzionalizzazione di aree pubbliche, laddove il Comune individua opportunit\u00e0 e priorit\u00e0, costituisce uno strumento essenziale per favorire l'integrazione territoriale e rivitalizzare i territori. Le sinergie di prossimit\u00e0 possibili sono moltissime, anche nell\u2019uso di questo spazio pubblico da parte delle istituzioni culturali e di formazione che qui costituiscono quasi un \u201cdistretto\u201d: a partire dall\u2019antistante Collegio Carlo Alberto, l\u2019attuale sede della Biblioteca Civica Centrale, l\u2019Archivio di Stato in via Piave, il Polo del \u2018900 ed il Collegio degli Artigianelli. Con questa collaborazione pubblico-privata si realizza parte di quella visione della citt\u00e0-comunit\u00e0 sulla quale la Compagnia \u00e8 sempre pronta a collaborare con il Comune, gli enti del territorio e la cittadinanza\u201d. Documenti di approfondimento Comunicato stampa - Riqualificazione Piazza Arbarello Scarica il documento Rimani aggiornato sui nostri bandi e sui nostri progetti Compila il form e decidi su quale argomento vuoi ricevere notizie. \u00a0 ISCRIVITI!","protected":false},"featured_media":21546,"menu_order":0,"template":"","meta":{"_acf_changed":false,"content-type":""},"tags":[62],"class_list":["post-21671","comunicatistampa","type-comunicatistampa","status-publish","has-post-thumbnail","hentry","tag-partnership-con-enti-istituzionali","entry","post-inner"],"acf":[],"yoast_head":"<!-- This site is optimized with the Yoast SEO plugin v27.3 - https:\/\/yoast.com\/product\/yoast-seo-wordpress\/ -->\n<title>Inaugurata la nuova piazza Arbarello e il rinnovato corso Siccardi. Sapazi pi\u00f9 vivibili, accessibili e all&#039;insegna della qualit\u00e0 ambientale - Fondazione Compagnia di San Paolo<\/title>\n<meta name=\"description\" content=\"Taglio del nastro per il nuovo viale alberato di corso Siccardi e la nuova piazza Arbarello dopo l\u2019intervento di riqualificazione voluto dalla Citt\u00e0 di Torino, realizzato con il contributo di Fondazione Compagnia di San Paolo e Reale Foundation.\" \/>\n<meta name=\"robots\" content=\"index, follow, max-snippet:-1, max-image-preview:large, max-video-preview:-1\" \/>\n<link rel=\"canonical\" href=\"https:\/\/www.compagniadisanpaolo.it\/it\/comunicati-stampa\/inaugurata-la-nuova-piazza-arbarello-e-il-rinnovato-corso-siccardi-sapazi-piu-vivibili-accessibili-e-allinsegna-della-qualita-ambientale\/\" \/>\n<meta property=\"og:locale\" content=\"it_IT\" \/>\n<meta property=\"og:type\" content=\"article\" \/>\n<meta property=\"og:title\" content=\"Inaugurata la nuova piazza Arbarello e il rinnovato corso Siccardi. Sapazi pi\u00f9 vivibili, accessibili e all&#039;insegna della qualit\u00e0 ambientale - Fondazione Compagnia di San Paolo\" \/>\n<meta property=\"og:description\" content=\"Taglio del nastro per il nuovo viale alberato di corso Siccardi e la nuova piazza Arbarello dopo l\u2019intervento di riqualificazione voluto dalla Citt\u00e0 di Torino, realizzato con il contributo di Fondazione Compagnia di San Paolo e Reale Foundation.\" \/>\n<meta property=\"og:url\" content=\"https:\/\/www.compagniadisanpaolo.it\/it\/comunicati-stampa\/inaugurata-la-nuova-piazza-arbarello-e-il-rinnovato-corso-siccardi-sapazi-piu-vivibili-accessibili-e-allinsegna-della-qualita-ambientale\/\" \/>\n<meta property=\"og:site_name\" content=\"Fondazione Compagnia di San Paolo\" \/>\n<meta property=\"article:publisher\" content=\"https:\/\/www.facebook.com\/CompagniaDiSanPaolo\" \/>\n<meta property=\"article:modified_time\" content=\"2023-03-13T15:41:37+00:00\" \/>\n<meta property=\"og:image\" content=\"https:\/\/www.compagniadisanpaolo.it\/wp-content\/uploads\/Banner-per-articolo-815X494-pixel.jpg\" \/>\n\t<meta property=\"og:image:width\" content=\"815\" \/>\n\t<meta property=\"og:image:height\" content=\"494\" \/>\n\t<meta property=\"og:image:type\" content=\"image\/jpeg\" \/>\n<meta name=\"twitter:card\" content=\"summary_large_image\" \/>\n<meta name=\"twitter:site\" content=\"@CSP_live\" \/>\n<meta name=\"twitter:label1\" content=\"Tempo di lettura stimato\" \/>\n\t<meta name=\"twitter:data1\" content=\"6 minuti\" \/>\n<script type=\"application\/ld+json\" class=\"yoast-schema-graph\">{\"@context\":\"https:\\\/\\\/schema.org\",\"@graph\":[{\"@type\":\"WebPage\",\"@id\":\"https:\\\/\\\/www.compagniadisanpaolo.it\\\/it\\\/comunicati-stampa\\\/inaugurata-la-nuova-piazza-arbarello-e-il-rinnovato-corso-siccardi-sapazi-piu-vivibili-accessibili-e-allinsegna-della-qualita-ambientale\\\/\",\"url\":\"https:\\\/\\\/www.compagniadisanpaolo.it\\\/it\\\/comunicati-stampa\\\/inaugurata-la-nuova-piazza-arbarello-e-il-rinnovato-corso-siccardi-sapazi-piu-vivibili-accessibili-e-allinsegna-della-qualita-ambientale\\\/\",\"name\":\"Inaugurata la nuova piazza Arbarello e il rinnovato corso Siccardi. Sapazi pi\u00f9 vivibili, accessibili e all'insegna della qualit\u00e0 ambientale - Fondazione Compagnia di San Paolo\",\"isPartOf\":{\"@id\":\"https:\\\/\\\/www.compagniadisanpaolo.it\\\/it\\\/#website\"},\"primaryImageOfPage\":{\"@id\":\"https:\\\/\\\/www.compagniadisanpaolo.it\\\/it\\\/comunicati-stampa\\\/inaugurata-la-nuova-piazza-arbarello-e-il-rinnovato-corso-siccardi-sapazi-piu-vivibili-accessibili-e-allinsegna-della-qualita-ambientale\\\/#primaryimage\"},\"image\":{\"@id\":\"https:\\\/\\\/www.compagniadisanpaolo.it\\\/it\\\/comunicati-stampa\\\/inaugurata-la-nuova-piazza-arbarello-e-il-rinnovato-corso-siccardi-sapazi-piu-vivibili-accessibili-e-allinsegna-della-qualita-ambientale\\\/#primaryimage\"},\"thumbnailUrl\":\"https:\\\/\\\/www.compagniadisanpaolo.it\\\/wp-content\\\/uploads\\\/Banner-per-articolo-815X494-pixel.jpg\",\"datePublished\":\"2023-03-03T15:29:07+00:00\",\"dateModified\":\"2023-03-13T15:41:37+00:00\",\"description\":\"Taglio del nastro per il nuovo viale alberato di corso Siccardi e la nuova piazza Arbarello dopo l\u2019intervento di riqualificazione voluto dalla Citt\u00e0 di Torino, realizzato con il contributo di Fondazione Compagnia di San Paolo e Reale Foundation.\",\"breadcrumb\":{\"@id\":\"https:\\\/\\\/www.compagniadisanpaolo.it\\\/it\\\/comunicati-stampa\\\/inaugurata-la-nuova-piazza-arbarello-e-il-rinnovato-corso-siccardi-sapazi-piu-vivibili-accessibili-e-allinsegna-della-qualita-ambientale\\\/#breadcrumb\"},\"inLanguage\":\"it-IT\",\"potentialAction\":[{\"@type\":\"ReadAction\",\"target\":[\"https:\\\/\\\/www.compagniadisanpaolo.it\\\/it\\\/comunicati-stampa\\\/inaugurata-la-nuova-piazza-arbarello-e-il-rinnovato-corso-siccardi-sapazi-piu-vivibili-accessibili-e-allinsegna-della-qualita-ambientale\\\/\"]}]},{\"@type\":\"ImageObject\",\"inLanguage\":\"it-IT\",\"@id\":\"https:\\\/\\\/www.compagniadisanpaolo.it\\\/it\\\/comunicati-stampa\\\/inaugurata-la-nuova-piazza-arbarello-e-il-rinnovato-corso-siccardi-sapazi-piu-vivibili-accessibili-e-allinsegna-della-qualita-ambientale\\\/#primaryimage\",\"url\":\"https:\\\/\\\/www.compagniadisanpaolo.it\\\/wp-content\\\/uploads\\\/Banner-per-articolo-815X494-pixel.jpg\",\"contentUrl\":\"https:\\\/\\\/www.compagniadisanpaolo.it\\\/wp-content\\\/uploads\\\/Banner-per-articolo-815X494-pixel.jpg\",\"width\":815,\"height\":494},{\"@type\":\"BreadcrumbList\",\"@id\":\"https:\\\/\\\/www.compagniadisanpaolo.it\\\/it\\\/comunicati-stampa\\\/inaugurata-la-nuova-piazza-arbarello-e-il-rinnovato-corso-siccardi-sapazi-piu-vivibili-accessibili-e-allinsegna-della-qualita-ambientale\\\/#breadcrumb\",\"itemListElement\":[{\"@type\":\"ListItem\",\"position\":1,\"name\":\"Home\",\"item\":\"https:\\\/\\\/www.compagniadisanpaolo.it\\\/it\\\/\"},{\"@type\":\"ListItem\",\"position\":2,\"name\":\"Inaugurata la nuova piazza Arbarello e il rinnovato corso Siccardi. Sapazi pi\u00f9 vivibili, accessibili e all&#8217;insegna della qualit\u00e0 ambientale\"}]},{\"@type\":\"WebSite\",\"@id\":\"https:\\\/\\\/www.compagniadisanpaolo.it\\\/it\\\/#website\",\"url\":\"https:\\\/\\\/www.compagniadisanpaolo.it\\\/it\\\/\",\"name\":\"Fondazione Compagnia di San Paolo\",\"description\":\"\",\"publisher\":{\"@id\":\"https:\\\/\\\/www.compagniadisanpaolo.it\\\/it\\\/#organization\"},\"potentialAction\":[{\"@type\":\"SearchAction\",\"target\":{\"@type\":\"EntryPoint\",\"urlTemplate\":\"https:\\\/\\\/www.compagniadisanpaolo.it\\\/it\\\/?s={search_term_string}\"},\"query-input\":{\"@type\":\"PropertyValueSpecification\",\"valueRequired\":true,\"valueName\":\"search_term_string\"}}],\"inLanguage\":\"it-IT\"},{\"@type\":\"Organization\",\"@id\":\"https:\\\/\\\/www.compagniadisanpaolo.it\\\/it\\\/#organization\",\"name\":\"Fondazione Compagnia di San Paolo\",\"url\":\"https:\\\/\\\/www.compagniadisanpaolo.it\\\/it\\\/\",\"logo\":{\"@type\":\"ImageObject\",\"inLanguage\":\"it-IT\",\"@id\":\"https:\\\/\\\/www.compagniadisanpaolo.it\\\/it\\\/#\\\/schema\\\/logo\\\/image\\\/\",\"url\":\"https:\\\/\\\/www.compagniadisanpaolo.it\\\/wp-content\\\/uploads\\\/logo.svg\",\"contentUrl\":\"https:\\\/\\\/www.compagniadisanpaolo.it\\\/wp-content\\\/uploads\\\/logo.svg\",\"width\":769,\"height\":323,\"caption\":\"Fondazione Compagnia di San Paolo\"},\"image\":{\"@id\":\"https:\\\/\\\/www.compagniadisanpaolo.it\\\/it\\\/#\\\/schema\\\/logo\\\/image\\\/\"},\"sameAs\":[\"https:\\\/\\\/www.facebook.com\\\/CompagniaDiSanPaolo\",\"https:\\\/\\\/x.com\\\/CSP_live\",\"http:\\\/\\\/instagram.com\\\/compagniadisanpaolo?ref=badge\",\"https:\\\/\\\/www.linkedin.com\\\/company\\\/compagnia-di-san-paolo\",\"https:\\\/\\\/www.youtube.com\\\/user\\\/compagniadisanpaolo\",\"https:\\\/\\\/it.wikipedia.org\\\/wiki\\\/Compagnia_di_San_Paolo\"]}]}<\/script>\n<!-- \/ Yoast SEO plugin. -->","yoast_head_json":{"title":"Inaugurata la nuova piazza Arbarello e il rinnovato corso Siccardi. Sapazi pi\u00f9 vivibili, accessibili e all'insegna della qualit\u00e0 ambientale - Fondazione Compagnia di San Paolo","description":"Taglio del nastro per il nuovo viale alberato di corso Siccardi e la nuova piazza Arbarello dopo l\u2019intervento di riqualificazione voluto dalla Citt\u00e0 di Torino, realizzato con il contributo di Fondazione Compagnia di San Paolo e Reale Foundation.","robots":{"index":"index","follow":"follow","max-snippet":"max-snippet:-1","max-image-preview":"max-image-preview:large","max-video-preview":"max-video-preview:-1"},"canonical":"https:\/\/www.compagniadisanpaolo.it\/it\/comunicati-stampa\/inaugurata-la-nuova-piazza-arbarello-e-il-rinnovato-corso-siccardi-sapazi-piu-vivibili-accessibili-e-allinsegna-della-qualita-ambientale\/","og_locale":"it_IT","og_type":"article","og_title":"Inaugurata la nuova piazza Arbarello e il rinnovato corso Siccardi. Sapazi pi\u00f9 vivibili, accessibili e all'insegna della qualit\u00e0 ambientale - Fondazione Compagnia di San Paolo","og_description":"Taglio del nastro per il nuovo viale alberato di corso Siccardi e la nuova piazza Arbarello dopo l\u2019intervento di riqualificazione voluto dalla Citt\u00e0 di Torino, realizzato con il contributo di Fondazione Compagnia di San Paolo e Reale Foundation.","og_url":"https:\/\/www.compagniadisanpaolo.it\/it\/comunicati-stampa\/inaugurata-la-nuova-piazza-arbarello-e-il-rinnovato-corso-siccardi-sapazi-piu-vivibili-accessibili-e-allinsegna-della-qualita-ambientale\/","og_site_name":"Fondazione Compagnia di San Paolo","article_publisher":"https:\/\/www.facebook.com\/CompagniaDiSanPaolo","article_modified_time":"2023-03-13T15:41:37+00:00","og_image":[{"width":815,"height":494,"url":"https:\/\/www.compagniadisanpaolo.it\/wp-content\/uploads\/Banner-per-articolo-815X494-pixel.jpg","type":"image\/jpeg"}],"twitter_card":"summary_large_image","twitter_site":"@CSP_live","twitter_misc":{"Tempo di lettura stimato":"6 minuti"},"schema":{"@context":"https:\/\/schema.org","@graph":[{"@type":"WebPage","@id":"https:\/\/www.compagniadisanpaolo.it\/it\/comunicati-stampa\/inaugurata-la-nuova-piazza-arbarello-e-il-rinnovato-corso-siccardi-sapazi-piu-vivibili-accessibili-e-allinsegna-della-qualita-ambientale\/","url":"https:\/\/www.compagniadisanpaolo.it\/it\/comunicati-stampa\/inaugurata-la-nuova-piazza-arbarello-e-il-rinnovato-corso-siccardi-sapazi-piu-vivibili-accessibili-e-allinsegna-della-qualita-ambientale\/","name":"Inaugurata la nuova piazza Arbarello e il rinnovato corso Siccardi. Sapazi pi\u00f9 vivibili, accessibili e all'insegna della qualit\u00e0 ambientale - Fondazione Compagnia di San Paolo","isPartOf":{"@id":"https:\/\/www.compagniadisanpaolo.it\/it\/#website"},"primaryImageOfPage":{"@id":"https:\/\/www.compagniadisanpaolo.it\/it\/comunicati-stampa\/inaugurata-la-nuova-piazza-arbarello-e-il-rinnovato-corso-siccardi-sapazi-piu-vivibili-accessibili-e-allinsegna-della-qualita-ambientale\/#primaryimage"},"image":{"@id":"https:\/\/www.compagniadisanpaolo.it\/it\/comunicati-stampa\/inaugurata-la-nuova-piazza-arbarello-e-il-rinnovato-corso-siccardi-sapazi-piu-vivibili-accessibili-e-allinsegna-della-qualita-ambientale\/#primaryimage"},"thumbnailUrl":"https:\/\/www.compagniadisanpaolo.it\/wp-content\/uploads\/Banner-per-articolo-815X494-pixel.jpg","datePublished":"2023-03-03T15:29:07+00:00","dateModified":"2023-03-13T15:41:37+00:00","description":"Taglio del nastro per il nuovo viale alberato di corso Siccardi e la nuova piazza Arbarello dopo l\u2019intervento di riqualificazione voluto dalla Citt\u00e0 di Torino, realizzato con il contributo di Fondazione Compagnia di San Paolo e Reale Foundation.","breadcrumb":{"@id":"https:\/\/www.compagniadisanpaolo.it\/it\/comunicati-stampa\/inaugurata-la-nuova-piazza-arbarello-e-il-rinnovato-corso-siccardi-sapazi-piu-vivibili-accessibili-e-allinsegna-della-qualita-ambientale\/#breadcrumb"},"inLanguage":"it-IT","potentialAction":[{"@type":"ReadAction","target":["https:\/\/www.compagniadisanpaolo.it\/it\/comunicati-stampa\/inaugurata-la-nuova-piazza-arbarello-e-il-rinnovato-corso-siccardi-sapazi-piu-vivibili-accessibili-e-allinsegna-della-qualita-ambientale\/"]}]},{"@type":"ImageObject","inLanguage":"it-IT","@id":"https:\/\/www.compagniadisanpaolo.it\/it\/comunicati-stampa\/inaugurata-la-nuova-piazza-arbarello-e-il-rinnovato-corso-siccardi-sapazi-piu-vivibili-accessibili-e-allinsegna-della-qualita-ambientale\/#primaryimage","url":"https:\/\/www.compagniadisanpaolo.it\/wp-content\/uploads\/Banner-per-articolo-815X494-pixel.jpg","contentUrl":"https:\/\/www.compagniadisanpaolo.it\/wp-content\/uploads\/Banner-per-articolo-815X494-pixel.jpg","width":815,"height":494},{"@type":"BreadcrumbList","@id":"https:\/\/www.compagniadisanpaolo.it\/it\/comunicati-stampa\/inaugurata-la-nuova-piazza-arbarello-e-il-rinnovato-corso-siccardi-sapazi-piu-vivibili-accessibili-e-allinsegna-della-qualita-ambientale\/#breadcrumb","itemListElement":[{"@type":"ListItem","position":1,"name":"Home","item":"https:\/\/www.compagniadisanpaolo.it\/it\/"},{"@type":"ListItem","position":2,"name":"Inaugurata la nuova piazza Arbarello e il rinnovato corso Siccardi. Sapazi pi\u00f9 vivibili, accessibili e all&#8217;insegna della qualit\u00e0 ambientale"}]},{"@type":"WebSite","@id":"https:\/\/www.compagniadisanpaolo.it\/it\/#website","url":"https:\/\/www.compagniadisanpaolo.it\/it\/","name":"Fondazione Compagnia di San Paolo","description":"","publisher":{"@id":"https:\/\/www.compagniadisanpaolo.it\/it\/#organization"},"potentialAction":[{"@type":"SearchAction","target":{"@type":"EntryPoint","urlTemplate":"https:\/\/www.compagniadisanpaolo.it\/it\/?s={search_term_string}"},"query-input":{"@type":"PropertyValueSpecification","valueRequired":true,"valueName":"search_term_string"}}],"inLanguage":"it-IT"},{"@type":"Organization","@id":"https:\/\/www.compagniadisanpaolo.it\/it\/#organization","name":"Fondazione Compagnia di San Paolo","url":"https:\/\/www.compagniadisanpaolo.it\/it\/","logo":{"@type":"ImageObject","inLanguage":"it-IT","@id":"https:\/\/www.compagniadisanpaolo.it\/it\/#\/schema\/logo\/image\/","url":"https:\/\/www.compagniadisanpaolo.it\/wp-content\/uploads\/logo.svg","contentUrl":"https:\/\/www.compagniadisanpaolo.it\/wp-content\/uploads\/logo.svg","width":769,"height":323,"caption":"Fondazione Compagnia di San Paolo"},"image":{"@id":"https:\/\/www.compagniadisanpaolo.it\/it\/#\/schema\/logo\/image\/"},"sameAs":["https:\/\/www.facebook.com\/CompagniaDiSanPaolo","https:\/\/x.com\/CSP_live","http:\/\/instagram.com\/compagniadisanpaolo?ref=badge","https:\/\/www.linkedin.com\/company\/compagnia-di-san-paolo","https:\/\/www.youtube.com\/user\/compagniadisanpaolo","https:\/\/it.wikipedia.org\/wiki\/Compagnia_di_San_Paolo"]}]}},"amp_enabled":true,"_links":{"self":[{"href":"https:\/\/www.compagniadisanpaolo.it\/it\/wp-json\/wp\/v2\/comunicatistampa\/21671","targetHints":{"allow":["GET"]}}],"collection":[{"href":"https:\/\/www.compagniadisanpaolo.it\/it\/wp-json\/wp\/v2\/comunicatistampa"}],"about":[{"href":"https:\/\/www.compagniadisanpaolo.it\/it\/wp-json\/wp\/v2\/types\/comunicatistampa"}],"wp:featuredmedia":[{"embeddable":true,"href":"https:\/\/www.compagniadisanpaolo.it\/it\/wp-json\/wp\/v2\/media\/21546"}],"wp:attachment":[{"href":"https:\/\/www.compagniadisanpaolo.it\/it\/wp-json\/wp\/v2\/media?parent=21671"}],"wp:term":[{"taxonomy":"post_tag","embeddable":true,"href":"https:\/\/www.compagniadisanpaolo.it\/it\/wp-json\/wp\/v2\/tags?post=21671"}],"curies":[{"name":"wp","href":"https:\/\/api.w.org\/{rel}","templated":true}]}}