{"id":19540,"date":"2022-09-19T14:12:22","date_gmt":"2022-09-19T12:12:22","guid":{"rendered":"https:\/\/www.compagniadisanpaolo.it\/?post_type=comunicatistampa&#038;p=19540"},"modified":"2022-09-19T14:17:46","modified_gmt":"2022-09-19T12:17:46","slug":"la-fondazione-compagnia-di-san-paolo-per-terra-madre-2022","status":"publish","type":"comunicatistampa","link":"https:\/\/www.compagniadisanpaolo.it\/it\/comunicati-stampa\/la-fondazione-compagnia-di-san-paolo-per-terra-madre-2022\/","title":{"rendered":"La Fondazione Compagnia di San Paolo per Terra Madre 2022"},"content":{"rendered":"<div class=\"wpb-content-wrapper\">[vc_row disable_element=&#8221;yes&#8221;][vc_column][vc_column_text el_class=&#8221;text-headline2&#8243;]\u201cQualunque cosa tu voglia fare, o sognare di fare, incominciala. Incominciala adesso. L\u2019audacia ha in s\u00e9 genio, potere e magia\u201d. (Johann Wolfgang von Goethe)[\/vc_column_text][\/vc_column][\/vc_row][vc_row][vc_column][vc_column_text]\n<div class=\"info-box mission\">\n\t\t<div class=\"info-box-wrap info-box-hor row pb-0\">\n\n\t\t      \n\t\t      <div class=\"spalla col-12 col-md-12\">\n\t\t\t<div class=\"info-box sharing-box\">\n\t\t\t  <span class=\"label\">Condividi:<\/span>\n\t\t\t  <div class=\"social-sharing\">\n\t\t\t    <span class=\"box\">\n\t\t\t      <a class=\"fb\" href=\"https:\/\/www.facebook.com\/sharer.php?u=https:\/\/www.compagniadisanpaolo.it\/it\/comunicati-stampa\/la-fondazione-compagnia-di-san-paolo-per-terra-madre-2022\/\" target=\"_blank\">\n\t\t\t\t<span class=\"sr-only\">Facebook<\/span>\n\t\t\t\t<i class=\"fab fa-facebook-f\"><\/i>\n\t\t\t      <\/a>\n\t\t\t    <\/span>\n\t\t\t    \n\t\t\t    <style>\n.twitter, .twitter:hover{\ncolor:#000000 !important;}\n<\/style>\n\n\n\t\t\t    <span class=\"box\">\n\t\t\t      <a class=\"twitter\" href=\"https:\/\/twitter.com\/intent\/tweet?url=https:\/\/www.compagniadisanpaolo.it\/it\/comunicati-stampa\/la-fondazione-compagnia-di-san-paolo-per-terra-madre-2022\/\">\n\t\t\t\t<span class=\"sr-only\">Twitter<\/span>\n\t\t\t\t<i class=\"fa-brands fa-x-twitter\"><\/i>\n\t\t\t      <\/a>\n\t\t\t    <\/span>\n\n\t\t\t    \n\t\t\t    <span class=\"box\">\n\t\t\t      <a class=\"linkedin\" href=\"https:\/\/www.linkedin.com\/shareArticle?mini=true&url=https:\/\/www.compagniadisanpaolo.it\/it\/comunicati-stampa\/la-fondazione-compagnia-di-san-paolo-per-terra-madre-2022\/\">\n\t\t\t\t<span class=\"sr-only\">Linkedin<\/span>\n\t\t\t\t  <i class=\"fa-brands fa-linkedin-in\"><\/i>\n\t\t\t      <\/a>\n\t\t\t    <\/span>\n\n\t\t\t    <span class=\"box\">\n\t\t\t      <a class=\"whatsapp\" href=\"whatsapp:\/\/send?text=https:\/\/www.compagniadisanpaolo.it\/it\/comunicati-stampa\/la-fondazione-compagnia-di-san-paolo-per-terra-madre-2022\/\" data-action=\"share\/whatsapp\/share\">\n\t\t\t\t<span class=\"sr-only\">Whatsapp<\/span>\n\t\t\t\t<i class=\"fa-brands fa-whatsapp\"><\/i>\n\t\t\t      <\/a>\n\t\t\t    <\/span>\n\n\t\t\t    <span class=\"box\">\n\t\t\t      <a class=\"mail\" href=\"mailto:?subject=La Fondazione Compagnia di San Paolo per Terra Madre 2022&body=https:\/\/www.compagniadisanpaolo.it\/it\/comunicati-stampa\/la-fondazione-compagnia-di-san-paolo-per-terra-madre-2022\/\">\n\t\t\t\t<span class=\"sr-only\">Mail<\/span>\n\t\t\t\t <i class=\"fa-solid fa-envelope\"><\/i>\n\t\t\t      <\/a>\n\t\t\t    <\/span>\n\t\t\t    \n\t\t\t  <\/div>\n\t\t\t<\/div>\n\t      <\/div>\n\t    <\/div><\/div>\n[\/vc_column_text][\/vc_column][\/vc_row][vc_row][vc_column width=&#8221;1\/4&#8243;][vc_column_text]\n\n\n\t\t<div class=\"info-box-wrap\">\n\n\t  <div class=\"info-box date-pub\">\n\t  \t<span class=\"label\">Data di pubblicazione:<\/span>\n\t    <span class=\"value\">19 Settembre 2022<\/span>\n\t  <\/div>\n\t\t\t\t  <div class=\"info-box obj-people\">\n\t\t\t\t\t  <div class=\"info-box obj\"><span class=\"label\">Obiettivo<\/span>\n\t\t\t\t\t    <div class=\"obj-small-box\">\n\t\t\t\t\t      <span>Persone.<\/span>\n\t\t\t\t\t    <\/div>\n\t\t\t\t\t  <\/div>\n\t\t\t\t  <\/div>\n\t\t\t  <div class=\"info-box mission\"><span class=\"label\">Tag<\/span><a href=\"https:\/\/www.compagniadisanpaolo.it\/it\/tags\/risultati\/?_sft_post_tag=biodiversita\" class=\"tag-element\">Biodiversit\u00e0<\/a><a href=\"https:\/\/www.compagniadisanpaolo.it\/it\/tags\/risultati\/?_sft_post_tag=capitale-naturale\" class=\"tag-element\">Capitale naturale<\/a><a href=\"https:\/\/www.compagniadisanpaolo.it\/it\/tags\/risultati\/?_sft_post_tag=dinamiche-internazionali\" class=\"tag-element\">Dinamiche internazionali<\/a><a href=\"https:\/\/www.compagniadisanpaolo.it\/it\/tags\/risultati\/?_sft_post_tag=oltre-lerogazione\" class=\"tag-element\">Oltre l'erogazione<\/a><a href=\"https:\/\/www.compagniadisanpaolo.it\/it\/tags\/risultati\/?_sft_post_tag=partnership-con-enti-istituzionali\" class=\"tag-element\">Partnership con enti istituzionali<\/a><a href=\"https:\/\/www.compagniadisanpaolo.it\/it\/tags\/risultati\/?_sft_post_tag=sani-stili-di-vita\" class=\"tag-element\">Sani stili di vita<\/a><a href=\"https:\/\/www.compagniadisanpaolo.it\/it\/tags\/risultati\/?_sft_post_tag=sustainable-food-system\" class=\"tag-element\">Sustainable food system<\/a><a href=\"https:\/\/www.compagniadisanpaolo.it\/it\/tags\/risultati\/?_sft_post_tag=sviluppo-sostenibile\" class=\"tag-element\">Sviluppo sostenibile<\/a><\/div>\t  \n\t<\/div>\n[\/vc_column_text][\/vc_column][vc_column width=&#8221;3\/4&#8243; el_class=&#8221;page-content&#8221;][vc_column_text el_class=&#8221;text&#8221;]La Fondazione Compagnia di San Paolo rinnova la propria partecipazione a Terra Madre Salone del Gusto. La collaborazione con Slow Food e Terra Madre \u00e8 una realt\u00e0 consolidata che affonda le radici nella condivisione di principi fondamentali in cui la Compagnia crede profondamente e che si riflettono sugli appuntamenti che vedono la Fondazione direttamente coinvolta:<\/p>\n<ul>\n<li>la promozione della sovranit\u00e0 alimentare per tutti<\/li>\n<li>la salvaguardia dell\u2019ambiente, un tema prioritario per immaginare un futuro possibile<\/li>\n<li>il sostegno alla dimensione della prossimit\u00e0, per migliorare la qualit\u00e0 della vita delle nostre comunit\u00e0 e renderle pi\u00f9 inclusive e solidali<\/li>\n<li>il riconoscimento del ruolo decisivo che organizzazioni di persone con background migratorio possono avere anche in riferimento alla costruzione di sistemi locali sostenibili del cibo.<\/li>\n<\/ul>\n<p>Il coinvolgimento delle nuove generazioni nella costruzione di un futuro pi\u00f9 verde, pi\u00f9 inclusivo e pi\u00f9 sostenibile \u00e8 fondamentale. La Compagnia di San Paolo investe da tempo affinch\u00e9 ai giovani vengano garantiti voce e reali possibilit\u00e0 di influenzare le scelte della societ\u00e0 in cui viviamo. Da questa consapevolezza \u00e8 nato lo <strong>Young Advisory Board<\/strong>: un gruppo di giovani selezionati per offrire indicazioni alla governance della Fondazione rispetto alle sue strategie pluriennali.<\/p>\n<p>In linea con questo contesto nell\u2019ambito della manifestazione sono stati organizzati due appuntamenti:<\/p>\n<p><strong>Domenica 25 settembre dalle 14.30 alle 16.30<\/strong><br \/>\n<strong>Tavole Allegre \u2013 la convivialit\u00e0 per rafforzare reti sociali fragili<\/strong><\/p>\n<p>Creare occasioni di incontro e conoscenza, scambio e solidariet\u00e0, ricostruire reti sociali e rapporti di prossimit\u00e0 nella vita quotidiana, in modo naturale, semplice e coinvolgente attraverso pranzi di vicinato, incontri di comunit\u00e0, scambi online: questo \u00e8 stato Tavole Allegre, il progetto realizzato a Torino dalla Fondazione Compagnia di San Paolo in collaborazione con la Fondazione Ufficio Pio e Slow Food Italia.<\/p>\n<p>In questo incontro sar\u00e0 possibile approfondire il percorso ascoltando le diverse voci di chi vi ha partecipato.<\/p>\n<p>L\u2019incontro si svolge in due momenti:<\/p>\n<ul>\n<li>nella prima parte vengono raccontati il percorso e i suoi esiti<br \/>\nIntervengono:<br \/>\n<strong>Barbara Nappini<\/strong> \u2013 presidente Slow Food Italia<br \/>\n<strong>Marzia Sica<\/strong> \u2013 responsabile Obiettivo Persone Fondazione Compagnia di San Paolo.<br \/>\n<strong>Silvia Cordero<\/strong> \u2013 direttrice Fondazione Ufficio Pio<br \/>\n<strong>Samuele Poy<\/strong> \u2013 ricercatore Universit\u00e0 Piemonte Orientale<\/li>\n<\/ul>\n<ul>\n<li>nella seconda \u2013 in forma laboratoriale \u2013 \u00e8 possibile approfondire gli aspetti metodologici, ascoltando le diverse voci di chi ha partecipato: operatori, volontari, ristoratori.<\/li>\n<\/ul>\n<p>Per partecipare, alla seconda parte, \u00e8 necessario iscriversi tramite il seguente link:<\/p>\n<p><strong>Domenica 25 settembre dalle 16:30 alle 17:30 &#8211; Arena Gino Strada<\/strong><br \/>\n<strong>Le cose che abbiamo da dirci: dialogo tra generazioni sul futuro del cibo<\/strong><\/p>\n<p>Il dialogo tra generazioni \u00e8 necessario. In questo incontro giovani rappresentanti dello <strong>Slow Food Youth Network<\/strong> e dello <strong>Young Advisory Board<\/strong> della Compagnia di San Paolo dialogano con <strong>Francesco Profumo<\/strong>, presidente della Fondazione Compagnia di San Paolo, e <strong>Carlo Petrini<\/strong>, fondatore del movimento Slow Food. Sul tavolo le questioni pi\u00f9 importanti legate al sistema alimentare: lo spreco, la sovranit\u00e0 alimentare, il ruolo dei giovani nella creazione di un modello pi\u00f9 sostenibile.<\/p>\n<p>La Compagnia parteciper\u00e0 inoltre ad alcuni appuntamenti riguardanti i temi dello sviluppo sostenibile, in particolare relativi all\u2019agroecologia e all\u2019economia circolare, presentando la sua esperienza nell\u2019ambito dei progetti JAFOWA e Innovazione per lo Sviluppo, realizzati in collaborazione con altre fondazioni.[\/vc_column_text][\/vc_column][\/vc_row][vc_row el_class=&#8221;sdg-list-wrap&#8221;][vc_column][vc_raw_html]JTVCbW9zdHJhU0RHUyU1RA==[\/vc_raw_html][\/vc_column][\/vc_row][vc_row el_class=&#8221;sdg-list-wrap&#8221;][vc_column][vc_raw_html]JTVCU2V6aW9uZV9Eb2N1bWVudGklNUQ=[\/vc_raw_html][\/vc_column][\/vc_row][vc_row][vc_column]<div class=\"templatera_shortcode\"><div data-vc-full-width=\"true\" data-vc-full-width-temp=\"true\" data-vc-full-width-init=\"false\" class=\"vc_row wpb_row vc_row-fluid newsletter-wrap\"><div class=\"wpb_column vc_column_container vc_col-sm-12\"><div class=\"vc_column-inner\"><div class=\"wpb_wrapper\">\n\t<div class=\"wpb_raw_code wpb_raw_html wpb_content_element\" >\n\t\t<div class=\"wpb_wrapper\">\n\t\t\t    <div class=\"container\">\n      <div class=\"row align-items-center\">\n\t<div class=\"col-12 col-lg-6 col-xl-5 mb-3 mb-lg-0 pr-0\">\n\t  <h2 class=\"title\">Rimani aggiornato sui nostri bandi e sui nostri progetti<\/h2>\n\t<\/div>\n\t<div class=\"col-12 col-lg-6 col-xl-7 pl-xl-4\">\n\t  <a class=\"standard-link-block\" href=\"\/it\/newsletter\/\">\n\t    Compila il form e decidi su quale argomento vuoi ricevere notizie.\t    <strong>\u00a0 ISCRIVITI!<\/strong>\n\t  <\/a>\n\t<\/div>\n      <\/div>\n    <\/div>\n\t\t<\/div>\n\t<\/div>\n<\/div><\/div><\/div><\/div><div class=\"vc_row-full-width vc_clearfix\"><\/div><\/div>[\/vc_column][\/vc_row]\n<\/div>","protected":false},"excerpt":{"rendered":"Condividi: Facebook Twitter Linkedin Whatsapp Mail Data di pubblicazione: 19 Settembre 2022 Obiettivo Persone. TagBiodiversit\u00e0Capitale naturaleDinamiche internazionaliOltre l'erogazionePartnership con enti istituzionaliSani stili di vitaSustainable food systemSviluppo sostenibile La Fondazione Compagnia di San Paolo rinnova la propria partecipazione a Terra Madre Salone del Gusto. La collaborazione con Slow Food e Terra Madre \u00e8 una realt\u00e0 consolidata che affonda le radici nella condivisione di principi fondamentali in cui la Compagnia crede profondamente e che si riflettono sugli appuntamenti che vedono la Fondazione direttamente coinvolta: la promozione della sovranit\u00e0 alimentare per tutti la salvaguardia dell\u2019ambiente, un tema prioritario per immaginare un futuro possibile il sostegno alla dimensione della prossimit\u00e0, per migliorare la qualit\u00e0 della vita delle nostre comunit\u00e0 e renderle pi\u00f9 inclusive e solidali il riconoscimento del ruolo decisivo che organizzazioni di persone con background migratorio possono avere anche in riferimento alla costruzione di sistemi locali sostenibili del cibo. Il coinvolgimento delle nuove generazioni nella costruzione di un futuro pi\u00f9 verde, pi\u00f9 inclusivo e pi\u00f9 sostenibile \u00e8 fondamentale. La Compagnia di San Paolo investe da tempo affinch\u00e9 ai giovani vengano garantiti voce e reali possibilit\u00e0 di influenzare le scelte della societ\u00e0 in cui viviamo. Da questa consapevolezza \u00e8 nato lo Young Advisory Board: un gruppo di giovani selezionati per offrire indicazioni alla governance della Fondazione rispetto alle sue strategie pluriennali. In linea con questo contesto nell\u2019ambito della manifestazione sono stati organizzati due appuntamenti: Domenica 25 settembre dalle 14.30 alle 16.30 Tavole Allegre \u2013 la convivialit\u00e0 per rafforzare reti sociali fragili Creare occasioni di incontro e conoscenza, scambio e solidariet\u00e0, ricostruire reti sociali e rapporti di prossimit\u00e0 nella vita quotidiana, in modo naturale, semplice e coinvolgente attraverso pranzi di vicinato, incontri di comunit\u00e0, scambi online: questo \u00e8 stato Tavole Allegre, il progetto realizzato a Torino dalla Fondazione Compagnia di San Paolo in collaborazione con la Fondazione Ufficio Pio e Slow Food Italia. In questo incontro sar\u00e0 possibile approfondire il percorso ascoltando le diverse voci di chi vi ha partecipato. L\u2019incontro si svolge in due momenti: nella prima parte vengono raccontati il percorso e i suoi esiti Intervengono: Barbara Nappini \u2013 presidente Slow Food Italia Marzia Sica \u2013 responsabile Obiettivo Persone Fondazione Compagnia di San Paolo. Silvia Cordero \u2013 direttrice Fondazione Ufficio Pio Samuele Poy \u2013 ricercatore Universit\u00e0 Piemonte Orientale nella seconda \u2013 in forma laboratoriale \u2013 \u00e8 possibile approfondire gli aspetti metodologici, ascoltando le diverse voci di chi ha partecipato: operatori, volontari, ristoratori. Per partecipare, alla seconda parte, \u00e8 necessario iscriversi tramite il seguente link: Domenica 25 settembre dalle 16:30 alle 17:30 - Arena Gino Strada Le cose che abbiamo da dirci: dialogo tra generazioni sul futuro del cibo Il dialogo tra generazioni \u00e8 necessario. In questo incontro giovani rappresentanti dello Slow Food Youth Network e dello Young Advisory Board della Compagnia di San Paolo dialogano con Francesco Profumo, presidente della Fondazione Compagnia di San Paolo, e Carlo Petrini, fondatore del movimento Slow Food. Sul tavolo le questioni pi\u00f9 importanti legate al sistema alimentare: lo spreco, la sovranit\u00e0 alimentare, il ruolo dei giovani nella creazione di un modello pi\u00f9 sostenibile. La Compagnia parteciper\u00e0 inoltre ad alcuni appuntamenti riguardanti i temi dello sviluppo sostenibile, in particolare relativi all\u2019agroecologia e all\u2019economia circolare, presentando la sua esperienza nell\u2019ambito dei progetti JAFOWA e Innovazione per lo Sviluppo, realizzati in collaborazione con altre fondazioni. Questa iniziativa contribuisce al raggiungimento dei seguenti Obiettivi di Sviluppo Sostenibile Documenti di riferimento La Fondazione Compagnia di San Paolo per Terra Madre 2022 - Comunicato stampa Scarica il documento Rimani aggiornato sui nostri bandi e sui nostri progetti Compila il form e decidi su quale argomento vuoi ricevere notizie. \u00a0 ISCRIVITI!","protected":false},"featured_media":19542,"menu_order":0,"template":"","meta":{"_acf_changed":false,"content-type":""},"tags":[99,100,96,69,62,82,73,68],"class_list":["post-19540","comunicatistampa","type-comunicatistampa","status-publish","has-post-thumbnail","hentry","tag-biodiversita","tag-capitale-naturale","tag-dinamiche-internazionali","tag-oltre-lerogazione","tag-partnership-con-enti-istituzionali","tag-sani-stili-di-vita","tag-sustainable-food-system","tag-sviluppo-sostenibile","entry","post-inner"],"acf":[],"yoast_head":"<!-- This site is optimized with the Yoast SEO plugin v27.3 - https:\/\/yoast.com\/product\/yoast-seo-wordpress\/ -->\n<title>La Fondazione Compagnia di San Paolo per Terra Madre 2022 - Fondazione Compagnia di San Paolo<\/title>\n<meta name=\"description\" content=\"La Fondazione Compagnia di San Paolo rinnova la propria partecipazione a Terra Madre Salone del Gusto. La collaborazione con Slow Food e Terra Madre \u00e8 una realt\u00e0 consolidata che affonda le radici nella condivisione di principi fondamentali in cui la Compagnia crede profondamente\" \/>\n<meta name=\"robots\" content=\"index, follow, max-snippet:-1, max-image-preview:large, max-video-preview:-1\" \/>\n<link rel=\"canonical\" href=\"https:\/\/www.compagniadisanpaolo.it\/it\/comunicati-stampa\/la-fondazione-compagnia-di-san-paolo-per-terra-madre-2022\/\" \/>\n<meta property=\"og:locale\" content=\"it_IT\" \/>\n<meta property=\"og:type\" content=\"article\" \/>\n<meta property=\"og:title\" content=\"La Fondazione Compagnia di San Paolo per Terra Madre 2022 - Fondazione Compagnia di San Paolo\" \/>\n<meta property=\"og:description\" content=\"La Fondazione Compagnia di San Paolo rinnova la propria partecipazione a Terra Madre Salone del Gusto. La collaborazione con Slow Food e Terra Madre \u00e8 una realt\u00e0 consolidata che affonda le radici nella condivisione di principi fondamentali in cui la Compagnia crede profondamente\" \/>\n<meta property=\"og:url\" content=\"https:\/\/www.compagniadisanpaolo.it\/it\/comunicati-stampa\/la-fondazione-compagnia-di-san-paolo-per-terra-madre-2022\/\" \/>\n<meta property=\"og:site_name\" content=\"Fondazione Compagnia di San Paolo\" \/>\n<meta property=\"article:publisher\" content=\"https:\/\/www.facebook.com\/CompagniaDiSanPaolo\" \/>\n<meta property=\"article:modified_time\" content=\"2022-09-19T12:17:46+00:00\" \/>\n<meta property=\"og:image\" content=\"https:\/\/www.compagniadisanpaolo.it\/wp-content\/uploads\/terra-madre-22-head.png\" \/>\n\t<meta property=\"og:image:width\" content=\"815\" \/>\n\t<meta property=\"og:image:height\" content=\"350\" \/>\n\t<meta property=\"og:image:type\" content=\"image\/png\" \/>\n<meta name=\"twitter:card\" content=\"summary_large_image\" \/>\n<meta name=\"twitter:site\" content=\"@CSP_live\" \/>\n<meta name=\"twitter:label1\" content=\"Tempo di lettura stimato\" \/>\n\t<meta name=\"twitter:data1\" content=\"3 minuti\" \/>\n<script type=\"application\/ld+json\" class=\"yoast-schema-graph\">{\"@context\":\"https:\\\/\\\/schema.org\",\"@graph\":[{\"@type\":\"WebPage\",\"@id\":\"https:\\\/\\\/www.compagniadisanpaolo.it\\\/it\\\/comunicati-stampa\\\/la-fondazione-compagnia-di-san-paolo-per-terra-madre-2022\\\/\",\"url\":\"https:\\\/\\\/www.compagniadisanpaolo.it\\\/it\\\/comunicati-stampa\\\/la-fondazione-compagnia-di-san-paolo-per-terra-madre-2022\\\/\",\"name\":\"La Fondazione Compagnia di San Paolo per Terra Madre 2022 - Fondazione Compagnia di San Paolo\",\"isPartOf\":{\"@id\":\"https:\\\/\\\/www.compagniadisanpaolo.it\\\/it\\\/#website\"},\"primaryImageOfPage\":{\"@id\":\"https:\\\/\\\/www.compagniadisanpaolo.it\\\/it\\\/comunicati-stampa\\\/la-fondazione-compagnia-di-san-paolo-per-terra-madre-2022\\\/#primaryimage\"},\"image\":{\"@id\":\"https:\\\/\\\/www.compagniadisanpaolo.it\\\/it\\\/comunicati-stampa\\\/la-fondazione-compagnia-di-san-paolo-per-terra-madre-2022\\\/#primaryimage\"},\"thumbnailUrl\":\"https:\\\/\\\/www.compagniadisanpaolo.it\\\/wp-content\\\/uploads\\\/terra-madre-22-head.png\",\"datePublished\":\"2022-09-19T12:12:22+00:00\",\"dateModified\":\"2022-09-19T12:17:46+00:00\",\"description\":\"La Fondazione Compagnia di San Paolo rinnova la propria partecipazione a Terra Madre Salone del Gusto. La collaborazione con Slow Food e Terra Madre \u00e8 una realt\u00e0 consolidata che affonda le radici nella condivisione di principi fondamentali in cui la Compagnia crede profondamente\",\"breadcrumb\":{\"@id\":\"https:\\\/\\\/www.compagniadisanpaolo.it\\\/it\\\/comunicati-stampa\\\/la-fondazione-compagnia-di-san-paolo-per-terra-madre-2022\\\/#breadcrumb\"},\"inLanguage\":\"it-IT\",\"potentialAction\":[{\"@type\":\"ReadAction\",\"target\":[\"https:\\\/\\\/www.compagniadisanpaolo.it\\\/it\\\/comunicati-stampa\\\/la-fondazione-compagnia-di-san-paolo-per-terra-madre-2022\\\/\"]}]},{\"@type\":\"ImageObject\",\"inLanguage\":\"it-IT\",\"@id\":\"https:\\\/\\\/www.compagniadisanpaolo.it\\\/it\\\/comunicati-stampa\\\/la-fondazione-compagnia-di-san-paolo-per-terra-madre-2022\\\/#primaryimage\",\"url\":\"https:\\\/\\\/www.compagniadisanpaolo.it\\\/wp-content\\\/uploads\\\/terra-madre-22-head.png\",\"contentUrl\":\"https:\\\/\\\/www.compagniadisanpaolo.it\\\/wp-content\\\/uploads\\\/terra-madre-22-head.png\",\"width\":815,\"height\":350},{\"@type\":\"BreadcrumbList\",\"@id\":\"https:\\\/\\\/www.compagniadisanpaolo.it\\\/it\\\/comunicati-stampa\\\/la-fondazione-compagnia-di-san-paolo-per-terra-madre-2022\\\/#breadcrumb\",\"itemListElement\":[{\"@type\":\"ListItem\",\"position\":1,\"name\":\"Home\",\"item\":\"https:\\\/\\\/www.compagniadisanpaolo.it\\\/it\\\/\"},{\"@type\":\"ListItem\",\"position\":2,\"name\":\"La Fondazione Compagnia di San Paolo per Terra Madre 2022\"}]},{\"@type\":\"WebSite\",\"@id\":\"https:\\\/\\\/www.compagniadisanpaolo.it\\\/it\\\/#website\",\"url\":\"https:\\\/\\\/www.compagniadisanpaolo.it\\\/it\\\/\",\"name\":\"Fondazione Compagnia di San Paolo\",\"description\":\"\",\"publisher\":{\"@id\":\"https:\\\/\\\/www.compagniadisanpaolo.it\\\/it\\\/#organization\"},\"potentialAction\":[{\"@type\":\"SearchAction\",\"target\":{\"@type\":\"EntryPoint\",\"urlTemplate\":\"https:\\\/\\\/www.compagniadisanpaolo.it\\\/it\\\/?s={search_term_string}\"},\"query-input\":{\"@type\":\"PropertyValueSpecification\",\"valueRequired\":true,\"valueName\":\"search_term_string\"}}],\"inLanguage\":\"it-IT\"},{\"@type\":\"Organization\",\"@id\":\"https:\\\/\\\/www.compagniadisanpaolo.it\\\/it\\\/#organization\",\"name\":\"Fondazione Compagnia di San Paolo\",\"url\":\"https:\\\/\\\/www.compagniadisanpaolo.it\\\/it\\\/\",\"logo\":{\"@type\":\"ImageObject\",\"inLanguage\":\"it-IT\",\"@id\":\"https:\\\/\\\/www.compagniadisanpaolo.it\\\/it\\\/#\\\/schema\\\/logo\\\/image\\\/\",\"url\":\"https:\\\/\\\/www.compagniadisanpaolo.it\\\/wp-content\\\/uploads\\\/logo.svg\",\"contentUrl\":\"https:\\\/\\\/www.compagniadisanpaolo.it\\\/wp-content\\\/uploads\\\/logo.svg\",\"width\":769,\"height\":323,\"caption\":\"Fondazione Compagnia di San Paolo\"},\"image\":{\"@id\":\"https:\\\/\\\/www.compagniadisanpaolo.it\\\/it\\\/#\\\/schema\\\/logo\\\/image\\\/\"},\"sameAs\":[\"https:\\\/\\\/www.facebook.com\\\/CompagniaDiSanPaolo\",\"https:\\\/\\\/x.com\\\/CSP_live\",\"http:\\\/\\\/instagram.com\\\/compagniadisanpaolo?ref=badge\",\"https:\\\/\\\/www.linkedin.com\\\/company\\\/compagnia-di-san-paolo\",\"https:\\\/\\\/www.youtube.com\\\/user\\\/compagniadisanpaolo\",\"https:\\\/\\\/it.wikipedia.org\\\/wiki\\\/Compagnia_di_San_Paolo\"]}]}<\/script>\n<!-- \/ Yoast SEO plugin. -->","yoast_head_json":{"title":"La Fondazione Compagnia di San Paolo per Terra Madre 2022 - Fondazione Compagnia di San Paolo","description":"La Fondazione Compagnia di San Paolo rinnova la propria partecipazione a Terra Madre Salone del Gusto. La collaborazione con Slow Food e Terra Madre \u00e8 una realt\u00e0 consolidata che affonda le radici nella condivisione di principi fondamentali in cui la Compagnia crede profondamente","robots":{"index":"index","follow":"follow","max-snippet":"max-snippet:-1","max-image-preview":"max-image-preview:large","max-video-preview":"max-video-preview:-1"},"canonical":"https:\/\/www.compagniadisanpaolo.it\/it\/comunicati-stampa\/la-fondazione-compagnia-di-san-paolo-per-terra-madre-2022\/","og_locale":"it_IT","og_type":"article","og_title":"La Fondazione Compagnia di San Paolo per Terra Madre 2022 - Fondazione Compagnia di San Paolo","og_description":"La Fondazione Compagnia di San Paolo rinnova la propria partecipazione a Terra Madre Salone del Gusto. La collaborazione con Slow Food e Terra Madre \u00e8 una realt\u00e0 consolidata che affonda le radici nella condivisione di principi fondamentali in cui la Compagnia crede profondamente","og_url":"https:\/\/www.compagniadisanpaolo.it\/it\/comunicati-stampa\/la-fondazione-compagnia-di-san-paolo-per-terra-madre-2022\/","og_site_name":"Fondazione Compagnia di San Paolo","article_publisher":"https:\/\/www.facebook.com\/CompagniaDiSanPaolo","article_modified_time":"2022-09-19T12:17:46+00:00","og_image":[{"width":815,"height":350,"url":"https:\/\/www.compagniadisanpaolo.it\/wp-content\/uploads\/terra-madre-22-head.png","type":"image\/png"}],"twitter_card":"summary_large_image","twitter_site":"@CSP_live","twitter_misc":{"Tempo di lettura stimato":"3 minuti"},"schema":{"@context":"https:\/\/schema.org","@graph":[{"@type":"WebPage","@id":"https:\/\/www.compagniadisanpaolo.it\/it\/comunicati-stampa\/la-fondazione-compagnia-di-san-paolo-per-terra-madre-2022\/","url":"https:\/\/www.compagniadisanpaolo.it\/it\/comunicati-stampa\/la-fondazione-compagnia-di-san-paolo-per-terra-madre-2022\/","name":"La Fondazione Compagnia di San Paolo per Terra Madre 2022 - Fondazione Compagnia di San Paolo","isPartOf":{"@id":"https:\/\/www.compagniadisanpaolo.it\/it\/#website"},"primaryImageOfPage":{"@id":"https:\/\/www.compagniadisanpaolo.it\/it\/comunicati-stampa\/la-fondazione-compagnia-di-san-paolo-per-terra-madre-2022\/#primaryimage"},"image":{"@id":"https:\/\/www.compagniadisanpaolo.it\/it\/comunicati-stampa\/la-fondazione-compagnia-di-san-paolo-per-terra-madre-2022\/#primaryimage"},"thumbnailUrl":"https:\/\/www.compagniadisanpaolo.it\/wp-content\/uploads\/terra-madre-22-head.png","datePublished":"2022-09-19T12:12:22+00:00","dateModified":"2022-09-19T12:17:46+00:00","description":"La Fondazione Compagnia di San Paolo rinnova la propria partecipazione a Terra Madre Salone del Gusto. La collaborazione con Slow Food e Terra Madre \u00e8 una realt\u00e0 consolidata che affonda le radici nella condivisione di principi fondamentali in cui la Compagnia crede profondamente","breadcrumb":{"@id":"https:\/\/www.compagniadisanpaolo.it\/it\/comunicati-stampa\/la-fondazione-compagnia-di-san-paolo-per-terra-madre-2022\/#breadcrumb"},"inLanguage":"it-IT","potentialAction":[{"@type":"ReadAction","target":["https:\/\/www.compagniadisanpaolo.it\/it\/comunicati-stampa\/la-fondazione-compagnia-di-san-paolo-per-terra-madre-2022\/"]}]},{"@type":"ImageObject","inLanguage":"it-IT","@id":"https:\/\/www.compagniadisanpaolo.it\/it\/comunicati-stampa\/la-fondazione-compagnia-di-san-paolo-per-terra-madre-2022\/#primaryimage","url":"https:\/\/www.compagniadisanpaolo.it\/wp-content\/uploads\/terra-madre-22-head.png","contentUrl":"https:\/\/www.compagniadisanpaolo.it\/wp-content\/uploads\/terra-madre-22-head.png","width":815,"height":350},{"@type":"BreadcrumbList","@id":"https:\/\/www.compagniadisanpaolo.it\/it\/comunicati-stampa\/la-fondazione-compagnia-di-san-paolo-per-terra-madre-2022\/#breadcrumb","itemListElement":[{"@type":"ListItem","position":1,"name":"Home","item":"https:\/\/www.compagniadisanpaolo.it\/it\/"},{"@type":"ListItem","position":2,"name":"La Fondazione Compagnia di San Paolo per Terra Madre 2022"}]},{"@type":"WebSite","@id":"https:\/\/www.compagniadisanpaolo.it\/it\/#website","url":"https:\/\/www.compagniadisanpaolo.it\/it\/","name":"Fondazione Compagnia di San Paolo","description":"","publisher":{"@id":"https:\/\/www.compagniadisanpaolo.it\/it\/#organization"},"potentialAction":[{"@type":"SearchAction","target":{"@type":"EntryPoint","urlTemplate":"https:\/\/www.compagniadisanpaolo.it\/it\/?s={search_term_string}"},"query-input":{"@type":"PropertyValueSpecification","valueRequired":true,"valueName":"search_term_string"}}],"inLanguage":"it-IT"},{"@type":"Organization","@id":"https:\/\/www.compagniadisanpaolo.it\/it\/#organization","name":"Fondazione Compagnia di San Paolo","url":"https:\/\/www.compagniadisanpaolo.it\/it\/","logo":{"@type":"ImageObject","inLanguage":"it-IT","@id":"https:\/\/www.compagniadisanpaolo.it\/it\/#\/schema\/logo\/image\/","url":"https:\/\/www.compagniadisanpaolo.it\/wp-content\/uploads\/logo.svg","contentUrl":"https:\/\/www.compagniadisanpaolo.it\/wp-content\/uploads\/logo.svg","width":769,"height":323,"caption":"Fondazione Compagnia di San Paolo"},"image":{"@id":"https:\/\/www.compagniadisanpaolo.it\/it\/#\/schema\/logo\/image\/"},"sameAs":["https:\/\/www.facebook.com\/CompagniaDiSanPaolo","https:\/\/x.com\/CSP_live","http:\/\/instagram.com\/compagniadisanpaolo?ref=badge","https:\/\/www.linkedin.com\/company\/compagnia-di-san-paolo","https:\/\/www.youtube.com\/user\/compagniadisanpaolo","https:\/\/it.wikipedia.org\/wiki\/Compagnia_di_San_Paolo"]}]}},"amp_enabled":true,"_links":{"self":[{"href":"https:\/\/www.compagniadisanpaolo.it\/it\/wp-json\/wp\/v2\/comunicatistampa\/19540","targetHints":{"allow":["GET"]}}],"collection":[{"href":"https:\/\/www.compagniadisanpaolo.it\/it\/wp-json\/wp\/v2\/comunicatistampa"}],"about":[{"href":"https:\/\/www.compagniadisanpaolo.it\/it\/wp-json\/wp\/v2\/types\/comunicatistampa"}],"wp:featuredmedia":[{"embeddable":true,"href":"https:\/\/www.compagniadisanpaolo.it\/it\/wp-json\/wp\/v2\/media\/19542"}],"wp:attachment":[{"href":"https:\/\/www.compagniadisanpaolo.it\/it\/wp-json\/wp\/v2\/media?parent=19540"}],"wp:term":[{"taxonomy":"post_tag","embeddable":true,"href":"https:\/\/www.compagniadisanpaolo.it\/it\/wp-json\/wp\/v2\/tags?post=19540"}],"curies":[{"name":"wp","href":"https:\/\/api.w.org\/{rel}","templated":true}]}}