{"id":18979,"date":"2022-07-04T18:10:48","date_gmt":"2022-07-04T16:10:48","guid":{"rendered":"https:\/\/www.compagniadisanpaolo.it\/?post_type=comunicatistampa&#038;p=18979"},"modified":"2022-07-26T20:14:29","modified_gmt":"2022-07-26T18:14:29","slug":"concorso-internazionale-di-progettazione-cavallerizza-reale-di-torino-scelti-i-componenti-della-commissione-giudicatrice","status":"publish","type":"comunicatistampa","link":"https:\/\/www.compagniadisanpaolo.it\/it\/comunicati-stampa\/concorso-internazionale-di-progettazione-cavallerizza-reale-di-torino-scelti-i-componenti-della-commissione-giudicatrice\/","title":{"rendered":"Concorso internazionale di progettazione \u201cCavallerizza Reale di Torino\u201d Scelti i componenti della Commissione giudicatrice"},"content":{"rendered":"<div class=\"wpb-content-wrapper\">[vc_row disable_element=&#8221;yes&#8221;][vc_column][vc_column_text el_class=&#8221;text-headline2&#8243;][\/vc_column_text][\/vc_column][\/vc_row][vc_row][vc_column][vc_column_text]\n<div class=\"info-box mission\">\n\t\t<div class=\"info-box-wrap info-box-hor row pb-0\">\n\n\t\t      \n\t\t      <div class=\"spalla col-12 col-md-12\">\n\t\t\t<div class=\"info-box sharing-box\">\n\t\t\t  <span class=\"label\">Condividi:<\/span>\n\t\t\t  <div class=\"social-sharing\">\n\t\t\t    <span class=\"box\">\n\t\t\t      <a class=\"fb\" href=\"https:\/\/www.facebook.com\/sharer.php?u=https:\/\/www.compagniadisanpaolo.it\/it\/comunicati-stampa\/concorso-internazionale-di-progettazione-cavallerizza-reale-di-torino-scelti-i-componenti-della-commissione-giudicatrice\/\" target=\"_blank\">\n\t\t\t\t<span class=\"sr-only\">Facebook<\/span>\n\t\t\t\t<i class=\"fab fa-facebook-f\"><\/i>\n\t\t\t      <\/a>\n\t\t\t    <\/span>\n\t\t\t    \n\t\t\t    <style>\n.twitter, .twitter:hover{\ncolor:#000000 !important;}\n<\/style>\n\n\n\t\t\t    <span class=\"box\">\n\t\t\t      <a class=\"twitter\" href=\"https:\/\/twitter.com\/intent\/tweet?url=https:\/\/www.compagniadisanpaolo.it\/it\/comunicati-stampa\/concorso-internazionale-di-progettazione-cavallerizza-reale-di-torino-scelti-i-componenti-della-commissione-giudicatrice\/\">\n\t\t\t\t<span class=\"sr-only\">Twitter<\/span>\n\t\t\t\t<i class=\"fa-brands fa-x-twitter\"><\/i>\n\t\t\t      <\/a>\n\t\t\t    <\/span>\n\n\t\t\t    \n\t\t\t    <span class=\"box\">\n\t\t\t      <a class=\"linkedin\" href=\"https:\/\/www.linkedin.com\/shareArticle?mini=true&url=https:\/\/www.compagniadisanpaolo.it\/it\/comunicati-stampa\/concorso-internazionale-di-progettazione-cavallerizza-reale-di-torino-scelti-i-componenti-della-commissione-giudicatrice\/\">\n\t\t\t\t<span class=\"sr-only\">Linkedin<\/span>\n\t\t\t\t  <i class=\"fa-brands fa-linkedin-in\"><\/i>\n\t\t\t      <\/a>\n\t\t\t    <\/span>\n\n\t\t\t    <span class=\"box\">\n\t\t\t      <a class=\"whatsapp\" href=\"whatsapp:\/\/send?text=https:\/\/www.compagniadisanpaolo.it\/it\/comunicati-stampa\/concorso-internazionale-di-progettazione-cavallerizza-reale-di-torino-scelti-i-componenti-della-commissione-giudicatrice\/\" data-action=\"share\/whatsapp\/share\">\n\t\t\t\t<span class=\"sr-only\">Whatsapp<\/span>\n\t\t\t\t<i class=\"fa-brands fa-whatsapp\"><\/i>\n\t\t\t      <\/a>\n\t\t\t    <\/span>\n\n\t\t\t    <span class=\"box\">\n\t\t\t      <a class=\"mail\" href=\"mailto:?subject=Concorso internazionale di progettazione \u201cCavallerizza Reale di Torino\u201d Scelti i componenti della Commissione giudicatrice&body=https:\/\/www.compagniadisanpaolo.it\/it\/comunicati-stampa\/concorso-internazionale-di-progettazione-cavallerizza-reale-di-torino-scelti-i-componenti-della-commissione-giudicatrice\/\">\n\t\t\t\t<span class=\"sr-only\">Mail<\/span>\n\t\t\t\t <i class=\"fa-solid fa-envelope\"><\/i>\n\t\t\t      <\/a>\n\t\t\t    <\/span>\n\t\t\t    \n\t\t\t  <\/div>\n\t\t\t<\/div>\n\t      <\/div>\n\t    <\/div><\/div>\n[\/vc_column_text][\/vc_column][\/vc_row][vc_row][vc_column width=&#8221;1\/4&#8243;][vc_column_text]\n\n\n\t\t<div class=\"info-box-wrap\">\n\n\t  <div class=\"info-box date-pub\">\n\t  \t<span class=\"label\">Data di pubblicazione:<\/span>\n\t    <span class=\"value\">4 Luglio 2022<\/span>\n\t  <\/div>\n\t\t\t\t  <div class=\"info-box obj-institutional\">\n\t\t\t\t\t  <div class=\"info-box obj\">\n\t\t\t\t\t    <div class=\"obj-small-box\">\n\t\t\t\t\t      <span>Istituzionale<\/span>\n\t\t\t\t\t    <\/div>\n\t\t\t\t\t  <\/div>\n\t\t\t\t  <\/div>\n\t\t\t  <div class=\"info-box mission\"><span class=\"label\">Tag<\/span><a href=\"https:\/\/www.compagniadisanpaolo.it\/it\/tags\/risultati\/?_sft_post_tag=conservazione-del-patrimonio\" class=\"tag-element\">Conservazione del patrimonio<\/a><a href=\"https:\/\/www.compagniadisanpaolo.it\/it\/tags\/risultati\/?_sft_post_tag=identita-culturali\" class=\"tag-element\">Identit\u00e0 culturali<\/a><a href=\"https:\/\/www.compagniadisanpaolo.it\/it\/tags\/risultati\/?_sft_post_tag=partnership-con-enti-istituzionali\" class=\"tag-element\">Partnership con enti istituzionali<\/a><a href=\"https:\/\/www.compagniadisanpaolo.it\/it\/tags\/risultati\/?_sft_post_tag=rigenerazione-territoriale\" class=\"tag-element\">Rigenerazione territoriale<\/a><\/div>\t  \n\t<\/div>\n[\/vc_column_text][\/vc_column][vc_column width=&#8221;3\/4&#8243; el_class=&#8221;page-content&#8221;][vc_column_text el_class=&#8221;text&#8221;]La Fondazione Compagnia di San Paolo in qualit\u00e0 di Ente Banditore del concorso di progettazione \u201cCavallerizza Reale di Torino\u201d in accordo con l&#8217;Universit\u00e0 degli Studi di Torino e la Citt\u00e0 di Torino rende noti i nominativi dei componenti della Commissione giudicatrice.<\/p>\n<p>Presidente della Commissione: arch. <strong>Michele De Lucchi<\/strong><\/p>\n<p>dott. <strong>Alberto Anfossi<\/strong>, Segretario Generale della Fondazione Compagnia di San Paolo;<br \/>\narch. <strong>Vittorio Magnago Lampugnani<\/strong>, Professore emerito di Storia della progettazione urbana presso lo Swiss Federal Institute of Technology (ETH Zurich);<br \/>\narch. <strong>Elli Mosayebi<\/strong>, Professore associato di Architettura e progettazione presso lo Swiss Federal Institute of Technology (ETH Zurich);<br \/>\narch. <strong>Luisa Papotti<\/strong>, gi\u00e0 Soprintendente Archeologia Belle Arti e Paesaggio per la citt\u00e0 metropolitana di Torino;<br \/>\nprof. <a href=\"https:\/\/www.compagniadisanpaolo.it\/it\/team\/francesco-profumo\/\" target=\"_blank\" rel=\"noopener\"><strong>Francesco Profumo<\/strong><\/a>, Presidente della Fondazione Compagnia di San Paolo;<br \/>\nProf.ssa <strong>Sara Whiting<\/strong>, Preside della Facolt\u00e0 di Architettura presso l\u2019Harvard University Graduate School of Design.<\/p>\n<p>\u201cIl complesso della Cavallerizza Reale merita un\u2019attenzione e una valutazione progettuale che va ben oltre i limiti della citt\u00e0 di Torino, dell\u2019Italia e dell\u2019Europea stessa: infatti la trasformazione del complesso di Palazzo Reale in una parte importante del centro urbano potrebbe diventare un modello di riferimento per molti interventi. Il tema delle riconversioni \u00e8 un tema molto dibattuto in tutto il mondo, soprattutto per la sostenibilit\u00e0 climatica, sociale ed economica.\u201d dichiara il Presidente della Giuria Michele De Lucchi. \u201cIn quest\u2019ottica abbiamo organizzato una commissione di personalit\u00e0 di grande competenza, unendo conoscitori delle problematiche urbane di Torino con architetti di spessore internazionale, capaci di portare questo caso all\u2019attenzione del mondo intero. Nelle ambizioni del programma la Cavallerizza Reale \u00e8 destinata a diventare un polo culturale delle arti con aree destinate a funzioni aperte al pubblico e a servizi e attivit\u00e0 istituzionali. Sono felice di presiedere questa commissione e che la competizione consegner\u00e0 alla citt\u00e0 di Torino un contributo progettuale e intellettuale di grande prestigio\u201d.<\/p>\n<p>Il progetto di riqualificazione ha l\u2019obiettivo di realizzare un polo culturale di livello internazionale, nel cuore della citt\u00e0 che &#8211; nel segno della sostenibilit\u00e0 e con l&#8217;ausilio delle tecnologie pi\u00f9 avanzate &#8211; prevede l\u2019insediamento di nuove funzioni culturali, formative, ricettive, sociali e terziarie, coerentemente con le indicazioni del piano regolatore e con il Progetto Unitario di Riqualificazione approvato dal Consiglio Comunale di Torino, incrementandone significativamente la porzione a fruizione pubblica.<\/p>\n<p>La scadenza per la presentazione della domanda di partecipazione, dei progetti di referenza, cv e relazione metodologica per il concorso di progettazione per la riqualificazione del compendio della Cavallerizza Reale \u00e8 il 27 luglio 2022.<\/p>\n<p>Per garantire condizioni uniformi di partecipazione le procedure del concorso e il rapporto fra committenti e concorrenti avverranno esclusivamente per via telematica attraverso il sito <a href=\"http:\/\/www.cavallerizzarealetorino.concorrimi.it\" target=\"_blank\" rel=\"noopener\">www.cavallerizzarealetorino.concorrimi.it<\/a> nell\u2019ambito della piattaforma Concorrimi dell\u2019Ordine degli Architetti di Milano e provincia.<\/p>\n<p>Al sito sopra citato il concorrente avr\u00e0 accesso mediante registrazione e potr\u00e0 scaricare il materiale necessario alla partecipazione, formulare quesiti, consultare l&#8217;apposita pagina &#8220;news&#8221; e consegnare, mediante caricamento, i file sia della prima fase che della seconda.[\/vc_column_text][\/vc_column][\/vc_row][vc_row el_class=&#8221;video-wrapper&#8221; css=&#8221;.vc_custom_1615199204566{margin-bottom: 70px !important;}&#8221;][vc_column][vc_video link=&#8221;https:\/\/www.youtube.com\/watch?v=hs4huK6_hA4&#8243; align=&#8221;center&#8221;][\/vc_column][\/vc_row][vc_row el_class=&#8221;sdg-list-wrap&#8221;][vc_column][vc_raw_html]JTVCU2V6aW9uZV9Eb2N1bWVudGklNUQ=[\/vc_raw_html][\/vc_column][\/vc_row][vc_row][vc_column]<div class=\"templatera_shortcode\"><div data-vc-full-width=\"true\" data-vc-full-width-temp=\"true\" data-vc-full-width-init=\"false\" class=\"vc_row wpb_row vc_row-fluid newsletter-wrap\"><div class=\"wpb_column vc_column_container vc_col-sm-12\"><div class=\"vc_column-inner\"><div class=\"wpb_wrapper\">\n\t<div class=\"wpb_raw_code wpb_raw_html wpb_content_element\" >\n\t\t<div class=\"wpb_wrapper\">\n\t\t\t    <div class=\"container\">\n      <div class=\"row align-items-center\">\n\t<div class=\"col-12 col-lg-6 col-xl-5 mb-3 mb-lg-0 pr-0\">\n\t  <h2 class=\"title\">Rimani aggiornato sui nostri bandi e sui nostri progetti<\/h2>\n\t<\/div>\n\t<div class=\"col-12 col-lg-6 col-xl-7 pl-xl-4\">\n\t  <a class=\"standard-link-block\" href=\"\/it\/newsletter\/\">\n\t    Compila il form e decidi su quale argomento vuoi ricevere notizie.\t    <strong>\u00a0 ISCRIVITI!<\/strong>\n\t  <\/a>\n\t<\/div>\n      <\/div>\n    <\/div>\n\t\t<\/div>\n\t<\/div>\n<\/div><\/div><\/div><\/div><div class=\"vc_row-full-width vc_clearfix\"><\/div><\/div>[\/vc_column][\/vc_row]\n<\/div>","protected":false},"excerpt":{"rendered":"Condividi: Facebook Twitter Linkedin Whatsapp Mail Data di pubblicazione: 4 Luglio 2022 Istituzionale TagConservazione del patrimonioIdentit\u00e0 culturaliPartnership con enti istituzionaliRigenerazione territoriale La Fondazione Compagnia di San Paolo in qualit\u00e0 di Ente Banditore del concorso di progettazione \u201cCavallerizza Reale di Torino\u201d in accordo con l'Universit\u00e0 degli Studi di Torino e la Citt\u00e0 di Torino rende noti i nominativi dei componenti della Commissione giudicatrice. Presidente della Commissione: arch. Michele De Lucchi dott. Alberto Anfossi, Segretario Generale della Fondazione Compagnia di San Paolo; arch. Vittorio Magnago Lampugnani, Professore emerito di Storia della progettazione urbana presso lo Swiss Federal Institute of Technology (ETH Zurich); arch. Elli Mosayebi, Professore associato di Architettura e progettazione presso lo Swiss Federal Institute of Technology (ETH Zurich); arch. Luisa Papotti, gi\u00e0 Soprintendente Archeologia Belle Arti e Paesaggio per la citt\u00e0 metropolitana di Torino; prof. Francesco Profumo, Presidente della Fondazione Compagnia di San Paolo; Prof.ssa Sara Whiting, Preside della Facolt\u00e0 di Architettura presso l\u2019Harvard University Graduate School of Design. \u201cIl complesso della Cavallerizza Reale merita un\u2019attenzione e una valutazione progettuale che va ben oltre i limiti della citt\u00e0 di Torino, dell\u2019Italia e dell\u2019Europea stessa: infatti la trasformazione del complesso di Palazzo Reale in una parte importante del centro urbano potrebbe diventare un modello di riferimento per molti interventi. Il tema delle riconversioni \u00e8 un tema molto dibattuto in tutto il mondo, soprattutto per la sostenibilit\u00e0 climatica, sociale ed economica.\u201d dichiara il Presidente della Giuria Michele De Lucchi. \u201cIn quest\u2019ottica abbiamo organizzato una commissione di personalit\u00e0 di grande competenza, unendo conoscitori delle problematiche urbane di Torino con architetti di spessore internazionale, capaci di portare questo caso all\u2019attenzione del mondo intero. Nelle ambizioni del programma la Cavallerizza Reale \u00e8 destinata a diventare un polo culturale delle arti con aree destinate a funzioni aperte al pubblico e a servizi e attivit\u00e0 istituzionali. Sono felice di presiedere questa commissione e che la competizione consegner\u00e0 alla citt\u00e0 di Torino un contributo progettuale e intellettuale di grande prestigio\u201d. Il progetto di riqualificazione ha l\u2019obiettivo di realizzare un polo culturale di livello internazionale, nel cuore della citt\u00e0 che - nel segno della sostenibilit\u00e0 e con l'ausilio delle tecnologie pi\u00f9 avanzate - prevede l\u2019insediamento di nuove funzioni culturali, formative, ricettive, sociali e terziarie, coerentemente con le indicazioni del piano regolatore e con il Progetto Unitario di Riqualificazione approvato dal Consiglio Comunale di Torino, incrementandone significativamente la porzione a fruizione pubblica. La scadenza per la presentazione della domanda di partecipazione, dei progetti di referenza, cv e relazione metodologica per il concorso di progettazione per la riqualificazione del compendio della Cavallerizza Reale \u00e8 il 27 luglio 2022. Per garantire condizioni uniformi di partecipazione le procedure del concorso e il rapporto fra committenti e concorrenti avverranno esclusivamente per via telematica attraverso il sito www.cavallerizzarealetorino.concorrimi.it nell\u2019ambito della piattaforma Concorrimi dell\u2019Ordine degli Architetti di Milano e provincia. Al sito sopra citato il concorrente avr\u00e0 accesso mediante registrazione e potr\u00e0 scaricare il materiale necessario alla partecipazione, formulare quesiti, consultare l'apposita pagina \"news\" e consegnare, mediante caricamento, i file sia della prima fase che della seconda. Documenti di approfondimento Concorso internazionale di progettazione \u201cCavallerizza Reale di Torino\u201d - Scelti i componenti della Commissione giudicatrice Scarica il documento Rimani aggiornato sui nostri bandi e sui nostri progetti Compila il form e decidi su quale argomento vuoi ricevere notizie. \u00a0 ISCRIVITI!","protected":false},"featured_media":18619,"menu_order":0,"template":"","meta":{"_acf_changed":false,"content-type":""},"tags":[91,94,62,75],"class_list":["post-18979","comunicatistampa","type-comunicatistampa","status-publish","has-post-thumbnail","hentry","tag-conservazione-del-patrimonio","tag-identita-culturali","tag-partnership-con-enti-istituzionali","tag-rigenerazione-territoriale","entry","post-inner"],"acf":[],"yoast_head":"<!-- This site is optimized with the Yoast SEO plugin v27.3 - https:\/\/yoast.com\/product\/yoast-seo-wordpress\/ -->\n<title>Concorso internazionale di progettazione \u201cCavallerizza Reale di Torino\u201d Scelti i componenti della Commissione giudicatrice - Fondazione Compagnia di San Paolo<\/title>\n<meta name=\"description\" content=\"La Fondazione Compagnia di San Paolo in qualit\u00e0 di Ente Banditore del concorso di progettazione \u201cCavallerizza Reale di Torino\u201d in accordo con l&#039;Universit\u00e0 degli Studi di Torino e la Citt\u00e0 di Torino rende noti i nominativi dei componenti della Commissione giudicatrice.\" \/>\n<meta name=\"robots\" content=\"index, follow, max-snippet:-1, max-image-preview:large, max-video-preview:-1\" \/>\n<link rel=\"canonical\" href=\"https:\/\/www.compagniadisanpaolo.it\/it\/comunicati-stampa\/concorso-internazionale-di-progettazione-cavallerizza-reale-di-torino-scelti-i-componenti-della-commissione-giudicatrice\/\" \/>\n<meta property=\"og:locale\" content=\"it_IT\" \/>\n<meta property=\"og:type\" content=\"article\" \/>\n<meta property=\"og:title\" content=\"Concorso internazionale di progettazione \u201cCavallerizza Reale di Torino\u201d Scelti i componenti della Commissione giudicatrice - Fondazione Compagnia di San Paolo\" \/>\n<meta property=\"og:description\" content=\"La Fondazione Compagnia di San Paolo in qualit\u00e0 di Ente Banditore del concorso di progettazione \u201cCavallerizza Reale di Torino\u201d in accordo con l&#039;Universit\u00e0 degli Studi di Torino e la Citt\u00e0 di Torino rende noti i nominativi dei componenti della Commissione giudicatrice.\" \/>\n<meta property=\"og:url\" content=\"https:\/\/www.compagniadisanpaolo.it\/it\/comunicati-stampa\/concorso-internazionale-di-progettazione-cavallerizza-reale-di-torino-scelti-i-componenti-della-commissione-giudicatrice\/\" \/>\n<meta property=\"og:site_name\" content=\"Fondazione Compagnia di San Paolo\" \/>\n<meta property=\"article:publisher\" content=\"https:\/\/www.facebook.com\/CompagniaDiSanPaolo\" \/>\n<meta property=\"article:modified_time\" content=\"2022-07-26T18:14:29+00:00\" \/>\n<meta property=\"og:image\" content=\"https:\/\/www.compagniadisanpaolo.it\/wp-content\/uploads\/concorso-cavallerizza-head.jpg\" \/>\n\t<meta property=\"og:image:width\" content=\"815\" \/>\n\t<meta property=\"og:image:height\" content=\"350\" \/>\n\t<meta property=\"og:image:type\" content=\"image\/jpeg\" \/>\n<meta name=\"twitter:card\" content=\"summary_large_image\" \/>\n<meta name=\"twitter:site\" content=\"@CSP_live\" \/>\n<meta name=\"twitter:label1\" content=\"Tempo di lettura stimato\" \/>\n\t<meta name=\"twitter:data1\" content=\"3 minuti\" \/>\n<script type=\"application\/ld+json\" class=\"yoast-schema-graph\">{\"@context\":\"https:\\\/\\\/schema.org\",\"@graph\":[{\"@type\":\"WebPage\",\"@id\":\"https:\\\/\\\/www.compagniadisanpaolo.it\\\/it\\\/comunicati-stampa\\\/concorso-internazionale-di-progettazione-cavallerizza-reale-di-torino-scelti-i-componenti-della-commissione-giudicatrice\\\/\",\"url\":\"https:\\\/\\\/www.compagniadisanpaolo.it\\\/it\\\/comunicati-stampa\\\/concorso-internazionale-di-progettazione-cavallerizza-reale-di-torino-scelti-i-componenti-della-commissione-giudicatrice\\\/\",\"name\":\"Concorso internazionale di progettazione \u201cCavallerizza Reale di Torino\u201d Scelti i componenti della Commissione giudicatrice - Fondazione Compagnia di San Paolo\",\"isPartOf\":{\"@id\":\"https:\\\/\\\/www.compagniadisanpaolo.it\\\/it\\\/#website\"},\"primaryImageOfPage\":{\"@id\":\"https:\\\/\\\/www.compagniadisanpaolo.it\\\/it\\\/comunicati-stampa\\\/concorso-internazionale-di-progettazione-cavallerizza-reale-di-torino-scelti-i-componenti-della-commissione-giudicatrice\\\/#primaryimage\"},\"image\":{\"@id\":\"https:\\\/\\\/www.compagniadisanpaolo.it\\\/it\\\/comunicati-stampa\\\/concorso-internazionale-di-progettazione-cavallerizza-reale-di-torino-scelti-i-componenti-della-commissione-giudicatrice\\\/#primaryimage\"},\"thumbnailUrl\":\"https:\\\/\\\/www.compagniadisanpaolo.it\\\/wp-content\\\/uploads\\\/concorso-cavallerizza-head.jpg\",\"datePublished\":\"2022-07-04T16:10:48+00:00\",\"dateModified\":\"2022-07-26T18:14:29+00:00\",\"description\":\"La Fondazione Compagnia di San Paolo in qualit\u00e0 di Ente Banditore del concorso di progettazione \u201cCavallerizza Reale di Torino\u201d in accordo con l'Universit\u00e0 degli Studi di Torino e la Citt\u00e0 di Torino rende noti i nominativi dei componenti della Commissione giudicatrice.\",\"breadcrumb\":{\"@id\":\"https:\\\/\\\/www.compagniadisanpaolo.it\\\/it\\\/comunicati-stampa\\\/concorso-internazionale-di-progettazione-cavallerizza-reale-di-torino-scelti-i-componenti-della-commissione-giudicatrice\\\/#breadcrumb\"},\"inLanguage\":\"it-IT\",\"potentialAction\":[{\"@type\":\"ReadAction\",\"target\":[\"https:\\\/\\\/www.compagniadisanpaolo.it\\\/it\\\/comunicati-stampa\\\/concorso-internazionale-di-progettazione-cavallerizza-reale-di-torino-scelti-i-componenti-della-commissione-giudicatrice\\\/\"]}]},{\"@type\":\"ImageObject\",\"inLanguage\":\"it-IT\",\"@id\":\"https:\\\/\\\/www.compagniadisanpaolo.it\\\/it\\\/comunicati-stampa\\\/concorso-internazionale-di-progettazione-cavallerizza-reale-di-torino-scelti-i-componenti-della-commissione-giudicatrice\\\/#primaryimage\",\"url\":\"https:\\\/\\\/www.compagniadisanpaolo.it\\\/wp-content\\\/uploads\\\/concorso-cavallerizza-head.jpg\",\"contentUrl\":\"https:\\\/\\\/www.compagniadisanpaolo.it\\\/wp-content\\\/uploads\\\/concorso-cavallerizza-head.jpg\",\"width\":815,\"height\":350},{\"@type\":\"BreadcrumbList\",\"@id\":\"https:\\\/\\\/www.compagniadisanpaolo.it\\\/it\\\/comunicati-stampa\\\/concorso-internazionale-di-progettazione-cavallerizza-reale-di-torino-scelti-i-componenti-della-commissione-giudicatrice\\\/#breadcrumb\",\"itemListElement\":[{\"@type\":\"ListItem\",\"position\":1,\"name\":\"Home\",\"item\":\"https:\\\/\\\/www.compagniadisanpaolo.it\\\/it\\\/\"},{\"@type\":\"ListItem\",\"position\":2,\"name\":\"Concorso internazionale di progettazione \u201cCavallerizza Reale di Torino\u201d Scelti i componenti della Commissione giudicatrice\"}]},{\"@type\":\"WebSite\",\"@id\":\"https:\\\/\\\/www.compagniadisanpaolo.it\\\/it\\\/#website\",\"url\":\"https:\\\/\\\/www.compagniadisanpaolo.it\\\/it\\\/\",\"name\":\"Fondazione Compagnia di San Paolo\",\"description\":\"\",\"publisher\":{\"@id\":\"https:\\\/\\\/www.compagniadisanpaolo.it\\\/it\\\/#organization\"},\"potentialAction\":[{\"@type\":\"SearchAction\",\"target\":{\"@type\":\"EntryPoint\",\"urlTemplate\":\"https:\\\/\\\/www.compagniadisanpaolo.it\\\/it\\\/?s={search_term_string}\"},\"query-input\":{\"@type\":\"PropertyValueSpecification\",\"valueRequired\":true,\"valueName\":\"search_term_string\"}}],\"inLanguage\":\"it-IT\"},{\"@type\":\"Organization\",\"@id\":\"https:\\\/\\\/www.compagniadisanpaolo.it\\\/it\\\/#organization\",\"name\":\"Fondazione Compagnia di San Paolo\",\"url\":\"https:\\\/\\\/www.compagniadisanpaolo.it\\\/it\\\/\",\"logo\":{\"@type\":\"ImageObject\",\"inLanguage\":\"it-IT\",\"@id\":\"https:\\\/\\\/www.compagniadisanpaolo.it\\\/it\\\/#\\\/schema\\\/logo\\\/image\\\/\",\"url\":\"https:\\\/\\\/www.compagniadisanpaolo.it\\\/wp-content\\\/uploads\\\/logo.svg\",\"contentUrl\":\"https:\\\/\\\/www.compagniadisanpaolo.it\\\/wp-content\\\/uploads\\\/logo.svg\",\"width\":769,\"height\":323,\"caption\":\"Fondazione Compagnia di San Paolo\"},\"image\":{\"@id\":\"https:\\\/\\\/www.compagniadisanpaolo.it\\\/it\\\/#\\\/schema\\\/logo\\\/image\\\/\"},\"sameAs\":[\"https:\\\/\\\/www.facebook.com\\\/CompagniaDiSanPaolo\",\"https:\\\/\\\/x.com\\\/CSP_live\",\"http:\\\/\\\/instagram.com\\\/compagniadisanpaolo?ref=badge\",\"https:\\\/\\\/www.linkedin.com\\\/company\\\/compagnia-di-san-paolo\",\"https:\\\/\\\/www.youtube.com\\\/user\\\/compagniadisanpaolo\",\"https:\\\/\\\/it.wikipedia.org\\\/wiki\\\/Compagnia_di_San_Paolo\"]}]}<\/script>\n<!-- \/ Yoast SEO plugin. -->","yoast_head_json":{"title":"Concorso internazionale di progettazione \u201cCavallerizza Reale di Torino\u201d Scelti i componenti della Commissione giudicatrice - Fondazione Compagnia di San Paolo","description":"La Fondazione Compagnia di San Paolo in qualit\u00e0 di Ente Banditore del concorso di progettazione \u201cCavallerizza Reale di Torino\u201d in accordo con l'Universit\u00e0 degli Studi di Torino e la Citt\u00e0 di Torino rende noti i nominativi dei componenti della Commissione giudicatrice.","robots":{"index":"index","follow":"follow","max-snippet":"max-snippet:-1","max-image-preview":"max-image-preview:large","max-video-preview":"max-video-preview:-1"},"canonical":"https:\/\/www.compagniadisanpaolo.it\/it\/comunicati-stampa\/concorso-internazionale-di-progettazione-cavallerizza-reale-di-torino-scelti-i-componenti-della-commissione-giudicatrice\/","og_locale":"it_IT","og_type":"article","og_title":"Concorso internazionale di progettazione \u201cCavallerizza Reale di Torino\u201d Scelti i componenti della Commissione giudicatrice - Fondazione Compagnia di San Paolo","og_description":"La Fondazione Compagnia di San Paolo in qualit\u00e0 di Ente Banditore del concorso di progettazione \u201cCavallerizza Reale di Torino\u201d in accordo con l'Universit\u00e0 degli Studi di Torino e la Citt\u00e0 di Torino rende noti i nominativi dei componenti della Commissione giudicatrice.","og_url":"https:\/\/www.compagniadisanpaolo.it\/it\/comunicati-stampa\/concorso-internazionale-di-progettazione-cavallerizza-reale-di-torino-scelti-i-componenti-della-commissione-giudicatrice\/","og_site_name":"Fondazione Compagnia di San Paolo","article_publisher":"https:\/\/www.facebook.com\/CompagniaDiSanPaolo","article_modified_time":"2022-07-26T18:14:29+00:00","og_image":[{"width":815,"height":350,"url":"https:\/\/www.compagniadisanpaolo.it\/wp-content\/uploads\/concorso-cavallerizza-head.jpg","type":"image\/jpeg"}],"twitter_card":"summary_large_image","twitter_site":"@CSP_live","twitter_misc":{"Tempo di lettura stimato":"3 minuti"},"schema":{"@context":"https:\/\/schema.org","@graph":[{"@type":"WebPage","@id":"https:\/\/www.compagniadisanpaolo.it\/it\/comunicati-stampa\/concorso-internazionale-di-progettazione-cavallerizza-reale-di-torino-scelti-i-componenti-della-commissione-giudicatrice\/","url":"https:\/\/www.compagniadisanpaolo.it\/it\/comunicati-stampa\/concorso-internazionale-di-progettazione-cavallerizza-reale-di-torino-scelti-i-componenti-della-commissione-giudicatrice\/","name":"Concorso internazionale di progettazione \u201cCavallerizza Reale di Torino\u201d Scelti i componenti della Commissione giudicatrice - Fondazione Compagnia di San Paolo","isPartOf":{"@id":"https:\/\/www.compagniadisanpaolo.it\/it\/#website"},"primaryImageOfPage":{"@id":"https:\/\/www.compagniadisanpaolo.it\/it\/comunicati-stampa\/concorso-internazionale-di-progettazione-cavallerizza-reale-di-torino-scelti-i-componenti-della-commissione-giudicatrice\/#primaryimage"},"image":{"@id":"https:\/\/www.compagniadisanpaolo.it\/it\/comunicati-stampa\/concorso-internazionale-di-progettazione-cavallerizza-reale-di-torino-scelti-i-componenti-della-commissione-giudicatrice\/#primaryimage"},"thumbnailUrl":"https:\/\/www.compagniadisanpaolo.it\/wp-content\/uploads\/concorso-cavallerizza-head.jpg","datePublished":"2022-07-04T16:10:48+00:00","dateModified":"2022-07-26T18:14:29+00:00","description":"La Fondazione Compagnia di San Paolo in qualit\u00e0 di Ente Banditore del concorso di progettazione \u201cCavallerizza Reale di Torino\u201d in accordo con l'Universit\u00e0 degli Studi di Torino e la Citt\u00e0 di Torino rende noti i nominativi dei componenti della Commissione giudicatrice.","breadcrumb":{"@id":"https:\/\/www.compagniadisanpaolo.it\/it\/comunicati-stampa\/concorso-internazionale-di-progettazione-cavallerizza-reale-di-torino-scelti-i-componenti-della-commissione-giudicatrice\/#breadcrumb"},"inLanguage":"it-IT","potentialAction":[{"@type":"ReadAction","target":["https:\/\/www.compagniadisanpaolo.it\/it\/comunicati-stampa\/concorso-internazionale-di-progettazione-cavallerizza-reale-di-torino-scelti-i-componenti-della-commissione-giudicatrice\/"]}]},{"@type":"ImageObject","inLanguage":"it-IT","@id":"https:\/\/www.compagniadisanpaolo.it\/it\/comunicati-stampa\/concorso-internazionale-di-progettazione-cavallerizza-reale-di-torino-scelti-i-componenti-della-commissione-giudicatrice\/#primaryimage","url":"https:\/\/www.compagniadisanpaolo.it\/wp-content\/uploads\/concorso-cavallerizza-head.jpg","contentUrl":"https:\/\/www.compagniadisanpaolo.it\/wp-content\/uploads\/concorso-cavallerizza-head.jpg","width":815,"height":350},{"@type":"BreadcrumbList","@id":"https:\/\/www.compagniadisanpaolo.it\/it\/comunicati-stampa\/concorso-internazionale-di-progettazione-cavallerizza-reale-di-torino-scelti-i-componenti-della-commissione-giudicatrice\/#breadcrumb","itemListElement":[{"@type":"ListItem","position":1,"name":"Home","item":"https:\/\/www.compagniadisanpaolo.it\/it\/"},{"@type":"ListItem","position":2,"name":"Concorso internazionale di progettazione \u201cCavallerizza Reale di Torino\u201d Scelti i componenti della Commissione giudicatrice"}]},{"@type":"WebSite","@id":"https:\/\/www.compagniadisanpaolo.it\/it\/#website","url":"https:\/\/www.compagniadisanpaolo.it\/it\/","name":"Fondazione Compagnia di San Paolo","description":"","publisher":{"@id":"https:\/\/www.compagniadisanpaolo.it\/it\/#organization"},"potentialAction":[{"@type":"SearchAction","target":{"@type":"EntryPoint","urlTemplate":"https:\/\/www.compagniadisanpaolo.it\/it\/?s={search_term_string}"},"query-input":{"@type":"PropertyValueSpecification","valueRequired":true,"valueName":"search_term_string"}}],"inLanguage":"it-IT"},{"@type":"Organization","@id":"https:\/\/www.compagniadisanpaolo.it\/it\/#organization","name":"Fondazione Compagnia di San Paolo","url":"https:\/\/www.compagniadisanpaolo.it\/it\/","logo":{"@type":"ImageObject","inLanguage":"it-IT","@id":"https:\/\/www.compagniadisanpaolo.it\/it\/#\/schema\/logo\/image\/","url":"https:\/\/www.compagniadisanpaolo.it\/wp-content\/uploads\/logo.svg","contentUrl":"https:\/\/www.compagniadisanpaolo.it\/wp-content\/uploads\/logo.svg","width":769,"height":323,"caption":"Fondazione Compagnia di San Paolo"},"image":{"@id":"https:\/\/www.compagniadisanpaolo.it\/it\/#\/schema\/logo\/image\/"},"sameAs":["https:\/\/www.facebook.com\/CompagniaDiSanPaolo","https:\/\/x.com\/CSP_live","http:\/\/instagram.com\/compagniadisanpaolo?ref=badge","https:\/\/www.linkedin.com\/company\/compagnia-di-san-paolo","https:\/\/www.youtube.com\/user\/compagniadisanpaolo","https:\/\/it.wikipedia.org\/wiki\/Compagnia_di_San_Paolo"]}]}},"amp_enabled":true,"_links":{"self":[{"href":"https:\/\/www.compagniadisanpaolo.it\/it\/wp-json\/wp\/v2\/comunicatistampa\/18979","targetHints":{"allow":["GET"]}}],"collection":[{"href":"https:\/\/www.compagniadisanpaolo.it\/it\/wp-json\/wp\/v2\/comunicatistampa"}],"about":[{"href":"https:\/\/www.compagniadisanpaolo.it\/it\/wp-json\/wp\/v2\/types\/comunicatistampa"}],"wp:featuredmedia":[{"embeddable":true,"href":"https:\/\/www.compagniadisanpaolo.it\/it\/wp-json\/wp\/v2\/media\/18619"}],"wp:attachment":[{"href":"https:\/\/www.compagniadisanpaolo.it\/it\/wp-json\/wp\/v2\/media?parent=18979"}],"wp:term":[{"taxonomy":"post_tag","embeddable":true,"href":"https:\/\/www.compagniadisanpaolo.it\/it\/wp-json\/wp\/v2\/tags?post=18979"}],"curies":[{"name":"wp","href":"https:\/\/api.w.org\/{rel}","templated":true}]}}