{"id":17884,"date":"2022-05-03T18:03:09","date_gmt":"2022-05-03T16:03:09","guid":{"rendered":"https:\/\/www.compagniadisanpaolo.it\/?post_type=comunicatistampa&#038;p=17884"},"modified":"2022-05-03T18:03:09","modified_gmt":"2022-05-03T16:03:09","slug":"condividere-gli-spazi-includere-le-differenze-ora-e-realta","status":"publish","type":"comunicatistampa","link":"https:\/\/www.compagniadisanpaolo.it\/it\/comunicati-stampa\/condividere-gli-spazi-includere-le-differenze-ora-e-realta\/","title":{"rendered":"Condividere gli spazi, includere le differenze ora \u00e8 realt\u00e0"},"content":{"rendered":"<div class=\"wpb-content-wrapper\">[vc_row][vc_column][vc_column_text el_class=&#8221;text-headline2&#8243;]\n<p style=\"text-align: center;\">A Orbassano (TO) inaugura il primo social housing progettato anche per accogliere persone con grave disabilit\u00e0 motoria<\/p>\n[\/vc_column_text][\/vc_column][\/vc_row][vc_row][vc_column][vc_column_text]\n<div class=\"info-box mission\">\n\t\t<div class=\"info-box-wrap info-box-hor row pb-0\">\n\n\t\t      \n\t\t      <div class=\"spalla col-12 col-md-12\">\n\t\t\t<div class=\"info-box sharing-box\">\n\t\t\t  <span class=\"label\">Condividi:<\/span>\n\t\t\t  <div class=\"social-sharing\">\n\t\t\t    <span class=\"box\">\n\t\t\t      <a class=\"fb\" href=\"https:\/\/www.facebook.com\/sharer.php?u=https:\/\/www.compagniadisanpaolo.it\/it\/comunicati-stampa\/condividere-gli-spazi-includere-le-differenze-ora-e-realta\/\" target=\"_blank\">\n\t\t\t\t<span class=\"sr-only\">Facebook<\/span>\n\t\t\t\t<i class=\"fab fa-facebook-f\"><\/i>\n\t\t\t      <\/a>\n\t\t\t    <\/span>\n\t\t\t    \n\t\t\t    <style>\n.twitter, .twitter:hover{\ncolor:#000000 !important;}\n<\/style>\n\n\n\t\t\t    <span class=\"box\">\n\t\t\t      <a class=\"twitter\" href=\"https:\/\/twitter.com\/intent\/tweet?url=https:\/\/www.compagniadisanpaolo.it\/it\/comunicati-stampa\/condividere-gli-spazi-includere-le-differenze-ora-e-realta\/\">\n\t\t\t\t<span class=\"sr-only\">Twitter<\/span>\n\t\t\t\t<i class=\"fa-brands fa-x-twitter\"><\/i>\n\t\t\t      <\/a>\n\t\t\t    <\/span>\n\n\t\t\t    \n\t\t\t    <span class=\"box\">\n\t\t\t      <a class=\"linkedin\" href=\"https:\/\/www.linkedin.com\/shareArticle?mini=true&url=https:\/\/www.compagniadisanpaolo.it\/it\/comunicati-stampa\/condividere-gli-spazi-includere-le-differenze-ora-e-realta\/\">\n\t\t\t\t<span class=\"sr-only\">Linkedin<\/span>\n\t\t\t\t  <i class=\"fa-brands fa-linkedin-in\"><\/i>\n\t\t\t      <\/a>\n\t\t\t    <\/span>\n\n\t\t\t    <span class=\"box\">\n\t\t\t      <a class=\"whatsapp\" href=\"whatsapp:\/\/send?text=https:\/\/www.compagniadisanpaolo.it\/it\/comunicati-stampa\/condividere-gli-spazi-includere-le-differenze-ora-e-realta\/\" data-action=\"share\/whatsapp\/share\">\n\t\t\t\t<span class=\"sr-only\">Whatsapp<\/span>\n\t\t\t\t<i class=\"fa-brands fa-whatsapp\"><\/i>\n\t\t\t      <\/a>\n\t\t\t    <\/span>\n\n\t\t\t    <span class=\"box\">\n\t\t\t      <a class=\"mail\" href=\"mailto:?subject=Condividere gli spazi, includere le differenze ora \u00e8 realt\u00e0&body=https:\/\/www.compagniadisanpaolo.it\/it\/comunicati-stampa\/condividere-gli-spazi-includere-le-differenze-ora-e-realta\/\">\n\t\t\t\t<span class=\"sr-only\">Mail<\/span>\n\t\t\t\t <i class=\"fa-solid fa-envelope\"><\/i>\n\t\t\t      <\/a>\n\t\t\t    <\/span>\n\t\t\t    \n\t\t\t  <\/div>\n\t\t\t<\/div>\n\t      <\/div>\n\t    <\/div><\/div>\n[\/vc_column_text][\/vc_column][\/vc_row][vc_row][vc_column width=&#8221;1\/4&#8243;][vc_column_text]\n\n\n\t\t<div class=\"info-box-wrap\">\n\n\t  <div class=\"info-box date-pub\">\n\t  \t<span class=\"label\">Data di pubblicazione:<\/span>\n\t    <span class=\"value\">3 Maggio 2022<\/span>\n\t  <\/div>\n\t\t\t\t  <div class=\"info-box obj-people\">\n\t\t\t\t\t  <div class=\"info-box obj\"><span class=\"label\">Obiettivo<\/span>\n\t\t\t\t\t    <div class=\"obj-small-box\">\n\t\t\t\t\t      <span>Persone.<\/span>\n\t\t\t\t\t    <\/div>\n\t\t\t\t\t  <\/div>\n\t\t\t\t  <\/div>\n\t\t\t  <div class=\"info-box mission\"><span class=\"label\">Tag<\/span><a href=\"https:\/\/www.compagniadisanpaolo.it\/it\/tags\/risultati\/?_sft_post_tag=coesione-sociale\" class=\"tag-element\">Coesione sociale<\/a><a href=\"https:\/\/www.compagniadisanpaolo.it\/it\/tags\/risultati\/?_sft_post_tag=creazione-di-reti-solide\" class=\"tag-element\">Creazione di reti solide<\/a><a href=\"https:\/\/www.compagniadisanpaolo.it\/it\/tags\/risultati\/?_sft_post_tag=housing-collaborativo\" class=\"tag-element\">Housing collaborativo<\/a><a href=\"https:\/\/www.compagniadisanpaolo.it\/it\/tags\/risultati\/?_sft_post_tag=non-discriminazione\" class=\"tag-element\">Non discriminazione<\/a><a href=\"https:\/\/www.compagniadisanpaolo.it\/it\/tags\/risultati\/?_sft_post_tag=protagonismo-delle-comunita\" class=\"tag-element\">Protagonismo delle comunit\u00e0<\/a><\/div>\t  \n\t<\/div>\n[\/vc_column_text][\/vc_column][vc_column width=&#8221;3\/4&#8243; el_class=&#8221;page-content&#8221;][vc_column_text el_class=&#8221;text&#8221;]\n<ul>\n<li>L\u2019iniziativa \u00e8 stata ideata dalla Citt\u00e0 di Orbassano, dalla Cooperativa Giuseppe Di Vittorio, dalla Fondazione Compagnia di San Paolo, da CDP Immobiliare SGR (del Gruppo Cassa Depositi e Prestiti) e da InvestiRE SGR (Gruppo Banca Finnat).<strong>\u00a0<\/strong><\/li>\n<\/ul>\n<ul>\n<li>Tre gli obiettivi dell\u2019iniziativa: progettare spazi condivisi, favorire l\u2019inclusione di persone con disabilit\u00e0 e creare un equilibrio economico per rendere possibile l\u2019applicazione di canoni sociali.<\/li>\n<\/ul>\n<ul>\n<li><strong>Il 10% degli appartamenti realizzati sar\u00e0 destinato a persone con problemi di disabilit\u00e0 motoria, <\/strong>in particolare con lesioni midollari e patologie neurovegetative (individuati attraverso una selezione con evidenza pubblica).<strong>\u00a0<\/strong><\/li>\n<\/ul>\n<p><strong>Condividere gli Spazi, includere le differenze <\/strong>ad Orbassano (TO) ora \u00e8 realt\u00e0.<\/p>\n<p>Offrire una risposta al disagio abitativo delle famiglie e sviluppare un <strong>nuovo servizio residenziale dedicato alla disabilit\u00e0 motoria<\/strong>, in collaborazione con il &#8220;Gruppo di Aiuto e Sostegno del Disagio Abitativo delle Persone con gravi disabilit\u00e0<strong>&#8220;<\/strong>. Sono questi gli obiettivi del progetto di social housing <strong>\u201cCondividere gli Spazi, includere le differenze\u201d<\/strong> inaugurato oggi. <strong>Primo in Italia <\/strong>con queste caratteristiche, \u00e8 stato progettato per integrare<strong> persone affette da disabilit\u00e0 motoria <\/strong>ed \u00e8 promosso dal \u201c<strong>Fondo Abitare Sostenibile Piemonte (FASP)\u201d<\/strong>: il fondo dedicato allo sviluppo di iniziative di social housing sul territorio piemontese partecipato da Cassa Depositi e Prestiti (attraverso il Fondo Investimenti per l\u2019Abitare \u2013 FIA) con una quota del 66% e dalle maggiori Fondazioni di origine bancaria piemontesi.<\/p>\n<p>Il progetto \u2013 iconico ed esemplare \u2013 \u00e8 stato immaginato dalla Citt\u00e0 di Orbassano, dalla Cooperativa Giuseppe Di Vittorio, dal FASP, da Fondazione Compagnia di San Paolo, da CDP Immobiliare SGR (del Gruppo Cassa Depositi e Prestiti) e da InvestiRE SGR, (primario operatore italiano nella gestione di fondi di investimento immobiliari, tra cui il FASP, connotato da una forte specializzazione nel settore residenziale e nel social housing). L\u2019iniziativa \u00e8 stata pensata per realizzare <strong>3 obiettivi:<\/strong> <strong>progettare spazi condivisi, favorire l\u2019inclusione di persone con disabilit\u00e0 e creare un equilibrio economico per rendere possibile l\u2019applicazione di canoni sociali<\/strong>.<\/p>\n<p><strong>Il 10% degli appartamenti realizzati sar\u00e0 destinato a persone con problemi di disabilit\u00e0 motoria, in particolare con lesioni midollari e patologie neurovegetative (individuati <\/strong><strong>attraverso una selezione con evidenza pubblica<\/strong><strong>). <\/strong><\/p>\n<p><strong>Condividere gli spazi, includere le differenze<\/strong> prevede anche la realizzazione di spazi comuni che ospiteranno attivit\u00e0 e servizi quali: attivit\u00e0 rieducative e assistenza psicologica, isole tecnologiche per laboratori, luoghi collettivi di relazione. Questi <strong>spazi e<\/strong> le <strong>attivit\u00e0<\/strong> ad essi connesse saranno <strong>rivolti <\/strong>sia <strong>ai soci<\/strong> assegnatari <strong>sia agli abitanti del territorio<\/strong> e saranno gestiti e presidiati dalle associazioni specializzate del terzo settore.<\/p>\n<p>\u201cCome sempre la nostra Cooperativa, con entusiasmo, ha preso parte e trainato i diversi protagonisti di questo intervento per continuare a dare risposte ai nostri Soci ed anche confrontarci con esigenze di un abitare con le quali non avevamo alcuna esperienza.\u00a0 Purtroppo durante il percorso il cantiere \u00e8 stato investito dalla pandemia ed infine dagli aumenti dei costi ma nonostante queste variabili abbiamo rispettato i nostri impegni verso i Soci non aumentando il canone.<\/p>\n<p>\u00c8 doveroso ringraziare tutte le persone che hanno lavorato per consentirci, oggi, di presentare questo intervento ed in particolare ricordare Pasquale Cifani che \u00e8 stato l\u2019anima del progetto\u201d commenta il Presidente <strong>Massimo Rizzo<\/strong>.<\/p>\n<p>Un progetto con caratteri di flessibilit\u00e0 dove l&#8217;inclusione \u00e8 l&#8217;anima dell&#8217;abitare, vivere la condizione di disabilit\u00e0 in un complesso residenziale senza ostacoli e separazioni con altre famiglie normodotate. L&#8217;obiettivo \u00e8 quello di garantire il pi\u00f9 possibile un ritorno alla normalit\u00e0 realizzando appartamenti come fossero abiti su misura, particolare attenzione \u00e8 stata posta agli aspetti della sostenibilit\u00e0 ambientale con la progettazione di impianti tecnologici a basso impatto energetico e di soluzioni ergonomiche a favore dei soggetti disabili\u201d conclude l\u2019architetto <strong>Graziella Mercuri<\/strong> progettista del complesso con la collaborazione di <strong>Walter Fazzalari<\/strong>.<\/p>\n<p>La <strong>Fondazione<\/strong> <strong>Compagnia di San Paolo<\/strong>, oltre al sostegno attraverso il<strong> fondo FASP, <\/strong>supporta le attivit\u00e0 e le lavorazioni specificatamente pensate ai fini della realizzazione della componente dedicata alle persone disabili.<\/p>\n<p>\u201cLa Fondazione Compagnia di San Paolo si impegna affinch\u00e9 le persone non si sentano sole nell\u2019affrontare le proprie sfide, considerando ogni diversit\u00e0 come una fonte di ricchezza da cui partire. Il progetto che inauguriamo oggi rappresenta un nuovo modello replicabile di Social Housing: un\u2019infrastruttura sociale che favorisce la vita indipendente delle persone con disabilit\u00e0 attraverso percorsi di sviluppo dell\u2019autonomia, che \u00e8 capace di supportare le persone ad essere protagoniste del proprio futuro e nello stesso tempo crea una comunit\u00e0 che non solo condivide gli spazi ma una nuova modalit\u00e0 di abitare insieme\u201d dichiara <strong><a href=\"https:\/\/www.compagniadisanpaolo.it\/it\/team\/francesco-profumo\/\" target=\"_blank\" rel=\"noopener\">Francesco Profumo<\/a>, <\/strong>Presidente della<strong> Fondazione Compagnia di San Paolo<\/strong>.<\/p>\n<p>\u201cIl Gruppo CDP, in coerenza con l\u2019orientamento ad uno sviluppo sostenibile con impatto sulle comunit\u00e0 e in stretta collaborazione con il territorio, con le Fondazioni di origine bancaria e con gli altri partner locali, ha contribuito a questa nuova fase del progetto per Orbassano dal contenuto sociale innovativo. Certamente un ottimo esempio di come le iniziative dei fondi da noi gestiti non si limitino ad offrire residenzialit\u00e0 a prezzi e canoni calmierati, ma puntino a fornire un supporto specifico per un fabbisogno mirato, in questo caso, a chi soffre di disabilit\u00e0 motorie e alle loro famiglie\u201d \u2013 sottolinea <strong>Livio Cassoli<\/strong>, del Team <strong>Investimenti FIA<\/strong> e <strong>FNAS<\/strong> della <strong>SGR <\/strong>di<strong> Cassa Depositi e Prestiti<\/strong>.<\/p>\n<p>\u201cInvestiRE SGR rappresenta l\u2019operatore di riferimento nello sviluppo e gestione di progetti di social housing a livello nazionale. InvestiRE SGR, negli ultimi dieci anni, ha ideato e realizzato in Italia pi\u00f9 di cento progetti di social housing, corrispondenti a circa 6.300 appartamenti a beneficio di altrettante famiglie, grazie al supporto di CDPI SGR e delle fondazioni bancarie locali quali principali investitori. Il progetto di Orbassano nasce da questa solida esperienza e propone al contempo un carattere innovativo e sperimentale essendo finalizzato alla costituzione di una comunit\u00e0 che equilibra le esigenze di inquilini tradizionali ed inquilini affetti da disabilit\u00e0 motoria. Questo risultato \u00e8 stato possibile grazie ad un percorso di progettazione condivisa nel quale il Gruppo di Aiuto e Sostegno del Disagio Abitativo delle Persone con gravi disabilit\u00e0, la Coop di Vittorio e Compagnia San Paolo hanno potuto apportare il loro indispensabile contributo\u201d afferma <strong>Paolo Boleso<\/strong>, Head of Residential and Social Infrastructure di <strong>InvestiRE SGR<\/strong>.<\/p>\n<p>\u201cUna grandissima soddisfazione per un sindaco essere testimone sul territorio che amministra di un progetto di tale portata, che persegue obiettivi sociali, inclusivi e di vita indipendente. Il quale si inserisce pienamente nell\u2019ampio progetto portato avanti dal mostro comune Orbassano senza barriere. Un progetto ambizioso continuo e costante composto da tutti quegli elementi capaci di creare cultura dell&#8217;inclusione, lo stile inclusivo e la filosofia dell\u2019inclusivit\u00e0 quali buone pratiche quotidiane. La Commissione inclusiva insediatasi per definire i requisiti necessari per partecipare alla manifestazione di interesse ha operato attraverso diversi incontri, nello spirito di condivisione e confronto. Ringrazio tutti i componenti per il lavoro svolto e la competenza dimostrata. Ringrazio gli Uffici comunali casa\/assistenza per la collaborazione e l&#8217;impegno. Un ringraziamento particolare va alla Cooperativa Di Vittorio, all&#8217;arch. Graziella Mercuri che ha saputo interpretare attraverso la progettazione la volont\u00e0 e la continuit\u00e0 del compianto Presidente, nonch\u00e9 amico, Pasquale Cifani. Un ringraziamento generale a tutti gli Attori che hanno e condiviso e reso possibile questo intervento\u201d conclude <strong>Cinzia Maria Bosso<\/strong>, Sindaco della <strong>Citt\u00e0 di Orbassano<\/strong>.[\/vc_column_text][\/vc_column][\/vc_row][vc_row el_class=&#8221;sdg-list-wrap&#8221;][vc_column][vc_raw_html]JTVCbW9zdHJhU0RHUyU1RA==[\/vc_raw_html][\/vc_column][\/vc_row][vc_row el_class=&#8221;sdg-list-wrap&#8221;][vc_column][vc_raw_html]JTVCU2V6aW9uZV9Eb2N1bWVudGklNUQ=[\/vc_raw_html][\/vc_column][\/vc_row][vc_row][vc_column]<div class=\"templatera_shortcode\"><div data-vc-full-width=\"true\" data-vc-full-width-temp=\"true\" data-vc-full-width-init=\"false\" class=\"vc_row wpb_row vc_row-fluid newsletter-wrap\"><div class=\"wpb_column vc_column_container vc_col-sm-12\"><div class=\"vc_column-inner\"><div class=\"wpb_wrapper\">\n\t<div class=\"wpb_raw_code wpb_raw_html wpb_content_element\" >\n\t\t<div class=\"wpb_wrapper\">\n\t\t\t    <div class=\"container\">\n      <div class=\"row align-items-center\">\n\t<div class=\"col-12 col-lg-6 col-xl-5 mb-3 mb-lg-0 pr-0\">\n\t  <h2 class=\"title\">Rimani aggiornato sui nostri bandi e sui nostri progetti<\/h2>\n\t<\/div>\n\t<div class=\"col-12 col-lg-6 col-xl-7 pl-xl-4\">\n\t  <a class=\"standard-link-block\" href=\"\/it\/newsletter\/\">\n\t    Compila il form e decidi su quale argomento vuoi ricevere notizie.\t    <strong>\u00a0 ISCRIVITI!<\/strong>\n\t  <\/a>\n\t<\/div>\n      <\/div>\n    <\/div>\n\t\t<\/div>\n\t<\/div>\n<\/div><\/div><\/div><\/div><div class=\"vc_row-full-width vc_clearfix\"><\/div><\/div>[\/vc_column][\/vc_row]\n<\/div>","protected":false},"excerpt":{"rendered":"A Orbassano (TO) inaugura il primo social housing progettato anche per accogliere persone con grave disabilit\u00e0 motoria Condividi: Facebook Twitter Linkedin Whatsapp Mail Data di pubblicazione: 3 Maggio 2022 Obiettivo Persone. TagCoesione socialeCreazione di reti solideHousing collaborativoNon discriminazioneProtagonismo delle comunit\u00e0 L\u2019iniziativa \u00e8 stata ideata dalla Citt\u00e0 di Orbassano, dalla Cooperativa Giuseppe Di Vittorio, dalla Fondazione Compagnia di San Paolo, da CDP Immobiliare SGR (del Gruppo Cassa Depositi e Prestiti) e da InvestiRE SGR (Gruppo Banca Finnat).\u00a0 Tre gli obiettivi dell\u2019iniziativa: progettare spazi condivisi, favorire l\u2019inclusione di persone con disabilit\u00e0 e creare un equilibrio economico per rendere possibile l\u2019applicazione di canoni sociali. Il 10% degli appartamenti realizzati sar\u00e0 destinato a persone con problemi di disabilit\u00e0 motoria, in particolare con lesioni midollari e patologie neurovegetative (individuati attraverso una selezione con evidenza pubblica).\u00a0 Condividere gli Spazi, includere le differenze ad Orbassano (TO) ora \u00e8 realt\u00e0. Offrire una risposta al disagio abitativo delle famiglie e sviluppare un nuovo servizio residenziale dedicato alla disabilit\u00e0 motoria, in collaborazione con il \"Gruppo di Aiuto e Sostegno del Disagio Abitativo delle Persone con gravi disabilit\u00e0\". Sono questi gli obiettivi del progetto di social housing \u201cCondividere gli Spazi, includere le differenze\u201d inaugurato oggi. Primo in Italia con queste caratteristiche, \u00e8 stato progettato per integrare persone affette da disabilit\u00e0 motoria ed \u00e8 promosso dal \u201cFondo Abitare Sostenibile Piemonte (FASP)\u201d: il fondo dedicato allo sviluppo di iniziative di social housing sul territorio piemontese partecipato da Cassa Depositi e Prestiti (attraverso il Fondo Investimenti per l\u2019Abitare \u2013 FIA) con una quota del 66% e dalle maggiori Fondazioni di origine bancaria piemontesi. Il progetto \u2013 iconico ed esemplare \u2013 \u00e8 stato immaginato dalla Citt\u00e0 di Orbassano, dalla Cooperativa Giuseppe Di Vittorio, dal FASP, da Fondazione Compagnia di San Paolo, da CDP Immobiliare SGR (del Gruppo Cassa Depositi e Prestiti) e da InvestiRE SGR, (primario operatore italiano nella gestione di fondi di investimento immobiliari, tra cui il FASP, connotato da una forte specializzazione nel settore residenziale e nel social housing). L\u2019iniziativa \u00e8 stata pensata per realizzare 3 obiettivi: progettare spazi condivisi, favorire l\u2019inclusione di persone con disabilit\u00e0 e creare un equilibrio economico per rendere possibile l\u2019applicazione di canoni sociali. Il 10% degli appartamenti realizzati sar\u00e0 destinato a persone con problemi di disabilit\u00e0 motoria, in particolare con lesioni midollari e patologie neurovegetative (individuati attraverso una selezione con evidenza pubblica). Condividere gli spazi, includere le differenze prevede anche la realizzazione di spazi comuni che ospiteranno attivit\u00e0 e servizi quali: attivit\u00e0 rieducative e assistenza psicologica, isole tecnologiche per laboratori, luoghi collettivi di relazione. Questi spazi e le attivit\u00e0 ad essi connesse saranno rivolti sia ai soci assegnatari sia agli abitanti del territorio e saranno gestiti e presidiati dalle associazioni specializzate del terzo settore. \u201cCome sempre la nostra Cooperativa, con entusiasmo, ha preso parte e trainato i diversi protagonisti di questo intervento per continuare a dare risposte ai nostri Soci ed anche confrontarci con esigenze di un abitare con le quali non avevamo alcuna esperienza.\u00a0 Purtroppo durante il percorso il cantiere \u00e8 stato investito dalla pandemia ed infine dagli aumenti dei costi ma nonostante queste variabili abbiamo rispettato i nostri impegni verso i Soci non aumentando il canone. \u00c8 doveroso ringraziare tutte le persone che hanno lavorato per consentirci, oggi, di presentare questo intervento ed in particolare ricordare Pasquale Cifani che \u00e8 stato l\u2019anima del progetto\u201d commenta il Presidente Massimo Rizzo. Un progetto con caratteri di flessibilit\u00e0 dove l'inclusione \u00e8 l'anima dell'abitare, vivere la condizione di disabilit\u00e0 in un complesso residenziale senza ostacoli e separazioni con altre famiglie normodotate. L'obiettivo \u00e8 quello di garantire il pi\u00f9 possibile un ritorno alla normalit\u00e0 realizzando appartamenti come fossero abiti su misura, particolare attenzione \u00e8 stata posta agli aspetti della sostenibilit\u00e0 ambientale con la progettazione di impianti tecnologici a basso impatto energetico e di soluzioni ergonomiche a favore dei soggetti disabili\u201d conclude l\u2019architetto Graziella Mercuri progettista del complesso con la collaborazione di Walter Fazzalari. La Fondazione Compagnia di San Paolo, oltre al sostegno attraverso il fondo FASP, supporta le attivit\u00e0 e le lavorazioni specificatamente pensate ai fini della realizzazione della componente dedicata alle persone disabili. \u201cLa Fondazione Compagnia di San Paolo si impegna affinch\u00e9 le persone non si sentano sole nell\u2019affrontare le proprie sfide, considerando ogni diversit\u00e0 come una fonte di ricchezza da cui partire. Il progetto che inauguriamo oggi rappresenta un nuovo modello replicabile di Social Housing: un\u2019infrastruttura sociale che favorisce la vita indipendente delle persone con disabilit\u00e0 attraverso percorsi di sviluppo dell\u2019autonomia, che \u00e8 capace di supportare le persone ad essere protagoniste del proprio futuro e nello stesso tempo crea una comunit\u00e0 che non solo condivide gli spazi ma una nuova modalit\u00e0 di abitare insieme\u201d dichiara Francesco Profumo, Presidente della Fondazione Compagnia di San Paolo. \u201cIl Gruppo CDP, in coerenza con l\u2019orientamento ad uno sviluppo sostenibile con impatto sulle comunit\u00e0 e in stretta collaborazione con il territorio, con le Fondazioni di origine bancaria e con gli altri partner locali, ha contribuito a questa nuova fase del progetto per Orbassano dal contenuto sociale innovativo. Certamente un ottimo esempio di come le iniziative dei fondi da noi gestiti non si limitino ad offrire residenzialit\u00e0 a prezzi e canoni calmierati, ma puntino a fornire un supporto specifico per un fabbisogno mirato, in questo caso, a chi soffre di disabilit\u00e0 motorie e alle loro famiglie\u201d \u2013 sottolinea Livio Cassoli, del Team Investimenti FIA e FNAS della SGR di Cassa Depositi e Prestiti. \u201cInvestiRE SGR rappresenta l\u2019operatore di riferimento nello sviluppo e gestione di progetti di social housing a livello nazionale. InvestiRE SGR, negli ultimi dieci anni, ha ideato e realizzato in Italia pi\u00f9 di cento progetti di social housing, corrispondenti a circa 6.300 appartamenti a beneficio di altrettante famiglie, grazie al supporto di CDPI SGR e delle fondazioni bancarie locali quali principali investitori. Il progetto di Orbassano nasce da questa solida esperienza e propone al contempo un carattere innovativo e sperimentale essendo finalizzato alla costituzione di una comunit\u00e0 che equilibra le esigenze di inquilini tradizionali ed inquilini affetti da disabilit\u00e0 motoria. Questo risultato \u00e8 stato possibile grazie ad un percorso di progettazione condivisa nel","protected":false},"featured_media":17875,"menu_order":0,"template":"","meta":{"_acf_changed":false,"content-type":""},"tags":[51,70,76,50,90],"class_list":["post-17884","comunicatistampa","type-comunicatistampa","status-publish","has-post-thumbnail","hentry","tag-coesione-sociale","tag-creazione-di-reti-solide","tag-housing-collaborativo","tag-non-discriminazione","tag-protagonismo-delle-comunita","entry","post-inner"],"acf":[],"yoast_head":"<!-- This site is optimized with the Yoast SEO plugin v27.3 - https:\/\/yoast.com\/product\/yoast-seo-wordpress\/ -->\n<title>Condividere gli spazi, includere le differenze ora \u00e8 realt\u00e0 - Fondazione Compagnia di San Paolo<\/title>\n<meta name=\"description\" content=\"A Orbassano (TO) inaugura il primo social housing progettato anche per accogliere persone con grave disabilit\u00e0 motoria\" \/>\n<meta name=\"robots\" content=\"index, follow, max-snippet:-1, max-image-preview:large, max-video-preview:-1\" \/>\n<link rel=\"canonical\" href=\"https:\/\/www.compagniadisanpaolo.it\/it\/comunicati-stampa\/condividere-gli-spazi-includere-le-differenze-ora-e-realta\/\" \/>\n<meta property=\"og:locale\" content=\"it_IT\" \/>\n<meta property=\"og:type\" content=\"article\" \/>\n<meta property=\"og:title\" content=\"Condividere gli spazi, includere le differenze ora \u00e8 realt\u00e0 - Fondazione Compagnia di San Paolo\" \/>\n<meta property=\"og:description\" content=\"A Orbassano (TO) inaugura il primo social housing progettato anche per accogliere persone con grave disabilit\u00e0 motoria\" \/>\n<meta property=\"og:url\" content=\"https:\/\/www.compagniadisanpaolo.it\/it\/comunicati-stampa\/condividere-gli-spazi-includere-le-differenze-ora-e-realta\/\" \/>\n<meta property=\"og:site_name\" content=\"Fondazione Compagnia di San Paolo\" \/>\n<meta property=\"article:publisher\" content=\"https:\/\/www.facebook.com\/CompagniaDiSanPaolo\" \/>\n<meta property=\"og:image\" content=\"https:\/\/www.compagniadisanpaolo.it\/wp-content\/uploads\/orbassano-head.jpg\" \/>\n\t<meta property=\"og:image:width\" content=\"815\" \/>\n\t<meta property=\"og:image:height\" content=\"350\" \/>\n\t<meta property=\"og:image:type\" content=\"image\/jpeg\" \/>\n<meta name=\"twitter:card\" content=\"summary_large_image\" \/>\n<meta name=\"twitter:site\" content=\"@CSP_live\" \/>\n<meta name=\"twitter:label1\" content=\"Tempo di lettura stimato\" \/>\n\t<meta name=\"twitter:data1\" content=\"5 minuti\" \/>\n<script type=\"application\/ld+json\" class=\"yoast-schema-graph\">{\"@context\":\"https:\\\/\\\/schema.org\",\"@graph\":[{\"@type\":\"WebPage\",\"@id\":\"https:\\\/\\\/www.compagniadisanpaolo.it\\\/it\\\/comunicati-stampa\\\/condividere-gli-spazi-includere-le-differenze-ora-e-realta\\\/\",\"url\":\"https:\\\/\\\/www.compagniadisanpaolo.it\\\/it\\\/comunicati-stampa\\\/condividere-gli-spazi-includere-le-differenze-ora-e-realta\\\/\",\"name\":\"Condividere gli spazi, includere le differenze ora \u00e8 realt\u00e0 - Fondazione Compagnia di San Paolo\",\"isPartOf\":{\"@id\":\"https:\\\/\\\/www.compagniadisanpaolo.it\\\/it\\\/#website\"},\"primaryImageOfPage\":{\"@id\":\"https:\\\/\\\/www.compagniadisanpaolo.it\\\/it\\\/comunicati-stampa\\\/condividere-gli-spazi-includere-le-differenze-ora-e-realta\\\/#primaryimage\"},\"image\":{\"@id\":\"https:\\\/\\\/www.compagniadisanpaolo.it\\\/it\\\/comunicati-stampa\\\/condividere-gli-spazi-includere-le-differenze-ora-e-realta\\\/#primaryimage\"},\"thumbnailUrl\":\"https:\\\/\\\/www.compagniadisanpaolo.it\\\/wp-content\\\/uploads\\\/orbassano-head.jpg\",\"datePublished\":\"2022-05-03T16:03:09+00:00\",\"description\":\"A Orbassano (TO) inaugura il primo social housing progettato anche per accogliere persone con grave disabilit\u00e0 motoria\",\"breadcrumb\":{\"@id\":\"https:\\\/\\\/www.compagniadisanpaolo.it\\\/it\\\/comunicati-stampa\\\/condividere-gli-spazi-includere-le-differenze-ora-e-realta\\\/#breadcrumb\"},\"inLanguage\":\"it-IT\",\"potentialAction\":[{\"@type\":\"ReadAction\",\"target\":[\"https:\\\/\\\/www.compagniadisanpaolo.it\\\/it\\\/comunicati-stampa\\\/condividere-gli-spazi-includere-le-differenze-ora-e-realta\\\/\"]}]},{\"@type\":\"ImageObject\",\"inLanguage\":\"it-IT\",\"@id\":\"https:\\\/\\\/www.compagniadisanpaolo.it\\\/it\\\/comunicati-stampa\\\/condividere-gli-spazi-includere-le-differenze-ora-e-realta\\\/#primaryimage\",\"url\":\"https:\\\/\\\/www.compagniadisanpaolo.it\\\/wp-content\\\/uploads\\\/orbassano-head.jpg\",\"contentUrl\":\"https:\\\/\\\/www.compagniadisanpaolo.it\\\/wp-content\\\/uploads\\\/orbassano-head.jpg\",\"width\":815,\"height\":350},{\"@type\":\"BreadcrumbList\",\"@id\":\"https:\\\/\\\/www.compagniadisanpaolo.it\\\/it\\\/comunicati-stampa\\\/condividere-gli-spazi-includere-le-differenze-ora-e-realta\\\/#breadcrumb\",\"itemListElement\":[{\"@type\":\"ListItem\",\"position\":1,\"name\":\"Home\",\"item\":\"https:\\\/\\\/www.compagniadisanpaolo.it\\\/it\\\/\"},{\"@type\":\"ListItem\",\"position\":2,\"name\":\"Condividere gli spazi, includere le differenze ora \u00e8 realt\u00e0\"}]},{\"@type\":\"WebSite\",\"@id\":\"https:\\\/\\\/www.compagniadisanpaolo.it\\\/it\\\/#website\",\"url\":\"https:\\\/\\\/www.compagniadisanpaolo.it\\\/it\\\/\",\"name\":\"Fondazione Compagnia di San Paolo\",\"description\":\"\",\"publisher\":{\"@id\":\"https:\\\/\\\/www.compagniadisanpaolo.it\\\/it\\\/#organization\"},\"potentialAction\":[{\"@type\":\"SearchAction\",\"target\":{\"@type\":\"EntryPoint\",\"urlTemplate\":\"https:\\\/\\\/www.compagniadisanpaolo.it\\\/it\\\/?s={search_term_string}\"},\"query-input\":{\"@type\":\"PropertyValueSpecification\",\"valueRequired\":true,\"valueName\":\"search_term_string\"}}],\"inLanguage\":\"it-IT\"},{\"@type\":\"Organization\",\"@id\":\"https:\\\/\\\/www.compagniadisanpaolo.it\\\/it\\\/#organization\",\"name\":\"Fondazione Compagnia di San Paolo\",\"url\":\"https:\\\/\\\/www.compagniadisanpaolo.it\\\/it\\\/\",\"logo\":{\"@type\":\"ImageObject\",\"inLanguage\":\"it-IT\",\"@id\":\"https:\\\/\\\/www.compagniadisanpaolo.it\\\/it\\\/#\\\/schema\\\/logo\\\/image\\\/\",\"url\":\"https:\\\/\\\/www.compagniadisanpaolo.it\\\/wp-content\\\/uploads\\\/logo.svg\",\"contentUrl\":\"https:\\\/\\\/www.compagniadisanpaolo.it\\\/wp-content\\\/uploads\\\/logo.svg\",\"width\":769,\"height\":323,\"caption\":\"Fondazione Compagnia di San Paolo\"},\"image\":{\"@id\":\"https:\\\/\\\/www.compagniadisanpaolo.it\\\/it\\\/#\\\/schema\\\/logo\\\/image\\\/\"},\"sameAs\":[\"https:\\\/\\\/www.facebook.com\\\/CompagniaDiSanPaolo\",\"https:\\\/\\\/x.com\\\/CSP_live\",\"http:\\\/\\\/instagram.com\\\/compagniadisanpaolo?ref=badge\",\"https:\\\/\\\/www.linkedin.com\\\/company\\\/compagnia-di-san-paolo\",\"https:\\\/\\\/www.youtube.com\\\/user\\\/compagniadisanpaolo\",\"https:\\\/\\\/it.wikipedia.org\\\/wiki\\\/Compagnia_di_San_Paolo\"]}]}<\/script>\n<!-- \/ Yoast SEO plugin. -->","yoast_head_json":{"title":"Condividere gli spazi, includere le differenze ora \u00e8 realt\u00e0 - Fondazione Compagnia di San Paolo","description":"A Orbassano (TO) inaugura il primo social housing progettato anche per accogliere persone con grave disabilit\u00e0 motoria","robots":{"index":"index","follow":"follow","max-snippet":"max-snippet:-1","max-image-preview":"max-image-preview:large","max-video-preview":"max-video-preview:-1"},"canonical":"https:\/\/www.compagniadisanpaolo.it\/it\/comunicati-stampa\/condividere-gli-spazi-includere-le-differenze-ora-e-realta\/","og_locale":"it_IT","og_type":"article","og_title":"Condividere gli spazi, includere le differenze ora \u00e8 realt\u00e0 - Fondazione Compagnia di San Paolo","og_description":"A Orbassano (TO) inaugura il primo social housing progettato anche per accogliere persone con grave disabilit\u00e0 motoria","og_url":"https:\/\/www.compagniadisanpaolo.it\/it\/comunicati-stampa\/condividere-gli-spazi-includere-le-differenze-ora-e-realta\/","og_site_name":"Fondazione Compagnia di San Paolo","article_publisher":"https:\/\/www.facebook.com\/CompagniaDiSanPaolo","og_image":[{"width":815,"height":350,"url":"https:\/\/www.compagniadisanpaolo.it\/wp-content\/uploads\/orbassano-head.jpg","type":"image\/jpeg"}],"twitter_card":"summary_large_image","twitter_site":"@CSP_live","twitter_misc":{"Tempo di lettura stimato":"5 minuti"},"schema":{"@context":"https:\/\/schema.org","@graph":[{"@type":"WebPage","@id":"https:\/\/www.compagniadisanpaolo.it\/it\/comunicati-stampa\/condividere-gli-spazi-includere-le-differenze-ora-e-realta\/","url":"https:\/\/www.compagniadisanpaolo.it\/it\/comunicati-stampa\/condividere-gli-spazi-includere-le-differenze-ora-e-realta\/","name":"Condividere gli spazi, includere le differenze ora \u00e8 realt\u00e0 - Fondazione Compagnia di San Paolo","isPartOf":{"@id":"https:\/\/www.compagniadisanpaolo.it\/it\/#website"},"primaryImageOfPage":{"@id":"https:\/\/www.compagniadisanpaolo.it\/it\/comunicati-stampa\/condividere-gli-spazi-includere-le-differenze-ora-e-realta\/#primaryimage"},"image":{"@id":"https:\/\/www.compagniadisanpaolo.it\/it\/comunicati-stampa\/condividere-gli-spazi-includere-le-differenze-ora-e-realta\/#primaryimage"},"thumbnailUrl":"https:\/\/www.compagniadisanpaolo.it\/wp-content\/uploads\/orbassano-head.jpg","datePublished":"2022-05-03T16:03:09+00:00","description":"A Orbassano (TO) inaugura il primo social housing progettato anche per accogliere persone con grave disabilit\u00e0 motoria","breadcrumb":{"@id":"https:\/\/www.compagniadisanpaolo.it\/it\/comunicati-stampa\/condividere-gli-spazi-includere-le-differenze-ora-e-realta\/#breadcrumb"},"inLanguage":"it-IT","potentialAction":[{"@type":"ReadAction","target":["https:\/\/www.compagniadisanpaolo.it\/it\/comunicati-stampa\/condividere-gli-spazi-includere-le-differenze-ora-e-realta\/"]}]},{"@type":"ImageObject","inLanguage":"it-IT","@id":"https:\/\/www.compagniadisanpaolo.it\/it\/comunicati-stampa\/condividere-gli-spazi-includere-le-differenze-ora-e-realta\/#primaryimage","url":"https:\/\/www.compagniadisanpaolo.it\/wp-content\/uploads\/orbassano-head.jpg","contentUrl":"https:\/\/www.compagniadisanpaolo.it\/wp-content\/uploads\/orbassano-head.jpg","width":815,"height":350},{"@type":"BreadcrumbList","@id":"https:\/\/www.compagniadisanpaolo.it\/it\/comunicati-stampa\/condividere-gli-spazi-includere-le-differenze-ora-e-realta\/#breadcrumb","itemListElement":[{"@type":"ListItem","position":1,"name":"Home","item":"https:\/\/www.compagniadisanpaolo.it\/it\/"},{"@type":"ListItem","position":2,"name":"Condividere gli spazi, includere le differenze ora \u00e8 realt\u00e0"}]},{"@type":"WebSite","@id":"https:\/\/www.compagniadisanpaolo.it\/it\/#website","url":"https:\/\/www.compagniadisanpaolo.it\/it\/","name":"Fondazione Compagnia di San Paolo","description":"","publisher":{"@id":"https:\/\/www.compagniadisanpaolo.it\/it\/#organization"},"potentialAction":[{"@type":"SearchAction","target":{"@type":"EntryPoint","urlTemplate":"https:\/\/www.compagniadisanpaolo.it\/it\/?s={search_term_string}"},"query-input":{"@type":"PropertyValueSpecification","valueRequired":true,"valueName":"search_term_string"}}],"inLanguage":"it-IT"},{"@type":"Organization","@id":"https:\/\/www.compagniadisanpaolo.it\/it\/#organization","name":"Fondazione Compagnia di San Paolo","url":"https:\/\/www.compagniadisanpaolo.it\/it\/","logo":{"@type":"ImageObject","inLanguage":"it-IT","@id":"https:\/\/www.compagniadisanpaolo.it\/it\/#\/schema\/logo\/image\/","url":"https:\/\/www.compagniadisanpaolo.it\/wp-content\/uploads\/logo.svg","contentUrl":"https:\/\/www.compagniadisanpaolo.it\/wp-content\/uploads\/logo.svg","width":769,"height":323,"caption":"Fondazione Compagnia di San Paolo"},"image":{"@id":"https:\/\/www.compagniadisanpaolo.it\/it\/#\/schema\/logo\/image\/"},"sameAs":["https:\/\/www.facebook.com\/CompagniaDiSanPaolo","https:\/\/x.com\/CSP_live","http:\/\/instagram.com\/compagniadisanpaolo?ref=badge","https:\/\/www.linkedin.com\/company\/compagnia-di-san-paolo","https:\/\/www.youtube.com\/user\/compagniadisanpaolo","https:\/\/it.wikipedia.org\/wiki\/Compagnia_di_San_Paolo"]}]}},"amp_enabled":true,"_links":{"self":[{"href":"https:\/\/www.compagniadisanpaolo.it\/it\/wp-json\/wp\/v2\/comunicatistampa\/17884","targetHints":{"allow":["GET"]}}],"collection":[{"href":"https:\/\/www.compagniadisanpaolo.it\/it\/wp-json\/wp\/v2\/comunicatistampa"}],"about":[{"href":"https:\/\/www.compagniadisanpaolo.it\/it\/wp-json\/wp\/v2\/types\/comunicatistampa"}],"wp:featuredmedia":[{"embeddable":true,"href":"https:\/\/www.compagniadisanpaolo.it\/it\/wp-json\/wp\/v2\/media\/17875"}],"wp:attachment":[{"href":"https:\/\/www.compagniadisanpaolo.it\/it\/wp-json\/wp\/v2\/media?parent=17884"}],"wp:term":[{"taxonomy":"post_tag","embeddable":true,"href":"https:\/\/www.compagniadisanpaolo.it\/it\/wp-json\/wp\/v2\/tags?post=17884"}],"curies":[{"name":"wp","href":"https:\/\/api.w.org\/{rel}","templated":true}]}}