{"id":16189,"date":"2021-12-16T16:30:06","date_gmt":"2021-12-16T15:30:06","guid":{"rendered":"https:\/\/www.compagniadisanpaolo.it\/?post_type=comunicatistampa&#038;p=16189"},"modified":"2022-01-26T17:24:56","modified_gmt":"2022-01-26T16:24:56","slug":"inaugurato-oggi-lhub-vaccinale-della-fondazione-compagnia-di-san-paolo","status":"publish","type":"comunicatistampa","link":"https:\/\/www.compagniadisanpaolo.it\/it\/comunicati-stampa\/inaugurato-oggi-lhub-vaccinale-della-fondazione-compagnia-di-san-paolo\/","title":{"rendered":"Inaugurato oggi l&#8217;Hub Vaccinale Bambini della Fondazione Compagnia di San Paolo"},"content":{"rendered":"<div class=\"wpb-content-wrapper\">[vc_row][vc_column][vc_column_text el_class=&#8221;text-headline2&#8243;]Partita la campagna vaccinale anti-Covid rivolta ai bambini 5-11 anni[\/vc_column_text][\/vc_column][\/vc_row][vc_row][vc_column][vc_column_text]\n<div class=\"info-box mission\">\n\t\t<div class=\"info-box-wrap info-box-hor row pb-0\">\n\n\t\t      \n\t\t      <div class=\"spalla col-12 col-md-12\">\n\t\t\t<div class=\"info-box sharing-box\">\n\t\t\t  <span class=\"label\">Condividi:<\/span>\n\t\t\t  <div class=\"social-sharing\">\n\t\t\t    <span class=\"box\">\n\t\t\t      <a class=\"fb\" href=\"https:\/\/www.facebook.com\/sharer.php?u=https:\/\/www.compagniadisanpaolo.it\/it\/comunicati-stampa\/inaugurato-oggi-lhub-vaccinale-della-fondazione-compagnia-di-san-paolo\/\" target=\"_blank\">\n\t\t\t\t<span class=\"sr-only\">Facebook<\/span>\n\t\t\t\t<i class=\"fab fa-facebook-f\"><\/i>\n\t\t\t      <\/a>\n\t\t\t    <\/span>\n\t\t\t    \n\t\t\t    <style>\n.twitter, .twitter:hover{\ncolor:#000000 !important;}\n<\/style>\n\n\n\t\t\t    <span class=\"box\">\n\t\t\t      <a class=\"twitter\" href=\"https:\/\/twitter.com\/intent\/tweet?url=https:\/\/www.compagniadisanpaolo.it\/it\/comunicati-stampa\/inaugurato-oggi-lhub-vaccinale-della-fondazione-compagnia-di-san-paolo\/\">\n\t\t\t\t<span class=\"sr-only\">Twitter<\/span>\n\t\t\t\t<i class=\"fa-brands fa-x-twitter\"><\/i>\n\t\t\t      <\/a>\n\t\t\t    <\/span>\n\n\t\t\t    \n\t\t\t    <span class=\"box\">\n\t\t\t      <a class=\"linkedin\" href=\"https:\/\/www.linkedin.com\/shareArticle?mini=true&url=https:\/\/www.compagniadisanpaolo.it\/it\/comunicati-stampa\/inaugurato-oggi-lhub-vaccinale-della-fondazione-compagnia-di-san-paolo\/\">\n\t\t\t\t<span class=\"sr-only\">Linkedin<\/span>\n\t\t\t\t  <i class=\"fa-brands fa-linkedin-in\"><\/i>\n\t\t\t      <\/a>\n\t\t\t    <\/span>\n\n\t\t\t    <span class=\"box\">\n\t\t\t      <a class=\"whatsapp\" href=\"whatsapp:\/\/send?text=https:\/\/www.compagniadisanpaolo.it\/it\/comunicati-stampa\/inaugurato-oggi-lhub-vaccinale-della-fondazione-compagnia-di-san-paolo\/\" data-action=\"share\/whatsapp\/share\">\n\t\t\t\t<span class=\"sr-only\">Whatsapp<\/span>\n\t\t\t\t<i class=\"fa-brands fa-whatsapp\"><\/i>\n\t\t\t      <\/a>\n\t\t\t    <\/span>\n\n\t\t\t    <span class=\"box\">\n\t\t\t      <a class=\"mail\" href=\"mailto:?subject=Inaugurato oggi l'Hub Vaccinale Bambini della Fondazione Compagnia di San Paolo&body=https:\/\/www.compagniadisanpaolo.it\/it\/comunicati-stampa\/inaugurato-oggi-lhub-vaccinale-della-fondazione-compagnia-di-san-paolo\/\">\n\t\t\t\t<span class=\"sr-only\">Mail<\/span>\n\t\t\t\t <i class=\"fa-solid fa-envelope\"><\/i>\n\t\t\t      <\/a>\n\t\t\t    <\/span>\n\t\t\t    \n\t\t\t  <\/div>\n\t\t\t<\/div>\n\t      <\/div>\n\t    <\/div><\/div>\n[\/vc_column_text][\/vc_column][\/vc_row][vc_row][vc_column width=&#8221;1\/4&#8243;][vc_column_text]\n\n\n\t\t<div class=\"info-box-wrap\">\n\n\t  <div class=\"info-box date-pub\">\n\t  \t<span class=\"label\">Data di pubblicazione:<\/span>\n\t    <span class=\"value\">16 Dicembre 2021<\/span>\n\t  <\/div>\n\t\t\t\t  <div class=\"info-box obj-planet\">\n\t\t\t\t\t  <div class=\"info-box obj\"><span class=\"label\">Obiettivo<\/span>\n\t\t\t\t\t    <div class=\"obj-small-box\">\n\t\t\t\t\t      <span>Pianeta.<\/span>\n\t\t\t\t\t    <\/div>\n\t\t\t\t\t  <\/div>\n\t\t\t\t  <\/div>\n\t\t\t  <div class=\"info-box mission\"><span class=\"label\">Tag<\/span><a href=\"https:\/\/www.compagniadisanpaolo.it\/it\/tags\/risultati\/?_sft_post_tag=nuove-generazioni\" class=\"tag-element\">Nuove generazioni<\/a><a href=\"https:\/\/www.compagniadisanpaolo.it\/it\/tags\/risultati\/?_sft_post_tag=oltre-lerogazione\" class=\"tag-element\">Oltre l'erogazione<\/a><a href=\"https:\/\/www.compagniadisanpaolo.it\/it\/tags\/risultati\/?_sft_post_tag=sani-stili-di-vita\" class=\"tag-element\">Sani stili di vita<\/a><a href=\"https:\/\/www.compagniadisanpaolo.it\/it\/tags\/risultati\/?_sft_post_tag=wellbeing\" class=\"tag-element\">Wellbeing<\/a><\/div>\t  \n\t<\/div>\n[\/vc_column_text][\/vc_column][vc_column width=&#8221;3\/4&#8243; el_class=&#8221;page-content&#8221;][vc_column_text el_class=&#8221;text&#8221;]Nei giorni scorsi si sono aperte le preadesioni alla vaccinazione anti-Covid rivolta ai bambini della fascia d\u2019et\u00e0 5-11 anni.<\/p>\n<p>Oltre 4.400 i genitori dell\u2019ASL Citt\u00e0 di Torino che hanno manifestato la volont\u00e0 di vaccinare i propri figli.<\/p>\n<p>Oggi, alla presenza del Presidente della Regione Piemonte, Alberto Cirio, del Presidente della Fondazione Compagnia di San Paolo, Francesco Profumo, del Direttore Generale dell\u2019ASL Citt\u00e0 di Torino, Carlo Picco e del Direttore della Clinica Universitaria Malattie Infettive dell\u2019Ospedale Amedeo di Savoia, Giovanni Di Perri, \u00e8 stato inaugurato l\u2019Hub Vaccinale Bambini della Fondazione Compagnia di San Paolo.<\/p>\n<p>L\u2019Hub Pediatrico si trova in Via Gorizia, 112\/A, adiacente all\u2019Hub Vaccinale Adulti della Fondazione Compagnia di San Paolo.<\/p>\n<p>Il nuovo Hub \u00e8 stato realizzato in un ambiente studiato a misura di bambino e tutto l\u2019iter necessario alla vaccinazione \u00e8 allietato e animato dai giovani attori della Casa del Teatro; gli interventi teatrali permetteranno di superare, attraverso il gioco, il divertimento e il racconto, l\u2019attesa del momento vaccinale.<\/p>\n<p>I bambini saranno anche intrattenuti, attraverso le proiezioni allestite presso la sala d\u2019attesa, dalla programmazione trasmessa da Rai Yoyo, il canale televisivo edito dalla Rai dedicato ai pi\u00f9 piccoli.<\/p>\n<p><em>\u201cDesidero ringraziare la Fondazione Compagnia di San Paolo da sempre al fianco dell\u2019ASL Citt\u00e0 di Torino nell\u2019affrontare l\u2019emergenza sanitaria legata al Covid.<\/em>&#8211; dichiara il direttore generale dell\u2019ASL Citt\u00e0 di Torino, Carlo Picco \u2013 <em>L\u2019Hub Vaccinale Bambini della Fondazione Compagnia di San Paolo vuole coniugare alla quantit\u00e0 dei vaccini somministrati anche un momento di cultura e di benessere. Le vaccinazioni saranno effettuate dal luned\u00ec al venerd\u00ec dalle ore 17:00 alle ore 20:00 e il sabato e la domenica, per non intralciare le attivit\u00e0 scolastiche, sportive e ricreative dei bambini.\u201d<\/em><\/p>\n<p><em>\u201cL\u2019intervento che presentiamo oggi \u00e8 in linea con i diversi progetti sviluppati dalla Missione Promuovere il Benessere dell\u2019Obiettivo Pianeta a sostegno del sistema sanitario regionale, e in continuit\u00e0 con l\u2019intervento di rilancio dell\u2019Hub di via Gorizia realizzato nel mese di maggio 2021 e che ci ha permesso di triplicare le linee vaccinali presenti in precedenza. &#8211; <\/em>dichiara il Presidente della Fondazione della Compagnia di San Paolo, <strong>Francesco Profumo<\/strong><em>&#8211; Tale provvedimento acquista ancora pi\u00f9 importanza in questi ultimi mesi dove siamo chiamati a compiere un atto di responsabilit\u00e0 attraverso la somministrazione della terza dose vaccinale\u201d.<\/em><\/p>\n<p><em>\u201cSiamo felici che per l\u2019occasione siano previste, in uno spazio dedicato, delle attivit\u00e0 ludiche realizzate dalla Fondazione Teatro Ragazzi e Giovani Onlus e dal Consorzio Xk\u00e9, che possano accompagnare i bambini durante la vaccinazione. &#8211; continua Francesco Profumo &#8211; Garantire la possibilit\u00e0 di somministrazione delle dosi vaccinali anche alle fasce d\u2019et\u00e0 comprese tra i 5 e gli 11 anni rafforza il carattere di inclusivit\u00e0 che caratterizza i provvedimenti implementati dalla Fondazione, la quale da sempre, e pi\u00f9 che mai durante questo specifico periodo storico, ribadisce il suo ruolo di \u201cinvestitore sociale\u201d al fianco delle persone e dei territori.\u201d<\/em><\/p>\n<p>Nei prossimi giorni si recher\u00e0 all\u2019Hub Vaccinale Bambini della Fondazione Compagnia di San Paolo il Capitano della Nazionale Italiana di calcio e della Juventus Football Club Giorgio Chiellini, il quale accompagner\u00e0 la figlia a ricevere la sua prima dose vaccinale. Anche Torino Football Club ha aderito all\u2019iniziativa.[\/vc_column_text][\/vc_column][\/vc_row][vc_row el_class=&#8221;sdg-list-wrap&#8221;][vc_column][vc_raw_html]JTVCU2V6aW9uZV9Eb2N1bWVudGklNUQ=[\/vc_raw_html][\/vc_column][\/vc_row][vc_row][vc_column]<div class=\"templatera_shortcode\"><div data-vc-full-width=\"true\" data-vc-full-width-temp=\"true\" data-vc-full-width-init=\"false\" class=\"vc_row wpb_row vc_row-fluid newsletter-wrap\"><div class=\"wpb_column vc_column_container vc_col-sm-12\"><div class=\"vc_column-inner\"><div class=\"wpb_wrapper\">\n\t<div class=\"wpb_raw_code wpb_raw_html wpb_content_element\" >\n\t\t<div class=\"wpb_wrapper\">\n\t\t\t    <div class=\"container\">\n      <div class=\"row align-items-center\">\n\t<div class=\"col-12 col-lg-6 col-xl-5 mb-3 mb-lg-0 pr-0\">\n\t  <h2 class=\"title\">Rimani aggiornato sui nostri bandi e sui nostri progetti<\/h2>\n\t<\/div>\n\t<div class=\"col-12 col-lg-6 col-xl-7 pl-xl-4\">\n\t  <a class=\"standard-link-block\" href=\"\/it\/newsletter\/\">\n\t    Compila il form e decidi su quale argomento vuoi ricevere notizie.\t    <strong>\u00a0 ISCRIVITI!<\/strong>\n\t  <\/a>\n\t<\/div>\n      <\/div>\n    <\/div>\n\t\t<\/div>\n\t<\/div>\n<\/div><\/div><\/div><\/div><div class=\"vc_row-full-width vc_clearfix\"><\/div><\/div>[\/vc_column][\/vc_row]\n<\/div>","protected":false},"excerpt":{"rendered":"Partita la campagna vaccinale anti-Covid rivolta ai bambini 5-11 anni Condividi: Facebook Twitter Linkedin Whatsapp Mail Data di pubblicazione: 16 Dicembre 2021 Obiettivo Pianeta. TagNuove generazioniOltre l'erogazioneSani stili di vitaWellbeing Nei giorni scorsi si sono aperte le preadesioni alla vaccinazione anti-Covid rivolta ai bambini della fascia d\u2019et\u00e0 5-11 anni. Oltre 4.400 i genitori dell\u2019ASL Citt\u00e0 di Torino che hanno manifestato la volont\u00e0 di vaccinare i propri figli. Oggi, alla presenza del Presidente della Regione Piemonte, Alberto Cirio, del Presidente della Fondazione Compagnia di San Paolo, Francesco Profumo, del Direttore Generale dell\u2019ASL Citt\u00e0 di Torino, Carlo Picco e del Direttore della Clinica Universitaria Malattie Infettive dell\u2019Ospedale Amedeo di Savoia, Giovanni Di Perri, \u00e8 stato inaugurato l\u2019Hub Vaccinale Bambini della Fondazione Compagnia di San Paolo. L\u2019Hub Pediatrico si trova in Via Gorizia, 112\/A, adiacente all\u2019Hub Vaccinale Adulti della Fondazione Compagnia di San Paolo. Il nuovo Hub \u00e8 stato realizzato in un ambiente studiato a misura di bambino e tutto l\u2019iter necessario alla vaccinazione \u00e8 allietato e animato dai giovani attori della Casa del Teatro; gli interventi teatrali permetteranno di superare, attraverso il gioco, il divertimento e il racconto, l\u2019attesa del momento vaccinale. I bambini saranno anche intrattenuti, attraverso le proiezioni allestite presso la sala d\u2019attesa, dalla programmazione trasmessa da Rai Yoyo, il canale televisivo edito dalla Rai dedicato ai pi\u00f9 piccoli. \u201cDesidero ringraziare la Fondazione Compagnia di San Paolo da sempre al fianco dell\u2019ASL Citt\u00e0 di Torino nell\u2019affrontare l\u2019emergenza sanitaria legata al Covid.- dichiara il direttore generale dell\u2019ASL Citt\u00e0 di Torino, Carlo Picco \u2013 L\u2019Hub Vaccinale Bambini della Fondazione Compagnia di San Paolo vuole coniugare alla quantit\u00e0 dei vaccini somministrati anche un momento di cultura e di benessere. Le vaccinazioni saranno effettuate dal luned\u00ec al venerd\u00ec dalle ore 17:00 alle ore 20:00 e il sabato e la domenica, per non intralciare le attivit\u00e0 scolastiche, sportive e ricreative dei bambini.\u201d \u201cL\u2019intervento che presentiamo oggi \u00e8 in linea con i diversi progetti sviluppati dalla Missione Promuovere il Benessere dell\u2019Obiettivo Pianeta a sostegno del sistema sanitario regionale, e in continuit\u00e0 con l\u2019intervento di rilancio dell\u2019Hub di via Gorizia realizzato nel mese di maggio 2021 e che ci ha permesso di triplicare le linee vaccinali presenti in precedenza. - dichiara il Presidente della Fondazione della Compagnia di San Paolo, Francesco Profumo- Tale provvedimento acquista ancora pi\u00f9 importanza in questi ultimi mesi dove siamo chiamati a compiere un atto di responsabilit\u00e0 attraverso la somministrazione della terza dose vaccinale\u201d. \u201cSiamo felici che per l\u2019occasione siano previste, in uno spazio dedicato, delle attivit\u00e0 ludiche realizzate dalla Fondazione Teatro Ragazzi e Giovani Onlus e dal Consorzio Xk\u00e9, che possano accompagnare i bambini durante la vaccinazione. - continua Francesco Profumo - Garantire la possibilit\u00e0 di somministrazione delle dosi vaccinali anche alle fasce d\u2019et\u00e0 comprese tra i 5 e gli 11 anni rafforza il carattere di inclusivit\u00e0 che caratterizza i provvedimenti implementati dalla Fondazione, la quale da sempre, e pi\u00f9 che mai durante questo specifico periodo storico, ribadisce il suo ruolo di \u201cinvestitore sociale\u201d al fianco delle persone e dei territori.\u201d Nei prossimi giorni si recher\u00e0 all\u2019Hub Vaccinale Bambini della Fondazione Compagnia di San Paolo il Capitano della Nazionale Italiana di calcio e della Juventus Football Club Giorgio Chiellini, il quale accompagner\u00e0 la figlia a ricevere la sua prima dose vaccinale. Anche Torino Football Club ha aderito all\u2019iniziativa. Documenti di approfondimento Comunicato Stampa - Hub vaccinale bambini Scarica il documento Rimani aggiornato sui nostri bandi e sui nostri progetti Compila il form e decidi su quale argomento vuoi ricevere notizie. \u00a0 ISCRIVITI!","protected":false},"featured_media":16193,"menu_order":0,"template":"","meta":{"_acf_changed":false,"content-type":""},"tags":[54,69,82,78],"class_list":["post-16189","comunicatistampa","type-comunicatistampa","status-publish","has-post-thumbnail","hentry","tag-nuove-generazioni","tag-oltre-lerogazione","tag-sani-stili-di-vita","tag-wellbeing","entry","post-inner"],"acf":[],"yoast_head":"<!-- This site is optimized with the Yoast SEO plugin v27.3 - https:\/\/yoast.com\/product\/yoast-seo-wordpress\/ -->\n<title>Inaugurato oggi l&#039;Hub Vaccinale Bambini della Fondazione Compagnia di San Paolo - Fondazione Compagnia di San Paolo<\/title>\n<meta name=\"description\" content=\"Partita la campagna vaccinale anti-Covid rivolta ai bambini 5-11 anni.\" \/>\n<meta name=\"robots\" content=\"index, follow, max-snippet:-1, max-image-preview:large, max-video-preview:-1\" \/>\n<link rel=\"canonical\" href=\"https:\/\/www.compagniadisanpaolo.it\/it\/comunicati-stampa\/inaugurato-oggi-lhub-vaccinale-della-fondazione-compagnia-di-san-paolo\/\" \/>\n<meta property=\"og:locale\" content=\"it_IT\" \/>\n<meta property=\"og:type\" content=\"article\" \/>\n<meta property=\"og:title\" content=\"Inaugurato oggi l&#039;Hub Vaccinale Bambini della Fondazione Compagnia di San Paolo - Fondazione Compagnia di San Paolo\" \/>\n<meta property=\"og:description\" content=\"Partita la campagna vaccinale anti-Covid rivolta ai bambini 5-11 anni.\" \/>\n<meta property=\"og:url\" content=\"https:\/\/www.compagniadisanpaolo.it\/it\/comunicati-stampa\/inaugurato-oggi-lhub-vaccinale-della-fondazione-compagnia-di-san-paolo\/\" \/>\n<meta property=\"og:site_name\" content=\"Fondazione Compagnia di San Paolo\" \/>\n<meta property=\"article:publisher\" content=\"https:\/\/www.facebook.com\/CompagniaDiSanPaolo\" \/>\n<meta property=\"article:modified_time\" content=\"2022-01-26T16:24:56+00:00\" \/>\n<meta property=\"og:image\" content=\"https:\/\/www.compagniadisanpaolo.it\/wp-content\/uploads\/hub-vaccinale-bambini-head.jpg\" \/>\n\t<meta property=\"og:image:width\" content=\"815\" \/>\n\t<meta property=\"og:image:height\" content=\"350\" \/>\n\t<meta property=\"og:image:type\" content=\"image\/jpeg\" \/>\n<meta name=\"twitter:card\" content=\"summary_large_image\" \/>\n<meta name=\"twitter:site\" content=\"@CSP_live\" \/>\n<meta name=\"twitter:label1\" content=\"Tempo di lettura stimato\" \/>\n\t<meta name=\"twitter:data1\" content=\"3 minuti\" \/>\n<script type=\"application\/ld+json\" class=\"yoast-schema-graph\">{\"@context\":\"https:\\\/\\\/schema.org\",\"@graph\":[{\"@type\":\"WebPage\",\"@id\":\"https:\\\/\\\/www.compagniadisanpaolo.it\\\/it\\\/comunicati-stampa\\\/inaugurato-oggi-lhub-vaccinale-della-fondazione-compagnia-di-san-paolo\\\/\",\"url\":\"https:\\\/\\\/www.compagniadisanpaolo.it\\\/it\\\/comunicati-stampa\\\/inaugurato-oggi-lhub-vaccinale-della-fondazione-compagnia-di-san-paolo\\\/\",\"name\":\"Inaugurato oggi l'Hub Vaccinale Bambini della Fondazione Compagnia di San Paolo - Fondazione Compagnia di San Paolo\",\"isPartOf\":{\"@id\":\"https:\\\/\\\/www.compagniadisanpaolo.it\\\/it\\\/#website\"},\"primaryImageOfPage\":{\"@id\":\"https:\\\/\\\/www.compagniadisanpaolo.it\\\/it\\\/comunicati-stampa\\\/inaugurato-oggi-lhub-vaccinale-della-fondazione-compagnia-di-san-paolo\\\/#primaryimage\"},\"image\":{\"@id\":\"https:\\\/\\\/www.compagniadisanpaolo.it\\\/it\\\/comunicati-stampa\\\/inaugurato-oggi-lhub-vaccinale-della-fondazione-compagnia-di-san-paolo\\\/#primaryimage\"},\"thumbnailUrl\":\"https:\\\/\\\/www.compagniadisanpaolo.it\\\/wp-content\\\/uploads\\\/hub-vaccinale-bambini-head.jpg\",\"datePublished\":\"2021-12-16T15:30:06+00:00\",\"dateModified\":\"2022-01-26T16:24:56+00:00\",\"description\":\"Partita la campagna vaccinale anti-Covid rivolta ai bambini 5-11 anni.\",\"breadcrumb\":{\"@id\":\"https:\\\/\\\/www.compagniadisanpaolo.it\\\/it\\\/comunicati-stampa\\\/inaugurato-oggi-lhub-vaccinale-della-fondazione-compagnia-di-san-paolo\\\/#breadcrumb\"},\"inLanguage\":\"it-IT\",\"potentialAction\":[{\"@type\":\"ReadAction\",\"target\":[\"https:\\\/\\\/www.compagniadisanpaolo.it\\\/it\\\/comunicati-stampa\\\/inaugurato-oggi-lhub-vaccinale-della-fondazione-compagnia-di-san-paolo\\\/\"]}]},{\"@type\":\"ImageObject\",\"inLanguage\":\"it-IT\",\"@id\":\"https:\\\/\\\/www.compagniadisanpaolo.it\\\/it\\\/comunicati-stampa\\\/inaugurato-oggi-lhub-vaccinale-della-fondazione-compagnia-di-san-paolo\\\/#primaryimage\",\"url\":\"https:\\\/\\\/www.compagniadisanpaolo.it\\\/wp-content\\\/uploads\\\/hub-vaccinale-bambini-head.jpg\",\"contentUrl\":\"https:\\\/\\\/www.compagniadisanpaolo.it\\\/wp-content\\\/uploads\\\/hub-vaccinale-bambini-head.jpg\",\"width\":815,\"height\":350},{\"@type\":\"BreadcrumbList\",\"@id\":\"https:\\\/\\\/www.compagniadisanpaolo.it\\\/it\\\/comunicati-stampa\\\/inaugurato-oggi-lhub-vaccinale-della-fondazione-compagnia-di-san-paolo\\\/#breadcrumb\",\"itemListElement\":[{\"@type\":\"ListItem\",\"position\":1,\"name\":\"Home\",\"item\":\"https:\\\/\\\/www.compagniadisanpaolo.it\\\/it\\\/\"},{\"@type\":\"ListItem\",\"position\":2,\"name\":\"Inaugurato oggi l&#8217;Hub Vaccinale Bambini della Fondazione Compagnia di San Paolo\"}]},{\"@type\":\"WebSite\",\"@id\":\"https:\\\/\\\/www.compagniadisanpaolo.it\\\/it\\\/#website\",\"url\":\"https:\\\/\\\/www.compagniadisanpaolo.it\\\/it\\\/\",\"name\":\"Fondazione Compagnia di San Paolo\",\"description\":\"\",\"publisher\":{\"@id\":\"https:\\\/\\\/www.compagniadisanpaolo.it\\\/it\\\/#organization\"},\"potentialAction\":[{\"@type\":\"SearchAction\",\"target\":{\"@type\":\"EntryPoint\",\"urlTemplate\":\"https:\\\/\\\/www.compagniadisanpaolo.it\\\/it\\\/?s={search_term_string}\"},\"query-input\":{\"@type\":\"PropertyValueSpecification\",\"valueRequired\":true,\"valueName\":\"search_term_string\"}}],\"inLanguage\":\"it-IT\"},{\"@type\":\"Organization\",\"@id\":\"https:\\\/\\\/www.compagniadisanpaolo.it\\\/it\\\/#organization\",\"name\":\"Fondazione Compagnia di San Paolo\",\"url\":\"https:\\\/\\\/www.compagniadisanpaolo.it\\\/it\\\/\",\"logo\":{\"@type\":\"ImageObject\",\"inLanguage\":\"it-IT\",\"@id\":\"https:\\\/\\\/www.compagniadisanpaolo.it\\\/it\\\/#\\\/schema\\\/logo\\\/image\\\/\",\"url\":\"https:\\\/\\\/www.compagniadisanpaolo.it\\\/wp-content\\\/uploads\\\/logo.svg\",\"contentUrl\":\"https:\\\/\\\/www.compagniadisanpaolo.it\\\/wp-content\\\/uploads\\\/logo.svg\",\"width\":769,\"height\":323,\"caption\":\"Fondazione Compagnia di San Paolo\"},\"image\":{\"@id\":\"https:\\\/\\\/www.compagniadisanpaolo.it\\\/it\\\/#\\\/schema\\\/logo\\\/image\\\/\"},\"sameAs\":[\"https:\\\/\\\/www.facebook.com\\\/CompagniaDiSanPaolo\",\"https:\\\/\\\/x.com\\\/CSP_live\",\"http:\\\/\\\/instagram.com\\\/compagniadisanpaolo?ref=badge\",\"https:\\\/\\\/www.linkedin.com\\\/company\\\/compagnia-di-san-paolo\",\"https:\\\/\\\/www.youtube.com\\\/user\\\/compagniadisanpaolo\",\"https:\\\/\\\/it.wikipedia.org\\\/wiki\\\/Compagnia_di_San_Paolo\"]}]}<\/script>\n<!-- \/ Yoast SEO plugin. -->","yoast_head_json":{"title":"Inaugurato oggi l'Hub Vaccinale Bambini della Fondazione Compagnia di San Paolo - Fondazione Compagnia di San Paolo","description":"Partita la campagna vaccinale anti-Covid rivolta ai bambini 5-11 anni.","robots":{"index":"index","follow":"follow","max-snippet":"max-snippet:-1","max-image-preview":"max-image-preview:large","max-video-preview":"max-video-preview:-1"},"canonical":"https:\/\/www.compagniadisanpaolo.it\/it\/comunicati-stampa\/inaugurato-oggi-lhub-vaccinale-della-fondazione-compagnia-di-san-paolo\/","og_locale":"it_IT","og_type":"article","og_title":"Inaugurato oggi l'Hub Vaccinale Bambini della Fondazione Compagnia di San Paolo - Fondazione Compagnia di San Paolo","og_description":"Partita la campagna vaccinale anti-Covid rivolta ai bambini 5-11 anni.","og_url":"https:\/\/www.compagniadisanpaolo.it\/it\/comunicati-stampa\/inaugurato-oggi-lhub-vaccinale-della-fondazione-compagnia-di-san-paolo\/","og_site_name":"Fondazione Compagnia di San Paolo","article_publisher":"https:\/\/www.facebook.com\/CompagniaDiSanPaolo","article_modified_time":"2022-01-26T16:24:56+00:00","og_image":[{"width":815,"height":350,"url":"https:\/\/www.compagniadisanpaolo.it\/wp-content\/uploads\/hub-vaccinale-bambini-head.jpg","type":"image\/jpeg"}],"twitter_card":"summary_large_image","twitter_site":"@CSP_live","twitter_misc":{"Tempo di lettura stimato":"3 minuti"},"schema":{"@context":"https:\/\/schema.org","@graph":[{"@type":"WebPage","@id":"https:\/\/www.compagniadisanpaolo.it\/it\/comunicati-stampa\/inaugurato-oggi-lhub-vaccinale-della-fondazione-compagnia-di-san-paolo\/","url":"https:\/\/www.compagniadisanpaolo.it\/it\/comunicati-stampa\/inaugurato-oggi-lhub-vaccinale-della-fondazione-compagnia-di-san-paolo\/","name":"Inaugurato oggi l'Hub Vaccinale Bambini della Fondazione Compagnia di San Paolo - Fondazione Compagnia di San Paolo","isPartOf":{"@id":"https:\/\/www.compagniadisanpaolo.it\/it\/#website"},"primaryImageOfPage":{"@id":"https:\/\/www.compagniadisanpaolo.it\/it\/comunicati-stampa\/inaugurato-oggi-lhub-vaccinale-della-fondazione-compagnia-di-san-paolo\/#primaryimage"},"image":{"@id":"https:\/\/www.compagniadisanpaolo.it\/it\/comunicati-stampa\/inaugurato-oggi-lhub-vaccinale-della-fondazione-compagnia-di-san-paolo\/#primaryimage"},"thumbnailUrl":"https:\/\/www.compagniadisanpaolo.it\/wp-content\/uploads\/hub-vaccinale-bambini-head.jpg","datePublished":"2021-12-16T15:30:06+00:00","dateModified":"2022-01-26T16:24:56+00:00","description":"Partita la campagna vaccinale anti-Covid rivolta ai bambini 5-11 anni.","breadcrumb":{"@id":"https:\/\/www.compagniadisanpaolo.it\/it\/comunicati-stampa\/inaugurato-oggi-lhub-vaccinale-della-fondazione-compagnia-di-san-paolo\/#breadcrumb"},"inLanguage":"it-IT","potentialAction":[{"@type":"ReadAction","target":["https:\/\/www.compagniadisanpaolo.it\/it\/comunicati-stampa\/inaugurato-oggi-lhub-vaccinale-della-fondazione-compagnia-di-san-paolo\/"]}]},{"@type":"ImageObject","inLanguage":"it-IT","@id":"https:\/\/www.compagniadisanpaolo.it\/it\/comunicati-stampa\/inaugurato-oggi-lhub-vaccinale-della-fondazione-compagnia-di-san-paolo\/#primaryimage","url":"https:\/\/www.compagniadisanpaolo.it\/wp-content\/uploads\/hub-vaccinale-bambini-head.jpg","contentUrl":"https:\/\/www.compagniadisanpaolo.it\/wp-content\/uploads\/hub-vaccinale-bambini-head.jpg","width":815,"height":350},{"@type":"BreadcrumbList","@id":"https:\/\/www.compagniadisanpaolo.it\/it\/comunicati-stampa\/inaugurato-oggi-lhub-vaccinale-della-fondazione-compagnia-di-san-paolo\/#breadcrumb","itemListElement":[{"@type":"ListItem","position":1,"name":"Home","item":"https:\/\/www.compagniadisanpaolo.it\/it\/"},{"@type":"ListItem","position":2,"name":"Inaugurato oggi l&#8217;Hub Vaccinale Bambini della Fondazione Compagnia di San Paolo"}]},{"@type":"WebSite","@id":"https:\/\/www.compagniadisanpaolo.it\/it\/#website","url":"https:\/\/www.compagniadisanpaolo.it\/it\/","name":"Fondazione Compagnia di San Paolo","description":"","publisher":{"@id":"https:\/\/www.compagniadisanpaolo.it\/it\/#organization"},"potentialAction":[{"@type":"SearchAction","target":{"@type":"EntryPoint","urlTemplate":"https:\/\/www.compagniadisanpaolo.it\/it\/?s={search_term_string}"},"query-input":{"@type":"PropertyValueSpecification","valueRequired":true,"valueName":"search_term_string"}}],"inLanguage":"it-IT"},{"@type":"Organization","@id":"https:\/\/www.compagniadisanpaolo.it\/it\/#organization","name":"Fondazione Compagnia di San Paolo","url":"https:\/\/www.compagniadisanpaolo.it\/it\/","logo":{"@type":"ImageObject","inLanguage":"it-IT","@id":"https:\/\/www.compagniadisanpaolo.it\/it\/#\/schema\/logo\/image\/","url":"https:\/\/www.compagniadisanpaolo.it\/wp-content\/uploads\/logo.svg","contentUrl":"https:\/\/www.compagniadisanpaolo.it\/wp-content\/uploads\/logo.svg","width":769,"height":323,"caption":"Fondazione Compagnia di San Paolo"},"image":{"@id":"https:\/\/www.compagniadisanpaolo.it\/it\/#\/schema\/logo\/image\/"},"sameAs":["https:\/\/www.facebook.com\/CompagniaDiSanPaolo","https:\/\/x.com\/CSP_live","http:\/\/instagram.com\/compagniadisanpaolo?ref=badge","https:\/\/www.linkedin.com\/company\/compagnia-di-san-paolo","https:\/\/www.youtube.com\/user\/compagniadisanpaolo","https:\/\/it.wikipedia.org\/wiki\/Compagnia_di_San_Paolo"]}]}},"amp_enabled":true,"_links":{"self":[{"href":"https:\/\/www.compagniadisanpaolo.it\/it\/wp-json\/wp\/v2\/comunicatistampa\/16189","targetHints":{"allow":["GET"]}}],"collection":[{"href":"https:\/\/www.compagniadisanpaolo.it\/it\/wp-json\/wp\/v2\/comunicatistampa"}],"about":[{"href":"https:\/\/www.compagniadisanpaolo.it\/it\/wp-json\/wp\/v2\/types\/comunicatistampa"}],"wp:featuredmedia":[{"embeddable":true,"href":"https:\/\/www.compagniadisanpaolo.it\/it\/wp-json\/wp\/v2\/media\/16193"}],"wp:attachment":[{"href":"https:\/\/www.compagniadisanpaolo.it\/it\/wp-json\/wp\/v2\/media?parent=16189"}],"wp:term":[{"taxonomy":"post_tag","embeddable":true,"href":"https:\/\/www.compagniadisanpaolo.it\/it\/wp-json\/wp\/v2\/tags?post=16189"}],"curies":[{"name":"wp","href":"https:\/\/api.w.org\/{rel}","templated":true}]}}