{"id":15460,"date":"2021-10-19T13:42:49","date_gmt":"2021-10-19T11:42:49","guid":{"rendered":"https:\/\/www.compagniadisanpaolo.it\/?post_type=comunicatistampa&#038;p=15460"},"modified":"2021-11-04T10:50:47","modified_gmt":"2021-11-04T09:50:47","slug":"cavallerizza-reale-un-nuovo-polo-culturale-per-la-citta","status":"publish","type":"comunicatistampa","link":"https:\/\/www.compagniadisanpaolo.it\/it\/comunicati-stampa\/cavallerizza-reale-un-nuovo-polo-culturale-per-la-citta\/","title":{"rendered":"Cavallerizza Reale: un nuovo polo culturale per la citt\u00e0"},"content":{"rendered":"<div class=\"wpb-content-wrapper\">[vc_row][vc_column][vc_column_text el_class=&#8221;text-headline2&#8243;]\n<div>La Fondazione Compagnia di San Paolo e l\u2019Universit\u00e0 degli Studi di Torino, insieme a Cassa Depositi e Prestiti e al Polo delle Arti, si impegnano a dare nuova vita a un luogo unico per la sua cultura e la sua storia.<\/div>\n[\/vc_column_text][\/vc_column][\/vc_row][vc_row][vc_column][vc_column_text]\n<div class=\"info-box mission\">\n\t\t<div class=\"info-box-wrap info-box-hor row pb-0\">\n\n\t\t      \n\t\t      <div class=\"spalla col-12 col-md-12\">\n\t\t\t<div class=\"info-box sharing-box\">\n\t\t\t  <span class=\"label\">Condividi:<\/span>\n\t\t\t  <div class=\"social-sharing\">\n\t\t\t    <span class=\"box\">\n\t\t\t      <a class=\"fb\" href=\"https:\/\/www.facebook.com\/sharer.php?u=https:\/\/www.compagniadisanpaolo.it\/it\/comunicati-stampa\/cavallerizza-reale-un-nuovo-polo-culturale-per-la-citta\/\" target=\"_blank\">\n\t\t\t\t<span class=\"sr-only\">Facebook<\/span>\n\t\t\t\t<i class=\"fab fa-facebook-f\"><\/i>\n\t\t\t      <\/a>\n\t\t\t    <\/span>\n\t\t\t    \n\t\t\t    <style>\n.twitter, .twitter:hover{\ncolor:#000000 !important;}\n<\/style>\n\n\n\t\t\t    <span class=\"box\">\n\t\t\t      <a class=\"twitter\" href=\"https:\/\/twitter.com\/intent\/tweet?url=https:\/\/www.compagniadisanpaolo.it\/it\/comunicati-stampa\/cavallerizza-reale-un-nuovo-polo-culturale-per-la-citta\/\">\n\t\t\t\t<span class=\"sr-only\">Twitter<\/span>\n\t\t\t\t<i class=\"fa-brands fa-x-twitter\"><\/i>\n\t\t\t      <\/a>\n\t\t\t    <\/span>\n\n\t\t\t    \n\t\t\t    <span class=\"box\">\n\t\t\t      <a class=\"linkedin\" href=\"https:\/\/www.linkedin.com\/shareArticle?mini=true&url=https:\/\/www.compagniadisanpaolo.it\/it\/comunicati-stampa\/cavallerizza-reale-un-nuovo-polo-culturale-per-la-citta\/\">\n\t\t\t\t<span class=\"sr-only\">Linkedin<\/span>\n\t\t\t\t  <i class=\"fa-brands fa-linkedin-in\"><\/i>\n\t\t\t      <\/a>\n\t\t\t    <\/span>\n\n\t\t\t    <span class=\"box\">\n\t\t\t      <a class=\"whatsapp\" href=\"whatsapp:\/\/send?text=https:\/\/www.compagniadisanpaolo.it\/it\/comunicati-stampa\/cavallerizza-reale-un-nuovo-polo-culturale-per-la-citta\/\" data-action=\"share\/whatsapp\/share\">\n\t\t\t\t<span class=\"sr-only\">Whatsapp<\/span>\n\t\t\t\t<i class=\"fa-brands fa-whatsapp\"><\/i>\n\t\t\t      <\/a>\n\t\t\t    <\/span>\n\n\t\t\t    <span class=\"box\">\n\t\t\t      <a class=\"mail\" href=\"mailto:?subject=Cavallerizza Reale: un nuovo polo culturale per la citt\u00e0&body=https:\/\/www.compagniadisanpaolo.it\/it\/comunicati-stampa\/cavallerizza-reale-un-nuovo-polo-culturale-per-la-citta\/\">\n\t\t\t\t<span class=\"sr-only\">Mail<\/span>\n\t\t\t\t <i class=\"fa-solid fa-envelope\"><\/i>\n\t\t\t      <\/a>\n\t\t\t    <\/span>\n\t\t\t    \n\t\t\t  <\/div>\n\t\t\t<\/div>\n\t      <\/div>\n\t    <\/div><\/div>\n[\/vc_column_text][\/vc_column][\/vc_row][vc_row][vc_column width=&#8221;1\/4&#8243;][vc_column_text]\n\n\n\t\t<div class=\"info-box-wrap\">\n\n\t  <div class=\"info-box date-pub\">\n\t  \t<span class=\"label\">Data di pubblicazione:<\/span>\n\t    <span class=\"value\">19 Ottobre 2021<\/span>\n\t  <\/div>\n\t\t\t\t  <div class=\"info-box obj-institutional\">\n\t\t\t\t\t  <div class=\"info-box obj\">\n\t\t\t\t\t    <div class=\"obj-small-box\">\n\t\t\t\t\t      <span>Istituzionale<\/span>\n\t\t\t\t\t    <\/div>\n\t\t\t\t\t  <\/div>\n\t\t\t\t  <\/div>\n\t\t\t  <div class=\"info-box mission\"><span class=\"label\">Tag<\/span><a href=\"https:\/\/www.compagniadisanpaolo.it\/it\/tags\/risultati\/?_sft_post_tag=conservazione-del-patrimonio\" class=\"tag-element\">Conservazione del patrimonio<\/a><a href=\"https:\/\/www.compagniadisanpaolo.it\/it\/tags\/risultati\/?_sft_post_tag=identita-culturali\" class=\"tag-element\">Identit\u00e0 culturali<\/a><a href=\"https:\/\/www.compagniadisanpaolo.it\/it\/tags\/risultati\/?_sft_post_tag=partnership-con-enti-istituzionali\" class=\"tag-element\">Partnership con enti istituzionali<\/a><a href=\"https:\/\/www.compagniadisanpaolo.it\/it\/tags\/risultati\/?_sft_post_tag=rigenerazione-territoriale\" class=\"tag-element\">Rigenerazione territoriale<\/a><\/div>\t  \n\t<\/div>\n[\/vc_column_text][\/vc_column][vc_column width=&#8221;3\/4&#8243; el_class=&#8221;page-content&#8221;][vc_column_text el_class=&#8221;text&#8221;]<em>Torino, 19 ottobre 2021<\/em> \u2013 La Fondazione Compagnia di San Paolo e l\u2019Universit\u00e0 degli Studi di Torino hanno ottenuto l&#8217;aggiudicazione del Lotto 5 della Cavallerizza Reale partecipando al bando di alienazione pubblicato dalla Cartolarizzazioni Citt\u00e0 di Torino S.r.l.<\/p>\n<p>Sono parte del Lotto le seguenti Unit\u00e0 di Intervento: Corte delle Guardie, Ala del Mosca, Nucleo delle Pagliere, comprensive dei relativi spazi esterni adibiti a cortile di Piazzetta Vasco e Passaggio Chiablese.<\/p>\n<p>L&#8217;accordo tra Universit\u00e0 degli Studi di Torino e Fondazione Compagnia di San Paolo prevede la realizzazione di un Polo Culturale all\u2019interno del compendio della Cavallerizza Reale che pu\u00f2 restituire a Torino una parte fondamentale del proprio centro storico.<\/p>\n<p>Il progetto \u00e8 in grado di assicurare una soluzione concreta di riqualificazione, a lungo attesa, e pu\u00f2 costituire un esempio di innovazione urbana e contemporanea di conservazione del patrimonio storico artistico di un bene tutelato dall\u2019Unesco dal 1997.<\/p>\n<p>L\u2019obiettivo condiviso da Universit\u00e0 e Compagnia di San Paolo \u00e8 quello di recuperare l\u2019ispirazione e la trama di connessioni settecentesche in un progetto unitario in grado di offrire ai cittadini nuove corti, nuovi percorsi pedonali per attraversare il centro storico e un nuovo accesso ai Giardini Reali.<\/p>\n<p><em>\u201cIl progetto di riqualificazione della Cavallerizza Reale vede l\u2019Universit\u00e0 di Torino assumere un impegno di primo piano che avr\u00e0 conseguenze virtuose per tutta la citt\u00e0 e il territorio. Non solo perch\u00e9 l\u2019Universit\u00e0 \u00e8 gi\u00e0 presente in quest\u2019area dal grande valore storico e culturale con la sua Aula Magna, che opera da anni come uno spazio condiviso di elaborazione culturale pubblica e di incontro con la citt\u00e0\u201d <\/em>\u2013 ha dichiarato <strong>Stefano Geuna <\/strong>Rettore dell\u2019Ateneo \u2013<em> \u201cIn questo spazio non si tengono, infatti, solo lezioni e convegni, ma si ospitano occasioni prestigiose legate a molti dei grandi eventi che sono fiore all\u2019occhiello di Torino. Una maggiore presenza di UniTo alla Cavallerizza sar\u00e0 positiva per Torino anche perch\u00e9 esprime la nascita di un vero e proprio distretto culturale nel cuore della citt\u00e0. Di ci\u00f2 vorrei sottolineare anche il significato sociale ed urbanistico data la centralit\u00e0 che dovranno rivestire le politiche culturali per la costruzione di un nuovo modello di sviluppo del territorio.\u00a0 Investiamo in questa grande impresa con coraggio e visione, come stiamo facendo anche in altre aree della Citt\u00e0 Metropolitana. Consapevoli di attivare direttamente leve prioritarie per il cambiamento di rotta che da tempo stiamo immaginando. Il nostro \u00e8 un investimento che apre una fase nuova e inedita nella progettualit\u00e0 culturale dell\u2019Universit\u00e0 di Torino. Le traiettorie sono chiare, la concretezza \u00e8 la cifra che contraddistingue il nostro lavoro.\u201d<\/em><em>\u00a0<\/em><\/p>\n<p><em>\u201cOggi cominciamo a progettare, insieme ai partner, un laboratorio culturale di grande innovazione.\u201d <\/em>\u2013 ha dichiarato <strong>Andrea Silvestri<\/strong>, Direttore Generale dell&#8217;Universit\u00e0 di Torino<em> \u201cL\u2019unit\u00e0 di intenti e la capacit\u00e0 di fare rete per il perseguimento di obiettivi comuni \u00e8 infatti la chiave vincente per affrontare le sfide cruciali di un territorio.\u00a0 Fin da subito partiremo con lo studio di modelli gestionali innovativi che possano generare attrattivit\u00e0 e sostenibilit\u00e0 per il nuovo polo. In parallelo ci stiamo attrezzando per mettere in campo le risorse necessarie per la riqualificazione dell\u2019immobile. In questa prospettiva, i fondi messi a disposizione dal Piano Nazionale di Ripresa e Resilienza, rappresentano una leva importante per l&#8217;attuazione di strategie di rilancio per le quali stiamo lavorando con grande motivazione.\u201d<\/em><em>\u00a0<\/em><\/p>\n<p>\u201c<em>La Cavallerizza Reale \u00e8 un patrimonio storico che merita di essere riqualificato, ammirato e vissuto dai cittadini torinesi e dai turisti. Sentiamo la responsabilit\u00e0 di prenderci cura di un monumento fatto di ricchezza, bellezza e valori che pu\u00f2 finalmente recuperare il suo splendore<\/em>.\u201d \u2013 ha dichiarato <strong><a href=\"https:\/\/www.compagniadisanpaolo.it\/it\/fondazione\/organi\/francesco-profumo-presidente\/\" target=\"_blank\" rel=\"noopener\">Francesco Profumo<\/a>,<\/strong> Presidente della Fondazione torinese \u2013 \u201c<em>Si tratta di una sfida di elevata complessit\u00e0, resa possibile dal lavoro congiunto con l&#8217;Universit\u00e0 degli Studi, il Polo delle Arti e Cassa Depositi e Prestiti: una squadra composta da Istituzioni autorevoli pubbliche e private che condividono un&#8217;idea progettuale che mette al centro la cultura e la valorizzazione del paesaggio. Ci sono ora tutte le condizioni per ridisegnare una parte di citt\u00e0 e per attrarre ulteriori risorse per il restauro della Rotonda castellamontiana e del Maneggio alfieriano, cos\u00ec da creare un collegamento tra via Verdi e i Giardini Reali in uno spazio aperto alla cittadinanza e agli eventi artistici e culturali.<\/em>\u201d<\/p>\n<p>\u201c<em>Il Polo della Cultura che nascer\u00e0 in Cavallerizza Reale potr\u00e0 ulteriormente qualificare l&#8217;offerta culturale e turistica di Torino e del suo centro storico<\/em>.\u201d \u2013 ha dichiarato <a href=\"https:\/\/www.compagniadisanpaolo.it\/it\/fondazione\/organi\/alberto-anfossi-segretario-generale\/\" target=\"_blank\" rel=\"noopener\"><strong>Alberto Anfossi<\/strong><\/a>, Segretario Generale della Fondazione Compagnia di San Paolo &#8211; \u201c<em>Il compendio della Cavallerizza sorge infatti a pochi passi da alcune delle principali istituzioni culturali cittadine: l&#8217;Universit\u00e0, i Musei Reali, il Teatro Regio, il Teatro Stabile, il Museo del Cinema. Questo progetto potr\u00e0 valorizzare ed esaltare il legame storico della nostra Fondazione con queste Istituzioni.\u00a0 In Cavallerizza Reale potranno trovare spazio anche i nuovi uffici della Fondazione, che immaginiamo aperti, in dialogo con la citt\u00e0 e i cittadini anche attraverso la riqualificazione delle aree verdi, e degli spazi pubblici che la caratterizzano<\/em>.\u201d[\/vc_column_text][\/vc_column][\/vc_row][vc_row el_class=&#8221;sdg-list-wrap&#8221;][vc_column][vc_raw_html]JTVCU2V6aW9uZV9Eb2N1bWVudGklNUQ=[\/vc_raw_html][\/vc_column][\/vc_row][vc_row][vc_column]<div class=\"templatera_shortcode\"><div data-vc-full-width=\"true\" data-vc-full-width-temp=\"true\" data-vc-full-width-init=\"false\" class=\"vc_row wpb_row vc_row-fluid newsletter-wrap\"><div class=\"wpb_column vc_column_container vc_col-sm-12\"><div class=\"vc_column-inner\"><div class=\"wpb_wrapper\">\n\t<div class=\"wpb_raw_code wpb_raw_html wpb_content_element\" >\n\t\t<div class=\"wpb_wrapper\">\n\t\t\t    <div class=\"container\">\n      <div class=\"row align-items-center\">\n\t<div class=\"col-12 col-lg-6 col-xl-5 mb-3 mb-lg-0 pr-0\">\n\t  <h2 class=\"title\">Rimani aggiornato sui nostri bandi e sui nostri progetti<\/h2>\n\t<\/div>\n\t<div class=\"col-12 col-lg-6 col-xl-7 pl-xl-4\">\n\t  <a class=\"standard-link-block\" href=\"\/it\/newsletter\/\">\n\t    Compila il form e decidi su quale argomento vuoi ricevere notizie.\t    <strong>\u00a0 ISCRIVITI!<\/strong>\n\t  <\/a>\n\t<\/div>\n      <\/div>\n    <\/div>\n\t\t<\/div>\n\t<\/div>\n<\/div><\/div><\/div><\/div><div class=\"vc_row-full-width vc_clearfix\"><\/div><\/div>[\/vc_column][\/vc_row]\n<\/div>","protected":false},"excerpt":{"rendered":"La Fondazione Compagnia di San Paolo e l\u2019Universit\u00e0 degli Studi di Torino, insieme a Cassa Depositi e Prestiti e al Polo delle Arti, si impegnano a dare nuova vita a un luogo unico per la sua cultura e la sua storia. Condividi: Facebook Twitter Linkedin Whatsapp Mail Data di pubblicazione: 19 Ottobre 2021 Istituzionale TagConservazione del patrimonioIdentit\u00e0 culturaliPartnership con enti istituzionaliRigenerazione territoriale Torino, 19 ottobre 2021 \u2013 La Fondazione Compagnia di San Paolo e l\u2019Universit\u00e0 degli Studi di Torino hanno ottenuto l'aggiudicazione del Lotto 5 della Cavallerizza Reale partecipando al bando di alienazione pubblicato dalla Cartolarizzazioni Citt\u00e0 di Torino S.r.l. Sono parte del Lotto le seguenti Unit\u00e0 di Intervento: Corte delle Guardie, Ala del Mosca, Nucleo delle Pagliere, comprensive dei relativi spazi esterni adibiti a cortile di Piazzetta Vasco e Passaggio Chiablese. L'accordo tra Universit\u00e0 degli Studi di Torino e Fondazione Compagnia di San Paolo prevede la realizzazione di un Polo Culturale all\u2019interno del compendio della Cavallerizza Reale che pu\u00f2 restituire a Torino una parte fondamentale del proprio centro storico. Il progetto \u00e8 in grado di assicurare una soluzione concreta di riqualificazione, a lungo attesa, e pu\u00f2 costituire un esempio di innovazione urbana e contemporanea di conservazione del patrimonio storico artistico di un bene tutelato dall\u2019Unesco dal 1997. L\u2019obiettivo condiviso da Universit\u00e0 e Compagnia di San Paolo \u00e8 quello di recuperare l\u2019ispirazione e la trama di connessioni settecentesche in un progetto unitario in grado di offrire ai cittadini nuove corti, nuovi percorsi pedonali per attraversare il centro storico e un nuovo accesso ai Giardini Reali. \u201cIl progetto di riqualificazione della Cavallerizza Reale vede l\u2019Universit\u00e0 di Torino assumere un impegno di primo piano che avr\u00e0 conseguenze virtuose per tutta la citt\u00e0 e il territorio. Non solo perch\u00e9 l\u2019Universit\u00e0 \u00e8 gi\u00e0 presente in quest\u2019area dal grande valore storico e culturale con la sua Aula Magna, che opera da anni come uno spazio condiviso di elaborazione culturale pubblica e di incontro con la citt\u00e0\u201d \u2013 ha dichiarato Stefano Geuna Rettore dell\u2019Ateneo \u2013 \u201cIn questo spazio non si tengono, infatti, solo lezioni e convegni, ma si ospitano occasioni prestigiose legate a molti dei grandi eventi che sono fiore all\u2019occhiello di Torino. Una maggiore presenza di UniTo alla Cavallerizza sar\u00e0 positiva per Torino anche perch\u00e9 esprime la nascita di un vero e proprio distretto culturale nel cuore della citt\u00e0. Di ci\u00f2 vorrei sottolineare anche il significato sociale ed urbanistico data la centralit\u00e0 che dovranno rivestire le politiche culturali per la costruzione di un nuovo modello di sviluppo del territorio.\u00a0 Investiamo in questa grande impresa con coraggio e visione, come stiamo facendo anche in altre aree della Citt\u00e0 Metropolitana. Consapevoli di attivare direttamente leve prioritarie per il cambiamento di rotta che da tempo stiamo immaginando. Il nostro \u00e8 un investimento che apre una fase nuova e inedita nella progettualit\u00e0 culturale dell\u2019Universit\u00e0 di Torino. Le traiettorie sono chiare, la concretezza \u00e8 la cifra che contraddistingue il nostro lavoro.\u201d\u00a0 \u201cOggi cominciamo a progettare, insieme ai partner, un laboratorio culturale di grande innovazione.\u201d \u2013 ha dichiarato Andrea Silvestri, Direttore Generale dell'Universit\u00e0 di Torino \u201cL\u2019unit\u00e0 di intenti e la capacit\u00e0 di fare rete per il perseguimento di obiettivi comuni \u00e8 infatti la chiave vincente per affrontare le sfide cruciali di un territorio.\u00a0 Fin da subito partiremo con lo studio di modelli gestionali innovativi che possano generare attrattivit\u00e0 e sostenibilit\u00e0 per il nuovo polo. In parallelo ci stiamo attrezzando per mettere in campo le risorse necessarie per la riqualificazione dell\u2019immobile. In questa prospettiva, i fondi messi a disposizione dal Piano Nazionale di Ripresa e Resilienza, rappresentano una leva importante per l'attuazione di strategie di rilancio per le quali stiamo lavorando con grande motivazione.\u201d\u00a0 \u201cLa Cavallerizza Reale \u00e8 un patrimonio storico che merita di essere riqualificato, ammirato e vissuto dai cittadini torinesi e dai turisti. Sentiamo la responsabilit\u00e0 di prenderci cura di un monumento fatto di ricchezza, bellezza e valori che pu\u00f2 finalmente recuperare il suo splendore.\u201d \u2013 ha dichiarato Francesco Profumo, Presidente della Fondazione torinese \u2013 \u201cSi tratta di una sfida di elevata complessit\u00e0, resa possibile dal lavoro congiunto con l'Universit\u00e0 degli Studi, il Polo delle Arti e Cassa Depositi e Prestiti: una squadra composta da Istituzioni autorevoli pubbliche e private che condividono un'idea progettuale che mette al centro la cultura e la valorizzazione del paesaggio. Ci sono ora tutte le condizioni per ridisegnare una parte di citt\u00e0 e per attrarre ulteriori risorse per il restauro della Rotonda castellamontiana e del Maneggio alfieriano, cos\u00ec da creare un collegamento tra via Verdi e i Giardini Reali in uno spazio aperto alla cittadinanza e agli eventi artistici e culturali.\u201d \u201cIl Polo della Cultura che nascer\u00e0 in Cavallerizza Reale potr\u00e0 ulteriormente qualificare l'offerta culturale e turistica di Torino e del suo centro storico.\u201d \u2013 ha dichiarato Alberto Anfossi, Segretario Generale della Fondazione Compagnia di San Paolo - \u201cIl compendio della Cavallerizza sorge infatti a pochi passi da alcune delle principali istituzioni culturali cittadine: l'Universit\u00e0, i Musei Reali, il Teatro Regio, il Teatro Stabile, il Museo del Cinema. Questo progetto potr\u00e0 valorizzare ed esaltare il legame storico della nostra Fondazione con queste Istituzioni.\u00a0 In Cavallerizza Reale potranno trovare spazio anche i nuovi uffici della Fondazione, che immaginiamo aperti, in dialogo con la citt\u00e0 e i cittadini anche attraverso la riqualificazione delle aree verdi, e degli spazi pubblici che la caratterizzano.\u201d Documenti di approfondimento Cavallerizza Reale - Comunicato stampa Scarica il documento Rimani aggiornato sui nostri bandi e sui nostri progetti Compila il form e decidi su quale argomento vuoi ricevere notizie. \u00a0 ISCRIVITI!","protected":false},"featured_media":15464,"menu_order":0,"template":"","meta":{"_acf_changed":false,"content-type":""},"tags":[91,94,62,75],"class_list":["post-15460","comunicatistampa","type-comunicatistampa","status-publish","has-post-thumbnail","hentry","tag-conservazione-del-patrimonio","tag-identita-culturali","tag-partnership-con-enti-istituzionali","tag-rigenerazione-territoriale","entry","post-inner"],"acf":[],"yoast_head":"<!-- This site is optimized with the Yoast SEO plugin v27.3 - https:\/\/yoast.com\/product\/yoast-seo-wordpress\/ -->\n<title>Cavallerizza Reale: un nuovo polo culturale per la citt\u00e0 - Fondazione Compagnia di San Paolo<\/title>\n<meta name=\"description\" content=\"La Fondazione Compagnia di San Paolo si impegna a dare nuova vita a un luogo unico per la sua cultura e la sua storia.\" \/>\n<meta name=\"robots\" content=\"index, follow, max-snippet:-1, max-image-preview:large, max-video-preview:-1\" \/>\n<link rel=\"canonical\" href=\"https:\/\/www.compagniadisanpaolo.it\/it\/comunicati-stampa\/cavallerizza-reale-un-nuovo-polo-culturale-per-la-citta\/\" \/>\n<meta property=\"og:locale\" content=\"it_IT\" \/>\n<meta property=\"og:type\" content=\"article\" \/>\n<meta property=\"og:title\" content=\"Cavallerizza Reale: un nuovo polo culturale per la citt\u00e0 - Fondazione Compagnia di San Paolo\" \/>\n<meta property=\"og:description\" content=\"La Fondazione Compagnia di San Paolo si impegna a dare nuova vita a un luogo unico per la sua cultura e la sua storia.\" \/>\n<meta property=\"og:url\" content=\"https:\/\/www.compagniadisanpaolo.it\/it\/comunicati-stampa\/cavallerizza-reale-un-nuovo-polo-culturale-per-la-citta\/\" \/>\n<meta property=\"og:site_name\" content=\"Fondazione Compagnia di San Paolo\" \/>\n<meta property=\"article:publisher\" content=\"https:\/\/www.facebook.com\/CompagniaDiSanPaolo\" \/>\n<meta property=\"article:modified_time\" content=\"2021-11-04T09:50:47+00:00\" \/>\n<meta property=\"og:image\" content=\"https:\/\/www.compagniadisanpaolo.it\/wp-content\/uploads\/cavallerizza-head.jpg\" \/>\n\t<meta property=\"og:image:width\" content=\"815\" \/>\n\t<meta property=\"og:image:height\" content=\"350\" \/>\n\t<meta property=\"og:image:type\" content=\"image\/jpeg\" \/>\n<meta name=\"twitter:card\" content=\"summary_large_image\" \/>\n<meta name=\"twitter:site\" content=\"@CSP_live\" \/>\n<meta name=\"twitter:label1\" content=\"Tempo di lettura stimato\" \/>\n\t<meta name=\"twitter:data1\" content=\"4 minuti\" \/>\n<script type=\"application\/ld+json\" class=\"yoast-schema-graph\">{\"@context\":\"https:\\\/\\\/schema.org\",\"@graph\":[{\"@type\":\"WebPage\",\"@id\":\"https:\\\/\\\/www.compagniadisanpaolo.it\\\/it\\\/comunicati-stampa\\\/cavallerizza-reale-un-nuovo-polo-culturale-per-la-citta\\\/\",\"url\":\"https:\\\/\\\/www.compagniadisanpaolo.it\\\/it\\\/comunicati-stampa\\\/cavallerizza-reale-un-nuovo-polo-culturale-per-la-citta\\\/\",\"name\":\"Cavallerizza Reale: un nuovo polo culturale per la citt\u00e0 - Fondazione Compagnia di San Paolo\",\"isPartOf\":{\"@id\":\"https:\\\/\\\/www.compagniadisanpaolo.it\\\/it\\\/#website\"},\"primaryImageOfPage\":{\"@id\":\"https:\\\/\\\/www.compagniadisanpaolo.it\\\/it\\\/comunicati-stampa\\\/cavallerizza-reale-un-nuovo-polo-culturale-per-la-citta\\\/#primaryimage\"},\"image\":{\"@id\":\"https:\\\/\\\/www.compagniadisanpaolo.it\\\/it\\\/comunicati-stampa\\\/cavallerizza-reale-un-nuovo-polo-culturale-per-la-citta\\\/#primaryimage\"},\"thumbnailUrl\":\"https:\\\/\\\/www.compagniadisanpaolo.it\\\/wp-content\\\/uploads\\\/cavallerizza-head.jpg\",\"datePublished\":\"2021-10-19T11:42:49+00:00\",\"dateModified\":\"2021-11-04T09:50:47+00:00\",\"description\":\"La Fondazione Compagnia di San Paolo si impegna a dare nuova vita a un luogo unico per la sua cultura e la sua storia.\",\"breadcrumb\":{\"@id\":\"https:\\\/\\\/www.compagniadisanpaolo.it\\\/it\\\/comunicati-stampa\\\/cavallerizza-reale-un-nuovo-polo-culturale-per-la-citta\\\/#breadcrumb\"},\"inLanguage\":\"it-IT\",\"potentialAction\":[{\"@type\":\"ReadAction\",\"target\":[\"https:\\\/\\\/www.compagniadisanpaolo.it\\\/it\\\/comunicati-stampa\\\/cavallerizza-reale-un-nuovo-polo-culturale-per-la-citta\\\/\"]}]},{\"@type\":\"ImageObject\",\"inLanguage\":\"it-IT\",\"@id\":\"https:\\\/\\\/www.compagniadisanpaolo.it\\\/it\\\/comunicati-stampa\\\/cavallerizza-reale-un-nuovo-polo-culturale-per-la-citta\\\/#primaryimage\",\"url\":\"https:\\\/\\\/www.compagniadisanpaolo.it\\\/wp-content\\\/uploads\\\/cavallerizza-head.jpg\",\"contentUrl\":\"https:\\\/\\\/www.compagniadisanpaolo.it\\\/wp-content\\\/uploads\\\/cavallerizza-head.jpg\",\"width\":815,\"height\":350},{\"@type\":\"BreadcrumbList\",\"@id\":\"https:\\\/\\\/www.compagniadisanpaolo.it\\\/it\\\/comunicati-stampa\\\/cavallerizza-reale-un-nuovo-polo-culturale-per-la-citta\\\/#breadcrumb\",\"itemListElement\":[{\"@type\":\"ListItem\",\"position\":1,\"name\":\"Home\",\"item\":\"https:\\\/\\\/www.compagniadisanpaolo.it\\\/it\\\/\"},{\"@type\":\"ListItem\",\"position\":2,\"name\":\"Cavallerizza Reale: un nuovo polo culturale per la citt\u00e0\"}]},{\"@type\":\"WebSite\",\"@id\":\"https:\\\/\\\/www.compagniadisanpaolo.it\\\/it\\\/#website\",\"url\":\"https:\\\/\\\/www.compagniadisanpaolo.it\\\/it\\\/\",\"name\":\"Fondazione Compagnia di San Paolo\",\"description\":\"\",\"publisher\":{\"@id\":\"https:\\\/\\\/www.compagniadisanpaolo.it\\\/it\\\/#organization\"},\"potentialAction\":[{\"@type\":\"SearchAction\",\"target\":{\"@type\":\"EntryPoint\",\"urlTemplate\":\"https:\\\/\\\/www.compagniadisanpaolo.it\\\/it\\\/?s={search_term_string}\"},\"query-input\":{\"@type\":\"PropertyValueSpecification\",\"valueRequired\":true,\"valueName\":\"search_term_string\"}}],\"inLanguage\":\"it-IT\"},{\"@type\":\"Organization\",\"@id\":\"https:\\\/\\\/www.compagniadisanpaolo.it\\\/it\\\/#organization\",\"name\":\"Fondazione Compagnia di San Paolo\",\"url\":\"https:\\\/\\\/www.compagniadisanpaolo.it\\\/it\\\/\",\"logo\":{\"@type\":\"ImageObject\",\"inLanguage\":\"it-IT\",\"@id\":\"https:\\\/\\\/www.compagniadisanpaolo.it\\\/it\\\/#\\\/schema\\\/logo\\\/image\\\/\",\"url\":\"https:\\\/\\\/www.compagniadisanpaolo.it\\\/wp-content\\\/uploads\\\/logo.svg\",\"contentUrl\":\"https:\\\/\\\/www.compagniadisanpaolo.it\\\/wp-content\\\/uploads\\\/logo.svg\",\"width\":769,\"height\":323,\"caption\":\"Fondazione Compagnia di San Paolo\"},\"image\":{\"@id\":\"https:\\\/\\\/www.compagniadisanpaolo.it\\\/it\\\/#\\\/schema\\\/logo\\\/image\\\/\"},\"sameAs\":[\"https:\\\/\\\/www.facebook.com\\\/CompagniaDiSanPaolo\",\"https:\\\/\\\/x.com\\\/CSP_live\",\"http:\\\/\\\/instagram.com\\\/compagniadisanpaolo?ref=badge\",\"https:\\\/\\\/www.linkedin.com\\\/company\\\/compagnia-di-san-paolo\",\"https:\\\/\\\/www.youtube.com\\\/user\\\/compagniadisanpaolo\",\"https:\\\/\\\/it.wikipedia.org\\\/wiki\\\/Compagnia_di_San_Paolo\"]}]}<\/script>\n<!-- \/ Yoast SEO plugin. -->","yoast_head_json":{"title":"Cavallerizza Reale: un nuovo polo culturale per la citt\u00e0 - Fondazione Compagnia di San Paolo","description":"La Fondazione Compagnia di San Paolo si impegna a dare nuova vita a un luogo unico per la sua cultura e la sua storia.","robots":{"index":"index","follow":"follow","max-snippet":"max-snippet:-1","max-image-preview":"max-image-preview:large","max-video-preview":"max-video-preview:-1"},"canonical":"https:\/\/www.compagniadisanpaolo.it\/it\/comunicati-stampa\/cavallerizza-reale-un-nuovo-polo-culturale-per-la-citta\/","og_locale":"it_IT","og_type":"article","og_title":"Cavallerizza Reale: un nuovo polo culturale per la citt\u00e0 - Fondazione Compagnia di San Paolo","og_description":"La Fondazione Compagnia di San Paolo si impegna a dare nuova vita a un luogo unico per la sua cultura e la sua storia.","og_url":"https:\/\/www.compagniadisanpaolo.it\/it\/comunicati-stampa\/cavallerizza-reale-un-nuovo-polo-culturale-per-la-citta\/","og_site_name":"Fondazione Compagnia di San Paolo","article_publisher":"https:\/\/www.facebook.com\/CompagniaDiSanPaolo","article_modified_time":"2021-11-04T09:50:47+00:00","og_image":[{"width":815,"height":350,"url":"https:\/\/www.compagniadisanpaolo.it\/wp-content\/uploads\/cavallerizza-head.jpg","type":"image\/jpeg"}],"twitter_card":"summary_large_image","twitter_site":"@CSP_live","twitter_misc":{"Tempo di lettura stimato":"4 minuti"},"schema":{"@context":"https:\/\/schema.org","@graph":[{"@type":"WebPage","@id":"https:\/\/www.compagniadisanpaolo.it\/it\/comunicati-stampa\/cavallerizza-reale-un-nuovo-polo-culturale-per-la-citta\/","url":"https:\/\/www.compagniadisanpaolo.it\/it\/comunicati-stampa\/cavallerizza-reale-un-nuovo-polo-culturale-per-la-citta\/","name":"Cavallerizza Reale: un nuovo polo culturale per la citt\u00e0 - Fondazione Compagnia di San Paolo","isPartOf":{"@id":"https:\/\/www.compagniadisanpaolo.it\/it\/#website"},"primaryImageOfPage":{"@id":"https:\/\/www.compagniadisanpaolo.it\/it\/comunicati-stampa\/cavallerizza-reale-un-nuovo-polo-culturale-per-la-citta\/#primaryimage"},"image":{"@id":"https:\/\/www.compagniadisanpaolo.it\/it\/comunicati-stampa\/cavallerizza-reale-un-nuovo-polo-culturale-per-la-citta\/#primaryimage"},"thumbnailUrl":"https:\/\/www.compagniadisanpaolo.it\/wp-content\/uploads\/cavallerizza-head.jpg","datePublished":"2021-10-19T11:42:49+00:00","dateModified":"2021-11-04T09:50:47+00:00","description":"La Fondazione Compagnia di San Paolo si impegna a dare nuova vita a un luogo unico per la sua cultura e la sua storia.","breadcrumb":{"@id":"https:\/\/www.compagniadisanpaolo.it\/it\/comunicati-stampa\/cavallerizza-reale-un-nuovo-polo-culturale-per-la-citta\/#breadcrumb"},"inLanguage":"it-IT","potentialAction":[{"@type":"ReadAction","target":["https:\/\/www.compagniadisanpaolo.it\/it\/comunicati-stampa\/cavallerizza-reale-un-nuovo-polo-culturale-per-la-citta\/"]}]},{"@type":"ImageObject","inLanguage":"it-IT","@id":"https:\/\/www.compagniadisanpaolo.it\/it\/comunicati-stampa\/cavallerizza-reale-un-nuovo-polo-culturale-per-la-citta\/#primaryimage","url":"https:\/\/www.compagniadisanpaolo.it\/wp-content\/uploads\/cavallerizza-head.jpg","contentUrl":"https:\/\/www.compagniadisanpaolo.it\/wp-content\/uploads\/cavallerizza-head.jpg","width":815,"height":350},{"@type":"BreadcrumbList","@id":"https:\/\/www.compagniadisanpaolo.it\/it\/comunicati-stampa\/cavallerizza-reale-un-nuovo-polo-culturale-per-la-citta\/#breadcrumb","itemListElement":[{"@type":"ListItem","position":1,"name":"Home","item":"https:\/\/www.compagniadisanpaolo.it\/it\/"},{"@type":"ListItem","position":2,"name":"Cavallerizza Reale: un nuovo polo culturale per la citt\u00e0"}]},{"@type":"WebSite","@id":"https:\/\/www.compagniadisanpaolo.it\/it\/#website","url":"https:\/\/www.compagniadisanpaolo.it\/it\/","name":"Fondazione Compagnia di San Paolo","description":"","publisher":{"@id":"https:\/\/www.compagniadisanpaolo.it\/it\/#organization"},"potentialAction":[{"@type":"SearchAction","target":{"@type":"EntryPoint","urlTemplate":"https:\/\/www.compagniadisanpaolo.it\/it\/?s={search_term_string}"},"query-input":{"@type":"PropertyValueSpecification","valueRequired":true,"valueName":"search_term_string"}}],"inLanguage":"it-IT"},{"@type":"Organization","@id":"https:\/\/www.compagniadisanpaolo.it\/it\/#organization","name":"Fondazione Compagnia di San Paolo","url":"https:\/\/www.compagniadisanpaolo.it\/it\/","logo":{"@type":"ImageObject","inLanguage":"it-IT","@id":"https:\/\/www.compagniadisanpaolo.it\/it\/#\/schema\/logo\/image\/","url":"https:\/\/www.compagniadisanpaolo.it\/wp-content\/uploads\/logo.svg","contentUrl":"https:\/\/www.compagniadisanpaolo.it\/wp-content\/uploads\/logo.svg","width":769,"height":323,"caption":"Fondazione Compagnia di San Paolo"},"image":{"@id":"https:\/\/www.compagniadisanpaolo.it\/it\/#\/schema\/logo\/image\/"},"sameAs":["https:\/\/www.facebook.com\/CompagniaDiSanPaolo","https:\/\/x.com\/CSP_live","http:\/\/instagram.com\/compagniadisanpaolo?ref=badge","https:\/\/www.linkedin.com\/company\/compagnia-di-san-paolo","https:\/\/www.youtube.com\/user\/compagniadisanpaolo","https:\/\/it.wikipedia.org\/wiki\/Compagnia_di_San_Paolo"]}]}},"amp_enabled":true,"_links":{"self":[{"href":"https:\/\/www.compagniadisanpaolo.it\/it\/wp-json\/wp\/v2\/comunicatistampa\/15460","targetHints":{"allow":["GET"]}}],"collection":[{"href":"https:\/\/www.compagniadisanpaolo.it\/it\/wp-json\/wp\/v2\/comunicatistampa"}],"about":[{"href":"https:\/\/www.compagniadisanpaolo.it\/it\/wp-json\/wp\/v2\/types\/comunicatistampa"}],"wp:featuredmedia":[{"embeddable":true,"href":"https:\/\/www.compagniadisanpaolo.it\/it\/wp-json\/wp\/v2\/media\/15464"}],"wp:attachment":[{"href":"https:\/\/www.compagniadisanpaolo.it\/it\/wp-json\/wp\/v2\/media?parent=15460"}],"wp:term":[{"taxonomy":"post_tag","embeddable":true,"href":"https:\/\/www.compagniadisanpaolo.it\/it\/wp-json\/wp\/v2\/tags?post=15460"}],"curies":[{"name":"wp","href":"https:\/\/api.w.org\/{rel}","templated":true}]}}