{"id":15244,"date":"2021-10-01T11:59:54","date_gmt":"2021-10-01T09:59:54","guid":{"rendered":"https:\/\/www.compagniadisanpaolo.it\/?post_type=comunicatistampa&#038;p=15244"},"modified":"2021-10-19T13:43:10","modified_gmt":"2021-10-19T11:43:10","slug":"non-sono-un-murales-segni-di-comunita","status":"publish","type":"comunicatistampa","link":"https:\/\/www.compagniadisanpaolo.it\/it\/comunicati-stampa\/non-sono-un-murales-segni-di-comunita\/","title":{"rendered":"Non sono un murales &#8211; Segni di comunit\u00e0"},"content":{"rendered":"<div class=\"wpb-content-wrapper\">[vc_row][vc_column][vc_column_text el_class=&#8221;text-headline2&#8243;]\n<div>La Fondazione Compagnia di San Paolo partecipa all\u2019iniziativa di ACRI coinvolgendo a Torino 70 giovani da 0 a 18 anni.<\/div>\n[\/vc_column_text][\/vc_column][\/vc_row][vc_row][vc_column][vc_column_text]\n<div class=\"info-box mission\">\n\t\t<div class=\"info-box-wrap info-box-hor row pb-0\">\n\n\t\t      \n\t\t      <div class=\"spalla col-12 col-md-12\">\n\t\t\t<div class=\"info-box sharing-box\">\n\t\t\t  <span class=\"label\">Condividi:<\/span>\n\t\t\t  <div class=\"social-sharing\">\n\t\t\t    <span class=\"box\">\n\t\t\t      <a class=\"fb\" href=\"https:\/\/www.facebook.com\/sharer.php?u=https:\/\/www.compagniadisanpaolo.it\/it\/comunicati-stampa\/non-sono-un-murales-segni-di-comunita\/\" target=\"_blank\">\n\t\t\t\t<span class=\"sr-only\">Facebook<\/span>\n\t\t\t\t<i class=\"fab fa-facebook-f\"><\/i>\n\t\t\t      <\/a>\n\t\t\t    <\/span>\n\t\t\t    \n\t\t\t    <style>\n.twitter, .twitter:hover{\ncolor:#000000 !important;}\n<\/style>\n\n\n\t\t\t    <span class=\"box\">\n\t\t\t      <a class=\"twitter\" href=\"https:\/\/twitter.com\/intent\/tweet?url=https:\/\/www.compagniadisanpaolo.it\/it\/comunicati-stampa\/non-sono-un-murales-segni-di-comunita\/\">\n\t\t\t\t<span class=\"sr-only\">Twitter<\/span>\n\t\t\t\t<i class=\"fa-brands fa-x-twitter\"><\/i>\n\t\t\t      <\/a>\n\t\t\t    <\/span>\n\n\t\t\t    \n\t\t\t    <span class=\"box\">\n\t\t\t      <a class=\"linkedin\" href=\"https:\/\/www.linkedin.com\/shareArticle?mini=true&url=https:\/\/www.compagniadisanpaolo.it\/it\/comunicati-stampa\/non-sono-un-murales-segni-di-comunita\/\">\n\t\t\t\t<span class=\"sr-only\">Linkedin<\/span>\n\t\t\t\t  <i class=\"fa-brands fa-linkedin-in\"><\/i>\n\t\t\t      <\/a>\n\t\t\t    <\/span>\n\n\t\t\t    <span class=\"box\">\n\t\t\t      <a class=\"whatsapp\" href=\"whatsapp:\/\/send?text=https:\/\/www.compagniadisanpaolo.it\/it\/comunicati-stampa\/non-sono-un-murales-segni-di-comunita\/\" data-action=\"share\/whatsapp\/share\">\n\t\t\t\t<span class=\"sr-only\">Whatsapp<\/span>\n\t\t\t\t<i class=\"fa-brands fa-whatsapp\"><\/i>\n\t\t\t      <\/a>\n\t\t\t    <\/span>\n\n\t\t\t    <span class=\"box\">\n\t\t\t      <a class=\"mail\" href=\"mailto:?subject=Non sono un murales - Segni di comunit\u00e0&body=https:\/\/www.compagniadisanpaolo.it\/it\/comunicati-stampa\/non-sono-un-murales-segni-di-comunita\/\">\n\t\t\t\t<span class=\"sr-only\">Mail<\/span>\n\t\t\t\t <i class=\"fa-solid fa-envelope\"><\/i>\n\t\t\t      <\/a>\n\t\t\t    <\/span>\n\t\t\t    \n\t\t\t  <\/div>\n\t\t\t<\/div>\n\t      <\/div>\n\t    <\/div><\/div>\n[\/vc_column_text][\/vc_column][\/vc_row][vc_row][vc_column width=&#8221;1\/4&#8243;][vc_column_text]\n\n\n\t\t<div class=\"info-box-wrap\">\n\n\t  <div class=\"info-box date-pub\">\n\t  \t<span class=\"label\">Data di pubblicazione:<\/span>\n\t    <span class=\"value\">1 Ottobre 2021<\/span>\n\t  <\/div>\n\t\t\t\t  <div class=\"info-box obj-institutional\">\n\t\t\t\t\t  <div class=\"info-box obj\">\n\t\t\t\t\t    <div class=\"obj-small-box\">\n\t\t\t\t\t      <span>Istituzionale<\/span>\n\t\t\t\t\t    <\/div>\n\t\t\t\t\t  <\/div>\n\t\t\t\t  <\/div>\n\t\t\t  <div class=\"info-box mission\"><span class=\"label\">Tag<\/span><a href=\"https:\/\/www.compagniadisanpaolo.it\/it\/tags\/risultati\/?_sft_post_tag=coesione-sociale\" class=\"tag-element\">Coesione sociale<\/a><a href=\"https:\/\/www.compagniadisanpaolo.it\/it\/tags\/risultati\/?_sft_post_tag=creativita-ed-esperienze-attive\" class=\"tag-element\">Creativit\u00e0 ed esperienze attive<\/a><a href=\"https:\/\/www.compagniadisanpaolo.it\/it\/tags\/risultati\/?_sft_post_tag=protagonismo-delle-comunita\" class=\"tag-element\">Protagonismo delle comunit\u00e0<\/a><a href=\"https:\/\/www.compagniadisanpaolo.it\/it\/tags\/risultati\/?_sft_post_tag=rigenerazione-territoriale\" class=\"tag-element\">Rigenerazione territoriale<\/a><\/div>\t  \n\t<\/div>\n[\/vc_column_text][\/vc_column][vc_column width=&#8221;3\/4&#8243; el_class=&#8221;page-content&#8221;][vc_column_text el_class=&#8221;text&#8221;]<em>Torino, 1<\/em><em>\u00b0 ottobre<\/em> &#8211; La\u00a0<strong>Fondazione Compagnia di San Paolo\u00a0partecipa, coinvolgendo 70 bambini e bambine, ragazzi e ragazze da 0 a 18 anni, a\u00a0Non sono un murales &#8211; Segni di comunit\u00e0, <\/strong><strong>evento promosso da Acri e diffuso in 140 citt\u00e0 italiane<\/strong>, che ha visto le diverse comunit\u00e0 impegnarsi nella <strong>realizzazione di un&#8217;opera d\u2019arte<\/strong>.<\/p>\n<p>Le opere verranno inaugurate e \u201csvelate\u201d oggi, in occasione della <strong>Giornata Europea delle Fondazioni<\/strong>. Queste opere condivideranno tutte una stessa matrice &#8211; lo stencil con la raffigurazione di un adulto che allaccia le scarpe a un bambino, progettato dall&#8217;artista urbano LDB (<strong>Lorenzo Di Bari<\/strong>) -, ma saranno diverse per modalit\u00e0 di realizzazione. Saranno, infatti, <strong>testimonianze delle storie<\/strong><strong>,<\/strong> <strong>dei luoghi, dei territori<\/strong> in cui si realizza l\u2019attivit\u00e0 quotidiana delle Fondazioni: <strong>accompagnare la<\/strong><strong> comunit\u00e0 nella cura del territorio e di chi lo abita.<\/strong><\/p>\n<p>La Fondazione torinese si \u00e8 concentrata, con la realizzazione di 5 murales, su progetti che vogliono essere motore di cambiamento positivo e strumento per favorire una <strong>comunit\u00e0 coesa,<\/strong> rendendo <strong>protagonisti i pi\u00f9 piccoli e i pi\u00f9 grandi, passando attraverso scuola, famiglia e opportunit\u00e0 territoriali. <\/strong>L\u2019obiettivo \u00e8 quello di rendere la <strong>comunit\u00e0 educante<\/strong> sempre pi\u00f9 <strong>capace di assumere come propria responsabilit\u00e0 i percorsi di crescita e educazione, lavorando per rimuovere le disuguaglianze, per prevenire e contrastare la povert\u00e0 educativa<\/strong> <strong>e la dispersione scolastica.<\/strong><\/p>\n<p>Sono stati realizzati <strong>4 murales sul territorio di Barriera di Milano<\/strong> insieme agli enti di <strong>N. O. E. Nuovi Orizzonti Educativi <\/strong>progetto che ha l\u2019obiettivo di supportare lo sviluppo di una\u00a0comunit\u00e0 educante<strong>\u00a0<\/strong>attraverso la proposta di\u00a0n<strong>uove opportunit\u00e0 educative extrascolastiche per famiglie, bambine e bambini, ragazzi e ragazze grazie alla forte sinergia fra scuola, enti locali e privato sociale.<\/strong><\/p>\n<p>La realizzazione \u00e8 stata accompagnata e preceduta da un momento propedeutico condotto da\u00a0<strong>Depurarte<\/strong>, partner tecnico dell\u2019iniziativa e <strong>progetto vincitore del bando GxG \u2013 Giovani per i Giovani, <\/strong><strong>promosso dalla Fondazione. <\/strong>I murales sono stati eseguiti presso\u00a0Drop house del <strong>Gruppo Abele<\/strong>\u00a0\u00a0\u00a0\u00a0 , uno spazio multiculturale di accoglienza, socializzazione, ascolto e formazione per le donne, italiane e straniere, con o senza figli, \u00a0<strong>IC Ilaria Alpi \u2013 Scuola Deledda<\/strong><strong>\u201d<\/strong>, ubicata tra i quartieri Aurora e Barriera di Milano e impegnata nel contrasto delle diseguaglianze educative<strong>,<\/strong>\u00a0e\u00a0<strong>Oratorio Maria Regina della Pace<\/strong> che da anni \u00e8 presente sul territorio per promuovere l&#8217;educazione integrale delle persone del quartiere con molte attivit\u00e0, con un&#8217;attenzione particolare all&#8217;accompagnamento scolastico grazie al doposcuola rivolto a bambini e ragazzi dalle scuole primarie alle secondarie di secondo grado. Le opere sono state nebulizzate con un particolare film fotocatalitico che\u00a0cattura gli inquinanti atmosferici e li trasforma in sostanze inerti.<\/p>\n<p>Un ulteriore murales, ideato dal giovane <strong>writer Sei venuto male con l\u2019associazione Vides Main<\/strong>, \u00e8 stato realizzato\u00a0\u00a0\u00a0\u00a0 insieme alla <strong>Fondazione Ufficio Pio e alla cooperativa sociale\u00a0 Un sogno per tutti<\/strong>, presso la facciata di ingresso dell\u2019<strong>IC Padre Gemelli<\/strong>, nell\u2019ambito del progetto <strong>Will &#8211; Educare al futuro<\/strong> che, cofinanziato da impresa sociale Con i Bambini e Fondazione Compagnia di San Paolo, vuole <strong>sostenere le carriere scolastiche e la formazione<\/strong> degli studenti appartenenti a famiglie a basso reddito, dalla fine della quinta elementare all\u2019inizio delle superiori. Con l\u2019inaugurazione del murales prende il via anche il bando Will Torino 2021 a cui possono partecipare le famiglie residenti nelle Circoscrizioni 5 e 6 con figli che frequentano la quinta elementare.[\/vc_column_text][\/vc_column][\/vc_row][vc_row el_class=&#8221;sdg-list-wrap&#8221;][vc_column][vc_raw_html]JTVCU2V6aW9uZV9Eb2N1bWVudGklNUQ=[\/vc_raw_html][\/vc_column][\/vc_row][vc_row][vc_column]<div class=\"templatera_shortcode\"><div data-vc-full-width=\"true\" data-vc-full-width-temp=\"true\" data-vc-full-width-init=\"false\" class=\"vc_row wpb_row vc_row-fluid newsletter-wrap\"><div class=\"wpb_column vc_column_container vc_col-sm-12\"><div class=\"vc_column-inner\"><div class=\"wpb_wrapper\">\n\t<div class=\"wpb_raw_code wpb_raw_html wpb_content_element\" >\n\t\t<div class=\"wpb_wrapper\">\n\t\t\t    <div class=\"container\">\n      <div class=\"row align-items-center\">\n\t<div class=\"col-12 col-lg-6 col-xl-5 mb-3 mb-lg-0 pr-0\">\n\t  <h2 class=\"title\">Rimani aggiornato sui nostri bandi e sui nostri progetti<\/h2>\n\t<\/div>\n\t<div class=\"col-12 col-lg-6 col-xl-7 pl-xl-4\">\n\t  <a class=\"standard-link-block\" href=\"\/it\/newsletter\/\">\n\t    Compila il form e decidi su quale argomento vuoi ricevere notizie.\t    <strong>\u00a0 ISCRIVITI!<\/strong>\n\t  <\/a>\n\t<\/div>\n      <\/div>\n    <\/div>\n\t\t<\/div>\n\t<\/div>\n<\/div><\/div><\/div><\/div><div class=\"vc_row-full-width vc_clearfix\"><\/div><\/div>[\/vc_column][\/vc_row]\n<\/div>","protected":false},"excerpt":{"rendered":"La Fondazione Compagnia di San Paolo partecipa all\u2019iniziativa di ACRI coinvolgendo a Torino 70 giovani da 0 a 18 anni. Condividi: Facebook Twitter Linkedin Whatsapp Mail Data di pubblicazione: 1 Ottobre 2021 Istituzionale TagCoesione socialeCreativit\u00e0 ed esperienze attiveProtagonismo delle comunit\u00e0Rigenerazione territoriale Torino, 1\u00b0 ottobre - La\u00a0Fondazione Compagnia di San Paolo\u00a0partecipa, coinvolgendo 70 bambini e bambine, ragazzi e ragazze da 0 a 18 anni, a\u00a0Non sono un murales - Segni di comunit\u00e0, evento promosso da Acri e diffuso in 140 citt\u00e0 italiane, che ha visto le diverse comunit\u00e0 impegnarsi nella realizzazione di un'opera d\u2019arte. Le opere verranno inaugurate e \u201csvelate\u201d oggi, in occasione della Giornata Europea delle Fondazioni. Queste opere condivideranno tutte una stessa matrice - lo stencil con la raffigurazione di un adulto che allaccia le scarpe a un bambino, progettato dall'artista urbano LDB (Lorenzo Di Bari) -, ma saranno diverse per modalit\u00e0 di realizzazione. Saranno, infatti, testimonianze delle storie, dei luoghi, dei territori in cui si realizza l\u2019attivit\u00e0 quotidiana delle Fondazioni: accompagnare la comunit\u00e0 nella cura del territorio e di chi lo abita. La Fondazione torinese si \u00e8 concentrata, con la realizzazione di 5 murales, su progetti che vogliono essere motore di cambiamento positivo e strumento per favorire una comunit\u00e0 coesa, rendendo protagonisti i pi\u00f9 piccoli e i pi\u00f9 grandi, passando attraverso scuola, famiglia e opportunit\u00e0 territoriali. L\u2019obiettivo \u00e8 quello di rendere la comunit\u00e0 educante sempre pi\u00f9 capace di assumere come propria responsabilit\u00e0 i percorsi di crescita e educazione, lavorando per rimuovere le disuguaglianze, per prevenire e contrastare la povert\u00e0 educativa e la dispersione scolastica. Sono stati realizzati 4 murales sul territorio di Barriera di Milano insieme agli enti di N. O. E. Nuovi Orizzonti Educativi progetto che ha l\u2019obiettivo di supportare lo sviluppo di una\u00a0comunit\u00e0 educante\u00a0attraverso la proposta di\u00a0nuove opportunit\u00e0 educative extrascolastiche per famiglie, bambine e bambini, ragazzi e ragazze grazie alla forte sinergia fra scuola, enti locali e privato sociale. La realizzazione \u00e8 stata accompagnata e preceduta da un momento propedeutico condotto da\u00a0Depurarte, partner tecnico dell\u2019iniziativa e progetto vincitore del bando GxG \u2013 Giovani per i Giovani, promosso dalla Fondazione. I murales sono stati eseguiti presso\u00a0Drop house del Gruppo Abele\u00a0\u00a0\u00a0\u00a0 , uno spazio multiculturale di accoglienza, socializzazione, ascolto e formazione per le donne, italiane e straniere, con o senza figli, \u00a0IC Ilaria Alpi \u2013 Scuola Deledda\u201d, ubicata tra i quartieri Aurora e Barriera di Milano e impegnata nel contrasto delle diseguaglianze educative,\u00a0e\u00a0Oratorio Maria Regina della Pace che da anni \u00e8 presente sul territorio per promuovere l'educazione integrale delle persone del quartiere con molte attivit\u00e0, con un'attenzione particolare all'accompagnamento scolastico grazie al doposcuola rivolto a bambini e ragazzi dalle scuole primarie alle secondarie di secondo grado. Le opere sono state nebulizzate con un particolare film fotocatalitico che\u00a0cattura gli inquinanti atmosferici e li trasforma in sostanze inerti. Un ulteriore murales, ideato dal giovane writer Sei venuto male con l\u2019associazione Vides Main, \u00e8 stato realizzato\u00a0\u00a0\u00a0\u00a0 insieme alla Fondazione Ufficio Pio e alla cooperativa sociale\u00a0 Un sogno per tutti, presso la facciata di ingresso dell\u2019IC Padre Gemelli, nell\u2019ambito del progetto Will - Educare al futuro che, cofinanziato da impresa sociale Con i Bambini e Fondazione Compagnia di San Paolo, vuole sostenere le carriere scolastiche e la formazione degli studenti appartenenti a famiglie a basso reddito, dalla fine della quinta elementare all\u2019inizio delle superiori. Con l\u2019inaugurazione del murales prende il via anche il bando Will Torino 2021 a cui possono partecipare le famiglie residenti nelle Circoscrizioni 5 e 6 con figli che frequentano la quinta elementare. Documenti di approfondimento Comunicato Stampa - Non sono un murales Scarica il documento Rimani aggiornato sui nostri bandi e sui nostri progetti Compila il form e decidi su quale argomento vuoi ricevere notizie. \u00a0 ISCRIVITI!","protected":false},"featured_media":15239,"menu_order":0,"template":"","meta":{"_acf_changed":false,"content-type":""},"tags":[51,63,90,75],"class_list":["post-15244","comunicatistampa","type-comunicatistampa","status-publish","has-post-thumbnail","hentry","tag-coesione-sociale","tag-creativita-ed-esperienze-attive","tag-protagonismo-delle-comunita","tag-rigenerazione-territoriale","entry","post-inner"],"acf":[],"yoast_head":"<!-- This site is optimized with the Yoast SEO plugin v27.3 - https:\/\/yoast.com\/product\/yoast-seo-wordpress\/ -->\n<title>Non sono un murales - Segni di comunit\u00e0 - Fondazione Compagnia di San Paolo<\/title>\n<meta name=\"description\" content=\"La Fondazione Compagnia di San Paolo partecipa all\u2019iniziativa di ACRI coinvolgendo a Torino 70 giovani da 0 a 18 anni.\" \/>\n<meta name=\"robots\" content=\"index, follow, max-snippet:-1, max-image-preview:large, max-video-preview:-1\" \/>\n<link rel=\"canonical\" href=\"https:\/\/www.compagniadisanpaolo.it\/it\/comunicati-stampa\/non-sono-un-murales-segni-di-comunita\/\" \/>\n<meta property=\"og:locale\" content=\"it_IT\" \/>\n<meta property=\"og:type\" content=\"article\" \/>\n<meta property=\"og:title\" content=\"Non sono un murales - Segni di comunit\u00e0 - Fondazione Compagnia di San Paolo\" \/>\n<meta property=\"og:description\" content=\"La Fondazione Compagnia di San Paolo partecipa all\u2019iniziativa di ACRI coinvolgendo a Torino 70 giovani da 0 a 18 anni.\" \/>\n<meta property=\"og:url\" content=\"https:\/\/www.compagniadisanpaolo.it\/it\/comunicati-stampa\/non-sono-un-murales-segni-di-comunita\/\" \/>\n<meta property=\"og:site_name\" content=\"Fondazione Compagnia di San Paolo\" \/>\n<meta property=\"article:publisher\" content=\"https:\/\/www.facebook.com\/CompagniaDiSanPaolo\" \/>\n<meta property=\"article:modified_time\" content=\"2021-10-19T11:43:10+00:00\" \/>\n<meta property=\"og:image\" content=\"https:\/\/www.compagniadisanpaolo.it\/wp-content\/uploads\/non-sono-murales-head.jpg\" \/>\n\t<meta property=\"og:image:width\" content=\"815\" \/>\n\t<meta property=\"og:image:height\" content=\"350\" \/>\n\t<meta property=\"og:image:type\" content=\"image\/jpeg\" \/>\n<meta name=\"twitter:card\" content=\"summary_large_image\" \/>\n<meta name=\"twitter:site\" content=\"@CSP_live\" \/>\n<meta name=\"twitter:label1\" content=\"Tempo di lettura stimato\" \/>\n\t<meta name=\"twitter:data1\" content=\"3 minuti\" \/>\n<script type=\"application\/ld+json\" class=\"yoast-schema-graph\">{\"@context\":\"https:\\\/\\\/schema.org\",\"@graph\":[{\"@type\":\"WebPage\",\"@id\":\"https:\\\/\\\/www.compagniadisanpaolo.it\\\/it\\\/comunicati-stampa\\\/non-sono-un-murales-segni-di-comunita\\\/\",\"url\":\"https:\\\/\\\/www.compagniadisanpaolo.it\\\/it\\\/comunicati-stampa\\\/non-sono-un-murales-segni-di-comunita\\\/\",\"name\":\"Non sono un murales - Segni di comunit\u00e0 - Fondazione Compagnia di San Paolo\",\"isPartOf\":{\"@id\":\"https:\\\/\\\/www.compagniadisanpaolo.it\\\/it\\\/#website\"},\"primaryImageOfPage\":{\"@id\":\"https:\\\/\\\/www.compagniadisanpaolo.it\\\/it\\\/comunicati-stampa\\\/non-sono-un-murales-segni-di-comunita\\\/#primaryimage\"},\"image\":{\"@id\":\"https:\\\/\\\/www.compagniadisanpaolo.it\\\/it\\\/comunicati-stampa\\\/non-sono-un-murales-segni-di-comunita\\\/#primaryimage\"},\"thumbnailUrl\":\"https:\\\/\\\/www.compagniadisanpaolo.it\\\/wp-content\\\/uploads\\\/non-sono-murales-head.jpg\",\"datePublished\":\"2021-10-01T09:59:54+00:00\",\"dateModified\":\"2021-10-19T11:43:10+00:00\",\"description\":\"La Fondazione Compagnia di San Paolo partecipa all\u2019iniziativa di ACRI coinvolgendo a Torino 70 giovani da 0 a 18 anni.\",\"breadcrumb\":{\"@id\":\"https:\\\/\\\/www.compagniadisanpaolo.it\\\/it\\\/comunicati-stampa\\\/non-sono-un-murales-segni-di-comunita\\\/#breadcrumb\"},\"inLanguage\":\"it-IT\",\"potentialAction\":[{\"@type\":\"ReadAction\",\"target\":[\"https:\\\/\\\/www.compagniadisanpaolo.it\\\/it\\\/comunicati-stampa\\\/non-sono-un-murales-segni-di-comunita\\\/\"]}]},{\"@type\":\"ImageObject\",\"inLanguage\":\"it-IT\",\"@id\":\"https:\\\/\\\/www.compagniadisanpaolo.it\\\/it\\\/comunicati-stampa\\\/non-sono-un-murales-segni-di-comunita\\\/#primaryimage\",\"url\":\"https:\\\/\\\/www.compagniadisanpaolo.it\\\/wp-content\\\/uploads\\\/non-sono-murales-head.jpg\",\"contentUrl\":\"https:\\\/\\\/www.compagniadisanpaolo.it\\\/wp-content\\\/uploads\\\/non-sono-murales-head.jpg\",\"width\":815,\"height\":350},{\"@type\":\"BreadcrumbList\",\"@id\":\"https:\\\/\\\/www.compagniadisanpaolo.it\\\/it\\\/comunicati-stampa\\\/non-sono-un-murales-segni-di-comunita\\\/#breadcrumb\",\"itemListElement\":[{\"@type\":\"ListItem\",\"position\":1,\"name\":\"Home\",\"item\":\"https:\\\/\\\/www.compagniadisanpaolo.it\\\/it\\\/\"},{\"@type\":\"ListItem\",\"position\":2,\"name\":\"Non sono un murales &#8211; Segni di comunit\u00e0\"}]},{\"@type\":\"WebSite\",\"@id\":\"https:\\\/\\\/www.compagniadisanpaolo.it\\\/it\\\/#website\",\"url\":\"https:\\\/\\\/www.compagniadisanpaolo.it\\\/it\\\/\",\"name\":\"Fondazione Compagnia di San Paolo\",\"description\":\"\",\"publisher\":{\"@id\":\"https:\\\/\\\/www.compagniadisanpaolo.it\\\/it\\\/#organization\"},\"potentialAction\":[{\"@type\":\"SearchAction\",\"target\":{\"@type\":\"EntryPoint\",\"urlTemplate\":\"https:\\\/\\\/www.compagniadisanpaolo.it\\\/it\\\/?s={search_term_string}\"},\"query-input\":{\"@type\":\"PropertyValueSpecification\",\"valueRequired\":true,\"valueName\":\"search_term_string\"}}],\"inLanguage\":\"it-IT\"},{\"@type\":\"Organization\",\"@id\":\"https:\\\/\\\/www.compagniadisanpaolo.it\\\/it\\\/#organization\",\"name\":\"Fondazione Compagnia di San Paolo\",\"url\":\"https:\\\/\\\/www.compagniadisanpaolo.it\\\/it\\\/\",\"logo\":{\"@type\":\"ImageObject\",\"inLanguage\":\"it-IT\",\"@id\":\"https:\\\/\\\/www.compagniadisanpaolo.it\\\/it\\\/#\\\/schema\\\/logo\\\/image\\\/\",\"url\":\"https:\\\/\\\/www.compagniadisanpaolo.it\\\/wp-content\\\/uploads\\\/logo.svg\",\"contentUrl\":\"https:\\\/\\\/www.compagniadisanpaolo.it\\\/wp-content\\\/uploads\\\/logo.svg\",\"width\":769,\"height\":323,\"caption\":\"Fondazione Compagnia di San Paolo\"},\"image\":{\"@id\":\"https:\\\/\\\/www.compagniadisanpaolo.it\\\/it\\\/#\\\/schema\\\/logo\\\/image\\\/\"},\"sameAs\":[\"https:\\\/\\\/www.facebook.com\\\/CompagniaDiSanPaolo\",\"https:\\\/\\\/x.com\\\/CSP_live\",\"http:\\\/\\\/instagram.com\\\/compagniadisanpaolo?ref=badge\",\"https:\\\/\\\/www.linkedin.com\\\/company\\\/compagnia-di-san-paolo\",\"https:\\\/\\\/www.youtube.com\\\/user\\\/compagniadisanpaolo\",\"https:\\\/\\\/it.wikipedia.org\\\/wiki\\\/Compagnia_di_San_Paolo\"]}]}<\/script>\n<!-- \/ Yoast SEO plugin. -->","yoast_head_json":{"title":"Non sono un murales - Segni di comunit\u00e0 - Fondazione Compagnia di San Paolo","description":"La Fondazione Compagnia di San Paolo partecipa all\u2019iniziativa di ACRI coinvolgendo a Torino 70 giovani da 0 a 18 anni.","robots":{"index":"index","follow":"follow","max-snippet":"max-snippet:-1","max-image-preview":"max-image-preview:large","max-video-preview":"max-video-preview:-1"},"canonical":"https:\/\/www.compagniadisanpaolo.it\/it\/comunicati-stampa\/non-sono-un-murales-segni-di-comunita\/","og_locale":"it_IT","og_type":"article","og_title":"Non sono un murales - Segni di comunit\u00e0 - Fondazione Compagnia di San Paolo","og_description":"La Fondazione Compagnia di San Paolo partecipa all\u2019iniziativa di ACRI coinvolgendo a Torino 70 giovani da 0 a 18 anni.","og_url":"https:\/\/www.compagniadisanpaolo.it\/it\/comunicati-stampa\/non-sono-un-murales-segni-di-comunita\/","og_site_name":"Fondazione Compagnia di San Paolo","article_publisher":"https:\/\/www.facebook.com\/CompagniaDiSanPaolo","article_modified_time":"2021-10-19T11:43:10+00:00","og_image":[{"width":815,"height":350,"url":"https:\/\/www.compagniadisanpaolo.it\/wp-content\/uploads\/non-sono-murales-head.jpg","type":"image\/jpeg"}],"twitter_card":"summary_large_image","twitter_site":"@CSP_live","twitter_misc":{"Tempo di lettura stimato":"3 minuti"},"schema":{"@context":"https:\/\/schema.org","@graph":[{"@type":"WebPage","@id":"https:\/\/www.compagniadisanpaolo.it\/it\/comunicati-stampa\/non-sono-un-murales-segni-di-comunita\/","url":"https:\/\/www.compagniadisanpaolo.it\/it\/comunicati-stampa\/non-sono-un-murales-segni-di-comunita\/","name":"Non sono un murales - Segni di comunit\u00e0 - Fondazione Compagnia di San Paolo","isPartOf":{"@id":"https:\/\/www.compagniadisanpaolo.it\/it\/#website"},"primaryImageOfPage":{"@id":"https:\/\/www.compagniadisanpaolo.it\/it\/comunicati-stampa\/non-sono-un-murales-segni-di-comunita\/#primaryimage"},"image":{"@id":"https:\/\/www.compagniadisanpaolo.it\/it\/comunicati-stampa\/non-sono-un-murales-segni-di-comunita\/#primaryimage"},"thumbnailUrl":"https:\/\/www.compagniadisanpaolo.it\/wp-content\/uploads\/non-sono-murales-head.jpg","datePublished":"2021-10-01T09:59:54+00:00","dateModified":"2021-10-19T11:43:10+00:00","description":"La Fondazione Compagnia di San Paolo partecipa all\u2019iniziativa di ACRI coinvolgendo a Torino 70 giovani da 0 a 18 anni.","breadcrumb":{"@id":"https:\/\/www.compagniadisanpaolo.it\/it\/comunicati-stampa\/non-sono-un-murales-segni-di-comunita\/#breadcrumb"},"inLanguage":"it-IT","potentialAction":[{"@type":"ReadAction","target":["https:\/\/www.compagniadisanpaolo.it\/it\/comunicati-stampa\/non-sono-un-murales-segni-di-comunita\/"]}]},{"@type":"ImageObject","inLanguage":"it-IT","@id":"https:\/\/www.compagniadisanpaolo.it\/it\/comunicati-stampa\/non-sono-un-murales-segni-di-comunita\/#primaryimage","url":"https:\/\/www.compagniadisanpaolo.it\/wp-content\/uploads\/non-sono-murales-head.jpg","contentUrl":"https:\/\/www.compagniadisanpaolo.it\/wp-content\/uploads\/non-sono-murales-head.jpg","width":815,"height":350},{"@type":"BreadcrumbList","@id":"https:\/\/www.compagniadisanpaolo.it\/it\/comunicati-stampa\/non-sono-un-murales-segni-di-comunita\/#breadcrumb","itemListElement":[{"@type":"ListItem","position":1,"name":"Home","item":"https:\/\/www.compagniadisanpaolo.it\/it\/"},{"@type":"ListItem","position":2,"name":"Non sono un murales &#8211; Segni di comunit\u00e0"}]},{"@type":"WebSite","@id":"https:\/\/www.compagniadisanpaolo.it\/it\/#website","url":"https:\/\/www.compagniadisanpaolo.it\/it\/","name":"Fondazione Compagnia di San Paolo","description":"","publisher":{"@id":"https:\/\/www.compagniadisanpaolo.it\/it\/#organization"},"potentialAction":[{"@type":"SearchAction","target":{"@type":"EntryPoint","urlTemplate":"https:\/\/www.compagniadisanpaolo.it\/it\/?s={search_term_string}"},"query-input":{"@type":"PropertyValueSpecification","valueRequired":true,"valueName":"search_term_string"}}],"inLanguage":"it-IT"},{"@type":"Organization","@id":"https:\/\/www.compagniadisanpaolo.it\/it\/#organization","name":"Fondazione Compagnia di San Paolo","url":"https:\/\/www.compagniadisanpaolo.it\/it\/","logo":{"@type":"ImageObject","inLanguage":"it-IT","@id":"https:\/\/www.compagniadisanpaolo.it\/it\/#\/schema\/logo\/image\/","url":"https:\/\/www.compagniadisanpaolo.it\/wp-content\/uploads\/logo.svg","contentUrl":"https:\/\/www.compagniadisanpaolo.it\/wp-content\/uploads\/logo.svg","width":769,"height":323,"caption":"Fondazione Compagnia di San Paolo"},"image":{"@id":"https:\/\/www.compagniadisanpaolo.it\/it\/#\/schema\/logo\/image\/"},"sameAs":["https:\/\/www.facebook.com\/CompagniaDiSanPaolo","https:\/\/x.com\/CSP_live","http:\/\/instagram.com\/compagniadisanpaolo?ref=badge","https:\/\/www.linkedin.com\/company\/compagnia-di-san-paolo","https:\/\/www.youtube.com\/user\/compagniadisanpaolo","https:\/\/it.wikipedia.org\/wiki\/Compagnia_di_San_Paolo"]}]}},"amp_enabled":true,"_links":{"self":[{"href":"https:\/\/www.compagniadisanpaolo.it\/it\/wp-json\/wp\/v2\/comunicatistampa\/15244","targetHints":{"allow":["GET"]}}],"collection":[{"href":"https:\/\/www.compagniadisanpaolo.it\/it\/wp-json\/wp\/v2\/comunicatistampa"}],"about":[{"href":"https:\/\/www.compagniadisanpaolo.it\/it\/wp-json\/wp\/v2\/types\/comunicatistampa"}],"wp:featuredmedia":[{"embeddable":true,"href":"https:\/\/www.compagniadisanpaolo.it\/it\/wp-json\/wp\/v2\/media\/15239"}],"wp:attachment":[{"href":"https:\/\/www.compagniadisanpaolo.it\/it\/wp-json\/wp\/v2\/media?parent=15244"}],"wp:term":[{"taxonomy":"post_tag","embeddable":true,"href":"https:\/\/www.compagniadisanpaolo.it\/it\/wp-json\/wp\/v2\/tags?post=15244"}],"curies":[{"name":"wp","href":"https:\/\/api.w.org\/{rel}","templated":true}]}}