{"id":13907,"date":"2021-05-21T15:40:46","date_gmt":"2021-05-21T13:40:46","guid":{"rendered":"https:\/\/www.compagniadisanpaolo.it\/?post_type=comunicatistampa&#038;p=13907"},"modified":"2022-01-26T17:35:43","modified_gmt":"2022-01-26T16:35:43","slug":"apre-lhub-vaccinale-della-fondazione-compagnia-di-san-paolo-potenziato-il-centro-asl-di-via-gorizia","status":"publish","type":"comunicatistampa","link":"https:\/\/www.compagniadisanpaolo.it\/it\/comunicati-stampa\/apre-lhub-vaccinale-della-fondazione-compagnia-di-san-paolo-potenziato-il-centro-asl-di-via-gorizia\/","title":{"rendered":"Apre l&#8217;hub vaccinale della Fondazione Compagnia di San Paolo. Potenziato il Centro ASL di via Gorizia"},"content":{"rendered":"<div class=\"wpb-content-wrapper\">[vc_row][vc_column][vc_column_text el_class=&#8221;text-headline2&#8243;]\n<div class=\"page\" title=\"Page 1\">\n<div class=\"layoutArea\">\n<div class=\"column\">\n<p>Linee vaccinali triplicate e 800 inoculazioni al giorno: il centro vaccinale pubblico aumenta l\u2019attivit\u00e0 grazie al sostegno della Fondazione, con focus su terzo settore e ambito culturale.<\/p>\n<\/div>\n<\/div>\n<\/div>\n[\/vc_column_text][\/vc_column][\/vc_row][vc_row][vc_column][vc_column_text]\n<div class=\"info-box mission\">\n\t\t<div class=\"info-box-wrap info-box-hor row pb-0\">\n\n\t\t      \n\t\t      <div class=\"spalla col-12 col-md-12\">\n\t\t\t<div class=\"info-box sharing-box\">\n\t\t\t  <span class=\"label\">Condividi:<\/span>\n\t\t\t  <div class=\"social-sharing\">\n\t\t\t    <span class=\"box\">\n\t\t\t      <a class=\"fb\" href=\"https:\/\/www.facebook.com\/sharer.php?u=https:\/\/www.compagniadisanpaolo.it\/it\/comunicati-stampa\/apre-lhub-vaccinale-della-fondazione-compagnia-di-san-paolo-potenziato-il-centro-asl-di-via-gorizia\/\" target=\"_blank\">\n\t\t\t\t<span class=\"sr-only\">Facebook<\/span>\n\t\t\t\t<i class=\"fab fa-facebook-f\"><\/i>\n\t\t\t      <\/a>\n\t\t\t    <\/span>\n\t\t\t    \n\t\t\t    <style>\n.twitter, .twitter:hover{\ncolor:#000000 !important;}\n<\/style>\n\n\n\t\t\t    <span class=\"box\">\n\t\t\t      <a class=\"twitter\" href=\"https:\/\/twitter.com\/intent\/tweet?url=https:\/\/www.compagniadisanpaolo.it\/it\/comunicati-stampa\/apre-lhub-vaccinale-della-fondazione-compagnia-di-san-paolo-potenziato-il-centro-asl-di-via-gorizia\/\">\n\t\t\t\t<span class=\"sr-only\">Twitter<\/span>\n\t\t\t\t<i class=\"fa-brands fa-x-twitter\"><\/i>\n\t\t\t      <\/a>\n\t\t\t    <\/span>\n\n\t\t\t    \n\t\t\t    <span class=\"box\">\n\t\t\t      <a class=\"linkedin\" href=\"https:\/\/www.linkedin.com\/shareArticle?mini=true&url=https:\/\/www.compagniadisanpaolo.it\/it\/comunicati-stampa\/apre-lhub-vaccinale-della-fondazione-compagnia-di-san-paolo-potenziato-il-centro-asl-di-via-gorizia\/\">\n\t\t\t\t<span class=\"sr-only\">Linkedin<\/span>\n\t\t\t\t  <i class=\"fa-brands fa-linkedin-in\"><\/i>\n\t\t\t      <\/a>\n\t\t\t    <\/span>\n\n\t\t\t    <span class=\"box\">\n\t\t\t      <a class=\"whatsapp\" href=\"whatsapp:\/\/send?text=https:\/\/www.compagniadisanpaolo.it\/it\/comunicati-stampa\/apre-lhub-vaccinale-della-fondazione-compagnia-di-san-paolo-potenziato-il-centro-asl-di-via-gorizia\/\" data-action=\"share\/whatsapp\/share\">\n\t\t\t\t<span class=\"sr-only\">Whatsapp<\/span>\n\t\t\t\t<i class=\"fa-brands fa-whatsapp\"><\/i>\n\t\t\t      <\/a>\n\t\t\t    <\/span>\n\n\t\t\t    <span class=\"box\">\n\t\t\t      <a class=\"mail\" href=\"mailto:?subject=Apre l'hub vaccinale della Fondazione Compagnia di San Paolo. Potenziato il Centro ASL di via Gorizia&body=https:\/\/www.compagniadisanpaolo.it\/it\/comunicati-stampa\/apre-lhub-vaccinale-della-fondazione-compagnia-di-san-paolo-potenziato-il-centro-asl-di-via-gorizia\/\">\n\t\t\t\t<span class=\"sr-only\">Mail<\/span>\n\t\t\t\t <i class=\"fa-solid fa-envelope\"><\/i>\n\t\t\t      <\/a>\n\t\t\t    <\/span>\n\t\t\t    \n\t\t\t  <\/div>\n\t\t\t<\/div>\n\t      <\/div>\n\t    <\/div><\/div>\n[\/vc_column_text][\/vc_column][\/vc_row][vc_row][vc_column width=&#8221;1\/4&#8243;][vc_column_text]\n\n\n\t\t<div class=\"info-box-wrap\">\n\n\t  <div class=\"info-box date-pub\">\n\t  \t<span class=\"label\">Data di pubblicazione:<\/span>\n\t    <span class=\"value\">21 Maggio 2021<\/span>\n\t  <\/div>\n\t\t\t\t  <div class=\"info-box obj-institutional\">\n\t\t\t\t\t  <div class=\"info-box obj\">\n\t\t\t\t\t    <div class=\"obj-small-box\">\n\t\t\t\t\t      <span>Istituzionale<\/span>\n\t\t\t\t\t    <\/div>\n\t\t\t\t\t  <\/div>\n\t\t\t\t  <\/div>\n\t\t\t  <div class=\"info-box mission\"><span class=\"label\">Tag<\/span><a href=\"https:\/\/www.compagniadisanpaolo.it\/it\/tags\/risultati\/?_sft_post_tag=piena-cittadinanza-e-diritti\" class=\"tag-element\">Piena cittadinanza e diritti<\/a><\/div>\t  \n\t<\/div>\n[\/vc_column_text][\/vc_column][vc_column width=&#8221;3\/4&#8243; el_class=&#8221;page-content&#8221;][vc_column_text el_class=&#8221;text&#8221;]\n<div class=\"page\" title=\"Page 1\">\n<div class=\"layoutArea\">\n<div class=\"column\">\n<p>Torino, 21 maggio 2021 \u2013 \u00c8 stato inaugurato l\u2019hub vaccinale della Fondazione Compagnia di San Paolo, realizzato insieme all\u2019ASL Citt\u00e0 di Torino. All\u2019evento erano presenti l\u2019Assessore alla Sanit\u00e0 <strong>Luigi Genesio Icardi<\/strong>, il Direttore Generale dell&#8217;ASL Citt\u00e0 di Torino <strong>Carlo Picco, Francesco Profumo e Alberto Anfossi<\/strong>, Presidente e Segretario Generale della Fondazione Compagnia di San Paolo. L\u2019intervento della Fondazione a sostegno della campagna vaccinale si traduce nel supporto all\u2019hub vaccinale pubblico di via Gorizia 112\/A, struttura gi\u00e0 autorizzata dall\u2019ASL per l\u2019inoculazione del vaccino. Il centro vaccinale, operativo 7 giorni su 7 dalle 8:00 alle 20:00, aumenta le linee vaccinali da 3 a 10. Oltre che aperto alla cittadinanza, diventer\u00e0 anche hub di riferimento per il terzo settore, in particolare in ambito culturale.\u00a0Il potenziamento dell\u2019hub di via Gorizia rientra nella logica di creazione di hotspot che l\u2019ASL torinese ha voluto seguire, collaborando prima con grandi imprese e luoghi simbolici di Torino, e adesso con una grande istituzione filantropica come la Compagnia di San Paolo.<\/p>\n<p>\u201cLa realizzazione dell\u2019hub vaccinale\u201d \u2013 dichiara <strong>Francesco Profumo, Presidente della Fondazione Compagnia di San Paolo<\/strong> \u2013 \u201csi allinea perfettamente al nostro Piano Strategico 2021-2024 e al ruolo di \u201cinvestitore sociale\u201d che ricopriamo per missione e per scelta quotidianamente ribadita. Un intervento, questo, attraverso cui confidiamo di fungere da catalizzatore per un settore in grande sofferenza come quello dei beni culturali, dell\u2019arte e dello spettacolo. Nel progettare le nostre azioni guardiamo al futuro per modificare il presente, verso quel bene comune che desideriamo veder crescere ed essere condiviso da tutti. Coerentemente con questa missione, e in continuit\u00e0 con i molteplici e significativi interventi di sostegno al territorio durante la fase pandemica, vogliamo favorire una rapida ripresa del contesto socio-economico.\u201d<\/p>\n<div class=\"page\" title=\"Page 1\">\n<div class=\"layoutArea\">\n<div class=\"column\">\n<p>\u201cL\u2019intervento comporta un vero e proprio rilancio dell\u2019hub, che non si ferma e anzi aumenta la propria attivit\u00e0\u201d \u2013 <strong>spiega Alberto Anfossi, Segretario Generale della Fondazione Compagnia di San Paolo<\/strong> \u2013 \u201cQuesto si traduce ovviamente in pi\u00f9 cittadini vaccinati in minor tempo. Bene comune e centralit\u00e0 delle persone sono il metro con cui abbiamo letto la realt\u00e0 in questo tempo complesso.<\/p>\n<div class=\"page\" title=\"Page 2\">\n<div class=\"layoutArea\">\n<div class=\"column\">\n<p>Sono la bussola che ci ha permesso di decifrare con chiarezza i nodi delle sfide di oggi. Nel corso del 2020\u201d \u2013 continua <strong>Anfossi<\/strong> \u2013 \u201cl\u2019emergenza sanitaria per COVID-19 \u00e8 stata affrontata dalla Compagnia, e in particolare dalla Missione Promuovere il benessere dell\u2019Obiettivo Pianeta, lavorando in maniera tempestiva sulle necessit\u00e0 espresse dalla sanit\u00e0 territoriale, ponendo altres\u00ec le basi affinch\u00e9, in fase di ripresa, tutti i cittadini potessero migliorare l\u2019accesso ai servizi di cura. In quest\u2019ottica si inserisce la creazione dell\u2019hub vaccinale, coerente con uno degli obiettivi strategici pluriennali che ci siamo posti: la valorizzazione della prevenzione, quale fattore capace di favorire il benessere lungo tutto il ciclo di vita e una maggiore sostenibilit\u00e0 del sistema sanitario.\u201d<\/p>\n<p>\u201cStiamo combattendo una battaglia contro il tempo.\u201d \u2013 osserva <strong>Luigi Genesio Icardi, Assessore Regionale alla Sanit\u00e0 del Piemonte<\/strong> \u2013 \u201cRingrazio la Fondazione Compagnia di San Paolo che scende in campo a fianco della sanit\u00e0 regionale, potenziando il Centro Vaccinale di Via Gorizia, di strategica importanza per la Citt\u00e0 di Torino. L\u2019unione delle forze e la capacit\u00e0 di fare sistema rendono la macchina vaccinale sempre pi\u00f9 funzionale e veloce, soprattutto adesso che stiamo entrando nella fase delle somministrazioni di massa. Se il piano nazionale delle forniture dei vaccini sar\u00e0 rispettato, grazie all\u2019aiuto di tutti, il Piemonte potr\u00e0 raggiungere il traguardo dell\u2019immunit\u00e0 di gregge entro l\u2019estate.\u201d<\/p>\n<div class=\"page\" title=\"Page 2\">\n<div class=\"layoutArea\">\n<div class=\"column\">\n<p>\u201cIl Centro Vaccinale di Via Gorizia, attivo sin dal 21 febbraio, grazie all\u2019intervento della Fondazione Compagnia di San Paolo viene rafforzato e valorizzato, passando dalle attuali tre linee vaccinali a dieci, garantendo una potenzialit\u00e0 di circa 800 inoculazioni al giorno.\u201d \u2013 dichiara <strong>Carlo Picco, Direttore Generale dell\u2019ASL Citt\u00e0 di Torino<\/strong> \u2013 \u201cAbbiamo implementato le \u00e9quipes vaccinali e rivisto i percorsi, le aree di accoglienza e di osservazione post vaccino, oltre a riqualificare lo spazio esterno. Ad oggi il sistema vaccinale dell\u2019ASL Citt\u00e0 di Torino ha dimostrato di poter superare le 10.000 inoculazioni al giorno.\u201d<\/p>\n<p>Il centro cos\u00ec potenziato diventa anche hub vaccinale della Fondazione Compagnia di San Paolo, nel quale saranno allestite alcune linee di vaccinazione che potranno essere in parte destinate a dipendenti e familiari conviventi del Gruppo Compagnia di San Paolo e degli enti del terzo settore e delle societ\u00e0 partecipate dalla Fondazione, oltre che degli enti ospitati presso il plesso di propriet\u00e0 sito in Piazza Arbarello, diventando cos\u00ec un hub vaccinale oltre che aperto alla cittadinanza anche di riferimento per il terzo settore, in particolare in ambito culturale, per sostenere e accelerare la ripresa del sistema cittadino.<\/p>\n<p>Nel 2020 la Fondazione Compagnia di San Paolo si \u00e8 attivata fin da subito per affrontare le emergenze sociali, sanitarie ed educative legate al contagio da COVID-19, in stretta collaborazione con le istituzioni del territorio impegnate in prima linea nell\u2019azione di contrasto al virus, attraverso provvedimenti emergenziali e interventi di medio termine, che permettano di intervenire tempestivamente e con lungimiranza.<\/p>\n<p><a href=\"https:\/\/www.compagniadisanpaolo.it\/it\/cosa-facciamo\/emergenza-covid-19\/\" target=\"_blank\" rel=\"noopener noreferrer\">https:\/\/www.compagniadisanpaolo.it\/it\/cosa-facciamo\/emergenza-covid-19\/<\/a><\/p>\n<\/div>\n<\/div>\n<\/div>\n<\/div>\n<\/div>\n<\/div>\n<\/div>\n<\/div>\n<\/div>\n<\/div>\n<\/div>\n<\/div>\n[\/vc_column_text][\/vc_column][\/vc_row][vc_row el_class=&#8221;sdg-list-wrap&#8221;][vc_column][vc_raw_html]JTVCU2V6aW9uZV9Eb2N1bWVudGklNUQ=[\/vc_raw_html][\/vc_column][\/vc_row][vc_row][vc_column]<div class=\"templatera_shortcode\"><div data-vc-full-width=\"true\" data-vc-full-width-temp=\"true\" data-vc-full-width-init=\"false\" class=\"vc_row wpb_row vc_row-fluid newsletter-wrap\"><div class=\"wpb_column vc_column_container vc_col-sm-12\"><div class=\"vc_column-inner\"><div class=\"wpb_wrapper\">\n\t<div class=\"wpb_raw_code wpb_raw_html wpb_content_element\" >\n\t\t<div class=\"wpb_wrapper\">\n\t\t\t    <div class=\"container\">\n      <div class=\"row align-items-center\">\n\t<div class=\"col-12 col-lg-6 col-xl-5 mb-3 mb-lg-0 pr-0\">\n\t  <h2 class=\"title\">Rimani aggiornato sui nostri bandi e sui nostri progetti<\/h2>\n\t<\/div>\n\t<div class=\"col-12 col-lg-6 col-xl-7 pl-xl-4\">\n\t  <a class=\"standard-link-block\" href=\"\/it\/newsletter\/\">\n\t    Compila il form e decidi su quale argomento vuoi ricevere notizie.\t    <strong>\u00a0 ISCRIVITI!<\/strong>\n\t  <\/a>\n\t<\/div>\n      <\/div>\n    <\/div>\n\t\t<\/div>\n\t<\/div>\n<\/div><\/div><\/div><\/div><div class=\"vc_row-full-width vc_clearfix\"><\/div><\/div>[\/vc_column][\/vc_row]\n<\/div>","protected":false},"excerpt":{"rendered":"Linee vaccinali triplicate e 800 inoculazioni al giorno: il centro vaccinale pubblico aumenta l\u2019attivit\u00e0 grazie al sostegno della Fondazione, con focus su terzo settore e ambito culturale. Condividi: Facebook Twitter Linkedin Whatsapp Mail Data di pubblicazione: 21 Maggio 2021 Istituzionale TagPiena cittadinanza e diritti Torino, 21 maggio 2021 \u2013 \u00c8 stato inaugurato l\u2019hub vaccinale della Fondazione Compagnia di San Paolo, realizzato insieme all\u2019ASL Citt\u00e0 di Torino. All\u2019evento erano presenti l\u2019Assessore alla Sanit\u00e0 Luigi Genesio Icardi, il Direttore Generale dell'ASL Citt\u00e0 di Torino Carlo Picco, Francesco Profumo e Alberto Anfossi, Presidente e Segretario Generale della Fondazione Compagnia di San Paolo. L\u2019intervento della Fondazione a sostegno della campagna vaccinale si traduce nel supporto all\u2019hub vaccinale pubblico di via Gorizia 112\/A, struttura gi\u00e0 autorizzata dall\u2019ASL per l\u2019inoculazione del vaccino. Il centro vaccinale, operativo 7 giorni su 7 dalle 8:00 alle 20:00, aumenta le linee vaccinali da 3 a 10. Oltre che aperto alla cittadinanza, diventer\u00e0 anche hub di riferimento per il terzo settore, in particolare in ambito culturale.\u00a0Il potenziamento dell\u2019hub di via Gorizia rientra nella logica di creazione di hotspot che l\u2019ASL torinese ha voluto seguire, collaborando prima con grandi imprese e luoghi simbolici di Torino, e adesso con una grande istituzione filantropica come la Compagnia di San Paolo. \u201cLa realizzazione dell\u2019hub vaccinale\u201d \u2013 dichiara Francesco Profumo, Presidente della Fondazione Compagnia di San Paolo \u2013 \u201csi allinea perfettamente al nostro Piano Strategico 2021-2024 e al ruolo di \u201cinvestitore sociale\u201d che ricopriamo per missione e per scelta quotidianamente ribadita. Un intervento, questo, attraverso cui confidiamo di fungere da catalizzatore per un settore in grande sofferenza come quello dei beni culturali, dell\u2019arte e dello spettacolo. Nel progettare le nostre azioni guardiamo al futuro per modificare il presente, verso quel bene comune che desideriamo veder crescere ed essere condiviso da tutti. Coerentemente con questa missione, e in continuit\u00e0 con i molteplici e significativi interventi di sostegno al territorio durante la fase pandemica, vogliamo favorire una rapida ripresa del contesto socio-economico.\u201d \u201cL\u2019intervento comporta un vero e proprio rilancio dell\u2019hub, che non si ferma e anzi aumenta la propria attivit\u00e0\u201d \u2013 spiega Alberto Anfossi, Segretario Generale della Fondazione Compagnia di San Paolo \u2013 \u201cQuesto si traduce ovviamente in pi\u00f9 cittadini vaccinati in minor tempo. Bene comune e centralit\u00e0 delle persone sono il metro con cui abbiamo letto la realt\u00e0 in questo tempo complesso. Sono la bussola che ci ha permesso di decifrare con chiarezza i nodi delle sfide di oggi. Nel corso del 2020\u201d \u2013 continua Anfossi \u2013 \u201cl\u2019emergenza sanitaria per COVID-19 \u00e8 stata affrontata dalla Compagnia, e in particolare dalla Missione Promuovere il benessere dell\u2019Obiettivo Pianeta, lavorando in maniera tempestiva sulle necessit\u00e0 espresse dalla sanit\u00e0 territoriale, ponendo altres\u00ec le basi affinch\u00e9, in fase di ripresa, tutti i cittadini potessero migliorare l\u2019accesso ai servizi di cura. In quest\u2019ottica si inserisce la creazione dell\u2019hub vaccinale, coerente con uno degli obiettivi strategici pluriennali che ci siamo posti: la valorizzazione della prevenzione, quale fattore capace di favorire il benessere lungo tutto il ciclo di vita e una maggiore sostenibilit\u00e0 del sistema sanitario.\u201d \u201cStiamo combattendo una battaglia contro il tempo.\u201d \u2013 osserva Luigi Genesio Icardi, Assessore Regionale alla Sanit\u00e0 del Piemonte \u2013 \u201cRingrazio la Fondazione Compagnia di San Paolo che scende in campo a fianco della sanit\u00e0 regionale, potenziando il Centro Vaccinale di Via Gorizia, di strategica importanza per la Citt\u00e0 di Torino. L\u2019unione delle forze e la capacit\u00e0 di fare sistema rendono la macchina vaccinale sempre pi\u00f9 funzionale e veloce, soprattutto adesso che stiamo entrando nella fase delle somministrazioni di massa. Se il piano nazionale delle forniture dei vaccini sar\u00e0 rispettato, grazie all\u2019aiuto di tutti, il Piemonte potr\u00e0 raggiungere il traguardo dell\u2019immunit\u00e0 di gregge entro l\u2019estate.\u201d \u201cIl Centro Vaccinale di Via Gorizia, attivo sin dal 21 febbraio, grazie all\u2019intervento della Fondazione Compagnia di San Paolo viene rafforzato e valorizzato, passando dalle attuali tre linee vaccinali a dieci, garantendo una potenzialit\u00e0 di circa 800 inoculazioni al giorno.\u201d \u2013 dichiara Carlo Picco, Direttore Generale dell\u2019ASL Citt\u00e0 di Torino \u2013 \u201cAbbiamo implementato le \u00e9quipes vaccinali e rivisto i percorsi, le aree di accoglienza e di osservazione post vaccino, oltre a riqualificare lo spazio esterno. Ad oggi il sistema vaccinale dell\u2019ASL Citt\u00e0 di Torino ha dimostrato di poter superare le 10.000 inoculazioni al giorno.\u201d Il centro cos\u00ec potenziato diventa anche hub vaccinale della Fondazione Compagnia di San Paolo, nel quale saranno allestite alcune linee di vaccinazione che potranno essere in parte destinate a dipendenti e familiari conviventi del Gruppo Compagnia di San Paolo e degli enti del terzo settore e delle societ\u00e0 partecipate dalla Fondazione, oltre che degli enti ospitati presso il plesso di propriet\u00e0 sito in Piazza Arbarello, diventando cos\u00ec un hub vaccinale oltre che aperto alla cittadinanza anche di riferimento per il terzo settore, in particolare in ambito culturale, per sostenere e accelerare la ripresa del sistema cittadino. Nel 2020 la Fondazione Compagnia di San Paolo si \u00e8 attivata fin da subito per affrontare le emergenze sociali, sanitarie ed educative legate al contagio da COVID-19, in stretta collaborazione con le istituzioni del territorio impegnate in prima linea nell\u2019azione di contrasto al virus, attraverso provvedimenti emergenziali e interventi di medio termine, che permettano di intervenire tempestivamente e con lungimiranza. https:\/\/www.compagniadisanpaolo.it\/it\/cosa-facciamo\/emergenza-covid-19\/ Documenti di approfondimento Comunicato Stampa - Hub vaccinale CSP Scarica il documento Rimani aggiornato sui nostri bandi e sui nostri progetti Compila il form e decidi su quale argomento vuoi ricevere notizie. \u00a0 ISCRIVITI!","protected":false},"featured_media":13916,"menu_order":0,"template":"","meta":{"_acf_changed":false,"content-type":""},"tags":[93],"class_list":["post-13907","comunicatistampa","type-comunicatistampa","status-publish","has-post-thumbnail","hentry","tag-piena-cittadinanza-e-diritti","entry","post-inner"],"acf":[],"yoast_head":"<!-- This site is optimized with the Yoast SEO plugin v27.3 - https:\/\/yoast.com\/product\/yoast-seo-wordpress\/ -->\n<title>Apre l&#039;hub vaccinale della Fondazione Compagnia di San Paolo. Potenziato il Centro ASL di via Gorizia - Fondazione Compagnia di San Paolo<\/title>\n<meta name=\"description\" content=\"\u00c8 stato inaugurato l\u2019hub vaccinale della Fondazione Compagnia di San Paolo.\" \/>\n<meta name=\"robots\" content=\"index, follow, max-snippet:-1, max-image-preview:large, max-video-preview:-1\" \/>\n<link rel=\"canonical\" href=\"https:\/\/www.compagniadisanpaolo.it\/it\/comunicati-stampa\/apre-lhub-vaccinale-della-fondazione-compagnia-di-san-paolo-potenziato-il-centro-asl-di-via-gorizia\/\" \/>\n<meta property=\"og:locale\" content=\"it_IT\" \/>\n<meta property=\"og:type\" content=\"article\" \/>\n<meta property=\"og:title\" content=\"Apre l&#039;hub vaccinale della Fondazione Compagnia di San Paolo. Potenziato il Centro ASL di via Gorizia - Fondazione Compagnia di San Paolo\" \/>\n<meta property=\"og:description\" content=\"\u00c8 stato inaugurato l\u2019hub vaccinale della Fondazione Compagnia di San Paolo.\" \/>\n<meta property=\"og:url\" content=\"https:\/\/www.compagniadisanpaolo.it\/it\/comunicati-stampa\/apre-lhub-vaccinale-della-fondazione-compagnia-di-san-paolo-potenziato-il-centro-asl-di-via-gorizia\/\" \/>\n<meta property=\"og:site_name\" content=\"Fondazione Compagnia di San Paolo\" \/>\n<meta property=\"article:publisher\" content=\"https:\/\/www.facebook.com\/CompagniaDiSanPaolo\" \/>\n<meta property=\"article:modified_time\" content=\"2022-01-26T16:35:43+00:00\" \/>\n<meta property=\"og:image\" content=\"https:\/\/www.compagniadisanpaolo.it\/wp-content\/uploads\/head-vaccinazioni1-1.jpg\" \/>\n\t<meta property=\"og:image:width\" content=\"815\" \/>\n\t<meta property=\"og:image:height\" content=\"350\" \/>\n\t<meta property=\"og:image:type\" content=\"image\/jpeg\" \/>\n<meta name=\"twitter:card\" content=\"summary_large_image\" \/>\n<meta name=\"twitter:site\" content=\"@CSP_live\" \/>\n<meta name=\"twitter:label1\" content=\"Tempo di lettura stimato\" \/>\n\t<meta name=\"twitter:data1\" content=\"4 minuti\" \/>\n<script type=\"application\/ld+json\" class=\"yoast-schema-graph\">{\"@context\":\"https:\\\/\\\/schema.org\",\"@graph\":[{\"@type\":\"WebPage\",\"@id\":\"https:\\\/\\\/www.compagniadisanpaolo.it\\\/it\\\/comunicati-stampa\\\/apre-lhub-vaccinale-della-fondazione-compagnia-di-san-paolo-potenziato-il-centro-asl-di-via-gorizia\\\/\",\"url\":\"https:\\\/\\\/www.compagniadisanpaolo.it\\\/it\\\/comunicati-stampa\\\/apre-lhub-vaccinale-della-fondazione-compagnia-di-san-paolo-potenziato-il-centro-asl-di-via-gorizia\\\/\",\"name\":\"Apre l'hub vaccinale della Fondazione Compagnia di San Paolo. Potenziato il Centro ASL di via Gorizia - Fondazione Compagnia di San Paolo\",\"isPartOf\":{\"@id\":\"https:\\\/\\\/www.compagniadisanpaolo.it\\\/it\\\/#website\"},\"primaryImageOfPage\":{\"@id\":\"https:\\\/\\\/www.compagniadisanpaolo.it\\\/it\\\/comunicati-stampa\\\/apre-lhub-vaccinale-della-fondazione-compagnia-di-san-paolo-potenziato-il-centro-asl-di-via-gorizia\\\/#primaryimage\"},\"image\":{\"@id\":\"https:\\\/\\\/www.compagniadisanpaolo.it\\\/it\\\/comunicati-stampa\\\/apre-lhub-vaccinale-della-fondazione-compagnia-di-san-paolo-potenziato-il-centro-asl-di-via-gorizia\\\/#primaryimage\"},\"thumbnailUrl\":\"https:\\\/\\\/www.compagniadisanpaolo.it\\\/wp-content\\\/uploads\\\/head-vaccinazioni1-1.jpg\",\"datePublished\":\"2021-05-21T13:40:46+00:00\",\"dateModified\":\"2022-01-26T16:35:43+00:00\",\"description\":\"\u00c8 stato inaugurato l\u2019hub vaccinale della Fondazione Compagnia di San Paolo.\",\"breadcrumb\":{\"@id\":\"https:\\\/\\\/www.compagniadisanpaolo.it\\\/it\\\/comunicati-stampa\\\/apre-lhub-vaccinale-della-fondazione-compagnia-di-san-paolo-potenziato-il-centro-asl-di-via-gorizia\\\/#breadcrumb\"},\"inLanguage\":\"it-IT\",\"potentialAction\":[{\"@type\":\"ReadAction\",\"target\":[\"https:\\\/\\\/www.compagniadisanpaolo.it\\\/it\\\/comunicati-stampa\\\/apre-lhub-vaccinale-della-fondazione-compagnia-di-san-paolo-potenziato-il-centro-asl-di-via-gorizia\\\/\"]}]},{\"@type\":\"ImageObject\",\"inLanguage\":\"it-IT\",\"@id\":\"https:\\\/\\\/www.compagniadisanpaolo.it\\\/it\\\/comunicati-stampa\\\/apre-lhub-vaccinale-della-fondazione-compagnia-di-san-paolo-potenziato-il-centro-asl-di-via-gorizia\\\/#primaryimage\",\"url\":\"https:\\\/\\\/www.compagniadisanpaolo.it\\\/wp-content\\\/uploads\\\/head-vaccinazioni1-1.jpg\",\"contentUrl\":\"https:\\\/\\\/www.compagniadisanpaolo.it\\\/wp-content\\\/uploads\\\/head-vaccinazioni1-1.jpg\",\"width\":815,\"height\":350},{\"@type\":\"BreadcrumbList\",\"@id\":\"https:\\\/\\\/www.compagniadisanpaolo.it\\\/it\\\/comunicati-stampa\\\/apre-lhub-vaccinale-della-fondazione-compagnia-di-san-paolo-potenziato-il-centro-asl-di-via-gorizia\\\/#breadcrumb\",\"itemListElement\":[{\"@type\":\"ListItem\",\"position\":1,\"name\":\"Home\",\"item\":\"https:\\\/\\\/www.compagniadisanpaolo.it\\\/it\\\/\"},{\"@type\":\"ListItem\",\"position\":2,\"name\":\"Apre l&#8217;hub vaccinale della Fondazione Compagnia di San Paolo. Potenziato il Centro ASL di via Gorizia\"}]},{\"@type\":\"WebSite\",\"@id\":\"https:\\\/\\\/www.compagniadisanpaolo.it\\\/it\\\/#website\",\"url\":\"https:\\\/\\\/www.compagniadisanpaolo.it\\\/it\\\/\",\"name\":\"Fondazione Compagnia di San Paolo\",\"description\":\"\",\"publisher\":{\"@id\":\"https:\\\/\\\/www.compagniadisanpaolo.it\\\/it\\\/#organization\"},\"potentialAction\":[{\"@type\":\"SearchAction\",\"target\":{\"@type\":\"EntryPoint\",\"urlTemplate\":\"https:\\\/\\\/www.compagniadisanpaolo.it\\\/it\\\/?s={search_term_string}\"},\"query-input\":{\"@type\":\"PropertyValueSpecification\",\"valueRequired\":true,\"valueName\":\"search_term_string\"}}],\"inLanguage\":\"it-IT\"},{\"@type\":\"Organization\",\"@id\":\"https:\\\/\\\/www.compagniadisanpaolo.it\\\/it\\\/#organization\",\"name\":\"Fondazione Compagnia di San Paolo\",\"url\":\"https:\\\/\\\/www.compagniadisanpaolo.it\\\/it\\\/\",\"logo\":{\"@type\":\"ImageObject\",\"inLanguage\":\"it-IT\",\"@id\":\"https:\\\/\\\/www.compagniadisanpaolo.it\\\/it\\\/#\\\/schema\\\/logo\\\/image\\\/\",\"url\":\"https:\\\/\\\/www.compagniadisanpaolo.it\\\/wp-content\\\/uploads\\\/logo.svg\",\"contentUrl\":\"https:\\\/\\\/www.compagniadisanpaolo.it\\\/wp-content\\\/uploads\\\/logo.svg\",\"width\":769,\"height\":323,\"caption\":\"Fondazione Compagnia di San Paolo\"},\"image\":{\"@id\":\"https:\\\/\\\/www.compagniadisanpaolo.it\\\/it\\\/#\\\/schema\\\/logo\\\/image\\\/\"},\"sameAs\":[\"https:\\\/\\\/www.facebook.com\\\/CompagniaDiSanPaolo\",\"https:\\\/\\\/x.com\\\/CSP_live\",\"http:\\\/\\\/instagram.com\\\/compagniadisanpaolo?ref=badge\",\"https:\\\/\\\/www.linkedin.com\\\/company\\\/compagnia-di-san-paolo\",\"https:\\\/\\\/www.youtube.com\\\/user\\\/compagniadisanpaolo\",\"https:\\\/\\\/it.wikipedia.org\\\/wiki\\\/Compagnia_di_San_Paolo\"]}]}<\/script>\n<!-- \/ Yoast SEO plugin. -->","yoast_head_json":{"title":"Apre l'hub vaccinale della Fondazione Compagnia di San Paolo. Potenziato il Centro ASL di via Gorizia - Fondazione Compagnia di San Paolo","description":"\u00c8 stato inaugurato l\u2019hub vaccinale della Fondazione Compagnia di San Paolo.","robots":{"index":"index","follow":"follow","max-snippet":"max-snippet:-1","max-image-preview":"max-image-preview:large","max-video-preview":"max-video-preview:-1"},"canonical":"https:\/\/www.compagniadisanpaolo.it\/it\/comunicati-stampa\/apre-lhub-vaccinale-della-fondazione-compagnia-di-san-paolo-potenziato-il-centro-asl-di-via-gorizia\/","og_locale":"it_IT","og_type":"article","og_title":"Apre l'hub vaccinale della Fondazione Compagnia di San Paolo. Potenziato il Centro ASL di via Gorizia - Fondazione Compagnia di San Paolo","og_description":"\u00c8 stato inaugurato l\u2019hub vaccinale della Fondazione Compagnia di San Paolo.","og_url":"https:\/\/www.compagniadisanpaolo.it\/it\/comunicati-stampa\/apre-lhub-vaccinale-della-fondazione-compagnia-di-san-paolo-potenziato-il-centro-asl-di-via-gorizia\/","og_site_name":"Fondazione Compagnia di San Paolo","article_publisher":"https:\/\/www.facebook.com\/CompagniaDiSanPaolo","article_modified_time":"2022-01-26T16:35:43+00:00","og_image":[{"width":815,"height":350,"url":"https:\/\/www.compagniadisanpaolo.it\/wp-content\/uploads\/head-vaccinazioni1-1.jpg","type":"image\/jpeg"}],"twitter_card":"summary_large_image","twitter_site":"@CSP_live","twitter_misc":{"Tempo di lettura stimato":"4 minuti"},"schema":{"@context":"https:\/\/schema.org","@graph":[{"@type":"WebPage","@id":"https:\/\/www.compagniadisanpaolo.it\/it\/comunicati-stampa\/apre-lhub-vaccinale-della-fondazione-compagnia-di-san-paolo-potenziato-il-centro-asl-di-via-gorizia\/","url":"https:\/\/www.compagniadisanpaolo.it\/it\/comunicati-stampa\/apre-lhub-vaccinale-della-fondazione-compagnia-di-san-paolo-potenziato-il-centro-asl-di-via-gorizia\/","name":"Apre l'hub vaccinale della Fondazione Compagnia di San Paolo. Potenziato il Centro ASL di via Gorizia - Fondazione Compagnia di San Paolo","isPartOf":{"@id":"https:\/\/www.compagniadisanpaolo.it\/it\/#website"},"primaryImageOfPage":{"@id":"https:\/\/www.compagniadisanpaolo.it\/it\/comunicati-stampa\/apre-lhub-vaccinale-della-fondazione-compagnia-di-san-paolo-potenziato-il-centro-asl-di-via-gorizia\/#primaryimage"},"image":{"@id":"https:\/\/www.compagniadisanpaolo.it\/it\/comunicati-stampa\/apre-lhub-vaccinale-della-fondazione-compagnia-di-san-paolo-potenziato-il-centro-asl-di-via-gorizia\/#primaryimage"},"thumbnailUrl":"https:\/\/www.compagniadisanpaolo.it\/wp-content\/uploads\/head-vaccinazioni1-1.jpg","datePublished":"2021-05-21T13:40:46+00:00","dateModified":"2022-01-26T16:35:43+00:00","description":"\u00c8 stato inaugurato l\u2019hub vaccinale della Fondazione Compagnia di San Paolo.","breadcrumb":{"@id":"https:\/\/www.compagniadisanpaolo.it\/it\/comunicati-stampa\/apre-lhub-vaccinale-della-fondazione-compagnia-di-san-paolo-potenziato-il-centro-asl-di-via-gorizia\/#breadcrumb"},"inLanguage":"it-IT","potentialAction":[{"@type":"ReadAction","target":["https:\/\/www.compagniadisanpaolo.it\/it\/comunicati-stampa\/apre-lhub-vaccinale-della-fondazione-compagnia-di-san-paolo-potenziato-il-centro-asl-di-via-gorizia\/"]}]},{"@type":"ImageObject","inLanguage":"it-IT","@id":"https:\/\/www.compagniadisanpaolo.it\/it\/comunicati-stampa\/apre-lhub-vaccinale-della-fondazione-compagnia-di-san-paolo-potenziato-il-centro-asl-di-via-gorizia\/#primaryimage","url":"https:\/\/www.compagniadisanpaolo.it\/wp-content\/uploads\/head-vaccinazioni1-1.jpg","contentUrl":"https:\/\/www.compagniadisanpaolo.it\/wp-content\/uploads\/head-vaccinazioni1-1.jpg","width":815,"height":350},{"@type":"BreadcrumbList","@id":"https:\/\/www.compagniadisanpaolo.it\/it\/comunicati-stampa\/apre-lhub-vaccinale-della-fondazione-compagnia-di-san-paolo-potenziato-il-centro-asl-di-via-gorizia\/#breadcrumb","itemListElement":[{"@type":"ListItem","position":1,"name":"Home","item":"https:\/\/www.compagniadisanpaolo.it\/it\/"},{"@type":"ListItem","position":2,"name":"Apre l&#8217;hub vaccinale della Fondazione Compagnia di San Paolo. Potenziato il Centro ASL di via Gorizia"}]},{"@type":"WebSite","@id":"https:\/\/www.compagniadisanpaolo.it\/it\/#website","url":"https:\/\/www.compagniadisanpaolo.it\/it\/","name":"Fondazione Compagnia di San Paolo","description":"","publisher":{"@id":"https:\/\/www.compagniadisanpaolo.it\/it\/#organization"},"potentialAction":[{"@type":"SearchAction","target":{"@type":"EntryPoint","urlTemplate":"https:\/\/www.compagniadisanpaolo.it\/it\/?s={search_term_string}"},"query-input":{"@type":"PropertyValueSpecification","valueRequired":true,"valueName":"search_term_string"}}],"inLanguage":"it-IT"},{"@type":"Organization","@id":"https:\/\/www.compagniadisanpaolo.it\/it\/#organization","name":"Fondazione Compagnia di San Paolo","url":"https:\/\/www.compagniadisanpaolo.it\/it\/","logo":{"@type":"ImageObject","inLanguage":"it-IT","@id":"https:\/\/www.compagniadisanpaolo.it\/it\/#\/schema\/logo\/image\/","url":"https:\/\/www.compagniadisanpaolo.it\/wp-content\/uploads\/logo.svg","contentUrl":"https:\/\/www.compagniadisanpaolo.it\/wp-content\/uploads\/logo.svg","width":769,"height":323,"caption":"Fondazione Compagnia di San Paolo"},"image":{"@id":"https:\/\/www.compagniadisanpaolo.it\/it\/#\/schema\/logo\/image\/"},"sameAs":["https:\/\/www.facebook.com\/CompagniaDiSanPaolo","https:\/\/x.com\/CSP_live","http:\/\/instagram.com\/compagniadisanpaolo?ref=badge","https:\/\/www.linkedin.com\/company\/compagnia-di-san-paolo","https:\/\/www.youtube.com\/user\/compagniadisanpaolo","https:\/\/it.wikipedia.org\/wiki\/Compagnia_di_San_Paolo"]}]}},"amp_enabled":true,"_links":{"self":[{"href":"https:\/\/www.compagniadisanpaolo.it\/it\/wp-json\/wp\/v2\/comunicatistampa\/13907","targetHints":{"allow":["GET"]}}],"collection":[{"href":"https:\/\/www.compagniadisanpaolo.it\/it\/wp-json\/wp\/v2\/comunicatistampa"}],"about":[{"href":"https:\/\/www.compagniadisanpaolo.it\/it\/wp-json\/wp\/v2\/types\/comunicatistampa"}],"wp:featuredmedia":[{"embeddable":true,"href":"https:\/\/www.compagniadisanpaolo.it\/it\/wp-json\/wp\/v2\/media\/13916"}],"wp:attachment":[{"href":"https:\/\/www.compagniadisanpaolo.it\/it\/wp-json\/wp\/v2\/media?parent=13907"}],"wp:term":[{"taxonomy":"post_tag","embeddable":true,"href":"https:\/\/www.compagniadisanpaolo.it\/it\/wp-json\/wp\/v2\/tags?post=13907"}],"curies":[{"name":"wp","href":"https:\/\/api.w.org\/{rel}","templated":true}]}}