{"id":12329,"date":"2021-03-04T15:45:39","date_gmt":"2021-03-04T14:45:39","guid":{"rendered":"https:\/\/www.compagniadisanpaolo.it\/?post_type=comunicatistampa&#038;p=12329"},"modified":"2021-09-12T23:41:16","modified_gmt":"2021-09-12T21:41:16","slug":"gli-esiti-del-bando-territori-inclusivi","status":"publish","type":"comunicatistampa","link":"https:\/\/www.compagniadisanpaolo.it\/it\/comunicati-stampa\/gli-esiti-del-bando-territori-inclusivi\/","title":{"rendered":"Gli esiti del Bando Territori Inclusivi"},"content":{"rendered":"<div class=\"wpb-content-wrapper\">[vc_row][vc_column][vc_column_text el_class=&#8221;text-headline2&#8243;]13 progetti selezionati per promuovere lo sviluppo e il consolidamento di reti di protezione sociale, e contribuire alla costruzione di societ\u00e0 pi\u00f9 solidali e inclusive.[\/vc_column_text][\/vc_column][\/vc_row][vc_row][vc_column][vc_column_text]\n<div class=\"info-box mission\">\n\t\t<div class=\"info-box-wrap info-box-hor row pb-0\">\n\n\t\t      \n\t\t      <div class=\"spalla col-12 col-md-12\">\n\t\t\t<div class=\"info-box sharing-box\">\n\t\t\t  <span class=\"label\">Condividi:<\/span>\n\t\t\t  <div class=\"social-sharing\">\n\t\t\t    <span class=\"box\">\n\t\t\t      <a class=\"fb\" href=\"https:\/\/www.facebook.com\/sharer.php?u=https:\/\/www.compagniadisanpaolo.it\/it\/comunicati-stampa\/gli-esiti-del-bando-territori-inclusivi\/\" target=\"_blank\">\n\t\t\t\t<span class=\"sr-only\">Facebook<\/span>\n\t\t\t\t<i class=\"fab fa-facebook-f\"><\/i>\n\t\t\t      <\/a>\n\t\t\t    <\/span>\n\t\t\t    \n\t\t\t    <style>\n.twitter, .twitter:hover{\ncolor:#000000 !important;}\n<\/style>\n\n\n\t\t\t    <span class=\"box\">\n\t\t\t      <a class=\"twitter\" href=\"https:\/\/twitter.com\/intent\/tweet?url=https:\/\/www.compagniadisanpaolo.it\/it\/comunicati-stampa\/gli-esiti-del-bando-territori-inclusivi\/\">\n\t\t\t\t<span class=\"sr-only\">Twitter<\/span>\n\t\t\t\t<i class=\"fa-brands fa-x-twitter\"><\/i>\n\t\t\t      <\/a>\n\t\t\t    <\/span>\n\n\t\t\t    \n\t\t\t    <span class=\"box\">\n\t\t\t      <a class=\"linkedin\" href=\"https:\/\/www.linkedin.com\/shareArticle?mini=true&url=https:\/\/www.compagniadisanpaolo.it\/it\/comunicati-stampa\/gli-esiti-del-bando-territori-inclusivi\/\">\n\t\t\t\t<span class=\"sr-only\">Linkedin<\/span>\n\t\t\t\t  <i class=\"fa-brands fa-linkedin-in\"><\/i>\n\t\t\t      <\/a>\n\t\t\t    <\/span>\n\n\t\t\t    <span class=\"box\">\n\t\t\t      <a class=\"whatsapp\" href=\"whatsapp:\/\/send?text=https:\/\/www.compagniadisanpaolo.it\/it\/comunicati-stampa\/gli-esiti-del-bando-territori-inclusivi\/\" data-action=\"share\/whatsapp\/share\">\n\t\t\t\t<span class=\"sr-only\">Whatsapp<\/span>\n\t\t\t\t<i class=\"fa-brands fa-whatsapp\"><\/i>\n\t\t\t      <\/a>\n\t\t\t    <\/span>\n\n\t\t\t    <span class=\"box\">\n\t\t\t      <a class=\"mail\" href=\"mailto:?subject=Gli esiti del Bando Territori Inclusivi&body=https:\/\/www.compagniadisanpaolo.it\/it\/comunicati-stampa\/gli-esiti-del-bando-territori-inclusivi\/\">\n\t\t\t\t<span class=\"sr-only\">Mail<\/span>\n\t\t\t\t <i class=\"fa-solid fa-envelope\"><\/i>\n\t\t\t      <\/a>\n\t\t\t    <\/span>\n\t\t\t    \n\t\t\t  <\/div>\n\t\t\t<\/div>\n\t      <\/div>\n\t    <\/div><\/div>\n[\/vc_column_text][\/vc_column][\/vc_row][vc_row][vc_column width=&#8221;1\/4&#8243;][vc_column_text]\n\n\n\t\t<div class=\"info-box-wrap\">\n\n\t  <div class=\"info-box date-pub\">\n\t  \t<span class=\"label\">Data di pubblicazione:<\/span>\n\t    <span class=\"value\">4 Marzo 2021<\/span>\n\t  <\/div>\n\t\t\t\t  <div class=\"info-box obj-people\">\n\t\t\t\t\t  <div class=\"info-box obj\"><span class=\"label\">Obiettivo<\/span>\n\t\t\t\t\t    <div class=\"obj-small-box\">\n\t\t\t\t\t      <span>Persone.<\/span>\n\t\t\t\t\t    <\/div>\n\t\t\t\t\t  <\/div>\n\t\t\t\t  <\/div>\n\t\t\t  <div class=\"info-box mission\"><span class=\"label\">Tag<\/span><a href=\"https:\/\/www.compagniadisanpaolo.it\/it\/tags\/risultati\/?_sft_post_tag=coesione-sociale\" class=\"tag-element\">Coesione sociale<\/a><a href=\"https:\/\/www.compagniadisanpaolo.it\/it\/tags\/risultati\/?_sft_post_tag=creazione-di-reti-solide\" class=\"tag-element\">Creazione di reti solide<\/a><a href=\"https:\/\/www.compagniadisanpaolo.it\/it\/tags\/risultati\/?_sft_post_tag=non-discriminazione\" class=\"tag-element\">Non discriminazione<\/a><a href=\"https:\/\/www.compagniadisanpaolo.it\/it\/tags\/risultati\/?_sft_post_tag=sviluppo-organizzativo\" class=\"tag-element\">Sviluppo organizzativo<\/a><\/div>\t  \n\t<\/div>\n[\/vc_column_text][\/vc_column][vc_column width=&#8221;3\/4&#8243; el_class=&#8221;page-content&#8221;][vc_column_text el_class=&#8221;text&#8221;]Torino, 4 marzo 2021 \u2013 Sono stati resi noti gli esiti del <a href=\"https:\/\/www.compagniadisanpaolo.it\/it\/contributi\/bando-territori-inclusivi\/\" target=\"_blank\" rel=\"noopener noreferrer\"><strong>Bando \u201cTerritori Inclusivi \u2013 Rafforzamento e sviluppo di reti territoriali a sostegno di persone in condizione di fragilit\u00e0<\/strong><\/a>\u201d, lanciato lo scorso giugno da <strong>Fondazione Compagnia di San Paolo in collaborazione con la Fondazione CRC e con l\u2019adesione della Fondazione De Mari<\/strong>.<\/p>\n<p>\u201cLa Fondazione Compagnia di San Paolo, agente di sviluppo sostenibile per il bene comune, che mette al centro le persone, attraverso la Missione Collaborare per l\u2019inclusione dell\u2019Obiettivo Persone, \u00e8 impegnata a sostenere progetti e iniziative che intendano contribuire ad una maggiore inclusione e autonomia delle persone che hanno affrontato un percorso migratorio, lavorando con i territori perch\u00e9 possano affiancare i soggetti pi\u00f9 fragili nell\u2019accesso alle opportunit\u00e0 e nella fruizione dei diritti. L\u2019intento \u00e8 quello di creare tessuti sociali coesi e inclusivi in cui tutte le persone possano raggiungere autonomia e piena cittadinanza e sentirsi parte attiva di una nuova collettivit\u00e0. Con il bando Territori Inclusivi abbiamo voluto contribuire a sostenere progettualit\u00e0 territoriali per promuovere lo sviluppo di reti di protezione sociale rivolte a fasce di popolazione in condizione di fragilit\u00e0 o a rischio di marginalit\u00e0, con particolare attenzione a quelle con background migratorio. Vogliamo supportare i territori nel fornire risposte ai bisogni delle persone, ritenendo che la qualit\u00e0 di vita di tutti possa diventare migliore all\u2019interno di societ\u00e0 pi\u00f9 solidali e inclusive\u201d afferma <a href=\"https:\/\/www.compagniadisanpaolo.it\/it\/fondazione\/organi\/alberto-anfossi-segretario-generale\/\" target=\"_blank\" rel=\"noopener noreferrer\"><strong>Alberto Anfossi<\/strong><\/a>, Segretario Generale della Compagnia di San Paolo.<\/p>\n<p>\u201cGli obiettivi del bando Territori Inclusivi rientrano appieno nella sfida +Comunit\u00e0, una dei tre assi strategici che la Fondazione CRC ha individuato per la sua attivit\u00e0 2021-24. La creazione di una comunit\u00e0 coesa e inclusiva, che garantisca e promuova i diritti sociali e civili delle persone e si impegni a ridurre le disuguaglianze e la povert\u00e0 economica, sociale e culturale, in particolare delle fasce di popolazione pi\u00f9 svantaggiate, \u00e8 la base per costruire un futuro di sviluppo per la provincia di Cuneo e per tutto il nostro Paese\u201d aggiunge <strong>Giandomenico Genta<\/strong>, Presidente della Fondazione CRC. \u201cOltre a sostenere le progettualit\u00e0 selezionate, questa iniziativa conferma l\u2019importanza della collaborazione tra le Fondazioni per offrire risposte efficaci a problematiche sociali che investono tutte le nostre comunit\u00e0\u201d.<\/p>\n<p>\u201cL\u2019adesione a questo bando\u201d \u2013 conclude il Presidente della Fondazione De Mari <strong>Luciano Pasquale<\/strong> &#8211; \u201cDi cui condividiamo totalmente gli obiettivi e la metodologia di lavoro, ha consentito anche alla provincia di Savona di cogliere una importante opportunit\u00e0 per la costruzione di una prima rete territoriale. Siamo lieti quindi che la Fondazione Comunit\u00e0 Servizi, in partenariato con ASL 2 Savonese, Distretto Sociale Bormide, Distretto Sociale Savonese, Coop Sociale Progetto Citt\u00e0, Cooperativa Sociale Il Faggio, Coop sociale Cooperarci, Coop sociale Villa Perla Service, S-Nodi ONLUS, Coop sociale Agriellera, con il progetto \u201cL\u2019accoglienza che cura\u201d, sia stata in grado di raccogliere questa sfida, contribuendo cos\u00ec a migliorare le reti di protezione sociale e di cura dei pi\u00f9 fragili, rafforzando cos\u00ec i legami tra tutti coloro che vivono nel savonese e nelle Bormide\u201d.<\/p>\n<p>Il bando, rivolto ai territori del Piemonte e della Liguria con esclusione della Citt\u00e0 di Torino, \u00e8 stato sviluppato in modo congiunto e sinergico dalle tre Fondazioni per promuovere sui loro territori di riferimento <strong>approcci sempre pi\u00f9 condivisi ed efficaci di sviluppo territoriale inclusivo<\/strong>.<\/p>\n<p>Questi i suoi <strong>obiettivi primari<\/strong>:<\/p>\n<ul>\n<li><strong>promuovere lo sviluppo e il consolidamento di reti di protezione sociale<\/strong>, raccordando le realt\u00e0 gi\u00e0 presenti, affinch\u00e9 siano capaci di offrire e ottimizzare risposte a favore di persone in condizione di fragilit\u00e0 e a rischio di marginalit\u00e0, con particolare attenzione a quelle con background migratorio, integrando le misure esistenti con iniziative ritenute prioritarie e indispensabili;<\/li>\n<li><strong>promuovere un\u2019azione culturale per la costruzione di societ\u00e0 inclusive e solidali<\/strong>, frutto di una riflessione sviluppata e articolata in modo corale dagli attori della comunit\u00e0 e amplificata da interlocutori autorevoli del territorio, con particolare attenzione ai rischi di colpevolizzazione della povert\u00e0;<\/li>\n<li><strong>stimolare lo scambio di conoscenze, competenze e modalit\u00e0 operative<\/strong> maturate nell\u2019ambito dell\u2019accoglienza tra soggetti pubblici e del terzo settore, per capitalizzare l\u2019esperienza acquisita dai diversi attori in questi anni sui temi dell\u2019accompagnamento di persone in condizione di fragilit\u00e0, della convivenza interculturale, dell\u2019inclusione.<\/li>\n<\/ul>\n<p>L\u2019iniziativa \u00e8 stata declinata in due fasi. Nella prima fase di call for ideas sono state raccolte 56 proposte. Di queste, 32 sono state selezionate per accedere alla fase 2, e invitate a partecipare a un percorso di capacity building, a seguito del quale 31 partenariati hanno inviato il proprio progetto definitivo.<\/p>\n<p>La seconda fase ha portato alla selezione di 13 progetti, per i quali sar\u00e0 avviato un percorso di accompagnamento articolato in forma di capacity building e di comunit\u00e0 di pratiche.<\/p>\n<p>\u00c8 possibile consultare l\u2019elenco dei progetti selezionati sul sito della Fondazione Compagnia di San Paolo, di <a href=\"http:\/\/www.fondazionecrc.it\" target=\"_blank\" rel=\"noopener noreferrer\">Fondazione CRC<\/a> e di <a href=\"http:\/\/www.fondazionedemari.it\" target=\"_blank\" rel=\"noopener noreferrer\">Fondazione De Mari<\/a>.[\/vc_column_text][\/vc_column][\/vc_row][vc_row el_class=&#8221;sdg-list-wrap&#8221;][vc_column][vc_raw_html]JTVCU2V6aW9uZV9Eb2N1bWVudGklNUQ=[\/vc_raw_html][\/vc_column][\/vc_row][vc_row][vc_column]<div class=\"templatera_shortcode\"><div data-vc-full-width=\"true\" data-vc-full-width-temp=\"true\" data-vc-full-width-init=\"false\" class=\"vc_row wpb_row vc_row-fluid newsletter-wrap\"><div class=\"wpb_column vc_column_container vc_col-sm-12\"><div class=\"vc_column-inner\"><div class=\"wpb_wrapper\">\n\t<div class=\"wpb_raw_code wpb_raw_html wpb_content_element\" >\n\t\t<div class=\"wpb_wrapper\">\n\t\t\t    <div class=\"container\">\n      <div class=\"row align-items-center\">\n\t<div class=\"col-12 col-lg-6 col-xl-5 mb-3 mb-lg-0 pr-0\">\n\t  <h2 class=\"title\">Rimani aggiornato sui nostri bandi e sui nostri progetti<\/h2>\n\t<\/div>\n\t<div class=\"col-12 col-lg-6 col-xl-7 pl-xl-4\">\n\t  <a class=\"standard-link-block\" href=\"\/it\/newsletter\/\">\n\t    Compila il form e decidi su quale argomento vuoi ricevere notizie.\t    <strong>\u00a0 ISCRIVITI!<\/strong>\n\t  <\/a>\n\t<\/div>\n      <\/div>\n    <\/div>\n\t\t<\/div>\n\t<\/div>\n<\/div><\/div><\/div><\/div><div class=\"vc_row-full-width vc_clearfix\"><\/div><\/div>[\/vc_column][\/vc_row]\n<\/div>","protected":false},"excerpt":{"rendered":"<p>13 progetti selezionati per promuovere lo sviluppo e il consolidamento di reti di protezione sociale, e contribuire alla costruzione di societ\u00e0 pi\u00f9 solidali e inclusive.<\/p>\n","protected":false},"featured_media":4157,"menu_order":0,"template":"","meta":{"_acf_changed":false,"content-type":""},"tags":[51,70,50,61],"class_list":["post-12329","comunicatistampa","type-comunicatistampa","status-publish","has-post-thumbnail","hentry","tag-coesione-sociale","tag-creazione-di-reti-solide","tag-non-discriminazione","tag-sviluppo-organizzativo","entry","post-inner"],"acf":[],"yoast_head":"<!-- This site is optimized with the Yoast SEO plugin v27.3 - https:\/\/yoast.com\/product\/yoast-seo-wordpress\/ -->\n<title>Gli esiti del Bando Territori Inclusivi - Fondazione Compagnia di San Paolo<\/title>\n<meta name=\"robots\" content=\"index, follow, max-snippet:-1, max-image-preview:large, max-video-preview:-1\" \/>\n<link rel=\"canonical\" href=\"https:\/\/www.compagniadisanpaolo.it\/it\/comunicati-stampa\/gli-esiti-del-bando-territori-inclusivi\/\" \/>\n<meta property=\"og:locale\" content=\"it_IT\" \/>\n<meta property=\"og:type\" content=\"article\" \/>\n<meta property=\"og:title\" content=\"Gli esiti del Bando Territori Inclusivi - Fondazione Compagnia di San Paolo\" \/>\n<meta property=\"og:description\" content=\"13 progetti selezionati per promuovere lo sviluppo e il consolidamento di reti di protezione sociale, e contribuire alla costruzione di societ\u00e0 pi\u00f9 solidali e inclusive.\" \/>\n<meta property=\"og:url\" content=\"https:\/\/www.compagniadisanpaolo.it\/it\/comunicati-stampa\/gli-esiti-del-bando-territori-inclusivi\/\" \/>\n<meta property=\"og:site_name\" content=\"Fondazione Compagnia di San Paolo\" \/>\n<meta property=\"article:publisher\" content=\"https:\/\/www.facebook.com\/CompagniaDiSanPaolo\" \/>\n<meta property=\"article:modified_time\" content=\"2021-09-12T21:41:16+00:00\" \/>\n<meta property=\"og:image\" content=\"https:\/\/www.compagniadisanpaolo.it\/wp-content\/uploads\/CSP_territori_news.jpg\" \/>\n\t<meta property=\"og:image:width\" content=\"815\" \/>\n\t<meta property=\"og:image:height\" content=\"350\" \/>\n\t<meta property=\"og:image:type\" content=\"image\/jpeg\" \/>\n<meta name=\"twitter:card\" content=\"summary_large_image\" \/>\n<meta name=\"twitter:site\" content=\"@CSP_live\" \/>\n<meta name=\"twitter:label1\" content=\"Tempo di lettura stimato\" \/>\n\t<meta name=\"twitter:data1\" content=\"4 minuti\" \/>\n<script type=\"application\/ld+json\" class=\"yoast-schema-graph\">{\"@context\":\"https:\\\/\\\/schema.org\",\"@graph\":[{\"@type\":\"WebPage\",\"@id\":\"https:\\\/\\\/www.compagniadisanpaolo.it\\\/it\\\/comunicati-stampa\\\/gli-esiti-del-bando-territori-inclusivi\\\/\",\"url\":\"https:\\\/\\\/www.compagniadisanpaolo.it\\\/it\\\/comunicati-stampa\\\/gli-esiti-del-bando-territori-inclusivi\\\/\",\"name\":\"Gli esiti del Bando Territori Inclusivi - Fondazione Compagnia di San Paolo\",\"isPartOf\":{\"@id\":\"https:\\\/\\\/www.compagniadisanpaolo.it\\\/it\\\/#website\"},\"primaryImageOfPage\":{\"@id\":\"https:\\\/\\\/www.compagniadisanpaolo.it\\\/it\\\/comunicati-stampa\\\/gli-esiti-del-bando-territori-inclusivi\\\/#primaryimage\"},\"image\":{\"@id\":\"https:\\\/\\\/www.compagniadisanpaolo.it\\\/it\\\/comunicati-stampa\\\/gli-esiti-del-bando-territori-inclusivi\\\/#primaryimage\"},\"thumbnailUrl\":\"https:\\\/\\\/www.compagniadisanpaolo.it\\\/wp-content\\\/uploads\\\/CSP_territori_news.jpg\",\"datePublished\":\"2021-03-04T14:45:39+00:00\",\"dateModified\":\"2021-09-12T21:41:16+00:00\",\"breadcrumb\":{\"@id\":\"https:\\\/\\\/www.compagniadisanpaolo.it\\\/it\\\/comunicati-stampa\\\/gli-esiti-del-bando-territori-inclusivi\\\/#breadcrumb\"},\"inLanguage\":\"it-IT\",\"potentialAction\":[{\"@type\":\"ReadAction\",\"target\":[\"https:\\\/\\\/www.compagniadisanpaolo.it\\\/it\\\/comunicati-stampa\\\/gli-esiti-del-bando-territori-inclusivi\\\/\"]}]},{\"@type\":\"ImageObject\",\"inLanguage\":\"it-IT\",\"@id\":\"https:\\\/\\\/www.compagniadisanpaolo.it\\\/it\\\/comunicati-stampa\\\/gli-esiti-del-bando-territori-inclusivi\\\/#primaryimage\",\"url\":\"https:\\\/\\\/www.compagniadisanpaolo.it\\\/wp-content\\\/uploads\\\/CSP_territori_news.jpg\",\"contentUrl\":\"https:\\\/\\\/www.compagniadisanpaolo.it\\\/wp-content\\\/uploads\\\/CSP_territori_news.jpg\",\"width\":815,\"height\":350},{\"@type\":\"BreadcrumbList\",\"@id\":\"https:\\\/\\\/www.compagniadisanpaolo.it\\\/it\\\/comunicati-stampa\\\/gli-esiti-del-bando-territori-inclusivi\\\/#breadcrumb\",\"itemListElement\":[{\"@type\":\"ListItem\",\"position\":1,\"name\":\"Home\",\"item\":\"https:\\\/\\\/www.compagniadisanpaolo.it\\\/it\\\/\"},{\"@type\":\"ListItem\",\"position\":2,\"name\":\"Gli esiti del Bando Territori Inclusivi\"}]},{\"@type\":\"WebSite\",\"@id\":\"https:\\\/\\\/www.compagniadisanpaolo.it\\\/it\\\/#website\",\"url\":\"https:\\\/\\\/www.compagniadisanpaolo.it\\\/it\\\/\",\"name\":\"Fondazione Compagnia di San Paolo\",\"description\":\"\",\"publisher\":{\"@id\":\"https:\\\/\\\/www.compagniadisanpaolo.it\\\/it\\\/#organization\"},\"potentialAction\":[{\"@type\":\"SearchAction\",\"target\":{\"@type\":\"EntryPoint\",\"urlTemplate\":\"https:\\\/\\\/www.compagniadisanpaolo.it\\\/it\\\/?s={search_term_string}\"},\"query-input\":{\"@type\":\"PropertyValueSpecification\",\"valueRequired\":true,\"valueName\":\"search_term_string\"}}],\"inLanguage\":\"it-IT\"},{\"@type\":\"Organization\",\"@id\":\"https:\\\/\\\/www.compagniadisanpaolo.it\\\/it\\\/#organization\",\"name\":\"Fondazione Compagnia di San Paolo\",\"url\":\"https:\\\/\\\/www.compagniadisanpaolo.it\\\/it\\\/\",\"logo\":{\"@type\":\"ImageObject\",\"inLanguage\":\"it-IT\",\"@id\":\"https:\\\/\\\/www.compagniadisanpaolo.it\\\/it\\\/#\\\/schema\\\/logo\\\/image\\\/\",\"url\":\"https:\\\/\\\/www.compagniadisanpaolo.it\\\/wp-content\\\/uploads\\\/logo.svg\",\"contentUrl\":\"https:\\\/\\\/www.compagniadisanpaolo.it\\\/wp-content\\\/uploads\\\/logo.svg\",\"width\":769,\"height\":323,\"caption\":\"Fondazione Compagnia di San Paolo\"},\"image\":{\"@id\":\"https:\\\/\\\/www.compagniadisanpaolo.it\\\/it\\\/#\\\/schema\\\/logo\\\/image\\\/\"},\"sameAs\":[\"https:\\\/\\\/www.facebook.com\\\/CompagniaDiSanPaolo\",\"https:\\\/\\\/x.com\\\/CSP_live\",\"http:\\\/\\\/instagram.com\\\/compagniadisanpaolo?ref=badge\",\"https:\\\/\\\/www.linkedin.com\\\/company\\\/compagnia-di-san-paolo\",\"https:\\\/\\\/www.youtube.com\\\/user\\\/compagniadisanpaolo\",\"https:\\\/\\\/it.wikipedia.org\\\/wiki\\\/Compagnia_di_San_Paolo\"]}]}<\/script>\n<!-- \/ Yoast SEO plugin. -->","yoast_head_json":{"title":"Gli esiti del Bando Territori Inclusivi - Fondazione Compagnia di San Paolo","robots":{"index":"index","follow":"follow","max-snippet":"max-snippet:-1","max-image-preview":"max-image-preview:large","max-video-preview":"max-video-preview:-1"},"canonical":"https:\/\/www.compagniadisanpaolo.it\/it\/comunicati-stampa\/gli-esiti-del-bando-territori-inclusivi\/","og_locale":"it_IT","og_type":"article","og_title":"Gli esiti del Bando Territori Inclusivi - Fondazione Compagnia di San Paolo","og_description":"13 progetti selezionati per promuovere lo sviluppo e il consolidamento di reti di protezione sociale, e contribuire alla costruzione di societ\u00e0 pi\u00f9 solidali e inclusive.","og_url":"https:\/\/www.compagniadisanpaolo.it\/it\/comunicati-stampa\/gli-esiti-del-bando-territori-inclusivi\/","og_site_name":"Fondazione Compagnia di San Paolo","article_publisher":"https:\/\/www.facebook.com\/CompagniaDiSanPaolo","article_modified_time":"2021-09-12T21:41:16+00:00","og_image":[{"width":815,"height":350,"url":"https:\/\/www.compagniadisanpaolo.it\/wp-content\/uploads\/CSP_territori_news.jpg","type":"image\/jpeg"}],"twitter_card":"summary_large_image","twitter_site":"@CSP_live","twitter_misc":{"Tempo di lettura stimato":"4 minuti"},"schema":{"@context":"https:\/\/schema.org","@graph":[{"@type":"WebPage","@id":"https:\/\/www.compagniadisanpaolo.it\/it\/comunicati-stampa\/gli-esiti-del-bando-territori-inclusivi\/","url":"https:\/\/www.compagniadisanpaolo.it\/it\/comunicati-stampa\/gli-esiti-del-bando-territori-inclusivi\/","name":"Gli esiti del Bando Territori Inclusivi - Fondazione Compagnia di San Paolo","isPartOf":{"@id":"https:\/\/www.compagniadisanpaolo.it\/it\/#website"},"primaryImageOfPage":{"@id":"https:\/\/www.compagniadisanpaolo.it\/it\/comunicati-stampa\/gli-esiti-del-bando-territori-inclusivi\/#primaryimage"},"image":{"@id":"https:\/\/www.compagniadisanpaolo.it\/it\/comunicati-stampa\/gli-esiti-del-bando-territori-inclusivi\/#primaryimage"},"thumbnailUrl":"https:\/\/www.compagniadisanpaolo.it\/wp-content\/uploads\/CSP_territori_news.jpg","datePublished":"2021-03-04T14:45:39+00:00","dateModified":"2021-09-12T21:41:16+00:00","breadcrumb":{"@id":"https:\/\/www.compagniadisanpaolo.it\/it\/comunicati-stampa\/gli-esiti-del-bando-territori-inclusivi\/#breadcrumb"},"inLanguage":"it-IT","potentialAction":[{"@type":"ReadAction","target":["https:\/\/www.compagniadisanpaolo.it\/it\/comunicati-stampa\/gli-esiti-del-bando-territori-inclusivi\/"]}]},{"@type":"ImageObject","inLanguage":"it-IT","@id":"https:\/\/www.compagniadisanpaolo.it\/it\/comunicati-stampa\/gli-esiti-del-bando-territori-inclusivi\/#primaryimage","url":"https:\/\/www.compagniadisanpaolo.it\/wp-content\/uploads\/CSP_territori_news.jpg","contentUrl":"https:\/\/www.compagniadisanpaolo.it\/wp-content\/uploads\/CSP_territori_news.jpg","width":815,"height":350},{"@type":"BreadcrumbList","@id":"https:\/\/www.compagniadisanpaolo.it\/it\/comunicati-stampa\/gli-esiti-del-bando-territori-inclusivi\/#breadcrumb","itemListElement":[{"@type":"ListItem","position":1,"name":"Home","item":"https:\/\/www.compagniadisanpaolo.it\/it\/"},{"@type":"ListItem","position":2,"name":"Gli esiti del Bando Territori Inclusivi"}]},{"@type":"WebSite","@id":"https:\/\/www.compagniadisanpaolo.it\/it\/#website","url":"https:\/\/www.compagniadisanpaolo.it\/it\/","name":"Fondazione Compagnia di San Paolo","description":"","publisher":{"@id":"https:\/\/www.compagniadisanpaolo.it\/it\/#organization"},"potentialAction":[{"@type":"SearchAction","target":{"@type":"EntryPoint","urlTemplate":"https:\/\/www.compagniadisanpaolo.it\/it\/?s={search_term_string}"},"query-input":{"@type":"PropertyValueSpecification","valueRequired":true,"valueName":"search_term_string"}}],"inLanguage":"it-IT"},{"@type":"Organization","@id":"https:\/\/www.compagniadisanpaolo.it\/it\/#organization","name":"Fondazione Compagnia di San Paolo","url":"https:\/\/www.compagniadisanpaolo.it\/it\/","logo":{"@type":"ImageObject","inLanguage":"it-IT","@id":"https:\/\/www.compagniadisanpaolo.it\/it\/#\/schema\/logo\/image\/","url":"https:\/\/www.compagniadisanpaolo.it\/wp-content\/uploads\/logo.svg","contentUrl":"https:\/\/www.compagniadisanpaolo.it\/wp-content\/uploads\/logo.svg","width":769,"height":323,"caption":"Fondazione Compagnia di San Paolo"},"image":{"@id":"https:\/\/www.compagniadisanpaolo.it\/it\/#\/schema\/logo\/image\/"},"sameAs":["https:\/\/www.facebook.com\/CompagniaDiSanPaolo","https:\/\/x.com\/CSP_live","http:\/\/instagram.com\/compagniadisanpaolo?ref=badge","https:\/\/www.linkedin.com\/company\/compagnia-di-san-paolo","https:\/\/www.youtube.com\/user\/compagniadisanpaolo","https:\/\/it.wikipedia.org\/wiki\/Compagnia_di_San_Paolo"]}]}},"amp_enabled":true,"_links":{"self":[{"href":"https:\/\/www.compagniadisanpaolo.it\/it\/wp-json\/wp\/v2\/comunicatistampa\/12329","targetHints":{"allow":["GET"]}}],"collection":[{"href":"https:\/\/www.compagniadisanpaolo.it\/it\/wp-json\/wp\/v2\/comunicatistampa"}],"about":[{"href":"https:\/\/www.compagniadisanpaolo.it\/it\/wp-json\/wp\/v2\/types\/comunicatistampa"}],"wp:featuredmedia":[{"embeddable":true,"href":"https:\/\/www.compagniadisanpaolo.it\/it\/wp-json\/wp\/v2\/media\/4157"}],"wp:attachment":[{"href":"https:\/\/www.compagniadisanpaolo.it\/it\/wp-json\/wp\/v2\/media?parent=12329"}],"wp:term":[{"taxonomy":"post_tag","embeddable":true,"href":"https:\/\/www.compagniadisanpaolo.it\/it\/wp-json\/wp\/v2\/tags?post=12329"}],"curies":[{"name":"wp","href":"https:\/\/api.w.org\/{rel}","templated":true}]}}